{"id":13439,"date":"2024-11-25T10:49:43","date_gmt":"2024-11-25T09:49:43","guid":{"rendered":"https:\/\/www.modave.be\/?post_type=services_communaux&#038;p=13439"},"modified":"2024-11-26T11:41:27","modified_gmt":"2024-11-26T10:41:27","slug":"information-pratique-bulles-a-verre-changement-demplacement","status":"publish","type":"services_communaux","link":"https:\/\/www.modave.be\/index.php\/services_communaux\/information-pratique-bulles-a-verre-changement-demplacement\/","title":{"rendered":"Information pratique | Bulles \u00e0 verre | Changement d&#8217;emplacement"},"content":{"rendered":"\n<h2 class=\"wp-block-heading\">Changement d&#8217;emplacement des bulles \u00e0 verres<\/h2>\n\n\n\n<p>Nous vous informons que l&#8217;emplacement des bulles \u00e0 verre \u00e0 la Rue des Hayettes (Vierset), \u00e0 c\u00f4t\u00e9 du cimeti\u00e8re, ne sera plus utilis\u00e9.<\/p>\n\n\n\n<blockquote class=\"wp-block-quote is-layout-flow wp-block-quote-is-layout-flow\">\n<p>Nouvelle installation moderne : De nouvelles bulles \u00e0 verre, plus modernes et accessibles, ont \u00e9t\u00e9 install\u00e9es \u00e0 l&rsquo;entr\u00e9e du Complexe Sportif de Vierset. Cet emplacement facilitera le d\u00e9p\u00f4t de vos verres tout en contribuant \u00e0 un meilleur cadre de vie.<\/p>\n<\/blockquote>\n\n\n\n<iframe src=\"https:\/\/www.google.com\/maps\/embed?pb=!1m18!1m12!1m3!1d1795.3018509479105!2d5.284331416404455!3d50.47945648974201!2m3!1f0!2f0!3f0!3m2!1i1024!2i768!4f13.1!3m3!1m2!1s0x47c1ab8890110879%3A0x478696f188af8a9e!2sHall%20Omnisport%20de%20Vierset!5e0!3m2!1sen!2sbe!4v1727702672463!5m2!1sen!2sbe\" width=\"600\" height=\"450\" style=\"border:0;\" allowfullscreen=\"\" loading=\"lazy\" referrerpolicy=\"no-referrer-when-downgrade\"><\/iframe>\n\n\n\n<p>\u00c0 noter : La bulle Terre (v\u00eatements) devrait \u00e9galement \u00eatre d\u00e9plac\u00e9e prochainement vers ce nouvel emplacement.<\/p>\n\n\n\n<p>Merci de vous rendre d\u00e9sormais \u00e0 ce nouvel emplacement pour le recyclage de vos verres.<\/p>\n\n\n\n<figure class=\"wp-block-gallery has-nested-images columns-default is-cropped wp-block-gallery-1 is-layout-flex wp-block-gallery-is-layout-flex\">\n<figure class=\"wp-block-image size-large\"><img fetchpriority=\"high\" decoding=\"async\" width=\"800\" height=\"533\" data-id=\"13445\" src=\"https:\/\/www.modave.be\/wp-content\/uploads\/2024\/09\/Design-sans-titre-1.jpg\" alt=\"\" class=\"wp-image-13445\" srcset=\"https:\/\/www.modave.be\/wp-content\/uploads\/2024\/09\/Design-sans-titre-1.jpg 800w, https:\/\/www.modave.be\/wp-content\/uploads\/2024\/09\/Design-sans-titre-1-300x200.jpg 300w, https:\/\/www.modave.be\/wp-content\/uploads\/2024\/09\/Design-sans-titre-1-768x512.jpg 768w\" sizes=\"(max-width: 800px) 100vw, 800px\" \/><\/figure>\n\n\n\n<figure class=\"wp-block-image size-large\"><img decoding=\"async\" width=\"1024\" height=\"683\" data-id=\"13444\" src=\"https:\/\/www.modave.be\/wp-content\/uploads\/2024\/09\/changement_bulle-a-verre-8-1-1024x683.jpg\" alt=\"\" class=\"wp-image-13444\" srcset=\"https:\/\/www.modave.be\/wp-content\/uploads\/2024\/09\/changement_bulle-a-verre-8-1-1024x683.jpg 1024w, https:\/\/www.modave.be\/wp-content\/uploads\/2024\/09\/changement_bulle-a-verre-8-1-300x200.jpg 300w, https:\/\/www.modave.be\/wp-content\/uploads\/2024\/09\/changement_bulle-a-verre-8-1-768x512.jpg 768w, https:\/\/www.modave.be\/wp-content\/uploads\/2024\/09\/changement_bulle-a-verre-8-1-1536x1024.jpg 1536w, https:\/\/www.modave.be\/wp-content\/uploads\/2024\/09\/changement_bulle-a-verre-8-1-2048x1365.jpg 2048w\" sizes=\"(max-width: 1024px) 100vw, 1024px\" \/><\/figure>\n\n\n\n<figure class=\"wp-block-image size-large\"><img decoding=\"async\" width=\"1024\" height=\"683\" data-id=\"13443\" src=\"https:\/\/www.modave.be\/wp-content\/uploads\/2024\/09\/changement_bulle-a-verre-7-1024x683.jpg\" alt=\"\" class=\"wp-image-13443\" srcset=\"https:\/\/www.modave.be\/wp-content\/uploads\/2024\/09\/changement_bulle-a-verre-7-1024x683.jpg 1024w, https:\/\/www.modave.be\/wp-content\/uploads\/2024\/09\/changement_bulle-a-verre-7-300x200.jpg 300w, https:\/\/www.modave.be\/wp-content\/uploads\/2024\/09\/changement_bulle-a-verre-7-768x512.jpg 768w, https:\/\/www.modave.be\/wp-content\/uploads\/2024\/09\/changement_bulle-a-verre-7-1536x1024.jpg 1536w, https:\/\/www.modave.be\/wp-content\/uploads\/2024\/09\/changement_bulle-a-verre-7-2048x1365.jpg 2048w\" sizes=\"(max-width: 1024px) 100vw, 1024px\" \/><\/figure>\n\n\n\n<figure class=\"wp-block-image size-large\"><img loading=\"lazy\" decoding=\"async\" width=\"582\" height=\"1024\" data-id=\"14053\" src=\"https:\/\/www.modave.be\/wp-content\/uploads\/2024\/09\/Bulles-a-verre-1-582x1024.jpg\" alt=\"\" class=\"wp-image-14053\" srcset=\"https:\/\/www.modave.be\/wp-content\/uploads\/2024\/09\/Bulles-a-verre-1-582x1024.jpg 582w, https:\/\/www.modave.be\/wp-content\/uploads\/2024\/09\/Bulles-a-verre-1-171x300.jpg 171w, https:\/\/www.modave.be\/wp-content\/uploads\/2024\/09\/Bulles-a-verre-1-768x1350.jpg 768w, https:\/\/www.modave.be\/wp-content\/uploads\/2024\/09\/Bulles-a-verre-1-874x1536.jpg 874w, https:\/\/www.modave.be\/wp-content\/uploads\/2024\/09\/Bulles-a-verre-1.jpg 1005w\" sizes=\"(max-width: 582px) 100vw, 582px\" \/><\/figure>\n\n\n\n<figure class=\"wp-block-image size-large\"><img loading=\"lazy\" decoding=\"async\" width=\"576\" height=\"1024\" data-id=\"14052\" src=\"https:\/\/www.modave.be\/wp-content\/uploads\/2024\/09\/Bulles-a-verre-3-576x1024.jpg\" alt=\"\" class=\"wp-image-14052\" srcset=\"https:\/\/www.modave.be\/wp-content\/uploads\/2024\/09\/Bulles-a-verre-3-576x1024.jpg 576w, https:\/\/www.modave.be\/wp-content\/uploads\/2024\/09\/Bulles-a-verre-3-169x300.jpg 169w, https:\/\/www.modave.be\/wp-content\/uploads\/2024\/09\/Bulles-a-verre-3-768x1366.jpg 768w, https:\/\/www.modave.be\/wp-content\/uploads\/2024\/09\/Bulles-a-verre-3-863x1536.jpg 863w, https:\/\/www.modave.be\/wp-content\/uploads\/2024\/09\/Bulles-a-verre-3.jpg 946w\" sizes=\"(max-width: 576px) 100vw, 576px\" \/><\/figure>\n\n\n\n<figure class=\"wp-block-image size-large\"><img loading=\"lazy\" decoding=\"async\" width=\"578\" height=\"1024\" data-id=\"14050\" src=\"https:\/\/www.modave.be\/wp-content\/uploads\/2024\/09\/Bulles-a-verre-4-578x1024.jpg\" alt=\"\" class=\"wp-image-14050\" srcset=\"https:\/\/www.modave.be\/wp-content\/uploads\/2024\/09\/Bulles-a-verre-4-578x1024.jpg 578w, https:\/\/www.modave.be\/wp-content\/uploads\/2024\/09\/Bulles-a-verre-4-169x300.jpg 169w, https:\/\/www.modave.be\/wp-content\/uploads\/2024\/09\/Bulles-a-verre-4-768x1362.jpg 768w, https:\/\/www.modave.be\/wp-content\/uploads\/2024\/09\/Bulles-a-verre-4-866x1536.jpg 866w, https:\/\/www.modave.be\/wp-content\/uploads\/2024\/09\/Bulles-a-verre-4.jpg 1128w\" sizes=\"(max-width: 578px) 100vw, 578px\" \/><\/figure>\n\n\n\n<figure class=\"wp-block-image size-large\"><img loading=\"lazy\" decoding=\"async\" width=\"1024\" height=\"683\" data-id=\"13442\" src=\"https:\/\/www.modave.be\/wp-content\/uploads\/2024\/09\/changement_bulle-a-verre-2-1024x683.jpg\" alt=\"\" class=\"wp-image-13442\" srcset=\"https:\/\/www.modave.be\/wp-content\/uploads\/2024\/09\/changement_bulle-a-verre-2-1024x683.jpg 1024w, https:\/\/www.modave.be\/wp-content\/uploads\/2024\/09\/changement_bulle-a-verre-2-300x200.jpg 300w, https:\/\/www.modave.be\/wp-content\/uploads\/2024\/09\/changement_bulle-a-verre-2-768x512.jpg 768w, https:\/\/www.modave.be\/wp-content\/uploads\/2024\/09\/changement_bulle-a-verre-2-1536x1024.jpg 1536w, https:\/\/www.modave.be\/wp-content\/uploads\/2024\/09\/changement_bulle-a-verre-2-2048x1365.jpg 2048w\" sizes=\"(max-width: 1024px) 100vw, 1024px\" \/><\/figure>\n<\/figure>\n\n\n\n<div style=\"height:34px\" aria-hidden=\"true\" class=\"wp-block-spacer\"><\/div>\n","protected":false},"excerpt":{"rendered":"<p>Changement d&#8217;emplacement des bulles \u00e0 verres Nous vous informons que l&#8217;emplacement des bulles \u00e0 verre \u00e0 la Rue des Hayettes (Vierset), \u00e0 c\u00f4t\u00e9 du cimeti\u00e8re, ne sera plus utilis\u00e9. Nouvelle installation moderne : De nouvelles bulles \u00e0 verre, plus modernes et accessibles, ont \u00e9t\u00e9 install\u00e9es \u00e0 l&rsquo;entr\u00e9e du Complexe Sportif de Vierset. Cet emplacement facilitera&hellip;<\/p>\n","protected":false},"author":9,"featured_media":13441,"menu_order":0,"template":"","categories":[224],"class_list":["post-13439","services_communaux","type-services_communaux","status-publish","has-post-thumbnail","hentry","category-intradel","description-off"],"yoast_head":"<!-- This site is optimized with the Yoast SEO plugin v27.5 - https:\/\/yoast.com\/product\/yoast-seo-wordpress\/ -->\n<title>Information pratique | Bulles \u00e0 verre | Changement d&#039;emplacement - Commune de Modave<\/title>\n<meta name=\"robots\" content=\"index, follow, max-snippet:-1, max-image-preview:large, max-video-preview:-1\" \/>\n<link rel=\"canonical\" href=\"https:\/\/www.modave.be\/index.php\/services_communaux\/information-pratique-bulles-a-verre-changement-demplacement\/\" \/>\n<meta property=\"og:locale\" content=\"fr_FR\" \/>\n<meta property=\"og:type\" content=\"article\" \/>\n<meta property=\"og:title\" content=\"Information pratique | Bulles \u00e0 verre | Changement d&#039;emplacement - Commune de Modave\" \/>\n<meta property=\"og:description\" content=\"Changement d&#8217;emplacement des bulles \u00e0 verres Nous vous informons que l&#8217;emplacement des bulles \u00e0 verre \u00e0 la Rue des Hayettes (Vierset), \u00e0 c\u00f4t\u00e9 du cimeti\u00e8re, ne sera plus utilis\u00e9. Nouvelle installation moderne : De nouvelles bulles \u00e0 verre, plus modernes et accessibles, ont \u00e9t\u00e9 install\u00e9es \u00e0 l&rsquo;entr\u00e9e du Complexe Sportif de Vierset. Cet emplacement facilitera&hellip;\" \/>\n<meta property=\"og:url\" content=\"https:\/\/www.modave.be\/index.php\/services_communaux\/information-pratique-bulles-a-verre-changement-demplacement\/\" \/>\n<meta property=\"og:site_name\" content=\"Commune de Modave\" \/>\n<meta property=\"article:modified_time\" content=\"2024-11-26T10:41:27+00:00\" \/>\n<meta property=\"og:image\" content=\"https:\/\/www.modave.be\/wp-content\/uploads\/2024\/09\/changement_bulle-a-verre-8-scaled-e1727703000467.jpg\" \/>\n\t<meta property=\"og:image:width\" content=\"2560\" \/>\n\t<meta property=\"og:image:height\" content=\"1280\" \/>\n\t<meta property=\"og:image:type\" content=\"image\/jpeg\" \/>\n<meta name=\"twitter:card\" content=\"summary_large_image\" \/>\n<script type=\"application\/ld+json\" class=\"yoast-schema-graph\">{\"@context\":\"https:\\\/\\\/schema.org\",\"@graph\":[{\"@type\":\"WebPage\",\"@id\":\"https:\\\/\\\/www.modave.be\\\/index.php\\\/services_communaux\\\/information-pratique-bulles-a-verre-changement-demplacement\\\/\",\"url\":\"https:\\\/\\\/www.modave.be\\\/index.php\\\/services_communaux\\\/information-pratique-bulles-a-verre-changement-demplacement\\\/\",\"name\":\"Information pratique | Bulles \u00e0 verre | Changement d'emplacement - Commune de Modave\",\"isPartOf\":{\"@id\":\"https:\\\/\\\/www.modave.be\\\/#website\"},\"primaryImageOfPage\":{\"@id\":\"https:\\\/\\\/www.modave.be\\\/index.php\\\/services_communaux\\\/information-pratique-bulles-a-verre-changement-demplacement\\\/#primaryimage\"},\"image\":{\"@id\":\"https:\\\/\\\/www.modave.be\\\/index.php\\\/services_communaux\\\/information-pratique-bulles-a-verre-changement-demplacement\\\/#primaryimage\"},\"thumbnailUrl\":\"https:\\\/\\\/www.modave.be\\\/wp-content\\\/uploads\\\/2024\\\/09\\\/changement_bulle-a-verre-8-scaled-e1727703000467.jpg\",\"datePublished\":\"2024-11-25T09:49:43+00:00\",\"dateModified\":\"2024-11-26T10:41:27+00:00\",\"breadcrumb\":{\"@id\":\"https:\\\/\\\/www.modave.be\\\/index.php\\\/services_communaux\\\/information-pratique-bulles-a-verre-changement-demplacement\\\/#breadcrumb\"},\"inLanguage\":\"fr-FR\",\"potentialAction\":[{\"@type\":\"ReadAction\",\"target\":[\"https:\\\/\\\/www.modave.be\\\/index.php\\\/services_communaux\\\/information-pratique-bulles-a-verre-changement-demplacement\\\/\"]}]},{\"@type\":\"ImageObject\",\"inLanguage\":\"fr-FR\",\"@id\":\"https:\\\/\\\/www.modave.be\\\/index.php\\\/services_communaux\\\/information-pratique-bulles-a-verre-changement-demplacement\\\/#primaryimage\",\"url\":\"https:\\\/\\\/www.modave.be\\\/wp-content\\\/uploads\\\/2024\\\/09\\\/changement_bulle-a-verre-8-scaled-e1727703000467.jpg\",\"contentUrl\":\"https:\\\/\\\/www.modave.be\\\/wp-content\\\/uploads\\\/2024\\\/09\\\/changement_bulle-a-verre-8-scaled-e1727703000467.jpg\",\"width\":2560,\"height\":1280},{\"@type\":\"BreadcrumbList\",\"@id\":\"https:\\\/\\\/www.modave.be\\\/index.php\\\/services_communaux\\\/information-pratique-bulles-a-verre-changement-demplacement\\\/#breadcrumb\",\"itemListElement\":[{\"@type\":\"ListItem\",\"position\":1,\"name\":\"Accueil\",\"item\":\"https:\\\/\\\/www.modave.be\\\/\"},{\"@type\":\"ListItem\",\"position\":2,\"name\":\"Information pratique | Bulles \u00e0 verre | Changement d&#8217;emplacement\"}]},{\"@type\":\"WebSite\",\"@id\":\"https:\\\/\\\/www.modave.be\\\/#website\",\"url\":\"https:\\\/\\\/www.modave.be\\\/\",\"name\":\"Commune de Modave\",\"description\":\"Commune de Modave\",\"publisher\":{\"@id\":\"https:\\\/\\\/www.modave.be\\\/#organization\"},\"potentialAction\":[{\"@type\":\"SearchAction\",\"target\":{\"@type\":\"EntryPoint\",\"urlTemplate\":\"https:\\\/\\\/www.modave.be\\\/?s={search_term_string}\"},\"query-input\":{\"@type\":\"PropertyValueSpecification\",\"valueRequired\":true,\"valueName\":\"search_term_string\"}}],\"inLanguage\":\"fr-FR\"},{\"@type\":\"Organization\",\"@id\":\"https:\\\/\\\/www.modave.be\\\/#organization\",\"name\":\"Commune de Modave\",\"url\":\"https:\\\/\\\/www.modave.be\\\/\",\"logo\":{\"@type\":\"ImageObject\",\"inLanguage\":\"fr-FR\",\"@id\":\"https:\\\/\\\/www.modave.be\\\/#\\\/schema\\\/logo\\\/image\\\/\",\"url\":\"https:\\\/\\\/www.modave.be\\\/wp-content\\\/uploads\\\/2021\\\/12\\\/MODAVE_LOGO_HORIZONTAL_QUADRI_RVB.png\",\"contentUrl\":\"https:\\\/\\\/www.modave.be\\\/wp-content\\\/uploads\\\/2021\\\/12\\\/MODAVE_LOGO_HORIZONTAL_QUADRI_RVB.png\",\"width\":1200,\"height\":501,\"caption\":\"Commune de Modave\"},\"image\":{\"@id\":\"https:\\\/\\\/www.modave.be\\\/#\\\/schema\\\/logo\\\/image\\\/\"}}]}<\/script>\n<!-- \/ Yoast SEO plugin. -->","yoast_head_json":{"title":"Information pratique | Bulles \u00e0 verre | Changement d'emplacement - Commune de Modave","robots":{"index":"index","follow":"follow","max-snippet":"max-snippet:-1","max-image-preview":"max-image-preview:large","max-video-preview":"max-video-preview:-1"},"canonical":"https:\/\/www.modave.be\/index.php\/services_communaux\/information-pratique-bulles-a-verre-changement-demplacement\/","og_locale":"fr_FR","og_type":"article","og_title":"Information pratique | Bulles \u00e0 verre | Changement d'emplacement - Commune de Modave","og_description":"Changement d&#8217;emplacement des bulles \u00e0 verres Nous vous informons que l&#8217;emplacement des bulles \u00e0 verre \u00e0 la Rue des Hayettes (Vierset), \u00e0 c\u00f4t\u00e9 du cimeti\u00e8re, ne sera plus utilis\u00e9. Nouvelle installation moderne : De nouvelles bulles \u00e0 verre, plus modernes et accessibles, ont \u00e9t\u00e9 install\u00e9es \u00e0 l&rsquo;entr\u00e9e du Complexe Sportif de Vierset. Cet emplacement facilitera&hellip;","og_url":"https:\/\/www.modave.be\/index.php\/services_communaux\/information-pratique-bulles-a-verre-changement-demplacement\/","og_site_name":"Commune de Modave","article_modified_time":"2024-11-26T10:41:27+00:00","og_image":[{"width":2560,"height":1280,"url":"https:\/\/www.modave.be\/wp-content\/uploads\/2024\/09\/changement_bulle-a-verre-8-scaled-e1727703000467.jpg","type":"image\/jpeg"}],"twitter_card":"summary_large_image","schema":{"@context":"https:\/\/schema.org","@graph":[{"@type":"WebPage","@id":"https:\/\/www.modave.be\/index.php\/services_communaux\/information-pratique-bulles-a-verre-changement-demplacement\/","url":"https:\/\/www.modave.be\/index.php\/services_communaux\/information-pratique-bulles-a-verre-changement-demplacement\/","name":"Information pratique | Bulles \u00e0 verre | Changement d'emplacement - Commune de Modave","isPartOf":{"@id":"https:\/\/www.modave.be\/#website"},"primaryImageOfPage":{"@id":"https:\/\/www.modave.be\/index.php\/services_communaux\/information-pratique-bulles-a-verre-changement-demplacement\/#primaryimage"},"image":{"@id":"https:\/\/www.modave.be\/index.php\/services_communaux\/information-pratique-bulles-a-verre-changement-demplacement\/#primaryimage"},"thumbnailUrl":"https:\/\/www.modave.be\/wp-content\/uploads\/2024\/09\/changement_bulle-a-verre-8-scaled-e1727703000467.jpg","datePublished":"2024-11-25T09:49:43+00:00","dateModified":"2024-11-26T10:41:27+00:00","breadcrumb":{"@id":"https:\/\/www.modave.be\/index.php\/services_communaux\/information-pratique-bulles-a-verre-changement-demplacement\/#breadcrumb"},"inLanguage":"fr-FR","potentialAction":[{"@type":"ReadAction","target":["https:\/\/www.modave.be\/index.php\/services_communaux\/information-pratique-bulles-a-verre-changement-demplacement\/"]}]},{"@type":"ImageObject","inLanguage":"fr-FR","@id":"https:\/\/www.modave.be\/index.php\/services_communaux\/information-pratique-bulles-a-verre-changement-demplacement\/#primaryimage","url":"https:\/\/www.modave.be\/wp-content\/uploads\/2024\/09\/changement_bulle-a-verre-8-scaled-e1727703000467.jpg","contentUrl":"https:\/\/www.modave.be\/wp-content\/uploads\/2024\/09\/changement_bulle-a-verre-8-scaled-e1727703000467.jpg","width":2560,"height":1280},{"@type":"BreadcrumbList","@id":"https:\/\/www.modave.be\/index.php\/services_communaux\/information-pratique-bulles-a-verre-changement-demplacement\/#breadcrumb","itemListElement":[{"@type":"ListItem","position":1,"name":"Accueil","item":"https:\/\/www.modave.be\/"},{"@type":"ListItem","position":2,"name":"Information pratique | Bulles \u00e0 verre | Changement d&#8217;emplacement"}]},{"@type":"WebSite","@id":"https:\/\/www.modave.be\/#website","url":"https:\/\/www.modave.be\/","name":"Commune de Modave","description":"Commune de Modave","publisher":{"@id":"https:\/\/www.modave.be\/#organization"},"potentialAction":[{"@type":"SearchAction","target":{"@type":"EntryPoint","urlTemplate":"https:\/\/www.modave.be\/?s={search_term_string}"},"query-input":{"@type":"PropertyValueSpecification","valueRequired":true,"valueName":"search_term_string"}}],"inLanguage":"fr-FR"},{"@type":"Organization","@id":"https:\/\/www.modave.be\/#organization","name":"Commune de Modave","url":"https:\/\/www.modave.be\/","logo":{"@type":"ImageObject","inLanguage":"fr-FR","@id":"https:\/\/www.modave.be\/#\/schema\/logo\/image\/","url":"https:\/\/www.modave.be\/wp-content\/uploads\/2021\/12\/MODAVE_LOGO_HORIZONTAL_QUADRI_RVB.png","contentUrl":"https:\/\/www.modave.be\/wp-content\/uploads\/2021\/12\/MODAVE_LOGO_HORIZONTAL_QUADRI_RVB.png","width":1200,"height":501,"caption":"Commune de Modave"},"image":{"@id":"https:\/\/www.modave.be\/#\/schema\/logo\/image\/"}}]}},"_links":{"self":[{"href":"https:\/\/www.modave.be\/index.php\/wp-json\/wp\/v2\/services_communaux\/13439","targetHints":{"allow":["GET"]}}],"collection":[{"href":"https:\/\/www.modave.be\/index.php\/wp-json\/wp\/v2\/services_communaux"}],"about":[{"href":"https:\/\/www.modave.be\/index.php\/wp-json\/wp\/v2\/types\/services_communaux"}],"author":[{"embeddable":true,"href":"https:\/\/www.modave.be\/index.php\/wp-json\/wp\/v2\/users\/9"}],"wp:featuredmedia":[{"embeddable":true,"href":"https:\/\/www.modave.be\/index.php\/wp-json\/wp\/v2\/media\/13441"}],"wp:attachment":[{"href":"https:\/\/www.modave.be\/index.php\/wp-json\/wp\/v2\/media?parent=13439"}],"wp:term":[{"taxonomy":"category","embeddable":true,"href":"https:\/\/www.modave.be\/index.php\/wp-json\/wp\/v2\/categories?post=13439"}],"curies":[{"name":"wp","href":"https:\/\/api.w.org\/{rel}","templated":true}]}}