{"id":13477,"date":"2024-10-04T11:46:42","date_gmt":"2024-10-04T09:46:42","guid":{"rendered":"https:\/\/www.modave.be\/?post_type=services_communaux&#038;p=13477"},"modified":"2024-10-04T13:19:52","modified_gmt":"2024-10-04T11:19:52","slug":"biodiversite","status":"publish","type":"services_communaux","link":"https:\/\/www.modave.be\/index.php\/services_communaux\/biodiversite\/","title":{"rendered":"Biodiversit\u00e9 | Cr\u00e9ation d&rsquo;une mare"},"content":{"rendered":"\n<h2 class=\"wp-block-heading\"><strong>La commune a cr\u00e9\u00e9 une mare pour favoriser la biodiversit\u00e9 sur son espace de convivialit\u00e9&nbsp;!<\/strong><\/h2>\n\n\n\n<p>Une mare vient d\u2019\u00eatre cr\u00e9\u00e9e \u00e0 l\u2019entr\u00e9e du village de Modave,<strong> Route de Modave<\/strong>, \u00e0 proximit\u00e9 du<strong> Ravel <\/strong>et du <strong>Ch\u00e2teau de Modave<\/strong>, dans le but de sensibiliser les citoyens \u00e0 la <strong>biodiversit\u00e9<\/strong> et au <strong>maillage \u00e9cologique<\/strong>. Celle-ci est \u00e0 pr\u00e9sent finalis\u00e9e et s\u00e9curis\u00e9e par une cl\u00f4ture en ch\u00e2taignier, et son pourtour vient d\u2019accueillir des graines de fleurs.<\/p>\n\n\n\n<p>Divers am\u00e9nagements sont encore \u00e0 pr\u00e9voir sur cet espace, afin de le rendre encore plus attractif pour les personnes qui s\u2019y arr\u00eateront, les promeneurs ou autres curieux, et permettront d\u2019y d\u00e9velopper <strong>un int\u00e9r\u00eat tant p\u00e9dagogique qu\u2019\u00e9cologique<\/strong>\u2026<\/p>\n\n\n\n<p>A suivre donc\u2026 Soyez attentifs aux prochaines \u00e9volutions&nbsp;!<\/p>\n\n\n\n<blockquote class=\"wp-block-quote is-layout-flow wp-block-quote-is-layout-flow\">\n<p>Nous tenons \u00e0 remercier toutes les aides pr\u00e9cieuses qui ont permis la concr\u00e9tisation de ce beau projet : le <strong>Service Environnement<\/strong>, le <strong>Service Travaux<\/strong> ainsi que le <strong>Groupe de travail BiodiverCit\u00e9<\/strong>.<\/p>\n<\/blockquote>\n\n\n\n<figure class=\"wp-block-gallery has-nested-images columns-default is-cropped wp-block-gallery-1 is-layout-flex wp-block-gallery-is-layout-flex\">\n<figure class=\"wp-block-image size-large\"><img fetchpriority=\"high\" decoding=\"async\" width=\"1024\" height=\"768\" data-id=\"13515\" src=\"https:\/\/www.modave.be\/wp-content\/uploads\/2024\/10\/1-2-1024x768.jpg\" alt=\"\" class=\"wp-image-13515\" srcset=\"https:\/\/www.modave.be\/wp-content\/uploads\/2024\/10\/1-2-1024x768.jpg 1024w, https:\/\/www.modave.be\/wp-content\/uploads\/2024\/10\/1-2-300x225.jpg 300w, https:\/\/www.modave.be\/wp-content\/uploads\/2024\/10\/1-2-768x576.jpg 768w, https:\/\/www.modave.be\/wp-content\/uploads\/2024\/10\/1-2-1536x1152.jpg 1536w, https:\/\/www.modave.be\/wp-content\/uploads\/2024\/10\/1-2.jpg 1600w\" sizes=\"(max-width: 1024px) 100vw, 1024px\" \/><\/figure>\n\n\n\n<figure class=\"wp-block-image size-large\"><img decoding=\"async\" width=\"1024\" height=\"768\" data-id=\"13517\" src=\"https:\/\/www.modave.be\/wp-content\/uploads\/2024\/10\/2-4-1024x768.jpg\" alt=\"\" class=\"wp-image-13517\" srcset=\"https:\/\/www.modave.be\/wp-content\/uploads\/2024\/10\/2-4-1024x768.jpg 1024w, https:\/\/www.modave.be\/wp-content\/uploads\/2024\/10\/2-4-300x225.jpg 300w, https:\/\/www.modave.be\/wp-content\/uploads\/2024\/10\/2-4-768x576.jpg 768w, https:\/\/www.modave.be\/wp-content\/uploads\/2024\/10\/2-4.jpg 1438w\" sizes=\"(max-width: 1024px) 100vw, 1024px\" \/><\/figure>\n\n\n\n<figure class=\"wp-block-image size-large\"><img decoding=\"async\" width=\"1024\" height=\"576\" data-id=\"13518\" src=\"https:\/\/www.modave.be\/wp-content\/uploads\/2024\/10\/3-1024x576.jpg\" alt=\"\" class=\"wp-image-13518\" srcset=\"https:\/\/www.modave.be\/wp-content\/uploads\/2024\/10\/3-1024x576.jpg 1024w, https:\/\/www.modave.be\/wp-content\/uploads\/2024\/10\/3-300x169.jpg 300w, https:\/\/www.modave.be\/wp-content\/uploads\/2024\/10\/3-768x432.jpg 768w, https:\/\/www.modave.be\/wp-content\/uploads\/2024\/10\/3-1536x864.jpg 1536w, https:\/\/www.modave.be\/wp-content\/uploads\/2024\/10\/3.jpg 2048w\" sizes=\"(max-width: 1024px) 100vw, 1024px\" \/><\/figure>\n\n\n\n<figure class=\"wp-block-image size-large\"><img loading=\"lazy\" decoding=\"async\" width=\"1024\" height=\"768\" data-id=\"13511\" src=\"https:\/\/www.modave.be\/wp-content\/uploads\/2024\/10\/4-1024x768.jpg\" alt=\"\" class=\"wp-image-13511\" srcset=\"https:\/\/www.modave.be\/wp-content\/uploads\/2024\/10\/4-1024x768.jpg 1024w, https:\/\/www.modave.be\/wp-content\/uploads\/2024\/10\/4-300x225.jpg 300w, https:\/\/www.modave.be\/wp-content\/uploads\/2024\/10\/4-768x576.jpg 768w, https:\/\/www.modave.be\/wp-content\/uploads\/2024\/10\/4-1536x1152.jpg 1536w, https:\/\/www.modave.be\/wp-content\/uploads\/2024\/10\/4.jpg 1984w\" sizes=\"(max-width: 1024px) 100vw, 1024px\" \/><\/figure>\n\n\n\n<figure class=\"wp-block-image size-large\"><img loading=\"lazy\" decoding=\"async\" width=\"1024\" height=\"768\" data-id=\"13513\" src=\"https:\/\/www.modave.be\/wp-content\/uploads\/2024\/10\/5-1024x768.jpg\" alt=\"\" class=\"wp-image-13513\" srcset=\"https:\/\/www.modave.be\/wp-content\/uploads\/2024\/10\/5-1024x768.jpg 1024w, https:\/\/www.modave.be\/wp-content\/uploads\/2024\/10\/5-300x225.jpg 300w, https:\/\/www.modave.be\/wp-content\/uploads\/2024\/10\/5-768x576.jpg 768w, https:\/\/www.modave.be\/wp-content\/uploads\/2024\/10\/5-1536x1152.jpg 1536w, https:\/\/www.modave.be\/wp-content\/uploads\/2024\/10\/5.jpg 1984w\" sizes=\"(max-width: 1024px) 100vw, 1024px\" \/><\/figure>\n\n\n\n<figure class=\"wp-block-image size-large\"><img loading=\"lazy\" decoding=\"async\" width=\"1024\" height=\"768\" data-id=\"13512\" src=\"https:\/\/www.modave.be\/wp-content\/uploads\/2024\/10\/6-1024x768.jpg\" alt=\"\" class=\"wp-image-13512\" srcset=\"https:\/\/www.modave.be\/wp-content\/uploads\/2024\/10\/6-1024x768.jpg 1024w, https:\/\/www.modave.be\/wp-content\/uploads\/2024\/10\/6-300x225.jpg 300w, https:\/\/www.modave.be\/wp-content\/uploads\/2024\/10\/6-768x576.jpg 768w, https:\/\/www.modave.be\/wp-content\/uploads\/2024\/10\/6-1536x1152.jpg 1536w, https:\/\/www.modave.be\/wp-content\/uploads\/2024\/10\/6.jpg 1600w\" sizes=\"(max-width: 1024px) 100vw, 1024px\" \/><\/figure>\n\n\n\n<figure class=\"wp-block-image size-large\"><img loading=\"lazy\" decoding=\"async\" width=\"1024\" height=\"576\" data-id=\"13514\" src=\"https:\/\/www.modave.be\/wp-content\/uploads\/2024\/10\/7-1024x576.jpg\" alt=\"\" class=\"wp-image-13514\" srcset=\"https:\/\/www.modave.be\/wp-content\/uploads\/2024\/10\/7-1024x576.jpg 1024w, https:\/\/www.modave.be\/wp-content\/uploads\/2024\/10\/7-300x169.jpg 300w, https:\/\/www.modave.be\/wp-content\/uploads\/2024\/10\/7-768x432.jpg 768w, https:\/\/www.modave.be\/wp-content\/uploads\/2024\/10\/7-1536x864.jpg 1536w, https:\/\/www.modave.be\/wp-content\/uploads\/2024\/10\/7.jpg 1600w\" sizes=\"(max-width: 1024px) 100vw, 1024px\" \/><\/figure>\n\n\n\n<figure class=\"wp-block-image size-large\"><img loading=\"lazy\" decoding=\"async\" width=\"1658\" height=\"1244\" data-id=\"13516\" src=\"https:\/\/www.modave.be\/wp-content\/uploads\/2024\/10\/8-1024x768.jpg\" alt=\"\" class=\"wp-image-13516\" srcset=\"https:\/\/www.modave.be\/wp-content\/uploads\/2024\/10\/8-1024x768.jpg 1024w, https:\/\/www.modave.be\/wp-content\/uploads\/2024\/10\/8-300x225.jpg 300w, https:\/\/www.modave.be\/wp-content\/uploads\/2024\/10\/8-768x576.jpg 768w, https:\/\/www.modave.be\/wp-content\/uploads\/2024\/10\/8-1536x1152.jpg 1536w, https:\/\/www.modave.be\/wp-content\/uploads\/2024\/10\/8.jpg 1658w\" sizes=\"(max-width: 1658px) 100vw, 1658px\" \/><\/figure>\n\n\n\n<figure class=\"wp-block-image size-large\"><img loading=\"lazy\" decoding=\"async\" width=\"1024\" height=\"768\" data-id=\"13519\" src=\"https:\/\/www.modave.be\/wp-content\/uploads\/2024\/10\/9-1024x768.jpg\" alt=\"\" class=\"wp-image-13519\" srcset=\"https:\/\/www.modave.be\/wp-content\/uploads\/2024\/10\/9-1024x768.jpg 1024w, https:\/\/www.modave.be\/wp-content\/uploads\/2024\/10\/9-300x225.jpg 300w, https:\/\/www.modave.be\/wp-content\/uploads\/2024\/10\/9-768x576.jpg 768w, https:\/\/www.modave.be\/wp-content\/uploads\/2024\/10\/9-1536x1152.jpg 1536w, https:\/\/www.modave.be\/wp-content\/uploads\/2024\/10\/9.jpg 2040w\" sizes=\"(max-width: 1024px) 100vw, 1024px\" \/><\/figure>\n<\/figure>\n\n\n\n<div style=\"height:36px\" aria-hidden=\"true\" class=\"wp-block-spacer\"><\/div>\n\n\n\n<figure class=\"wp-block-image size-full\"><img loading=\"lazy\" decoding=\"async\" width=\"676\" height=\"708\" src=\"https:\/\/www.modave.be\/wp-content\/uploads\/2024\/10\/Carte-1.jpg\" alt=\"\" class=\"wp-image-13521\" srcset=\"https:\/\/www.modave.be\/wp-content\/uploads\/2024\/10\/Carte-1.jpg 676w, https:\/\/www.modave.be\/wp-content\/uploads\/2024\/10\/Carte-1-286x300.jpg 286w\" sizes=\"(max-width: 676px) 100vw, 676px\" \/><\/figure>\n","protected":false},"excerpt":{"rendered":"<p>La commune a cr\u00e9\u00e9 une mare pour favoriser la biodiversit\u00e9 sur son espace de convivialit\u00e9&nbsp;! Une mare vient d\u2019\u00eatre cr\u00e9\u00e9e \u00e0 l\u2019entr\u00e9e du village de Modave, Route de Modave, \u00e0 proximit\u00e9 du Ravel et du Ch\u00e2teau de Modave, dans le but de sensibiliser les citoyens \u00e0 la biodiversit\u00e9 et au maillage \u00e9cologique. Celle-ci est \u00e0&hellip;<\/p>\n","protected":false},"author":9,"featured_media":13522,"menu_order":0,"template":"","categories":[199],"class_list":["post-13477","services_communaux","type-services_communaux","status-publish","has-post-thumbnail","hentry","category-environnement","description-off"],"yoast_head":"<!-- This site is optimized with the Yoast SEO plugin v27.5 - https:\/\/yoast.com\/product\/yoast-seo-wordpress\/ -->\n<title>Biodiversit\u00e9 | Cr\u00e9ation d&#039;une mare - Commune de Modave<\/title>\n<meta name=\"robots\" content=\"index, follow, max-snippet:-1, max-image-preview:large, max-video-preview:-1\" \/>\n<link rel=\"canonical\" href=\"https:\/\/www.modave.be\/index.php\/services_communaux\/biodiversite\/\" \/>\n<meta property=\"og:locale\" content=\"fr_FR\" \/>\n<meta property=\"og:type\" content=\"article\" \/>\n<meta property=\"og:title\" content=\"Biodiversit\u00e9 | Cr\u00e9ation d&#039;une mare - Commune de Modave\" \/>\n<meta property=\"og:description\" content=\"La commune a cr\u00e9\u00e9 une mare pour favoriser la biodiversit\u00e9 sur son espace de convivialit\u00e9&nbsp;! Une mare vient d\u2019\u00eatre cr\u00e9\u00e9e \u00e0 l\u2019entr\u00e9e du village de Modave, Route de Modave, \u00e0 proximit\u00e9 du Ravel et du Ch\u00e2teau de Modave, dans le but de sensibiliser les citoyens \u00e0 la biodiversit\u00e9 et au maillage \u00e9cologique. Celle-ci est \u00e0&hellip;\" \/>\n<meta property=\"og:url\" content=\"https:\/\/www.modave.be\/index.php\/services_communaux\/biodiversite\/\" \/>\n<meta property=\"og:site_name\" content=\"Commune de Modave\" \/>\n<meta property=\"article:modified_time\" content=\"2024-10-04T11:19:52+00:00\" \/>\n<meta property=\"og:image\" content=\"https:\/\/www.modave.be\/wp-content\/uploads\/2024\/10\/9-1-e1728035173647-1024x512.jpg\" \/>\n\t<meta property=\"og:image:width\" content=\"1024\" \/>\n\t<meta property=\"og:image:height\" content=\"512\" \/>\n\t<meta property=\"og:image:type\" content=\"image\/jpeg\" \/>\n<meta name=\"twitter:card\" content=\"summary_large_image\" \/>\n<meta name=\"twitter:label1\" content=\"Dur\u00e9e de lecture estim\u00e9e\" \/>\n\t<meta name=\"twitter:data1\" content=\"1 minute\" \/>\n<script type=\"application\/ld+json\" class=\"yoast-schema-graph\">{\"@context\":\"https:\\\/\\\/schema.org\",\"@graph\":[{\"@type\":\"WebPage\",\"@id\":\"https:\\\/\\\/www.modave.be\\\/index.php\\\/services_communaux\\\/biodiversite\\\/\",\"url\":\"https:\\\/\\\/www.modave.be\\\/index.php\\\/services_communaux\\\/biodiversite\\\/\",\"name\":\"Biodiversit\u00e9 | Cr\u00e9ation d'une mare - Commune de Modave\",\"isPartOf\":{\"@id\":\"https:\\\/\\\/www.modave.be\\\/#website\"},\"primaryImageOfPage\":{\"@id\":\"https:\\\/\\\/www.modave.be\\\/index.php\\\/services_communaux\\\/biodiversite\\\/#primaryimage\"},\"image\":{\"@id\":\"https:\\\/\\\/www.modave.be\\\/index.php\\\/services_communaux\\\/biodiversite\\\/#primaryimage\"},\"thumbnailUrl\":\"https:\\\/\\\/www.modave.be\\\/wp-content\\\/uploads\\\/2024\\\/10\\\/9-1-e1728035173647.jpg\",\"datePublished\":\"2024-10-04T09:46:42+00:00\",\"dateModified\":\"2024-10-04T11:19:52+00:00\",\"breadcrumb\":{\"@id\":\"https:\\\/\\\/www.modave.be\\\/index.php\\\/services_communaux\\\/biodiversite\\\/#breadcrumb\"},\"inLanguage\":\"fr-FR\",\"potentialAction\":[{\"@type\":\"ReadAction\",\"target\":[\"https:\\\/\\\/www.modave.be\\\/index.php\\\/services_communaux\\\/biodiversite\\\/\"]}]},{\"@type\":\"ImageObject\",\"inLanguage\":\"fr-FR\",\"@id\":\"https:\\\/\\\/www.modave.be\\\/index.php\\\/services_communaux\\\/biodiversite\\\/#primaryimage\",\"url\":\"https:\\\/\\\/www.modave.be\\\/wp-content\\\/uploads\\\/2024\\\/10\\\/9-1-e1728035173647.jpg\",\"contentUrl\":\"https:\\\/\\\/www.modave.be\\\/wp-content\\\/uploads\\\/2024\\\/10\\\/9-1-e1728035173647.jpg\",\"width\":2040,\"height\":1020},{\"@type\":\"BreadcrumbList\",\"@id\":\"https:\\\/\\\/www.modave.be\\\/index.php\\\/services_communaux\\\/biodiversite\\\/#breadcrumb\",\"itemListElement\":[{\"@type\":\"ListItem\",\"position\":1,\"name\":\"Accueil\",\"item\":\"https:\\\/\\\/www.modave.be\\\/\"},{\"@type\":\"ListItem\",\"position\":2,\"name\":\"Biodiversit\u00e9 | Cr\u00e9ation d&rsquo;une mare\"}]},{\"@type\":\"WebSite\",\"@id\":\"https:\\\/\\\/www.modave.be\\\/#website\",\"url\":\"https:\\\/\\\/www.modave.be\\\/\",\"name\":\"Commune de Modave\",\"description\":\"Commune de Modave\",\"publisher\":{\"@id\":\"https:\\\/\\\/www.modave.be\\\/#organization\"},\"potentialAction\":[{\"@type\":\"SearchAction\",\"target\":{\"@type\":\"EntryPoint\",\"urlTemplate\":\"https:\\\/\\\/www.modave.be\\\/?s={search_term_string}\"},\"query-input\":{\"@type\":\"PropertyValueSpecification\",\"valueRequired\":true,\"valueName\":\"search_term_string\"}}],\"inLanguage\":\"fr-FR\"},{\"@type\":\"Organization\",\"@id\":\"https:\\\/\\\/www.modave.be\\\/#organization\",\"name\":\"Commune de Modave\",\"url\":\"https:\\\/\\\/www.modave.be\\\/\",\"logo\":{\"@type\":\"ImageObject\",\"inLanguage\":\"fr-FR\",\"@id\":\"https:\\\/\\\/www.modave.be\\\/#\\\/schema\\\/logo\\\/image\\\/\",\"url\":\"https:\\\/\\\/www.modave.be\\\/wp-content\\\/uploads\\\/2021\\\/12\\\/MODAVE_LOGO_HORIZONTAL_QUADRI_RVB.png\",\"contentUrl\":\"https:\\\/\\\/www.modave.be\\\/wp-content\\\/uploads\\\/2021\\\/12\\\/MODAVE_LOGO_HORIZONTAL_QUADRI_RVB.png\",\"width\":1200,\"height\":501,\"caption\":\"Commune de Modave\"},\"image\":{\"@id\":\"https:\\\/\\\/www.modave.be\\\/#\\\/schema\\\/logo\\\/image\\\/\"}}]}<\/script>\n<!-- \/ Yoast SEO plugin. -->","yoast_head_json":{"title":"Biodiversit\u00e9 | Cr\u00e9ation d'une mare - Commune de Modave","robots":{"index":"index","follow":"follow","max-snippet":"max-snippet:-1","max-image-preview":"max-image-preview:large","max-video-preview":"max-video-preview:-1"},"canonical":"https:\/\/www.modave.be\/index.php\/services_communaux\/biodiversite\/","og_locale":"fr_FR","og_type":"article","og_title":"Biodiversit\u00e9 | Cr\u00e9ation d'une mare - Commune de Modave","og_description":"La commune a cr\u00e9\u00e9 une mare pour favoriser la biodiversit\u00e9 sur son espace de convivialit\u00e9&nbsp;! Une mare vient d\u2019\u00eatre cr\u00e9\u00e9e \u00e0 l\u2019entr\u00e9e du village de Modave, Route de Modave, \u00e0 proximit\u00e9 du Ravel et du Ch\u00e2teau de Modave, dans le but de sensibiliser les citoyens \u00e0 la biodiversit\u00e9 et au maillage \u00e9cologique. Celle-ci est \u00e0&hellip;","og_url":"https:\/\/www.modave.be\/index.php\/services_communaux\/biodiversite\/","og_site_name":"Commune de Modave","article_modified_time":"2024-10-04T11:19:52+00:00","og_image":[{"width":1024,"height":512,"url":"https:\/\/www.modave.be\/wp-content\/uploads\/2024\/10\/9-1-e1728035173647-1024x512.jpg","type":"image\/jpeg"}],"twitter_card":"summary_large_image","twitter_misc":{"Dur\u00e9e de lecture estim\u00e9e":"1 minute"},"schema":{"@context":"https:\/\/schema.org","@graph":[{"@type":"WebPage","@id":"https:\/\/www.modave.be\/index.php\/services_communaux\/biodiversite\/","url":"https:\/\/www.modave.be\/index.php\/services_communaux\/biodiversite\/","name":"Biodiversit\u00e9 | Cr\u00e9ation d'une mare - Commune de Modave","isPartOf":{"@id":"https:\/\/www.modave.be\/#website"},"primaryImageOfPage":{"@id":"https:\/\/www.modave.be\/index.php\/services_communaux\/biodiversite\/#primaryimage"},"image":{"@id":"https:\/\/www.modave.be\/index.php\/services_communaux\/biodiversite\/#primaryimage"},"thumbnailUrl":"https:\/\/www.modave.be\/wp-content\/uploads\/2024\/10\/9-1-e1728035173647.jpg","datePublished":"2024-10-04T09:46:42+00:00","dateModified":"2024-10-04T11:19:52+00:00","breadcrumb":{"@id":"https:\/\/www.modave.be\/index.php\/services_communaux\/biodiversite\/#breadcrumb"},"inLanguage":"fr-FR","potentialAction":[{"@type":"ReadAction","target":["https:\/\/www.modave.be\/index.php\/services_communaux\/biodiversite\/"]}]},{"@type":"ImageObject","inLanguage":"fr-FR","@id":"https:\/\/www.modave.be\/index.php\/services_communaux\/biodiversite\/#primaryimage","url":"https:\/\/www.modave.be\/wp-content\/uploads\/2024\/10\/9-1-e1728035173647.jpg","contentUrl":"https:\/\/www.modave.be\/wp-content\/uploads\/2024\/10\/9-1-e1728035173647.jpg","width":2040,"height":1020},{"@type":"BreadcrumbList","@id":"https:\/\/www.modave.be\/index.php\/services_communaux\/biodiversite\/#breadcrumb","itemListElement":[{"@type":"ListItem","position":1,"name":"Accueil","item":"https:\/\/www.modave.be\/"},{"@type":"ListItem","position":2,"name":"Biodiversit\u00e9 | Cr\u00e9ation d&rsquo;une mare"}]},{"@type":"WebSite","@id":"https:\/\/www.modave.be\/#website","url":"https:\/\/www.modave.be\/","name":"Commune de Modave","description":"Commune de Modave","publisher":{"@id":"https:\/\/www.modave.be\/#organization"},"potentialAction":[{"@type":"SearchAction","target":{"@type":"EntryPoint","urlTemplate":"https:\/\/www.modave.be\/?s={search_term_string}"},"query-input":{"@type":"PropertyValueSpecification","valueRequired":true,"valueName":"search_term_string"}}],"inLanguage":"fr-FR"},{"@type":"Organization","@id":"https:\/\/www.modave.be\/#organization","name":"Commune de Modave","url":"https:\/\/www.modave.be\/","logo":{"@type":"ImageObject","inLanguage":"fr-FR","@id":"https:\/\/www.modave.be\/#\/schema\/logo\/image\/","url":"https:\/\/www.modave.be\/wp-content\/uploads\/2021\/12\/MODAVE_LOGO_HORIZONTAL_QUADRI_RVB.png","contentUrl":"https:\/\/www.modave.be\/wp-content\/uploads\/2021\/12\/MODAVE_LOGO_HORIZONTAL_QUADRI_RVB.png","width":1200,"height":501,"caption":"Commune de Modave"},"image":{"@id":"https:\/\/www.modave.be\/#\/schema\/logo\/image\/"}}]}},"_links":{"self":[{"href":"https:\/\/www.modave.be\/index.php\/wp-json\/wp\/v2\/services_communaux\/13477","targetHints":{"allow":["GET"]}}],"collection":[{"href":"https:\/\/www.modave.be\/index.php\/wp-json\/wp\/v2\/services_communaux"}],"about":[{"href":"https:\/\/www.modave.be\/index.php\/wp-json\/wp\/v2\/types\/services_communaux"}],"author":[{"embeddable":true,"href":"https:\/\/www.modave.be\/index.php\/wp-json\/wp\/v2\/users\/9"}],"wp:featuredmedia":[{"embeddable":true,"href":"https:\/\/www.modave.be\/index.php\/wp-json\/wp\/v2\/media\/13522"}],"wp:attachment":[{"href":"https:\/\/www.modave.be\/index.php\/wp-json\/wp\/v2\/media?parent=13477"}],"wp:term":[{"taxonomy":"category","embeddable":true,"href":"https:\/\/www.modave.be\/index.php\/wp-json\/wp\/v2\/categories?post=13477"}],"curies":[{"name":"wp","href":"https:\/\/api.w.org\/{rel}","templated":true}]}}