{"id":13493,"date":"2024-10-03T15:34:25","date_gmt":"2024-10-03T13:34:25","guid":{"rendered":"https:\/\/www.modave.be\/?post_type=services_communaux&#038;p=13493"},"modified":"2024-10-03T15:36:34","modified_gmt":"2024-10-03T13:36:34","slug":"chasses-et-battues-calendrier-2024","status":"publish","type":"services_communaux","link":"https:\/\/www.modave.be\/index.php\/services_communaux\/chasses-et-battues-calendrier-2024\/","title":{"rendered":"Chasses et battues | Calendrier 2024"},"content":{"rendered":"\n<p>\ud835\udc08\ud835\udc27\ud835\udc1f\ud835\udc28\ud835\udc2b\ud835\udc26\ud835\udc1a\ud835\udc2d\ud835\udc22\ud835\udc28\ud835\udc27 \ud835\udc22\ud835\udc26\ud835\udc29\ud835\udc28\ud835\udc2b\ud835\udc2d\ud835\udc1a\ud835\udc27\ud835\udc2d\ud835\udc1e \ud835\udc29\ud835\udc28\ud835\udc2e\ud835\udc2b \ud835\udc2f\ud835\udc28\ud835\udc2d\ud835\udc2b\ud835\udc1e \ud835\udc2c\ud835\udc1e\u0301\ud835\udc1c\ud835\udc2e\ud835\udc2b\ud835\udc22\ud835\udc2d\ud835\udc1e\u0301 \ud835\udc1e\ud835\udc27 \ud835\udc1f\ud835\udc28\ud835\udc2b\ud835\udc1e\u0302\ud835\udc2d<\/p>\n\n\n\n<p>La saison de chasse est actuellement en cours sur le territoire de notre commune. Pour assurer votre s\u00e9curit\u00e9, nous vous invitons \u00e0 redoubler de vigilance lors de vos sorties en for\u00eat.<\/p>\n\n\n\n<p>Pour des informations pr\u00e9cises sur les chasses et battues en cours, consultez l&rsquo;une des plateformes suivantes avant vos d\u00e9placements :<\/p>\n\n\n\n<ul class=\"wp-block-list\">\n<li>\ud835\udc02\ud835\udc21\ud835\udc1a\ud835\udc2c\ud835\udc2c\ud835\udc1e\ud835\udc0e\ud835\udc27\ud835\udc16\ud835\udc1e\ud835\udc1b &#8211; <a href=\"https:\/\/www.chasseonweb.be\">https:\/\/www.chasseonweb.be<\/a><\/li>\n\n\n\n<li>\ud835\udc0f\ud835\udc1a\ud835\udc2b\ud835\udc2d\ud835\udc1a\ud835\udc20\ud835\udc1e\ud835\udc28\ud835\udc27\ud835\udc2c \ud835\udc25\ud835\udc1a \ud835\udc1f\ud835\udc28\ud835\udc2b\ud835\udc1e\u0302\ud835\udc2d &#8211; <a href=\"https:\/\/partageonslaforet.be\">https:\/\/partageonslaforet.be<\/a><\/li>\n<\/ul>\n\n\n\n<blockquote class=\"wp-block-quote is-layout-flow wp-block-quote-is-layout-flow\">\n<p class=\"has-text-color has-link-color wp-elements-432d9b0f9226ea1d0bbd64c14b32bd5a\" style=\"color:#ff0000\">\ud835\udc00\ud835\udc2d\ud835\udc2d\ud835\udc1e\ud835\udc27\ud835\udc2d\ud835\udc22\ud835\udc28\ud835\udc27, \ud835\udc1d&rsquo;\ud835\udc1a\ud835\udc2e\ud835\udc2d\ud835\udc2b\ud835\udc1e\ud835\udc2c \ud835\udc1c\ud835\udc21\ud835\udc1a\ud835\udc2c\ud835\udc2c\ud835\udc1e\ud835\udc2c \ud835\udc29\ud835\udc1e\ud835\udc2e\ud835\udc2f\ud835\udc1e\ud835\udc27\ud835\udc2d \ud835\udc2c\ud835\udc1e \ud835\udc1d\ud835\udc1e\u0301\ud835\udc2b\ud835\udc28\ud835\udc2e\ud835\udc25\ud835\udc1e\ud835\udc2b \ud835\udc2c\ud835\udc1a\ud835\udc27\ud835\udc2c \ud835\udc29\ud835\udc2b\ud835\udc1e\u0301\ud835\udc1a\ud835\udc2f\ud835\udc22\ud835\udc2c \ud835\udc1e\ud835\udc2d \ud835\udc27\ud835\udc1e \ud835\udc29\ud835\udc1a\ud835\udc2c \ud835\udc1e\u0302\ud835\udc2d\ud835\udc2b\ud835\udc1e \ud835\udc2b\ud835\udc1e\u0301\ud835\udc1f\ud835\udc1e\u0301\ud835\udc2b\ud835\udc1e\ud835\udc27\ud835\udc1c\ud835\udc1e\u0301\ud835\udc1e\ud835\udc2c. Soyez attentifs aux affichages \u00e0 l\u2019entr\u00e9e des bois et le long des chemins forestiers pour conna\u00eetre les zones concern\u00e9es.<\/p>\n<\/blockquote>\n\n\n\n<p>Petit rappel sur les panneaux :<\/p>\n\n\n\n<ul class=\"wp-block-list\">\n<li>\ud835\udc0f\ud835\udc1a\ud835\udc27\ud835\udc27\ud835\udc1e\ud835\udc1a\ud835\udc2e \ud835\udc2b\ud835\udc28\ud835\udc2e\ud835\udc20\ud835\udc1e &#8211; Acc\u00e8s strictement interdit. Une chasse est en cours, prenez un autre chemin.<\/li>\n\n\n\n<li>\ud835\udc0f\ud835\udc1a\ud835\udc27\ud835\udc27\ud835\udc1e\ud835\udc1a\ud835\udc2e \ud835\udc23\ud835\udc1a\ud835\udc2e\ud835\udc27\ud835\udc1e &#8211; Ce panneau indique qu\u2019une chasse est programm\u00e9e \u00e0 une date future ou dans une autre zone. Cela ne signifie pas que le chemin est ferm\u00e9, mais restez attentifs aux informations suppl\u00e9mentaires.<\/li>\n<\/ul>\n\n\n\n<p>\ud835\udc12\ud835\udc28\ud835\udc32\ud835\udc1e\ud835\udc33 \ud835\udc2f\ud835\udc22\ud835\udc20\ud835\udc22\ud835\udc25\ud835\udc1a\ud835\udc27\ud835\udc2d\ud835\udc2c \ud835\udc1e\ud835\udc2d \ud835\udc29\ud835\udc1a\ud835\udc2b\ud835\udc2d\ud835\udc1a\ud835\udc20\ud835\udc1e\ud835\udc33 \ud835\udc1c\ud835\udc1e\ud835\udc2c \ud835\udc22\ud835\udc27\ud835\udc1f\ud835\udc28\ud835\udc2b\ud835\udc26\ud835\udc1a\ud835\udc2d\ud835\udc22\ud835\udc28\ud835\udc27\ud835\udc2c \ud835\udc29\ud835\udc28\ud835\udc2e\ud835\udc2b \ud835\udc2e\ud835\udc27\ud835\udc1e \ud835\udc1f\ud835\udc28\ud835\udc2b\ud835\udc1e\u0302\ud835\udc2d \ud835\udc2c\ud835\udc1e\u0301\ud835\udc1c\ud835\udc2e\ud835\udc2b\ud835\udc22\ud835\udc2c\ud835\udc1e\u0301\ud835\udc1e \ud835\udc29\ud835\udc28\ud835\udc2e\ud835\udc2b \ud835\udc2d\ud835\udc28\ud835\udc2e\ud835\udc2c !<\/p>\n\n\n\n<div style=\"height:37px\" aria-hidden=\"true\" class=\"wp-block-spacer\"><\/div>\n\n\n\n<figure class=\"wp-block-table is-style-stripes\"><table class=\"has-fixed-layout\"><thead><tr><th><strong>Nom de la chasse<\/strong><\/th><th>Commune<\/th><th>Dates<\/th><\/tr><\/thead><tbody><tr><td>RN de Lanaye<\/td><td>Vis\u00e9<\/td><td>En attente<\/td><\/tr><tr><td>Bois de Mortroux<\/td><td>Dalhem<\/td><td>6\/10-3\/11-1\/12-15\/12-29\/12\/2024<\/td><\/tr><tr><td>Les Rochettes<\/td><td>Chaudfontaine<\/td><td>28\/10-21\/11-22\/12\/2024<\/td><\/tr><tr><td>Chaudfontaine commune<\/td><td>Chaudfontaine<\/td><td>21\/10-12\/11-11\/12-23\/12<\/td><\/tr><tr><td>Bois des Houlpays<\/td><td>Li\u00e8ge<\/td><td>En attente<\/td><\/tr><tr><td>Bois de Bellegrange<\/td><td>Amay\/Huy<\/td><td>9\/10-9\/11-21\/12-29\/01\/2025<\/td><\/tr><tr><td>Bois de Mirlondaines<\/td><td>Amay<\/td><td>6\/12<\/td><\/tr><tr><td>Bois de Jehay\/sous Richemont\/Fays<\/td><td>Amay<\/td><td>5\/10-26\/10-16\/11-7\/12-18\/01\/2025<\/td><\/tr><tr><td>Baugn\u00e9e, chasse fraiture Tinlot<\/td><td>Nandrin\/Tinlot<\/td><td>20\/10-8\/12\/2024<\/td><\/tr><tr><td>Chasse de Hottine<\/td><td>Engis<\/td><td>2\/11<\/td><\/tr><tr><td>Bois d\u2019Hermalle<\/td><td>Engis<\/td><td>7\/12\/2024<\/td><\/tr><tr><td>Bois de Forkechamps<\/td><td>Nandrin<\/td><td>19\/10-7\/12\/2024<\/td><\/tr><tr><td>Bois de St Lambert<\/td><td>Amay<\/td><td>18\/10-8\/11-13\/12<\/td><\/tr><tr><td>Bois de St Lambert est<\/td><td>Nandrin<\/td><td>2\/12-23\/11-28\/11-20\/12\/2024<\/td><\/tr><tr><td>Bois de Clermont<\/td><td>Nandrin<\/td><td>2\/10-21\/11\/2024<\/td><\/tr><tr><td>Bois Madame<\/td><td>Fl\u00e9malle<\/td><td>28\/10-16\/12\/2024<\/td><\/tr><tr><td>Bois Vecqu\u00e9e ouest<\/td><td>Seraing<\/td><td>Affut sans fermeture<\/td><\/tr><tr><td>Croix St Hubert<\/td><td>Fl\u00e9malle<\/td><td>1\/11-27\/12<\/td><\/tr><tr><td>Ch\u00e2teau d\u2019Aigremont<\/td><td>Fl\u00e9malle<\/td><td>12\/10-9\/11-14\/12-11\/01\/2025<\/td><\/tr><tr><td>Bois de R\u00e9e et Taille Gueule &nbsp;<\/td><td>Burdinne<\/td><td>2\/11\/2024<\/td><\/tr><tr><td>Massif de Couthuin<\/td><td>Couthuin<\/td><td>16\/11-8\/12<\/td><\/tr><tr><td>Bois de Vyle et Tharoul<\/td><td>Marchin<\/td><td>26\/10-24\/11-14\/12-25\/01<\/td><\/tr><tr><td>Bois de Bagatelle<\/td><td>Marchin<\/td><td>6\/10-12\/10-20\/10-9\/11-24\/11-30\/11-8\/12-14\/12-12\/01-25\/01\/2025-En attente<\/td><\/tr><tr><td>Bois de Sandron, chasse des dix bonniers<\/td><td>Marchin<\/td><td>17\/10-21\/11-19\/12\/2024<\/td><\/tr><tr><td>Chasse de Str\u00e9e<\/td><td>Modave<\/td><td>2\/10\/2024<\/td><\/tr><tr><td>Jamagne, Vaux, Triffoys<\/td><td>Marchin<\/td><td>2\/10-19\/10-16\/11-7\/12\/2024<\/td><\/tr><tr><td>Bois de Barse<\/td><td>Marchin<\/td><td>17\/10-16\/11-17\/12-25\/01\/2025<\/td><\/tr><tr><td>Lieux dit Bonsgn\u00e9e<\/td><td>Neupr\u00e9<\/td><td>4\/10<\/td><\/tr><tr><td>Bois de Plainevaux et Nomont<\/td><td>Neupr\u00e9<\/td><td>3\/10-10\/10-17\/10-7\/11-14\/11-21\/11-5\/12-12\/12-16\/01\/2025<\/td><\/tr><tr><td>Bois de la Marchandise<\/td><td>Seraing<\/td><td>1\/10-10\/12\/2024<\/td><\/tr><tr><td>Bois de l\u2019Abbaye<\/td><td>Seraing<\/td><td>1\/10 9\/10-18\/12<\/td><\/tr><tr><td>Bois de la Vecqu\u00e9e Est<\/td><td>Seraing<\/td><td>En attente<\/td><\/tr><tr><td>Bois St Jean<\/td><td>Seraing<\/td><td>3\/11-17\/11-1\/12-15\/12\/2024<\/td><\/tr><tr><td>Campus Sart-Tilman<\/td><td>Seraing<\/td><td>4\/10-15\/10-24\/10-5\/11-26\/11-10\/12-27\/12<\/td><\/tr><tr><td>Bois de Ben-Ahin<\/td><td>Huy<\/td><td>21\/11-28\/11-5\/12-12\/12-13\/12<\/td><\/tr><tr><td>Bois de Gives<\/td><td>Huy<\/td><td>16\/10-13\/11-18\/12\/2024<\/td><\/tr><tr><td>Bois du Bailly (lot 30)<\/td><td>Huy<\/td><td>13\/10-17\/11\/2024<\/td><\/tr><tr><td>Chasse St Lambert ouest Neuville<\/td><td>Huy<\/td><td>5\/10-2\/11-30\/11-28\/12-26\/01\/2025<\/td><\/tr><tr><td>Bois Bellegrange\/ Parcours vita<\/td><td>Wanze<\/td><td>9\/10-13\/11-11\/12-29\/01\/2025<\/td><\/tr><tr><td>Bois de Marneffe<\/td><td>Couthuin<\/td><td>12\/10-26\/10-14\/12-25\/01\/2025<\/td><\/tr><tr><td>Bois de Ben-Ahin<\/td><td>Huy<\/td><td>19\/10-7\/11-23\/11-5\/12-14\/12<\/td><\/tr><tr><td>Chasse de Maurissart<\/td><td>Huy<\/td><td>6\/10-10\/11-8\/12\/2024<\/td><\/tr><tr><td>La Beolette<\/td><td>Wanze<\/td><td>12\/10 24\/11-22\/12\/2024<\/td><\/tr><tr><td>Bois des Brul\u00e9es<\/td><td>Huy<\/td><td>13\/10-10\/11-19\/11-15\/12\/2024<\/td><\/tr><tr><td>Bois communal de Gives haut<\/td><td>Huy<\/td><td>11\/10-8\/11-6\/12-27\/12-21\/02\/2025<\/td><\/tr><tr><td>Sarte \u00e0 Ben Longue via Minechamps<\/td><td>Huy<\/td><td>19\/10-7\/11-23\/11-5\/12-14\/12 19-23-14-Pas de fusil dans la partie communale.<\/td><\/tr><tr><td>Chasse Belle Maison<\/td><td>Marchin<\/td><td>12\/10-14\/12<\/td><\/tr><tr><td>Modave Vivaqua<\/td><td>Marchin<\/td><td>19\/10-9\/11-27\/11-8\/12-27\/12\/2024<\/td><\/tr><tr><td>Bois st Remacle<\/td><td>Awirs<\/td><td>7\/12\/2024<\/td><\/tr><\/tbody><\/table><\/figure>\n","protected":false},"excerpt":{"rendered":"<p>\ud835\udc08\ud835\udc27\ud835\udc1f\ud835\udc28\ud835\udc2b\ud835\udc26\ud835\udc1a\ud835\udc2d\ud835\udc22\ud835\udc28\ud835\udc27 \ud835\udc22\ud835\udc26\ud835\udc29\ud835\udc28\ud835\udc2b\ud835\udc2d\ud835\udc1a\ud835\udc27\ud835\udc2d\ud835\udc1e \ud835\udc29\ud835\udc28\ud835\udc2e\ud835\udc2b \ud835\udc2f\ud835\udc28\ud835\udc2d\ud835\udc2b\ud835\udc1e \ud835\udc2c\ud835\udc1e\u0301\ud835\udc1c\ud835\udc2e\ud835\udc2b\ud835\udc22\ud835\udc2d\ud835\udc1e\u0301 \ud835\udc1e\ud835\udc27 \ud835\udc1f\ud835\udc28\ud835\udc2b\ud835\udc1e\u0302\ud835\udc2d La saison de chasse est actuellement en cours sur le territoire de notre commune. Pour assurer votre s\u00e9curit\u00e9, nous vous invitons \u00e0 redoubler de vigilance lors de vos sorties en for\u00eat. Pour des informations pr\u00e9cises sur les chasses et battues en cours, consultez l&rsquo;une des plateformes suivantes avant&hellip;<\/p>\n","protected":false},"author":9,"featured_media":12701,"menu_order":0,"template":"","categories":[205,206],"class_list":["post-13493","services_communaux","type-services_communaux","status-publish","has-post-thumbnail","hentry","category-population","category-sports_et_loisirs","description-off"],"yoast_head":"<!-- This site is optimized with the Yoast SEO plugin v27.5 - https:\/\/yoast.com\/product\/yoast-seo-wordpress\/ -->\n<title>Chasses et battues | Calendrier 2024 - Commune de Modave<\/title>\n<meta name=\"robots\" content=\"index, follow, max-snippet:-1, max-image-preview:large, max-video-preview:-1\" \/>\n<link rel=\"canonical\" href=\"https:\/\/www.modave.be\/index.php\/services_communaux\/chasses-et-battues-calendrier-2024\/\" \/>\n<meta property=\"og:locale\" content=\"fr_FR\" \/>\n<meta property=\"og:type\" content=\"article\" \/>\n<meta property=\"og:title\" content=\"Chasses et battues | Calendrier 2024 - Commune de Modave\" \/>\n<meta property=\"og:description\" content=\"\ud835\udc08\ud835\udc27\ud835\udc1f\ud835\udc28\ud835\udc2b\ud835\udc26\ud835\udc1a\ud835\udc2d\ud835\udc22\ud835\udc28\ud835\udc27 \ud835\udc22\ud835\udc26\ud835\udc29\ud835\udc28\ud835\udc2b\ud835\udc2d\ud835\udc1a\ud835\udc27\ud835\udc2d\ud835\udc1e \ud835\udc29\ud835\udc28\ud835\udc2e\ud835\udc2b \ud835\udc2f\ud835\udc28\ud835\udc2d\ud835\udc2b\ud835\udc1e \ud835\udc2c\ud835\udc1e\u0301\ud835\udc1c\ud835\udc2e\ud835\udc2b\ud835\udc22\ud835\udc2d\ud835\udc1e\u0301 \ud835\udc1e\ud835\udc27 \ud835\udc1f\ud835\udc28\ud835\udc2b\ud835\udc1e\u0302\ud835\udc2d La saison de chasse est actuellement en cours sur le territoire de notre commune. Pour assurer votre s\u00e9curit\u00e9, nous vous invitons \u00e0 redoubler de vigilance lors de vos sorties en for\u00eat. Pour des informations pr\u00e9cises sur les chasses et battues en cours, consultez l&rsquo;une des plateformes suivantes avant&hellip;\" \/>\n<meta property=\"og:url\" content=\"https:\/\/www.modave.be\/index.php\/services_communaux\/chasses-et-battues-calendrier-2024\/\" \/>\n<meta property=\"og:site_name\" content=\"Commune de Modave\" \/>\n<meta property=\"article:modified_time\" content=\"2024-10-03T13:36:34+00:00\" \/>\n<meta property=\"og:image\" content=\"https:\/\/www.modave.be\/wp-content\/uploads\/2023\/12\/chasseur-e1727961706476.png\" \/>\n\t<meta property=\"og:image:width\" content=\"849\" \/>\n\t<meta property=\"og:image:height\" content=\"424\" \/>\n\t<meta property=\"og:image:type\" content=\"image\/png\" \/>\n<meta name=\"twitter:card\" content=\"summary_large_image\" \/>\n<meta name=\"twitter:label1\" content=\"Dur\u00e9e de lecture estim\u00e9e\" \/>\n\t<meta name=\"twitter:data1\" content=\"2 minutes\" \/>\n<script type=\"application\/ld+json\" class=\"yoast-schema-graph\">{\"@context\":\"https:\\\/\\\/schema.org\",\"@graph\":[{\"@type\":\"WebPage\",\"@id\":\"https:\\\/\\\/www.modave.be\\\/index.php\\\/services_communaux\\\/chasses-et-battues-calendrier-2024\\\/\",\"url\":\"https:\\\/\\\/www.modave.be\\\/index.php\\\/services_communaux\\\/chasses-et-battues-calendrier-2024\\\/\",\"name\":\"Chasses et battues | Calendrier 2024 - Commune de Modave\",\"isPartOf\":{\"@id\":\"https:\\\/\\\/www.modave.be\\\/#website\"},\"primaryImageOfPage\":{\"@id\":\"https:\\\/\\\/www.modave.be\\\/index.php\\\/services_communaux\\\/chasses-et-battues-calendrier-2024\\\/#primaryimage\"},\"image\":{\"@id\":\"https:\\\/\\\/www.modave.be\\\/index.php\\\/services_communaux\\\/chasses-et-battues-calendrier-2024\\\/#primaryimage\"},\"thumbnailUrl\":\"https:\\\/\\\/www.modave.be\\\/wp-content\\\/uploads\\\/2023\\\/12\\\/chasseur-e1727961706476.png\",\"datePublished\":\"2024-10-03T13:34:25+00:00\",\"dateModified\":\"2024-10-03T13:36:34+00:00\",\"breadcrumb\":{\"@id\":\"https:\\\/\\\/www.modave.be\\\/index.php\\\/services_communaux\\\/chasses-et-battues-calendrier-2024\\\/#breadcrumb\"},\"inLanguage\":\"fr-FR\",\"potentialAction\":[{\"@type\":\"ReadAction\",\"target\":[\"https:\\\/\\\/www.modave.be\\\/index.php\\\/services_communaux\\\/chasses-et-battues-calendrier-2024\\\/\"]}]},{\"@type\":\"ImageObject\",\"inLanguage\":\"fr-FR\",\"@id\":\"https:\\\/\\\/www.modave.be\\\/index.php\\\/services_communaux\\\/chasses-et-battues-calendrier-2024\\\/#primaryimage\",\"url\":\"https:\\\/\\\/www.modave.be\\\/wp-content\\\/uploads\\\/2023\\\/12\\\/chasseur-e1727961706476.png\",\"contentUrl\":\"https:\\\/\\\/www.modave.be\\\/wp-content\\\/uploads\\\/2023\\\/12\\\/chasseur-e1727961706476.png\",\"width\":849,\"height\":424,\"caption\":\"Photo d'illustration\"},{\"@type\":\"BreadcrumbList\",\"@id\":\"https:\\\/\\\/www.modave.be\\\/index.php\\\/services_communaux\\\/chasses-et-battues-calendrier-2024\\\/#breadcrumb\",\"itemListElement\":[{\"@type\":\"ListItem\",\"position\":1,\"name\":\"Accueil\",\"item\":\"https:\\\/\\\/www.modave.be\\\/\"},{\"@type\":\"ListItem\",\"position\":2,\"name\":\"Chasses et battues | Calendrier 2024\"}]},{\"@type\":\"WebSite\",\"@id\":\"https:\\\/\\\/www.modave.be\\\/#website\",\"url\":\"https:\\\/\\\/www.modave.be\\\/\",\"name\":\"Commune de Modave\",\"description\":\"Commune de Modave\",\"publisher\":{\"@id\":\"https:\\\/\\\/www.modave.be\\\/#organization\"},\"potentialAction\":[{\"@type\":\"SearchAction\",\"target\":{\"@type\":\"EntryPoint\",\"urlTemplate\":\"https:\\\/\\\/www.modave.be\\\/?s={search_term_string}\"},\"query-input\":{\"@type\":\"PropertyValueSpecification\",\"valueRequired\":true,\"valueName\":\"search_term_string\"}}],\"inLanguage\":\"fr-FR\"},{\"@type\":\"Organization\",\"@id\":\"https:\\\/\\\/www.modave.be\\\/#organization\",\"name\":\"Commune de Modave\",\"url\":\"https:\\\/\\\/www.modave.be\\\/\",\"logo\":{\"@type\":\"ImageObject\",\"inLanguage\":\"fr-FR\",\"@id\":\"https:\\\/\\\/www.modave.be\\\/#\\\/schema\\\/logo\\\/image\\\/\",\"url\":\"https:\\\/\\\/www.modave.be\\\/wp-content\\\/uploads\\\/2021\\\/12\\\/MODAVE_LOGO_HORIZONTAL_QUADRI_RVB.png\",\"contentUrl\":\"https:\\\/\\\/www.modave.be\\\/wp-content\\\/uploads\\\/2021\\\/12\\\/MODAVE_LOGO_HORIZONTAL_QUADRI_RVB.png\",\"width\":1200,\"height\":501,\"caption\":\"Commune de Modave\"},\"image\":{\"@id\":\"https:\\\/\\\/www.modave.be\\\/#\\\/schema\\\/logo\\\/image\\\/\"}}]}<\/script>\n<!-- \/ Yoast SEO plugin. -->","yoast_head_json":{"title":"Chasses et battues | Calendrier 2024 - Commune de Modave","robots":{"index":"index","follow":"follow","max-snippet":"max-snippet:-1","max-image-preview":"max-image-preview:large","max-video-preview":"max-video-preview:-1"},"canonical":"https:\/\/www.modave.be\/index.php\/services_communaux\/chasses-et-battues-calendrier-2024\/","og_locale":"fr_FR","og_type":"article","og_title":"Chasses et battues | Calendrier 2024 - Commune de Modave","og_description":"\ud835\udc08\ud835\udc27\ud835\udc1f\ud835\udc28\ud835\udc2b\ud835\udc26\ud835\udc1a\ud835\udc2d\ud835\udc22\ud835\udc28\ud835\udc27 \ud835\udc22\ud835\udc26\ud835\udc29\ud835\udc28\ud835\udc2b\ud835\udc2d\ud835\udc1a\ud835\udc27\ud835\udc2d\ud835\udc1e \ud835\udc29\ud835\udc28\ud835\udc2e\ud835\udc2b \ud835\udc2f\ud835\udc28\ud835\udc2d\ud835\udc2b\ud835\udc1e \ud835\udc2c\ud835\udc1e\u0301\ud835\udc1c\ud835\udc2e\ud835\udc2b\ud835\udc22\ud835\udc2d\ud835\udc1e\u0301 \ud835\udc1e\ud835\udc27 \ud835\udc1f\ud835\udc28\ud835\udc2b\ud835\udc1e\u0302\ud835\udc2d La saison de chasse est actuellement en cours sur le territoire de notre commune. Pour assurer votre s\u00e9curit\u00e9, nous vous invitons \u00e0 redoubler de vigilance lors de vos sorties en for\u00eat. Pour des informations pr\u00e9cises sur les chasses et battues en cours, consultez l&rsquo;une des plateformes suivantes avant&hellip;","og_url":"https:\/\/www.modave.be\/index.php\/services_communaux\/chasses-et-battues-calendrier-2024\/","og_site_name":"Commune de Modave","article_modified_time":"2024-10-03T13:36:34+00:00","og_image":[{"width":849,"height":424,"url":"https:\/\/www.modave.be\/wp-content\/uploads\/2023\/12\/chasseur-e1727961706476.png","type":"image\/png"}],"twitter_card":"summary_large_image","twitter_misc":{"Dur\u00e9e de lecture estim\u00e9e":"2 minutes"},"schema":{"@context":"https:\/\/schema.org","@graph":[{"@type":"WebPage","@id":"https:\/\/www.modave.be\/index.php\/services_communaux\/chasses-et-battues-calendrier-2024\/","url":"https:\/\/www.modave.be\/index.php\/services_communaux\/chasses-et-battues-calendrier-2024\/","name":"Chasses et battues | Calendrier 2024 - Commune de Modave","isPartOf":{"@id":"https:\/\/www.modave.be\/#website"},"primaryImageOfPage":{"@id":"https:\/\/www.modave.be\/index.php\/services_communaux\/chasses-et-battues-calendrier-2024\/#primaryimage"},"image":{"@id":"https:\/\/www.modave.be\/index.php\/services_communaux\/chasses-et-battues-calendrier-2024\/#primaryimage"},"thumbnailUrl":"https:\/\/www.modave.be\/wp-content\/uploads\/2023\/12\/chasseur-e1727961706476.png","datePublished":"2024-10-03T13:34:25+00:00","dateModified":"2024-10-03T13:36:34+00:00","breadcrumb":{"@id":"https:\/\/www.modave.be\/index.php\/services_communaux\/chasses-et-battues-calendrier-2024\/#breadcrumb"},"inLanguage":"fr-FR","potentialAction":[{"@type":"ReadAction","target":["https:\/\/www.modave.be\/index.php\/services_communaux\/chasses-et-battues-calendrier-2024\/"]}]},{"@type":"ImageObject","inLanguage":"fr-FR","@id":"https:\/\/www.modave.be\/index.php\/services_communaux\/chasses-et-battues-calendrier-2024\/#primaryimage","url":"https:\/\/www.modave.be\/wp-content\/uploads\/2023\/12\/chasseur-e1727961706476.png","contentUrl":"https:\/\/www.modave.be\/wp-content\/uploads\/2023\/12\/chasseur-e1727961706476.png","width":849,"height":424,"caption":"Photo d'illustration"},{"@type":"BreadcrumbList","@id":"https:\/\/www.modave.be\/index.php\/services_communaux\/chasses-et-battues-calendrier-2024\/#breadcrumb","itemListElement":[{"@type":"ListItem","position":1,"name":"Accueil","item":"https:\/\/www.modave.be\/"},{"@type":"ListItem","position":2,"name":"Chasses et battues | Calendrier 2024"}]},{"@type":"WebSite","@id":"https:\/\/www.modave.be\/#website","url":"https:\/\/www.modave.be\/","name":"Commune de Modave","description":"Commune de Modave","publisher":{"@id":"https:\/\/www.modave.be\/#organization"},"potentialAction":[{"@type":"SearchAction","target":{"@type":"EntryPoint","urlTemplate":"https:\/\/www.modave.be\/?s={search_term_string}"},"query-input":{"@type":"PropertyValueSpecification","valueRequired":true,"valueName":"search_term_string"}}],"inLanguage":"fr-FR"},{"@type":"Organization","@id":"https:\/\/www.modave.be\/#organization","name":"Commune de Modave","url":"https:\/\/www.modave.be\/","logo":{"@type":"ImageObject","inLanguage":"fr-FR","@id":"https:\/\/www.modave.be\/#\/schema\/logo\/image\/","url":"https:\/\/www.modave.be\/wp-content\/uploads\/2021\/12\/MODAVE_LOGO_HORIZONTAL_QUADRI_RVB.png","contentUrl":"https:\/\/www.modave.be\/wp-content\/uploads\/2021\/12\/MODAVE_LOGO_HORIZONTAL_QUADRI_RVB.png","width":1200,"height":501,"caption":"Commune de Modave"},"image":{"@id":"https:\/\/www.modave.be\/#\/schema\/logo\/image\/"}}]}},"_links":{"self":[{"href":"https:\/\/www.modave.be\/index.php\/wp-json\/wp\/v2\/services_communaux\/13493","targetHints":{"allow":["GET"]}}],"collection":[{"href":"https:\/\/www.modave.be\/index.php\/wp-json\/wp\/v2\/services_communaux"}],"about":[{"href":"https:\/\/www.modave.be\/index.php\/wp-json\/wp\/v2\/types\/services_communaux"}],"author":[{"embeddable":true,"href":"https:\/\/www.modave.be\/index.php\/wp-json\/wp\/v2\/users\/9"}],"wp:featuredmedia":[{"embeddable":true,"href":"https:\/\/www.modave.be\/index.php\/wp-json\/wp\/v2\/media\/12701"}],"wp:attachment":[{"href":"https:\/\/www.modave.be\/index.php\/wp-json\/wp\/v2\/media?parent=13493"}],"wp:term":[{"taxonomy":"category","embeddable":true,"href":"https:\/\/www.modave.be\/index.php\/wp-json\/wp\/v2\/categories?post=13493"}],"curies":[{"name":"wp","href":"https:\/\/api.w.org\/{rel}","templated":true}]}}