{"id":13501,"date":"2024-10-04T09:03:44","date_gmt":"2024-10-04T07:03:44","guid":{"rendered":"https:\/\/www.modave.be\/?post_type=services_communaux&#038;p=13501"},"modified":"2024-10-08T09:25:36","modified_gmt":"2024-10-08T07:25:36","slug":"espace-temps-libre-des-10-ans-les-mercredis-apres-midi","status":"publish","type":"services_communaux","link":"https:\/\/www.modave.be\/index.php\/services_communaux\/espace-temps-libre-des-10-ans-les-mercredis-apres-midi\/","title":{"rendered":"Espace Temps Libre | Les mercredis apr\u00e8s-midi"},"content":{"rendered":"\n<p><strong>Espace Temps Libre \u00e0 Modave !<\/strong><\/p>\n\n\n\n<p><strong>Un lieu de rencontre d\u00e9di\u00e9 aux jeunes<\/strong> pour se retrouver, se divertir et passer du bon temps ensemble !<\/p>\n\n\n\n<ul class=\"wp-block-list\">\n<li><strong>Quand ?<\/strong> Tous les <strong>mercredis de 13h30 \u00e0 16h<\/strong><\/li>\n\n\n\n<li><strong>O\u00f9 ?<\/strong> Au complexe sportif de Vierset<\/li>\n\n\n\n<li><strong>Pour qui ?<\/strong> \u00c0 partir de 10 ans<\/li>\n\n\n\n<li><strong>Prix ?<\/strong> <strong>Gratuit !<\/strong><\/li>\n<\/ul>\n\n\n\n<p><strong>Activit\u00e9s &#8211;<\/strong> Libres et vari\u00e9es : sport, jeux, discussions, cuisine, musique\u2026<br><strong>Gestion du temps &#8211;<\/strong> Chacun est libre de venir et de partir \u00e0 son rythme !<\/p>\n\n\n\n<ul class=\"wp-block-list\">\n<li><strong>Infos et contact :<\/strong><\/li>\n\n\n\n<li>Fran\u00e7ois 0478\/98 14 93<\/li>\n\n\n\n<li><a>jeunesse@modave.be<\/a><\/li>\n<\/ul>\n\n\n\n<p>Ne manque pas cette occasion de t\u2019amuser et de rencontrer d\u2019autres jeunes de la commune !<\/p>\n\n\n\n<div style=\"height:27px\" aria-hidden=\"true\" class=\"wp-block-spacer\"><\/div>\n\n\n\n<figure class=\"wp-block-video\"><video height=\"1080\" style=\"aspect-ratio: 1080 \/ 1080;\" width=\"1080\" autoplay controls loop src=\"https:\/\/www.modave.be\/wp-content\/uploads\/2024\/10\/Copie-de-ETL-Mercredi-apres-midi.mp4\" playsinline><\/video><\/figure>\n\n\n\n<figure class=\"wp-block-gallery has-nested-images columns-default is-cropped wp-block-gallery-1 is-layout-flex wp-block-gallery-is-layout-flex\">\n<figure class=\"wp-block-image size-large\"><img fetchpriority=\"high\" decoding=\"async\" width=\"1024\" height=\"1024\" data-id=\"13509\" src=\"https:\/\/www.modave.be\/wp-content\/uploads\/2024\/10\/1-1-1024x1024.jpg\" alt=\"\" class=\"wp-image-13509\" srcset=\"https:\/\/www.modave.be\/wp-content\/uploads\/2024\/10\/1-1-1024x1024.jpg 1024w, https:\/\/www.modave.be\/wp-content\/uploads\/2024\/10\/1-1-300x300.jpg 300w, https:\/\/www.modave.be\/wp-content\/uploads\/2024\/10\/1-1-150x150.jpg 150w, https:\/\/www.modave.be\/wp-content\/uploads\/2024\/10\/1-1-768x768.jpg 768w, https:\/\/www.modave.be\/wp-content\/uploads\/2024\/10\/1-1.jpg 1080w\" sizes=\"(max-width: 1024px) 100vw, 1024px\" \/><\/figure>\n\n\n\n<figure class=\"wp-block-image size-large\"><img decoding=\"async\" width=\"1024\" height=\"1024\" data-id=\"13510\" src=\"https:\/\/www.modave.be\/wp-content\/uploads\/2024\/10\/2-3-1024x1024.jpg\" alt=\"\" class=\"wp-image-13510\" srcset=\"https:\/\/www.modave.be\/wp-content\/uploads\/2024\/10\/2-3-1024x1024.jpg 1024w, https:\/\/www.modave.be\/wp-content\/uploads\/2024\/10\/2-3-300x300.jpg 300w, https:\/\/www.modave.be\/wp-content\/uploads\/2024\/10\/2-3-150x150.jpg 150w, https:\/\/www.modave.be\/wp-content\/uploads\/2024\/10\/2-3-768x768.jpg 768w, https:\/\/www.modave.be\/wp-content\/uploads\/2024\/10\/2-3.jpg 1080w\" sizes=\"(max-width: 1024px) 100vw, 1024px\" \/><\/figure>\n<\/figure>\n\n\n\n<p><\/p>\n","protected":false},"excerpt":{"rendered":"<p>Espace Temps Libre \u00e0 Modave ! Un lieu de rencontre d\u00e9di\u00e9 aux jeunes pour se retrouver, se divertir et passer du bon temps ensemble ! Activit\u00e9s &#8211; Libres et vari\u00e9es : sport, jeux, discussions, cuisine, musique\u2026Gestion du temps &#8211; Chacun est libre de venir et de partir \u00e0 son rythme ! Ne manque pas cette&hellip;<\/p>\n","protected":false},"author":9,"featured_media":13504,"menu_order":0,"template":"","categories":[202],"class_list":["post-13501","services_communaux","type-services_communaux","status-publish","has-post-thumbnail","hentry","category-jeunesse_temps_libre","description-off"],"yoast_head":"<!-- This site is optimized with the Yoast SEO plugin v27.5 - https:\/\/yoast.com\/product\/yoast-seo-wordpress\/ -->\n<title>Espace Temps Libre | Les mercredis apr\u00e8s-midi - Commune de Modave<\/title>\n<meta name=\"robots\" content=\"index, follow, max-snippet:-1, max-image-preview:large, max-video-preview:-1\" \/>\n<link rel=\"canonical\" href=\"https:\/\/www.modave.be\/index.php\/services_communaux\/espace-temps-libre-des-10-ans-les-mercredis-apres-midi\/\" \/>\n<meta property=\"og:locale\" content=\"fr_FR\" \/>\n<meta property=\"og:type\" content=\"article\" \/>\n<meta property=\"og:title\" content=\"Espace Temps Libre | Les mercredis apr\u00e8s-midi - Commune de Modave\" \/>\n<meta property=\"og:description\" content=\"Espace Temps Libre \u00e0 Modave ! Un lieu de rencontre d\u00e9di\u00e9 aux jeunes pour se retrouver, se divertir et passer du bon temps ensemble ! Activit\u00e9s &#8211; Libres et vari\u00e9es : sport, jeux, discussions, cuisine, musique\u2026Gestion du temps &#8211; Chacun est libre de venir et de partir \u00e0 son rythme ! Ne manque pas cette&hellip;\" \/>\n<meta property=\"og:url\" content=\"https:\/\/www.modave.be\/index.php\/services_communaux\/espace-temps-libre-des-10-ans-les-mercredis-apres-midi\/\" \/>\n<meta property=\"og:site_name\" content=\"Commune de Modave\" \/>\n<meta property=\"article:modified_time\" content=\"2024-10-08T07:25:36+00:00\" \/>\n<meta property=\"og:image\" content=\"https:\/\/www.modave.be\/wp-content\/uploads\/2024\/10\/2-1-e1728024488988.jpg\" \/>\n\t<meta property=\"og:image:width\" content=\"1080\" \/>\n\t<meta property=\"og:image:height\" content=\"540\" \/>\n\t<meta property=\"og:image:type\" content=\"image\/jpeg\" \/>\n<meta name=\"twitter:card\" content=\"summary_large_image\" \/>\n<script type=\"application\/ld+json\" class=\"yoast-schema-graph\">{\"@context\":\"https:\\\/\\\/schema.org\",\"@graph\":[{\"@type\":\"WebPage\",\"@id\":\"https:\\\/\\\/www.modave.be\\\/index.php\\\/services_communaux\\\/espace-temps-libre-des-10-ans-les-mercredis-apres-midi\\\/\",\"url\":\"https:\\\/\\\/www.modave.be\\\/index.php\\\/services_communaux\\\/espace-temps-libre-des-10-ans-les-mercredis-apres-midi\\\/\",\"name\":\"Espace Temps Libre | Les mercredis apr\u00e8s-midi - Commune de Modave\",\"isPartOf\":{\"@id\":\"https:\\\/\\\/www.modave.be\\\/#website\"},\"primaryImageOfPage\":{\"@id\":\"https:\\\/\\\/www.modave.be\\\/index.php\\\/services_communaux\\\/espace-temps-libre-des-10-ans-les-mercredis-apres-midi\\\/#primaryimage\"},\"image\":{\"@id\":\"https:\\\/\\\/www.modave.be\\\/index.php\\\/services_communaux\\\/espace-temps-libre-des-10-ans-les-mercredis-apres-midi\\\/#primaryimage\"},\"thumbnailUrl\":\"https:\\\/\\\/www.modave.be\\\/wp-content\\\/uploads\\\/2024\\\/10\\\/2-1-e1728024488988.jpg\",\"datePublished\":\"2024-10-04T07:03:44+00:00\",\"dateModified\":\"2024-10-08T07:25:36+00:00\",\"breadcrumb\":{\"@id\":\"https:\\\/\\\/www.modave.be\\\/index.php\\\/services_communaux\\\/espace-temps-libre-des-10-ans-les-mercredis-apres-midi\\\/#breadcrumb\"},\"inLanguage\":\"fr-FR\",\"potentialAction\":[{\"@type\":\"ReadAction\",\"target\":[\"https:\\\/\\\/www.modave.be\\\/index.php\\\/services_communaux\\\/espace-temps-libre-des-10-ans-les-mercredis-apres-midi\\\/\"]}]},{\"@type\":\"ImageObject\",\"inLanguage\":\"fr-FR\",\"@id\":\"https:\\\/\\\/www.modave.be\\\/index.php\\\/services_communaux\\\/espace-temps-libre-des-10-ans-les-mercredis-apres-midi\\\/#primaryimage\",\"url\":\"https:\\\/\\\/www.modave.be\\\/wp-content\\\/uploads\\\/2024\\\/10\\\/2-1-e1728024488988.jpg\",\"contentUrl\":\"https:\\\/\\\/www.modave.be\\\/wp-content\\\/uploads\\\/2024\\\/10\\\/2-1-e1728024488988.jpg\",\"width\":1080,\"height\":540},{\"@type\":\"BreadcrumbList\",\"@id\":\"https:\\\/\\\/www.modave.be\\\/index.php\\\/services_communaux\\\/espace-temps-libre-des-10-ans-les-mercredis-apres-midi\\\/#breadcrumb\",\"itemListElement\":[{\"@type\":\"ListItem\",\"position\":1,\"name\":\"Accueil\",\"item\":\"https:\\\/\\\/www.modave.be\\\/\"},{\"@type\":\"ListItem\",\"position\":2,\"name\":\"Espace Temps Libre | Les mercredis apr\u00e8s-midi\"}]},{\"@type\":\"WebSite\",\"@id\":\"https:\\\/\\\/www.modave.be\\\/#website\",\"url\":\"https:\\\/\\\/www.modave.be\\\/\",\"name\":\"Commune de Modave\",\"description\":\"Commune de Modave\",\"publisher\":{\"@id\":\"https:\\\/\\\/www.modave.be\\\/#organization\"},\"potentialAction\":[{\"@type\":\"SearchAction\",\"target\":{\"@type\":\"EntryPoint\",\"urlTemplate\":\"https:\\\/\\\/www.modave.be\\\/?s={search_term_string}\"},\"query-input\":{\"@type\":\"PropertyValueSpecification\",\"valueRequired\":true,\"valueName\":\"search_term_string\"}}],\"inLanguage\":\"fr-FR\"},{\"@type\":\"Organization\",\"@id\":\"https:\\\/\\\/www.modave.be\\\/#organization\",\"name\":\"Commune de Modave\",\"url\":\"https:\\\/\\\/www.modave.be\\\/\",\"logo\":{\"@type\":\"ImageObject\",\"inLanguage\":\"fr-FR\",\"@id\":\"https:\\\/\\\/www.modave.be\\\/#\\\/schema\\\/logo\\\/image\\\/\",\"url\":\"https:\\\/\\\/www.modave.be\\\/wp-content\\\/uploads\\\/2021\\\/12\\\/MODAVE_LOGO_HORIZONTAL_QUADRI_RVB.png\",\"contentUrl\":\"https:\\\/\\\/www.modave.be\\\/wp-content\\\/uploads\\\/2021\\\/12\\\/MODAVE_LOGO_HORIZONTAL_QUADRI_RVB.png\",\"width\":1200,\"height\":501,\"caption\":\"Commune de Modave\"},\"image\":{\"@id\":\"https:\\\/\\\/www.modave.be\\\/#\\\/schema\\\/logo\\\/image\\\/\"}}]}<\/script>\n<!-- \/ Yoast SEO plugin. -->","yoast_head_json":{"title":"Espace Temps Libre | Les mercredis apr\u00e8s-midi - Commune de Modave","robots":{"index":"index","follow":"follow","max-snippet":"max-snippet:-1","max-image-preview":"max-image-preview:large","max-video-preview":"max-video-preview:-1"},"canonical":"https:\/\/www.modave.be\/index.php\/services_communaux\/espace-temps-libre-des-10-ans-les-mercredis-apres-midi\/","og_locale":"fr_FR","og_type":"article","og_title":"Espace Temps Libre | Les mercredis apr\u00e8s-midi - Commune de Modave","og_description":"Espace Temps Libre \u00e0 Modave ! Un lieu de rencontre d\u00e9di\u00e9 aux jeunes pour se retrouver, se divertir et passer du bon temps ensemble ! Activit\u00e9s &#8211; Libres et vari\u00e9es : sport, jeux, discussions, cuisine, musique\u2026Gestion du temps &#8211; Chacun est libre de venir et de partir \u00e0 son rythme ! Ne manque pas cette&hellip;","og_url":"https:\/\/www.modave.be\/index.php\/services_communaux\/espace-temps-libre-des-10-ans-les-mercredis-apres-midi\/","og_site_name":"Commune de Modave","article_modified_time":"2024-10-08T07:25:36+00:00","og_image":[{"width":1080,"height":540,"url":"https:\/\/www.modave.be\/wp-content\/uploads\/2024\/10\/2-1-e1728024488988.jpg","type":"image\/jpeg"}],"twitter_card":"summary_large_image","schema":{"@context":"https:\/\/schema.org","@graph":[{"@type":"WebPage","@id":"https:\/\/www.modave.be\/index.php\/services_communaux\/espace-temps-libre-des-10-ans-les-mercredis-apres-midi\/","url":"https:\/\/www.modave.be\/index.php\/services_communaux\/espace-temps-libre-des-10-ans-les-mercredis-apres-midi\/","name":"Espace Temps Libre | Les mercredis apr\u00e8s-midi - Commune de Modave","isPartOf":{"@id":"https:\/\/www.modave.be\/#website"},"primaryImageOfPage":{"@id":"https:\/\/www.modave.be\/index.php\/services_communaux\/espace-temps-libre-des-10-ans-les-mercredis-apres-midi\/#primaryimage"},"image":{"@id":"https:\/\/www.modave.be\/index.php\/services_communaux\/espace-temps-libre-des-10-ans-les-mercredis-apres-midi\/#primaryimage"},"thumbnailUrl":"https:\/\/www.modave.be\/wp-content\/uploads\/2024\/10\/2-1-e1728024488988.jpg","datePublished":"2024-10-04T07:03:44+00:00","dateModified":"2024-10-08T07:25:36+00:00","breadcrumb":{"@id":"https:\/\/www.modave.be\/index.php\/services_communaux\/espace-temps-libre-des-10-ans-les-mercredis-apres-midi\/#breadcrumb"},"inLanguage":"fr-FR","potentialAction":[{"@type":"ReadAction","target":["https:\/\/www.modave.be\/index.php\/services_communaux\/espace-temps-libre-des-10-ans-les-mercredis-apres-midi\/"]}]},{"@type":"ImageObject","inLanguage":"fr-FR","@id":"https:\/\/www.modave.be\/index.php\/services_communaux\/espace-temps-libre-des-10-ans-les-mercredis-apres-midi\/#primaryimage","url":"https:\/\/www.modave.be\/wp-content\/uploads\/2024\/10\/2-1-e1728024488988.jpg","contentUrl":"https:\/\/www.modave.be\/wp-content\/uploads\/2024\/10\/2-1-e1728024488988.jpg","width":1080,"height":540},{"@type":"BreadcrumbList","@id":"https:\/\/www.modave.be\/index.php\/services_communaux\/espace-temps-libre-des-10-ans-les-mercredis-apres-midi\/#breadcrumb","itemListElement":[{"@type":"ListItem","position":1,"name":"Accueil","item":"https:\/\/www.modave.be\/"},{"@type":"ListItem","position":2,"name":"Espace Temps Libre | Les mercredis apr\u00e8s-midi"}]},{"@type":"WebSite","@id":"https:\/\/www.modave.be\/#website","url":"https:\/\/www.modave.be\/","name":"Commune de Modave","description":"Commune de Modave","publisher":{"@id":"https:\/\/www.modave.be\/#organization"},"potentialAction":[{"@type":"SearchAction","target":{"@type":"EntryPoint","urlTemplate":"https:\/\/www.modave.be\/?s={search_term_string}"},"query-input":{"@type":"PropertyValueSpecification","valueRequired":true,"valueName":"search_term_string"}}],"inLanguage":"fr-FR"},{"@type":"Organization","@id":"https:\/\/www.modave.be\/#organization","name":"Commune de Modave","url":"https:\/\/www.modave.be\/","logo":{"@type":"ImageObject","inLanguage":"fr-FR","@id":"https:\/\/www.modave.be\/#\/schema\/logo\/image\/","url":"https:\/\/www.modave.be\/wp-content\/uploads\/2021\/12\/MODAVE_LOGO_HORIZONTAL_QUADRI_RVB.png","contentUrl":"https:\/\/www.modave.be\/wp-content\/uploads\/2021\/12\/MODAVE_LOGO_HORIZONTAL_QUADRI_RVB.png","width":1200,"height":501,"caption":"Commune de Modave"},"image":{"@id":"https:\/\/www.modave.be\/#\/schema\/logo\/image\/"}}]}},"_links":{"self":[{"href":"https:\/\/www.modave.be\/index.php\/wp-json\/wp\/v2\/services_communaux\/13501","targetHints":{"allow":["GET"]}}],"collection":[{"href":"https:\/\/www.modave.be\/index.php\/wp-json\/wp\/v2\/services_communaux"}],"about":[{"href":"https:\/\/www.modave.be\/index.php\/wp-json\/wp\/v2\/types\/services_communaux"}],"author":[{"embeddable":true,"href":"https:\/\/www.modave.be\/index.php\/wp-json\/wp\/v2\/users\/9"}],"wp:featuredmedia":[{"embeddable":true,"href":"https:\/\/www.modave.be\/index.php\/wp-json\/wp\/v2\/media\/13504"}],"wp:attachment":[{"href":"https:\/\/www.modave.be\/index.php\/wp-json\/wp\/v2\/media?parent=13501"}],"wp:term":[{"taxonomy":"category","embeddable":true,"href":"https:\/\/www.modave.be\/index.php\/wp-json\/wp\/v2\/categories?post=13501"}],"curies":[{"name":"wp","href":"https:\/\/api.w.org\/{rel}","templated":true}]}}