{"id":14906,"date":"2025-01-31T14:39:43","date_gmt":"2025-01-31T13:39:43","guid":{"rendered":"https:\/\/www.modave.be\/?post_type=services_communaux&#038;p=14906"},"modified":"2025-01-31T14:39:44","modified_gmt":"2025-01-31T13:39:44","slug":"gal-plantez-local-a-moindre-cout","status":"publish","type":"services_communaux","link":"https:\/\/www.modave.be\/index.php\/services_communaux\/gal-plantez-local-a-moindre-cout\/","title":{"rendered":"GAL | Plantez local \u00e0 moindre co\u00fbt !"},"content":{"rendered":"\n<h2 class=\"wp-block-heading\">Le GAL Condruses vous propose un achat group\u00e9 de plantes indig\u00e8nes vivaces et bisannuelles, adapt\u00e9es \u00e0 notre r\u00e9gion et favorables \u00e0 la biodiversit\u00e9.<\/h2>\n\n\n\n<p>Trois bo\u00eetes th\u00e9matiques au choix :<\/p>\n\n\n\n<ul class=\"wp-block-list\">\n<li><strong>M\u00e9dicinale<\/strong> (millepertuis, reine des pr\u00e9s, verveine\u2026)<\/li>\n\n\n\n<li><strong>Comestible<\/strong> (pens\u00e9e sauvage, origan, marguerite\u2026)<\/li>\n\n\n\n<li><strong>Pollinisateurs<\/strong> (saponaire, ancolie, scabieuse\u2026)<\/li>\n<\/ul>\n\n\n\n<p>Tarifs :<\/p>\n\n\n\n<ul class=\"wp-block-list\">\n<li>15\u20ac \u2192 5 plantes (3 vivaces + 2 bisannuelles)<\/li>\n\n\n\n<li>25\u20ac \u2192 9 plantes (7 vivaces + 2 bisannuelles)<\/li>\n<\/ul>\n\n\n\n<p>Pr\u00e9commandes : <strong>de fin f\u00e9vrier \u00e0 fin avril 2025<\/strong><br>Retrait des commandes : 21 mai 2025 au Jardin des Aub\u00e9pines (Str\u00e9e, Modave)<br>Une apr\u00e8s-midi festive \u00ab\u00a0F\u00eater la biodiversit\u00e9\u00a0\u00bb vous y attend !<\/p>\n\n\n\n<p>Plantes cultiv\u00e9es localement chez Apiflora !<\/p>\n\n\n\n<p>Inscrivez-vous d\u00e8s maintenant pour \u00eatre inform\u00e9 d\u00e8s l\u2019ouverture des commandes !<br>\ud83d\udc49 Int\u00e9ress\u00e9(e) ? <a href=\"https:\/\/www.galcondruses.be\/2-9-2-la-boite-a-planter-fleurs?fbclid=IwZXh0bgNhZW0CMTAAAR0EM4YFzB_YZDQBQmx6L7uIoYUhgpMruPSy3_RV8WigFSWn47Ct9R3Rghs_aem_vNovWUT98c6RekxgU3pArQ\" target=\"_blank\" rel=\"noreferrer noopener\">https:\/\/www.galcondruses.be\/2-9-2-la-boite-a-planter-fleurs<\/a><\/p>\n\n\n\n<figure class=\"wp-block-video\"><video height=\"1080\" style=\"aspect-ratio: 1080 \/ 1080;\" width=\"1080\" autoplay controls muted src=\"https:\/\/www.modave.be\/wp-content\/uploads\/2025\/01\/Copie-de-Copie-de-Copie-de-Copie-de-communedemodave.mp4\"><\/video><\/figure>\n","protected":false},"excerpt":{"rendered":"<p>Le GAL Condruses vous propose un achat group\u00e9 de plantes indig\u00e8nes vivaces et bisannuelles, adapt\u00e9es \u00e0 notre r\u00e9gion et favorables \u00e0 la biodiversit\u00e9. Trois bo\u00eetes th\u00e9matiques au choix : Tarifs : Pr\u00e9commandes : de fin f\u00e9vrier \u00e0 fin avril 2025Retrait des commandes : 21 mai 2025 au Jardin des Aub\u00e9pines (Str\u00e9e, Modave)Une apr\u00e8s-midi festive \u00ab\u00a0F\u00eater&hellip;<\/p>\n","protected":false},"author":9,"featured_media":14907,"menu_order":0,"template":"","categories":[199,217],"class_list":["post-14906","services_communaux","type-services_communaux","status-publish","has-post-thumbnail","hentry","category-environnement","category-gal","description-off"],"yoast_head":"<!-- This site is optimized with the Yoast SEO plugin v27.5 - https:\/\/yoast.com\/product\/yoast-seo-wordpress\/ -->\n<title>GAL | Plantez local \u00e0 moindre co\u00fbt ! - Commune de Modave<\/title>\n<meta name=\"robots\" content=\"index, follow, max-snippet:-1, max-image-preview:large, max-video-preview:-1\" \/>\n<link rel=\"canonical\" href=\"https:\/\/www.modave.be\/index.php\/services_communaux\/gal-plantez-local-a-moindre-cout\/\" \/>\n<meta property=\"og:locale\" content=\"fr_FR\" \/>\n<meta property=\"og:type\" content=\"article\" \/>\n<meta property=\"og:title\" content=\"GAL | Plantez local \u00e0 moindre co\u00fbt ! - Commune de Modave\" \/>\n<meta property=\"og:description\" content=\"Le GAL Condruses vous propose un achat group\u00e9 de plantes indig\u00e8nes vivaces et bisannuelles, adapt\u00e9es \u00e0 notre r\u00e9gion et favorables \u00e0 la biodiversit\u00e9. Trois bo\u00eetes th\u00e9matiques au choix : Tarifs : Pr\u00e9commandes : de fin f\u00e9vrier \u00e0 fin avril 2025Retrait des commandes : 21 mai 2025 au Jardin des Aub\u00e9pines (Str\u00e9e, Modave)Une apr\u00e8s-midi festive \u00ab\u00a0F\u00eater&hellip;\" \/>\n<meta property=\"og:url\" content=\"https:\/\/www.modave.be\/index.php\/services_communaux\/gal-plantez-local-a-moindre-cout\/\" \/>\n<meta property=\"og:site_name\" content=\"Commune de Modave\" \/>\n<meta property=\"article:modified_time\" content=\"2025-01-31T13:39:44+00:00\" \/>\n<meta property=\"og:image\" content=\"https:\/\/www.modave.be\/wp-content\/uploads\/2025\/01\/Copie-de-Copie-de-Copie-de-Copie-de-communedemodave-e1738330549229.jpg\" \/>\n\t<meta property=\"og:image:width\" content=\"1080\" \/>\n\t<meta property=\"og:image:height\" content=\"540\" \/>\n\t<meta property=\"og:image:type\" content=\"image\/jpeg\" \/>\n<meta name=\"twitter:card\" content=\"summary_large_image\" \/>\n<meta name=\"twitter:label1\" content=\"Dur\u00e9e de lecture estim\u00e9e\" \/>\n\t<meta name=\"twitter:data1\" content=\"1 minute\" \/>\n<script type=\"application\/ld+json\" class=\"yoast-schema-graph\">{\"@context\":\"https:\\\/\\\/schema.org\",\"@graph\":[{\"@type\":\"WebPage\",\"@id\":\"https:\\\/\\\/www.modave.be\\\/index.php\\\/services_communaux\\\/gal-plantez-local-a-moindre-cout\\\/\",\"url\":\"https:\\\/\\\/www.modave.be\\\/index.php\\\/services_communaux\\\/gal-plantez-local-a-moindre-cout\\\/\",\"name\":\"GAL | Plantez local \u00e0 moindre co\u00fbt ! - Commune de Modave\",\"isPartOf\":{\"@id\":\"https:\\\/\\\/www.modave.be\\\/#website\"},\"primaryImageOfPage\":{\"@id\":\"https:\\\/\\\/www.modave.be\\\/index.php\\\/services_communaux\\\/gal-plantez-local-a-moindre-cout\\\/#primaryimage\"},\"image\":{\"@id\":\"https:\\\/\\\/www.modave.be\\\/index.php\\\/services_communaux\\\/gal-plantez-local-a-moindre-cout\\\/#primaryimage\"},\"thumbnailUrl\":\"https:\\\/\\\/www.modave.be\\\/wp-content\\\/uploads\\\/2025\\\/01\\\/Copie-de-Copie-de-Copie-de-Copie-de-communedemodave-e1738330549229.jpg\",\"datePublished\":\"2025-01-31T13:39:43+00:00\",\"dateModified\":\"2025-01-31T13:39:44+00:00\",\"breadcrumb\":{\"@id\":\"https:\\\/\\\/www.modave.be\\\/index.php\\\/services_communaux\\\/gal-plantez-local-a-moindre-cout\\\/#breadcrumb\"},\"inLanguage\":\"fr-FR\",\"potentialAction\":[{\"@type\":\"ReadAction\",\"target\":[\"https:\\\/\\\/www.modave.be\\\/index.php\\\/services_communaux\\\/gal-plantez-local-a-moindre-cout\\\/\"]}]},{\"@type\":\"ImageObject\",\"inLanguage\":\"fr-FR\",\"@id\":\"https:\\\/\\\/www.modave.be\\\/index.php\\\/services_communaux\\\/gal-plantez-local-a-moindre-cout\\\/#primaryimage\",\"url\":\"https:\\\/\\\/www.modave.be\\\/wp-content\\\/uploads\\\/2025\\\/01\\\/Copie-de-Copie-de-Copie-de-Copie-de-communedemodave-e1738330549229.jpg\",\"contentUrl\":\"https:\\\/\\\/www.modave.be\\\/wp-content\\\/uploads\\\/2025\\\/01\\\/Copie-de-Copie-de-Copie-de-Copie-de-communedemodave-e1738330549229.jpg\",\"width\":1080,\"height\":540},{\"@type\":\"BreadcrumbList\",\"@id\":\"https:\\\/\\\/www.modave.be\\\/index.php\\\/services_communaux\\\/gal-plantez-local-a-moindre-cout\\\/#breadcrumb\",\"itemListElement\":[{\"@type\":\"ListItem\",\"position\":1,\"name\":\"Accueil\",\"item\":\"https:\\\/\\\/www.modave.be\\\/\"},{\"@type\":\"ListItem\",\"position\":2,\"name\":\"GAL | Plantez local \u00e0 moindre co\u00fbt !\"}]},{\"@type\":\"WebSite\",\"@id\":\"https:\\\/\\\/www.modave.be\\\/#website\",\"url\":\"https:\\\/\\\/www.modave.be\\\/\",\"name\":\"Commune de Modave\",\"description\":\"Commune de Modave\",\"publisher\":{\"@id\":\"https:\\\/\\\/www.modave.be\\\/#organization\"},\"potentialAction\":[{\"@type\":\"SearchAction\",\"target\":{\"@type\":\"EntryPoint\",\"urlTemplate\":\"https:\\\/\\\/www.modave.be\\\/?s={search_term_string}\"},\"query-input\":{\"@type\":\"PropertyValueSpecification\",\"valueRequired\":true,\"valueName\":\"search_term_string\"}}],\"inLanguage\":\"fr-FR\"},{\"@type\":\"Organization\",\"@id\":\"https:\\\/\\\/www.modave.be\\\/#organization\",\"name\":\"Commune de Modave\",\"url\":\"https:\\\/\\\/www.modave.be\\\/\",\"logo\":{\"@type\":\"ImageObject\",\"inLanguage\":\"fr-FR\",\"@id\":\"https:\\\/\\\/www.modave.be\\\/#\\\/schema\\\/logo\\\/image\\\/\",\"url\":\"https:\\\/\\\/www.modave.be\\\/wp-content\\\/uploads\\\/2021\\\/12\\\/MODAVE_LOGO_HORIZONTAL_QUADRI_RVB.png\",\"contentUrl\":\"https:\\\/\\\/www.modave.be\\\/wp-content\\\/uploads\\\/2021\\\/12\\\/MODAVE_LOGO_HORIZONTAL_QUADRI_RVB.png\",\"width\":1200,\"height\":501,\"caption\":\"Commune de Modave\"},\"image\":{\"@id\":\"https:\\\/\\\/www.modave.be\\\/#\\\/schema\\\/logo\\\/image\\\/\"}}]}<\/script>\n<!-- \/ Yoast SEO plugin. -->","yoast_head_json":{"title":"GAL | Plantez local \u00e0 moindre co\u00fbt ! - Commune de Modave","robots":{"index":"index","follow":"follow","max-snippet":"max-snippet:-1","max-image-preview":"max-image-preview:large","max-video-preview":"max-video-preview:-1"},"canonical":"https:\/\/www.modave.be\/index.php\/services_communaux\/gal-plantez-local-a-moindre-cout\/","og_locale":"fr_FR","og_type":"article","og_title":"GAL | Plantez local \u00e0 moindre co\u00fbt ! - Commune de Modave","og_description":"Le GAL Condruses vous propose un achat group\u00e9 de plantes indig\u00e8nes vivaces et bisannuelles, adapt\u00e9es \u00e0 notre r\u00e9gion et favorables \u00e0 la biodiversit\u00e9. Trois bo\u00eetes th\u00e9matiques au choix : Tarifs : Pr\u00e9commandes : de fin f\u00e9vrier \u00e0 fin avril 2025Retrait des commandes : 21 mai 2025 au Jardin des Aub\u00e9pines (Str\u00e9e, Modave)Une apr\u00e8s-midi festive \u00ab\u00a0F\u00eater&hellip;","og_url":"https:\/\/www.modave.be\/index.php\/services_communaux\/gal-plantez-local-a-moindre-cout\/","og_site_name":"Commune de Modave","article_modified_time":"2025-01-31T13:39:44+00:00","og_image":[{"width":1080,"height":540,"url":"https:\/\/www.modave.be\/wp-content\/uploads\/2025\/01\/Copie-de-Copie-de-Copie-de-Copie-de-communedemodave-e1738330549229.jpg","type":"image\/jpeg"}],"twitter_card":"summary_large_image","twitter_misc":{"Dur\u00e9e de lecture estim\u00e9e":"1 minute"},"schema":{"@context":"https:\/\/schema.org","@graph":[{"@type":"WebPage","@id":"https:\/\/www.modave.be\/index.php\/services_communaux\/gal-plantez-local-a-moindre-cout\/","url":"https:\/\/www.modave.be\/index.php\/services_communaux\/gal-plantez-local-a-moindre-cout\/","name":"GAL | Plantez local \u00e0 moindre co\u00fbt ! - Commune de Modave","isPartOf":{"@id":"https:\/\/www.modave.be\/#website"},"primaryImageOfPage":{"@id":"https:\/\/www.modave.be\/index.php\/services_communaux\/gal-plantez-local-a-moindre-cout\/#primaryimage"},"image":{"@id":"https:\/\/www.modave.be\/index.php\/services_communaux\/gal-plantez-local-a-moindre-cout\/#primaryimage"},"thumbnailUrl":"https:\/\/www.modave.be\/wp-content\/uploads\/2025\/01\/Copie-de-Copie-de-Copie-de-Copie-de-communedemodave-e1738330549229.jpg","datePublished":"2025-01-31T13:39:43+00:00","dateModified":"2025-01-31T13:39:44+00:00","breadcrumb":{"@id":"https:\/\/www.modave.be\/index.php\/services_communaux\/gal-plantez-local-a-moindre-cout\/#breadcrumb"},"inLanguage":"fr-FR","potentialAction":[{"@type":"ReadAction","target":["https:\/\/www.modave.be\/index.php\/services_communaux\/gal-plantez-local-a-moindre-cout\/"]}]},{"@type":"ImageObject","inLanguage":"fr-FR","@id":"https:\/\/www.modave.be\/index.php\/services_communaux\/gal-plantez-local-a-moindre-cout\/#primaryimage","url":"https:\/\/www.modave.be\/wp-content\/uploads\/2025\/01\/Copie-de-Copie-de-Copie-de-Copie-de-communedemodave-e1738330549229.jpg","contentUrl":"https:\/\/www.modave.be\/wp-content\/uploads\/2025\/01\/Copie-de-Copie-de-Copie-de-Copie-de-communedemodave-e1738330549229.jpg","width":1080,"height":540},{"@type":"BreadcrumbList","@id":"https:\/\/www.modave.be\/index.php\/services_communaux\/gal-plantez-local-a-moindre-cout\/#breadcrumb","itemListElement":[{"@type":"ListItem","position":1,"name":"Accueil","item":"https:\/\/www.modave.be\/"},{"@type":"ListItem","position":2,"name":"GAL | Plantez local \u00e0 moindre co\u00fbt !"}]},{"@type":"WebSite","@id":"https:\/\/www.modave.be\/#website","url":"https:\/\/www.modave.be\/","name":"Commune de Modave","description":"Commune de Modave","publisher":{"@id":"https:\/\/www.modave.be\/#organization"},"potentialAction":[{"@type":"SearchAction","target":{"@type":"EntryPoint","urlTemplate":"https:\/\/www.modave.be\/?s={search_term_string}"},"query-input":{"@type":"PropertyValueSpecification","valueRequired":true,"valueName":"search_term_string"}}],"inLanguage":"fr-FR"},{"@type":"Organization","@id":"https:\/\/www.modave.be\/#organization","name":"Commune de Modave","url":"https:\/\/www.modave.be\/","logo":{"@type":"ImageObject","inLanguage":"fr-FR","@id":"https:\/\/www.modave.be\/#\/schema\/logo\/image\/","url":"https:\/\/www.modave.be\/wp-content\/uploads\/2021\/12\/MODAVE_LOGO_HORIZONTAL_QUADRI_RVB.png","contentUrl":"https:\/\/www.modave.be\/wp-content\/uploads\/2021\/12\/MODAVE_LOGO_HORIZONTAL_QUADRI_RVB.png","width":1200,"height":501,"caption":"Commune de Modave"},"image":{"@id":"https:\/\/www.modave.be\/#\/schema\/logo\/image\/"}}]}},"_links":{"self":[{"href":"https:\/\/www.modave.be\/index.php\/wp-json\/wp\/v2\/services_communaux\/14906","targetHints":{"allow":["GET"]}}],"collection":[{"href":"https:\/\/www.modave.be\/index.php\/wp-json\/wp\/v2\/services_communaux"}],"about":[{"href":"https:\/\/www.modave.be\/index.php\/wp-json\/wp\/v2\/types\/services_communaux"}],"author":[{"embeddable":true,"href":"https:\/\/www.modave.be\/index.php\/wp-json\/wp\/v2\/users\/9"}],"wp:featuredmedia":[{"embeddable":true,"href":"https:\/\/www.modave.be\/index.php\/wp-json\/wp\/v2\/media\/14907"}],"wp:attachment":[{"href":"https:\/\/www.modave.be\/index.php\/wp-json\/wp\/v2\/media?parent=14906"}],"wp:term":[{"taxonomy":"category","embeddable":true,"href":"https:\/\/www.modave.be\/index.php\/wp-json\/wp\/v2\/categories?post=14906"}],"curies":[{"name":"wp","href":"https:\/\/api.w.org\/{rel}","templated":true}]}}