{"id":14957,"date":"2025-02-11T10:54:53","date_gmt":"2025-02-11T09:54:53","guid":{"rendered":"https:\/\/www.modave.be\/?post_type=services_communaux&#038;p=14957"},"modified":"2025-02-11T10:54:53","modified_gmt":"2025-02-11T09:54:53","slug":"appel-a-interet-un-projet-agricole-au-chateau-de-modave","status":"publish","type":"services_communaux","link":"https:\/\/www.modave.be\/index.php\/services_communaux\/appel-a-interet-un-projet-agricole-au-chateau-de-modave\/","title":{"rendered":"Appel \u00e0 int\u00e9r\u00eat | Un projet agricole au Ch\u00e2teau de Modave"},"content":{"rendered":"\n<h2 class=\"wp-block-heading\">\ud835\udde8\ud835\uddfb \ud835\uddfd\ud835\uddff\ud835\uddfc\ud835\uddf7\ud835\uddf2\ud835\ude01 \ud835\uddee\ud835\uddf4\ud835\uddff\ud835\uddf6\ud835\uddf0\ud835\uddfc\ud835\uddf9\ud835\uddf2 \ud835\uddee\ud835\ude02 \ud835\uddf0\ud835\uddfc\ud835\uddf2\ud835\ude02\ud835\uddff \ud835\uddf1\ud835\ude02 \ud835\uddd7\ud835\uddfc\ud835\uddfa\ud835\uddee\ud835\uddf6\ud835\uddfb\ud835\uddf2 \ud835\uddf1\ud835\ude02 \ud835\uddd6\ud835\uddf5\ud835\uddee\u0302\ud835\ude01\ud835\uddf2\ud835\uddee\ud835\ude02 \ud835\uddf1\ud835\uddf2 \ud835\udde0\ud835\uddfc\ud835\uddf1\ud835\uddee\ud835\ude03\ud835\uddf2 !<\/h2>\n\n\n\n<p>Vous connaissez des professionnel.le.s de l\u2019agriculture ou de la gestion de terres qui pourraient \u00eatre int\u00e9ress\u00e9.e.s ? Partagez cette opportunit\u00e9 avec eux !<\/p>\n\n\n\n<p>Terre-en-vue et VIVAQUA lancent un appel \u00e0 manifestation d\u2019int\u00e9r\u00eat pour d\u00e9finir ensemble l\u2019avenir du potager class\u00e9 et du verger du Domaine du Ch\u00e2teau de Modave !<\/p>\n\n\n\n<p>\ud835\uddd4\ud835\ude02 \ud835\uddfd\ud835\uddff\ud835\uddfc\ud835\uddf4\ud835\uddff\ud835\uddee\ud835\uddfa\ud835\uddfa\ud835\uddf2 :<br>Visites des parcelles &amp; ateliers de co-construction<br>Les 18 et 27 mars (16h30 &#8211; 20h30)<\/p>\n\n\n\n<p>\ud835\udddc\ud835\uddfb\ud835\ude00\ud835\uddf0\ud835\uddff\ud835\uddf6\ud835\uddfd\ud835\ude01\ud835\uddf6\ud835\uddfc\ud835\uddfb\ud835\ude00 \ud835\uddfc\ud835\ude02\ud835\ude03\ud835\uddf2\ud835\uddff\ud835\ude01\ud835\uddf2\ud835\ude00 \ud835\uddf7\ud835\ude02\ud835\ude00\ud835\uddfe\ud835\ude02\u2019\ud835\uddee\ud835\ude02 \ud835\udfee\ud835\udff4 \ud835\uddf3\ud835\uddf2\u0301\ud835\ude03\ud835\uddff\ud835\uddf6\ud835\uddf2\ud835\uddff \ud83d\udc49 <a href=\"https:\/\/framaforms.org\/modave-appel-a-interet-potager-et-verger-au-chateau-de-modave-1736854431?fbclid=IwY2xjawIX_HNleHRuA2FlbQIxMAABHWFS0_6RaPTRWVZxcjjYhsfNiLE975B7dhmj887j-_MGOvhGitujF_hHlQ_aem_XD6PxC0vgZ6T6F1YZMadWA\">https:\/\/framaforms.org\/modave-appel-a-interet-potager-et-verger-au-chateau-de-modave-1736854431?fbclid=IwY2xjawIX_HNleHRuA2FlbQIxMAABHWFS0_6RaPTRWVZxcjjYhsfNiLE975B7dhmj887j-_MGOvhGitujF_hHlQ_aem_XD6PxC0vgZ6T6F1YZMadWA<\/a><\/p>\n\n\n\n<p>\ud835\udde3\ud835\uddf9\ud835\ude02\ud835\ude00 \ud835\uddf1\u2019\ud835\uddf6\ud835\uddfb\ud835\uddf3\ud835\uddfc\ud835\ude00 \ud835\ude00\ud835\ude02\ud835\uddff \ud835\uddf9\ud835\uddf2 \ud835\uddfd\ud835\uddff\ud835\uddfc\ud835\uddf7\ud835\uddf2\ud835\ude01 : <a href=\"https:\/\/terre-en-vue.be\/IMG\/pdf\/tev_2025_appel_a_interet_modave_vf.pdf?fbclid=IwY2xjawIX_HJleHRuA2FlbQIxMAABHfir2gwYvjJzzp-7wQJwiUCtXAL53vj_3knJNqacMQukkDu5NWnSgtsXgw_aem_ZjeXsDSZTEnMhoS4FlXDUg\">https:\/\/terre-en-vue.be\/IMG\/pdf\/tev_2025_appel_a_interet_modave_vf.pdf?fbclid=IwY2xjawIX_HJleHRuA2FlbQIxMAABHfir2gwYvjJzzp-7wQJwiUCtXAL53vj_3knJNqacMQukkDu5NWnSgtsXgw_aem_ZjeXsDSZTEnMhoS4FlXDUg<\/a><\/p>\n\n\n\n<p>Faites passer le mot ! Ce projet est une belle occasion de participer \u00e0 un d\u00e9veloppement agricole durable et collectif. <\/p>\n\n\n\n<div style=\"height:36px\" aria-hidden=\"true\" class=\"wp-block-spacer\"><\/div>\n\n\n\n<figure class=\"wp-block-image size-full\"><img fetchpriority=\"high\" decoding=\"async\" width=\"1014\" height=\"837\" src=\"https:\/\/www.modave.be\/wp-content\/uploads\/2025\/02\/Terre-en-vue.jpg\" alt=\"\" class=\"wp-image-14958\" srcset=\"https:\/\/www.modave.be\/wp-content\/uploads\/2025\/02\/Terre-en-vue.jpg 1014w, https:\/\/www.modave.be\/wp-content\/uploads\/2025\/02\/Terre-en-vue-300x248.jpg 300w, https:\/\/www.modave.be\/wp-content\/uploads\/2025\/02\/Terre-en-vue-768x634.jpg 768w\" sizes=\"(max-width: 1014px) 100vw, 1014px\" \/><\/figure>\n","protected":false},"excerpt":{"rendered":"<p>\ud835\udde8\ud835\uddfb \ud835\uddfd\ud835\uddff\ud835\uddfc\ud835\uddf7\ud835\uddf2\ud835\ude01 \ud835\uddee\ud835\uddf4\ud835\uddff\ud835\uddf6\ud835\uddf0\ud835\uddfc\ud835\uddf9\ud835\uddf2 \ud835\uddee\ud835\ude02 \ud835\uddf0\ud835\uddfc\ud835\uddf2\ud835\ude02\ud835\uddff \ud835\uddf1\ud835\ude02 \ud835\uddd7\ud835\uddfc\ud835\uddfa\ud835\uddee\ud835\uddf6\ud835\uddfb\ud835\uddf2 \ud835\uddf1\ud835\ude02 \ud835\uddd6\ud835\uddf5\ud835\uddee\u0302\ud835\ude01\ud835\uddf2\ud835\uddee\ud835\ude02 \ud835\uddf1\ud835\uddf2 \ud835\udde0\ud835\uddfc\ud835\uddf1\ud835\uddee\ud835\ude03\ud835\uddf2 ! Vous connaissez des professionnel.le.s de l\u2019agriculture ou de la gestion de terres qui pourraient \u00eatre int\u00e9ress\u00e9.e.s ? Partagez cette opportunit\u00e9 avec eux ! Terre-en-vue et VIVAQUA lancent un appel \u00e0 manifestation d\u2019int\u00e9r\u00eat pour d\u00e9finir ensemble l\u2019avenir du potager class\u00e9 et du verger du&hellip;<\/p>\n","protected":false},"author":9,"featured_media":14959,"menu_order":0,"template":"","categories":[1],"class_list":["post-14957","services_communaux","type-services_communaux","status-publish","has-post-thumbnail","hentry","category-non-classe","description-off"],"yoast_head":"<!-- This site is optimized with the Yoast SEO plugin v27.4 - https:\/\/yoast.com\/product\/yoast-seo-wordpress\/ -->\n<title>Appel \u00e0 int\u00e9r\u00eat | Un projet agricole au Ch\u00e2teau de Modave - Commune de Modave<\/title>\n<meta name=\"robots\" content=\"index, follow, max-snippet:-1, max-image-preview:large, max-video-preview:-1\" \/>\n<link rel=\"canonical\" href=\"https:\/\/www.modave.be\/index.php\/services_communaux\/appel-a-interet-un-projet-agricole-au-chateau-de-modave\/\" \/>\n<meta property=\"og:locale\" content=\"fr_FR\" \/>\n<meta property=\"og:type\" content=\"article\" \/>\n<meta property=\"og:title\" content=\"Appel \u00e0 int\u00e9r\u00eat | Un projet agricole au Ch\u00e2teau de Modave - Commune de Modave\" \/>\n<meta property=\"og:description\" content=\"\ud835\udde8\ud835\uddfb \ud835\uddfd\ud835\uddff\ud835\uddfc\ud835\uddf7\ud835\uddf2\ud835\ude01 \ud835\uddee\ud835\uddf4\ud835\uddff\ud835\uddf6\ud835\uddf0\ud835\uddfc\ud835\uddf9\ud835\uddf2 \ud835\uddee\ud835\ude02 \ud835\uddf0\ud835\uddfc\ud835\uddf2\ud835\ude02\ud835\uddff \ud835\uddf1\ud835\ude02 \ud835\uddd7\ud835\uddfc\ud835\uddfa\ud835\uddee\ud835\uddf6\ud835\uddfb\ud835\uddf2 \ud835\uddf1\ud835\ude02 \ud835\uddd6\ud835\uddf5\ud835\uddee\u0302\ud835\ude01\ud835\uddf2\ud835\uddee\ud835\ude02 \ud835\uddf1\ud835\uddf2 \ud835\udde0\ud835\uddfc\ud835\uddf1\ud835\uddee\ud835\ude03\ud835\uddf2 ! Vous connaissez des professionnel.le.s de l\u2019agriculture ou de la gestion de terres qui pourraient \u00eatre int\u00e9ress\u00e9.e.s ? Partagez cette opportunit\u00e9 avec eux ! Terre-en-vue et VIVAQUA lancent un appel \u00e0 manifestation d\u2019int\u00e9r\u00eat pour d\u00e9finir ensemble l\u2019avenir du potager class\u00e9 et du verger du&hellip;\" \/>\n<meta property=\"og:url\" content=\"https:\/\/www.modave.be\/index.php\/services_communaux\/appel-a-interet-un-projet-agricole-au-chateau-de-modave\/\" \/>\n<meta property=\"og:site_name\" content=\"Commune de Modave\" \/>\n<meta property=\"og:image\" content=\"https:\/\/www.modave.be\/wp-content\/uploads\/2025\/02\/Terre-en-vue-1-e1739267672892.jpg\" \/>\n\t<meta property=\"og:image:width\" content=\"1014\" \/>\n\t<meta property=\"og:image:height\" content=\"507\" \/>\n\t<meta property=\"og:image:type\" content=\"image\/jpeg\" \/>\n<meta name=\"twitter:card\" content=\"summary_large_image\" \/>\n<meta name=\"twitter:label1\" content=\"Dur\u00e9e de lecture estim\u00e9e\" \/>\n\t<meta name=\"twitter:data1\" content=\"1 minute\" \/>\n<script type=\"application\/ld+json\" class=\"yoast-schema-graph\">{\"@context\":\"https:\\\/\\\/schema.org\",\"@graph\":[{\"@type\":\"WebPage\",\"@id\":\"https:\\\/\\\/www.modave.be\\\/index.php\\\/services_communaux\\\/appel-a-interet-un-projet-agricole-au-chateau-de-modave\\\/\",\"url\":\"https:\\\/\\\/www.modave.be\\\/index.php\\\/services_communaux\\\/appel-a-interet-un-projet-agricole-au-chateau-de-modave\\\/\",\"name\":\"Appel \u00e0 int\u00e9r\u00eat | Un projet agricole au Ch\u00e2teau de Modave - Commune de Modave\",\"isPartOf\":{\"@id\":\"https:\\\/\\\/www.modave.be\\\/#website\"},\"primaryImageOfPage\":{\"@id\":\"https:\\\/\\\/www.modave.be\\\/index.php\\\/services_communaux\\\/appel-a-interet-un-projet-agricole-au-chateau-de-modave\\\/#primaryimage\"},\"image\":{\"@id\":\"https:\\\/\\\/www.modave.be\\\/index.php\\\/services_communaux\\\/appel-a-interet-un-projet-agricole-au-chateau-de-modave\\\/#primaryimage\"},\"thumbnailUrl\":\"https:\\\/\\\/www.modave.be\\\/wp-content\\\/uploads\\\/2025\\\/02\\\/Terre-en-vue-1-e1739267672892.jpg\",\"datePublished\":\"2025-02-11T09:54:53+00:00\",\"breadcrumb\":{\"@id\":\"https:\\\/\\\/www.modave.be\\\/index.php\\\/services_communaux\\\/appel-a-interet-un-projet-agricole-au-chateau-de-modave\\\/#breadcrumb\"},\"inLanguage\":\"fr-FR\",\"potentialAction\":[{\"@type\":\"ReadAction\",\"target\":[\"https:\\\/\\\/www.modave.be\\\/index.php\\\/services_communaux\\\/appel-a-interet-un-projet-agricole-au-chateau-de-modave\\\/\"]}]},{\"@type\":\"ImageObject\",\"inLanguage\":\"fr-FR\",\"@id\":\"https:\\\/\\\/www.modave.be\\\/index.php\\\/services_communaux\\\/appel-a-interet-un-projet-agricole-au-chateau-de-modave\\\/#primaryimage\",\"url\":\"https:\\\/\\\/www.modave.be\\\/wp-content\\\/uploads\\\/2025\\\/02\\\/Terre-en-vue-1-e1739267672892.jpg\",\"contentUrl\":\"https:\\\/\\\/www.modave.be\\\/wp-content\\\/uploads\\\/2025\\\/02\\\/Terre-en-vue-1-e1739267672892.jpg\",\"width\":1014,\"height\":507},{\"@type\":\"BreadcrumbList\",\"@id\":\"https:\\\/\\\/www.modave.be\\\/index.php\\\/services_communaux\\\/appel-a-interet-un-projet-agricole-au-chateau-de-modave\\\/#breadcrumb\",\"itemListElement\":[{\"@type\":\"ListItem\",\"position\":1,\"name\":\"Accueil\",\"item\":\"https:\\\/\\\/www.modave.be\\\/\"},{\"@type\":\"ListItem\",\"position\":2,\"name\":\"Appel \u00e0 int\u00e9r\u00eat | Un projet agricole au Ch\u00e2teau de Modave\"}]},{\"@type\":\"WebSite\",\"@id\":\"https:\\\/\\\/www.modave.be\\\/#website\",\"url\":\"https:\\\/\\\/www.modave.be\\\/\",\"name\":\"Commune de Modave\",\"description\":\"Commune de Modave\",\"publisher\":{\"@id\":\"https:\\\/\\\/www.modave.be\\\/#organization\"},\"potentialAction\":[{\"@type\":\"SearchAction\",\"target\":{\"@type\":\"EntryPoint\",\"urlTemplate\":\"https:\\\/\\\/www.modave.be\\\/?s={search_term_string}\"},\"query-input\":{\"@type\":\"PropertyValueSpecification\",\"valueRequired\":true,\"valueName\":\"search_term_string\"}}],\"inLanguage\":\"fr-FR\"},{\"@type\":\"Organization\",\"@id\":\"https:\\\/\\\/www.modave.be\\\/#organization\",\"name\":\"Commune de Modave\",\"url\":\"https:\\\/\\\/www.modave.be\\\/\",\"logo\":{\"@type\":\"ImageObject\",\"inLanguage\":\"fr-FR\",\"@id\":\"https:\\\/\\\/www.modave.be\\\/#\\\/schema\\\/logo\\\/image\\\/\",\"url\":\"https:\\\/\\\/www.modave.be\\\/wp-content\\\/uploads\\\/2021\\\/12\\\/MODAVE_LOGO_HORIZONTAL_QUADRI_RVB.png\",\"contentUrl\":\"https:\\\/\\\/www.modave.be\\\/wp-content\\\/uploads\\\/2021\\\/12\\\/MODAVE_LOGO_HORIZONTAL_QUADRI_RVB.png\",\"width\":1200,\"height\":501,\"caption\":\"Commune de Modave\"},\"image\":{\"@id\":\"https:\\\/\\\/www.modave.be\\\/#\\\/schema\\\/logo\\\/image\\\/\"}}]}<\/script>\n<!-- \/ Yoast SEO plugin. -->","yoast_head_json":{"title":"Appel \u00e0 int\u00e9r\u00eat | Un projet agricole au Ch\u00e2teau de Modave - Commune de Modave","robots":{"index":"index","follow":"follow","max-snippet":"max-snippet:-1","max-image-preview":"max-image-preview:large","max-video-preview":"max-video-preview:-1"},"canonical":"https:\/\/www.modave.be\/index.php\/services_communaux\/appel-a-interet-un-projet-agricole-au-chateau-de-modave\/","og_locale":"fr_FR","og_type":"article","og_title":"Appel \u00e0 int\u00e9r\u00eat | Un projet agricole au Ch\u00e2teau de Modave - Commune de Modave","og_description":"\ud835\udde8\ud835\uddfb \ud835\uddfd\ud835\uddff\ud835\uddfc\ud835\uddf7\ud835\uddf2\ud835\ude01 \ud835\uddee\ud835\uddf4\ud835\uddff\ud835\uddf6\ud835\uddf0\ud835\uddfc\ud835\uddf9\ud835\uddf2 \ud835\uddee\ud835\ude02 \ud835\uddf0\ud835\uddfc\ud835\uddf2\ud835\ude02\ud835\uddff \ud835\uddf1\ud835\ude02 \ud835\uddd7\ud835\uddfc\ud835\uddfa\ud835\uddee\ud835\uddf6\ud835\uddfb\ud835\uddf2 \ud835\uddf1\ud835\ude02 \ud835\uddd6\ud835\uddf5\ud835\uddee\u0302\ud835\ude01\ud835\uddf2\ud835\uddee\ud835\ude02 \ud835\uddf1\ud835\uddf2 \ud835\udde0\ud835\uddfc\ud835\uddf1\ud835\uddee\ud835\ude03\ud835\uddf2 ! Vous connaissez des professionnel.le.s de l\u2019agriculture ou de la gestion de terres qui pourraient \u00eatre int\u00e9ress\u00e9.e.s ? Partagez cette opportunit\u00e9 avec eux ! Terre-en-vue et VIVAQUA lancent un appel \u00e0 manifestation d\u2019int\u00e9r\u00eat pour d\u00e9finir ensemble l\u2019avenir du potager class\u00e9 et du verger du&hellip;","og_url":"https:\/\/www.modave.be\/index.php\/services_communaux\/appel-a-interet-un-projet-agricole-au-chateau-de-modave\/","og_site_name":"Commune de Modave","og_image":[{"width":1014,"height":507,"url":"https:\/\/www.modave.be\/wp-content\/uploads\/2025\/02\/Terre-en-vue-1-e1739267672892.jpg","type":"image\/jpeg"}],"twitter_card":"summary_large_image","twitter_misc":{"Dur\u00e9e de lecture estim\u00e9e":"1 minute"},"schema":{"@context":"https:\/\/schema.org","@graph":[{"@type":"WebPage","@id":"https:\/\/www.modave.be\/index.php\/services_communaux\/appel-a-interet-un-projet-agricole-au-chateau-de-modave\/","url":"https:\/\/www.modave.be\/index.php\/services_communaux\/appel-a-interet-un-projet-agricole-au-chateau-de-modave\/","name":"Appel \u00e0 int\u00e9r\u00eat | Un projet agricole au Ch\u00e2teau de Modave - Commune de Modave","isPartOf":{"@id":"https:\/\/www.modave.be\/#website"},"primaryImageOfPage":{"@id":"https:\/\/www.modave.be\/index.php\/services_communaux\/appel-a-interet-un-projet-agricole-au-chateau-de-modave\/#primaryimage"},"image":{"@id":"https:\/\/www.modave.be\/index.php\/services_communaux\/appel-a-interet-un-projet-agricole-au-chateau-de-modave\/#primaryimage"},"thumbnailUrl":"https:\/\/www.modave.be\/wp-content\/uploads\/2025\/02\/Terre-en-vue-1-e1739267672892.jpg","datePublished":"2025-02-11T09:54:53+00:00","breadcrumb":{"@id":"https:\/\/www.modave.be\/index.php\/services_communaux\/appel-a-interet-un-projet-agricole-au-chateau-de-modave\/#breadcrumb"},"inLanguage":"fr-FR","potentialAction":[{"@type":"ReadAction","target":["https:\/\/www.modave.be\/index.php\/services_communaux\/appel-a-interet-un-projet-agricole-au-chateau-de-modave\/"]}]},{"@type":"ImageObject","inLanguage":"fr-FR","@id":"https:\/\/www.modave.be\/index.php\/services_communaux\/appel-a-interet-un-projet-agricole-au-chateau-de-modave\/#primaryimage","url":"https:\/\/www.modave.be\/wp-content\/uploads\/2025\/02\/Terre-en-vue-1-e1739267672892.jpg","contentUrl":"https:\/\/www.modave.be\/wp-content\/uploads\/2025\/02\/Terre-en-vue-1-e1739267672892.jpg","width":1014,"height":507},{"@type":"BreadcrumbList","@id":"https:\/\/www.modave.be\/index.php\/services_communaux\/appel-a-interet-un-projet-agricole-au-chateau-de-modave\/#breadcrumb","itemListElement":[{"@type":"ListItem","position":1,"name":"Accueil","item":"https:\/\/www.modave.be\/"},{"@type":"ListItem","position":2,"name":"Appel \u00e0 int\u00e9r\u00eat | Un projet agricole au Ch\u00e2teau de Modave"}]},{"@type":"WebSite","@id":"https:\/\/www.modave.be\/#website","url":"https:\/\/www.modave.be\/","name":"Commune de Modave","description":"Commune de Modave","publisher":{"@id":"https:\/\/www.modave.be\/#organization"},"potentialAction":[{"@type":"SearchAction","target":{"@type":"EntryPoint","urlTemplate":"https:\/\/www.modave.be\/?s={search_term_string}"},"query-input":{"@type":"PropertyValueSpecification","valueRequired":true,"valueName":"search_term_string"}}],"inLanguage":"fr-FR"},{"@type":"Organization","@id":"https:\/\/www.modave.be\/#organization","name":"Commune de Modave","url":"https:\/\/www.modave.be\/","logo":{"@type":"ImageObject","inLanguage":"fr-FR","@id":"https:\/\/www.modave.be\/#\/schema\/logo\/image\/","url":"https:\/\/www.modave.be\/wp-content\/uploads\/2021\/12\/MODAVE_LOGO_HORIZONTAL_QUADRI_RVB.png","contentUrl":"https:\/\/www.modave.be\/wp-content\/uploads\/2021\/12\/MODAVE_LOGO_HORIZONTAL_QUADRI_RVB.png","width":1200,"height":501,"caption":"Commune de Modave"},"image":{"@id":"https:\/\/www.modave.be\/#\/schema\/logo\/image\/"}}]}},"_links":{"self":[{"href":"https:\/\/www.modave.be\/index.php\/wp-json\/wp\/v2\/services_communaux\/14957","targetHints":{"allow":["GET"]}}],"collection":[{"href":"https:\/\/www.modave.be\/index.php\/wp-json\/wp\/v2\/services_communaux"}],"about":[{"href":"https:\/\/www.modave.be\/index.php\/wp-json\/wp\/v2\/types\/services_communaux"}],"author":[{"embeddable":true,"href":"https:\/\/www.modave.be\/index.php\/wp-json\/wp\/v2\/users\/9"}],"wp:featuredmedia":[{"embeddable":true,"href":"https:\/\/www.modave.be\/index.php\/wp-json\/wp\/v2\/media\/14959"}],"wp:attachment":[{"href":"https:\/\/www.modave.be\/index.php\/wp-json\/wp\/v2\/media?parent=14957"}],"wp:term":[{"taxonomy":"category","embeddable":true,"href":"https:\/\/www.modave.be\/index.php\/wp-json\/wp\/v2\/categories?post=14957"}],"curies":[{"name":"wp","href":"https:\/\/api.w.org\/{rel}","templated":true}]}}