{"id":15069,"date":"2025-02-24T10:13:30","date_gmt":"2025-02-24T09:13:30","guid":{"rendered":"https:\/\/www.modave.be\/?post_type=services_communaux&#038;p=15069"},"modified":"2025-02-24T10:13:31","modified_gmt":"2025-02-24T09:13:31","slug":"intradel-probleme-de-collecte","status":"publish","type":"services_communaux","link":"https:\/\/www.modave.be\/index.php\/services_communaux\/intradel-probleme-de-collecte\/","title":{"rendered":"Intradel | Probl\u00e8me de collecte ?"},"content":{"rendered":"\n<blockquote class=\"wp-block-quote is-layout-flow wp-block-quote-is-layout-flow\">\n<p>\ud835\udddc\ud835\uddfb\ud835\ude01\ud835\uddff\ud835\uddee\ud835\uddf1\ud835\uddf2\ud835\uddf9 | \ud835\udde8\ud835\uddfb \ud835\uddf3\ud835\uddfc\ud835\uddff\ud835\uddfa\ud835\ude02\ud835\uddf9\ud835\uddee\ud835\uddf6\ud835\uddff\ud835\uddf2 \ud835\uddfd\ud835\uddfc\ud835\ude02\ud835\uddff \ud835\ude00\ud835\uddf6\ud835\uddf4\ud835\uddfb\ud835\uddee\ud835\uddf9\ud835\uddf2\ud835\uddff \ud835\ude03\ud835\uddfc\ud835\ude00 \ud835\uddfd\ud835\uddff\ud835\uddfc\ud835\uddef\ud835\uddf9\ud835\uddf2\u0300\ud835\uddfa\ud835\uddf2\ud835\ude00 \ud835\uddf1\ud835\uddf2 \ud835\uddf0\ud835\uddfc\ud835\uddf9\ud835\uddf9\ud835\uddf2\ud835\uddf0\ud835\ude01\ud835\uddf2<br>\ud835\ude1d\ud835\ude30\ud835\ude36\ud835\ude34 \ud835\ude34\ud835\ude30\ud835\ude33\ud835\ude35\ud835\ude26\ud835\ude3b \ud835\ude37\ud835\ude30\ud835\ude34 \ud835\ude31\ud835\ude30\ud835\ude36\ud835\ude23\ud835\ude26\ud835\ude2d\ud835\ude2d\ud835\ude26\ud835\ude34\u2026 \ud835\ude2e\ud835\ude22\ud835\ude2a\ud835\ude34 \ud835\ude2d\ud835\ude26 \ud835\ude24\ud835\ude22\ud835\ude2e\ud835\ude2a\ud835\ude30\ud835\ude2f \ud835\ude2f\ud835\ude26 \ud835\ude31\ud835\ude22\ud835\ude34\ud835\ude34\ud835\ude26 \ud835\ude31\ud835\ude22\ud835\ude34. \ud835\ude18\ud835\ude36\ud835\ude26 \ud835\ude27\ud835\ude22\ud835\ude2a\ud835\ude33\ud835\ude26 ? <\/p>\n<\/blockquote>\n\n\n\n<p>\ud835\uddd4\u0300 \ud835\uddfd\ud835\uddee\ud835\uddff\ud835\ude01\ud835\uddf6\ud835\uddff \ud835\uddf1\ud835\ude02 \ud835\uddf9\ud835\ude02\ud835\uddfb\ud835\uddf1\ud835\uddf6 \ud835\udfee\ud835\udff0 \ud835\uddf3\ud835\uddf2\u0301\ud835\ude03\ud835\uddff\ud835\uddf6\ud835\uddf2\ud835\uddff, Intradel met en place un nouveau formulaire en ligne pour signaler tout probl\u00e8me de collecte en porte-\u00e0-porte. Ce syst\u00e8me permettra un traitement plus rapide et efficace des demandes. <\/p>\n\n\n\n<p>\ud835\udde2\ud835\ude02\u0300 \ud835\uddf9\ud835\uddf2 \ud835\ude01\ud835\uddff\ud835\uddfc\ud835\ude02\ud835\ude03\ud835\uddf2\ud835\uddff ?<br>Sur le site d\u2019Intradel, \u00e0 la page Intradel &#8211; Probl\u00e8mes de collecte &#8211; plaintes collectes. Vous y trouverez \u00e9galement toutes les infos sur les \u00e9ventuels reports : <a href=\"https:\/\/www.intradel.be\/trier-ses-dechets\/les-collectes-en-porte-a-porte-1\/collecte.htm?lng=fr\">Intradel &#8211; Probl\u00e8mes de collecte &#8211; plaintes collectes<\/a><\/p>\n\n\n\n<p>\ud835\uddd5\ud835\uddf2\ud835\ude00\ud835\uddfc\ud835\uddf6\ud835\uddfb \ud835\uddf1\u2019\ud835\uddee\ud835\uddf6\ud835\uddf1\ud835\uddf2 ?<br>Si vous ne pouvez pas utiliser internet, le call center d\u2019Intradel reste disponible au \ud835\udfec\ud835\udff0\/\ud835\udfee\ud835\udff0\ud835\udfec.\ud835\udff3\ud835\udff0.\ud835\udff3\ud835\udff0<br>Ce nouveau canal permettra un traitement plus rapide et efficace des demandes. Nous vous encourageons \u00e0 l\u2019utiliser d\u00e8s la prochaine collecte ! Merci pour votre aide <\/p>\n\n\n\n<p>Merci de continuer \u00e0 respecter les consignes de tri et de participer \u00e0 notre d\u00e9marche en faveur de l\u2019environnement.<\/p>\n\n\n\n<figure class=\"wp-block-image size-large\"><img fetchpriority=\"high\" decoding=\"async\" width=\"1024\" height=\"1024\" src=\"https:\/\/www.modave.be\/wp-content\/uploads\/2025\/02\/info-formulaire-collectes-site-internet-FB-01-1024x1024.jpg\" alt=\"\" class=\"wp-image-15070\" srcset=\"https:\/\/www.modave.be\/wp-content\/uploads\/2025\/02\/info-formulaire-collectes-site-internet-FB-01-1024x1024.jpg 1024w, https:\/\/www.modave.be\/wp-content\/uploads\/2025\/02\/info-formulaire-collectes-site-internet-FB-01-300x300.jpg 300w, https:\/\/www.modave.be\/wp-content\/uploads\/2025\/02\/info-formulaire-collectes-site-internet-FB-01-150x150.jpg 150w, https:\/\/www.modave.be\/wp-content\/uploads\/2025\/02\/info-formulaire-collectes-site-internet-FB-01-768x768.jpg 768w, https:\/\/www.modave.be\/wp-content\/uploads\/2025\/02\/info-formulaire-collectes-site-internet-FB-01-1536x1536.jpg 1536w, https:\/\/www.modave.be\/wp-content\/uploads\/2025\/02\/info-formulaire-collectes-site-internet-FB-01-2048x2048.jpg 2048w\" sizes=\"(max-width: 1024px) 100vw, 1024px\" \/><\/figure>\n","protected":false},"excerpt":{"rendered":"<p>\ud835\udddc\ud835\uddfb\ud835\ude01\ud835\uddff\ud835\uddee\ud835\uddf1\ud835\uddf2\ud835\uddf9 | \ud835\udde8\ud835\uddfb \ud835\uddf3\ud835\uddfc\ud835\uddff\ud835\uddfa\ud835\ude02\ud835\uddf9\ud835\uddee\ud835\uddf6\ud835\uddff\ud835\uddf2 \ud835\uddfd\ud835\uddfc\ud835\ude02\ud835\uddff \ud835\ude00\ud835\uddf6\ud835\uddf4\ud835\uddfb\ud835\uddee\ud835\uddf9\ud835\uddf2\ud835\uddff \ud835\ude03\ud835\uddfc\ud835\ude00 \ud835\uddfd\ud835\uddff\ud835\uddfc\ud835\uddef\ud835\uddf9\ud835\uddf2\u0300\ud835\uddfa\ud835\uddf2\ud835\ude00 \ud835\uddf1\ud835\uddf2 \ud835\uddf0\ud835\uddfc\ud835\uddf9\ud835\uddf9\ud835\uddf2\ud835\uddf0\ud835\ude01\ud835\uddf2\ud835\ude1d\ud835\ude30\ud835\ude36\ud835\ude34 \ud835\ude34\ud835\ude30\ud835\ude33\ud835\ude35\ud835\ude26\ud835\ude3b \ud835\ude37\ud835\ude30\ud835\ude34 \ud835\ude31\ud835\ude30\ud835\ude36\ud835\ude23\ud835\ude26\ud835\ude2d\ud835\ude2d\ud835\ude26\ud835\ude34\u2026 \ud835\ude2e\ud835\ude22\ud835\ude2a\ud835\ude34 \ud835\ude2d\ud835\ude26 \ud835\ude24\ud835\ude22\ud835\ude2e\ud835\ude2a\ud835\ude30\ud835\ude2f \ud835\ude2f\ud835\ude26 \ud835\ude31\ud835\ude22\ud835\ude34\ud835\ude34\ud835\ude26 \ud835\ude31\ud835\ude22\ud835\ude34. \ud835\ude18\ud835\ude36\ud835\ude26 \ud835\ude27\ud835\ude22\ud835\ude2a\ud835\ude33\ud835\ude26 ? \ud835\uddd4\u0300 \ud835\uddfd\ud835\uddee\ud835\uddff\ud835\ude01\ud835\uddf6\ud835\uddff \ud835\uddf1\ud835\ude02 \ud835\uddf9\ud835\ude02\ud835\uddfb\ud835\uddf1\ud835\uddf6 \ud835\udfee\ud835\udff0 \ud835\uddf3\ud835\uddf2\u0301\ud835\ude03\ud835\uddff\ud835\uddf6\ud835\uddf2\ud835\uddff, Intradel met en place un nouveau formulaire en ligne pour signaler tout probl\u00e8me de collecte en porte-\u00e0-porte. Ce syst\u00e8me permettra un traitement plus rapide et efficace des&hellip;<\/p>\n","protected":false},"author":9,"featured_media":15071,"menu_order":0,"template":"","categories":[224],"class_list":["post-15069","services_communaux","type-services_communaux","status-publish","has-post-thumbnail","hentry","category-intradel","description-off"],"yoast_head":"<!-- This site is optimized with the Yoast SEO plugin v27.5 - https:\/\/yoast.com\/product\/yoast-seo-wordpress\/ -->\n<title>Intradel | Probl\u00e8me de collecte ? - Commune de Modave<\/title>\n<meta name=\"robots\" content=\"index, follow, max-snippet:-1, max-image-preview:large, max-video-preview:-1\" \/>\n<link rel=\"canonical\" href=\"https:\/\/www.modave.be\/index.php\/services_communaux\/intradel-probleme-de-collecte\/\" \/>\n<meta property=\"og:locale\" content=\"fr_FR\" \/>\n<meta property=\"og:type\" content=\"article\" \/>\n<meta property=\"og:title\" content=\"Intradel | Probl\u00e8me de collecte ? - Commune de Modave\" \/>\n<meta property=\"og:description\" content=\"\ud835\udddc\ud835\uddfb\ud835\ude01\ud835\uddff\ud835\uddee\ud835\uddf1\ud835\uddf2\ud835\uddf9 | \ud835\udde8\ud835\uddfb \ud835\uddf3\ud835\uddfc\ud835\uddff\ud835\uddfa\ud835\ude02\ud835\uddf9\ud835\uddee\ud835\uddf6\ud835\uddff\ud835\uddf2 \ud835\uddfd\ud835\uddfc\ud835\ude02\ud835\uddff \ud835\ude00\ud835\uddf6\ud835\uddf4\ud835\uddfb\ud835\uddee\ud835\uddf9\ud835\uddf2\ud835\uddff \ud835\ude03\ud835\uddfc\ud835\ude00 \ud835\uddfd\ud835\uddff\ud835\uddfc\ud835\uddef\ud835\uddf9\ud835\uddf2\u0300\ud835\uddfa\ud835\uddf2\ud835\ude00 \ud835\uddf1\ud835\uddf2 \ud835\uddf0\ud835\uddfc\ud835\uddf9\ud835\uddf9\ud835\uddf2\ud835\uddf0\ud835\ude01\ud835\uddf2\ud835\ude1d\ud835\ude30\ud835\ude36\ud835\ude34 \ud835\ude34\ud835\ude30\ud835\ude33\ud835\ude35\ud835\ude26\ud835\ude3b \ud835\ude37\ud835\ude30\ud835\ude34 \ud835\ude31\ud835\ude30\ud835\ude36\ud835\ude23\ud835\ude26\ud835\ude2d\ud835\ude2d\ud835\ude26\ud835\ude34\u2026 \ud835\ude2e\ud835\ude22\ud835\ude2a\ud835\ude34 \ud835\ude2d\ud835\ude26 \ud835\ude24\ud835\ude22\ud835\ude2e\ud835\ude2a\ud835\ude30\ud835\ude2f \ud835\ude2f\ud835\ude26 \ud835\ude31\ud835\ude22\ud835\ude34\ud835\ude34\ud835\ude26 \ud835\ude31\ud835\ude22\ud835\ude34. \ud835\ude18\ud835\ude36\ud835\ude26 \ud835\ude27\ud835\ude22\ud835\ude2a\ud835\ude33\ud835\ude26 ? \ud835\uddd4\u0300 \ud835\uddfd\ud835\uddee\ud835\uddff\ud835\ude01\ud835\uddf6\ud835\uddff \ud835\uddf1\ud835\ude02 \ud835\uddf9\ud835\ude02\ud835\uddfb\ud835\uddf1\ud835\uddf6 \ud835\udfee\ud835\udff0 \ud835\uddf3\ud835\uddf2\u0301\ud835\ude03\ud835\uddff\ud835\uddf6\ud835\uddf2\ud835\uddff, Intradel met en place un nouveau formulaire en ligne pour signaler tout probl\u00e8me de collecte en porte-\u00e0-porte. Ce syst\u00e8me permettra un traitement plus rapide et efficace des&hellip;\" \/>\n<meta property=\"og:url\" content=\"https:\/\/www.modave.be\/index.php\/services_communaux\/intradel-probleme-de-collecte\/\" \/>\n<meta property=\"og:site_name\" content=\"Commune de Modave\" \/>\n<meta property=\"article:modified_time\" content=\"2025-02-24T09:13:31+00:00\" \/>\n<meta property=\"og:image\" content=\"https:\/\/www.modave.be\/wp-content\/uploads\/2025\/02\/info-formulaire-collectes-site-internet-FB-01-1-e1740388405345.jpg\" \/>\n\t<meta property=\"og:image:width\" content=\"1492\" \/>\n\t<meta property=\"og:image:height\" content=\"746\" \/>\n\t<meta property=\"og:image:type\" content=\"image\/jpeg\" \/>\n<meta name=\"twitter:card\" content=\"summary_large_image\" \/>\n<meta name=\"twitter:label1\" content=\"Dur\u00e9e de lecture estim\u00e9e\" \/>\n\t<meta name=\"twitter:data1\" content=\"1 minute\" \/>\n<script type=\"application\/ld+json\" class=\"yoast-schema-graph\">{\"@context\":\"https:\\\/\\\/schema.org\",\"@graph\":[{\"@type\":\"WebPage\",\"@id\":\"https:\\\/\\\/www.modave.be\\\/index.php\\\/services_communaux\\\/intradel-probleme-de-collecte\\\/\",\"url\":\"https:\\\/\\\/www.modave.be\\\/index.php\\\/services_communaux\\\/intradel-probleme-de-collecte\\\/\",\"name\":\"Intradel | Probl\u00e8me de collecte ? - Commune de Modave\",\"isPartOf\":{\"@id\":\"https:\\\/\\\/www.modave.be\\\/#website\"},\"primaryImageOfPage\":{\"@id\":\"https:\\\/\\\/www.modave.be\\\/index.php\\\/services_communaux\\\/intradel-probleme-de-collecte\\\/#primaryimage\"},\"image\":{\"@id\":\"https:\\\/\\\/www.modave.be\\\/index.php\\\/services_communaux\\\/intradel-probleme-de-collecte\\\/#primaryimage\"},\"thumbnailUrl\":\"https:\\\/\\\/www.modave.be\\\/wp-content\\\/uploads\\\/2025\\\/02\\\/info-formulaire-collectes-site-internet-FB-01-1-e1740388405345.jpg\",\"datePublished\":\"2025-02-24T09:13:30+00:00\",\"dateModified\":\"2025-02-24T09:13:31+00:00\",\"breadcrumb\":{\"@id\":\"https:\\\/\\\/www.modave.be\\\/index.php\\\/services_communaux\\\/intradel-probleme-de-collecte\\\/#breadcrumb\"},\"inLanguage\":\"fr-FR\",\"potentialAction\":[{\"@type\":\"ReadAction\",\"target\":[\"https:\\\/\\\/www.modave.be\\\/index.php\\\/services_communaux\\\/intradel-probleme-de-collecte\\\/\"]}]},{\"@type\":\"ImageObject\",\"inLanguage\":\"fr-FR\",\"@id\":\"https:\\\/\\\/www.modave.be\\\/index.php\\\/services_communaux\\\/intradel-probleme-de-collecte\\\/#primaryimage\",\"url\":\"https:\\\/\\\/www.modave.be\\\/wp-content\\\/uploads\\\/2025\\\/02\\\/info-formulaire-collectes-site-internet-FB-01-1-e1740388405345.jpg\",\"contentUrl\":\"https:\\\/\\\/www.modave.be\\\/wp-content\\\/uploads\\\/2025\\\/02\\\/info-formulaire-collectes-site-internet-FB-01-1-e1740388405345.jpg\",\"width\":1492,\"height\":746},{\"@type\":\"BreadcrumbList\",\"@id\":\"https:\\\/\\\/www.modave.be\\\/index.php\\\/services_communaux\\\/intradel-probleme-de-collecte\\\/#breadcrumb\",\"itemListElement\":[{\"@type\":\"ListItem\",\"position\":1,\"name\":\"Accueil\",\"item\":\"https:\\\/\\\/www.modave.be\\\/\"},{\"@type\":\"ListItem\",\"position\":2,\"name\":\"Intradel | Probl\u00e8me de collecte ?\"}]},{\"@type\":\"WebSite\",\"@id\":\"https:\\\/\\\/www.modave.be\\\/#website\",\"url\":\"https:\\\/\\\/www.modave.be\\\/\",\"name\":\"Commune de Modave\",\"description\":\"Commune de Modave\",\"publisher\":{\"@id\":\"https:\\\/\\\/www.modave.be\\\/#organization\"},\"potentialAction\":[{\"@type\":\"SearchAction\",\"target\":{\"@type\":\"EntryPoint\",\"urlTemplate\":\"https:\\\/\\\/www.modave.be\\\/?s={search_term_string}\"},\"query-input\":{\"@type\":\"PropertyValueSpecification\",\"valueRequired\":true,\"valueName\":\"search_term_string\"}}],\"inLanguage\":\"fr-FR\"},{\"@type\":\"Organization\",\"@id\":\"https:\\\/\\\/www.modave.be\\\/#organization\",\"name\":\"Commune de Modave\",\"url\":\"https:\\\/\\\/www.modave.be\\\/\",\"logo\":{\"@type\":\"ImageObject\",\"inLanguage\":\"fr-FR\",\"@id\":\"https:\\\/\\\/www.modave.be\\\/#\\\/schema\\\/logo\\\/image\\\/\",\"url\":\"https:\\\/\\\/www.modave.be\\\/wp-content\\\/uploads\\\/2021\\\/12\\\/MODAVE_LOGO_HORIZONTAL_QUADRI_RVB.png\",\"contentUrl\":\"https:\\\/\\\/www.modave.be\\\/wp-content\\\/uploads\\\/2021\\\/12\\\/MODAVE_LOGO_HORIZONTAL_QUADRI_RVB.png\",\"width\":1200,\"height\":501,\"caption\":\"Commune de Modave\"},\"image\":{\"@id\":\"https:\\\/\\\/www.modave.be\\\/#\\\/schema\\\/logo\\\/image\\\/\"}}]}<\/script>\n<!-- \/ Yoast SEO plugin. -->","yoast_head_json":{"title":"Intradel | Probl\u00e8me de collecte ? - Commune de Modave","robots":{"index":"index","follow":"follow","max-snippet":"max-snippet:-1","max-image-preview":"max-image-preview:large","max-video-preview":"max-video-preview:-1"},"canonical":"https:\/\/www.modave.be\/index.php\/services_communaux\/intradel-probleme-de-collecte\/","og_locale":"fr_FR","og_type":"article","og_title":"Intradel | Probl\u00e8me de collecte ? - Commune de Modave","og_description":"\ud835\udddc\ud835\uddfb\ud835\ude01\ud835\uddff\ud835\uddee\ud835\uddf1\ud835\uddf2\ud835\uddf9 | \ud835\udde8\ud835\uddfb \ud835\uddf3\ud835\uddfc\ud835\uddff\ud835\uddfa\ud835\ude02\ud835\uddf9\ud835\uddee\ud835\uddf6\ud835\uddff\ud835\uddf2 \ud835\uddfd\ud835\uddfc\ud835\ude02\ud835\uddff \ud835\ude00\ud835\uddf6\ud835\uddf4\ud835\uddfb\ud835\uddee\ud835\uddf9\ud835\uddf2\ud835\uddff \ud835\ude03\ud835\uddfc\ud835\ude00 \ud835\uddfd\ud835\uddff\ud835\uddfc\ud835\uddef\ud835\uddf9\ud835\uddf2\u0300\ud835\uddfa\ud835\uddf2\ud835\ude00 \ud835\uddf1\ud835\uddf2 \ud835\uddf0\ud835\uddfc\ud835\uddf9\ud835\uddf9\ud835\uddf2\ud835\uddf0\ud835\ude01\ud835\uddf2\ud835\ude1d\ud835\ude30\ud835\ude36\ud835\ude34 \ud835\ude34\ud835\ude30\ud835\ude33\ud835\ude35\ud835\ude26\ud835\ude3b \ud835\ude37\ud835\ude30\ud835\ude34 \ud835\ude31\ud835\ude30\ud835\ude36\ud835\ude23\ud835\ude26\ud835\ude2d\ud835\ude2d\ud835\ude26\ud835\ude34\u2026 \ud835\ude2e\ud835\ude22\ud835\ude2a\ud835\ude34 \ud835\ude2d\ud835\ude26 \ud835\ude24\ud835\ude22\ud835\ude2e\ud835\ude2a\ud835\ude30\ud835\ude2f \ud835\ude2f\ud835\ude26 \ud835\ude31\ud835\ude22\ud835\ude34\ud835\ude34\ud835\ude26 \ud835\ude31\ud835\ude22\ud835\ude34. \ud835\ude18\ud835\ude36\ud835\ude26 \ud835\ude27\ud835\ude22\ud835\ude2a\ud835\ude33\ud835\ude26 ? \ud835\uddd4\u0300 \ud835\uddfd\ud835\uddee\ud835\uddff\ud835\ude01\ud835\uddf6\ud835\uddff \ud835\uddf1\ud835\ude02 \ud835\uddf9\ud835\ude02\ud835\uddfb\ud835\uddf1\ud835\uddf6 \ud835\udfee\ud835\udff0 \ud835\uddf3\ud835\uddf2\u0301\ud835\ude03\ud835\uddff\ud835\uddf6\ud835\uddf2\ud835\uddff, Intradel met en place un nouveau formulaire en ligne pour signaler tout probl\u00e8me de collecte en porte-\u00e0-porte. Ce syst\u00e8me permettra un traitement plus rapide et efficace des&hellip;","og_url":"https:\/\/www.modave.be\/index.php\/services_communaux\/intradel-probleme-de-collecte\/","og_site_name":"Commune de Modave","article_modified_time":"2025-02-24T09:13:31+00:00","og_image":[{"width":1492,"height":746,"url":"https:\/\/www.modave.be\/wp-content\/uploads\/2025\/02\/info-formulaire-collectes-site-internet-FB-01-1-e1740388405345.jpg","type":"image\/jpeg"}],"twitter_card":"summary_large_image","twitter_misc":{"Dur\u00e9e de lecture estim\u00e9e":"1 minute"},"schema":{"@context":"https:\/\/schema.org","@graph":[{"@type":"WebPage","@id":"https:\/\/www.modave.be\/index.php\/services_communaux\/intradel-probleme-de-collecte\/","url":"https:\/\/www.modave.be\/index.php\/services_communaux\/intradel-probleme-de-collecte\/","name":"Intradel | Probl\u00e8me de collecte ? - Commune de Modave","isPartOf":{"@id":"https:\/\/www.modave.be\/#website"},"primaryImageOfPage":{"@id":"https:\/\/www.modave.be\/index.php\/services_communaux\/intradel-probleme-de-collecte\/#primaryimage"},"image":{"@id":"https:\/\/www.modave.be\/index.php\/services_communaux\/intradel-probleme-de-collecte\/#primaryimage"},"thumbnailUrl":"https:\/\/www.modave.be\/wp-content\/uploads\/2025\/02\/info-formulaire-collectes-site-internet-FB-01-1-e1740388405345.jpg","datePublished":"2025-02-24T09:13:30+00:00","dateModified":"2025-02-24T09:13:31+00:00","breadcrumb":{"@id":"https:\/\/www.modave.be\/index.php\/services_communaux\/intradel-probleme-de-collecte\/#breadcrumb"},"inLanguage":"fr-FR","potentialAction":[{"@type":"ReadAction","target":["https:\/\/www.modave.be\/index.php\/services_communaux\/intradel-probleme-de-collecte\/"]}]},{"@type":"ImageObject","inLanguage":"fr-FR","@id":"https:\/\/www.modave.be\/index.php\/services_communaux\/intradel-probleme-de-collecte\/#primaryimage","url":"https:\/\/www.modave.be\/wp-content\/uploads\/2025\/02\/info-formulaire-collectes-site-internet-FB-01-1-e1740388405345.jpg","contentUrl":"https:\/\/www.modave.be\/wp-content\/uploads\/2025\/02\/info-formulaire-collectes-site-internet-FB-01-1-e1740388405345.jpg","width":1492,"height":746},{"@type":"BreadcrumbList","@id":"https:\/\/www.modave.be\/index.php\/services_communaux\/intradel-probleme-de-collecte\/#breadcrumb","itemListElement":[{"@type":"ListItem","position":1,"name":"Accueil","item":"https:\/\/www.modave.be\/"},{"@type":"ListItem","position":2,"name":"Intradel | Probl\u00e8me de collecte ?"}]},{"@type":"WebSite","@id":"https:\/\/www.modave.be\/#website","url":"https:\/\/www.modave.be\/","name":"Commune de Modave","description":"Commune de Modave","publisher":{"@id":"https:\/\/www.modave.be\/#organization"},"potentialAction":[{"@type":"SearchAction","target":{"@type":"EntryPoint","urlTemplate":"https:\/\/www.modave.be\/?s={search_term_string}"},"query-input":{"@type":"PropertyValueSpecification","valueRequired":true,"valueName":"search_term_string"}}],"inLanguage":"fr-FR"},{"@type":"Organization","@id":"https:\/\/www.modave.be\/#organization","name":"Commune de Modave","url":"https:\/\/www.modave.be\/","logo":{"@type":"ImageObject","inLanguage":"fr-FR","@id":"https:\/\/www.modave.be\/#\/schema\/logo\/image\/","url":"https:\/\/www.modave.be\/wp-content\/uploads\/2021\/12\/MODAVE_LOGO_HORIZONTAL_QUADRI_RVB.png","contentUrl":"https:\/\/www.modave.be\/wp-content\/uploads\/2021\/12\/MODAVE_LOGO_HORIZONTAL_QUADRI_RVB.png","width":1200,"height":501,"caption":"Commune de Modave"},"image":{"@id":"https:\/\/www.modave.be\/#\/schema\/logo\/image\/"}}]}},"_links":{"self":[{"href":"https:\/\/www.modave.be\/index.php\/wp-json\/wp\/v2\/services_communaux\/15069","targetHints":{"allow":["GET"]}}],"collection":[{"href":"https:\/\/www.modave.be\/index.php\/wp-json\/wp\/v2\/services_communaux"}],"about":[{"href":"https:\/\/www.modave.be\/index.php\/wp-json\/wp\/v2\/types\/services_communaux"}],"author":[{"embeddable":true,"href":"https:\/\/www.modave.be\/index.php\/wp-json\/wp\/v2\/users\/9"}],"wp:featuredmedia":[{"embeddable":true,"href":"https:\/\/www.modave.be\/index.php\/wp-json\/wp\/v2\/media\/15071"}],"wp:attachment":[{"href":"https:\/\/www.modave.be\/index.php\/wp-json\/wp\/v2\/media?parent=15069"}],"wp:term":[{"taxonomy":"category","embeddable":true,"href":"https:\/\/www.modave.be\/index.php\/wp-json\/wp\/v2\/categories?post=15069"}],"curies":[{"name":"wp","href":"https:\/\/api.w.org\/{rel}","templated":true}]}}