{"id":15157,"date":"2025-03-03T15:28:53","date_gmt":"2025-03-03T14:28:53","guid":{"rendered":"https:\/\/www.modave.be\/?post_type=services_communaux&#038;p=15157"},"modified":"2025-03-03T15:28:53","modified_gmt":"2025-03-03T14:28:53","slug":"commission-agricole-de-constat-de-degats-aux-cultures-appel-a-candidatures","status":"publish","type":"services_communaux","link":"https:\/\/www.modave.be\/index.php\/services_communaux\/commission-agricole-de-constat-de-degats-aux-cultures-appel-a-candidatures\/","title":{"rendered":"Commission agricole de constat de d\u00e9g\u00e2ts aux cultures | Appel \u00e0 candidatures"},"content":{"rendered":"\n<h2 class=\"wp-block-heading\">Appel \u00e0 candidatures | Experts-agriculteurs recherch\u00e9s<\/h2>\n\n\n\n<p>Suite \u00e0 la mise en place du nouveau Coll\u00e8ge communal, la Commune de Modave est \u00e0 la recherche d\u2019experts-agriculteurs afin de si\u00e9ger au sein de la commission communale de constat de d\u00e9g\u00e2ts lors de calamit\u00e9s agricoles.<\/p>\n\n\n\n<p class=\"has-text-color has-link-color wp-elements-cf631f7eaeb2d7cf94ee88a010a1fbf0\" style=\"color:#ff0000\">\ud83d\udcc5 <strong>Date limite de candidature : mercredi 19 mars 2025<\/strong><\/p>\n\n\n\n<p>\ud83d\udcc4 Formulaire de candidature \u00e0 renvoyer au Service Secr\u00e9tariat : <a href=\"https:\/\/www.modave.be\/wp-content\/uploads\/2025\/03\/COMMISSION-AGRICOLE_CANDIDATURE.jpg\">Formulaire<\/a><\/p>\n\n\n\n<p>Merci pour votre engagement !<\/p>\n\n\n\n<div data-wp-interactive=\"core\/file\" class=\"wp-block-file\"><object data-wp-bind--hidden=\"!state.hasPdfPreview\" hidden class=\"wp-block-file__embed\" data=\"https:\/\/www.modave.be\/wp-content\/uploads\/2025\/03\/COMMISSION-AGTRICOLE_APPEL-A-CANDIDATURES.pdf\" type=\"application\/pdf\" style=\"width:100%;height:600px\" aria-label=\"Contenu embarqu\u00e9 COMMISSION AGTRICOLE_APPEL A CANDIDATURES.\"><\/object><a id=\"wp-block-file--media-90be2ac7-63cf-4b35-9709-95084e6783d4\" href=\"https:\/\/www.modave.be\/wp-content\/uploads\/2025\/03\/COMMISSION-AGTRICOLE_APPEL-A-CANDIDATURES.pdf\">COMMISSION AGTRICOLE_APPEL A CANDIDATURES<\/a><a href=\"https:\/\/www.modave.be\/wp-content\/uploads\/2025\/03\/COMMISSION-AGTRICOLE_APPEL-A-CANDIDATURES.pdf\" class=\"wp-block-file__button wp-element-button\" download aria-describedby=\"wp-block-file--media-90be2ac7-63cf-4b35-9709-95084e6783d4\">T\u00e9l\u00e9charger<\/a><\/div>\n\n\n\n<div data-wp-interactive=\"core\/file\" class=\"wp-block-file\"><object data-wp-bind--hidden=\"!state.hasPdfPreview\" hidden class=\"wp-block-file__embed\" data=\"https:\/\/www.modave.be\/wp-content\/uploads\/2025\/03\/COMMISSION-AGRICOLE_CANDIDATURE.pdf\" type=\"application\/pdf\" style=\"width:100%;height:600px\" aria-label=\"Contenu embarqu\u00e9 COMMISSION AGRICOLE_CANDIDATURE.\"><\/object><a id=\"wp-block-file--media-90758d33-c9bd-4ed1-9d7d-0634e1035616\" href=\"https:\/\/www.modave.be\/wp-content\/uploads\/2025\/03\/COMMISSION-AGRICOLE_CANDIDATURE.pdf\">COMMISSION AGRICOLE_CANDIDATURE<\/a><a href=\"https:\/\/www.modave.be\/wp-content\/uploads\/2025\/03\/COMMISSION-AGRICOLE_CANDIDATURE.pdf\" class=\"wp-block-file__button wp-element-button\" download aria-describedby=\"wp-block-file--media-90758d33-c9bd-4ed1-9d7d-0634e1035616\">T\u00e9l\u00e9charger<\/a><\/div>\n","protected":false},"excerpt":{"rendered":"<p>Appel \u00e0 candidatures | Experts-agriculteurs recherch\u00e9s Suite \u00e0 la mise en place du nouveau Coll\u00e8ge communal, la Commune de Modave est \u00e0 la recherche d\u2019experts-agriculteurs afin de si\u00e9ger au sein de la commission communale de constat de d\u00e9g\u00e2ts lors de calamit\u00e9s agricoles. \ud83d\udcc5 Date limite de candidature : mercredi 19 mars 2025 \ud83d\udcc4 Formulaire de&hellip;<\/p>\n","protected":false},"author":9,"featured_media":15161,"menu_order":0,"template":"","categories":[218,199,1],"class_list":["post-15157","services_communaux","type-services_communaux","status-publish","has-post-thumbnail","hentry","category-associations_comites","category-environnement","category-non-classe","description-off"],"yoast_head":"<!-- This site is optimized with the Yoast SEO plugin v27.5 - https:\/\/yoast.com\/product\/yoast-seo-wordpress\/ -->\n<title>Commission agricole de constat de d\u00e9g\u00e2ts aux cultures | Appel \u00e0 candidatures - Commune de Modave<\/title>\n<meta name=\"robots\" content=\"index, follow, max-snippet:-1, max-image-preview:large, max-video-preview:-1\" \/>\n<link rel=\"canonical\" href=\"https:\/\/www.modave.be\/index.php\/services_communaux\/commission-agricole-de-constat-de-degats-aux-cultures-appel-a-candidatures\/\" \/>\n<meta property=\"og:locale\" content=\"fr_FR\" \/>\n<meta property=\"og:type\" content=\"article\" \/>\n<meta property=\"og:title\" content=\"Commission agricole de constat de d\u00e9g\u00e2ts aux cultures | Appel \u00e0 candidatures - Commune de Modave\" \/>\n<meta property=\"og:description\" content=\"Appel \u00e0 candidatures | Experts-agriculteurs recherch\u00e9s Suite \u00e0 la mise en place du nouveau Coll\u00e8ge communal, la Commune de Modave est \u00e0 la recherche d\u2019experts-agriculteurs afin de si\u00e9ger au sein de la commission communale de constat de d\u00e9g\u00e2ts lors de calamit\u00e9s agricoles. \ud83d\udcc5 Date limite de candidature : mercredi 19 mars 2025 \ud83d\udcc4 Formulaire de&hellip;\" \/>\n<meta property=\"og:url\" content=\"https:\/\/www.modave.be\/index.php\/services_communaux\/commission-agricole-de-constat-de-degats-aux-cultures-appel-a-candidatures\/\" \/>\n<meta property=\"og:site_name\" content=\"Commune de Modave\" \/>\n<meta property=\"og:image\" content=\"https:\/\/www.modave.be\/wp-content\/uploads\/2025\/03\/Appel-a-candidatures-e1741012095281.png\" \/>\n\t<meta property=\"og:image:width\" content=\"1080\" \/>\n\t<meta property=\"og:image:height\" content=\"540\" \/>\n\t<meta property=\"og:image:type\" content=\"image\/png\" \/>\n<meta name=\"twitter:card\" content=\"summary_large_image\" \/>\n<script type=\"application\/ld+json\" class=\"yoast-schema-graph\">{\"@context\":\"https:\\\/\\\/schema.org\",\"@graph\":[{\"@type\":\"WebPage\",\"@id\":\"https:\\\/\\\/www.modave.be\\\/index.php\\\/services_communaux\\\/commission-agricole-de-constat-de-degats-aux-cultures-appel-a-candidatures\\\/\",\"url\":\"https:\\\/\\\/www.modave.be\\\/index.php\\\/services_communaux\\\/commission-agricole-de-constat-de-degats-aux-cultures-appel-a-candidatures\\\/\",\"name\":\"Commission agricole de constat de d\u00e9g\u00e2ts aux cultures | Appel \u00e0 candidatures - Commune de Modave\",\"isPartOf\":{\"@id\":\"https:\\\/\\\/www.modave.be\\\/#website\"},\"primaryImageOfPage\":{\"@id\":\"https:\\\/\\\/www.modave.be\\\/index.php\\\/services_communaux\\\/commission-agricole-de-constat-de-degats-aux-cultures-appel-a-candidatures\\\/#primaryimage\"},\"image\":{\"@id\":\"https:\\\/\\\/www.modave.be\\\/index.php\\\/services_communaux\\\/commission-agricole-de-constat-de-degats-aux-cultures-appel-a-candidatures\\\/#primaryimage\"},\"thumbnailUrl\":\"https:\\\/\\\/www.modave.be\\\/wp-content\\\/uploads\\\/2025\\\/03\\\/Appel-a-candidatures-e1741012095281.png\",\"datePublished\":\"2025-03-03T14:28:53+00:00\",\"breadcrumb\":{\"@id\":\"https:\\\/\\\/www.modave.be\\\/index.php\\\/services_communaux\\\/commission-agricole-de-constat-de-degats-aux-cultures-appel-a-candidatures\\\/#breadcrumb\"},\"inLanguage\":\"fr-FR\",\"potentialAction\":[{\"@type\":\"ReadAction\",\"target\":[\"https:\\\/\\\/www.modave.be\\\/index.php\\\/services_communaux\\\/commission-agricole-de-constat-de-degats-aux-cultures-appel-a-candidatures\\\/\"]}]},{\"@type\":\"ImageObject\",\"inLanguage\":\"fr-FR\",\"@id\":\"https:\\\/\\\/www.modave.be\\\/index.php\\\/services_communaux\\\/commission-agricole-de-constat-de-degats-aux-cultures-appel-a-candidatures\\\/#primaryimage\",\"url\":\"https:\\\/\\\/www.modave.be\\\/wp-content\\\/uploads\\\/2025\\\/03\\\/Appel-a-candidatures-e1741012095281.png\",\"contentUrl\":\"https:\\\/\\\/www.modave.be\\\/wp-content\\\/uploads\\\/2025\\\/03\\\/Appel-a-candidatures-e1741012095281.png\",\"width\":1080,\"height\":540},{\"@type\":\"BreadcrumbList\",\"@id\":\"https:\\\/\\\/www.modave.be\\\/index.php\\\/services_communaux\\\/commission-agricole-de-constat-de-degats-aux-cultures-appel-a-candidatures\\\/#breadcrumb\",\"itemListElement\":[{\"@type\":\"ListItem\",\"position\":1,\"name\":\"Accueil\",\"item\":\"https:\\\/\\\/www.modave.be\\\/\"},{\"@type\":\"ListItem\",\"position\":2,\"name\":\"Commission agricole de constat de d\u00e9g\u00e2ts aux cultures | Appel \u00e0 candidatures\"}]},{\"@type\":\"WebSite\",\"@id\":\"https:\\\/\\\/www.modave.be\\\/#website\",\"url\":\"https:\\\/\\\/www.modave.be\\\/\",\"name\":\"Commune de Modave\",\"description\":\"Commune de Modave\",\"publisher\":{\"@id\":\"https:\\\/\\\/www.modave.be\\\/#organization\"},\"potentialAction\":[{\"@type\":\"SearchAction\",\"target\":{\"@type\":\"EntryPoint\",\"urlTemplate\":\"https:\\\/\\\/www.modave.be\\\/?s={search_term_string}\"},\"query-input\":{\"@type\":\"PropertyValueSpecification\",\"valueRequired\":true,\"valueName\":\"search_term_string\"}}],\"inLanguage\":\"fr-FR\"},{\"@type\":\"Organization\",\"@id\":\"https:\\\/\\\/www.modave.be\\\/#organization\",\"name\":\"Commune de Modave\",\"url\":\"https:\\\/\\\/www.modave.be\\\/\",\"logo\":{\"@type\":\"ImageObject\",\"inLanguage\":\"fr-FR\",\"@id\":\"https:\\\/\\\/www.modave.be\\\/#\\\/schema\\\/logo\\\/image\\\/\",\"url\":\"https:\\\/\\\/www.modave.be\\\/wp-content\\\/uploads\\\/2021\\\/12\\\/MODAVE_LOGO_HORIZONTAL_QUADRI_RVB.png\",\"contentUrl\":\"https:\\\/\\\/www.modave.be\\\/wp-content\\\/uploads\\\/2021\\\/12\\\/MODAVE_LOGO_HORIZONTAL_QUADRI_RVB.png\",\"width\":1200,\"height\":501,\"caption\":\"Commune de Modave\"},\"image\":{\"@id\":\"https:\\\/\\\/www.modave.be\\\/#\\\/schema\\\/logo\\\/image\\\/\"}}]}<\/script>\n<!-- \/ Yoast SEO plugin. -->","yoast_head_json":{"title":"Commission agricole de constat de d\u00e9g\u00e2ts aux cultures | Appel \u00e0 candidatures - Commune de Modave","robots":{"index":"index","follow":"follow","max-snippet":"max-snippet:-1","max-image-preview":"max-image-preview:large","max-video-preview":"max-video-preview:-1"},"canonical":"https:\/\/www.modave.be\/index.php\/services_communaux\/commission-agricole-de-constat-de-degats-aux-cultures-appel-a-candidatures\/","og_locale":"fr_FR","og_type":"article","og_title":"Commission agricole de constat de d\u00e9g\u00e2ts aux cultures | Appel \u00e0 candidatures - Commune de Modave","og_description":"Appel \u00e0 candidatures | Experts-agriculteurs recherch\u00e9s Suite \u00e0 la mise en place du nouveau Coll\u00e8ge communal, la Commune de Modave est \u00e0 la recherche d\u2019experts-agriculteurs afin de si\u00e9ger au sein de la commission communale de constat de d\u00e9g\u00e2ts lors de calamit\u00e9s agricoles. \ud83d\udcc5 Date limite de candidature : mercredi 19 mars 2025 \ud83d\udcc4 Formulaire de&hellip;","og_url":"https:\/\/www.modave.be\/index.php\/services_communaux\/commission-agricole-de-constat-de-degats-aux-cultures-appel-a-candidatures\/","og_site_name":"Commune de Modave","og_image":[{"width":1080,"height":540,"url":"https:\/\/www.modave.be\/wp-content\/uploads\/2025\/03\/Appel-a-candidatures-e1741012095281.png","type":"image\/png"}],"twitter_card":"summary_large_image","schema":{"@context":"https:\/\/schema.org","@graph":[{"@type":"WebPage","@id":"https:\/\/www.modave.be\/index.php\/services_communaux\/commission-agricole-de-constat-de-degats-aux-cultures-appel-a-candidatures\/","url":"https:\/\/www.modave.be\/index.php\/services_communaux\/commission-agricole-de-constat-de-degats-aux-cultures-appel-a-candidatures\/","name":"Commission agricole de constat de d\u00e9g\u00e2ts aux cultures | Appel \u00e0 candidatures - Commune de Modave","isPartOf":{"@id":"https:\/\/www.modave.be\/#website"},"primaryImageOfPage":{"@id":"https:\/\/www.modave.be\/index.php\/services_communaux\/commission-agricole-de-constat-de-degats-aux-cultures-appel-a-candidatures\/#primaryimage"},"image":{"@id":"https:\/\/www.modave.be\/index.php\/services_communaux\/commission-agricole-de-constat-de-degats-aux-cultures-appel-a-candidatures\/#primaryimage"},"thumbnailUrl":"https:\/\/www.modave.be\/wp-content\/uploads\/2025\/03\/Appel-a-candidatures-e1741012095281.png","datePublished":"2025-03-03T14:28:53+00:00","breadcrumb":{"@id":"https:\/\/www.modave.be\/index.php\/services_communaux\/commission-agricole-de-constat-de-degats-aux-cultures-appel-a-candidatures\/#breadcrumb"},"inLanguage":"fr-FR","potentialAction":[{"@type":"ReadAction","target":["https:\/\/www.modave.be\/index.php\/services_communaux\/commission-agricole-de-constat-de-degats-aux-cultures-appel-a-candidatures\/"]}]},{"@type":"ImageObject","inLanguage":"fr-FR","@id":"https:\/\/www.modave.be\/index.php\/services_communaux\/commission-agricole-de-constat-de-degats-aux-cultures-appel-a-candidatures\/#primaryimage","url":"https:\/\/www.modave.be\/wp-content\/uploads\/2025\/03\/Appel-a-candidatures-e1741012095281.png","contentUrl":"https:\/\/www.modave.be\/wp-content\/uploads\/2025\/03\/Appel-a-candidatures-e1741012095281.png","width":1080,"height":540},{"@type":"BreadcrumbList","@id":"https:\/\/www.modave.be\/index.php\/services_communaux\/commission-agricole-de-constat-de-degats-aux-cultures-appel-a-candidatures\/#breadcrumb","itemListElement":[{"@type":"ListItem","position":1,"name":"Accueil","item":"https:\/\/www.modave.be\/"},{"@type":"ListItem","position":2,"name":"Commission agricole de constat de d\u00e9g\u00e2ts aux cultures | Appel \u00e0 candidatures"}]},{"@type":"WebSite","@id":"https:\/\/www.modave.be\/#website","url":"https:\/\/www.modave.be\/","name":"Commune de Modave","description":"Commune de Modave","publisher":{"@id":"https:\/\/www.modave.be\/#organization"},"potentialAction":[{"@type":"SearchAction","target":{"@type":"EntryPoint","urlTemplate":"https:\/\/www.modave.be\/?s={search_term_string}"},"query-input":{"@type":"PropertyValueSpecification","valueRequired":true,"valueName":"search_term_string"}}],"inLanguage":"fr-FR"},{"@type":"Organization","@id":"https:\/\/www.modave.be\/#organization","name":"Commune de Modave","url":"https:\/\/www.modave.be\/","logo":{"@type":"ImageObject","inLanguage":"fr-FR","@id":"https:\/\/www.modave.be\/#\/schema\/logo\/image\/","url":"https:\/\/www.modave.be\/wp-content\/uploads\/2021\/12\/MODAVE_LOGO_HORIZONTAL_QUADRI_RVB.png","contentUrl":"https:\/\/www.modave.be\/wp-content\/uploads\/2021\/12\/MODAVE_LOGO_HORIZONTAL_QUADRI_RVB.png","width":1200,"height":501,"caption":"Commune de Modave"},"image":{"@id":"https:\/\/www.modave.be\/#\/schema\/logo\/image\/"}}]}},"_links":{"self":[{"href":"https:\/\/www.modave.be\/index.php\/wp-json\/wp\/v2\/services_communaux\/15157","targetHints":{"allow":["GET"]}}],"collection":[{"href":"https:\/\/www.modave.be\/index.php\/wp-json\/wp\/v2\/services_communaux"}],"about":[{"href":"https:\/\/www.modave.be\/index.php\/wp-json\/wp\/v2\/types\/services_communaux"}],"author":[{"embeddable":true,"href":"https:\/\/www.modave.be\/index.php\/wp-json\/wp\/v2\/users\/9"}],"wp:featuredmedia":[{"embeddable":true,"href":"https:\/\/www.modave.be\/index.php\/wp-json\/wp\/v2\/media\/15161"}],"wp:attachment":[{"href":"https:\/\/www.modave.be\/index.php\/wp-json\/wp\/v2\/media?parent=15157"}],"wp:term":[{"taxonomy":"category","embeddable":true,"href":"https:\/\/www.modave.be\/index.php\/wp-json\/wp\/v2\/categories?post=15157"}],"curies":[{"name":"wp","href":"https:\/\/api.w.org\/{rel}","templated":true}]}}