{"id":15395,"date":"2025-03-28T15:44:19","date_gmt":"2025-03-28T14:44:19","guid":{"rendered":"https:\/\/www.modave.be\/?post_type=services_communaux&#038;p=15395"},"modified":"2025-03-28T16:06:47","modified_gmt":"2025-03-28T15:06:47","slug":"direction-scolaire-appel-a-candidatures","status":"publish","type":"services_communaux","link":"https:\/\/www.modave.be\/index.php\/services_communaux\/direction-scolaire-appel-a-candidatures\/","title":{"rendered":"Direction scolaire | Appel \u00e0 candidatures"},"content":{"rendered":"\n<h2 class=\"wp-block-heading\">Appel \u00e0 candidatures \u2013 Direction de l\u2019\u00e9cole communale de Modave<\/h2>\n\n\n\n<p>La Commune de Modave lance un appel \u00e0 candidatures pour le poste de directrice ou directeur de l\u2019\u00e9cole communale, un \u00e9tablissement r\u00e9parti sur trois implantations (Vierset, Modave et Les Gottes), accueillant environ 230 \u00e9l\u00e8ves de la maternelle \u00e0 la 6e primaire.<\/p>\n\n\n\n<p>Ce poste \u00e0 pourvoir<strong> \u00e0 partir du 7 juillet 2025<\/strong> est une fonction \u00e0 responsabilit\u00e9 qui demande \u00e0 la fois des comp\u00e9tences p\u00e9dagogiques, humaines et organisationnelles. Vous souhaitez contribuer activement \u00e0 un projet \u00e9ducatif ambitieux, en collaboration \u00e9troite avec les \u00e9quipes p\u00e9dagogiques, les familles et le Pouvoir Organisateur ? Cette opportunit\u00e9 est faite pour vous !<\/p>\n\n\n\n<p class=\"has-text-color has-link-color wp-elements-b3cd49b86e48607fb6a538dfdfc08b12\" style=\"color:#ff0000\">\ud83d\udc49 Les candidatures sont \u00e0 remettre au plus tard le 14 avril 2025 \u00e0 12h00, selon les modalit\u00e9s d\u00e9taill\u00e9es dans le document d\u2019appel \u00e0 candidatures ci-dessous.<\/p>\n\n\n\n<p>Pour toute question ou demande de pr\u00e9cision, vous pouvez contacter Monsieur Fr\u00e9d\u00e9ric Legrand, Directeur g\u00e9n\u00e9ral, \u00e0 l\u2019adresse suivante : <a href=\"mailto:frederic.legrand@modave.be\">frederic.legrand@modave.be<\/a>.<\/p>\n\n\n\n<div data-wp-interactive=\"core\/file\" class=\"wp-block-file\"><object data-wp-bind--hidden=\"!state.hasPdfPreview\" hidden class=\"wp-block-file__embed\" data=\"https:\/\/www.modave.be\/wp-content\/uploads\/2025\/03\/Appel-a-candidatures-Direction-scolaire.pdf\" type=\"application\/pdf\" style=\"width:100%;height:600px\" aria-label=\"Contenu embarqu\u00e9 Appel \u00e0 candidatures Direction scolaire.\"><\/object><a id=\"wp-block-file--media-49d962e7-4392-43bb-970c-5298e70c2e95\" href=\"https:\/\/www.modave.be\/wp-content\/uploads\/2025\/03\/Appel-a-candidatures-Direction-scolaire.pdf\">Appel \u00e0 candidatures Direction scolaire<\/a><a href=\"https:\/\/www.modave.be\/wp-content\/uploads\/2025\/03\/Appel-a-candidatures-Direction-scolaire.pdf\" class=\"wp-block-file__button wp-element-button\" download aria-describedby=\"wp-block-file--media-49d962e7-4392-43bb-970c-5298e70c2e95\">T\u00e9l\u00e9charger<\/a><\/div>\n\n\n\n<div data-wp-interactive=\"core\/file\" class=\"wp-block-file\"><object data-wp-bind--hidden=\"!state.hasPdfPreview\" hidden class=\"wp-block-file__embed\" data=\"https:\/\/www.modave.be\/wp-content\/uploads\/2025\/03\/Profil-de-fonction-type-du-directeur-decole.pdf\" type=\"application\/pdf\" style=\"width:100%;height:600px\" aria-label=\"Contenu embarqu\u00e9 Profil de fonction - type du directeur d&apos;\u00e9cole.\"><\/object><a id=\"wp-block-file--media-0dbf4a88-9e16-455b-8674-9c9d9738277b\" href=\"https:\/\/www.modave.be\/wp-content\/uploads\/2025\/03\/Profil-de-fonction-type-du-directeur-decole.pdf\">Profil de fonction &#8211; type du directeur d&rsquo;\u00e9cole<\/a><a href=\"https:\/\/www.modave.be\/wp-content\/uploads\/2025\/03\/Profil-de-fonction-type-du-directeur-decole.pdf\" class=\"wp-block-file__button wp-element-button\" download aria-describedby=\"wp-block-file--media-0dbf4a88-9e16-455b-8674-9c9d9738277b\">T\u00e9l\u00e9charger<\/a><\/div>\n\n\n\n<p><br><\/p>\n","protected":false},"excerpt":{"rendered":"<p>Appel \u00e0 candidatures \u2013 Direction de l\u2019\u00e9cole communale de Modave La Commune de Modave lance un appel \u00e0 candidatures pour le poste de directrice ou directeur de l\u2019\u00e9cole communale, un \u00e9tablissement r\u00e9parti sur trois implantations (Vierset, Modave et Les Gottes), accueillant environ 230 \u00e9l\u00e8ves de la maternelle \u00e0 la 6e primaire. Ce poste \u00e0 pourvoir&hellip;<\/p>\n","protected":false},"author":9,"featured_media":15164,"menu_order":0,"template":"","categories":[210,200,204],"class_list":["post-15395","services_communaux","type-services_communaux","status-publish","has-post-thumbnail","hentry","category-ecole_communale","category-extra_scolaire","category-personnel","description-off"],"yoast_head":"<!-- This site is optimized with the Yoast SEO plugin v27.5 - https:\/\/yoast.com\/product\/yoast-seo-wordpress\/ -->\n<title>Direction scolaire | Appel \u00e0 candidatures - Commune de Modave<\/title>\n<meta name=\"robots\" content=\"index, follow, max-snippet:-1, max-image-preview:large, max-video-preview:-1\" \/>\n<link rel=\"canonical\" href=\"https:\/\/www.modave.be\/index.php\/services_communaux\/direction-scolaire-appel-a-candidatures\/\" \/>\n<meta property=\"og:locale\" content=\"fr_FR\" \/>\n<meta property=\"og:type\" content=\"article\" \/>\n<meta property=\"og:title\" content=\"Direction scolaire | Appel \u00e0 candidatures - Commune de Modave\" \/>\n<meta property=\"og:description\" content=\"Appel \u00e0 candidatures \u2013 Direction de l\u2019\u00e9cole communale de Modave La Commune de Modave lance un appel \u00e0 candidatures pour le poste de directrice ou directeur de l\u2019\u00e9cole communale, un \u00e9tablissement r\u00e9parti sur trois implantations (Vierset, Modave et Les Gottes), accueillant environ 230 \u00e9l\u00e8ves de la maternelle \u00e0 la 6e primaire. Ce poste \u00e0 pourvoir&hellip;\" \/>\n<meta property=\"og:url\" content=\"https:\/\/www.modave.be\/index.php\/services_communaux\/direction-scolaire-appel-a-candidatures\/\" \/>\n<meta property=\"og:site_name\" content=\"Commune de Modave\" \/>\n<meta property=\"article:modified_time\" content=\"2025-03-28T15:06:47+00:00\" \/>\n<meta property=\"og:image\" content=\"https:\/\/www.modave.be\/wp-content\/uploads\/2025\/03\/IMG_1533-Avec-accentuation-Bruit-scaled-e1741077000759.jpg\" \/>\n\t<meta property=\"og:image:width\" content=\"2560\" \/>\n\t<meta property=\"og:image:height\" content=\"1280\" \/>\n\t<meta property=\"og:image:type\" content=\"image\/jpeg\" \/>\n<meta name=\"twitter:card\" content=\"summary_large_image\" \/>\n<meta name=\"twitter:label1\" content=\"Dur\u00e9e de lecture estim\u00e9e\" \/>\n\t<meta name=\"twitter:data1\" content=\"1 minute\" \/>\n<script type=\"application\/ld+json\" class=\"yoast-schema-graph\">{\"@context\":\"https:\\\/\\\/schema.org\",\"@graph\":[{\"@type\":\"WebPage\",\"@id\":\"https:\\\/\\\/www.modave.be\\\/index.php\\\/services_communaux\\\/direction-scolaire-appel-a-candidatures\\\/\",\"url\":\"https:\\\/\\\/www.modave.be\\\/index.php\\\/services_communaux\\\/direction-scolaire-appel-a-candidatures\\\/\",\"name\":\"Direction scolaire | Appel \u00e0 candidatures - Commune de Modave\",\"isPartOf\":{\"@id\":\"https:\\\/\\\/www.modave.be\\\/#website\"},\"primaryImageOfPage\":{\"@id\":\"https:\\\/\\\/www.modave.be\\\/index.php\\\/services_communaux\\\/direction-scolaire-appel-a-candidatures\\\/#primaryimage\"},\"image\":{\"@id\":\"https:\\\/\\\/www.modave.be\\\/index.php\\\/services_communaux\\\/direction-scolaire-appel-a-candidatures\\\/#primaryimage\"},\"thumbnailUrl\":\"https:\\\/\\\/www.modave.be\\\/wp-content\\\/uploads\\\/2025\\\/03\\\/IMG_1533-Avec-accentuation-Bruit-scaled-e1741077000759.jpg\",\"datePublished\":\"2025-03-28T14:44:19+00:00\",\"dateModified\":\"2025-03-28T15:06:47+00:00\",\"breadcrumb\":{\"@id\":\"https:\\\/\\\/www.modave.be\\\/index.php\\\/services_communaux\\\/direction-scolaire-appel-a-candidatures\\\/#breadcrumb\"},\"inLanguage\":\"fr-FR\",\"potentialAction\":[{\"@type\":\"ReadAction\",\"target\":[\"https:\\\/\\\/www.modave.be\\\/index.php\\\/services_communaux\\\/direction-scolaire-appel-a-candidatures\\\/\"]}]},{\"@type\":\"ImageObject\",\"inLanguage\":\"fr-FR\",\"@id\":\"https:\\\/\\\/www.modave.be\\\/index.php\\\/services_communaux\\\/direction-scolaire-appel-a-candidatures\\\/#primaryimage\",\"url\":\"https:\\\/\\\/www.modave.be\\\/wp-content\\\/uploads\\\/2025\\\/03\\\/IMG_1533-Avec-accentuation-Bruit-scaled-e1741077000759.jpg\",\"contentUrl\":\"https:\\\/\\\/www.modave.be\\\/wp-content\\\/uploads\\\/2025\\\/03\\\/IMG_1533-Avec-accentuation-Bruit-scaled-e1741077000759.jpg\",\"width\":2560,\"height\":1280},{\"@type\":\"BreadcrumbList\",\"@id\":\"https:\\\/\\\/www.modave.be\\\/index.php\\\/services_communaux\\\/direction-scolaire-appel-a-candidatures\\\/#breadcrumb\",\"itemListElement\":[{\"@type\":\"ListItem\",\"position\":1,\"name\":\"Accueil\",\"item\":\"https:\\\/\\\/www.modave.be\\\/\"},{\"@type\":\"ListItem\",\"position\":2,\"name\":\"Direction scolaire | Appel \u00e0 candidatures\"}]},{\"@type\":\"WebSite\",\"@id\":\"https:\\\/\\\/www.modave.be\\\/#website\",\"url\":\"https:\\\/\\\/www.modave.be\\\/\",\"name\":\"Commune de Modave\",\"description\":\"Commune de Modave\",\"publisher\":{\"@id\":\"https:\\\/\\\/www.modave.be\\\/#organization\"},\"potentialAction\":[{\"@type\":\"SearchAction\",\"target\":{\"@type\":\"EntryPoint\",\"urlTemplate\":\"https:\\\/\\\/www.modave.be\\\/?s={search_term_string}\"},\"query-input\":{\"@type\":\"PropertyValueSpecification\",\"valueRequired\":true,\"valueName\":\"search_term_string\"}}],\"inLanguage\":\"fr-FR\"},{\"@type\":\"Organization\",\"@id\":\"https:\\\/\\\/www.modave.be\\\/#organization\",\"name\":\"Commune de Modave\",\"url\":\"https:\\\/\\\/www.modave.be\\\/\",\"logo\":{\"@type\":\"ImageObject\",\"inLanguage\":\"fr-FR\",\"@id\":\"https:\\\/\\\/www.modave.be\\\/#\\\/schema\\\/logo\\\/image\\\/\",\"url\":\"https:\\\/\\\/www.modave.be\\\/wp-content\\\/uploads\\\/2021\\\/12\\\/MODAVE_LOGO_HORIZONTAL_QUADRI_RVB.png\",\"contentUrl\":\"https:\\\/\\\/www.modave.be\\\/wp-content\\\/uploads\\\/2021\\\/12\\\/MODAVE_LOGO_HORIZONTAL_QUADRI_RVB.png\",\"width\":1200,\"height\":501,\"caption\":\"Commune de Modave\"},\"image\":{\"@id\":\"https:\\\/\\\/www.modave.be\\\/#\\\/schema\\\/logo\\\/image\\\/\"}}]}<\/script>\n<!-- \/ Yoast SEO plugin. -->","yoast_head_json":{"title":"Direction scolaire | Appel \u00e0 candidatures - Commune de Modave","robots":{"index":"index","follow":"follow","max-snippet":"max-snippet:-1","max-image-preview":"max-image-preview:large","max-video-preview":"max-video-preview:-1"},"canonical":"https:\/\/www.modave.be\/index.php\/services_communaux\/direction-scolaire-appel-a-candidatures\/","og_locale":"fr_FR","og_type":"article","og_title":"Direction scolaire | Appel \u00e0 candidatures - Commune de Modave","og_description":"Appel \u00e0 candidatures \u2013 Direction de l\u2019\u00e9cole communale de Modave La Commune de Modave lance un appel \u00e0 candidatures pour le poste de directrice ou directeur de l\u2019\u00e9cole communale, un \u00e9tablissement r\u00e9parti sur trois implantations (Vierset, Modave et Les Gottes), accueillant environ 230 \u00e9l\u00e8ves de la maternelle \u00e0 la 6e primaire. Ce poste \u00e0 pourvoir&hellip;","og_url":"https:\/\/www.modave.be\/index.php\/services_communaux\/direction-scolaire-appel-a-candidatures\/","og_site_name":"Commune de Modave","article_modified_time":"2025-03-28T15:06:47+00:00","og_image":[{"width":2560,"height":1280,"url":"https:\/\/www.modave.be\/wp-content\/uploads\/2025\/03\/IMG_1533-Avec-accentuation-Bruit-scaled-e1741077000759.jpg","type":"image\/jpeg"}],"twitter_card":"summary_large_image","twitter_misc":{"Dur\u00e9e de lecture estim\u00e9e":"1 minute"},"schema":{"@context":"https:\/\/schema.org","@graph":[{"@type":"WebPage","@id":"https:\/\/www.modave.be\/index.php\/services_communaux\/direction-scolaire-appel-a-candidatures\/","url":"https:\/\/www.modave.be\/index.php\/services_communaux\/direction-scolaire-appel-a-candidatures\/","name":"Direction scolaire | Appel \u00e0 candidatures - Commune de Modave","isPartOf":{"@id":"https:\/\/www.modave.be\/#website"},"primaryImageOfPage":{"@id":"https:\/\/www.modave.be\/index.php\/services_communaux\/direction-scolaire-appel-a-candidatures\/#primaryimage"},"image":{"@id":"https:\/\/www.modave.be\/index.php\/services_communaux\/direction-scolaire-appel-a-candidatures\/#primaryimage"},"thumbnailUrl":"https:\/\/www.modave.be\/wp-content\/uploads\/2025\/03\/IMG_1533-Avec-accentuation-Bruit-scaled-e1741077000759.jpg","datePublished":"2025-03-28T14:44:19+00:00","dateModified":"2025-03-28T15:06:47+00:00","breadcrumb":{"@id":"https:\/\/www.modave.be\/index.php\/services_communaux\/direction-scolaire-appel-a-candidatures\/#breadcrumb"},"inLanguage":"fr-FR","potentialAction":[{"@type":"ReadAction","target":["https:\/\/www.modave.be\/index.php\/services_communaux\/direction-scolaire-appel-a-candidatures\/"]}]},{"@type":"ImageObject","inLanguage":"fr-FR","@id":"https:\/\/www.modave.be\/index.php\/services_communaux\/direction-scolaire-appel-a-candidatures\/#primaryimage","url":"https:\/\/www.modave.be\/wp-content\/uploads\/2025\/03\/IMG_1533-Avec-accentuation-Bruit-scaled-e1741077000759.jpg","contentUrl":"https:\/\/www.modave.be\/wp-content\/uploads\/2025\/03\/IMG_1533-Avec-accentuation-Bruit-scaled-e1741077000759.jpg","width":2560,"height":1280},{"@type":"BreadcrumbList","@id":"https:\/\/www.modave.be\/index.php\/services_communaux\/direction-scolaire-appel-a-candidatures\/#breadcrumb","itemListElement":[{"@type":"ListItem","position":1,"name":"Accueil","item":"https:\/\/www.modave.be\/"},{"@type":"ListItem","position":2,"name":"Direction scolaire | Appel \u00e0 candidatures"}]},{"@type":"WebSite","@id":"https:\/\/www.modave.be\/#website","url":"https:\/\/www.modave.be\/","name":"Commune de Modave","description":"Commune de Modave","publisher":{"@id":"https:\/\/www.modave.be\/#organization"},"potentialAction":[{"@type":"SearchAction","target":{"@type":"EntryPoint","urlTemplate":"https:\/\/www.modave.be\/?s={search_term_string}"},"query-input":{"@type":"PropertyValueSpecification","valueRequired":true,"valueName":"search_term_string"}}],"inLanguage":"fr-FR"},{"@type":"Organization","@id":"https:\/\/www.modave.be\/#organization","name":"Commune de Modave","url":"https:\/\/www.modave.be\/","logo":{"@type":"ImageObject","inLanguage":"fr-FR","@id":"https:\/\/www.modave.be\/#\/schema\/logo\/image\/","url":"https:\/\/www.modave.be\/wp-content\/uploads\/2021\/12\/MODAVE_LOGO_HORIZONTAL_QUADRI_RVB.png","contentUrl":"https:\/\/www.modave.be\/wp-content\/uploads\/2021\/12\/MODAVE_LOGO_HORIZONTAL_QUADRI_RVB.png","width":1200,"height":501,"caption":"Commune de Modave"},"image":{"@id":"https:\/\/www.modave.be\/#\/schema\/logo\/image\/"}}]}},"_links":{"self":[{"href":"https:\/\/www.modave.be\/index.php\/wp-json\/wp\/v2\/services_communaux\/15395","targetHints":{"allow":["GET"]}}],"collection":[{"href":"https:\/\/www.modave.be\/index.php\/wp-json\/wp\/v2\/services_communaux"}],"about":[{"href":"https:\/\/www.modave.be\/index.php\/wp-json\/wp\/v2\/types\/services_communaux"}],"author":[{"embeddable":true,"href":"https:\/\/www.modave.be\/index.php\/wp-json\/wp\/v2\/users\/9"}],"wp:featuredmedia":[{"embeddable":true,"href":"https:\/\/www.modave.be\/index.php\/wp-json\/wp\/v2\/media\/15164"}],"wp:attachment":[{"href":"https:\/\/www.modave.be\/index.php\/wp-json\/wp\/v2\/media?parent=15395"}],"wp:term":[{"taxonomy":"category","embeddable":true,"href":"https:\/\/www.modave.be\/index.php\/wp-json\/wp\/v2\/categories?post=15395"}],"curies":[{"name":"wp","href":"https:\/\/api.w.org\/{rel}","templated":true}]}}