{"id":15448,"date":"2025-04-16T17:52:37","date_gmt":"2025-04-16T15:52:37","guid":{"rendered":"https:\/\/www.modave.be\/?post_type=services_communaux&#038;p=15448"},"modified":"2025-04-17T12:28:45","modified_gmt":"2025-04-17T10:28:45","slug":"fleche-wallonne-23-avril-2025","status":"publish","type":"services_communaux","link":"https:\/\/www.modave.be\/index.php\/services_communaux\/fleche-wallonne-23-avril-2025\/","title":{"rendered":"Fl\u00e8che Wallonne | 23 avril 2025"},"content":{"rendered":"\n<h3 class=\"wp-block-heading\"><strong>La Fl\u00e8che Wallonne passe par Modave<\/strong><\/h3>\n\n\n\n<p><em>Ce mercredi 23 avril 2025, notre belle commune aura l\u2019honneur d\u2019accueillir la Fl\u00e8che Wallonne.<br>Des coureuses et coureurs parmi les meilleurs du monde traverseront nos routes, offrant \u00e0 chacune et chacun l\u2019occasion de vivre un moment unique.<\/em><\/p>\n\n\n\n<p>Horaires de passage :<br><strong>Fl\u00e8che Wallonne f\u00e9minine<\/strong><\/p>\n\n\n\n<ul class=\"wp-block-list\">\n<li>1er passage : entre 15h57 et 16h15 &#8211; Venant de Clavier via la RN641 en direction de Marchin<\/li>\n\n\n\n<li>2e passage : entre 16h46 et 17h18 &#8211; Venant de Huy via la RN66, le Pont de Bonne et la RN636 en direction de Marchin via la RN641<\/li>\n<\/ul>\n\n\n\n<p><strong>Fl\u00e8che Wallonne masculine<\/strong><\/p>\n\n\n\n<ul class=\"wp-block-list\">\n<li>1er passage : entre 14h01 et 14h15 &#8211; Venant de Clavier en direction de Marchin via la RN64<\/li>\n\n\n\n<li>2e passage : entre 14h40 et 15h09 &#8211; Venant de Huy via la RN66, le Pont de Bonne et la RN636 en direction de Marchin via la RN641<\/li>\n\n\n\n<li>3e passage : entre 15h30 et 16h03 &#8211; Venant de Huy via la RN66, le Pont de Bonne et la RN636 en direction de Marchin via la RN641<\/li>\n<\/ul>\n\n\n\n<p>Des perturbations temporaires de la circulation sont \u00e0 pr\u00e9voir lors du passage des pelotons.<\/p>\n\n\n\n<blockquote class=\"wp-block-quote is-layout-flow wp-block-quote-is-layout-flow\">\n<p>Merci de faire preuve de compr\u00e9hension, de patience et de bienveillance envers les b\u00e9n\u00e9voles, l\u2019organisation et les forces de l\u2019ordre.<\/p>\n<\/blockquote>\n\n\n\n<p>Que vous soyez passionn\u00e9 de cyclisme ou simplement curieux, n\u2019h\u00e9sitez pas \u00e0 venir encourager les athl\u00e8tes au bord des routes, en toute s\u00e9curit\u00e9 et dans le respect des consignes.<\/p>\n\n\n\n<figure class=\"wp-block-image size-large\"><img fetchpriority=\"high\" decoding=\"async\" width=\"724\" height=\"1024\" src=\"https:\/\/www.modave.be\/wp-content\/uploads\/2025\/04\/d6e8f-724x1024.jpg\" alt=\"\" class=\"wp-image-15446\" srcset=\"https:\/\/www.modave.be\/wp-content\/uploads\/2025\/04\/d6e8f-724x1024.jpg 724w, https:\/\/www.modave.be\/wp-content\/uploads\/2025\/04\/d6e8f-212x300.jpg 212w, https:\/\/www.modave.be\/wp-content\/uploads\/2025\/04\/d6e8f-768x1086.jpg 768w, https:\/\/www.modave.be\/wp-content\/uploads\/2025\/04\/d6e8f.jpg 960w\" sizes=\"(max-width: 724px) 100vw, 724px\" \/><\/figure>\n","protected":false},"excerpt":{"rendered":"<p>La Fl\u00e8che Wallonne passe par Modave Ce mercredi 23 avril 2025, notre belle commune aura l\u2019honneur d\u2019accueillir la Fl\u00e8che Wallonne.Des coureuses et coureurs parmi les meilleurs du monde traverseront nos routes, offrant \u00e0 chacune et chacun l\u2019occasion de vivre un moment unique. Horaires de passage :Fl\u00e8che Wallonne f\u00e9minine Fl\u00e8che Wallonne masculine Des perturbations temporaires de&hellip;<\/p>\n","protected":false},"author":9,"featured_media":15445,"menu_order":0,"template":"","categories":[206],"class_list":["post-15448","services_communaux","type-services_communaux","status-publish","has-post-thumbnail","hentry","category-sports_et_loisirs","description-off"],"yoast_head":"<!-- This site is optimized with the Yoast SEO plugin v27.5 - https:\/\/yoast.com\/product\/yoast-seo-wordpress\/ -->\n<title>Fl\u00e8che Wallonne | 23 avril 2025 - Commune de Modave<\/title>\n<meta name=\"robots\" content=\"index, follow, max-snippet:-1, max-image-preview:large, max-video-preview:-1\" \/>\n<link rel=\"canonical\" href=\"https:\/\/www.modave.be\/index.php\/services_communaux\/fleche-wallonne-23-avril-2025\/\" \/>\n<meta property=\"og:locale\" content=\"fr_FR\" \/>\n<meta property=\"og:type\" content=\"article\" \/>\n<meta property=\"og:title\" content=\"Fl\u00e8che Wallonne | 23 avril 2025 - Commune de Modave\" \/>\n<meta property=\"og:description\" content=\"La Fl\u00e8che Wallonne passe par Modave Ce mercredi 23 avril 2025, notre belle commune aura l\u2019honneur d\u2019accueillir la Fl\u00e8che Wallonne.Des coureuses et coureurs parmi les meilleurs du monde traverseront nos routes, offrant \u00e0 chacune et chacun l\u2019occasion de vivre un moment unique. Horaires de passage :Fl\u00e8che Wallonne f\u00e9minine Fl\u00e8che Wallonne masculine Des perturbations temporaires de&hellip;\" \/>\n<meta property=\"og:url\" content=\"https:\/\/www.modave.be\/index.php\/services_communaux\/fleche-wallonne-23-avril-2025\/\" \/>\n<meta property=\"og:site_name\" content=\"Commune de Modave\" \/>\n<meta property=\"article:modified_time\" content=\"2025-04-17T10:28:45+00:00\" \/>\n<meta property=\"og:image\" content=\"https:\/\/www.modave.be\/wp-content\/uploads\/2025\/04\/Fleche-wallonne-e1744818205479.png\" \/>\n\t<meta property=\"og:image:width\" content=\"1080\" \/>\n\t<meta property=\"og:image:height\" content=\"540\" \/>\n\t<meta property=\"og:image:type\" content=\"image\/png\" \/>\n<meta name=\"twitter:card\" content=\"summary_large_image\" \/>\n<meta name=\"twitter:label1\" content=\"Dur\u00e9e de lecture estim\u00e9e\" \/>\n\t<meta name=\"twitter:data1\" content=\"1 minute\" \/>\n<script type=\"application\/ld+json\" class=\"yoast-schema-graph\">{\"@context\":\"https:\\\/\\\/schema.org\",\"@graph\":[{\"@type\":\"WebPage\",\"@id\":\"https:\\\/\\\/www.modave.be\\\/index.php\\\/services_communaux\\\/fleche-wallonne-23-avril-2025\\\/\",\"url\":\"https:\\\/\\\/www.modave.be\\\/index.php\\\/services_communaux\\\/fleche-wallonne-23-avril-2025\\\/\",\"name\":\"Fl\u00e8che Wallonne | 23 avril 2025 - Commune de Modave\",\"isPartOf\":{\"@id\":\"https:\\\/\\\/www.modave.be\\\/#website\"},\"primaryImageOfPage\":{\"@id\":\"https:\\\/\\\/www.modave.be\\\/index.php\\\/services_communaux\\\/fleche-wallonne-23-avril-2025\\\/#primaryimage\"},\"image\":{\"@id\":\"https:\\\/\\\/www.modave.be\\\/index.php\\\/services_communaux\\\/fleche-wallonne-23-avril-2025\\\/#primaryimage\"},\"thumbnailUrl\":\"https:\\\/\\\/www.modave.be\\\/wp-content\\\/uploads\\\/2025\\\/04\\\/Fleche-wallonne-e1744818205479.png\",\"datePublished\":\"2025-04-16T15:52:37+00:00\",\"dateModified\":\"2025-04-17T10:28:45+00:00\",\"breadcrumb\":{\"@id\":\"https:\\\/\\\/www.modave.be\\\/index.php\\\/services_communaux\\\/fleche-wallonne-23-avril-2025\\\/#breadcrumb\"},\"inLanguage\":\"fr-FR\",\"potentialAction\":[{\"@type\":\"ReadAction\",\"target\":[\"https:\\\/\\\/www.modave.be\\\/index.php\\\/services_communaux\\\/fleche-wallonne-23-avril-2025\\\/\"]}]},{\"@type\":\"ImageObject\",\"inLanguage\":\"fr-FR\",\"@id\":\"https:\\\/\\\/www.modave.be\\\/index.php\\\/services_communaux\\\/fleche-wallonne-23-avril-2025\\\/#primaryimage\",\"url\":\"https:\\\/\\\/www.modave.be\\\/wp-content\\\/uploads\\\/2025\\\/04\\\/Fleche-wallonne-e1744818205479.png\",\"contentUrl\":\"https:\\\/\\\/www.modave.be\\\/wp-content\\\/uploads\\\/2025\\\/04\\\/Fleche-wallonne-e1744818205479.png\",\"width\":1080,\"height\":540},{\"@type\":\"BreadcrumbList\",\"@id\":\"https:\\\/\\\/www.modave.be\\\/index.php\\\/services_communaux\\\/fleche-wallonne-23-avril-2025\\\/#breadcrumb\",\"itemListElement\":[{\"@type\":\"ListItem\",\"position\":1,\"name\":\"Accueil\",\"item\":\"https:\\\/\\\/www.modave.be\\\/\"},{\"@type\":\"ListItem\",\"position\":2,\"name\":\"Fl\u00e8che Wallonne | 23 avril 2025\"}]},{\"@type\":\"WebSite\",\"@id\":\"https:\\\/\\\/www.modave.be\\\/#website\",\"url\":\"https:\\\/\\\/www.modave.be\\\/\",\"name\":\"Commune de Modave\",\"description\":\"Commune de Modave\",\"publisher\":{\"@id\":\"https:\\\/\\\/www.modave.be\\\/#organization\"},\"potentialAction\":[{\"@type\":\"SearchAction\",\"target\":{\"@type\":\"EntryPoint\",\"urlTemplate\":\"https:\\\/\\\/www.modave.be\\\/?s={search_term_string}\"},\"query-input\":{\"@type\":\"PropertyValueSpecification\",\"valueRequired\":true,\"valueName\":\"search_term_string\"}}],\"inLanguage\":\"fr-FR\"},{\"@type\":\"Organization\",\"@id\":\"https:\\\/\\\/www.modave.be\\\/#organization\",\"name\":\"Commune de Modave\",\"url\":\"https:\\\/\\\/www.modave.be\\\/\",\"logo\":{\"@type\":\"ImageObject\",\"inLanguage\":\"fr-FR\",\"@id\":\"https:\\\/\\\/www.modave.be\\\/#\\\/schema\\\/logo\\\/image\\\/\",\"url\":\"https:\\\/\\\/www.modave.be\\\/wp-content\\\/uploads\\\/2021\\\/12\\\/MODAVE_LOGO_HORIZONTAL_QUADRI_RVB.png\",\"contentUrl\":\"https:\\\/\\\/www.modave.be\\\/wp-content\\\/uploads\\\/2021\\\/12\\\/MODAVE_LOGO_HORIZONTAL_QUADRI_RVB.png\",\"width\":1200,\"height\":501,\"caption\":\"Commune de Modave\"},\"image\":{\"@id\":\"https:\\\/\\\/www.modave.be\\\/#\\\/schema\\\/logo\\\/image\\\/\"}}]}<\/script>\n<!-- \/ Yoast SEO plugin. -->","yoast_head_json":{"title":"Fl\u00e8che Wallonne | 23 avril 2025 - Commune de Modave","robots":{"index":"index","follow":"follow","max-snippet":"max-snippet:-1","max-image-preview":"max-image-preview:large","max-video-preview":"max-video-preview:-1"},"canonical":"https:\/\/www.modave.be\/index.php\/services_communaux\/fleche-wallonne-23-avril-2025\/","og_locale":"fr_FR","og_type":"article","og_title":"Fl\u00e8che Wallonne | 23 avril 2025 - Commune de Modave","og_description":"La Fl\u00e8che Wallonne passe par Modave Ce mercredi 23 avril 2025, notre belle commune aura l\u2019honneur d\u2019accueillir la Fl\u00e8che Wallonne.Des coureuses et coureurs parmi les meilleurs du monde traverseront nos routes, offrant \u00e0 chacune et chacun l\u2019occasion de vivre un moment unique. Horaires de passage :Fl\u00e8che Wallonne f\u00e9minine Fl\u00e8che Wallonne masculine Des perturbations temporaires de&hellip;","og_url":"https:\/\/www.modave.be\/index.php\/services_communaux\/fleche-wallonne-23-avril-2025\/","og_site_name":"Commune de Modave","article_modified_time":"2025-04-17T10:28:45+00:00","og_image":[{"width":1080,"height":540,"url":"https:\/\/www.modave.be\/wp-content\/uploads\/2025\/04\/Fleche-wallonne-e1744818205479.png","type":"image\/png"}],"twitter_card":"summary_large_image","twitter_misc":{"Dur\u00e9e de lecture estim\u00e9e":"1 minute"},"schema":{"@context":"https:\/\/schema.org","@graph":[{"@type":"WebPage","@id":"https:\/\/www.modave.be\/index.php\/services_communaux\/fleche-wallonne-23-avril-2025\/","url":"https:\/\/www.modave.be\/index.php\/services_communaux\/fleche-wallonne-23-avril-2025\/","name":"Fl\u00e8che Wallonne | 23 avril 2025 - Commune de Modave","isPartOf":{"@id":"https:\/\/www.modave.be\/#website"},"primaryImageOfPage":{"@id":"https:\/\/www.modave.be\/index.php\/services_communaux\/fleche-wallonne-23-avril-2025\/#primaryimage"},"image":{"@id":"https:\/\/www.modave.be\/index.php\/services_communaux\/fleche-wallonne-23-avril-2025\/#primaryimage"},"thumbnailUrl":"https:\/\/www.modave.be\/wp-content\/uploads\/2025\/04\/Fleche-wallonne-e1744818205479.png","datePublished":"2025-04-16T15:52:37+00:00","dateModified":"2025-04-17T10:28:45+00:00","breadcrumb":{"@id":"https:\/\/www.modave.be\/index.php\/services_communaux\/fleche-wallonne-23-avril-2025\/#breadcrumb"},"inLanguage":"fr-FR","potentialAction":[{"@type":"ReadAction","target":["https:\/\/www.modave.be\/index.php\/services_communaux\/fleche-wallonne-23-avril-2025\/"]}]},{"@type":"ImageObject","inLanguage":"fr-FR","@id":"https:\/\/www.modave.be\/index.php\/services_communaux\/fleche-wallonne-23-avril-2025\/#primaryimage","url":"https:\/\/www.modave.be\/wp-content\/uploads\/2025\/04\/Fleche-wallonne-e1744818205479.png","contentUrl":"https:\/\/www.modave.be\/wp-content\/uploads\/2025\/04\/Fleche-wallonne-e1744818205479.png","width":1080,"height":540},{"@type":"BreadcrumbList","@id":"https:\/\/www.modave.be\/index.php\/services_communaux\/fleche-wallonne-23-avril-2025\/#breadcrumb","itemListElement":[{"@type":"ListItem","position":1,"name":"Accueil","item":"https:\/\/www.modave.be\/"},{"@type":"ListItem","position":2,"name":"Fl\u00e8che Wallonne | 23 avril 2025"}]},{"@type":"WebSite","@id":"https:\/\/www.modave.be\/#website","url":"https:\/\/www.modave.be\/","name":"Commune de Modave","description":"Commune de Modave","publisher":{"@id":"https:\/\/www.modave.be\/#organization"},"potentialAction":[{"@type":"SearchAction","target":{"@type":"EntryPoint","urlTemplate":"https:\/\/www.modave.be\/?s={search_term_string}"},"query-input":{"@type":"PropertyValueSpecification","valueRequired":true,"valueName":"search_term_string"}}],"inLanguage":"fr-FR"},{"@type":"Organization","@id":"https:\/\/www.modave.be\/#organization","name":"Commune de Modave","url":"https:\/\/www.modave.be\/","logo":{"@type":"ImageObject","inLanguage":"fr-FR","@id":"https:\/\/www.modave.be\/#\/schema\/logo\/image\/","url":"https:\/\/www.modave.be\/wp-content\/uploads\/2021\/12\/MODAVE_LOGO_HORIZONTAL_QUADRI_RVB.png","contentUrl":"https:\/\/www.modave.be\/wp-content\/uploads\/2021\/12\/MODAVE_LOGO_HORIZONTAL_QUADRI_RVB.png","width":1200,"height":501,"caption":"Commune de Modave"},"image":{"@id":"https:\/\/www.modave.be\/#\/schema\/logo\/image\/"}}]}},"_links":{"self":[{"href":"https:\/\/www.modave.be\/index.php\/wp-json\/wp\/v2\/services_communaux\/15448","targetHints":{"allow":["GET"]}}],"collection":[{"href":"https:\/\/www.modave.be\/index.php\/wp-json\/wp\/v2\/services_communaux"}],"about":[{"href":"https:\/\/www.modave.be\/index.php\/wp-json\/wp\/v2\/types\/services_communaux"}],"author":[{"embeddable":true,"href":"https:\/\/www.modave.be\/index.php\/wp-json\/wp\/v2\/users\/9"}],"wp:featuredmedia":[{"embeddable":true,"href":"https:\/\/www.modave.be\/index.php\/wp-json\/wp\/v2\/media\/15445"}],"wp:attachment":[{"href":"https:\/\/www.modave.be\/index.php\/wp-json\/wp\/v2\/media?parent=15448"}],"wp:term":[{"taxonomy":"category","embeddable":true,"href":"https:\/\/www.modave.be\/index.php\/wp-json\/wp\/v2\/categories?post=15448"}],"curies":[{"name":"wp","href":"https:\/\/api.w.org\/{rel}","templated":true}]}}