{"id":15563,"date":"2025-04-30T09:14:25","date_gmt":"2025-04-30T07:14:25","guid":{"rendered":"https:\/\/www.modave.be\/?post_type=services_communaux&#038;p=15563"},"modified":"2025-04-30T09:14:26","modified_gmt":"2025-04-30T07:14:26","slug":"ete-solidaire-2025-un-job-pas-comme-les-autres","status":"publish","type":"services_communaux","link":"https:\/\/www.modave.be\/index.php\/services_communaux\/ete-solidaire-2025-un-job-pas-comme-les-autres\/","title":{"rendered":"\u00c9t\u00e9 Solidaire 2025 : un job pas comme les autres !"},"content":{"rendered":"\n<h2 class=\"wp-block-heading\">Tu as entre 15 et 21 ans et tu veux que ton \u00e9t\u00e9 ait du sens ?<\/h2>\n\n\n\n<p>Rejoins \u00c9t\u00e9 Solidaire et contribue \u00e0 rendre ta commune encore plus belle et plus humaine.<\/p>\n\n\n\n<p class=\"has-text-align-center\"><strong>Du 7 au 18 juillet 2025<\/strong><br><strong>Job \u00e9tudiant r\u00e9mun\u00e9r\u00e9<\/strong> (10 jours \/ 70 heures)<br>Pour les jeunes domicili\u00e9s \u00e0 Modave, <strong>entre 15 et 21 ans<\/strong><br>Candidatures \u00e0 rentrer <strong>avant le 23 mai 2025<\/strong><\/p>\n\n\n\n<p>Tu participeras \u00e0 des projets concrets, utiles et solidaires :<\/p>\n\n\n\n<ul class=\"wp-block-list\">\n<li>embellir les quartiers<\/li>\n\n\n\n<li>aider les seniors<\/li>\n\n\n\n<li>renforcer les liens dans la commune<\/li>\n\n\n\n<li>et surtout\u2026 vivre une exp\u00e9rience citoyenne inoubliable<\/li>\n<\/ul>\n\n\n\n<p>T\u00e9l\u00e9charge le formulaire, remplis-le et d\u00e9pose-le au service du personnel \u00e0 l\u2019Administration communale (Place Georges Hubin 1-3, 4577 Modave).<br>Lien : <a href=\"https:\/\/www.modave.be\/wp-content\/uploads\/2025\/04\/ete-solidaire.pdf\">https:\/\/www.modave.be\/wp-content\/uploads\/2025\/04\/ete-solidaire.pdf<\/a><\/p>\n\n\n\n<p><strong>Besoin d\u2019infos ?<\/strong> Contacte Sabine Pleinevaux au 085\/41.02.20 (poste 7) ou par mail \u00e0 <a href=\"mailto:personnel@modave.be\">personnel@modave.be<\/a><\/p>\n\n\n\n<p>Fais de ton \u00e9t\u00e9 une aventure utile, humaine et engag\u00e9e !<\/p>\n\n\n\n<div data-wp-interactive=\"core\/file\" class=\"wp-block-file\"><object data-wp-bind--hidden=\"!state.hasPdfPreview\" hidden class=\"wp-block-file__embed\" data=\"https:\/\/www.modave.be\/wp-content\/uploads\/2025\/04\/ete-solidaire.pdf\" type=\"application\/pdf\" style=\"width:100%;height:600px\" aria-label=\"Contenu embarqu\u00e9 \u00e9t\u00e9 solidaire.\"><\/object><a id=\"wp-block-file--media-a0f0ed0c-b853-4c1a-8ad2-1f0948a47946\" href=\"https:\/\/www.modave.be\/wp-content\/uploads\/2025\/04\/ete-solidaire.pdf\">\u00e9t\u00e9 solidaire<\/a><a href=\"https:\/\/www.modave.be\/wp-content\/uploads\/2025\/04\/ete-solidaire.pdf\" class=\"wp-block-file__button wp-element-button\" download aria-describedby=\"wp-block-file--media-a0f0ed0c-b853-4c1a-8ad2-1f0948a47946\">T\u00e9l\u00e9charger<\/a><\/div>\n","protected":false},"excerpt":{"rendered":"<p>Tu as entre 15 et 21 ans et tu veux que ton \u00e9t\u00e9 ait du sens ? Rejoins \u00c9t\u00e9 Solidaire et contribue \u00e0 rendre ta commune encore plus belle et plus humaine. Du 7 au 18 juillet 2025Job \u00e9tudiant r\u00e9mun\u00e9r\u00e9 (10 jours \/ 70 heures)Pour les jeunes domicili\u00e9s \u00e0 Modave, entre 15 et 21 ansCandidatures&hellip;<\/p>\n","protected":false},"author":9,"featured_media":14105,"menu_order":0,"template":"","categories":[204,205],"class_list":["post-15563","services_communaux","type-services_communaux","status-publish","has-post-thumbnail","hentry","category-personnel","category-population","description-off"],"yoast_head":"<!-- This site is optimized with the Yoast SEO plugin v27.5 - https:\/\/yoast.com\/product\/yoast-seo-wordpress\/ -->\n<title>\u00c9t\u00e9 Solidaire 2025 : un job pas comme les autres ! - Commune de Modave<\/title>\n<meta name=\"robots\" content=\"index, follow, max-snippet:-1, max-image-preview:large, max-video-preview:-1\" \/>\n<link rel=\"canonical\" href=\"https:\/\/www.modave.be\/index.php\/services_communaux\/ete-solidaire-2025-un-job-pas-comme-les-autres\/\" \/>\n<meta property=\"og:locale\" content=\"fr_FR\" \/>\n<meta property=\"og:type\" content=\"article\" \/>\n<meta property=\"og:title\" content=\"\u00c9t\u00e9 Solidaire 2025 : un job pas comme les autres ! - Commune de Modave\" \/>\n<meta property=\"og:description\" content=\"Tu as entre 15 et 21 ans et tu veux que ton \u00e9t\u00e9 ait du sens ? Rejoins \u00c9t\u00e9 Solidaire et contribue \u00e0 rendre ta commune encore plus belle et plus humaine. Du 7 au 18 juillet 2025Job \u00e9tudiant r\u00e9mun\u00e9r\u00e9 (10 jours \/ 70 heures)Pour les jeunes domicili\u00e9s \u00e0 Modave, entre 15 et 21 ansCandidatures&hellip;\" \/>\n<meta property=\"og:url\" content=\"https:\/\/www.modave.be\/index.php\/services_communaux\/ete-solidaire-2025-un-job-pas-comme-les-autres\/\" \/>\n<meta property=\"og:site_name\" content=\"Commune de Modave\" \/>\n<meta property=\"article:modified_time\" content=\"2025-04-30T07:14:26+00:00\" \/>\n<meta property=\"og:image\" content=\"https:\/\/www.modave.be\/wp-content\/uploads\/2024\/12\/1-1.jpg\" \/>\n\t<meta property=\"og:image:width\" content=\"1024\" \/>\n\t<meta property=\"og:image:height\" content=\"512\" \/>\n\t<meta property=\"og:image:type\" content=\"image\/jpeg\" \/>\n<meta name=\"twitter:card\" content=\"summary_large_image\" \/>\n<meta name=\"twitter:label1\" content=\"Dur\u00e9e de lecture estim\u00e9e\" \/>\n\t<meta name=\"twitter:data1\" content=\"1 minute\" \/>\n<script type=\"application\/ld+json\" class=\"yoast-schema-graph\">{\"@context\":\"https:\\\/\\\/schema.org\",\"@graph\":[{\"@type\":\"WebPage\",\"@id\":\"https:\\\/\\\/www.modave.be\\\/index.php\\\/services_communaux\\\/ete-solidaire-2025-un-job-pas-comme-les-autres\\\/\",\"url\":\"https:\\\/\\\/www.modave.be\\\/index.php\\\/services_communaux\\\/ete-solidaire-2025-un-job-pas-comme-les-autres\\\/\",\"name\":\"\u00c9t\u00e9 Solidaire 2025 : un job pas comme les autres ! - Commune de Modave\",\"isPartOf\":{\"@id\":\"https:\\\/\\\/www.modave.be\\\/#website\"},\"primaryImageOfPage\":{\"@id\":\"https:\\\/\\\/www.modave.be\\\/index.php\\\/services_communaux\\\/ete-solidaire-2025-un-job-pas-comme-les-autres\\\/#primaryimage\"},\"image\":{\"@id\":\"https:\\\/\\\/www.modave.be\\\/index.php\\\/services_communaux\\\/ete-solidaire-2025-un-job-pas-comme-les-autres\\\/#primaryimage\"},\"thumbnailUrl\":\"https:\\\/\\\/www.modave.be\\\/wp-content\\\/uploads\\\/2024\\\/12\\\/1-1.jpg\",\"datePublished\":\"2025-04-30T07:14:25+00:00\",\"dateModified\":\"2025-04-30T07:14:26+00:00\",\"breadcrumb\":{\"@id\":\"https:\\\/\\\/www.modave.be\\\/index.php\\\/services_communaux\\\/ete-solidaire-2025-un-job-pas-comme-les-autres\\\/#breadcrumb\"},\"inLanguage\":\"fr-FR\",\"potentialAction\":[{\"@type\":\"ReadAction\",\"target\":[\"https:\\\/\\\/www.modave.be\\\/index.php\\\/services_communaux\\\/ete-solidaire-2025-un-job-pas-comme-les-autres\\\/\"]}]},{\"@type\":\"ImageObject\",\"inLanguage\":\"fr-FR\",\"@id\":\"https:\\\/\\\/www.modave.be\\\/index.php\\\/services_communaux\\\/ete-solidaire-2025-un-job-pas-comme-les-autres\\\/#primaryimage\",\"url\":\"https:\\\/\\\/www.modave.be\\\/wp-content\\\/uploads\\\/2024\\\/12\\\/1-1.jpg\",\"contentUrl\":\"https:\\\/\\\/www.modave.be\\\/wp-content\\\/uploads\\\/2024\\\/12\\\/1-1.jpg\",\"width\":1024,\"height\":512},{\"@type\":\"BreadcrumbList\",\"@id\":\"https:\\\/\\\/www.modave.be\\\/index.php\\\/services_communaux\\\/ete-solidaire-2025-un-job-pas-comme-les-autres\\\/#breadcrumb\",\"itemListElement\":[{\"@type\":\"ListItem\",\"position\":1,\"name\":\"Accueil\",\"item\":\"https:\\\/\\\/www.modave.be\\\/\"},{\"@type\":\"ListItem\",\"position\":2,\"name\":\"\u00c9t\u00e9 Solidaire 2025 : un job pas comme les autres !\"}]},{\"@type\":\"WebSite\",\"@id\":\"https:\\\/\\\/www.modave.be\\\/#website\",\"url\":\"https:\\\/\\\/www.modave.be\\\/\",\"name\":\"Commune de Modave\",\"description\":\"Commune de Modave\",\"publisher\":{\"@id\":\"https:\\\/\\\/www.modave.be\\\/#organization\"},\"potentialAction\":[{\"@type\":\"SearchAction\",\"target\":{\"@type\":\"EntryPoint\",\"urlTemplate\":\"https:\\\/\\\/www.modave.be\\\/?s={search_term_string}\"},\"query-input\":{\"@type\":\"PropertyValueSpecification\",\"valueRequired\":true,\"valueName\":\"search_term_string\"}}],\"inLanguage\":\"fr-FR\"},{\"@type\":\"Organization\",\"@id\":\"https:\\\/\\\/www.modave.be\\\/#organization\",\"name\":\"Commune de Modave\",\"url\":\"https:\\\/\\\/www.modave.be\\\/\",\"logo\":{\"@type\":\"ImageObject\",\"inLanguage\":\"fr-FR\",\"@id\":\"https:\\\/\\\/www.modave.be\\\/#\\\/schema\\\/logo\\\/image\\\/\",\"url\":\"https:\\\/\\\/www.modave.be\\\/wp-content\\\/uploads\\\/2021\\\/12\\\/MODAVE_LOGO_HORIZONTAL_QUADRI_RVB.png\",\"contentUrl\":\"https:\\\/\\\/www.modave.be\\\/wp-content\\\/uploads\\\/2021\\\/12\\\/MODAVE_LOGO_HORIZONTAL_QUADRI_RVB.png\",\"width\":1200,\"height\":501,\"caption\":\"Commune de Modave\"},\"image\":{\"@id\":\"https:\\\/\\\/www.modave.be\\\/#\\\/schema\\\/logo\\\/image\\\/\"}}]}<\/script>\n<!-- \/ Yoast SEO plugin. -->","yoast_head_json":{"title":"\u00c9t\u00e9 Solidaire 2025 : un job pas comme les autres ! - Commune de Modave","robots":{"index":"index","follow":"follow","max-snippet":"max-snippet:-1","max-image-preview":"max-image-preview:large","max-video-preview":"max-video-preview:-1"},"canonical":"https:\/\/www.modave.be\/index.php\/services_communaux\/ete-solidaire-2025-un-job-pas-comme-les-autres\/","og_locale":"fr_FR","og_type":"article","og_title":"\u00c9t\u00e9 Solidaire 2025 : un job pas comme les autres ! - Commune de Modave","og_description":"Tu as entre 15 et 21 ans et tu veux que ton \u00e9t\u00e9 ait du sens ? Rejoins \u00c9t\u00e9 Solidaire et contribue \u00e0 rendre ta commune encore plus belle et plus humaine. Du 7 au 18 juillet 2025Job \u00e9tudiant r\u00e9mun\u00e9r\u00e9 (10 jours \/ 70 heures)Pour les jeunes domicili\u00e9s \u00e0 Modave, entre 15 et 21 ansCandidatures&hellip;","og_url":"https:\/\/www.modave.be\/index.php\/services_communaux\/ete-solidaire-2025-un-job-pas-comme-les-autres\/","og_site_name":"Commune de Modave","article_modified_time":"2025-04-30T07:14:26+00:00","og_image":[{"width":1024,"height":512,"url":"https:\/\/www.modave.be\/wp-content\/uploads\/2024\/12\/1-1.jpg","type":"image\/jpeg"}],"twitter_card":"summary_large_image","twitter_misc":{"Dur\u00e9e de lecture estim\u00e9e":"1 minute"},"schema":{"@context":"https:\/\/schema.org","@graph":[{"@type":"WebPage","@id":"https:\/\/www.modave.be\/index.php\/services_communaux\/ete-solidaire-2025-un-job-pas-comme-les-autres\/","url":"https:\/\/www.modave.be\/index.php\/services_communaux\/ete-solidaire-2025-un-job-pas-comme-les-autres\/","name":"\u00c9t\u00e9 Solidaire 2025 : un job pas comme les autres ! - Commune de Modave","isPartOf":{"@id":"https:\/\/www.modave.be\/#website"},"primaryImageOfPage":{"@id":"https:\/\/www.modave.be\/index.php\/services_communaux\/ete-solidaire-2025-un-job-pas-comme-les-autres\/#primaryimage"},"image":{"@id":"https:\/\/www.modave.be\/index.php\/services_communaux\/ete-solidaire-2025-un-job-pas-comme-les-autres\/#primaryimage"},"thumbnailUrl":"https:\/\/www.modave.be\/wp-content\/uploads\/2024\/12\/1-1.jpg","datePublished":"2025-04-30T07:14:25+00:00","dateModified":"2025-04-30T07:14:26+00:00","breadcrumb":{"@id":"https:\/\/www.modave.be\/index.php\/services_communaux\/ete-solidaire-2025-un-job-pas-comme-les-autres\/#breadcrumb"},"inLanguage":"fr-FR","potentialAction":[{"@type":"ReadAction","target":["https:\/\/www.modave.be\/index.php\/services_communaux\/ete-solidaire-2025-un-job-pas-comme-les-autres\/"]}]},{"@type":"ImageObject","inLanguage":"fr-FR","@id":"https:\/\/www.modave.be\/index.php\/services_communaux\/ete-solidaire-2025-un-job-pas-comme-les-autres\/#primaryimage","url":"https:\/\/www.modave.be\/wp-content\/uploads\/2024\/12\/1-1.jpg","contentUrl":"https:\/\/www.modave.be\/wp-content\/uploads\/2024\/12\/1-1.jpg","width":1024,"height":512},{"@type":"BreadcrumbList","@id":"https:\/\/www.modave.be\/index.php\/services_communaux\/ete-solidaire-2025-un-job-pas-comme-les-autres\/#breadcrumb","itemListElement":[{"@type":"ListItem","position":1,"name":"Accueil","item":"https:\/\/www.modave.be\/"},{"@type":"ListItem","position":2,"name":"\u00c9t\u00e9 Solidaire 2025 : un job pas comme les autres !"}]},{"@type":"WebSite","@id":"https:\/\/www.modave.be\/#website","url":"https:\/\/www.modave.be\/","name":"Commune de Modave","description":"Commune de Modave","publisher":{"@id":"https:\/\/www.modave.be\/#organization"},"potentialAction":[{"@type":"SearchAction","target":{"@type":"EntryPoint","urlTemplate":"https:\/\/www.modave.be\/?s={search_term_string}"},"query-input":{"@type":"PropertyValueSpecification","valueRequired":true,"valueName":"search_term_string"}}],"inLanguage":"fr-FR"},{"@type":"Organization","@id":"https:\/\/www.modave.be\/#organization","name":"Commune de Modave","url":"https:\/\/www.modave.be\/","logo":{"@type":"ImageObject","inLanguage":"fr-FR","@id":"https:\/\/www.modave.be\/#\/schema\/logo\/image\/","url":"https:\/\/www.modave.be\/wp-content\/uploads\/2021\/12\/MODAVE_LOGO_HORIZONTAL_QUADRI_RVB.png","contentUrl":"https:\/\/www.modave.be\/wp-content\/uploads\/2021\/12\/MODAVE_LOGO_HORIZONTAL_QUADRI_RVB.png","width":1200,"height":501,"caption":"Commune de Modave"},"image":{"@id":"https:\/\/www.modave.be\/#\/schema\/logo\/image\/"}}]}},"_links":{"self":[{"href":"https:\/\/www.modave.be\/index.php\/wp-json\/wp\/v2\/services_communaux\/15563","targetHints":{"allow":["GET"]}}],"collection":[{"href":"https:\/\/www.modave.be\/index.php\/wp-json\/wp\/v2\/services_communaux"}],"about":[{"href":"https:\/\/www.modave.be\/index.php\/wp-json\/wp\/v2\/types\/services_communaux"}],"author":[{"embeddable":true,"href":"https:\/\/www.modave.be\/index.php\/wp-json\/wp\/v2\/users\/9"}],"wp:featuredmedia":[{"embeddable":true,"href":"https:\/\/www.modave.be\/index.php\/wp-json\/wp\/v2\/media\/14105"}],"wp:attachment":[{"href":"https:\/\/www.modave.be\/index.php\/wp-json\/wp\/v2\/media?parent=15563"}],"wp:term":[{"taxonomy":"category","embeddable":true,"href":"https:\/\/www.modave.be\/index.php\/wp-json\/wp\/v2\/categories?post=15563"}],"curies":[{"name":"wp","href":"https:\/\/api.w.org\/{rel}","templated":true}]}}