{"id":15598,"date":"2025-05-05T14:42:21","date_gmt":"2025-05-05T12:42:21","guid":{"rendered":"https:\/\/www.modave.be\/?post_type=services_communaux&#038;p=15598"},"modified":"2025-05-05T14:42:21","modified_gmt":"2025-05-05T12:42:21","slug":"ravel-ligne-126-debut-des-travaux","status":"publish","type":"services_communaux","link":"https:\/\/www.modave.be\/index.php\/services_communaux\/ravel-ligne-126-debut-des-travaux\/","title":{"rendered":"RAVeL | Ligne 126 | D\u00e9but des travaux"},"content":{"rendered":"\n<h2 class=\"wp-block-heading\"><strong>Rappel | Les travaux du RAVeL commencent aujourd&rsquo;hui !<\/strong><\/h2>\n\n\n\n<p><em>Comme annonc\u00e9, les travaux de r\u00e9novation du RAVeL \u2013 ligne 126 \u2013 d\u00e9marrent aujourd\u2019hui. Bien que le chantier soit pilot\u00e9 par le Service public de Wallonie, nous vous relaierons toutes les informations utiles au fil de son avancement.<\/em><\/p>\n\n\n\n<p>Certains tron\u00e7ons seront bient\u00f4t ferm\u00e9s \u00e0 la circulation, mais des itin\u00e9raires de d\u00e9viation sont pr\u00e9vus afin de garantir la continuit\u00e9 de vos d\u00e9placements en toute s\u00e9curit\u00e9.<\/p>\n\n\n\n<blockquote class=\"wp-block-quote is-layout-flow wp-block-quote-is-layout-flow\">\n<p>D\u00e9viations :<br><strong>Marchin \u2194 Pont de Bonne :<\/strong> <a class=\"\" href=\"https:\/\/maps.app.goo.gl\/7CDJssg73XKMyWmv6\">https:\/\/maps.app.goo.gl\/7CDJssg73XKMyWmv6<\/a><br><strong>Pont de Bonne \u2194 Havelange :<\/strong> <a class=\"\" href=\"https:\/\/maps.app.goo.gl\/cy5gvAzz52ZS9B4y8\">https:\/\/maps.app.goo.gl\/cy5gvAzz52ZS9B4y8<\/a><\/p>\n<\/blockquote>\n\n\n\n<p>Phasage des travaux :<br><strong>Phase pr\u00e9paratoire (Phases 1 &amp; 2) :<\/strong> du 05\/05 au 09\/05\/25<br><strong>Phase 1 (Marchin \u2192 Pont de Bonne) :<\/strong> du 09\/05 au 23\/05\/25<br><strong>Phase 2 (Pont de Bonne \u2192 Havelange) :<\/strong> du 23\/05 au 17\/06\/25<\/p>\n\n\n\n<p class=\"has-text-color has-link-color wp-elements-19b6012afec9e476cc099e480d6b02d5\" style=\"color:#ff0000\"><strong>Pour rappel, nous vous d\u00e9conseillons fortement d\u2019utiliser la N641 comme itin\u00e9raire de substitution : <\/strong>cette voirie, fortement fr\u00e9quent\u00e9e, ne pr\u00e9sente pas les conditions de s\u00e9curit\u00e9 n\u00e9cessaires pour les usagers doux.<\/p>\n\n\n\n<p>Votre vigilance fait toute la diff\u00e9rence.<\/p>\n\n\n\n<figure class=\"wp-block-image size-large\"><img fetchpriority=\"high\" decoding=\"async\" width=\"1024\" height=\"1024\" src=\"https:\/\/www.modave.be\/wp-content\/uploads\/2025\/05\/Marchin-Pont-de-bonne-1024x1024.png\" alt=\"\" class=\"wp-image-15599\" srcset=\"https:\/\/www.modave.be\/wp-content\/uploads\/2025\/05\/Marchin-Pont-de-bonne-1024x1024.png 1024w, https:\/\/www.modave.be\/wp-content\/uploads\/2025\/05\/Marchin-Pont-de-bonne-300x300.png 300w, https:\/\/www.modave.be\/wp-content\/uploads\/2025\/05\/Marchin-Pont-de-bonne-150x150.png 150w, https:\/\/www.modave.be\/wp-content\/uploads\/2025\/05\/Marchin-Pont-de-bonne-768x768.png 768w, https:\/\/www.modave.be\/wp-content\/uploads\/2025\/05\/Marchin-Pont-de-bonne.png 1080w\" sizes=\"(max-width: 1024px) 100vw, 1024px\" \/><\/figure>\n\n\n\n<figure class=\"wp-block-image size-large\"><img decoding=\"async\" width=\"1024\" height=\"1024\" src=\"https:\/\/www.modave.be\/wp-content\/uploads\/2025\/05\/Pont-de-Bonne-Havelange-1024x1024.png\" alt=\"\" class=\"wp-image-15600\" srcset=\"https:\/\/www.modave.be\/wp-content\/uploads\/2025\/05\/Pont-de-Bonne-Havelange-1024x1024.png 1024w, https:\/\/www.modave.be\/wp-content\/uploads\/2025\/05\/Pont-de-Bonne-Havelange-300x300.png 300w, https:\/\/www.modave.be\/wp-content\/uploads\/2025\/05\/Pont-de-Bonne-Havelange-150x150.png 150w, https:\/\/www.modave.be\/wp-content\/uploads\/2025\/05\/Pont-de-Bonne-Havelange-768x768.png 768w, https:\/\/www.modave.be\/wp-content\/uploads\/2025\/05\/Pont-de-Bonne-Havelange.png 1080w\" sizes=\"(max-width: 1024px) 100vw, 1024px\" \/><\/figure>\n","protected":false},"excerpt":{"rendered":"<p>Rappel | Les travaux du RAVeL commencent aujourd&rsquo;hui ! Comme annonc\u00e9, les travaux de r\u00e9novation du RAVeL \u2013 ligne 126 \u2013 d\u00e9marrent aujourd\u2019hui. Bien que le chantier soit pilot\u00e9 par le Service public de Wallonie, nous vous relaierons toutes les informations utiles au fil de son avancement. Certains tron\u00e7ons seront bient\u00f4t ferm\u00e9s \u00e0 la circulation,&hellip;<\/p>\n","protected":false},"author":9,"featured_media":15468,"menu_order":0,"template":"","categories":[208],"class_list":["post-15598","services_communaux","type-services_communaux","status-publish","has-post-thumbnail","hentry","category-travaux","description-off"],"yoast_head":"<!-- This site is optimized with the Yoast SEO plugin v27.5 - https:\/\/yoast.com\/product\/yoast-seo-wordpress\/ -->\n<title>RAVeL | Ligne 126 | D\u00e9but des travaux - Commune de Modave<\/title>\n<meta name=\"robots\" content=\"index, follow, max-snippet:-1, max-image-preview:large, max-video-preview:-1\" \/>\n<link rel=\"canonical\" href=\"https:\/\/www.modave.be\/index.php\/services_communaux\/ravel-ligne-126-debut-des-travaux\/\" \/>\n<meta property=\"og:locale\" content=\"fr_FR\" \/>\n<meta property=\"og:type\" content=\"article\" \/>\n<meta property=\"og:title\" content=\"RAVeL | Ligne 126 | D\u00e9but des travaux - Commune de Modave\" \/>\n<meta property=\"og:description\" content=\"Rappel | Les travaux du RAVeL commencent aujourd&rsquo;hui ! Comme annonc\u00e9, les travaux de r\u00e9novation du RAVeL \u2013 ligne 126 \u2013 d\u00e9marrent aujourd\u2019hui. Bien que le chantier soit pilot\u00e9 par le Service public de Wallonie, nous vous relaierons toutes les informations utiles au fil de son avancement. Certains tron\u00e7ons seront bient\u00f4t ferm\u00e9s \u00e0 la circulation,&hellip;\" \/>\n<meta property=\"og:url\" content=\"https:\/\/www.modave.be\/index.php\/services_communaux\/ravel-ligne-126-debut-des-travaux\/\" \/>\n<meta property=\"og:site_name\" content=\"Commune de Modave\" \/>\n<meta property=\"og:image\" content=\"https:\/\/www.modave.be\/wp-content\/uploads\/2025\/04\/IMG_1469-Avec-accentuation-Bruit-scaled-e1745492810144.jpg\" \/>\n\t<meta property=\"og:image:width\" content=\"2560\" \/>\n\t<meta property=\"og:image:height\" content=\"1280\" \/>\n\t<meta property=\"og:image:type\" content=\"image\/jpeg\" \/>\n<meta name=\"twitter:card\" content=\"summary_large_image\" \/>\n<meta name=\"twitter:label1\" content=\"Dur\u00e9e de lecture estim\u00e9e\" \/>\n\t<meta name=\"twitter:data1\" content=\"1 minute\" \/>\n<script type=\"application\/ld+json\" class=\"yoast-schema-graph\">{\"@context\":\"https:\\\/\\\/schema.org\",\"@graph\":[{\"@type\":\"WebPage\",\"@id\":\"https:\\\/\\\/www.modave.be\\\/index.php\\\/services_communaux\\\/ravel-ligne-126-debut-des-travaux\\\/\",\"url\":\"https:\\\/\\\/www.modave.be\\\/index.php\\\/services_communaux\\\/ravel-ligne-126-debut-des-travaux\\\/\",\"name\":\"RAVeL | Ligne 126 | D\u00e9but des travaux - Commune de Modave\",\"isPartOf\":{\"@id\":\"https:\\\/\\\/www.modave.be\\\/#website\"},\"primaryImageOfPage\":{\"@id\":\"https:\\\/\\\/www.modave.be\\\/index.php\\\/services_communaux\\\/ravel-ligne-126-debut-des-travaux\\\/#primaryimage\"},\"image\":{\"@id\":\"https:\\\/\\\/www.modave.be\\\/index.php\\\/services_communaux\\\/ravel-ligne-126-debut-des-travaux\\\/#primaryimage\"},\"thumbnailUrl\":\"https:\\\/\\\/www.modave.be\\\/wp-content\\\/uploads\\\/2025\\\/04\\\/IMG_1469-Avec-accentuation-Bruit-scaled-e1745492810144.jpg\",\"datePublished\":\"2025-05-05T12:42:21+00:00\",\"breadcrumb\":{\"@id\":\"https:\\\/\\\/www.modave.be\\\/index.php\\\/services_communaux\\\/ravel-ligne-126-debut-des-travaux\\\/#breadcrumb\"},\"inLanguage\":\"fr-FR\",\"potentialAction\":[{\"@type\":\"ReadAction\",\"target\":[\"https:\\\/\\\/www.modave.be\\\/index.php\\\/services_communaux\\\/ravel-ligne-126-debut-des-travaux\\\/\"]}]},{\"@type\":\"ImageObject\",\"inLanguage\":\"fr-FR\",\"@id\":\"https:\\\/\\\/www.modave.be\\\/index.php\\\/services_communaux\\\/ravel-ligne-126-debut-des-travaux\\\/#primaryimage\",\"url\":\"https:\\\/\\\/www.modave.be\\\/wp-content\\\/uploads\\\/2025\\\/04\\\/IMG_1469-Avec-accentuation-Bruit-scaled-e1745492810144.jpg\",\"contentUrl\":\"https:\\\/\\\/www.modave.be\\\/wp-content\\\/uploads\\\/2025\\\/04\\\/IMG_1469-Avec-accentuation-Bruit-scaled-e1745492810144.jpg\",\"width\":2560,\"height\":1280},{\"@type\":\"BreadcrumbList\",\"@id\":\"https:\\\/\\\/www.modave.be\\\/index.php\\\/services_communaux\\\/ravel-ligne-126-debut-des-travaux\\\/#breadcrumb\",\"itemListElement\":[{\"@type\":\"ListItem\",\"position\":1,\"name\":\"Accueil\",\"item\":\"https:\\\/\\\/www.modave.be\\\/\"},{\"@type\":\"ListItem\",\"position\":2,\"name\":\"RAVeL | Ligne 126 | D\u00e9but des travaux\"}]},{\"@type\":\"WebSite\",\"@id\":\"https:\\\/\\\/www.modave.be\\\/#website\",\"url\":\"https:\\\/\\\/www.modave.be\\\/\",\"name\":\"Commune de Modave\",\"description\":\"Commune de Modave\",\"publisher\":{\"@id\":\"https:\\\/\\\/www.modave.be\\\/#organization\"},\"potentialAction\":[{\"@type\":\"SearchAction\",\"target\":{\"@type\":\"EntryPoint\",\"urlTemplate\":\"https:\\\/\\\/www.modave.be\\\/?s={search_term_string}\"},\"query-input\":{\"@type\":\"PropertyValueSpecification\",\"valueRequired\":true,\"valueName\":\"search_term_string\"}}],\"inLanguage\":\"fr-FR\"},{\"@type\":\"Organization\",\"@id\":\"https:\\\/\\\/www.modave.be\\\/#organization\",\"name\":\"Commune de Modave\",\"url\":\"https:\\\/\\\/www.modave.be\\\/\",\"logo\":{\"@type\":\"ImageObject\",\"inLanguage\":\"fr-FR\",\"@id\":\"https:\\\/\\\/www.modave.be\\\/#\\\/schema\\\/logo\\\/image\\\/\",\"url\":\"https:\\\/\\\/www.modave.be\\\/wp-content\\\/uploads\\\/2021\\\/12\\\/MODAVE_LOGO_HORIZONTAL_QUADRI_RVB.png\",\"contentUrl\":\"https:\\\/\\\/www.modave.be\\\/wp-content\\\/uploads\\\/2021\\\/12\\\/MODAVE_LOGO_HORIZONTAL_QUADRI_RVB.png\",\"width\":1200,\"height\":501,\"caption\":\"Commune de Modave\"},\"image\":{\"@id\":\"https:\\\/\\\/www.modave.be\\\/#\\\/schema\\\/logo\\\/image\\\/\"}}]}<\/script>\n<!-- \/ Yoast SEO plugin. -->","yoast_head_json":{"title":"RAVeL | Ligne 126 | D\u00e9but des travaux - Commune de Modave","robots":{"index":"index","follow":"follow","max-snippet":"max-snippet:-1","max-image-preview":"max-image-preview:large","max-video-preview":"max-video-preview:-1"},"canonical":"https:\/\/www.modave.be\/index.php\/services_communaux\/ravel-ligne-126-debut-des-travaux\/","og_locale":"fr_FR","og_type":"article","og_title":"RAVeL | Ligne 126 | D\u00e9but des travaux - Commune de Modave","og_description":"Rappel | Les travaux du RAVeL commencent aujourd&rsquo;hui ! Comme annonc\u00e9, les travaux de r\u00e9novation du RAVeL \u2013 ligne 126 \u2013 d\u00e9marrent aujourd\u2019hui. Bien que le chantier soit pilot\u00e9 par le Service public de Wallonie, nous vous relaierons toutes les informations utiles au fil de son avancement. Certains tron\u00e7ons seront bient\u00f4t ferm\u00e9s \u00e0 la circulation,&hellip;","og_url":"https:\/\/www.modave.be\/index.php\/services_communaux\/ravel-ligne-126-debut-des-travaux\/","og_site_name":"Commune de Modave","og_image":[{"width":2560,"height":1280,"url":"https:\/\/www.modave.be\/wp-content\/uploads\/2025\/04\/IMG_1469-Avec-accentuation-Bruit-scaled-e1745492810144.jpg","type":"image\/jpeg"}],"twitter_card":"summary_large_image","twitter_misc":{"Dur\u00e9e de lecture estim\u00e9e":"1 minute"},"schema":{"@context":"https:\/\/schema.org","@graph":[{"@type":"WebPage","@id":"https:\/\/www.modave.be\/index.php\/services_communaux\/ravel-ligne-126-debut-des-travaux\/","url":"https:\/\/www.modave.be\/index.php\/services_communaux\/ravel-ligne-126-debut-des-travaux\/","name":"RAVeL | Ligne 126 | D\u00e9but des travaux - Commune de Modave","isPartOf":{"@id":"https:\/\/www.modave.be\/#website"},"primaryImageOfPage":{"@id":"https:\/\/www.modave.be\/index.php\/services_communaux\/ravel-ligne-126-debut-des-travaux\/#primaryimage"},"image":{"@id":"https:\/\/www.modave.be\/index.php\/services_communaux\/ravel-ligne-126-debut-des-travaux\/#primaryimage"},"thumbnailUrl":"https:\/\/www.modave.be\/wp-content\/uploads\/2025\/04\/IMG_1469-Avec-accentuation-Bruit-scaled-e1745492810144.jpg","datePublished":"2025-05-05T12:42:21+00:00","breadcrumb":{"@id":"https:\/\/www.modave.be\/index.php\/services_communaux\/ravel-ligne-126-debut-des-travaux\/#breadcrumb"},"inLanguage":"fr-FR","potentialAction":[{"@type":"ReadAction","target":["https:\/\/www.modave.be\/index.php\/services_communaux\/ravel-ligne-126-debut-des-travaux\/"]}]},{"@type":"ImageObject","inLanguage":"fr-FR","@id":"https:\/\/www.modave.be\/index.php\/services_communaux\/ravel-ligne-126-debut-des-travaux\/#primaryimage","url":"https:\/\/www.modave.be\/wp-content\/uploads\/2025\/04\/IMG_1469-Avec-accentuation-Bruit-scaled-e1745492810144.jpg","contentUrl":"https:\/\/www.modave.be\/wp-content\/uploads\/2025\/04\/IMG_1469-Avec-accentuation-Bruit-scaled-e1745492810144.jpg","width":2560,"height":1280},{"@type":"BreadcrumbList","@id":"https:\/\/www.modave.be\/index.php\/services_communaux\/ravel-ligne-126-debut-des-travaux\/#breadcrumb","itemListElement":[{"@type":"ListItem","position":1,"name":"Accueil","item":"https:\/\/www.modave.be\/"},{"@type":"ListItem","position":2,"name":"RAVeL | Ligne 126 | D\u00e9but des travaux"}]},{"@type":"WebSite","@id":"https:\/\/www.modave.be\/#website","url":"https:\/\/www.modave.be\/","name":"Commune de Modave","description":"Commune de Modave","publisher":{"@id":"https:\/\/www.modave.be\/#organization"},"potentialAction":[{"@type":"SearchAction","target":{"@type":"EntryPoint","urlTemplate":"https:\/\/www.modave.be\/?s={search_term_string}"},"query-input":{"@type":"PropertyValueSpecification","valueRequired":true,"valueName":"search_term_string"}}],"inLanguage":"fr-FR"},{"@type":"Organization","@id":"https:\/\/www.modave.be\/#organization","name":"Commune de Modave","url":"https:\/\/www.modave.be\/","logo":{"@type":"ImageObject","inLanguage":"fr-FR","@id":"https:\/\/www.modave.be\/#\/schema\/logo\/image\/","url":"https:\/\/www.modave.be\/wp-content\/uploads\/2021\/12\/MODAVE_LOGO_HORIZONTAL_QUADRI_RVB.png","contentUrl":"https:\/\/www.modave.be\/wp-content\/uploads\/2021\/12\/MODAVE_LOGO_HORIZONTAL_QUADRI_RVB.png","width":1200,"height":501,"caption":"Commune de Modave"},"image":{"@id":"https:\/\/www.modave.be\/#\/schema\/logo\/image\/"}}]}},"_links":{"self":[{"href":"https:\/\/www.modave.be\/index.php\/wp-json\/wp\/v2\/services_communaux\/15598","targetHints":{"allow":["GET"]}}],"collection":[{"href":"https:\/\/www.modave.be\/index.php\/wp-json\/wp\/v2\/services_communaux"}],"about":[{"href":"https:\/\/www.modave.be\/index.php\/wp-json\/wp\/v2\/types\/services_communaux"}],"author":[{"embeddable":true,"href":"https:\/\/www.modave.be\/index.php\/wp-json\/wp\/v2\/users\/9"}],"wp:featuredmedia":[{"embeddable":true,"href":"https:\/\/www.modave.be\/index.php\/wp-json\/wp\/v2\/media\/15468"}],"wp:attachment":[{"href":"https:\/\/www.modave.be\/index.php\/wp-json\/wp\/v2\/media?parent=15598"}],"wp:term":[{"taxonomy":"category","embeddable":true,"href":"https:\/\/www.modave.be\/index.php\/wp-json\/wp\/v2\/categories?post=15598"}],"curies":[{"name":"wp","href":"https:\/\/api.w.org\/{rel}","templated":true}]}}