{"id":15637,"date":"2025-05-16T16:10:43","date_gmt":"2025-05-16T14:10:43","guid":{"rendered":"https:\/\/www.modave.be\/?post_type=services_communaux&#038;p=15637"},"modified":"2025-05-16T16:10:44","modified_gmt":"2025-05-16T14:10:44","slug":"commemoration-de-larmistice-de-1945-80e-anniversaire","status":"publish","type":"services_communaux","link":"https:\/\/www.modave.be\/index.php\/services_communaux\/commemoration-de-larmistice-de-1945-80e-anniversaire\/","title":{"rendered":"Comm\u00e9moration de l\u2019Armistice de 1945 | 80e anniversaire"},"content":{"rendered":"\n<h2 class=\"wp-block-heading\"><strong>Comm\u00e9moration de l\u2019Armistice de 1945 \u2013 80e anniversaire<\/strong><\/h2>\n\n\n\n<p>Ce jeudi 15 mai 2025, la Commune de Modave a marqu\u00e9 avec \u00e9motion le 80e anniversaire de l\u2019Armistice de 1945 lors d\u2019une c\u00e9r\u00e9monie empreinte de respect et de m\u00e9moire.<\/p>\n\n\n\n<p>Ce moment solennel, en pr\u00e9sence des \u00e9l\u00e8ves de 5e et 6e primaires, des porte-drapeaux et de nombreux citoyens, a \u00e9t\u00e9 l\u2019occasion de rendre hommage \u00e0 celles et ceux qui ont fa\u00e7onn\u00e9 notre histoire et d\u00e9fendu nos libert\u00e9s.<\/p>\n\n\n\n<p>Le programme, riche en symboles, a m\u00eal\u00e9 discours officiels, lectures de t\u00e9moignages, musiques de cornemuse et d\u00e9p\u00f4t d\u2019une gerbe de fleurs.<\/p>\n\n\n\n<p>Un moment de partage interg\u00e9n\u00e9rationnel, \u00e0 la fois \u00e9mouvant et n\u00e9cessaire, pour rappeler que la paix se cultive, et que le devoir de m\u00e9moire est plus que jamais d\u2019actualit\u00e9.<\/p>\n\n\n\n<p>Merci \u00e0 toutes celles et ceux qui ont particip\u00e9 \u00e0 cette belle c\u00e9r\u00e9monie.<\/p>\n\n\n\n<figure class=\"wp-block-gallery has-nested-images columns-default is-cropped wp-block-gallery-1 is-layout-flex wp-block-gallery-is-layout-flex\">\n<figure class=\"wp-block-image size-large\"><img fetchpriority=\"high\" decoding=\"async\" width=\"1024\" height=\"683\" data-id=\"15629\" src=\"https:\/\/www.modave.be\/wp-content\/uploads\/2025\/05\/Commemoration-2025-1-1-1024x683.jpg\" alt=\"\" class=\"wp-image-15629\" srcset=\"https:\/\/www.modave.be\/wp-content\/uploads\/2025\/05\/Commemoration-2025-1-1-1024x683.jpg 1024w, https:\/\/www.modave.be\/wp-content\/uploads\/2025\/05\/Commemoration-2025-1-1-300x200.jpg 300w, https:\/\/www.modave.be\/wp-content\/uploads\/2025\/05\/Commemoration-2025-1-1-768x512.jpg 768w, https:\/\/www.modave.be\/wp-content\/uploads\/2025\/05\/Commemoration-2025-1-1-1536x1024.jpg 1536w, https:\/\/www.modave.be\/wp-content\/uploads\/2025\/05\/Commemoration-2025-1-1-2048x1365.jpg 2048w\" sizes=\"(max-width: 1024px) 100vw, 1024px\" \/><\/figure>\n\n\n\n<figure class=\"wp-block-image size-large\"><img decoding=\"async\" width=\"1024\" height=\"683\" data-id=\"15625\" src=\"https:\/\/www.modave.be\/wp-content\/uploads\/2025\/05\/Commemoration-2025-3-1024x683.jpg\" alt=\"\" class=\"wp-image-15625\" srcset=\"https:\/\/www.modave.be\/wp-content\/uploads\/2025\/05\/Commemoration-2025-3-1024x683.jpg 1024w, https:\/\/www.modave.be\/wp-content\/uploads\/2025\/05\/Commemoration-2025-3-300x200.jpg 300w, https:\/\/www.modave.be\/wp-content\/uploads\/2025\/05\/Commemoration-2025-3-768x512.jpg 768w, https:\/\/www.modave.be\/wp-content\/uploads\/2025\/05\/Commemoration-2025-3-1536x1024.jpg 1536w, https:\/\/www.modave.be\/wp-content\/uploads\/2025\/05\/Commemoration-2025-3-2048x1365.jpg 2048w\" sizes=\"(max-width: 1024px) 100vw, 1024px\" \/><\/figure>\n\n\n\n<figure class=\"wp-block-image size-large\"><img decoding=\"async\" width=\"683\" height=\"1024\" data-id=\"15626\" src=\"https:\/\/www.modave.be\/wp-content\/uploads\/2025\/05\/Commemoration-2025-6-683x1024.jpg\" alt=\"\" class=\"wp-image-15626\" srcset=\"https:\/\/www.modave.be\/wp-content\/uploads\/2025\/05\/Commemoration-2025-6-683x1024.jpg 683w, https:\/\/www.modave.be\/wp-content\/uploads\/2025\/05\/Commemoration-2025-6-200x300.jpg 200w, https:\/\/www.modave.be\/wp-content\/uploads\/2025\/05\/Commemoration-2025-6-768x1152.jpg 768w, https:\/\/www.modave.be\/wp-content\/uploads\/2025\/05\/Commemoration-2025-6-1024x1536.jpg 1024w, https:\/\/www.modave.be\/wp-content\/uploads\/2025\/05\/Commemoration-2025-6-1365x2048.jpg 1365w, https:\/\/www.modave.be\/wp-content\/uploads\/2025\/05\/Commemoration-2025-6-scaled.jpg 1707w\" sizes=\"(max-width: 683px) 100vw, 683px\" \/><\/figure>\n\n\n\n<figure class=\"wp-block-image size-large\"><img loading=\"lazy\" decoding=\"async\" width=\"1024\" height=\"683\" data-id=\"15630\" src=\"https:\/\/www.modave.be\/wp-content\/uploads\/2025\/05\/Commemoration-2025-8-1024x683.jpg\" alt=\"\" class=\"wp-image-15630\" srcset=\"https:\/\/www.modave.be\/wp-content\/uploads\/2025\/05\/Commemoration-2025-8-1024x683.jpg 1024w, https:\/\/www.modave.be\/wp-content\/uploads\/2025\/05\/Commemoration-2025-8-300x200.jpg 300w, https:\/\/www.modave.be\/wp-content\/uploads\/2025\/05\/Commemoration-2025-8-768x512.jpg 768w, https:\/\/www.modave.be\/wp-content\/uploads\/2025\/05\/Commemoration-2025-8-1536x1024.jpg 1536w, https:\/\/www.modave.be\/wp-content\/uploads\/2025\/05\/Commemoration-2025-8-2048x1365.jpg 2048w\" sizes=\"(max-width: 1024px) 100vw, 1024px\" \/><\/figure>\n\n\n\n<figure class=\"wp-block-image size-large\"><img loading=\"lazy\" decoding=\"async\" width=\"1024\" height=\"683\" data-id=\"15631\" src=\"https:\/\/www.modave.be\/wp-content\/uploads\/2025\/05\/Commemoration-2025-4-1024x683.jpg\" alt=\"\" class=\"wp-image-15631\" srcset=\"https:\/\/www.modave.be\/wp-content\/uploads\/2025\/05\/Commemoration-2025-4-1024x683.jpg 1024w, https:\/\/www.modave.be\/wp-content\/uploads\/2025\/05\/Commemoration-2025-4-300x200.jpg 300w, https:\/\/www.modave.be\/wp-content\/uploads\/2025\/05\/Commemoration-2025-4-768x512.jpg 768w, https:\/\/www.modave.be\/wp-content\/uploads\/2025\/05\/Commemoration-2025-4-1536x1024.jpg 1536w, https:\/\/www.modave.be\/wp-content\/uploads\/2025\/05\/Commemoration-2025-4-2048x1365.jpg 2048w\" sizes=\"(max-width: 1024px) 100vw, 1024px\" \/><\/figure>\n\n\n\n<figure class=\"wp-block-image size-large\"><img loading=\"lazy\" decoding=\"async\" width=\"1024\" height=\"683\" data-id=\"15632\" src=\"https:\/\/www.modave.be\/wp-content\/uploads\/2025\/05\/Commemoration-2025-7-1024x683.jpg\" alt=\"\" class=\"wp-image-15632\" srcset=\"https:\/\/www.modave.be\/wp-content\/uploads\/2025\/05\/Commemoration-2025-7-1024x683.jpg 1024w, https:\/\/www.modave.be\/wp-content\/uploads\/2025\/05\/Commemoration-2025-7-300x200.jpg 300w, https:\/\/www.modave.be\/wp-content\/uploads\/2025\/05\/Commemoration-2025-7-768x512.jpg 768w, https:\/\/www.modave.be\/wp-content\/uploads\/2025\/05\/Commemoration-2025-7-1536x1024.jpg 1536w, https:\/\/www.modave.be\/wp-content\/uploads\/2025\/05\/Commemoration-2025-7-2048x1365.jpg 2048w\" sizes=\"(max-width: 1024px) 100vw, 1024px\" \/><\/figure>\n\n\n\n<figure class=\"wp-block-image size-large\"><img loading=\"lazy\" decoding=\"async\" width=\"1024\" height=\"683\" data-id=\"15633\" src=\"https:\/\/www.modave.be\/wp-content\/uploads\/2025\/05\/Commemoration-2025-15-1024x683.jpg\" alt=\"\" class=\"wp-image-15633\" srcset=\"https:\/\/www.modave.be\/wp-content\/uploads\/2025\/05\/Commemoration-2025-15-1024x683.jpg 1024w, https:\/\/www.modave.be\/wp-content\/uploads\/2025\/05\/Commemoration-2025-15-300x200.jpg 300w, https:\/\/www.modave.be\/wp-content\/uploads\/2025\/05\/Commemoration-2025-15-768x512.jpg 768w, https:\/\/www.modave.be\/wp-content\/uploads\/2025\/05\/Commemoration-2025-15-1536x1024.jpg 1536w, https:\/\/www.modave.be\/wp-content\/uploads\/2025\/05\/Commemoration-2025-15-2048x1365.jpg 2048w\" sizes=\"(max-width: 1024px) 100vw, 1024px\" \/><\/figure>\n\n\n\n<figure class=\"wp-block-image size-large\"><img loading=\"lazy\" decoding=\"async\" width=\"1024\" height=\"683\" data-id=\"15634\" src=\"https:\/\/www.modave.be\/wp-content\/uploads\/2025\/05\/Commemoration-2025-17-1024x683.jpg\" alt=\"\" class=\"wp-image-15634\" srcset=\"https:\/\/www.modave.be\/wp-content\/uploads\/2025\/05\/Commemoration-2025-17-1024x683.jpg 1024w, https:\/\/www.modave.be\/wp-content\/uploads\/2025\/05\/Commemoration-2025-17-300x200.jpg 300w, https:\/\/www.modave.be\/wp-content\/uploads\/2025\/05\/Commemoration-2025-17-768x512.jpg 768w, https:\/\/www.modave.be\/wp-content\/uploads\/2025\/05\/Commemoration-2025-17-1536x1024.jpg 1536w, https:\/\/www.modave.be\/wp-content\/uploads\/2025\/05\/Commemoration-2025-17-2048x1365.jpg 2048w\" sizes=\"(max-width: 1024px) 100vw, 1024px\" \/><\/figure>\n\n\n\n<figure class=\"wp-block-image size-large\"><img loading=\"lazy\" decoding=\"async\" width=\"683\" height=\"1024\" data-id=\"15635\" src=\"https:\/\/www.modave.be\/wp-content\/uploads\/2025\/05\/Commemoration-2025-16-683x1024.jpg\" alt=\"\" class=\"wp-image-15635\" srcset=\"https:\/\/www.modave.be\/wp-content\/uploads\/2025\/05\/Commemoration-2025-16-683x1024.jpg 683w, https:\/\/www.modave.be\/wp-content\/uploads\/2025\/05\/Commemoration-2025-16-200x300.jpg 200w, https:\/\/www.modave.be\/wp-content\/uploads\/2025\/05\/Commemoration-2025-16-768x1152.jpg 768w, https:\/\/www.modave.be\/wp-content\/uploads\/2025\/05\/Commemoration-2025-16-1024x1536.jpg 1024w, https:\/\/www.modave.be\/wp-content\/uploads\/2025\/05\/Commemoration-2025-16-1365x2048.jpg 1365w, https:\/\/www.modave.be\/wp-content\/uploads\/2025\/05\/Commemoration-2025-16-scaled.jpg 1707w\" sizes=\"(max-width: 683px) 100vw, 683px\" \/><\/figure>\n\n\n\n<figure class=\"wp-block-image size-large\"><img loading=\"lazy\" decoding=\"async\" width=\"683\" height=\"1024\" data-id=\"15627\" src=\"https:\/\/www.modave.be\/wp-content\/uploads\/2025\/05\/Commemoration-2025-11-683x1024.jpg\" alt=\"\" class=\"wp-image-15627\" srcset=\"https:\/\/www.modave.be\/wp-content\/uploads\/2025\/05\/Commemoration-2025-11-683x1024.jpg 683w, https:\/\/www.modave.be\/wp-content\/uploads\/2025\/05\/Commemoration-2025-11-200x300.jpg 200w, https:\/\/www.modave.be\/wp-content\/uploads\/2025\/05\/Commemoration-2025-11-768x1152.jpg 768w, https:\/\/www.modave.be\/wp-content\/uploads\/2025\/05\/Commemoration-2025-11-1024x1536.jpg 1024w, https:\/\/www.modave.be\/wp-content\/uploads\/2025\/05\/Commemoration-2025-11-1365x2048.jpg 1365w, https:\/\/www.modave.be\/wp-content\/uploads\/2025\/05\/Commemoration-2025-11-scaled.jpg 1707w\" sizes=\"(max-width: 683px) 100vw, 683px\" \/><\/figure>\n\n\n\n<figure class=\"wp-block-image size-large\"><img loading=\"lazy\" decoding=\"async\" width=\"1024\" height=\"683\" data-id=\"15636\" src=\"https:\/\/www.modave.be\/wp-content\/uploads\/2025\/05\/Commemoration-2025-18-1024x683.jpg\" alt=\"\" class=\"wp-image-15636\" srcset=\"https:\/\/www.modave.be\/wp-content\/uploads\/2025\/05\/Commemoration-2025-18-1024x683.jpg 1024w, https:\/\/www.modave.be\/wp-content\/uploads\/2025\/05\/Commemoration-2025-18-300x200.jpg 300w, https:\/\/www.modave.be\/wp-content\/uploads\/2025\/05\/Commemoration-2025-18-768x512.jpg 768w, https:\/\/www.modave.be\/wp-content\/uploads\/2025\/05\/Commemoration-2025-18-1536x1024.jpg 1536w, https:\/\/www.modave.be\/wp-content\/uploads\/2025\/05\/Commemoration-2025-18-2048x1365.jpg 2048w\" sizes=\"(max-width: 1024px) 100vw, 1024px\" \/><\/figure>\n<\/figure>\n","protected":false},"excerpt":{"rendered":"<p>Comm\u00e9moration de l\u2019Armistice de 1945 \u2013 80e anniversaire Ce jeudi 15 mai 2025, la Commune de Modave a marqu\u00e9 avec \u00e9motion le 80e anniversaire de l\u2019Armistice de 1945 lors d\u2019une c\u00e9r\u00e9monie empreinte de respect et de m\u00e9moire. Ce moment solennel, en pr\u00e9sence des \u00e9l\u00e8ves de 5e et 6e primaires, des porte-drapeaux et de nombreux citoyens,&hellip;<\/p>\n","protected":false},"author":9,"featured_media":15624,"menu_order":0,"template":"","categories":[210,200,204],"class_list":["post-15637","services_communaux","type-services_communaux","status-publish","has-post-thumbnail","hentry","category-ecole_communale","category-extra_scolaire","category-personnel","description-off"],"yoast_head":"<!-- This site is optimized with the Yoast SEO plugin v27.5 - https:\/\/yoast.com\/product\/yoast-seo-wordpress\/ -->\n<title>Comm\u00e9moration de l\u2019Armistice de 1945 | 80e anniversaire - Commune de Modave<\/title>\n<meta name=\"robots\" content=\"index, follow, max-snippet:-1, max-image-preview:large, max-video-preview:-1\" \/>\n<link rel=\"canonical\" href=\"https:\/\/www.modave.be\/index.php\/services_communaux\/commemoration-de-larmistice-de-1945-80e-anniversaire\/\" \/>\n<meta property=\"og:locale\" content=\"fr_FR\" \/>\n<meta property=\"og:type\" content=\"article\" \/>\n<meta property=\"og:title\" content=\"Comm\u00e9moration de l\u2019Armistice de 1945 | 80e anniversaire - Commune de Modave\" \/>\n<meta property=\"og:description\" content=\"Comm\u00e9moration de l\u2019Armistice de 1945 \u2013 80e anniversaire Ce jeudi 15 mai 2025, la Commune de Modave a marqu\u00e9 avec \u00e9motion le 80e anniversaire de l\u2019Armistice de 1945 lors d\u2019une c\u00e9r\u00e9monie empreinte de respect et de m\u00e9moire. Ce moment solennel, en pr\u00e9sence des \u00e9l\u00e8ves de 5e et 6e primaires, des porte-drapeaux et de nombreux citoyens,&hellip;\" \/>\n<meta property=\"og:url\" content=\"https:\/\/www.modave.be\/index.php\/services_communaux\/commemoration-de-larmistice-de-1945-80e-anniversaire\/\" \/>\n<meta property=\"og:site_name\" content=\"Commune de Modave\" \/>\n<meta property=\"article:modified_time\" content=\"2025-05-16T14:10:44+00:00\" \/>\n<meta property=\"og:image\" content=\"https:\/\/www.modave.be\/wp-content\/uploads\/2025\/05\/Commemoration-2025-1-scaled-e1747404173172.jpg\" \/>\n\t<meta property=\"og:image:width\" content=\"2560\" \/>\n\t<meta property=\"og:image:height\" content=\"1280\" \/>\n\t<meta property=\"og:image:type\" content=\"image\/jpeg\" \/>\n<meta name=\"twitter:card\" content=\"summary_large_image\" \/>\n<meta name=\"twitter:label1\" content=\"Dur\u00e9e de lecture estim\u00e9e\" \/>\n\t<meta name=\"twitter:data1\" content=\"1 minute\" \/>\n<script type=\"application\/ld+json\" class=\"yoast-schema-graph\">{\"@context\":\"https:\\\/\\\/schema.org\",\"@graph\":[{\"@type\":\"WebPage\",\"@id\":\"https:\\\/\\\/www.modave.be\\\/index.php\\\/services_communaux\\\/commemoration-de-larmistice-de-1945-80e-anniversaire\\\/\",\"url\":\"https:\\\/\\\/www.modave.be\\\/index.php\\\/services_communaux\\\/commemoration-de-larmistice-de-1945-80e-anniversaire\\\/\",\"name\":\"Comm\u00e9moration de l\u2019Armistice de 1945 | 80e anniversaire - Commune de Modave\",\"isPartOf\":{\"@id\":\"https:\\\/\\\/www.modave.be\\\/#website\"},\"primaryImageOfPage\":{\"@id\":\"https:\\\/\\\/www.modave.be\\\/index.php\\\/services_communaux\\\/commemoration-de-larmistice-de-1945-80e-anniversaire\\\/#primaryimage\"},\"image\":{\"@id\":\"https:\\\/\\\/www.modave.be\\\/index.php\\\/services_communaux\\\/commemoration-de-larmistice-de-1945-80e-anniversaire\\\/#primaryimage\"},\"thumbnailUrl\":\"https:\\\/\\\/www.modave.be\\\/wp-content\\\/uploads\\\/2025\\\/05\\\/Commemoration-2025-1-scaled-e1747404173172.jpg\",\"datePublished\":\"2025-05-16T14:10:43+00:00\",\"dateModified\":\"2025-05-16T14:10:44+00:00\",\"breadcrumb\":{\"@id\":\"https:\\\/\\\/www.modave.be\\\/index.php\\\/services_communaux\\\/commemoration-de-larmistice-de-1945-80e-anniversaire\\\/#breadcrumb\"},\"inLanguage\":\"fr-FR\",\"potentialAction\":[{\"@type\":\"ReadAction\",\"target\":[\"https:\\\/\\\/www.modave.be\\\/index.php\\\/services_communaux\\\/commemoration-de-larmistice-de-1945-80e-anniversaire\\\/\"]}]},{\"@type\":\"ImageObject\",\"inLanguage\":\"fr-FR\",\"@id\":\"https:\\\/\\\/www.modave.be\\\/index.php\\\/services_communaux\\\/commemoration-de-larmistice-de-1945-80e-anniversaire\\\/#primaryimage\",\"url\":\"https:\\\/\\\/www.modave.be\\\/wp-content\\\/uploads\\\/2025\\\/05\\\/Commemoration-2025-1-scaled-e1747404173172.jpg\",\"contentUrl\":\"https:\\\/\\\/www.modave.be\\\/wp-content\\\/uploads\\\/2025\\\/05\\\/Commemoration-2025-1-scaled-e1747404173172.jpg\",\"width\":2560,\"height\":1280},{\"@type\":\"BreadcrumbList\",\"@id\":\"https:\\\/\\\/www.modave.be\\\/index.php\\\/services_communaux\\\/commemoration-de-larmistice-de-1945-80e-anniversaire\\\/#breadcrumb\",\"itemListElement\":[{\"@type\":\"ListItem\",\"position\":1,\"name\":\"Accueil\",\"item\":\"https:\\\/\\\/www.modave.be\\\/\"},{\"@type\":\"ListItem\",\"position\":2,\"name\":\"Comm\u00e9moration de l\u2019Armistice de 1945 | 80e anniversaire\"}]},{\"@type\":\"WebSite\",\"@id\":\"https:\\\/\\\/www.modave.be\\\/#website\",\"url\":\"https:\\\/\\\/www.modave.be\\\/\",\"name\":\"Commune de Modave\",\"description\":\"Commune de Modave\",\"publisher\":{\"@id\":\"https:\\\/\\\/www.modave.be\\\/#organization\"},\"potentialAction\":[{\"@type\":\"SearchAction\",\"target\":{\"@type\":\"EntryPoint\",\"urlTemplate\":\"https:\\\/\\\/www.modave.be\\\/?s={search_term_string}\"},\"query-input\":{\"@type\":\"PropertyValueSpecification\",\"valueRequired\":true,\"valueName\":\"search_term_string\"}}],\"inLanguage\":\"fr-FR\"},{\"@type\":\"Organization\",\"@id\":\"https:\\\/\\\/www.modave.be\\\/#organization\",\"name\":\"Commune de Modave\",\"url\":\"https:\\\/\\\/www.modave.be\\\/\",\"logo\":{\"@type\":\"ImageObject\",\"inLanguage\":\"fr-FR\",\"@id\":\"https:\\\/\\\/www.modave.be\\\/#\\\/schema\\\/logo\\\/image\\\/\",\"url\":\"https:\\\/\\\/www.modave.be\\\/wp-content\\\/uploads\\\/2021\\\/12\\\/MODAVE_LOGO_HORIZONTAL_QUADRI_RVB.png\",\"contentUrl\":\"https:\\\/\\\/www.modave.be\\\/wp-content\\\/uploads\\\/2021\\\/12\\\/MODAVE_LOGO_HORIZONTAL_QUADRI_RVB.png\",\"width\":1200,\"height\":501,\"caption\":\"Commune de Modave\"},\"image\":{\"@id\":\"https:\\\/\\\/www.modave.be\\\/#\\\/schema\\\/logo\\\/image\\\/\"}}]}<\/script>\n<!-- \/ Yoast SEO plugin. -->","yoast_head_json":{"title":"Comm\u00e9moration de l\u2019Armistice de 1945 | 80e anniversaire - Commune de Modave","robots":{"index":"index","follow":"follow","max-snippet":"max-snippet:-1","max-image-preview":"max-image-preview:large","max-video-preview":"max-video-preview:-1"},"canonical":"https:\/\/www.modave.be\/index.php\/services_communaux\/commemoration-de-larmistice-de-1945-80e-anniversaire\/","og_locale":"fr_FR","og_type":"article","og_title":"Comm\u00e9moration de l\u2019Armistice de 1945 | 80e anniversaire - Commune de Modave","og_description":"Comm\u00e9moration de l\u2019Armistice de 1945 \u2013 80e anniversaire Ce jeudi 15 mai 2025, la Commune de Modave a marqu\u00e9 avec \u00e9motion le 80e anniversaire de l\u2019Armistice de 1945 lors d\u2019une c\u00e9r\u00e9monie empreinte de respect et de m\u00e9moire. Ce moment solennel, en pr\u00e9sence des \u00e9l\u00e8ves de 5e et 6e primaires, des porte-drapeaux et de nombreux citoyens,&hellip;","og_url":"https:\/\/www.modave.be\/index.php\/services_communaux\/commemoration-de-larmistice-de-1945-80e-anniversaire\/","og_site_name":"Commune de Modave","article_modified_time":"2025-05-16T14:10:44+00:00","og_image":[{"width":2560,"height":1280,"url":"https:\/\/www.modave.be\/wp-content\/uploads\/2025\/05\/Commemoration-2025-1-scaled-e1747404173172.jpg","type":"image\/jpeg"}],"twitter_card":"summary_large_image","twitter_misc":{"Dur\u00e9e de lecture estim\u00e9e":"1 minute"},"schema":{"@context":"https:\/\/schema.org","@graph":[{"@type":"WebPage","@id":"https:\/\/www.modave.be\/index.php\/services_communaux\/commemoration-de-larmistice-de-1945-80e-anniversaire\/","url":"https:\/\/www.modave.be\/index.php\/services_communaux\/commemoration-de-larmistice-de-1945-80e-anniversaire\/","name":"Comm\u00e9moration de l\u2019Armistice de 1945 | 80e anniversaire - Commune de Modave","isPartOf":{"@id":"https:\/\/www.modave.be\/#website"},"primaryImageOfPage":{"@id":"https:\/\/www.modave.be\/index.php\/services_communaux\/commemoration-de-larmistice-de-1945-80e-anniversaire\/#primaryimage"},"image":{"@id":"https:\/\/www.modave.be\/index.php\/services_communaux\/commemoration-de-larmistice-de-1945-80e-anniversaire\/#primaryimage"},"thumbnailUrl":"https:\/\/www.modave.be\/wp-content\/uploads\/2025\/05\/Commemoration-2025-1-scaled-e1747404173172.jpg","datePublished":"2025-05-16T14:10:43+00:00","dateModified":"2025-05-16T14:10:44+00:00","breadcrumb":{"@id":"https:\/\/www.modave.be\/index.php\/services_communaux\/commemoration-de-larmistice-de-1945-80e-anniversaire\/#breadcrumb"},"inLanguage":"fr-FR","potentialAction":[{"@type":"ReadAction","target":["https:\/\/www.modave.be\/index.php\/services_communaux\/commemoration-de-larmistice-de-1945-80e-anniversaire\/"]}]},{"@type":"ImageObject","inLanguage":"fr-FR","@id":"https:\/\/www.modave.be\/index.php\/services_communaux\/commemoration-de-larmistice-de-1945-80e-anniversaire\/#primaryimage","url":"https:\/\/www.modave.be\/wp-content\/uploads\/2025\/05\/Commemoration-2025-1-scaled-e1747404173172.jpg","contentUrl":"https:\/\/www.modave.be\/wp-content\/uploads\/2025\/05\/Commemoration-2025-1-scaled-e1747404173172.jpg","width":2560,"height":1280},{"@type":"BreadcrumbList","@id":"https:\/\/www.modave.be\/index.php\/services_communaux\/commemoration-de-larmistice-de-1945-80e-anniversaire\/#breadcrumb","itemListElement":[{"@type":"ListItem","position":1,"name":"Accueil","item":"https:\/\/www.modave.be\/"},{"@type":"ListItem","position":2,"name":"Comm\u00e9moration de l\u2019Armistice de 1945 | 80e anniversaire"}]},{"@type":"WebSite","@id":"https:\/\/www.modave.be\/#website","url":"https:\/\/www.modave.be\/","name":"Commune de Modave","description":"Commune de Modave","publisher":{"@id":"https:\/\/www.modave.be\/#organization"},"potentialAction":[{"@type":"SearchAction","target":{"@type":"EntryPoint","urlTemplate":"https:\/\/www.modave.be\/?s={search_term_string}"},"query-input":{"@type":"PropertyValueSpecification","valueRequired":true,"valueName":"search_term_string"}}],"inLanguage":"fr-FR"},{"@type":"Organization","@id":"https:\/\/www.modave.be\/#organization","name":"Commune de Modave","url":"https:\/\/www.modave.be\/","logo":{"@type":"ImageObject","inLanguage":"fr-FR","@id":"https:\/\/www.modave.be\/#\/schema\/logo\/image\/","url":"https:\/\/www.modave.be\/wp-content\/uploads\/2021\/12\/MODAVE_LOGO_HORIZONTAL_QUADRI_RVB.png","contentUrl":"https:\/\/www.modave.be\/wp-content\/uploads\/2021\/12\/MODAVE_LOGO_HORIZONTAL_QUADRI_RVB.png","width":1200,"height":501,"caption":"Commune de Modave"},"image":{"@id":"https:\/\/www.modave.be\/#\/schema\/logo\/image\/"}}]}},"_links":{"self":[{"href":"https:\/\/www.modave.be\/index.php\/wp-json\/wp\/v2\/services_communaux\/15637","targetHints":{"allow":["GET"]}}],"collection":[{"href":"https:\/\/www.modave.be\/index.php\/wp-json\/wp\/v2\/services_communaux"}],"about":[{"href":"https:\/\/www.modave.be\/index.php\/wp-json\/wp\/v2\/types\/services_communaux"}],"author":[{"embeddable":true,"href":"https:\/\/www.modave.be\/index.php\/wp-json\/wp\/v2\/users\/9"}],"wp:featuredmedia":[{"embeddable":true,"href":"https:\/\/www.modave.be\/index.php\/wp-json\/wp\/v2\/media\/15624"}],"wp:attachment":[{"href":"https:\/\/www.modave.be\/index.php\/wp-json\/wp\/v2\/media?parent=15637"}],"wp:term":[{"taxonomy":"category","embeddable":true,"href":"https:\/\/www.modave.be\/index.php\/wp-json\/wp\/v2\/categories?post=15637"}],"curies":[{"name":"wp","href":"https:\/\/api.w.org\/{rel}","templated":true}]}}