{"id":15648,"date":"2025-05-20T11:51:40","date_gmt":"2025-05-20T09:51:40","guid":{"rendered":"https:\/\/www.modave.be\/?post_type=services_communaux&#038;p=15648"},"modified":"2025-05-20T11:51:40","modified_gmt":"2025-05-20T09:51:40","slug":"tir-de-mine-carriere-bieleux-23-mai","status":"publish","type":"services_communaux","link":"https:\/\/www.modave.be\/index.php\/services_communaux\/tir-de-mine-carriere-bieleux-23-mai\/","title":{"rendered":"Tir de mine | Carri\u00e8re Bi\u00e9leux | 23 mai"},"content":{"rendered":"\n<p>\ud835\udc00\ud835\udc15\ud835\udc08\ud835\udc12 \ud835\udc08\ud835\udc0c\ud835\udc0f\ud835\udc0e\ud835\udc11\ud835\udc13\ud835\udc00\ud835\udc0d\ud835\udc13 | \ud835\udc13\ud835\udc08\ud835\udc11 \ud835\udc03\ud835\udc04 \ud835\udc0c\ud835\udc08\ud835\udc0d\ud835\udc04<\/p>\n\n\n\n<blockquote class=\"wp-block-quote is-layout-flow wp-block-quote-is-layout-flow\">\n<p>Un tir de mine est programm\u00e9 \u00e0 la carri\u00e8re Les Bi\u00e9leux \u00e0 Modave le <strong>23 mai<\/strong>, <strong>entre 12h et 14h<\/strong>.<\/p>\n<\/blockquote>\n\n\n\n<ul class=\"wp-block-list\">\n<li>Pas de panique : il s&rsquo;agit d&rsquo;une op\u00e9ration encadr\u00e9e par des professionnels.<\/li>\n\n\n\n<li>Des d\u00e9tonations pourraient \u00eatre entendues dans les environs.<\/li>\n<\/ul>\n\n\n\n<p>Merci d\u2019en parler autour de vous pour \u00e9viter toute inqui\u00e9tude.<\/p>\n\n\n\n<figure class=\"wp-block-image size-full\"><img fetchpriority=\"high\" decoding=\"async\" width=\"1080\" height=\"1080\" src=\"https:\/\/www.modave.be\/wp-content\/uploads\/2025\/05\/Tir-de-mine.png\" alt=\"\" class=\"wp-image-15649\" srcset=\"https:\/\/www.modave.be\/wp-content\/uploads\/2025\/05\/Tir-de-mine.png 1080w, https:\/\/www.modave.be\/wp-content\/uploads\/2025\/05\/Tir-de-mine-300x300.png 300w, https:\/\/www.modave.be\/wp-content\/uploads\/2025\/05\/Tir-de-mine-1024x1024.png 1024w, https:\/\/www.modave.be\/wp-content\/uploads\/2025\/05\/Tir-de-mine-150x150.png 150w, https:\/\/www.modave.be\/wp-content\/uploads\/2025\/05\/Tir-de-mine-768x768.png 768w\" sizes=\"(max-width: 1080px) 100vw, 1080px\" \/><\/figure>\n","protected":false},"excerpt":{"rendered":"<p>\ud835\udc00\ud835\udc15\ud835\udc08\ud835\udc12 \ud835\udc08\ud835\udc0c\ud835\udc0f\ud835\udc0e\ud835\udc11\ud835\udc13\ud835\udc00\ud835\udc0d\ud835\udc13 | \ud835\udc13\ud835\udc08\ud835\udc11 \ud835\udc03\ud835\udc04 \ud835\udc0c\ud835\udc08\ud835\udc0d\ud835\udc04 Un tir de mine est programm\u00e9 \u00e0 la carri\u00e8re Les Bi\u00e9leux \u00e0 Modave le 23 mai, entre 12h et 14h. Merci d\u2019en parler autour de vous pour \u00e9viter toute inqui\u00e9tude.<\/p>\n","protected":false},"author":9,"featured_media":12395,"menu_order":1,"template":"","categories":[1],"class_list":["post-15648","services_communaux","type-services_communaux","status-publish","has-post-thumbnail","hentry","category-non-classe","description-off"],"yoast_head":"<!-- This site is optimized with the Yoast SEO plugin v27.5 - https:\/\/yoast.com\/product\/yoast-seo-wordpress\/ -->\n<title>Tir de mine | Carri\u00e8re Bi\u00e9leux | 23 mai - Commune de Modave<\/title>\n<meta name=\"robots\" content=\"index, follow, max-snippet:-1, max-image-preview:large, max-video-preview:-1\" \/>\n<link rel=\"canonical\" href=\"https:\/\/www.modave.be\/index.php\/services_communaux\/tir-de-mine-carriere-bieleux-23-mai\/\" \/>\n<meta property=\"og:locale\" content=\"fr_FR\" \/>\n<meta property=\"og:type\" content=\"article\" \/>\n<meta property=\"og:title\" content=\"Tir de mine | Carri\u00e8re Bi\u00e9leux | 23 mai - Commune de Modave\" \/>\n<meta property=\"og:description\" content=\"\ud835\udc00\ud835\udc15\ud835\udc08\ud835\udc12 \ud835\udc08\ud835\udc0c\ud835\udc0f\ud835\udc0e\ud835\udc11\ud835\udc13\ud835\udc00\ud835\udc0d\ud835\udc13 | \ud835\udc13\ud835\udc08\ud835\udc11 \ud835\udc03\ud835\udc04 \ud835\udc0c\ud835\udc08\ud835\udc0d\ud835\udc04 Un tir de mine est programm\u00e9 \u00e0 la carri\u00e8re Les Bi\u00e9leux \u00e0 Modave le 23 mai, entre 12h et 14h. Merci d\u2019en parler autour de vous pour \u00e9viter toute inqui\u00e9tude.\" \/>\n<meta property=\"og:url\" content=\"https:\/\/www.modave.be\/index.php\/services_communaux\/tir-de-mine-carriere-bieleux-23-mai\/\" \/>\n<meta property=\"og:site_name\" content=\"Commune de Modave\" \/>\n<meta property=\"og:image\" content=\"https:\/\/www.modave.be\/wp-content\/uploads\/2023\/04\/chantier-v2-e1727685320454.jpg\" \/>\n\t<meta property=\"og:image:width\" content=\"1280\" \/>\n\t<meta property=\"og:image:height\" content=\"640\" \/>\n\t<meta property=\"og:image:type\" content=\"image\/jpeg\" \/>\n<meta name=\"twitter:card\" content=\"summary_large_image\" \/>\n<script type=\"application\/ld+json\" class=\"yoast-schema-graph\">{\"@context\":\"https:\\\/\\\/schema.org\",\"@graph\":[{\"@type\":\"WebPage\",\"@id\":\"https:\\\/\\\/www.modave.be\\\/index.php\\\/services_communaux\\\/tir-de-mine-carriere-bieleux-23-mai\\\/\",\"url\":\"https:\\\/\\\/www.modave.be\\\/index.php\\\/services_communaux\\\/tir-de-mine-carriere-bieleux-23-mai\\\/\",\"name\":\"Tir de mine | Carri\u00e8re Bi\u00e9leux | 23 mai - Commune de Modave\",\"isPartOf\":{\"@id\":\"https:\\\/\\\/www.modave.be\\\/#website\"},\"primaryImageOfPage\":{\"@id\":\"https:\\\/\\\/www.modave.be\\\/index.php\\\/services_communaux\\\/tir-de-mine-carriere-bieleux-23-mai\\\/#primaryimage\"},\"image\":{\"@id\":\"https:\\\/\\\/www.modave.be\\\/index.php\\\/services_communaux\\\/tir-de-mine-carriere-bieleux-23-mai\\\/#primaryimage\"},\"thumbnailUrl\":\"https:\\\/\\\/www.modave.be\\\/wp-content\\\/uploads\\\/2023\\\/04\\\/chantier-v2-e1727685320454.jpg\",\"datePublished\":\"2025-05-20T09:51:40+00:00\",\"breadcrumb\":{\"@id\":\"https:\\\/\\\/www.modave.be\\\/index.php\\\/services_communaux\\\/tir-de-mine-carriere-bieleux-23-mai\\\/#breadcrumb\"},\"inLanguage\":\"fr-FR\",\"potentialAction\":[{\"@type\":\"ReadAction\",\"target\":[\"https:\\\/\\\/www.modave.be\\\/index.php\\\/services_communaux\\\/tir-de-mine-carriere-bieleux-23-mai\\\/\"]}]},{\"@type\":\"ImageObject\",\"inLanguage\":\"fr-FR\",\"@id\":\"https:\\\/\\\/www.modave.be\\\/index.php\\\/services_communaux\\\/tir-de-mine-carriere-bieleux-23-mai\\\/#primaryimage\",\"url\":\"https:\\\/\\\/www.modave.be\\\/wp-content\\\/uploads\\\/2023\\\/04\\\/chantier-v2-e1727685320454.jpg\",\"contentUrl\":\"https:\\\/\\\/www.modave.be\\\/wp-content\\\/uploads\\\/2023\\\/04\\\/chantier-v2-e1727685320454.jpg\",\"width\":1280,\"height\":640},{\"@type\":\"BreadcrumbList\",\"@id\":\"https:\\\/\\\/www.modave.be\\\/index.php\\\/services_communaux\\\/tir-de-mine-carriere-bieleux-23-mai\\\/#breadcrumb\",\"itemListElement\":[{\"@type\":\"ListItem\",\"position\":1,\"name\":\"Accueil\",\"item\":\"https:\\\/\\\/www.modave.be\\\/\"},{\"@type\":\"ListItem\",\"position\":2,\"name\":\"Tir de mine | Carri\u00e8re Bi\u00e9leux | 23 mai\"}]},{\"@type\":\"WebSite\",\"@id\":\"https:\\\/\\\/www.modave.be\\\/#website\",\"url\":\"https:\\\/\\\/www.modave.be\\\/\",\"name\":\"Commune de Modave\",\"description\":\"Commune de Modave\",\"publisher\":{\"@id\":\"https:\\\/\\\/www.modave.be\\\/#organization\"},\"potentialAction\":[{\"@type\":\"SearchAction\",\"target\":{\"@type\":\"EntryPoint\",\"urlTemplate\":\"https:\\\/\\\/www.modave.be\\\/?s={search_term_string}\"},\"query-input\":{\"@type\":\"PropertyValueSpecification\",\"valueRequired\":true,\"valueName\":\"search_term_string\"}}],\"inLanguage\":\"fr-FR\"},{\"@type\":\"Organization\",\"@id\":\"https:\\\/\\\/www.modave.be\\\/#organization\",\"name\":\"Commune de Modave\",\"url\":\"https:\\\/\\\/www.modave.be\\\/\",\"logo\":{\"@type\":\"ImageObject\",\"inLanguage\":\"fr-FR\",\"@id\":\"https:\\\/\\\/www.modave.be\\\/#\\\/schema\\\/logo\\\/image\\\/\",\"url\":\"https:\\\/\\\/www.modave.be\\\/wp-content\\\/uploads\\\/2021\\\/12\\\/MODAVE_LOGO_HORIZONTAL_QUADRI_RVB.png\",\"contentUrl\":\"https:\\\/\\\/www.modave.be\\\/wp-content\\\/uploads\\\/2021\\\/12\\\/MODAVE_LOGO_HORIZONTAL_QUADRI_RVB.png\",\"width\":1200,\"height\":501,\"caption\":\"Commune de Modave\"},\"image\":{\"@id\":\"https:\\\/\\\/www.modave.be\\\/#\\\/schema\\\/logo\\\/image\\\/\"}}]}<\/script>\n<!-- \/ Yoast SEO plugin. -->","yoast_head_json":{"title":"Tir de mine | Carri\u00e8re Bi\u00e9leux | 23 mai - Commune de Modave","robots":{"index":"index","follow":"follow","max-snippet":"max-snippet:-1","max-image-preview":"max-image-preview:large","max-video-preview":"max-video-preview:-1"},"canonical":"https:\/\/www.modave.be\/index.php\/services_communaux\/tir-de-mine-carriere-bieleux-23-mai\/","og_locale":"fr_FR","og_type":"article","og_title":"Tir de mine | Carri\u00e8re Bi\u00e9leux | 23 mai - Commune de Modave","og_description":"\ud835\udc00\ud835\udc15\ud835\udc08\ud835\udc12 \ud835\udc08\ud835\udc0c\ud835\udc0f\ud835\udc0e\ud835\udc11\ud835\udc13\ud835\udc00\ud835\udc0d\ud835\udc13 | \ud835\udc13\ud835\udc08\ud835\udc11 \ud835\udc03\ud835\udc04 \ud835\udc0c\ud835\udc08\ud835\udc0d\ud835\udc04 Un tir de mine est programm\u00e9 \u00e0 la carri\u00e8re Les Bi\u00e9leux \u00e0 Modave le 23 mai, entre 12h et 14h. Merci d\u2019en parler autour de vous pour \u00e9viter toute inqui\u00e9tude.","og_url":"https:\/\/www.modave.be\/index.php\/services_communaux\/tir-de-mine-carriere-bieleux-23-mai\/","og_site_name":"Commune de Modave","og_image":[{"width":1280,"height":640,"url":"https:\/\/www.modave.be\/wp-content\/uploads\/2023\/04\/chantier-v2-e1727685320454.jpg","type":"image\/jpeg"}],"twitter_card":"summary_large_image","schema":{"@context":"https:\/\/schema.org","@graph":[{"@type":"WebPage","@id":"https:\/\/www.modave.be\/index.php\/services_communaux\/tir-de-mine-carriere-bieleux-23-mai\/","url":"https:\/\/www.modave.be\/index.php\/services_communaux\/tir-de-mine-carriere-bieleux-23-mai\/","name":"Tir de mine | Carri\u00e8re Bi\u00e9leux | 23 mai - Commune de Modave","isPartOf":{"@id":"https:\/\/www.modave.be\/#website"},"primaryImageOfPage":{"@id":"https:\/\/www.modave.be\/index.php\/services_communaux\/tir-de-mine-carriere-bieleux-23-mai\/#primaryimage"},"image":{"@id":"https:\/\/www.modave.be\/index.php\/services_communaux\/tir-de-mine-carriere-bieleux-23-mai\/#primaryimage"},"thumbnailUrl":"https:\/\/www.modave.be\/wp-content\/uploads\/2023\/04\/chantier-v2-e1727685320454.jpg","datePublished":"2025-05-20T09:51:40+00:00","breadcrumb":{"@id":"https:\/\/www.modave.be\/index.php\/services_communaux\/tir-de-mine-carriere-bieleux-23-mai\/#breadcrumb"},"inLanguage":"fr-FR","potentialAction":[{"@type":"ReadAction","target":["https:\/\/www.modave.be\/index.php\/services_communaux\/tir-de-mine-carriere-bieleux-23-mai\/"]}]},{"@type":"ImageObject","inLanguage":"fr-FR","@id":"https:\/\/www.modave.be\/index.php\/services_communaux\/tir-de-mine-carriere-bieleux-23-mai\/#primaryimage","url":"https:\/\/www.modave.be\/wp-content\/uploads\/2023\/04\/chantier-v2-e1727685320454.jpg","contentUrl":"https:\/\/www.modave.be\/wp-content\/uploads\/2023\/04\/chantier-v2-e1727685320454.jpg","width":1280,"height":640},{"@type":"BreadcrumbList","@id":"https:\/\/www.modave.be\/index.php\/services_communaux\/tir-de-mine-carriere-bieleux-23-mai\/#breadcrumb","itemListElement":[{"@type":"ListItem","position":1,"name":"Accueil","item":"https:\/\/www.modave.be\/"},{"@type":"ListItem","position":2,"name":"Tir de mine | Carri\u00e8re Bi\u00e9leux | 23 mai"}]},{"@type":"WebSite","@id":"https:\/\/www.modave.be\/#website","url":"https:\/\/www.modave.be\/","name":"Commune de Modave","description":"Commune de Modave","publisher":{"@id":"https:\/\/www.modave.be\/#organization"},"potentialAction":[{"@type":"SearchAction","target":{"@type":"EntryPoint","urlTemplate":"https:\/\/www.modave.be\/?s={search_term_string}"},"query-input":{"@type":"PropertyValueSpecification","valueRequired":true,"valueName":"search_term_string"}}],"inLanguage":"fr-FR"},{"@type":"Organization","@id":"https:\/\/www.modave.be\/#organization","name":"Commune de Modave","url":"https:\/\/www.modave.be\/","logo":{"@type":"ImageObject","inLanguage":"fr-FR","@id":"https:\/\/www.modave.be\/#\/schema\/logo\/image\/","url":"https:\/\/www.modave.be\/wp-content\/uploads\/2021\/12\/MODAVE_LOGO_HORIZONTAL_QUADRI_RVB.png","contentUrl":"https:\/\/www.modave.be\/wp-content\/uploads\/2021\/12\/MODAVE_LOGO_HORIZONTAL_QUADRI_RVB.png","width":1200,"height":501,"caption":"Commune de Modave"},"image":{"@id":"https:\/\/www.modave.be\/#\/schema\/logo\/image\/"}}]}},"_links":{"self":[{"href":"https:\/\/www.modave.be\/index.php\/wp-json\/wp\/v2\/services_communaux\/15648","targetHints":{"allow":["GET"]}}],"collection":[{"href":"https:\/\/www.modave.be\/index.php\/wp-json\/wp\/v2\/services_communaux"}],"about":[{"href":"https:\/\/www.modave.be\/index.php\/wp-json\/wp\/v2\/types\/services_communaux"}],"author":[{"embeddable":true,"href":"https:\/\/www.modave.be\/index.php\/wp-json\/wp\/v2\/users\/9"}],"wp:featuredmedia":[{"embeddable":true,"href":"https:\/\/www.modave.be\/index.php\/wp-json\/wp\/v2\/media\/12395"}],"wp:attachment":[{"href":"https:\/\/www.modave.be\/index.php\/wp-json\/wp\/v2\/media?parent=15648"}],"wp:term":[{"taxonomy":"category","embeddable":true,"href":"https:\/\/www.modave.be\/index.php\/wp-json\/wp\/v2\/categories?post=15648"}],"curies":[{"name":"wp","href":"https:\/\/api.w.org\/{rel}","templated":true}]}}