{"id":15650,"date":"2025-05-20T12:04:02","date_gmt":"2025-05-20T10:04:02","guid":{"rendered":"https:\/\/www.modave.be\/?post_type=services_communaux&#038;p=15650"},"modified":"2025-05-20T12:04:03","modified_gmt":"2025-05-20T10:04:03","slug":"travaux-sur-la-n66-circulation-alternee","status":"publish","type":"services_communaux","link":"https:\/\/www.modave.be\/index.php\/services_communaux\/travaux-sur-la-n66-circulation-alternee\/","title":{"rendered":"Travaux sur la N66 | Circulation altern\u00e9e"},"content":{"rendered":"\n<h2 class=\"wp-block-heading\">Travaux sur la N66<br><\/h2>\n\n\n\n<p><em>Dans le cadre de l\u2019entretien du r\u00e9seau routier r\u00e9gional, le Service Public de Wallonie proc\u00e9dera d\u00e8s demain \u00e0 une r\u00e9fection du rev\u00eatement \u00e0 deux endroits sur la N66, pr\u00e8s de la rue Bois Rosine et de la rue des Trixhes.<\/em><\/p>\n\n\n\n<p>Quand ? <strong>Les 21, 22, 23 et 26 mai, entre 6h30 et 17h<\/strong>.<\/p>\n\n\n\n<blockquote class=\"wp-block-quote is-layout-flow wp-block-quote-is-layout-flow\">\n<p>\u00c0 quoi s\u2019attendre ?<br><strong>La circulation se fera sur une seule bande et sera r\u00e9gul\u00e9e par des feux tricolores<\/strong>, ce qui entra\u00eenera des ralentissements en journ\u00e9e. <strong>\u00c0 hauteur de l\u2019\u00e9cole, le stationnement sera temporairement interdit<\/strong> afin de garantir la s\u00e9curit\u00e9 de toutes et tous. Par ailleurs, <strong>la rue Bois Rosine passera en sens unique durant les travaux<\/strong>,<strong> avec une d\u00e9viation<\/strong> pr\u00e9vue pour les automobilistes souhaitant rejoindre la N66.<\/p>\n<\/blockquote>\n\n\n\n<p>Ce chantier ne d\u00e9pend pas de la Commune, mais nous tenions \u00e0 vous relayer cette information pour vous permettre d\u2019adapter vos d\u00e9placements en toute s\u00e9r\u00e9nit\u00e9.<\/p>\n\n\n\n<p>Merci pour votre patience, votre compr\u00e9hension et votre bienveillance envers les \u00e9quipes pr\u00e9sentes sur le terrain. Pour leur s\u00e9curit\u00e9 comme pour la v\u00f4tre, restons prudents \u00e0 l\u2019approche des zones de chantier. Chaque petit coup de pelle contribue \u00e0 rendre nos routes plus s\u00fbres pour tout le monde.<\/p>\n\n\n\n<figure class=\"wp-block-image size-large\"><img fetchpriority=\"high\" decoding=\"async\" width=\"1024\" height=\"1024\" src=\"https:\/\/www.modave.be\/wp-content\/uploads\/2025\/05\/Plan-travaux-1024x1024.png\" alt=\"\" class=\"wp-image-15654\" srcset=\"https:\/\/www.modave.be\/wp-content\/uploads\/2025\/05\/Plan-travaux-1024x1024.png 1024w, https:\/\/www.modave.be\/wp-content\/uploads\/2025\/05\/Plan-travaux-300x300.png 300w, https:\/\/www.modave.be\/wp-content\/uploads\/2025\/05\/Plan-travaux-150x150.png 150w, https:\/\/www.modave.be\/wp-content\/uploads\/2025\/05\/Plan-travaux-768x768.png 768w, https:\/\/www.modave.be\/wp-content\/uploads\/2025\/05\/Plan-travaux.png 1080w\" sizes=\"(max-width: 1024px) 100vw, 1024px\" \/><\/figure>\n\n\n\n<div data-wp-interactive=\"core\/file\" class=\"wp-block-file\"><object data-wp-bind--hidden=\"!state.hasPdfPreview\" hidden class=\"wp-block-file__embed\" data=\"https:\/\/www.modave.be\/wp-content\/uploads\/2025\/05\/Ordonnance-20250520104720334-1.pdf\" type=\"application\/pdf\" style=\"width:100%;height:600px\" aria-label=\"Contenu embarqu\u00e9 Ordonnance 20250520104720334.\"><\/object><a id=\"wp-block-file--media-b265b54b-f534-49dd-987c-3579e3e72c28\" href=\"https:\/\/www.modave.be\/wp-content\/uploads\/2025\/05\/Ordonnance-20250520104720334-1.pdf\">Ordonnance 20250520104720334<\/a><a href=\"https:\/\/www.modave.be\/wp-content\/uploads\/2025\/05\/Ordonnance-20250520104720334-1.pdf\" class=\"wp-block-file__button wp-element-button\" download aria-describedby=\"wp-block-file--media-b265b54b-f534-49dd-987c-3579e3e72c28\">T\u00e9l\u00e9charger<\/a><\/div>\n\n\n\n<p><\/p>\n","protected":false},"excerpt":{"rendered":"<p>Travaux sur la N66 Dans le cadre de l\u2019entretien du r\u00e9seau routier r\u00e9gional, le Service Public de Wallonie proc\u00e9dera d\u00e8s demain \u00e0 une r\u00e9fection du rev\u00eatement \u00e0 deux endroits sur la N66, pr\u00e8s de la rue Bois Rosine et de la rue des Trixhes. Quand ? Les 21, 22, 23 et 26 mai, entre 6h30&hellip;<\/p>\n","protected":false},"author":9,"featured_media":15651,"menu_order":0,"template":"","categories":[208],"class_list":["post-15650","services_communaux","type-services_communaux","status-publish","has-post-thumbnail","hentry","category-travaux","description-off"],"yoast_head":"<!-- This site is optimized with the Yoast SEO plugin v27.5 - https:\/\/yoast.com\/product\/yoast-seo-wordpress\/ -->\n<title>Travaux sur la N66 | Circulation altern\u00e9e - Commune de Modave<\/title>\n<meta name=\"robots\" content=\"index, follow, max-snippet:-1, max-image-preview:large, max-video-preview:-1\" \/>\n<link rel=\"canonical\" href=\"https:\/\/www.modave.be\/index.php\/services_communaux\/travaux-sur-la-n66-circulation-alternee\/\" \/>\n<meta property=\"og:locale\" content=\"fr_FR\" \/>\n<meta property=\"og:type\" content=\"article\" \/>\n<meta property=\"og:title\" content=\"Travaux sur la N66 | Circulation altern\u00e9e - Commune de Modave\" \/>\n<meta property=\"og:description\" content=\"Travaux sur la N66 Dans le cadre de l\u2019entretien du r\u00e9seau routier r\u00e9gional, le Service Public de Wallonie proc\u00e9dera d\u00e8s demain \u00e0 une r\u00e9fection du rev\u00eatement \u00e0 deux endroits sur la N66, pr\u00e8s de la rue Bois Rosine et de la rue des Trixhes. Quand ? Les 21, 22, 23 et 26 mai, entre 6h30&hellip;\" \/>\n<meta property=\"og:url\" content=\"https:\/\/www.modave.be\/index.php\/services_communaux\/travaux-sur-la-n66-circulation-alternee\/\" \/>\n<meta property=\"og:site_name\" content=\"Commune de Modave\" \/>\n<meta property=\"article:modified_time\" content=\"2025-05-20T10:04:03+00:00\" \/>\n<meta property=\"og:image\" content=\"https:\/\/www.modave.be\/wp-content\/uploads\/2025\/05\/Travaux-illustration-e1747735044257.png\" \/>\n\t<meta property=\"og:image:width\" content=\"1080\" \/>\n\t<meta property=\"og:image:height\" content=\"540\" \/>\n\t<meta property=\"og:image:type\" content=\"image\/png\" \/>\n<meta name=\"twitter:card\" content=\"summary_large_image\" \/>\n<meta name=\"twitter:label1\" content=\"Dur\u00e9e de lecture estim\u00e9e\" \/>\n\t<meta name=\"twitter:data1\" content=\"1 minute\" \/>\n<script type=\"application\/ld+json\" class=\"yoast-schema-graph\">{\"@context\":\"https:\\\/\\\/schema.org\",\"@graph\":[{\"@type\":\"WebPage\",\"@id\":\"https:\\\/\\\/www.modave.be\\\/index.php\\\/services_communaux\\\/travaux-sur-la-n66-circulation-alternee\\\/\",\"url\":\"https:\\\/\\\/www.modave.be\\\/index.php\\\/services_communaux\\\/travaux-sur-la-n66-circulation-alternee\\\/\",\"name\":\"Travaux sur la N66 | Circulation altern\u00e9e - Commune de Modave\",\"isPartOf\":{\"@id\":\"https:\\\/\\\/www.modave.be\\\/#website\"},\"primaryImageOfPage\":{\"@id\":\"https:\\\/\\\/www.modave.be\\\/index.php\\\/services_communaux\\\/travaux-sur-la-n66-circulation-alternee\\\/#primaryimage\"},\"image\":{\"@id\":\"https:\\\/\\\/www.modave.be\\\/index.php\\\/services_communaux\\\/travaux-sur-la-n66-circulation-alternee\\\/#primaryimage\"},\"thumbnailUrl\":\"https:\\\/\\\/www.modave.be\\\/wp-content\\\/uploads\\\/2025\\\/05\\\/Travaux-illustration-e1747735044257.png\",\"datePublished\":\"2025-05-20T10:04:02+00:00\",\"dateModified\":\"2025-05-20T10:04:03+00:00\",\"breadcrumb\":{\"@id\":\"https:\\\/\\\/www.modave.be\\\/index.php\\\/services_communaux\\\/travaux-sur-la-n66-circulation-alternee\\\/#breadcrumb\"},\"inLanguage\":\"fr-FR\",\"potentialAction\":[{\"@type\":\"ReadAction\",\"target\":[\"https:\\\/\\\/www.modave.be\\\/index.php\\\/services_communaux\\\/travaux-sur-la-n66-circulation-alternee\\\/\"]}]},{\"@type\":\"ImageObject\",\"inLanguage\":\"fr-FR\",\"@id\":\"https:\\\/\\\/www.modave.be\\\/index.php\\\/services_communaux\\\/travaux-sur-la-n66-circulation-alternee\\\/#primaryimage\",\"url\":\"https:\\\/\\\/www.modave.be\\\/wp-content\\\/uploads\\\/2025\\\/05\\\/Travaux-illustration-e1747735044257.png\",\"contentUrl\":\"https:\\\/\\\/www.modave.be\\\/wp-content\\\/uploads\\\/2025\\\/05\\\/Travaux-illustration-e1747735044257.png\",\"width\":1080,\"height\":540},{\"@type\":\"BreadcrumbList\",\"@id\":\"https:\\\/\\\/www.modave.be\\\/index.php\\\/services_communaux\\\/travaux-sur-la-n66-circulation-alternee\\\/#breadcrumb\",\"itemListElement\":[{\"@type\":\"ListItem\",\"position\":1,\"name\":\"Accueil\",\"item\":\"https:\\\/\\\/www.modave.be\\\/\"},{\"@type\":\"ListItem\",\"position\":2,\"name\":\"Travaux sur la N66 | Circulation altern\u00e9e\"}]},{\"@type\":\"WebSite\",\"@id\":\"https:\\\/\\\/www.modave.be\\\/#website\",\"url\":\"https:\\\/\\\/www.modave.be\\\/\",\"name\":\"Commune de Modave\",\"description\":\"Commune de Modave\",\"publisher\":{\"@id\":\"https:\\\/\\\/www.modave.be\\\/#organization\"},\"potentialAction\":[{\"@type\":\"SearchAction\",\"target\":{\"@type\":\"EntryPoint\",\"urlTemplate\":\"https:\\\/\\\/www.modave.be\\\/?s={search_term_string}\"},\"query-input\":{\"@type\":\"PropertyValueSpecification\",\"valueRequired\":true,\"valueName\":\"search_term_string\"}}],\"inLanguage\":\"fr-FR\"},{\"@type\":\"Organization\",\"@id\":\"https:\\\/\\\/www.modave.be\\\/#organization\",\"name\":\"Commune de Modave\",\"url\":\"https:\\\/\\\/www.modave.be\\\/\",\"logo\":{\"@type\":\"ImageObject\",\"inLanguage\":\"fr-FR\",\"@id\":\"https:\\\/\\\/www.modave.be\\\/#\\\/schema\\\/logo\\\/image\\\/\",\"url\":\"https:\\\/\\\/www.modave.be\\\/wp-content\\\/uploads\\\/2021\\\/12\\\/MODAVE_LOGO_HORIZONTAL_QUADRI_RVB.png\",\"contentUrl\":\"https:\\\/\\\/www.modave.be\\\/wp-content\\\/uploads\\\/2021\\\/12\\\/MODAVE_LOGO_HORIZONTAL_QUADRI_RVB.png\",\"width\":1200,\"height\":501,\"caption\":\"Commune de Modave\"},\"image\":{\"@id\":\"https:\\\/\\\/www.modave.be\\\/#\\\/schema\\\/logo\\\/image\\\/\"}}]}<\/script>\n<!-- \/ Yoast SEO plugin. -->","yoast_head_json":{"title":"Travaux sur la N66 | Circulation altern\u00e9e - Commune de Modave","robots":{"index":"index","follow":"follow","max-snippet":"max-snippet:-1","max-image-preview":"max-image-preview:large","max-video-preview":"max-video-preview:-1"},"canonical":"https:\/\/www.modave.be\/index.php\/services_communaux\/travaux-sur-la-n66-circulation-alternee\/","og_locale":"fr_FR","og_type":"article","og_title":"Travaux sur la N66 | Circulation altern\u00e9e - Commune de Modave","og_description":"Travaux sur la N66 Dans le cadre de l\u2019entretien du r\u00e9seau routier r\u00e9gional, le Service Public de Wallonie proc\u00e9dera d\u00e8s demain \u00e0 une r\u00e9fection du rev\u00eatement \u00e0 deux endroits sur la N66, pr\u00e8s de la rue Bois Rosine et de la rue des Trixhes. Quand ? Les 21, 22, 23 et 26 mai, entre 6h30&hellip;","og_url":"https:\/\/www.modave.be\/index.php\/services_communaux\/travaux-sur-la-n66-circulation-alternee\/","og_site_name":"Commune de Modave","article_modified_time":"2025-05-20T10:04:03+00:00","og_image":[{"width":1080,"height":540,"url":"https:\/\/www.modave.be\/wp-content\/uploads\/2025\/05\/Travaux-illustration-e1747735044257.png","type":"image\/png"}],"twitter_card":"summary_large_image","twitter_misc":{"Dur\u00e9e de lecture estim\u00e9e":"1 minute"},"schema":{"@context":"https:\/\/schema.org","@graph":[{"@type":"WebPage","@id":"https:\/\/www.modave.be\/index.php\/services_communaux\/travaux-sur-la-n66-circulation-alternee\/","url":"https:\/\/www.modave.be\/index.php\/services_communaux\/travaux-sur-la-n66-circulation-alternee\/","name":"Travaux sur la N66 | Circulation altern\u00e9e - Commune de Modave","isPartOf":{"@id":"https:\/\/www.modave.be\/#website"},"primaryImageOfPage":{"@id":"https:\/\/www.modave.be\/index.php\/services_communaux\/travaux-sur-la-n66-circulation-alternee\/#primaryimage"},"image":{"@id":"https:\/\/www.modave.be\/index.php\/services_communaux\/travaux-sur-la-n66-circulation-alternee\/#primaryimage"},"thumbnailUrl":"https:\/\/www.modave.be\/wp-content\/uploads\/2025\/05\/Travaux-illustration-e1747735044257.png","datePublished":"2025-05-20T10:04:02+00:00","dateModified":"2025-05-20T10:04:03+00:00","breadcrumb":{"@id":"https:\/\/www.modave.be\/index.php\/services_communaux\/travaux-sur-la-n66-circulation-alternee\/#breadcrumb"},"inLanguage":"fr-FR","potentialAction":[{"@type":"ReadAction","target":["https:\/\/www.modave.be\/index.php\/services_communaux\/travaux-sur-la-n66-circulation-alternee\/"]}]},{"@type":"ImageObject","inLanguage":"fr-FR","@id":"https:\/\/www.modave.be\/index.php\/services_communaux\/travaux-sur-la-n66-circulation-alternee\/#primaryimage","url":"https:\/\/www.modave.be\/wp-content\/uploads\/2025\/05\/Travaux-illustration-e1747735044257.png","contentUrl":"https:\/\/www.modave.be\/wp-content\/uploads\/2025\/05\/Travaux-illustration-e1747735044257.png","width":1080,"height":540},{"@type":"BreadcrumbList","@id":"https:\/\/www.modave.be\/index.php\/services_communaux\/travaux-sur-la-n66-circulation-alternee\/#breadcrumb","itemListElement":[{"@type":"ListItem","position":1,"name":"Accueil","item":"https:\/\/www.modave.be\/"},{"@type":"ListItem","position":2,"name":"Travaux sur la N66 | Circulation altern\u00e9e"}]},{"@type":"WebSite","@id":"https:\/\/www.modave.be\/#website","url":"https:\/\/www.modave.be\/","name":"Commune de Modave","description":"Commune de Modave","publisher":{"@id":"https:\/\/www.modave.be\/#organization"},"potentialAction":[{"@type":"SearchAction","target":{"@type":"EntryPoint","urlTemplate":"https:\/\/www.modave.be\/?s={search_term_string}"},"query-input":{"@type":"PropertyValueSpecification","valueRequired":true,"valueName":"search_term_string"}}],"inLanguage":"fr-FR"},{"@type":"Organization","@id":"https:\/\/www.modave.be\/#organization","name":"Commune de Modave","url":"https:\/\/www.modave.be\/","logo":{"@type":"ImageObject","inLanguage":"fr-FR","@id":"https:\/\/www.modave.be\/#\/schema\/logo\/image\/","url":"https:\/\/www.modave.be\/wp-content\/uploads\/2021\/12\/MODAVE_LOGO_HORIZONTAL_QUADRI_RVB.png","contentUrl":"https:\/\/www.modave.be\/wp-content\/uploads\/2021\/12\/MODAVE_LOGO_HORIZONTAL_QUADRI_RVB.png","width":1200,"height":501,"caption":"Commune de Modave"},"image":{"@id":"https:\/\/www.modave.be\/#\/schema\/logo\/image\/"}}]}},"_links":{"self":[{"href":"https:\/\/www.modave.be\/index.php\/wp-json\/wp\/v2\/services_communaux\/15650","targetHints":{"allow":["GET"]}}],"collection":[{"href":"https:\/\/www.modave.be\/index.php\/wp-json\/wp\/v2\/services_communaux"}],"about":[{"href":"https:\/\/www.modave.be\/index.php\/wp-json\/wp\/v2\/types\/services_communaux"}],"author":[{"embeddable":true,"href":"https:\/\/www.modave.be\/index.php\/wp-json\/wp\/v2\/users\/9"}],"wp:featuredmedia":[{"embeddable":true,"href":"https:\/\/www.modave.be\/index.php\/wp-json\/wp\/v2\/media\/15651"}],"wp:attachment":[{"href":"https:\/\/www.modave.be\/index.php\/wp-json\/wp\/v2\/media?parent=15650"}],"wp:term":[{"taxonomy":"category","embeddable":true,"href":"https:\/\/www.modave.be\/index.php\/wp-json\/wp\/v2\/categories?post=15650"}],"curies":[{"name":"wp","href":"https:\/\/api.w.org\/{rel}","templated":true}]}}