{"id":15657,"date":"2025-05-21T15:31:40","date_gmt":"2025-05-21T13:31:40","guid":{"rendered":"https:\/\/www.modave.be\/?post_type=services_communaux&#038;p=15657"},"modified":"2025-05-21T15:31:41","modified_gmt":"2025-05-21T13:31:41","slug":"ccatm-2eme-appel-a-candidatures","status":"publish","type":"services_communaux","link":"https:\/\/www.modave.be\/index.php\/services_communaux\/ccatm-2eme-appel-a-candidatures\/","title":{"rendered":"CCATM | 2\u00e8me appel \u00e0 candidatures"},"content":{"rendered":"\n<p>Le Coll\u00e8ge communal annonce le renouvellement int\u00e9gral de la <strong>Commission Consultative Communale d\u2019Am\u00e9nagement du Territoire et de Mobilit\u00e9 (CCATM)<\/strong>, conform\u00e9ment aux dispositions du Code du D\u00e9veloppement Territorial.<\/p>\n\n\n\n<p>La CCATM joue un r\u00f4le cl\u00e9 dans l\u2019am\u00e9nagement du territoire et la mobilit\u00e9 au sein de notre commune. Ses membres sont s\u00e9lectionn\u00e9s en tenant compte des crit\u00e8res suivants :<\/p>\n\n\n\n<ul class=\"wp-block-list\">\n<li>\u2714 Repr\u00e9sentation \u00e9quilibr\u00e9e des int\u00e9r\u00eats sociaux, \u00e9conomiques, patrimoniaux, environnementaux, \u00e9nerg\u00e9tiques et de mobilit\u00e9.<\/li>\n\n\n\n<li>\u2714 R\u00e9partition g\u00e9ographique harmonieuse.<\/li>\n\n\n\n<li>\u2714 Diversit\u00e9 des tranches d\u2019\u00e2ge de la population communale.<\/li>\n\n\n\n<li>\u2714 Parit\u00e9 hommes-femmes.<\/li>\n<\/ul>\n\n\n\n<blockquote class=\"wp-block-quote is-layout-flow wp-block-quote-is-layout-flow\">\n<p>\ud83d\udd39 <strong>Devenez membre de la CCATM<\/strong><br>Nous lan\u00e7ons un appel aux candidatures pour les fonctions de <strong>pr\u00e9sident(e)<\/strong> et de <strong>membre<\/strong> de la commission.<\/p>\n<\/blockquote>\n\n\n\n<p>\ud83d\udcc5 <strong>D\u00e9lai de d\u00e9p\u00f4t des candidatures : <strong>du 02 juin au 04 juillet 2025 inclus<\/strong>.<\/strong><\/p>\n\n\n\n<p>Les candidatures peuvent \u00eatre envoy\u00e9es :<br>\ud83d\udce9 Par courrier postal (le cachet de la poste faisant foi).<br>\ud83d\udce7 Par courrier \u00e9lectronique.<br>\ud83c\udfe2 D\u00e9pos\u00e9es en main propre contre r\u00e9c\u00e9piss\u00e9 aupr\u00e8s des services de l\u2019administration communale.<\/p>\n\n\n\n<p>Engagez-vous pour l\u2019avenir de notre commune et participez aux d\u00e9cisions en mati\u00e8re d\u2019am\u00e9nagement et de mobilit\u00e9 !<\/p>\n\n\n\n<p>\ud83d\udccc <strong>Comment postuler ?<\/strong><\/p>\n\n\n\n<div data-wp-interactive=\"core\/file\" class=\"wp-block-file\"><object data-wp-bind--hidden=\"!state.hasPdfPreview\" hidden class=\"wp-block-file__embed\" data=\"https:\/\/www.modave.be\/wp-content\/uploads\/2025\/02\/Acte-de-candidature.pdf\" type=\"application\/pdf\" style=\"width:100%;height:600px\" aria-label=\"Contenu embarqu\u00e9 Acte de candidature.\"><\/object><a id=\"wp-block-file--media-887a264e-5055-494f-8b45-fbcd67584d98\" href=\"https:\/\/www.modave.be\/wp-content\/uploads\/2025\/02\/Acte-de-candidature.pdf\">Acte de candidature<\/a><a href=\"https:\/\/www.modave.be\/wp-content\/uploads\/2025\/02\/Acte-de-candidature.pdf\" class=\"wp-block-file__button wp-element-button\" download aria-describedby=\"wp-block-file--media-887a264e-5055-494f-8b45-fbcd67584d98\">T\u00e9l\u00e9charger<\/a><\/div>\n\n\n\n<div data-wp-interactive=\"core\/file\" class=\"wp-block-file\"><object data-wp-bind--hidden=\"!state.hasPdfPreview\" hidden class=\"wp-block-file__embed\" data=\"https:\/\/www.modave.be\/wp-content\/uploads\/2025\/05\/Deuxieme-avis-appel_CCATM.pdf\" type=\"application\/pdf\" style=\"width:100%;height:600px\" aria-label=\"Contenu embarqu\u00e9 Deuxieme-avis-appel_CCATM.\"><\/object><a id=\"wp-block-file--media-b59fc6f3-b675-47d1-a821-0f795960183a\" href=\"https:\/\/www.modave.be\/wp-content\/uploads\/2025\/05\/Deuxieme-avis-appel_CCATM.pdf\">Deuxieme-avis-appel_CCATM<\/a><a href=\"https:\/\/www.modave.be\/wp-content\/uploads\/2025\/05\/Deuxieme-avis-appel_CCATM.pdf\" class=\"wp-block-file__button wp-element-button\" download aria-describedby=\"wp-block-file--media-b59fc6f3-b675-47d1-a821-0f795960183a\">T\u00e9l\u00e9charger<\/a><\/div>\n","protected":false},"excerpt":{"rendered":"<p>Le Coll\u00e8ge communal annonce le renouvellement int\u00e9gral de la Commission Consultative Communale d\u2019Am\u00e9nagement du Territoire et de Mobilit\u00e9 (CCATM), conform\u00e9ment aux dispositions du Code du D\u00e9veloppement Territorial. La CCATM joue un r\u00f4le cl\u00e9 dans l\u2019am\u00e9nagement du territoire et la mobilit\u00e9 au sein de notre commune. Ses membres sont s\u00e9lectionn\u00e9s en tenant compte des crit\u00e8res suivants&hellip;<\/p>\n","protected":false},"author":9,"featured_media":15164,"menu_order":0,"template":"","categories":[168],"class_list":["post-15657","services_communaux","type-services_communaux","status-publish","has-post-thumbnail","hentry","category-ccatm","description-off"],"yoast_head":"<!-- This site is optimized with the Yoast SEO plugin v27.5 - https:\/\/yoast.com\/product\/yoast-seo-wordpress\/ -->\n<title>CCATM | 2\u00e8me appel \u00e0 candidatures - Commune de Modave<\/title>\n<meta name=\"robots\" content=\"index, follow, max-snippet:-1, max-image-preview:large, max-video-preview:-1\" \/>\n<link rel=\"canonical\" href=\"https:\/\/www.modave.be\/index.php\/services_communaux\/ccatm-2eme-appel-a-candidatures\/\" \/>\n<meta property=\"og:locale\" content=\"fr_FR\" \/>\n<meta property=\"og:type\" content=\"article\" \/>\n<meta property=\"og:title\" content=\"CCATM | 2\u00e8me appel \u00e0 candidatures - Commune de Modave\" \/>\n<meta property=\"og:description\" content=\"Le Coll\u00e8ge communal annonce le renouvellement int\u00e9gral de la Commission Consultative Communale d\u2019Am\u00e9nagement du Territoire et de Mobilit\u00e9 (CCATM), conform\u00e9ment aux dispositions du Code du D\u00e9veloppement Territorial. La CCATM joue un r\u00f4le cl\u00e9 dans l\u2019am\u00e9nagement du territoire et la mobilit\u00e9 au sein de notre commune. Ses membres sont s\u00e9lectionn\u00e9s en tenant compte des crit\u00e8res suivants&hellip;\" \/>\n<meta property=\"og:url\" content=\"https:\/\/www.modave.be\/index.php\/services_communaux\/ccatm-2eme-appel-a-candidatures\/\" \/>\n<meta property=\"og:site_name\" content=\"Commune de Modave\" \/>\n<meta property=\"article:modified_time\" content=\"2025-05-21T13:31:41+00:00\" \/>\n<meta property=\"og:image\" content=\"https:\/\/www.modave.be\/wp-content\/uploads\/2025\/03\/IMG_1533-Avec-accentuation-Bruit-scaled-e1741077000759.jpg\" \/>\n\t<meta property=\"og:image:width\" content=\"2560\" \/>\n\t<meta property=\"og:image:height\" content=\"1280\" \/>\n\t<meta property=\"og:image:type\" content=\"image\/jpeg\" \/>\n<meta name=\"twitter:card\" content=\"summary_large_image\" \/>\n<meta name=\"twitter:label1\" content=\"Dur\u00e9e de lecture estim\u00e9e\" \/>\n\t<meta name=\"twitter:data1\" content=\"1 minute\" \/>\n<script type=\"application\/ld+json\" class=\"yoast-schema-graph\">{\"@context\":\"https:\\\/\\\/schema.org\",\"@graph\":[{\"@type\":\"WebPage\",\"@id\":\"https:\\\/\\\/www.modave.be\\\/index.php\\\/services_communaux\\\/ccatm-2eme-appel-a-candidatures\\\/\",\"url\":\"https:\\\/\\\/www.modave.be\\\/index.php\\\/services_communaux\\\/ccatm-2eme-appel-a-candidatures\\\/\",\"name\":\"CCATM | 2\u00e8me appel \u00e0 candidatures - Commune de Modave\",\"isPartOf\":{\"@id\":\"https:\\\/\\\/www.modave.be\\\/#website\"},\"primaryImageOfPage\":{\"@id\":\"https:\\\/\\\/www.modave.be\\\/index.php\\\/services_communaux\\\/ccatm-2eme-appel-a-candidatures\\\/#primaryimage\"},\"image\":{\"@id\":\"https:\\\/\\\/www.modave.be\\\/index.php\\\/services_communaux\\\/ccatm-2eme-appel-a-candidatures\\\/#primaryimage\"},\"thumbnailUrl\":\"https:\\\/\\\/www.modave.be\\\/wp-content\\\/uploads\\\/2025\\\/03\\\/IMG_1533-Avec-accentuation-Bruit-scaled-e1741077000759.jpg\",\"datePublished\":\"2025-05-21T13:31:40+00:00\",\"dateModified\":\"2025-05-21T13:31:41+00:00\",\"breadcrumb\":{\"@id\":\"https:\\\/\\\/www.modave.be\\\/index.php\\\/services_communaux\\\/ccatm-2eme-appel-a-candidatures\\\/#breadcrumb\"},\"inLanguage\":\"fr-FR\",\"potentialAction\":[{\"@type\":\"ReadAction\",\"target\":[\"https:\\\/\\\/www.modave.be\\\/index.php\\\/services_communaux\\\/ccatm-2eme-appel-a-candidatures\\\/\"]}]},{\"@type\":\"ImageObject\",\"inLanguage\":\"fr-FR\",\"@id\":\"https:\\\/\\\/www.modave.be\\\/index.php\\\/services_communaux\\\/ccatm-2eme-appel-a-candidatures\\\/#primaryimage\",\"url\":\"https:\\\/\\\/www.modave.be\\\/wp-content\\\/uploads\\\/2025\\\/03\\\/IMG_1533-Avec-accentuation-Bruit-scaled-e1741077000759.jpg\",\"contentUrl\":\"https:\\\/\\\/www.modave.be\\\/wp-content\\\/uploads\\\/2025\\\/03\\\/IMG_1533-Avec-accentuation-Bruit-scaled-e1741077000759.jpg\",\"width\":2560,\"height\":1280},{\"@type\":\"BreadcrumbList\",\"@id\":\"https:\\\/\\\/www.modave.be\\\/index.php\\\/services_communaux\\\/ccatm-2eme-appel-a-candidatures\\\/#breadcrumb\",\"itemListElement\":[{\"@type\":\"ListItem\",\"position\":1,\"name\":\"Accueil\",\"item\":\"https:\\\/\\\/www.modave.be\\\/\"},{\"@type\":\"ListItem\",\"position\":2,\"name\":\"CCATM | 2\u00e8me appel \u00e0 candidatures\"}]},{\"@type\":\"WebSite\",\"@id\":\"https:\\\/\\\/www.modave.be\\\/#website\",\"url\":\"https:\\\/\\\/www.modave.be\\\/\",\"name\":\"Commune de Modave\",\"description\":\"Commune de Modave\",\"publisher\":{\"@id\":\"https:\\\/\\\/www.modave.be\\\/#organization\"},\"potentialAction\":[{\"@type\":\"SearchAction\",\"target\":{\"@type\":\"EntryPoint\",\"urlTemplate\":\"https:\\\/\\\/www.modave.be\\\/?s={search_term_string}\"},\"query-input\":{\"@type\":\"PropertyValueSpecification\",\"valueRequired\":true,\"valueName\":\"search_term_string\"}}],\"inLanguage\":\"fr-FR\"},{\"@type\":\"Organization\",\"@id\":\"https:\\\/\\\/www.modave.be\\\/#organization\",\"name\":\"Commune de Modave\",\"url\":\"https:\\\/\\\/www.modave.be\\\/\",\"logo\":{\"@type\":\"ImageObject\",\"inLanguage\":\"fr-FR\",\"@id\":\"https:\\\/\\\/www.modave.be\\\/#\\\/schema\\\/logo\\\/image\\\/\",\"url\":\"https:\\\/\\\/www.modave.be\\\/wp-content\\\/uploads\\\/2021\\\/12\\\/MODAVE_LOGO_HORIZONTAL_QUADRI_RVB.png\",\"contentUrl\":\"https:\\\/\\\/www.modave.be\\\/wp-content\\\/uploads\\\/2021\\\/12\\\/MODAVE_LOGO_HORIZONTAL_QUADRI_RVB.png\",\"width\":1200,\"height\":501,\"caption\":\"Commune de Modave\"},\"image\":{\"@id\":\"https:\\\/\\\/www.modave.be\\\/#\\\/schema\\\/logo\\\/image\\\/\"}}]}<\/script>\n<!-- \/ Yoast SEO plugin. -->","yoast_head_json":{"title":"CCATM | 2\u00e8me appel \u00e0 candidatures - Commune de Modave","robots":{"index":"index","follow":"follow","max-snippet":"max-snippet:-1","max-image-preview":"max-image-preview:large","max-video-preview":"max-video-preview:-1"},"canonical":"https:\/\/www.modave.be\/index.php\/services_communaux\/ccatm-2eme-appel-a-candidatures\/","og_locale":"fr_FR","og_type":"article","og_title":"CCATM | 2\u00e8me appel \u00e0 candidatures - Commune de Modave","og_description":"Le Coll\u00e8ge communal annonce le renouvellement int\u00e9gral de la Commission Consultative Communale d\u2019Am\u00e9nagement du Territoire et de Mobilit\u00e9 (CCATM), conform\u00e9ment aux dispositions du Code du D\u00e9veloppement Territorial. La CCATM joue un r\u00f4le cl\u00e9 dans l\u2019am\u00e9nagement du territoire et la mobilit\u00e9 au sein de notre commune. Ses membres sont s\u00e9lectionn\u00e9s en tenant compte des crit\u00e8res suivants&hellip;","og_url":"https:\/\/www.modave.be\/index.php\/services_communaux\/ccatm-2eme-appel-a-candidatures\/","og_site_name":"Commune de Modave","article_modified_time":"2025-05-21T13:31:41+00:00","og_image":[{"width":2560,"height":1280,"url":"https:\/\/www.modave.be\/wp-content\/uploads\/2025\/03\/IMG_1533-Avec-accentuation-Bruit-scaled-e1741077000759.jpg","type":"image\/jpeg"}],"twitter_card":"summary_large_image","twitter_misc":{"Dur\u00e9e de lecture estim\u00e9e":"1 minute"},"schema":{"@context":"https:\/\/schema.org","@graph":[{"@type":"WebPage","@id":"https:\/\/www.modave.be\/index.php\/services_communaux\/ccatm-2eme-appel-a-candidatures\/","url":"https:\/\/www.modave.be\/index.php\/services_communaux\/ccatm-2eme-appel-a-candidatures\/","name":"CCATM | 2\u00e8me appel \u00e0 candidatures - Commune de Modave","isPartOf":{"@id":"https:\/\/www.modave.be\/#website"},"primaryImageOfPage":{"@id":"https:\/\/www.modave.be\/index.php\/services_communaux\/ccatm-2eme-appel-a-candidatures\/#primaryimage"},"image":{"@id":"https:\/\/www.modave.be\/index.php\/services_communaux\/ccatm-2eme-appel-a-candidatures\/#primaryimage"},"thumbnailUrl":"https:\/\/www.modave.be\/wp-content\/uploads\/2025\/03\/IMG_1533-Avec-accentuation-Bruit-scaled-e1741077000759.jpg","datePublished":"2025-05-21T13:31:40+00:00","dateModified":"2025-05-21T13:31:41+00:00","breadcrumb":{"@id":"https:\/\/www.modave.be\/index.php\/services_communaux\/ccatm-2eme-appel-a-candidatures\/#breadcrumb"},"inLanguage":"fr-FR","potentialAction":[{"@type":"ReadAction","target":["https:\/\/www.modave.be\/index.php\/services_communaux\/ccatm-2eme-appel-a-candidatures\/"]}]},{"@type":"ImageObject","inLanguage":"fr-FR","@id":"https:\/\/www.modave.be\/index.php\/services_communaux\/ccatm-2eme-appel-a-candidatures\/#primaryimage","url":"https:\/\/www.modave.be\/wp-content\/uploads\/2025\/03\/IMG_1533-Avec-accentuation-Bruit-scaled-e1741077000759.jpg","contentUrl":"https:\/\/www.modave.be\/wp-content\/uploads\/2025\/03\/IMG_1533-Avec-accentuation-Bruit-scaled-e1741077000759.jpg","width":2560,"height":1280},{"@type":"BreadcrumbList","@id":"https:\/\/www.modave.be\/index.php\/services_communaux\/ccatm-2eme-appel-a-candidatures\/#breadcrumb","itemListElement":[{"@type":"ListItem","position":1,"name":"Accueil","item":"https:\/\/www.modave.be\/"},{"@type":"ListItem","position":2,"name":"CCATM | 2\u00e8me appel \u00e0 candidatures"}]},{"@type":"WebSite","@id":"https:\/\/www.modave.be\/#website","url":"https:\/\/www.modave.be\/","name":"Commune de Modave","description":"Commune de Modave","publisher":{"@id":"https:\/\/www.modave.be\/#organization"},"potentialAction":[{"@type":"SearchAction","target":{"@type":"EntryPoint","urlTemplate":"https:\/\/www.modave.be\/?s={search_term_string}"},"query-input":{"@type":"PropertyValueSpecification","valueRequired":true,"valueName":"search_term_string"}}],"inLanguage":"fr-FR"},{"@type":"Organization","@id":"https:\/\/www.modave.be\/#organization","name":"Commune de Modave","url":"https:\/\/www.modave.be\/","logo":{"@type":"ImageObject","inLanguage":"fr-FR","@id":"https:\/\/www.modave.be\/#\/schema\/logo\/image\/","url":"https:\/\/www.modave.be\/wp-content\/uploads\/2021\/12\/MODAVE_LOGO_HORIZONTAL_QUADRI_RVB.png","contentUrl":"https:\/\/www.modave.be\/wp-content\/uploads\/2021\/12\/MODAVE_LOGO_HORIZONTAL_QUADRI_RVB.png","width":1200,"height":501,"caption":"Commune de Modave"},"image":{"@id":"https:\/\/www.modave.be\/#\/schema\/logo\/image\/"}}]}},"_links":{"self":[{"href":"https:\/\/www.modave.be\/index.php\/wp-json\/wp\/v2\/services_communaux\/15657","targetHints":{"allow":["GET"]}}],"collection":[{"href":"https:\/\/www.modave.be\/index.php\/wp-json\/wp\/v2\/services_communaux"}],"about":[{"href":"https:\/\/www.modave.be\/index.php\/wp-json\/wp\/v2\/types\/services_communaux"}],"author":[{"embeddable":true,"href":"https:\/\/www.modave.be\/index.php\/wp-json\/wp\/v2\/users\/9"}],"wp:featuredmedia":[{"embeddable":true,"href":"https:\/\/www.modave.be\/index.php\/wp-json\/wp\/v2\/media\/15164"}],"wp:attachment":[{"href":"https:\/\/www.modave.be\/index.php\/wp-json\/wp\/v2\/media?parent=15657"}],"wp:term":[{"taxonomy":"category","embeddable":true,"href":"https:\/\/www.modave.be\/index.php\/wp-json\/wp\/v2\/categories?post=15657"}],"curies":[{"name":"wp","href":"https:\/\/api.w.org\/{rel}","templated":true}]}}