{"id":15687,"date":"2025-05-27T14:29:33","date_gmt":"2025-05-27T12:29:33","guid":{"rendered":"https:\/\/www.modave.be\/?post_type=services_communaux&#038;p=15687"},"modified":"2025-05-27T14:29:34","modified_gmt":"2025-05-27T12:29:34","slug":"trottoirs-et-haies-un-petit-geste-pour-une-commune-plus-sure","status":"publish","type":"services_communaux","link":"https:\/\/www.modave.be\/index.php\/services_communaux\/trottoirs-et-haies-un-petit-geste-pour-une-commune-plus-sure\/","title":{"rendered":"Trottoirs et haies : un petit geste pour une commune plus s\u00fbre"},"content":{"rendered":"\n<p>Pour assurer la s\u00e9curit\u00e9 et la fluidit\u00e9 de la circulation, la Zone de police du Condroz rappelle que l\u2019entretien des trottoirs et des haies est une obligation l\u00e9gale.<\/p>\n\n\n\n<p><strong>Chaque propri\u00e9taire, locataire ou occupant doit :<\/strong><\/p>\n\n\n\n<ul class=\"wp-block-list\">\n<li>Maintenir les trottoirs et accotements propres<\/li>\n\n\n\n<li>D\u00e9gager un passage en cas de neige<\/li>\n\n\n\n<li>Entretenir les rigoles et foss\u00e9s d\u2019\u00e9coulement<\/li>\n<\/ul>\n\n\n\n<p><strong>Les haies doivent \u00e9galement respecter certaines hauteurs :<\/strong><\/p>\n\n\n\n<ul class=\"wp-block-list\">\n<li>2,5 m minimum au-dessus des trottoirs<\/li>\n\n\n\n<li>4,5 m minimum au-dessus de la chauss\u00e9e<\/li>\n\n\n\n<li class=\"has-text-color has-link-color wp-elements-49d081fd50ca34be7215e277a5d7869c\" style=\"color:#ff0000\">Aucune branche ne peut masquer la signalisation ou g\u00eaner la visibilit\u00e9<\/li>\n\n\n\n<li class=\"has-text-color has-link-color wp-elements-17436833682d5bf2eafbef7ba452b92e\" style=\"color:#ff0000\">Les plantations ne peuvent r\u00e9duire l\u2019\u00e9clairage public<\/li>\n<\/ul>\n\n\n\n<p>C\u2019est ensemble, par de simples attentions, que nous rendons nos rues plus s\u00fbres et accueillantes pour tous.<\/p>\n\n\n\n<blockquote class=\"wp-block-quote is-layout-flow wp-block-quote-is-layout-flow\">\n<p>Plus d\u2019infos sur le R\u00e8glement g\u00e9n\u00e9ral de police : <a class=\"\" href=\"https:\/\/www.police.be\/5296\/questions\/reglements-de-police\">https:\/\/www.police.be\/5296\/questions\/reglements-de-police<\/a><\/p>\n<\/blockquote>\n\n\n\n<figure class=\"wp-block-image size-large\"><img fetchpriority=\"high\" decoding=\"async\" width=\"1024\" height=\"1024\" src=\"https:\/\/www.modave.be\/wp-content\/uploads\/2025\/05\/2-1024x1024.png\" alt=\"\" class=\"wp-image-15689\" srcset=\"https:\/\/www.modave.be\/wp-content\/uploads\/2025\/05\/2-1024x1024.png 1024w, https:\/\/www.modave.be\/wp-content\/uploads\/2025\/05\/2-300x300.png 300w, https:\/\/www.modave.be\/wp-content\/uploads\/2025\/05\/2-150x150.png 150w, https:\/\/www.modave.be\/wp-content\/uploads\/2025\/05\/2-768x768.png 768w, https:\/\/www.modave.be\/wp-content\/uploads\/2025\/05\/2.png 1080w\" sizes=\"(max-width: 1024px) 100vw, 1024px\" \/><\/figure>\n","protected":false},"excerpt":{"rendered":"<p>Pour assurer la s\u00e9curit\u00e9 et la fluidit\u00e9 de la circulation, la Zone de police du Condroz rappelle que l\u2019entretien des trottoirs et des haies est une obligation l\u00e9gale. Chaque propri\u00e9taire, locataire ou occupant doit : Les haies doivent \u00e9galement respecter certaines hauteurs : C\u2019est ensemble, par de simples attentions, que nous rendons nos rues plus&hellip;<\/p>\n","protected":false},"author":9,"featured_media":15688,"menu_order":0,"template":"","categories":[1],"class_list":["post-15687","services_communaux","type-services_communaux","status-publish","has-post-thumbnail","hentry","category-non-classe","description-off"],"yoast_head":"<!-- This site is optimized with the Yoast SEO plugin v27.5 - https:\/\/yoast.com\/product\/yoast-seo-wordpress\/ -->\n<title>Trottoirs et haies : un petit geste pour une commune plus s\u00fbre - Commune de Modave<\/title>\n<meta name=\"robots\" content=\"index, follow, max-snippet:-1, max-image-preview:large, max-video-preview:-1\" \/>\n<link rel=\"canonical\" href=\"https:\/\/www.modave.be\/index.php\/services_communaux\/trottoirs-et-haies-un-petit-geste-pour-une-commune-plus-sure\/\" \/>\n<meta property=\"og:locale\" content=\"fr_FR\" \/>\n<meta property=\"og:type\" content=\"article\" \/>\n<meta property=\"og:title\" content=\"Trottoirs et haies : un petit geste pour une commune plus s\u00fbre - Commune de Modave\" \/>\n<meta property=\"og:description\" content=\"Pour assurer la s\u00e9curit\u00e9 et la fluidit\u00e9 de la circulation, la Zone de police du Condroz rappelle que l\u2019entretien des trottoirs et des haies est une obligation l\u00e9gale. Chaque propri\u00e9taire, locataire ou occupant doit : Les haies doivent \u00e9galement respecter certaines hauteurs : C\u2019est ensemble, par de simples attentions, que nous rendons nos rues plus&hellip;\" \/>\n<meta property=\"og:url\" content=\"https:\/\/www.modave.be\/index.php\/services_communaux\/trottoirs-et-haies-un-petit-geste-pour-une-commune-plus-sure\/\" \/>\n<meta property=\"og:site_name\" content=\"Commune de Modave\" \/>\n<meta property=\"article:modified_time\" content=\"2025-05-27T12:29:34+00:00\" \/>\n<meta property=\"og:image\" content=\"https:\/\/www.modave.be\/wp-content\/uploads\/2025\/05\/1-e1748348847464.png\" \/>\n\t<meta property=\"og:image:width\" content=\"1080\" \/>\n\t<meta property=\"og:image:height\" content=\"540\" \/>\n\t<meta property=\"og:image:type\" content=\"image\/png\" \/>\n<meta name=\"twitter:card\" content=\"summary_large_image\" \/>\n<meta name=\"twitter:label1\" content=\"Dur\u00e9e de lecture estim\u00e9e\" \/>\n\t<meta name=\"twitter:data1\" content=\"1 minute\" \/>\n<script type=\"application\/ld+json\" class=\"yoast-schema-graph\">{\"@context\":\"https:\\\/\\\/schema.org\",\"@graph\":[{\"@type\":\"WebPage\",\"@id\":\"https:\\\/\\\/www.modave.be\\\/index.php\\\/services_communaux\\\/trottoirs-et-haies-un-petit-geste-pour-une-commune-plus-sure\\\/\",\"url\":\"https:\\\/\\\/www.modave.be\\\/index.php\\\/services_communaux\\\/trottoirs-et-haies-un-petit-geste-pour-une-commune-plus-sure\\\/\",\"name\":\"Trottoirs et haies : un petit geste pour une commune plus s\u00fbre - Commune de Modave\",\"isPartOf\":{\"@id\":\"https:\\\/\\\/www.modave.be\\\/#website\"},\"primaryImageOfPage\":{\"@id\":\"https:\\\/\\\/www.modave.be\\\/index.php\\\/services_communaux\\\/trottoirs-et-haies-un-petit-geste-pour-une-commune-plus-sure\\\/#primaryimage\"},\"image\":{\"@id\":\"https:\\\/\\\/www.modave.be\\\/index.php\\\/services_communaux\\\/trottoirs-et-haies-un-petit-geste-pour-une-commune-plus-sure\\\/#primaryimage\"},\"thumbnailUrl\":\"https:\\\/\\\/www.modave.be\\\/wp-content\\\/uploads\\\/2025\\\/05\\\/1-e1748348847464.png\",\"datePublished\":\"2025-05-27T12:29:33+00:00\",\"dateModified\":\"2025-05-27T12:29:34+00:00\",\"breadcrumb\":{\"@id\":\"https:\\\/\\\/www.modave.be\\\/index.php\\\/services_communaux\\\/trottoirs-et-haies-un-petit-geste-pour-une-commune-plus-sure\\\/#breadcrumb\"},\"inLanguage\":\"fr-FR\",\"potentialAction\":[{\"@type\":\"ReadAction\",\"target\":[\"https:\\\/\\\/www.modave.be\\\/index.php\\\/services_communaux\\\/trottoirs-et-haies-un-petit-geste-pour-une-commune-plus-sure\\\/\"]}]},{\"@type\":\"ImageObject\",\"inLanguage\":\"fr-FR\",\"@id\":\"https:\\\/\\\/www.modave.be\\\/index.php\\\/services_communaux\\\/trottoirs-et-haies-un-petit-geste-pour-une-commune-plus-sure\\\/#primaryimage\",\"url\":\"https:\\\/\\\/www.modave.be\\\/wp-content\\\/uploads\\\/2025\\\/05\\\/1-e1748348847464.png\",\"contentUrl\":\"https:\\\/\\\/www.modave.be\\\/wp-content\\\/uploads\\\/2025\\\/05\\\/1-e1748348847464.png\",\"width\":1080,\"height\":540},{\"@type\":\"BreadcrumbList\",\"@id\":\"https:\\\/\\\/www.modave.be\\\/index.php\\\/services_communaux\\\/trottoirs-et-haies-un-petit-geste-pour-une-commune-plus-sure\\\/#breadcrumb\",\"itemListElement\":[{\"@type\":\"ListItem\",\"position\":1,\"name\":\"Accueil\",\"item\":\"https:\\\/\\\/www.modave.be\\\/\"},{\"@type\":\"ListItem\",\"position\":2,\"name\":\"Trottoirs et haies : un petit geste pour une commune plus s\u00fbre\"}]},{\"@type\":\"WebSite\",\"@id\":\"https:\\\/\\\/www.modave.be\\\/#website\",\"url\":\"https:\\\/\\\/www.modave.be\\\/\",\"name\":\"Commune de Modave\",\"description\":\"Commune de Modave\",\"publisher\":{\"@id\":\"https:\\\/\\\/www.modave.be\\\/#organization\"},\"potentialAction\":[{\"@type\":\"SearchAction\",\"target\":{\"@type\":\"EntryPoint\",\"urlTemplate\":\"https:\\\/\\\/www.modave.be\\\/?s={search_term_string}\"},\"query-input\":{\"@type\":\"PropertyValueSpecification\",\"valueRequired\":true,\"valueName\":\"search_term_string\"}}],\"inLanguage\":\"fr-FR\"},{\"@type\":\"Organization\",\"@id\":\"https:\\\/\\\/www.modave.be\\\/#organization\",\"name\":\"Commune de Modave\",\"url\":\"https:\\\/\\\/www.modave.be\\\/\",\"logo\":{\"@type\":\"ImageObject\",\"inLanguage\":\"fr-FR\",\"@id\":\"https:\\\/\\\/www.modave.be\\\/#\\\/schema\\\/logo\\\/image\\\/\",\"url\":\"https:\\\/\\\/www.modave.be\\\/wp-content\\\/uploads\\\/2021\\\/12\\\/MODAVE_LOGO_HORIZONTAL_QUADRI_RVB.png\",\"contentUrl\":\"https:\\\/\\\/www.modave.be\\\/wp-content\\\/uploads\\\/2021\\\/12\\\/MODAVE_LOGO_HORIZONTAL_QUADRI_RVB.png\",\"width\":1200,\"height\":501,\"caption\":\"Commune de Modave\"},\"image\":{\"@id\":\"https:\\\/\\\/www.modave.be\\\/#\\\/schema\\\/logo\\\/image\\\/\"}}]}<\/script>\n<!-- \/ Yoast SEO plugin. -->","yoast_head_json":{"title":"Trottoirs et haies : un petit geste pour une commune plus s\u00fbre - Commune de Modave","robots":{"index":"index","follow":"follow","max-snippet":"max-snippet:-1","max-image-preview":"max-image-preview:large","max-video-preview":"max-video-preview:-1"},"canonical":"https:\/\/www.modave.be\/index.php\/services_communaux\/trottoirs-et-haies-un-petit-geste-pour-une-commune-plus-sure\/","og_locale":"fr_FR","og_type":"article","og_title":"Trottoirs et haies : un petit geste pour une commune plus s\u00fbre - Commune de Modave","og_description":"Pour assurer la s\u00e9curit\u00e9 et la fluidit\u00e9 de la circulation, la Zone de police du Condroz rappelle que l\u2019entretien des trottoirs et des haies est une obligation l\u00e9gale. Chaque propri\u00e9taire, locataire ou occupant doit : Les haies doivent \u00e9galement respecter certaines hauteurs : C\u2019est ensemble, par de simples attentions, que nous rendons nos rues plus&hellip;","og_url":"https:\/\/www.modave.be\/index.php\/services_communaux\/trottoirs-et-haies-un-petit-geste-pour-une-commune-plus-sure\/","og_site_name":"Commune de Modave","article_modified_time":"2025-05-27T12:29:34+00:00","og_image":[{"width":1080,"height":540,"url":"https:\/\/www.modave.be\/wp-content\/uploads\/2025\/05\/1-e1748348847464.png","type":"image\/png"}],"twitter_card":"summary_large_image","twitter_misc":{"Dur\u00e9e de lecture estim\u00e9e":"1 minute"},"schema":{"@context":"https:\/\/schema.org","@graph":[{"@type":"WebPage","@id":"https:\/\/www.modave.be\/index.php\/services_communaux\/trottoirs-et-haies-un-petit-geste-pour-une-commune-plus-sure\/","url":"https:\/\/www.modave.be\/index.php\/services_communaux\/trottoirs-et-haies-un-petit-geste-pour-une-commune-plus-sure\/","name":"Trottoirs et haies : un petit geste pour une commune plus s\u00fbre - Commune de Modave","isPartOf":{"@id":"https:\/\/www.modave.be\/#website"},"primaryImageOfPage":{"@id":"https:\/\/www.modave.be\/index.php\/services_communaux\/trottoirs-et-haies-un-petit-geste-pour-une-commune-plus-sure\/#primaryimage"},"image":{"@id":"https:\/\/www.modave.be\/index.php\/services_communaux\/trottoirs-et-haies-un-petit-geste-pour-une-commune-plus-sure\/#primaryimage"},"thumbnailUrl":"https:\/\/www.modave.be\/wp-content\/uploads\/2025\/05\/1-e1748348847464.png","datePublished":"2025-05-27T12:29:33+00:00","dateModified":"2025-05-27T12:29:34+00:00","breadcrumb":{"@id":"https:\/\/www.modave.be\/index.php\/services_communaux\/trottoirs-et-haies-un-petit-geste-pour-une-commune-plus-sure\/#breadcrumb"},"inLanguage":"fr-FR","potentialAction":[{"@type":"ReadAction","target":["https:\/\/www.modave.be\/index.php\/services_communaux\/trottoirs-et-haies-un-petit-geste-pour-une-commune-plus-sure\/"]}]},{"@type":"ImageObject","inLanguage":"fr-FR","@id":"https:\/\/www.modave.be\/index.php\/services_communaux\/trottoirs-et-haies-un-petit-geste-pour-une-commune-plus-sure\/#primaryimage","url":"https:\/\/www.modave.be\/wp-content\/uploads\/2025\/05\/1-e1748348847464.png","contentUrl":"https:\/\/www.modave.be\/wp-content\/uploads\/2025\/05\/1-e1748348847464.png","width":1080,"height":540},{"@type":"BreadcrumbList","@id":"https:\/\/www.modave.be\/index.php\/services_communaux\/trottoirs-et-haies-un-petit-geste-pour-une-commune-plus-sure\/#breadcrumb","itemListElement":[{"@type":"ListItem","position":1,"name":"Accueil","item":"https:\/\/www.modave.be\/"},{"@type":"ListItem","position":2,"name":"Trottoirs et haies : un petit geste pour une commune plus s\u00fbre"}]},{"@type":"WebSite","@id":"https:\/\/www.modave.be\/#website","url":"https:\/\/www.modave.be\/","name":"Commune de Modave","description":"Commune de Modave","publisher":{"@id":"https:\/\/www.modave.be\/#organization"},"potentialAction":[{"@type":"SearchAction","target":{"@type":"EntryPoint","urlTemplate":"https:\/\/www.modave.be\/?s={search_term_string}"},"query-input":{"@type":"PropertyValueSpecification","valueRequired":true,"valueName":"search_term_string"}}],"inLanguage":"fr-FR"},{"@type":"Organization","@id":"https:\/\/www.modave.be\/#organization","name":"Commune de Modave","url":"https:\/\/www.modave.be\/","logo":{"@type":"ImageObject","inLanguage":"fr-FR","@id":"https:\/\/www.modave.be\/#\/schema\/logo\/image\/","url":"https:\/\/www.modave.be\/wp-content\/uploads\/2021\/12\/MODAVE_LOGO_HORIZONTAL_QUADRI_RVB.png","contentUrl":"https:\/\/www.modave.be\/wp-content\/uploads\/2021\/12\/MODAVE_LOGO_HORIZONTAL_QUADRI_RVB.png","width":1200,"height":501,"caption":"Commune de Modave"},"image":{"@id":"https:\/\/www.modave.be\/#\/schema\/logo\/image\/"}}]}},"_links":{"self":[{"href":"https:\/\/www.modave.be\/index.php\/wp-json\/wp\/v2\/services_communaux\/15687","targetHints":{"allow":["GET"]}}],"collection":[{"href":"https:\/\/www.modave.be\/index.php\/wp-json\/wp\/v2\/services_communaux"}],"about":[{"href":"https:\/\/www.modave.be\/index.php\/wp-json\/wp\/v2\/types\/services_communaux"}],"author":[{"embeddable":true,"href":"https:\/\/www.modave.be\/index.php\/wp-json\/wp\/v2\/users\/9"}],"wp:featuredmedia":[{"embeddable":true,"href":"https:\/\/www.modave.be\/index.php\/wp-json\/wp\/v2\/media\/15688"}],"wp:attachment":[{"href":"https:\/\/www.modave.be\/index.php\/wp-json\/wp\/v2\/media?parent=15687"}],"wp:term":[{"taxonomy":"category","embeddable":true,"href":"https:\/\/www.modave.be\/index.php\/wp-json\/wp\/v2\/categories?post=15687"}],"curies":[{"name":"wp","href":"https:\/\/api.w.org\/{rel}","templated":true}]}}