{"id":15710,"date":"2025-06-03T11:11:22","date_gmt":"2025-06-03T09:11:22","guid":{"rendered":"https:\/\/www.modave.be\/?post_type=services_communaux&#038;p=15710"},"modified":"2025-06-03T11:57:55","modified_gmt":"2025-06-03T09:57:55","slug":"permis-theorique-un-coup-de-pouce-pour-reussir","status":"publish","type":"services_communaux","link":"https:\/\/www.modave.be\/index.php\/services_communaux\/permis-theorique-un-coup-de-pouce-pour-reussir\/","title":{"rendered":"Permis th\u00e9orique : un coup de pouce pour r\u00e9ussir !"},"content":{"rendered":"\n<p><em>Tu as entre 17 et 26 ans ? Tu veux passer ton permis th\u00e9orique ? Seul ou avec des amis ? Pas le temps d\u2019attendre un rendez-vous \u00e0 l\u2019auto-\u00e9cole ?<\/em><\/p>\n\n\n\n<blockquote class=\"wp-block-quote is-layout-flow wp-block-quote-is-layout-flow\">\n<p>Le Centre Infor Jeunes Huy t\u2019aide \u00e0 t\u2019y pr\u00e9parer <strong>gratuitement<\/strong>*.<\/p>\n<\/blockquote>\n\n\n\n<p>\ud83d\udcc5<strong> Quand ? <\/strong>Du 1er au 4 juillet 2025, de 9h \u00e0 12h30<br>\ud83d\udccd <strong>O\u00f9 ?<\/strong> Salle Bois Rosine, 7 rue du Bois Rosine, 4577 Modave<br>\ud83d\udce9 <strong>Infos &amp; inscription :<\/strong> <a>jeunesse@modave.be<\/a> | 085\/41.02.20 (poste 5)<\/p>\n\n\n\n<p>\u00c0 savoir : une partie de la mati\u00e8re est \u00e0 pr\u00e9parer chez toi avant chaque s\u00e9ance. On t\u2019accompagne ensuite en groupe pour revoir ce qui bloque. Pas de support ? Pas de souci, on te fournit tout ce qu\u2019il faut pour t\u2019aider \u00e0 r\u00e9ussir.<\/p>\n\n\n\n<p>Plus d&rsquo;infos pratiques : <a href=\"https:\/\/www.inforjeuneshuy.be\/permis-de-conduire\/\">https:\/\/www.inforjeuneshuy.be\/permis-de-conduire\/<\/a> et <a href=\"https:\/\/www.permisdeconduire-online.be\/theorie\/theorie-permis-b\">https:\/\/www.permisdeconduire-online.be\/theorie\/theorie-permis-b<\/a><\/p>\n\n\n\n<p class=\"has-text-color has-link-color wp-elements-3659039e10b087e425dcca8d141dfc91\" style=\"color:#ff0000\">* Gratuit pour les habitants de Modave | 25 \u20ac pour les non-Modaviens<br>(15 \u20ac rembours\u00e9s en cas de participation compl\u00e8te au stage)<\/p>\n\n\n\n<figure class=\"wp-block-image size-large\"><img fetchpriority=\"high\" decoding=\"async\" width=\"724\" height=\"1024\" src=\"https:\/\/www.modave.be\/wp-content\/uploads\/2025\/06\/Modave-Permis-B-1-724x1024.png\" alt=\"\" class=\"wp-image-15712\" srcset=\"https:\/\/www.modave.be\/wp-content\/uploads\/2025\/06\/Modave-Permis-B-1-724x1024.png 724w, https:\/\/www.modave.be\/wp-content\/uploads\/2025\/06\/Modave-Permis-B-1-212x300.png 212w, https:\/\/www.modave.be\/wp-content\/uploads\/2025\/06\/Modave-Permis-B-1-768x1086.png 768w, https:\/\/www.modave.be\/wp-content\/uploads\/2025\/06\/Modave-Permis-B-1-1086x1536.png 1086w, https:\/\/www.modave.be\/wp-content\/uploads\/2025\/06\/Modave-Permis-B-1-1448x2048.png 1448w, https:\/\/www.modave.be\/wp-content\/uploads\/2025\/06\/Modave-Permis-B-1.png 1587w\" sizes=\"(max-width: 724px) 100vw, 724px\" \/><\/figure>\n\n\n\n<p><\/p>\n\n\n\n<p><\/p>\n","protected":false},"excerpt":{"rendered":"<p>Tu as entre 17 et 26 ans ? Tu veux passer ton permis th\u00e9orique ? Seul ou avec des amis ? Pas le temps d\u2019attendre un rendez-vous \u00e0 l\u2019auto-\u00e9cole ? Le Centre Infor Jeunes Huy t\u2019aide \u00e0 t\u2019y pr\u00e9parer gratuitement*. \ud83d\udcc5 Quand ? Du 1er au 4 juillet 2025, de 9h \u00e0 12h30\ud83d\udccd O\u00f9 ?&hellip;<\/p>\n","protected":false},"author":9,"featured_media":15711,"menu_order":0,"template":"","categories":[202],"class_list":["post-15710","services_communaux","type-services_communaux","status-publish","has-post-thumbnail","hentry","category-jeunesse_temps_libre","description-off"],"yoast_head":"<!-- This site is optimized with the Yoast SEO plugin v27.5 - https:\/\/yoast.com\/product\/yoast-seo-wordpress\/ -->\n<title>Permis th\u00e9orique : un coup de pouce pour r\u00e9ussir ! - Commune de Modave<\/title>\n<meta name=\"robots\" content=\"index, follow, max-snippet:-1, max-image-preview:large, max-video-preview:-1\" \/>\n<link rel=\"canonical\" href=\"https:\/\/www.modave.be\/index.php\/services_communaux\/permis-theorique-un-coup-de-pouce-pour-reussir\/\" \/>\n<meta property=\"og:locale\" content=\"fr_FR\" \/>\n<meta property=\"og:type\" content=\"article\" \/>\n<meta property=\"og:title\" content=\"Permis th\u00e9orique : un coup de pouce pour r\u00e9ussir ! - Commune de Modave\" \/>\n<meta property=\"og:description\" content=\"Tu as entre 17 et 26 ans ? Tu veux passer ton permis th\u00e9orique ? Seul ou avec des amis ? Pas le temps d\u2019attendre un rendez-vous \u00e0 l\u2019auto-\u00e9cole ? Le Centre Infor Jeunes Huy t\u2019aide \u00e0 t\u2019y pr\u00e9parer gratuitement*. \ud83d\udcc5 Quand ? Du 1er au 4 juillet 2025, de 9h \u00e0 12h30\ud83d\udccd O\u00f9 ?&hellip;\" \/>\n<meta property=\"og:url\" content=\"https:\/\/www.modave.be\/index.php\/services_communaux\/permis-theorique-un-coup-de-pouce-pour-reussir\/\" \/>\n<meta property=\"og:site_name\" content=\"Commune de Modave\" \/>\n<meta property=\"article:modified_time\" content=\"2025-06-03T09:57:55+00:00\" \/>\n<meta property=\"og:image\" content=\"https:\/\/www.modave.be\/wp-content\/uploads\/2025\/06\/Modave-Permis-B-e1748940975695.png\" \/>\n\t<meta property=\"og:image:width\" content=\"868\" \/>\n\t<meta property=\"og:image:height\" content=\"434\" \/>\n\t<meta property=\"og:image:type\" content=\"image\/png\" \/>\n<meta name=\"twitter:card\" content=\"summary_large_image\" \/>\n<meta name=\"twitter:label1\" content=\"Dur\u00e9e de lecture estim\u00e9e\" \/>\n\t<meta name=\"twitter:data1\" content=\"1 minute\" \/>\n<script type=\"application\/ld+json\" class=\"yoast-schema-graph\">{\"@context\":\"https:\\\/\\\/schema.org\",\"@graph\":[{\"@type\":\"WebPage\",\"@id\":\"https:\\\/\\\/www.modave.be\\\/index.php\\\/services_communaux\\\/permis-theorique-un-coup-de-pouce-pour-reussir\\\/\",\"url\":\"https:\\\/\\\/www.modave.be\\\/index.php\\\/services_communaux\\\/permis-theorique-un-coup-de-pouce-pour-reussir\\\/\",\"name\":\"Permis th\u00e9orique : un coup de pouce pour r\u00e9ussir ! - Commune de Modave\",\"isPartOf\":{\"@id\":\"https:\\\/\\\/www.modave.be\\\/#website\"},\"primaryImageOfPage\":{\"@id\":\"https:\\\/\\\/www.modave.be\\\/index.php\\\/services_communaux\\\/permis-theorique-un-coup-de-pouce-pour-reussir\\\/#primaryimage\"},\"image\":{\"@id\":\"https:\\\/\\\/www.modave.be\\\/index.php\\\/services_communaux\\\/permis-theorique-un-coup-de-pouce-pour-reussir\\\/#primaryimage\"},\"thumbnailUrl\":\"https:\\\/\\\/www.modave.be\\\/wp-content\\\/uploads\\\/2025\\\/06\\\/Modave-Permis-B-e1748940975695.png\",\"datePublished\":\"2025-06-03T09:11:22+00:00\",\"dateModified\":\"2025-06-03T09:57:55+00:00\",\"breadcrumb\":{\"@id\":\"https:\\\/\\\/www.modave.be\\\/index.php\\\/services_communaux\\\/permis-theorique-un-coup-de-pouce-pour-reussir\\\/#breadcrumb\"},\"inLanguage\":\"fr-FR\",\"potentialAction\":[{\"@type\":\"ReadAction\",\"target\":[\"https:\\\/\\\/www.modave.be\\\/index.php\\\/services_communaux\\\/permis-theorique-un-coup-de-pouce-pour-reussir\\\/\"]}]},{\"@type\":\"ImageObject\",\"inLanguage\":\"fr-FR\",\"@id\":\"https:\\\/\\\/www.modave.be\\\/index.php\\\/services_communaux\\\/permis-theorique-un-coup-de-pouce-pour-reussir\\\/#primaryimage\",\"url\":\"https:\\\/\\\/www.modave.be\\\/wp-content\\\/uploads\\\/2025\\\/06\\\/Modave-Permis-B-e1748940975695.png\",\"contentUrl\":\"https:\\\/\\\/www.modave.be\\\/wp-content\\\/uploads\\\/2025\\\/06\\\/Modave-Permis-B-e1748940975695.png\",\"width\":868,\"height\":434},{\"@type\":\"BreadcrumbList\",\"@id\":\"https:\\\/\\\/www.modave.be\\\/index.php\\\/services_communaux\\\/permis-theorique-un-coup-de-pouce-pour-reussir\\\/#breadcrumb\",\"itemListElement\":[{\"@type\":\"ListItem\",\"position\":1,\"name\":\"Accueil\",\"item\":\"https:\\\/\\\/www.modave.be\\\/\"},{\"@type\":\"ListItem\",\"position\":2,\"name\":\"Permis th\u00e9orique : un coup de pouce pour r\u00e9ussir !\"}]},{\"@type\":\"WebSite\",\"@id\":\"https:\\\/\\\/www.modave.be\\\/#website\",\"url\":\"https:\\\/\\\/www.modave.be\\\/\",\"name\":\"Commune de Modave\",\"description\":\"Commune de Modave\",\"publisher\":{\"@id\":\"https:\\\/\\\/www.modave.be\\\/#organization\"},\"potentialAction\":[{\"@type\":\"SearchAction\",\"target\":{\"@type\":\"EntryPoint\",\"urlTemplate\":\"https:\\\/\\\/www.modave.be\\\/?s={search_term_string}\"},\"query-input\":{\"@type\":\"PropertyValueSpecification\",\"valueRequired\":true,\"valueName\":\"search_term_string\"}}],\"inLanguage\":\"fr-FR\"},{\"@type\":\"Organization\",\"@id\":\"https:\\\/\\\/www.modave.be\\\/#organization\",\"name\":\"Commune de Modave\",\"url\":\"https:\\\/\\\/www.modave.be\\\/\",\"logo\":{\"@type\":\"ImageObject\",\"inLanguage\":\"fr-FR\",\"@id\":\"https:\\\/\\\/www.modave.be\\\/#\\\/schema\\\/logo\\\/image\\\/\",\"url\":\"https:\\\/\\\/www.modave.be\\\/wp-content\\\/uploads\\\/2021\\\/12\\\/MODAVE_LOGO_HORIZONTAL_QUADRI_RVB.png\",\"contentUrl\":\"https:\\\/\\\/www.modave.be\\\/wp-content\\\/uploads\\\/2021\\\/12\\\/MODAVE_LOGO_HORIZONTAL_QUADRI_RVB.png\",\"width\":1200,\"height\":501,\"caption\":\"Commune de Modave\"},\"image\":{\"@id\":\"https:\\\/\\\/www.modave.be\\\/#\\\/schema\\\/logo\\\/image\\\/\"}}]}<\/script>\n<!-- \/ Yoast SEO plugin. -->","yoast_head_json":{"title":"Permis th\u00e9orique : un coup de pouce pour r\u00e9ussir ! - Commune de Modave","robots":{"index":"index","follow":"follow","max-snippet":"max-snippet:-1","max-image-preview":"max-image-preview:large","max-video-preview":"max-video-preview:-1"},"canonical":"https:\/\/www.modave.be\/index.php\/services_communaux\/permis-theorique-un-coup-de-pouce-pour-reussir\/","og_locale":"fr_FR","og_type":"article","og_title":"Permis th\u00e9orique : un coup de pouce pour r\u00e9ussir ! - Commune de Modave","og_description":"Tu as entre 17 et 26 ans ? Tu veux passer ton permis th\u00e9orique ? Seul ou avec des amis ? Pas le temps d\u2019attendre un rendez-vous \u00e0 l\u2019auto-\u00e9cole ? Le Centre Infor Jeunes Huy t\u2019aide \u00e0 t\u2019y pr\u00e9parer gratuitement*. \ud83d\udcc5 Quand ? Du 1er au 4 juillet 2025, de 9h \u00e0 12h30\ud83d\udccd O\u00f9 ?&hellip;","og_url":"https:\/\/www.modave.be\/index.php\/services_communaux\/permis-theorique-un-coup-de-pouce-pour-reussir\/","og_site_name":"Commune de Modave","article_modified_time":"2025-06-03T09:57:55+00:00","og_image":[{"width":868,"height":434,"url":"https:\/\/www.modave.be\/wp-content\/uploads\/2025\/06\/Modave-Permis-B-e1748940975695.png","type":"image\/png"}],"twitter_card":"summary_large_image","twitter_misc":{"Dur\u00e9e de lecture estim\u00e9e":"1 minute"},"schema":{"@context":"https:\/\/schema.org","@graph":[{"@type":"WebPage","@id":"https:\/\/www.modave.be\/index.php\/services_communaux\/permis-theorique-un-coup-de-pouce-pour-reussir\/","url":"https:\/\/www.modave.be\/index.php\/services_communaux\/permis-theorique-un-coup-de-pouce-pour-reussir\/","name":"Permis th\u00e9orique : un coup de pouce pour r\u00e9ussir ! - Commune de Modave","isPartOf":{"@id":"https:\/\/www.modave.be\/#website"},"primaryImageOfPage":{"@id":"https:\/\/www.modave.be\/index.php\/services_communaux\/permis-theorique-un-coup-de-pouce-pour-reussir\/#primaryimage"},"image":{"@id":"https:\/\/www.modave.be\/index.php\/services_communaux\/permis-theorique-un-coup-de-pouce-pour-reussir\/#primaryimage"},"thumbnailUrl":"https:\/\/www.modave.be\/wp-content\/uploads\/2025\/06\/Modave-Permis-B-e1748940975695.png","datePublished":"2025-06-03T09:11:22+00:00","dateModified":"2025-06-03T09:57:55+00:00","breadcrumb":{"@id":"https:\/\/www.modave.be\/index.php\/services_communaux\/permis-theorique-un-coup-de-pouce-pour-reussir\/#breadcrumb"},"inLanguage":"fr-FR","potentialAction":[{"@type":"ReadAction","target":["https:\/\/www.modave.be\/index.php\/services_communaux\/permis-theorique-un-coup-de-pouce-pour-reussir\/"]}]},{"@type":"ImageObject","inLanguage":"fr-FR","@id":"https:\/\/www.modave.be\/index.php\/services_communaux\/permis-theorique-un-coup-de-pouce-pour-reussir\/#primaryimage","url":"https:\/\/www.modave.be\/wp-content\/uploads\/2025\/06\/Modave-Permis-B-e1748940975695.png","contentUrl":"https:\/\/www.modave.be\/wp-content\/uploads\/2025\/06\/Modave-Permis-B-e1748940975695.png","width":868,"height":434},{"@type":"BreadcrumbList","@id":"https:\/\/www.modave.be\/index.php\/services_communaux\/permis-theorique-un-coup-de-pouce-pour-reussir\/#breadcrumb","itemListElement":[{"@type":"ListItem","position":1,"name":"Accueil","item":"https:\/\/www.modave.be\/"},{"@type":"ListItem","position":2,"name":"Permis th\u00e9orique : un coup de pouce pour r\u00e9ussir !"}]},{"@type":"WebSite","@id":"https:\/\/www.modave.be\/#website","url":"https:\/\/www.modave.be\/","name":"Commune de Modave","description":"Commune de Modave","publisher":{"@id":"https:\/\/www.modave.be\/#organization"},"potentialAction":[{"@type":"SearchAction","target":{"@type":"EntryPoint","urlTemplate":"https:\/\/www.modave.be\/?s={search_term_string}"},"query-input":{"@type":"PropertyValueSpecification","valueRequired":true,"valueName":"search_term_string"}}],"inLanguage":"fr-FR"},{"@type":"Organization","@id":"https:\/\/www.modave.be\/#organization","name":"Commune de Modave","url":"https:\/\/www.modave.be\/","logo":{"@type":"ImageObject","inLanguage":"fr-FR","@id":"https:\/\/www.modave.be\/#\/schema\/logo\/image\/","url":"https:\/\/www.modave.be\/wp-content\/uploads\/2021\/12\/MODAVE_LOGO_HORIZONTAL_QUADRI_RVB.png","contentUrl":"https:\/\/www.modave.be\/wp-content\/uploads\/2021\/12\/MODAVE_LOGO_HORIZONTAL_QUADRI_RVB.png","width":1200,"height":501,"caption":"Commune de Modave"},"image":{"@id":"https:\/\/www.modave.be\/#\/schema\/logo\/image\/"}}]}},"_links":{"self":[{"href":"https:\/\/www.modave.be\/index.php\/wp-json\/wp\/v2\/services_communaux\/15710","targetHints":{"allow":["GET"]}}],"collection":[{"href":"https:\/\/www.modave.be\/index.php\/wp-json\/wp\/v2\/services_communaux"}],"about":[{"href":"https:\/\/www.modave.be\/index.php\/wp-json\/wp\/v2\/types\/services_communaux"}],"author":[{"embeddable":true,"href":"https:\/\/www.modave.be\/index.php\/wp-json\/wp\/v2\/users\/9"}],"wp:featuredmedia":[{"embeddable":true,"href":"https:\/\/www.modave.be\/index.php\/wp-json\/wp\/v2\/media\/15711"}],"wp:attachment":[{"href":"https:\/\/www.modave.be\/index.php\/wp-json\/wp\/v2\/media?parent=15710"}],"wp:term":[{"taxonomy":"category","embeddable":true,"href":"https:\/\/www.modave.be\/index.php\/wp-json\/wp\/v2\/categories?post=15710"}],"curies":[{"name":"wp","href":"https:\/\/api.w.org\/{rel}","templated":true}]}}