{"id":15831,"date":"2025-06-12T15:34:55","date_gmt":"2025-06-12T13:34:55","guid":{"rendered":"https:\/\/www.modave.be\/?post_type=services_communaux&#038;p=15831"},"modified":"2025-06-13T14:05:38","modified_gmt":"2025-06-13T12:05:38","slug":"travaux-rue-camp-romain","status":"publish","type":"services_communaux","link":"https:\/\/www.modave.be\/index.php\/services_communaux\/travaux-rue-camp-romain\/","title":{"rendered":"Travaux | \u00c9tapes #1"},"content":{"rendered":"\n<h2 class=\"wp-block-heading\">\u00c9t\u00e9 2025 | Modave se transforme ! | \u00c9tapes #1<\/h2>\n\n\n\n<p>Des travaux de r\u00e9novation des voiries commenceront \u00e0 Modave du 16 juin au 11 juillet.<br>L\u2019objectif ? Am\u00e9liorer la s\u00e9curit\u00e9, le confort de circulation et la gestion des eaux de pluie, pour tous les usagers.<\/p>\n\n\n\n<blockquote class=\"wp-block-quote is-layout-flow wp-block-quote-is-layout-flow\">\n<p>Premi\u00e8re voirie concern\u00e9e : Camp Romain<br>P\u00e9riode estim\u00e9e : du 16 au 27 juin<\/p>\n<\/blockquote>\n\n\n\n<p>Travaux pr\u00e9vus :<\/p>\n\n\n\n<ul class=\"wp-block-list\">\n<li><strong>Raclage \/ pose d\u2019hydrocarbon\u00e9<\/strong><\/li>\n\n\n\n<li><strong>Remplacement des fondations impropres<\/strong><\/li>\n\n\n\n<li><strong>Pose d\u2019une bande plate et d\u2019un filet d\u2019eau<\/strong><\/li>\n<\/ul>\n\n\n\n<p>Circulation interdite pendant la dur\u00e9e du chantier, y compris <strong>du 9 au 11 juillet<\/strong> pour les finitions g\u00e9n\u00e9rales et la pose de l\u2019asphalte.<\/p>\n\n\n\n<p>Nous vous tiendrons inform\u00e9s au fil de l\u2019avancement des autres chantiers. Merci de votre patience et de votre compr\u00e9hension.<br>Ensemble, soyons attentifs et respectons la signalisation afin d\u2019assurer la s\u00e9curit\u00e9 des \u00e9quipes sur le terrain.<\/p>\n\n\n\n<figure class=\"wp-block-image size-large\"><img fetchpriority=\"high\" decoding=\"async\" width=\"1024\" height=\"1024\" src=\"https:\/\/www.modave.be\/wp-content\/uploads\/2025\/06\/Phase-1A-1024x1024.png\" alt=\"\" class=\"wp-image-15832\" srcset=\"https:\/\/www.modave.be\/wp-content\/uploads\/2025\/06\/Phase-1A-1024x1024.png 1024w, https:\/\/www.modave.be\/wp-content\/uploads\/2025\/06\/Phase-1A-300x300.png 300w, https:\/\/www.modave.be\/wp-content\/uploads\/2025\/06\/Phase-1A-150x150.png 150w, https:\/\/www.modave.be\/wp-content\/uploads\/2025\/06\/Phase-1A-768x768.png 768w, https:\/\/www.modave.be\/wp-content\/uploads\/2025\/06\/Phase-1A.png 1080w\" sizes=\"(max-width: 1024px) 100vw, 1024px\" \/><\/figure>\n\n\n\n<p><\/p>\n","protected":false},"excerpt":{"rendered":"<p>\u00c9t\u00e9 2025 | Modave se transforme ! | \u00c9tapes #1 Des travaux de r\u00e9novation des voiries commenceront \u00e0 Modave du 16 juin au 11 juillet.L\u2019objectif ? Am\u00e9liorer la s\u00e9curit\u00e9, le confort de circulation et la gestion des eaux de pluie, pour tous les usagers. Premi\u00e8re voirie concern\u00e9e : Camp RomainP\u00e9riode estim\u00e9e : du 16 au&hellip;<\/p>\n","protected":false},"author":9,"featured_media":15833,"menu_order":0,"template":"","categories":[208],"class_list":["post-15831","services_communaux","type-services_communaux","status-publish","has-post-thumbnail","hentry","category-travaux","description-off"],"yoast_head":"<!-- This site is optimized with the Yoast SEO plugin v27.5 - https:\/\/yoast.com\/product\/yoast-seo-wordpress\/ -->\n<title>Travaux | \u00c9tapes #1 - Commune de Modave<\/title>\n<meta name=\"robots\" content=\"index, follow, max-snippet:-1, max-image-preview:large, max-video-preview:-1\" \/>\n<link rel=\"canonical\" href=\"https:\/\/www.modave.be\/index.php\/services_communaux\/travaux-rue-camp-romain\/\" \/>\n<meta property=\"og:locale\" content=\"fr_FR\" \/>\n<meta property=\"og:type\" content=\"article\" \/>\n<meta property=\"og:title\" content=\"Travaux | \u00c9tapes #1 - Commune de Modave\" \/>\n<meta property=\"og:description\" content=\"\u00c9t\u00e9 2025 | Modave se transforme ! | \u00c9tapes #1 Des travaux de r\u00e9novation des voiries commenceront \u00e0 Modave du 16 juin au 11 juillet.L\u2019objectif ? Am\u00e9liorer la s\u00e9curit\u00e9, le confort de circulation et la gestion des eaux de pluie, pour tous les usagers. Premi\u00e8re voirie concern\u00e9e : Camp RomainP\u00e9riode estim\u00e9e : du 16 au&hellip;\" \/>\n<meta property=\"og:url\" content=\"https:\/\/www.modave.be\/index.php\/services_communaux\/travaux-rue-camp-romain\/\" \/>\n<meta property=\"og:site_name\" content=\"Commune de Modave\" \/>\n<meta property=\"article:modified_time\" content=\"2025-06-13T12:05:38+00:00\" \/>\n<meta property=\"og:image\" content=\"https:\/\/www.modave.be\/wp-content\/uploads\/2025\/06\/Phase-1A-1-e1749735283417.png\" \/>\n\t<meta property=\"og:image:width\" content=\"1080\" \/>\n\t<meta property=\"og:image:height\" content=\"540\" \/>\n\t<meta property=\"og:image:type\" content=\"image\/png\" \/>\n<meta name=\"twitter:card\" content=\"summary_large_image\" \/>\n<meta name=\"twitter:label1\" content=\"Dur\u00e9e de lecture estim\u00e9e\" \/>\n\t<meta name=\"twitter:data1\" content=\"1 minute\" \/>\n<script type=\"application\/ld+json\" class=\"yoast-schema-graph\">{\"@context\":\"https:\\\/\\\/schema.org\",\"@graph\":[{\"@type\":\"WebPage\",\"@id\":\"https:\\\/\\\/www.modave.be\\\/index.php\\\/services_communaux\\\/travaux-rue-camp-romain\\\/\",\"url\":\"https:\\\/\\\/www.modave.be\\\/index.php\\\/services_communaux\\\/travaux-rue-camp-romain\\\/\",\"name\":\"Travaux | \u00c9tapes #1 - Commune de Modave\",\"isPartOf\":{\"@id\":\"https:\\\/\\\/www.modave.be\\\/#website\"},\"primaryImageOfPage\":{\"@id\":\"https:\\\/\\\/www.modave.be\\\/index.php\\\/services_communaux\\\/travaux-rue-camp-romain\\\/#primaryimage\"},\"image\":{\"@id\":\"https:\\\/\\\/www.modave.be\\\/index.php\\\/services_communaux\\\/travaux-rue-camp-romain\\\/#primaryimage\"},\"thumbnailUrl\":\"https:\\\/\\\/www.modave.be\\\/wp-content\\\/uploads\\\/2025\\\/06\\\/Phase-1A-1-e1749735283417.png\",\"datePublished\":\"2025-06-12T13:34:55+00:00\",\"dateModified\":\"2025-06-13T12:05:38+00:00\",\"breadcrumb\":{\"@id\":\"https:\\\/\\\/www.modave.be\\\/index.php\\\/services_communaux\\\/travaux-rue-camp-romain\\\/#breadcrumb\"},\"inLanguage\":\"fr-FR\",\"potentialAction\":[{\"@type\":\"ReadAction\",\"target\":[\"https:\\\/\\\/www.modave.be\\\/index.php\\\/services_communaux\\\/travaux-rue-camp-romain\\\/\"]}]},{\"@type\":\"ImageObject\",\"inLanguage\":\"fr-FR\",\"@id\":\"https:\\\/\\\/www.modave.be\\\/index.php\\\/services_communaux\\\/travaux-rue-camp-romain\\\/#primaryimage\",\"url\":\"https:\\\/\\\/www.modave.be\\\/wp-content\\\/uploads\\\/2025\\\/06\\\/Phase-1A-1-e1749735283417.png\",\"contentUrl\":\"https:\\\/\\\/www.modave.be\\\/wp-content\\\/uploads\\\/2025\\\/06\\\/Phase-1A-1-e1749735283417.png\",\"width\":1080,\"height\":540},{\"@type\":\"BreadcrumbList\",\"@id\":\"https:\\\/\\\/www.modave.be\\\/index.php\\\/services_communaux\\\/travaux-rue-camp-romain\\\/#breadcrumb\",\"itemListElement\":[{\"@type\":\"ListItem\",\"position\":1,\"name\":\"Accueil\",\"item\":\"https:\\\/\\\/www.modave.be\\\/\"},{\"@type\":\"ListItem\",\"position\":2,\"name\":\"Travaux | \u00c9tapes #1\"}]},{\"@type\":\"WebSite\",\"@id\":\"https:\\\/\\\/www.modave.be\\\/#website\",\"url\":\"https:\\\/\\\/www.modave.be\\\/\",\"name\":\"Commune de Modave\",\"description\":\"Commune de Modave\",\"publisher\":{\"@id\":\"https:\\\/\\\/www.modave.be\\\/#organization\"},\"potentialAction\":[{\"@type\":\"SearchAction\",\"target\":{\"@type\":\"EntryPoint\",\"urlTemplate\":\"https:\\\/\\\/www.modave.be\\\/?s={search_term_string}\"},\"query-input\":{\"@type\":\"PropertyValueSpecification\",\"valueRequired\":true,\"valueName\":\"search_term_string\"}}],\"inLanguage\":\"fr-FR\"},{\"@type\":\"Organization\",\"@id\":\"https:\\\/\\\/www.modave.be\\\/#organization\",\"name\":\"Commune de Modave\",\"url\":\"https:\\\/\\\/www.modave.be\\\/\",\"logo\":{\"@type\":\"ImageObject\",\"inLanguage\":\"fr-FR\",\"@id\":\"https:\\\/\\\/www.modave.be\\\/#\\\/schema\\\/logo\\\/image\\\/\",\"url\":\"https:\\\/\\\/www.modave.be\\\/wp-content\\\/uploads\\\/2021\\\/12\\\/MODAVE_LOGO_HORIZONTAL_QUADRI_RVB.png\",\"contentUrl\":\"https:\\\/\\\/www.modave.be\\\/wp-content\\\/uploads\\\/2021\\\/12\\\/MODAVE_LOGO_HORIZONTAL_QUADRI_RVB.png\",\"width\":1200,\"height\":501,\"caption\":\"Commune de Modave\"},\"image\":{\"@id\":\"https:\\\/\\\/www.modave.be\\\/#\\\/schema\\\/logo\\\/image\\\/\"}}]}<\/script>\n<!-- \/ Yoast SEO plugin. -->","yoast_head_json":{"title":"Travaux | \u00c9tapes #1 - Commune de Modave","robots":{"index":"index","follow":"follow","max-snippet":"max-snippet:-1","max-image-preview":"max-image-preview:large","max-video-preview":"max-video-preview:-1"},"canonical":"https:\/\/www.modave.be\/index.php\/services_communaux\/travaux-rue-camp-romain\/","og_locale":"fr_FR","og_type":"article","og_title":"Travaux | \u00c9tapes #1 - Commune de Modave","og_description":"\u00c9t\u00e9 2025 | Modave se transforme ! | \u00c9tapes #1 Des travaux de r\u00e9novation des voiries commenceront \u00e0 Modave du 16 juin au 11 juillet.L\u2019objectif ? Am\u00e9liorer la s\u00e9curit\u00e9, le confort de circulation et la gestion des eaux de pluie, pour tous les usagers. Premi\u00e8re voirie concern\u00e9e : Camp RomainP\u00e9riode estim\u00e9e : du 16 au&hellip;","og_url":"https:\/\/www.modave.be\/index.php\/services_communaux\/travaux-rue-camp-romain\/","og_site_name":"Commune de Modave","article_modified_time":"2025-06-13T12:05:38+00:00","og_image":[{"width":1080,"height":540,"url":"https:\/\/www.modave.be\/wp-content\/uploads\/2025\/06\/Phase-1A-1-e1749735283417.png","type":"image\/png"}],"twitter_card":"summary_large_image","twitter_misc":{"Dur\u00e9e de lecture estim\u00e9e":"1 minute"},"schema":{"@context":"https:\/\/schema.org","@graph":[{"@type":"WebPage","@id":"https:\/\/www.modave.be\/index.php\/services_communaux\/travaux-rue-camp-romain\/","url":"https:\/\/www.modave.be\/index.php\/services_communaux\/travaux-rue-camp-romain\/","name":"Travaux | \u00c9tapes #1 - Commune de Modave","isPartOf":{"@id":"https:\/\/www.modave.be\/#website"},"primaryImageOfPage":{"@id":"https:\/\/www.modave.be\/index.php\/services_communaux\/travaux-rue-camp-romain\/#primaryimage"},"image":{"@id":"https:\/\/www.modave.be\/index.php\/services_communaux\/travaux-rue-camp-romain\/#primaryimage"},"thumbnailUrl":"https:\/\/www.modave.be\/wp-content\/uploads\/2025\/06\/Phase-1A-1-e1749735283417.png","datePublished":"2025-06-12T13:34:55+00:00","dateModified":"2025-06-13T12:05:38+00:00","breadcrumb":{"@id":"https:\/\/www.modave.be\/index.php\/services_communaux\/travaux-rue-camp-romain\/#breadcrumb"},"inLanguage":"fr-FR","potentialAction":[{"@type":"ReadAction","target":["https:\/\/www.modave.be\/index.php\/services_communaux\/travaux-rue-camp-romain\/"]}]},{"@type":"ImageObject","inLanguage":"fr-FR","@id":"https:\/\/www.modave.be\/index.php\/services_communaux\/travaux-rue-camp-romain\/#primaryimage","url":"https:\/\/www.modave.be\/wp-content\/uploads\/2025\/06\/Phase-1A-1-e1749735283417.png","contentUrl":"https:\/\/www.modave.be\/wp-content\/uploads\/2025\/06\/Phase-1A-1-e1749735283417.png","width":1080,"height":540},{"@type":"BreadcrumbList","@id":"https:\/\/www.modave.be\/index.php\/services_communaux\/travaux-rue-camp-romain\/#breadcrumb","itemListElement":[{"@type":"ListItem","position":1,"name":"Accueil","item":"https:\/\/www.modave.be\/"},{"@type":"ListItem","position":2,"name":"Travaux | \u00c9tapes #1"}]},{"@type":"WebSite","@id":"https:\/\/www.modave.be\/#website","url":"https:\/\/www.modave.be\/","name":"Commune de Modave","description":"Commune de Modave","publisher":{"@id":"https:\/\/www.modave.be\/#organization"},"potentialAction":[{"@type":"SearchAction","target":{"@type":"EntryPoint","urlTemplate":"https:\/\/www.modave.be\/?s={search_term_string}"},"query-input":{"@type":"PropertyValueSpecification","valueRequired":true,"valueName":"search_term_string"}}],"inLanguage":"fr-FR"},{"@type":"Organization","@id":"https:\/\/www.modave.be\/#organization","name":"Commune de Modave","url":"https:\/\/www.modave.be\/","logo":{"@type":"ImageObject","inLanguage":"fr-FR","@id":"https:\/\/www.modave.be\/#\/schema\/logo\/image\/","url":"https:\/\/www.modave.be\/wp-content\/uploads\/2021\/12\/MODAVE_LOGO_HORIZONTAL_QUADRI_RVB.png","contentUrl":"https:\/\/www.modave.be\/wp-content\/uploads\/2021\/12\/MODAVE_LOGO_HORIZONTAL_QUADRI_RVB.png","width":1200,"height":501,"caption":"Commune de Modave"},"image":{"@id":"https:\/\/www.modave.be\/#\/schema\/logo\/image\/"}}]}},"_links":{"self":[{"href":"https:\/\/www.modave.be\/index.php\/wp-json\/wp\/v2\/services_communaux\/15831","targetHints":{"allow":["GET"]}}],"collection":[{"href":"https:\/\/www.modave.be\/index.php\/wp-json\/wp\/v2\/services_communaux"}],"about":[{"href":"https:\/\/www.modave.be\/index.php\/wp-json\/wp\/v2\/types\/services_communaux"}],"author":[{"embeddable":true,"href":"https:\/\/www.modave.be\/index.php\/wp-json\/wp\/v2\/users\/9"}],"wp:featuredmedia":[{"embeddable":true,"href":"https:\/\/www.modave.be\/index.php\/wp-json\/wp\/v2\/media\/15833"}],"wp:attachment":[{"href":"https:\/\/www.modave.be\/index.php\/wp-json\/wp\/v2\/media?parent=15831"}],"wp:term":[{"taxonomy":"category","embeddable":true,"href":"https:\/\/www.modave.be\/index.php\/wp-json\/wp\/v2\/categories?post=15831"}],"curies":[{"name":"wp","href":"https:\/\/api.w.org\/{rel}","templated":true}]}}