{"id":15845,"date":"2025-06-13T13:17:50","date_gmt":"2025-06-13T11:17:50","guid":{"rendered":"https:\/\/www.modave.be\/?post_type=services_communaux&#038;p=15845"},"modified":"2025-06-17T09:57:47","modified_gmt":"2025-06-17T07:57:47","slug":"travaux-etapes-1","status":"publish","type":"services_communaux","link":"https:\/\/www.modave.be\/index.php\/services_communaux\/travaux-etapes-1\/","title":{"rendered":"Travaux | \u00c9tape #2"},"content":{"rendered":"\n<h2 class=\"wp-block-heading\">\u00c9t\u00e9 2025 | Modave se transforme ! | \u00c9tape #2<\/h2>\n\n\n\n<p>Suite \u00e0 la premi\u00e8re phase annonc\u00e9e hier, la Commune poursuit son engagement pour des voiries plus s\u00fbres, plus durables et plus agr\u00e9ables.<\/p>\n\n\n\n<p><strong>Du 25 juin au 4 juillet<\/strong> (estimation), d&rsquo;autres rues feront elles aussi l\u2019objet de travaux de r\u00e9novation. Objectif : am\u00e9liorer le confort et la s\u00e9curit\u00e9 des usagers, tout en assurant une meilleure gestion des eaux de pluie.<\/p>\n\n\n\n<blockquote class=\"wp-block-quote is-layout-flow wp-block-quote-is-layout-flow\">\n<p><strong>Rues concern\u00e9es :<\/strong><\/p>\n\n\n\n<p>\u2022 Rue des Trixhes : pose d&rsquo;une bordure filet d\u2019eau<br>\u2022 Rue de l\u2019Oiseau du Bois : cr\u00e9ation d\u2019un foss\u00e9, de deux merlons et d&rsquo;un avaloir<br>\u2022 Rue du Fond d\u2019Oxhe : remplacement de fondations, d\u00e9molition et pose de bande plate, raclage et pose d&rsquo;hydrocarbon\u00e9<\/p>\n<\/blockquote>\n\n\n\n<p class=\"has-text-color has-link-color wp-elements-5512108d5b15115581270201570ba327\" style=\"color:#ff0000\"><strong>Attention :<\/strong> la circulation sera interdite pendant toute la dur\u00e9e du chantier, y compris du 9 au 11 juillet pour les finitions et la pose de l\u2019asphalte.<\/p>\n\n\n\n<p>D&rsquo;autres \u00e9tapes sont \u00e0 venir. Nous vous tiendrons inform\u00e9s \u00e0 chaque avanc\u00e9e. Merci pour votre patience et pour la bienveillance que vous t\u00e9moignez aux \u00e9quipes qui \u0153uvrent sur le terrain pour am\u00e9liorer notre cadre de vie.<\/p>\n\n\n\n<figure class=\"wp-block-gallery has-nested-images columns-default is-cropped wp-block-gallery-1 is-layout-flex wp-block-gallery-is-layout-flex\">\n<figure class=\"wp-block-image size-large\"><img fetchpriority=\"high\" decoding=\"async\" width=\"1024\" height=\"1024\" data-id=\"15894\" src=\"https:\/\/www.modave.be\/wp-content\/uploads\/2025\/06\/Phase-2A-detail-1024x1024.png\" alt=\"\" class=\"wp-image-15894\" srcset=\"https:\/\/www.modave.be\/wp-content\/uploads\/2025\/06\/Phase-2A-detail-1024x1024.png 1024w, https:\/\/www.modave.be\/wp-content\/uploads\/2025\/06\/Phase-2A-detail-300x300.png 300w, https:\/\/www.modave.be\/wp-content\/uploads\/2025\/06\/Phase-2A-detail-150x150.png 150w, https:\/\/www.modave.be\/wp-content\/uploads\/2025\/06\/Phase-2A-detail-768x768.png 768w, https:\/\/www.modave.be\/wp-content\/uploads\/2025\/06\/Phase-2A-detail.png 1080w\" sizes=\"(max-width: 1024px) 100vw, 1024px\" \/><\/figure>\n\n\n\n<figure class=\"wp-block-image size-large\"><img decoding=\"async\" width=\"1024\" height=\"1024\" data-id=\"15895\" src=\"https:\/\/www.modave.be\/wp-content\/uploads\/2025\/06\/Phase-2B-detail-1024x1024.png\" alt=\"\" class=\"wp-image-15895\" srcset=\"https:\/\/www.modave.be\/wp-content\/uploads\/2025\/06\/Phase-2B-detail-1024x1024.png 1024w, https:\/\/www.modave.be\/wp-content\/uploads\/2025\/06\/Phase-2B-detail-300x300.png 300w, https:\/\/www.modave.be\/wp-content\/uploads\/2025\/06\/Phase-2B-detail-150x150.png 150w, https:\/\/www.modave.be\/wp-content\/uploads\/2025\/06\/Phase-2B-detail-768x768.png 768w, https:\/\/www.modave.be\/wp-content\/uploads\/2025\/06\/Phase-2B-detail.png 1080w\" sizes=\"(max-width: 1024px) 100vw, 1024px\" \/><\/figure>\n\n\n\n<figure class=\"wp-block-image size-large\"><img decoding=\"async\" width=\"1024\" height=\"1024\" data-id=\"15896\" src=\"https:\/\/www.modave.be\/wp-content\/uploads\/2025\/06\/Phase-2C-detail-1024x1024.png\" alt=\"\" class=\"wp-image-15896\" srcset=\"https:\/\/www.modave.be\/wp-content\/uploads\/2025\/06\/Phase-2C-detail-1024x1024.png 1024w, https:\/\/www.modave.be\/wp-content\/uploads\/2025\/06\/Phase-2C-detail-300x300.png 300w, https:\/\/www.modave.be\/wp-content\/uploads\/2025\/06\/Phase-2C-detail-150x150.png 150w, https:\/\/www.modave.be\/wp-content\/uploads\/2025\/06\/Phase-2C-detail-768x768.png 768w, https:\/\/www.modave.be\/wp-content\/uploads\/2025\/06\/Phase-2C-detail.png 1080w\" sizes=\"(max-width: 1024px) 100vw, 1024px\" \/><\/figure>\n<\/figure>\n\n\n\n<p><\/p>\n","protected":false},"excerpt":{"rendered":"<p>\u00c9t\u00e9 2025 | Modave se transforme ! | \u00c9tape #2 Suite \u00e0 la premi\u00e8re phase annonc\u00e9e hier, la Commune poursuit son engagement pour des voiries plus s\u00fbres, plus durables et plus agr\u00e9ables. Du 25 juin au 4 juillet (estimation), d&rsquo;autres rues feront elles aussi l\u2019objet de travaux de r\u00e9novation. Objectif : am\u00e9liorer le confort et&hellip;<\/p>\n","protected":false},"author":9,"featured_media":15651,"menu_order":0,"template":"","categories":[208],"class_list":["post-15845","services_communaux","type-services_communaux","status-publish","has-post-thumbnail","hentry","category-travaux","description-off"],"yoast_head":"<!-- This site is optimized with the Yoast SEO plugin v27.5 - https:\/\/yoast.com\/product\/yoast-seo-wordpress\/ -->\n<title>Travaux | \u00c9tape #2 - Commune de Modave<\/title>\n<meta name=\"robots\" content=\"index, follow, max-snippet:-1, max-image-preview:large, max-video-preview:-1\" \/>\n<link rel=\"canonical\" href=\"https:\/\/www.modave.be\/index.php\/services_communaux\/travaux-etapes-1\/\" \/>\n<meta property=\"og:locale\" content=\"fr_FR\" \/>\n<meta property=\"og:type\" content=\"article\" \/>\n<meta property=\"og:title\" content=\"Travaux | \u00c9tape #2 - Commune de Modave\" \/>\n<meta property=\"og:description\" content=\"\u00c9t\u00e9 2025 | Modave se transforme ! | \u00c9tape #2 Suite \u00e0 la premi\u00e8re phase annonc\u00e9e hier, la Commune poursuit son engagement pour des voiries plus s\u00fbres, plus durables et plus agr\u00e9ables. Du 25 juin au 4 juillet (estimation), d&rsquo;autres rues feront elles aussi l\u2019objet de travaux de r\u00e9novation. Objectif : am\u00e9liorer le confort et&hellip;\" \/>\n<meta property=\"og:url\" content=\"https:\/\/www.modave.be\/index.php\/services_communaux\/travaux-etapes-1\/\" \/>\n<meta property=\"og:site_name\" content=\"Commune de Modave\" \/>\n<meta property=\"article:modified_time\" content=\"2025-06-17T07:57:47+00:00\" \/>\n<meta property=\"og:image\" content=\"https:\/\/www.modave.be\/wp-content\/uploads\/2025\/05\/Travaux-illustration-e1747735044257.png\" \/>\n\t<meta property=\"og:image:width\" content=\"1080\" \/>\n\t<meta property=\"og:image:height\" content=\"540\" \/>\n\t<meta property=\"og:image:type\" content=\"image\/png\" \/>\n<meta name=\"twitter:card\" content=\"summary_large_image\" \/>\n<meta name=\"twitter:label1\" content=\"Dur\u00e9e de lecture estim\u00e9e\" \/>\n\t<meta name=\"twitter:data1\" content=\"1 minute\" \/>\n<script type=\"application\/ld+json\" class=\"yoast-schema-graph\">{\"@context\":\"https:\\\/\\\/schema.org\",\"@graph\":[{\"@type\":\"WebPage\",\"@id\":\"https:\\\/\\\/www.modave.be\\\/index.php\\\/services_communaux\\\/travaux-etapes-1\\\/\",\"url\":\"https:\\\/\\\/www.modave.be\\\/index.php\\\/services_communaux\\\/travaux-etapes-1\\\/\",\"name\":\"Travaux | \u00c9tape #2 - Commune de Modave\",\"isPartOf\":{\"@id\":\"https:\\\/\\\/www.modave.be\\\/#website\"},\"primaryImageOfPage\":{\"@id\":\"https:\\\/\\\/www.modave.be\\\/index.php\\\/services_communaux\\\/travaux-etapes-1\\\/#primaryimage\"},\"image\":{\"@id\":\"https:\\\/\\\/www.modave.be\\\/index.php\\\/services_communaux\\\/travaux-etapes-1\\\/#primaryimage\"},\"thumbnailUrl\":\"https:\\\/\\\/www.modave.be\\\/wp-content\\\/uploads\\\/2025\\\/05\\\/Travaux-illustration-e1747735044257.png\",\"datePublished\":\"2025-06-13T11:17:50+00:00\",\"dateModified\":\"2025-06-17T07:57:47+00:00\",\"breadcrumb\":{\"@id\":\"https:\\\/\\\/www.modave.be\\\/index.php\\\/services_communaux\\\/travaux-etapes-1\\\/#breadcrumb\"},\"inLanguage\":\"fr-FR\",\"potentialAction\":[{\"@type\":\"ReadAction\",\"target\":[\"https:\\\/\\\/www.modave.be\\\/index.php\\\/services_communaux\\\/travaux-etapes-1\\\/\"]}]},{\"@type\":\"ImageObject\",\"inLanguage\":\"fr-FR\",\"@id\":\"https:\\\/\\\/www.modave.be\\\/index.php\\\/services_communaux\\\/travaux-etapes-1\\\/#primaryimage\",\"url\":\"https:\\\/\\\/www.modave.be\\\/wp-content\\\/uploads\\\/2025\\\/05\\\/Travaux-illustration-e1747735044257.png\",\"contentUrl\":\"https:\\\/\\\/www.modave.be\\\/wp-content\\\/uploads\\\/2025\\\/05\\\/Travaux-illustration-e1747735044257.png\",\"width\":1080,\"height\":540},{\"@type\":\"BreadcrumbList\",\"@id\":\"https:\\\/\\\/www.modave.be\\\/index.php\\\/services_communaux\\\/travaux-etapes-1\\\/#breadcrumb\",\"itemListElement\":[{\"@type\":\"ListItem\",\"position\":1,\"name\":\"Accueil\",\"item\":\"https:\\\/\\\/www.modave.be\\\/\"},{\"@type\":\"ListItem\",\"position\":2,\"name\":\"Travaux | \u00c9tape #2\"}]},{\"@type\":\"WebSite\",\"@id\":\"https:\\\/\\\/www.modave.be\\\/#website\",\"url\":\"https:\\\/\\\/www.modave.be\\\/\",\"name\":\"Commune de Modave\",\"description\":\"Commune de Modave\",\"publisher\":{\"@id\":\"https:\\\/\\\/www.modave.be\\\/#organization\"},\"potentialAction\":[{\"@type\":\"SearchAction\",\"target\":{\"@type\":\"EntryPoint\",\"urlTemplate\":\"https:\\\/\\\/www.modave.be\\\/?s={search_term_string}\"},\"query-input\":{\"@type\":\"PropertyValueSpecification\",\"valueRequired\":true,\"valueName\":\"search_term_string\"}}],\"inLanguage\":\"fr-FR\"},{\"@type\":\"Organization\",\"@id\":\"https:\\\/\\\/www.modave.be\\\/#organization\",\"name\":\"Commune de Modave\",\"url\":\"https:\\\/\\\/www.modave.be\\\/\",\"logo\":{\"@type\":\"ImageObject\",\"inLanguage\":\"fr-FR\",\"@id\":\"https:\\\/\\\/www.modave.be\\\/#\\\/schema\\\/logo\\\/image\\\/\",\"url\":\"https:\\\/\\\/www.modave.be\\\/wp-content\\\/uploads\\\/2021\\\/12\\\/MODAVE_LOGO_HORIZONTAL_QUADRI_RVB.png\",\"contentUrl\":\"https:\\\/\\\/www.modave.be\\\/wp-content\\\/uploads\\\/2021\\\/12\\\/MODAVE_LOGO_HORIZONTAL_QUADRI_RVB.png\",\"width\":1200,\"height\":501,\"caption\":\"Commune de Modave\"},\"image\":{\"@id\":\"https:\\\/\\\/www.modave.be\\\/#\\\/schema\\\/logo\\\/image\\\/\"}}]}<\/script>\n<!-- \/ Yoast SEO plugin. -->","yoast_head_json":{"title":"Travaux | \u00c9tape #2 - Commune de Modave","robots":{"index":"index","follow":"follow","max-snippet":"max-snippet:-1","max-image-preview":"max-image-preview:large","max-video-preview":"max-video-preview:-1"},"canonical":"https:\/\/www.modave.be\/index.php\/services_communaux\/travaux-etapes-1\/","og_locale":"fr_FR","og_type":"article","og_title":"Travaux | \u00c9tape #2 - Commune de Modave","og_description":"\u00c9t\u00e9 2025 | Modave se transforme ! | \u00c9tape #2 Suite \u00e0 la premi\u00e8re phase annonc\u00e9e hier, la Commune poursuit son engagement pour des voiries plus s\u00fbres, plus durables et plus agr\u00e9ables. Du 25 juin au 4 juillet (estimation), d&rsquo;autres rues feront elles aussi l\u2019objet de travaux de r\u00e9novation. Objectif : am\u00e9liorer le confort et&hellip;","og_url":"https:\/\/www.modave.be\/index.php\/services_communaux\/travaux-etapes-1\/","og_site_name":"Commune de Modave","article_modified_time":"2025-06-17T07:57:47+00:00","og_image":[{"width":1080,"height":540,"url":"https:\/\/www.modave.be\/wp-content\/uploads\/2025\/05\/Travaux-illustration-e1747735044257.png","type":"image\/png"}],"twitter_card":"summary_large_image","twitter_misc":{"Dur\u00e9e de lecture estim\u00e9e":"1 minute"},"schema":{"@context":"https:\/\/schema.org","@graph":[{"@type":"WebPage","@id":"https:\/\/www.modave.be\/index.php\/services_communaux\/travaux-etapes-1\/","url":"https:\/\/www.modave.be\/index.php\/services_communaux\/travaux-etapes-1\/","name":"Travaux | \u00c9tape #2 - Commune de Modave","isPartOf":{"@id":"https:\/\/www.modave.be\/#website"},"primaryImageOfPage":{"@id":"https:\/\/www.modave.be\/index.php\/services_communaux\/travaux-etapes-1\/#primaryimage"},"image":{"@id":"https:\/\/www.modave.be\/index.php\/services_communaux\/travaux-etapes-1\/#primaryimage"},"thumbnailUrl":"https:\/\/www.modave.be\/wp-content\/uploads\/2025\/05\/Travaux-illustration-e1747735044257.png","datePublished":"2025-06-13T11:17:50+00:00","dateModified":"2025-06-17T07:57:47+00:00","breadcrumb":{"@id":"https:\/\/www.modave.be\/index.php\/services_communaux\/travaux-etapes-1\/#breadcrumb"},"inLanguage":"fr-FR","potentialAction":[{"@type":"ReadAction","target":["https:\/\/www.modave.be\/index.php\/services_communaux\/travaux-etapes-1\/"]}]},{"@type":"ImageObject","inLanguage":"fr-FR","@id":"https:\/\/www.modave.be\/index.php\/services_communaux\/travaux-etapes-1\/#primaryimage","url":"https:\/\/www.modave.be\/wp-content\/uploads\/2025\/05\/Travaux-illustration-e1747735044257.png","contentUrl":"https:\/\/www.modave.be\/wp-content\/uploads\/2025\/05\/Travaux-illustration-e1747735044257.png","width":1080,"height":540},{"@type":"BreadcrumbList","@id":"https:\/\/www.modave.be\/index.php\/services_communaux\/travaux-etapes-1\/#breadcrumb","itemListElement":[{"@type":"ListItem","position":1,"name":"Accueil","item":"https:\/\/www.modave.be\/"},{"@type":"ListItem","position":2,"name":"Travaux | \u00c9tape #2"}]},{"@type":"WebSite","@id":"https:\/\/www.modave.be\/#website","url":"https:\/\/www.modave.be\/","name":"Commune de Modave","description":"Commune de Modave","publisher":{"@id":"https:\/\/www.modave.be\/#organization"},"potentialAction":[{"@type":"SearchAction","target":{"@type":"EntryPoint","urlTemplate":"https:\/\/www.modave.be\/?s={search_term_string}"},"query-input":{"@type":"PropertyValueSpecification","valueRequired":true,"valueName":"search_term_string"}}],"inLanguage":"fr-FR"},{"@type":"Organization","@id":"https:\/\/www.modave.be\/#organization","name":"Commune de Modave","url":"https:\/\/www.modave.be\/","logo":{"@type":"ImageObject","inLanguage":"fr-FR","@id":"https:\/\/www.modave.be\/#\/schema\/logo\/image\/","url":"https:\/\/www.modave.be\/wp-content\/uploads\/2021\/12\/MODAVE_LOGO_HORIZONTAL_QUADRI_RVB.png","contentUrl":"https:\/\/www.modave.be\/wp-content\/uploads\/2021\/12\/MODAVE_LOGO_HORIZONTAL_QUADRI_RVB.png","width":1200,"height":501,"caption":"Commune de Modave"},"image":{"@id":"https:\/\/www.modave.be\/#\/schema\/logo\/image\/"}}]}},"_links":{"self":[{"href":"https:\/\/www.modave.be\/index.php\/wp-json\/wp\/v2\/services_communaux\/15845","targetHints":{"allow":["GET"]}}],"collection":[{"href":"https:\/\/www.modave.be\/index.php\/wp-json\/wp\/v2\/services_communaux"}],"about":[{"href":"https:\/\/www.modave.be\/index.php\/wp-json\/wp\/v2\/types\/services_communaux"}],"author":[{"embeddable":true,"href":"https:\/\/www.modave.be\/index.php\/wp-json\/wp\/v2\/users\/9"}],"wp:featuredmedia":[{"embeddable":true,"href":"https:\/\/www.modave.be\/index.php\/wp-json\/wp\/v2\/media\/15651"}],"wp:attachment":[{"href":"https:\/\/www.modave.be\/index.php\/wp-json\/wp\/v2\/media?parent=15845"}],"wp:term":[{"taxonomy":"category","embeddable":true,"href":"https:\/\/www.modave.be\/index.php\/wp-json\/wp\/v2\/categories?post=15845"}],"curies":[{"name":"wp","href":"https:\/\/api.w.org\/{rel}","templated":true}]}}