{"id":15864,"date":"2025-06-16T09:55:19","date_gmt":"2025-06-16T07:55:19","guid":{"rendered":"https:\/\/www.modave.be\/?post_type=services_communaux&#038;p=15864"},"modified":"2025-06-17T10:29:50","modified_gmt":"2025-06-17T08:29:50","slug":"travaux-ete-recap","status":"publish","type":"services_communaux","link":"https:\/\/www.modave.be\/index.php\/services_communaux\/travaux-ete-recap\/","title":{"rendered":"Travaux | \u00c9t\u00e9 | R\u00e9cap."},"content":{"rendered":"\n<p><strong>Attention, les travaux ci-dessous initialement pr\u00e9vus \u00e0 partir du 16 juin sont finalement d\u00e9cal\u00e9s de quelques jours. Le chantier devrait d\u00e9buter autour du 18 ou 19 juin, en fonction des conditions sur le terrain. Merci pour votre compr\u00e9hension !<\/strong><\/p>\n\n\n\n<h2 class=\"wp-block-heading\">\u00c9t\u00e9 2025 | Modave se transforme ! | \u00c9tapes #1<\/h2>\n\n\n\n<p>Des travaux de r\u00e9novation des voiries commenceront \u00e0 Modave du 16 juin au 11 juillet.<br>L\u2019objectif ? Am\u00e9liorer la s\u00e9curit\u00e9, le confort de circulation et la gestion des eaux de pluie, pour tous les usagers.<\/p>\n\n\n\n<blockquote class=\"wp-block-quote is-layout-flow wp-block-quote-is-layout-flow\">\n<p>Premi\u00e8re voirie concern\u00e9e : Camp Romain<br>P\u00e9riode estim\u00e9e : du 16 au 27 juin<\/p>\n<\/blockquote>\n\n\n\n<p>Travaux pr\u00e9vus :<\/p>\n\n\n\n<ul class=\"wp-block-list\">\n<li><strong>Raclage \/ pose d\u2019hydrocarbon\u00e9<\/strong><\/li>\n\n\n\n<li><strong>Remplacement des fondations impropres<\/strong><\/li>\n\n\n\n<li><strong>Pose d\u2019une bande plate et d\u2019un filet d\u2019eau<\/strong><\/li>\n<\/ul>\n\n\n\n<p class=\"has-text-color has-link-color wp-elements-d1edcbbdf3a34a085f2529f2487465c0\" style=\"color:#ff0000\">Circulation interdite pendant la dur\u00e9e du chantier, y compris <strong>du 9 au 11 juillet<\/strong> pour les finitions g\u00e9n\u00e9rales et la pose de l\u2019asphalte.<\/p>\n\n\n\n<p>Nous vous tiendrons inform\u00e9s au fil de l\u2019avancement des autres chantiers. Merci de votre patience et de votre compr\u00e9hension.<br>Ensemble, soyons attentifs et respectons la signalisation afin d\u2019assurer la s\u00e9curit\u00e9 des \u00e9quipes sur le terrain.<\/p>\n\n\n\n<h2 class=\"wp-block-heading\">\u00c9t\u00e9 2025 | Modave se transforme ! | \u00c9tape #2<\/h2>\n\n\n\n<p>Suite \u00e0 la premi\u00e8re phase annonc\u00e9e hier, la Commune poursuit son engagement pour des voiries plus s\u00fbres, plus durables et plus agr\u00e9ables.<\/p>\n\n\n\n<p><strong>Du 25 juin au 4 juillet<\/strong> (estimation), d&rsquo;autres rues feront elles aussi l\u2019objet de travaux de r\u00e9novation. Objectif : am\u00e9liorer le confort et la s\u00e9curit\u00e9 des usagers, tout en assurant une meilleure gestion des eaux de pluie.<\/p>\n\n\n\n<blockquote class=\"wp-block-quote is-layout-flow wp-block-quote-is-layout-flow\">\n<p><strong>Rues concern\u00e9es :<\/strong><\/p>\n\n\n\n<p>\u2022 Rue des Trixhes : pose d&rsquo;une bordure filet d\u2019eau<br>\u2022 Rue de l\u2019Oiseau du Bois : cr\u00e9ation d\u2019un foss\u00e9, de deux merlons et d&rsquo;un avaloir<br>\u2022 Rue du Fond d\u2019Oxhe : remplacement de fondations, d\u00e9molition et pose de bande plate, raclage et pose d&rsquo;hydrocarbon\u00e9<\/p>\n<\/blockquote>\n\n\n\n<p class=\"has-text-color has-link-color wp-elements-5512108d5b15115581270201570ba327\" style=\"color:#ff0000\"><strong>Attention :<\/strong> la circulation sera interdite pendant toute la dur\u00e9e du chantier, y compris du 9 au 11 juillet pour les finitions et la pose de l\u2019asphalte.<\/p>\n\n\n\n<p>D&rsquo;autres \u00e9tapes sont \u00e0 venir. Nous vous tiendrons inform\u00e9s \u00e0 chaque avanc\u00e9e. Merci pour votre patience et pour la bienveillance que vous t\u00e9moignez aux \u00e9quipes qui \u0153uvrent sur le terrain pour am\u00e9liorer notre cadre de vie.<\/p>\n\n\n\n<h2 class=\"wp-block-heading\">\u00c9t\u00e9 2025 | Modave se transforme ! | \u00c9tape #3 (et derni\u00e8re \u00e9tape pour l\u2019instant)<\/h2>\n\n\n\n<p>Apr\u00e8s les deux premi\u00e8res phases, la Commune boucle cette s\u00e9rie de r\u00e9novations de voiries, toujours avec l\u2019objectif d\u2019un cadre de vie plus s\u00fbr, plus confortable et mieux adapt\u00e9 aux enjeux climatiques.<\/p>\n\n\n\n<blockquote class=\"wp-block-quote is-layout-flow wp-block-quote-is-layout-flow\">\n<p>Du 2 au 8 juillet (estimation), les travaux concerneront les rues suivantes :<\/p>\n\n\n\n<p>\u2022 Rue les Ruelles : raclage et pose d&rsquo;hydrocarbon\u00e9<br>\u2022 Rue du Soleil : remplacement de fondation, raclage et pose d\u2019hydrocarbon\u00e9<br>\u2022 Rue Elmer : remplacement de fondation, raclage et pose d\u2019hydrocarbon\u00e9<\/p>\n<\/blockquote>\n\n\n\n<p class=\"has-text-color has-link-color wp-elements-a99ad7e47dfda967e085cf72ffe373a3\" style=\"color:#ff0000\">La circulation sera interdite pendant toute la dur\u00e9e du chantier, y compris du 9 au 11 juillet, p\u00e9riode r\u00e9serv\u00e9e aux finitions et \u00e0 la pose de l\u2019asphalte sur l\u2019ensemble des tron\u00e7ons r\u00e9nov\u00e9s.<\/p>\n\n\n\n<p>Il s\u2019agit de la derni\u00e8re \u00e9tape pr\u00e9vue \u00e0 ce jour. Si de nouveaux travaux venaient \u00e0 \u00eatre programm\u00e9s, nous vous en informerons en temps utile. Merci pour votre patience et la bienveillance que vous t\u00e9moignez aux \u00e9quipes mobilis\u00e9es sur le terrain. Pour votre s\u00e9curit\u00e9 comme pour la leur, restez prudents aux abords des diff\u00e9rents chantiers.e. Merci pour votre patience et pour la bienveillance que vous t\u00e9moignez aux \u00e9quipes qui \u0153uvrent sur le terrain pour am\u00e9liorer notre cadre de vie.<\/p>\n\n\n\n<div data-wp-interactive=\"core\/file\" class=\"wp-block-file\"><object data-wp-bind--hidden=\"!state.hasPdfPreview\" hidden class=\"wp-block-file__embed\" data=\"https:\/\/www.modave.be\/wp-content\/uploads\/2025\/06\/Ordre-de-Police-Travaux.pdf\" type=\"application\/pdf\" style=\"width:100%;height:600px\" aria-label=\"Contenu embarqu\u00e9 Ordre de Police - Travaux.\"><\/object><a id=\"wp-block-file--media-8f3fe7b9-a8ef-47e6-8763-62b153e7e95c\" href=\"https:\/\/www.modave.be\/wp-content\/uploads\/2025\/06\/Ordre-de-Police-Travaux.pdf\">Ordre de Police &#8211; Travaux<\/a><a href=\"https:\/\/www.modave.be\/wp-content\/uploads\/2025\/06\/Ordre-de-Police-Travaux.pdf\" class=\"wp-block-file__button wp-element-button\" download aria-describedby=\"wp-block-file--media-8f3fe7b9-a8ef-47e6-8763-62b153e7e95c\">T\u00e9l\u00e9charger<\/a><\/div>\n\n\n\n<figure class=\"wp-block-gallery has-nested-images columns-default is-cropped wp-block-gallery-1 is-layout-flex wp-block-gallery-is-layout-flex\">\n<figure class=\"wp-block-image size-large\"><img fetchpriority=\"high\" decoding=\"async\" width=\"1024\" height=\"1024\" data-id=\"15868\" src=\"https:\/\/www.modave.be\/wp-content\/uploads\/2025\/06\/Phase-1A-2-1024x1024.png\" alt=\"\" class=\"wp-image-15868\" srcset=\"https:\/\/www.modave.be\/wp-content\/uploads\/2025\/06\/Phase-1A-2-1024x1024.png 1024w, https:\/\/www.modave.be\/wp-content\/uploads\/2025\/06\/Phase-1A-2-300x300.png 300w, https:\/\/www.modave.be\/wp-content\/uploads\/2025\/06\/Phase-1A-2-150x150.png 150w, https:\/\/www.modave.be\/wp-content\/uploads\/2025\/06\/Phase-1A-2-768x768.png 768w, https:\/\/www.modave.be\/wp-content\/uploads\/2025\/06\/Phase-1A-2.png 1080w\" sizes=\"(max-width: 1024px) 100vw, 1024px\" \/><\/figure>\n\n\n\n<figure class=\"wp-block-image size-large\"><img decoding=\"async\" width=\"1024\" height=\"1024\" data-id=\"15905\" src=\"https:\/\/www.modave.be\/wp-content\/uploads\/2025\/06\/Phase-2A-detail-1-1024x1024.png\" alt=\"\" class=\"wp-image-15905\" srcset=\"https:\/\/www.modave.be\/wp-content\/uploads\/2025\/06\/Phase-2A-detail-1-1024x1024.png 1024w, https:\/\/www.modave.be\/wp-content\/uploads\/2025\/06\/Phase-2A-detail-1-300x300.png 300w, https:\/\/www.modave.be\/wp-content\/uploads\/2025\/06\/Phase-2A-detail-1-150x150.png 150w, https:\/\/www.modave.be\/wp-content\/uploads\/2025\/06\/Phase-2A-detail-1-768x768.png 768w, https:\/\/www.modave.be\/wp-content\/uploads\/2025\/06\/Phase-2A-detail-1.png 1080w\" sizes=\"(max-width: 1024px) 100vw, 1024px\" \/><\/figure>\n\n\n\n<figure class=\"wp-block-image size-large\"><img decoding=\"async\" width=\"1024\" height=\"1024\" data-id=\"15903\" src=\"https:\/\/www.modave.be\/wp-content\/uploads\/2025\/06\/Phase-2B-detail-1-1024x1024.png\" alt=\"\" class=\"wp-image-15903\" srcset=\"https:\/\/www.modave.be\/wp-content\/uploads\/2025\/06\/Phase-2B-detail-1-1024x1024.png 1024w, https:\/\/www.modave.be\/wp-content\/uploads\/2025\/06\/Phase-2B-detail-1-300x300.png 300w, https:\/\/www.modave.be\/wp-content\/uploads\/2025\/06\/Phase-2B-detail-1-150x150.png 150w, https:\/\/www.modave.be\/wp-content\/uploads\/2025\/06\/Phase-2B-detail-1-768x768.png 768w, https:\/\/www.modave.be\/wp-content\/uploads\/2025\/06\/Phase-2B-detail-1.png 1080w\" sizes=\"(max-width: 1024px) 100vw, 1024px\" \/><\/figure>\n\n\n\n<figure class=\"wp-block-image size-large\"><img loading=\"lazy\" decoding=\"async\" width=\"1024\" height=\"1024\" data-id=\"15904\" src=\"https:\/\/www.modave.be\/wp-content\/uploads\/2025\/06\/Phase-2C-detail-1-1024x1024.png\" alt=\"\" class=\"wp-image-15904\" srcset=\"https:\/\/www.modave.be\/wp-content\/uploads\/2025\/06\/Phase-2C-detail-1-1024x1024.png 1024w, https:\/\/www.modave.be\/wp-content\/uploads\/2025\/06\/Phase-2C-detail-1-300x300.png 300w, https:\/\/www.modave.be\/wp-content\/uploads\/2025\/06\/Phase-2C-detail-1-150x150.png 150w, https:\/\/www.modave.be\/wp-content\/uploads\/2025\/06\/Phase-2C-detail-1-768x768.png 768w, https:\/\/www.modave.be\/wp-content\/uploads\/2025\/06\/Phase-2C-detail-1.png 1080w\" sizes=\"(max-width: 1024px) 100vw, 1024px\" \/><\/figure>\n\n\n\n<figure class=\"wp-block-image size-large\"><img loading=\"lazy\" decoding=\"async\" width=\"1024\" height=\"1024\" data-id=\"15901\" src=\"https:\/\/www.modave.be\/wp-content\/uploads\/2025\/06\/Phase-3A-4-1024x1024.png\" alt=\"\" class=\"wp-image-15901\" srcset=\"https:\/\/www.modave.be\/wp-content\/uploads\/2025\/06\/Phase-3A-4-1024x1024.png 1024w, https:\/\/www.modave.be\/wp-content\/uploads\/2025\/06\/Phase-3A-4-300x300.png 300w, https:\/\/www.modave.be\/wp-content\/uploads\/2025\/06\/Phase-3A-4-150x150.png 150w, https:\/\/www.modave.be\/wp-content\/uploads\/2025\/06\/Phase-3A-4-768x768.png 768w, https:\/\/www.modave.be\/wp-content\/uploads\/2025\/06\/Phase-3A-4.png 1080w\" sizes=\"(max-width: 1024px) 100vw, 1024px\" \/><\/figure>\n\n\n\n<figure class=\"wp-block-image size-large\"><img loading=\"lazy\" decoding=\"async\" width=\"1024\" height=\"1024\" data-id=\"15902\" src=\"https:\/\/www.modave.be\/wp-content\/uploads\/2025\/06\/Phase-3B-4-1024x1024.png\" alt=\"\" class=\"wp-image-15902\" srcset=\"https:\/\/www.modave.be\/wp-content\/uploads\/2025\/06\/Phase-3B-4-1024x1024.png 1024w, https:\/\/www.modave.be\/wp-content\/uploads\/2025\/06\/Phase-3B-4-300x300.png 300w, https:\/\/www.modave.be\/wp-content\/uploads\/2025\/06\/Phase-3B-4-150x150.png 150w, https:\/\/www.modave.be\/wp-content\/uploads\/2025\/06\/Phase-3B-4-768x768.png 768w, https:\/\/www.modave.be\/wp-content\/uploads\/2025\/06\/Phase-3B-4.png 1080w\" sizes=\"(max-width: 1024px) 100vw, 1024px\" \/><\/figure>\n\n\n\n<figure class=\"wp-block-image size-large\"><img loading=\"lazy\" decoding=\"async\" width=\"1024\" height=\"1024\" data-id=\"15908\" src=\"https:\/\/www.modave.be\/wp-content\/uploads\/2025\/06\/Phase-3C-detail-1-1024x1024.png\" alt=\"\" class=\"wp-image-15908\" srcset=\"https:\/\/www.modave.be\/wp-content\/uploads\/2025\/06\/Phase-3C-detail-1-1024x1024.png 1024w, https:\/\/www.modave.be\/wp-content\/uploads\/2025\/06\/Phase-3C-detail-1-300x300.png 300w, https:\/\/www.modave.be\/wp-content\/uploads\/2025\/06\/Phase-3C-detail-1-150x150.png 150w, https:\/\/www.modave.be\/wp-content\/uploads\/2025\/06\/Phase-3C-detail-1-768x768.png 768w, https:\/\/www.modave.be\/wp-content\/uploads\/2025\/06\/Phase-3C-detail-1.png 1080w\" sizes=\"(max-width: 1024px) 100vw, 1024px\" \/><\/figure>\n<\/figure>\n","protected":false},"excerpt":{"rendered":"<p>Attention, les travaux ci-dessous initialement pr\u00e9vus \u00e0 partir du 16 juin sont finalement d\u00e9cal\u00e9s de quelques jours. Le chantier devrait d\u00e9buter autour du 18 ou 19 juin, en fonction des conditions sur le terrain. Merci pour votre compr\u00e9hension ! \u00c9t\u00e9 2025 | Modave se transforme ! | \u00c9tapes #1 Des travaux de r\u00e9novation des voiries&hellip;<\/p>\n","protected":false},"author":9,"featured_media":15877,"menu_order":0,"template":"","categories":[208],"class_list":["post-15864","services_communaux","type-services_communaux","status-publish","has-post-thumbnail","hentry","category-travaux","description-off"],"yoast_head":"<!-- This site is optimized with the Yoast SEO plugin v27.4 - https:\/\/yoast.com\/product\/yoast-seo-wordpress\/ -->\n<title>Travaux | \u00c9t\u00e9 | R\u00e9cap. - Commune de Modave<\/title>\n<meta name=\"robots\" content=\"index, follow, max-snippet:-1, max-image-preview:large, max-video-preview:-1\" \/>\n<link rel=\"canonical\" href=\"https:\/\/www.modave.be\/index.php\/services_communaux\/travaux-ete-recap\/\" \/>\n<meta property=\"og:locale\" content=\"fr_FR\" \/>\n<meta property=\"og:type\" content=\"article\" \/>\n<meta property=\"og:title\" content=\"Travaux | \u00c9t\u00e9 | R\u00e9cap. - Commune de Modave\" \/>\n<meta property=\"og:description\" content=\"Attention, les travaux ci-dessous initialement pr\u00e9vus \u00e0 partir du 16 juin sont finalement d\u00e9cal\u00e9s de quelques jours. Le chantier devrait d\u00e9buter autour du 18 ou 19 juin, en fonction des conditions sur le terrain. Merci pour votre compr\u00e9hension ! \u00c9t\u00e9 2025 | Modave se transforme ! | \u00c9tapes #1 Des travaux de r\u00e9novation des voiries&hellip;\" \/>\n<meta property=\"og:url\" content=\"https:\/\/www.modave.be\/index.php\/services_communaux\/travaux-ete-recap\/\" \/>\n<meta property=\"og:site_name\" content=\"Commune de Modave\" \/>\n<meta property=\"article:modified_time\" content=\"2025-06-17T08:29:50+00:00\" \/>\n<meta property=\"og:image\" content=\"https:\/\/www.modave.be\/wp-content\/uploads\/2025\/06\/illustration-e1750059304122.png\" \/>\n\t<meta property=\"og:image:width\" content=\"1080\" \/>\n\t<meta property=\"og:image:height\" content=\"540\" \/>\n\t<meta property=\"og:image:type\" content=\"image\/png\" \/>\n<meta name=\"twitter:card\" content=\"summary_large_image\" \/>\n<meta name=\"twitter:label1\" content=\"Dur\u00e9e de lecture estim\u00e9e\" \/>\n\t<meta name=\"twitter:data1\" content=\"3 minutes\" \/>\n<script type=\"application\/ld+json\" class=\"yoast-schema-graph\">{\"@context\":\"https:\\\/\\\/schema.org\",\"@graph\":[{\"@type\":\"WebPage\",\"@id\":\"https:\\\/\\\/www.modave.be\\\/index.php\\\/services_communaux\\\/travaux-ete-recap\\\/\",\"url\":\"https:\\\/\\\/www.modave.be\\\/index.php\\\/services_communaux\\\/travaux-ete-recap\\\/\",\"name\":\"Travaux | \u00c9t\u00e9 | R\u00e9cap. - Commune de Modave\",\"isPartOf\":{\"@id\":\"https:\\\/\\\/www.modave.be\\\/#website\"},\"primaryImageOfPage\":{\"@id\":\"https:\\\/\\\/www.modave.be\\\/index.php\\\/services_communaux\\\/travaux-ete-recap\\\/#primaryimage\"},\"image\":{\"@id\":\"https:\\\/\\\/www.modave.be\\\/index.php\\\/services_communaux\\\/travaux-ete-recap\\\/#primaryimage\"},\"thumbnailUrl\":\"https:\\\/\\\/www.modave.be\\\/wp-content\\\/uploads\\\/2025\\\/06\\\/illustration-e1750059304122.png\",\"datePublished\":\"2025-06-16T07:55:19+00:00\",\"dateModified\":\"2025-06-17T08:29:50+00:00\",\"breadcrumb\":{\"@id\":\"https:\\\/\\\/www.modave.be\\\/index.php\\\/services_communaux\\\/travaux-ete-recap\\\/#breadcrumb\"},\"inLanguage\":\"fr-FR\",\"potentialAction\":[{\"@type\":\"ReadAction\",\"target\":[\"https:\\\/\\\/www.modave.be\\\/index.php\\\/services_communaux\\\/travaux-ete-recap\\\/\"]}]},{\"@type\":\"ImageObject\",\"inLanguage\":\"fr-FR\",\"@id\":\"https:\\\/\\\/www.modave.be\\\/index.php\\\/services_communaux\\\/travaux-ete-recap\\\/#primaryimage\",\"url\":\"https:\\\/\\\/www.modave.be\\\/wp-content\\\/uploads\\\/2025\\\/06\\\/illustration-e1750059304122.png\",\"contentUrl\":\"https:\\\/\\\/www.modave.be\\\/wp-content\\\/uploads\\\/2025\\\/06\\\/illustration-e1750059304122.png\",\"width\":1080,\"height\":540},{\"@type\":\"BreadcrumbList\",\"@id\":\"https:\\\/\\\/www.modave.be\\\/index.php\\\/services_communaux\\\/travaux-ete-recap\\\/#breadcrumb\",\"itemListElement\":[{\"@type\":\"ListItem\",\"position\":1,\"name\":\"Accueil\",\"item\":\"https:\\\/\\\/www.modave.be\\\/\"},{\"@type\":\"ListItem\",\"position\":2,\"name\":\"Travaux | \u00c9t\u00e9 | R\u00e9cap.\"}]},{\"@type\":\"WebSite\",\"@id\":\"https:\\\/\\\/www.modave.be\\\/#website\",\"url\":\"https:\\\/\\\/www.modave.be\\\/\",\"name\":\"Commune de Modave\",\"description\":\"Commune de Modave\",\"publisher\":{\"@id\":\"https:\\\/\\\/www.modave.be\\\/#organization\"},\"potentialAction\":[{\"@type\":\"SearchAction\",\"target\":{\"@type\":\"EntryPoint\",\"urlTemplate\":\"https:\\\/\\\/www.modave.be\\\/?s={search_term_string}\"},\"query-input\":{\"@type\":\"PropertyValueSpecification\",\"valueRequired\":true,\"valueName\":\"search_term_string\"}}],\"inLanguage\":\"fr-FR\"},{\"@type\":\"Organization\",\"@id\":\"https:\\\/\\\/www.modave.be\\\/#organization\",\"name\":\"Commune de Modave\",\"url\":\"https:\\\/\\\/www.modave.be\\\/\",\"logo\":{\"@type\":\"ImageObject\",\"inLanguage\":\"fr-FR\",\"@id\":\"https:\\\/\\\/www.modave.be\\\/#\\\/schema\\\/logo\\\/image\\\/\",\"url\":\"https:\\\/\\\/www.modave.be\\\/wp-content\\\/uploads\\\/2021\\\/12\\\/MODAVE_LOGO_HORIZONTAL_QUADRI_RVB.png\",\"contentUrl\":\"https:\\\/\\\/www.modave.be\\\/wp-content\\\/uploads\\\/2021\\\/12\\\/MODAVE_LOGO_HORIZONTAL_QUADRI_RVB.png\",\"width\":1200,\"height\":501,\"caption\":\"Commune de Modave\"},\"image\":{\"@id\":\"https:\\\/\\\/www.modave.be\\\/#\\\/schema\\\/logo\\\/image\\\/\"}}]}<\/script>\n<!-- \/ Yoast SEO plugin. -->","yoast_head_json":{"title":"Travaux | \u00c9t\u00e9 | R\u00e9cap. - Commune de Modave","robots":{"index":"index","follow":"follow","max-snippet":"max-snippet:-1","max-image-preview":"max-image-preview:large","max-video-preview":"max-video-preview:-1"},"canonical":"https:\/\/www.modave.be\/index.php\/services_communaux\/travaux-ete-recap\/","og_locale":"fr_FR","og_type":"article","og_title":"Travaux | \u00c9t\u00e9 | R\u00e9cap. - Commune de Modave","og_description":"Attention, les travaux ci-dessous initialement pr\u00e9vus \u00e0 partir du 16 juin sont finalement d\u00e9cal\u00e9s de quelques jours. Le chantier devrait d\u00e9buter autour du 18 ou 19 juin, en fonction des conditions sur le terrain. Merci pour votre compr\u00e9hension ! \u00c9t\u00e9 2025 | Modave se transforme ! | \u00c9tapes #1 Des travaux de r\u00e9novation des voiries&hellip;","og_url":"https:\/\/www.modave.be\/index.php\/services_communaux\/travaux-ete-recap\/","og_site_name":"Commune de Modave","article_modified_time":"2025-06-17T08:29:50+00:00","og_image":[{"width":1080,"height":540,"url":"https:\/\/www.modave.be\/wp-content\/uploads\/2025\/06\/illustration-e1750059304122.png","type":"image\/png"}],"twitter_card":"summary_large_image","twitter_misc":{"Dur\u00e9e de lecture estim\u00e9e":"3 minutes"},"schema":{"@context":"https:\/\/schema.org","@graph":[{"@type":"WebPage","@id":"https:\/\/www.modave.be\/index.php\/services_communaux\/travaux-ete-recap\/","url":"https:\/\/www.modave.be\/index.php\/services_communaux\/travaux-ete-recap\/","name":"Travaux | \u00c9t\u00e9 | R\u00e9cap. - Commune de Modave","isPartOf":{"@id":"https:\/\/www.modave.be\/#website"},"primaryImageOfPage":{"@id":"https:\/\/www.modave.be\/index.php\/services_communaux\/travaux-ete-recap\/#primaryimage"},"image":{"@id":"https:\/\/www.modave.be\/index.php\/services_communaux\/travaux-ete-recap\/#primaryimage"},"thumbnailUrl":"https:\/\/www.modave.be\/wp-content\/uploads\/2025\/06\/illustration-e1750059304122.png","datePublished":"2025-06-16T07:55:19+00:00","dateModified":"2025-06-17T08:29:50+00:00","breadcrumb":{"@id":"https:\/\/www.modave.be\/index.php\/services_communaux\/travaux-ete-recap\/#breadcrumb"},"inLanguage":"fr-FR","potentialAction":[{"@type":"ReadAction","target":["https:\/\/www.modave.be\/index.php\/services_communaux\/travaux-ete-recap\/"]}]},{"@type":"ImageObject","inLanguage":"fr-FR","@id":"https:\/\/www.modave.be\/index.php\/services_communaux\/travaux-ete-recap\/#primaryimage","url":"https:\/\/www.modave.be\/wp-content\/uploads\/2025\/06\/illustration-e1750059304122.png","contentUrl":"https:\/\/www.modave.be\/wp-content\/uploads\/2025\/06\/illustration-e1750059304122.png","width":1080,"height":540},{"@type":"BreadcrumbList","@id":"https:\/\/www.modave.be\/index.php\/services_communaux\/travaux-ete-recap\/#breadcrumb","itemListElement":[{"@type":"ListItem","position":1,"name":"Accueil","item":"https:\/\/www.modave.be\/"},{"@type":"ListItem","position":2,"name":"Travaux | \u00c9t\u00e9 | R\u00e9cap."}]},{"@type":"WebSite","@id":"https:\/\/www.modave.be\/#website","url":"https:\/\/www.modave.be\/","name":"Commune de Modave","description":"Commune de Modave","publisher":{"@id":"https:\/\/www.modave.be\/#organization"},"potentialAction":[{"@type":"SearchAction","target":{"@type":"EntryPoint","urlTemplate":"https:\/\/www.modave.be\/?s={search_term_string}"},"query-input":{"@type":"PropertyValueSpecification","valueRequired":true,"valueName":"search_term_string"}}],"inLanguage":"fr-FR"},{"@type":"Organization","@id":"https:\/\/www.modave.be\/#organization","name":"Commune de Modave","url":"https:\/\/www.modave.be\/","logo":{"@type":"ImageObject","inLanguage":"fr-FR","@id":"https:\/\/www.modave.be\/#\/schema\/logo\/image\/","url":"https:\/\/www.modave.be\/wp-content\/uploads\/2021\/12\/MODAVE_LOGO_HORIZONTAL_QUADRI_RVB.png","contentUrl":"https:\/\/www.modave.be\/wp-content\/uploads\/2021\/12\/MODAVE_LOGO_HORIZONTAL_QUADRI_RVB.png","width":1200,"height":501,"caption":"Commune de Modave"},"image":{"@id":"https:\/\/www.modave.be\/#\/schema\/logo\/image\/"}}]}},"_links":{"self":[{"href":"https:\/\/www.modave.be\/index.php\/wp-json\/wp\/v2\/services_communaux\/15864","targetHints":{"allow":["GET"]}}],"collection":[{"href":"https:\/\/www.modave.be\/index.php\/wp-json\/wp\/v2\/services_communaux"}],"about":[{"href":"https:\/\/www.modave.be\/index.php\/wp-json\/wp\/v2\/types\/services_communaux"}],"author":[{"embeddable":true,"href":"https:\/\/www.modave.be\/index.php\/wp-json\/wp\/v2\/users\/9"}],"wp:featuredmedia":[{"embeddable":true,"href":"https:\/\/www.modave.be\/index.php\/wp-json\/wp\/v2\/media\/15877"}],"wp:attachment":[{"href":"https:\/\/www.modave.be\/index.php\/wp-json\/wp\/v2\/media?parent=15864"}],"wp:term":[{"taxonomy":"category","embeddable":true,"href":"https:\/\/www.modave.be\/index.php\/wp-json\/wp\/v2\/categories?post=15864"}],"curies":[{"name":"wp","href":"https:\/\/api.w.org\/{rel}","templated":true}]}}