{"id":15910,"date":"2025-06-17T11:04:48","date_gmt":"2025-06-17T09:04:48","guid":{"rendered":"https:\/\/www.modave.be\/?post_type=services_communaux&#038;p=15910"},"modified":"2025-06-17T11:04:49","modified_gmt":"2025-06-17T09:04:49","slug":"reunion-dinformation-prealable-projet-damenagement-a-stree","status":"publish","type":"services_communaux","link":"https:\/\/www.modave.be\/index.php\/services_communaux\/reunion-dinformation-prealable-projet-damenagement-a-stree\/","title":{"rendered":"R\u00e9union d\u2019information pr\u00e9alable | Projet d\u2019am\u00e9nagement \u00e0 Str\u00e9e"},"content":{"rendered":"\n<p>La population est cordialement invit\u00e9e \u00e0 participer \u00e0 une <strong>r\u00e9union d\u2019information pr\u00e9alable<\/strong> dans le cadre de l\u2019introduction d\u2019un <strong>permis unique<\/strong> pour l\u2019am\u00e9nagement d\u2019un site appartenant \u00e0 une soci\u00e9t\u00e9 de terrassement, situ\u00e9 <strong>Rue de la Charmille \u00e0 4577 Str\u00e9e<\/strong>.<\/p>\n\n\n\n<blockquote class=\"wp-block-quote is-layout-flow wp-block-quote-is-layout-flow\">\n<p><strong>Lieu :<\/strong> Salle Bois Rosine (rue Bois Rosine, 7 \u2013 4577 Str\u00e9e)<br><strong>Date :<\/strong> Lundi 23 juin 2025<br><strong>Heure : <\/strong>19h00<\/p>\n<\/blockquote>\n\n\n\n<h3 class=\"wp-block-heading\">Au programme :<\/h3>\n\n\n\n<ul class=\"wp-block-list\">\n<li><strong>Pr\u00e9sentation du projet<\/strong><\/li>\n\n\n\n<li><strong>S\u00e9ance de questions-r\u00e9ponses<\/strong><\/li>\n<\/ul>\n\n\n\n<p>Cette r\u00e9union a pour objectif de vous informer sur le projet, de recueillir vos remarques et de r\u00e9pondre \u00e0 vos interrogations. Votre pr\u00e9sence et votre participation sont importantes pour contribuer \u00e0 une r\u00e9flexion partag\u00e9e autour de l\u2019am\u00e9nagement du territoire local.<\/p>\n","protected":false},"excerpt":{"rendered":"<p>La population est cordialement invit\u00e9e \u00e0 participer \u00e0 une r\u00e9union d\u2019information pr\u00e9alable dans le cadre de l\u2019introduction d\u2019un permis unique pour l\u2019am\u00e9nagement d\u2019un site appartenant \u00e0 une soci\u00e9t\u00e9 de terrassement, situ\u00e9 Rue de la Charmille \u00e0 4577 Str\u00e9e. Lieu : Salle Bois Rosine (rue Bois Rosine, 7 \u2013 4577 Str\u00e9e)Date : Lundi 23 juin 2025Heure&hellip;<\/p>\n","protected":false},"author":9,"featured_media":15911,"menu_order":0,"template":"","categories":[166],"class_list":["post-15910","services_communaux","type-services_communaux","status-publish","has-post-thumbnail","hentry","category-service-communaux","description-off"],"yoast_head":"<!-- This site is optimized with the Yoast SEO plugin v27.4 - https:\/\/yoast.com\/product\/yoast-seo-wordpress\/ -->\n<title>R\u00e9union d\u2019information pr\u00e9alable | Projet d\u2019am\u00e9nagement \u00e0 Str\u00e9e - Commune de Modave<\/title>\n<meta name=\"robots\" content=\"index, follow, max-snippet:-1, max-image-preview:large, max-video-preview:-1\" \/>\n<link rel=\"canonical\" href=\"https:\/\/www.modave.be\/index.php\/services_communaux\/reunion-dinformation-prealable-projet-damenagement-a-stree\/\" \/>\n<meta property=\"og:locale\" content=\"fr_FR\" \/>\n<meta property=\"og:type\" content=\"article\" \/>\n<meta property=\"og:title\" content=\"R\u00e9union d\u2019information pr\u00e9alable | Projet d\u2019am\u00e9nagement \u00e0 Str\u00e9e - Commune de Modave\" \/>\n<meta property=\"og:description\" content=\"La population est cordialement invit\u00e9e \u00e0 participer \u00e0 une r\u00e9union d\u2019information pr\u00e9alable dans le cadre de l\u2019introduction d\u2019un permis unique pour l\u2019am\u00e9nagement d\u2019un site appartenant \u00e0 une soci\u00e9t\u00e9 de terrassement, situ\u00e9 Rue de la Charmille \u00e0 4577 Str\u00e9e. Lieu : Salle Bois Rosine (rue Bois Rosine, 7 \u2013 4577 Str\u00e9e)Date : Lundi 23 juin 2025Heure&hellip;\" \/>\n<meta property=\"og:url\" content=\"https:\/\/www.modave.be\/index.php\/services_communaux\/reunion-dinformation-prealable-projet-damenagement-a-stree\/\" \/>\n<meta property=\"og:site_name\" content=\"Commune de Modave\" \/>\n<meta property=\"article:modified_time\" content=\"2025-06-17T09:04:49+00:00\" \/>\n<meta property=\"og:image\" content=\"https:\/\/www.modave.be\/wp-content\/uploads\/2025\/06\/Commune-2025-6-scaled-e1750149310610.jpg\" \/>\n\t<meta property=\"og:image:width\" content=\"2560\" \/>\n\t<meta property=\"og:image:height\" content=\"1280\" \/>\n\t<meta property=\"og:image:type\" content=\"image\/jpeg\" \/>\n<meta name=\"twitter:card\" content=\"summary_large_image\" \/>\n<meta name=\"twitter:label1\" content=\"Dur\u00e9e de lecture estim\u00e9e\" \/>\n\t<meta name=\"twitter:data1\" content=\"1 minute\" \/>\n<script type=\"application\/ld+json\" class=\"yoast-schema-graph\">{\"@context\":\"https:\\\/\\\/schema.org\",\"@graph\":[{\"@type\":\"WebPage\",\"@id\":\"https:\\\/\\\/www.modave.be\\\/index.php\\\/services_communaux\\\/reunion-dinformation-prealable-projet-damenagement-a-stree\\\/\",\"url\":\"https:\\\/\\\/www.modave.be\\\/index.php\\\/services_communaux\\\/reunion-dinformation-prealable-projet-damenagement-a-stree\\\/\",\"name\":\"R\u00e9union d\u2019information pr\u00e9alable | Projet d\u2019am\u00e9nagement \u00e0 Str\u00e9e - Commune de Modave\",\"isPartOf\":{\"@id\":\"https:\\\/\\\/www.modave.be\\\/#website\"},\"primaryImageOfPage\":{\"@id\":\"https:\\\/\\\/www.modave.be\\\/index.php\\\/services_communaux\\\/reunion-dinformation-prealable-projet-damenagement-a-stree\\\/#primaryimage\"},\"image\":{\"@id\":\"https:\\\/\\\/www.modave.be\\\/index.php\\\/services_communaux\\\/reunion-dinformation-prealable-projet-damenagement-a-stree\\\/#primaryimage\"},\"thumbnailUrl\":\"https:\\\/\\\/www.modave.be\\\/wp-content\\\/uploads\\\/2025\\\/06\\\/Commune-2025-6-scaled-e1750149310610.jpg\",\"datePublished\":\"2025-06-17T09:04:48+00:00\",\"dateModified\":\"2025-06-17T09:04:49+00:00\",\"breadcrumb\":{\"@id\":\"https:\\\/\\\/www.modave.be\\\/index.php\\\/services_communaux\\\/reunion-dinformation-prealable-projet-damenagement-a-stree\\\/#breadcrumb\"},\"inLanguage\":\"fr-FR\",\"potentialAction\":[{\"@type\":\"ReadAction\",\"target\":[\"https:\\\/\\\/www.modave.be\\\/index.php\\\/services_communaux\\\/reunion-dinformation-prealable-projet-damenagement-a-stree\\\/\"]}]},{\"@type\":\"ImageObject\",\"inLanguage\":\"fr-FR\",\"@id\":\"https:\\\/\\\/www.modave.be\\\/index.php\\\/services_communaux\\\/reunion-dinformation-prealable-projet-damenagement-a-stree\\\/#primaryimage\",\"url\":\"https:\\\/\\\/www.modave.be\\\/wp-content\\\/uploads\\\/2025\\\/06\\\/Commune-2025-6-scaled-e1750149310610.jpg\",\"contentUrl\":\"https:\\\/\\\/www.modave.be\\\/wp-content\\\/uploads\\\/2025\\\/06\\\/Commune-2025-6-scaled-e1750149310610.jpg\",\"width\":2560,\"height\":1280},{\"@type\":\"BreadcrumbList\",\"@id\":\"https:\\\/\\\/www.modave.be\\\/index.php\\\/services_communaux\\\/reunion-dinformation-prealable-projet-damenagement-a-stree\\\/#breadcrumb\",\"itemListElement\":[{\"@type\":\"ListItem\",\"position\":1,\"name\":\"Accueil\",\"item\":\"https:\\\/\\\/www.modave.be\\\/\"},{\"@type\":\"ListItem\",\"position\":2,\"name\":\"R\u00e9union d\u2019information pr\u00e9alable | Projet d\u2019am\u00e9nagement \u00e0 Str\u00e9e\"}]},{\"@type\":\"WebSite\",\"@id\":\"https:\\\/\\\/www.modave.be\\\/#website\",\"url\":\"https:\\\/\\\/www.modave.be\\\/\",\"name\":\"Commune de Modave\",\"description\":\"Commune de Modave\",\"publisher\":{\"@id\":\"https:\\\/\\\/www.modave.be\\\/#organization\"},\"potentialAction\":[{\"@type\":\"SearchAction\",\"target\":{\"@type\":\"EntryPoint\",\"urlTemplate\":\"https:\\\/\\\/www.modave.be\\\/?s={search_term_string}\"},\"query-input\":{\"@type\":\"PropertyValueSpecification\",\"valueRequired\":true,\"valueName\":\"search_term_string\"}}],\"inLanguage\":\"fr-FR\"},{\"@type\":\"Organization\",\"@id\":\"https:\\\/\\\/www.modave.be\\\/#organization\",\"name\":\"Commune de Modave\",\"url\":\"https:\\\/\\\/www.modave.be\\\/\",\"logo\":{\"@type\":\"ImageObject\",\"inLanguage\":\"fr-FR\",\"@id\":\"https:\\\/\\\/www.modave.be\\\/#\\\/schema\\\/logo\\\/image\\\/\",\"url\":\"https:\\\/\\\/www.modave.be\\\/wp-content\\\/uploads\\\/2021\\\/12\\\/MODAVE_LOGO_HORIZONTAL_QUADRI_RVB.png\",\"contentUrl\":\"https:\\\/\\\/www.modave.be\\\/wp-content\\\/uploads\\\/2021\\\/12\\\/MODAVE_LOGO_HORIZONTAL_QUADRI_RVB.png\",\"width\":1200,\"height\":501,\"caption\":\"Commune de Modave\"},\"image\":{\"@id\":\"https:\\\/\\\/www.modave.be\\\/#\\\/schema\\\/logo\\\/image\\\/\"}}]}<\/script>\n<!-- \/ Yoast SEO plugin. -->","yoast_head_json":{"title":"R\u00e9union d\u2019information pr\u00e9alable | Projet d\u2019am\u00e9nagement \u00e0 Str\u00e9e - Commune de Modave","robots":{"index":"index","follow":"follow","max-snippet":"max-snippet:-1","max-image-preview":"max-image-preview:large","max-video-preview":"max-video-preview:-1"},"canonical":"https:\/\/www.modave.be\/index.php\/services_communaux\/reunion-dinformation-prealable-projet-damenagement-a-stree\/","og_locale":"fr_FR","og_type":"article","og_title":"R\u00e9union d\u2019information pr\u00e9alable | Projet d\u2019am\u00e9nagement \u00e0 Str\u00e9e - Commune de Modave","og_description":"La population est cordialement invit\u00e9e \u00e0 participer \u00e0 une r\u00e9union d\u2019information pr\u00e9alable dans le cadre de l\u2019introduction d\u2019un permis unique pour l\u2019am\u00e9nagement d\u2019un site appartenant \u00e0 une soci\u00e9t\u00e9 de terrassement, situ\u00e9 Rue de la Charmille \u00e0 4577 Str\u00e9e. Lieu : Salle Bois Rosine (rue Bois Rosine, 7 \u2013 4577 Str\u00e9e)Date : Lundi 23 juin 2025Heure&hellip;","og_url":"https:\/\/www.modave.be\/index.php\/services_communaux\/reunion-dinformation-prealable-projet-damenagement-a-stree\/","og_site_name":"Commune de Modave","article_modified_time":"2025-06-17T09:04:49+00:00","og_image":[{"width":2560,"height":1280,"url":"https:\/\/www.modave.be\/wp-content\/uploads\/2025\/06\/Commune-2025-6-scaled-e1750149310610.jpg","type":"image\/jpeg"}],"twitter_card":"summary_large_image","twitter_misc":{"Dur\u00e9e de lecture estim\u00e9e":"1 minute"},"schema":{"@context":"https:\/\/schema.org","@graph":[{"@type":"WebPage","@id":"https:\/\/www.modave.be\/index.php\/services_communaux\/reunion-dinformation-prealable-projet-damenagement-a-stree\/","url":"https:\/\/www.modave.be\/index.php\/services_communaux\/reunion-dinformation-prealable-projet-damenagement-a-stree\/","name":"R\u00e9union d\u2019information pr\u00e9alable | Projet d\u2019am\u00e9nagement \u00e0 Str\u00e9e - Commune de Modave","isPartOf":{"@id":"https:\/\/www.modave.be\/#website"},"primaryImageOfPage":{"@id":"https:\/\/www.modave.be\/index.php\/services_communaux\/reunion-dinformation-prealable-projet-damenagement-a-stree\/#primaryimage"},"image":{"@id":"https:\/\/www.modave.be\/index.php\/services_communaux\/reunion-dinformation-prealable-projet-damenagement-a-stree\/#primaryimage"},"thumbnailUrl":"https:\/\/www.modave.be\/wp-content\/uploads\/2025\/06\/Commune-2025-6-scaled-e1750149310610.jpg","datePublished":"2025-06-17T09:04:48+00:00","dateModified":"2025-06-17T09:04:49+00:00","breadcrumb":{"@id":"https:\/\/www.modave.be\/index.php\/services_communaux\/reunion-dinformation-prealable-projet-damenagement-a-stree\/#breadcrumb"},"inLanguage":"fr-FR","potentialAction":[{"@type":"ReadAction","target":["https:\/\/www.modave.be\/index.php\/services_communaux\/reunion-dinformation-prealable-projet-damenagement-a-stree\/"]}]},{"@type":"ImageObject","inLanguage":"fr-FR","@id":"https:\/\/www.modave.be\/index.php\/services_communaux\/reunion-dinformation-prealable-projet-damenagement-a-stree\/#primaryimage","url":"https:\/\/www.modave.be\/wp-content\/uploads\/2025\/06\/Commune-2025-6-scaled-e1750149310610.jpg","contentUrl":"https:\/\/www.modave.be\/wp-content\/uploads\/2025\/06\/Commune-2025-6-scaled-e1750149310610.jpg","width":2560,"height":1280},{"@type":"BreadcrumbList","@id":"https:\/\/www.modave.be\/index.php\/services_communaux\/reunion-dinformation-prealable-projet-damenagement-a-stree\/#breadcrumb","itemListElement":[{"@type":"ListItem","position":1,"name":"Accueil","item":"https:\/\/www.modave.be\/"},{"@type":"ListItem","position":2,"name":"R\u00e9union d\u2019information pr\u00e9alable | Projet d\u2019am\u00e9nagement \u00e0 Str\u00e9e"}]},{"@type":"WebSite","@id":"https:\/\/www.modave.be\/#website","url":"https:\/\/www.modave.be\/","name":"Commune de Modave","description":"Commune de Modave","publisher":{"@id":"https:\/\/www.modave.be\/#organization"},"potentialAction":[{"@type":"SearchAction","target":{"@type":"EntryPoint","urlTemplate":"https:\/\/www.modave.be\/?s={search_term_string}"},"query-input":{"@type":"PropertyValueSpecification","valueRequired":true,"valueName":"search_term_string"}}],"inLanguage":"fr-FR"},{"@type":"Organization","@id":"https:\/\/www.modave.be\/#organization","name":"Commune de Modave","url":"https:\/\/www.modave.be\/","logo":{"@type":"ImageObject","inLanguage":"fr-FR","@id":"https:\/\/www.modave.be\/#\/schema\/logo\/image\/","url":"https:\/\/www.modave.be\/wp-content\/uploads\/2021\/12\/MODAVE_LOGO_HORIZONTAL_QUADRI_RVB.png","contentUrl":"https:\/\/www.modave.be\/wp-content\/uploads\/2021\/12\/MODAVE_LOGO_HORIZONTAL_QUADRI_RVB.png","width":1200,"height":501,"caption":"Commune de Modave"},"image":{"@id":"https:\/\/www.modave.be\/#\/schema\/logo\/image\/"}}]}},"_links":{"self":[{"href":"https:\/\/www.modave.be\/index.php\/wp-json\/wp\/v2\/services_communaux\/15910","targetHints":{"allow":["GET"]}}],"collection":[{"href":"https:\/\/www.modave.be\/index.php\/wp-json\/wp\/v2\/services_communaux"}],"about":[{"href":"https:\/\/www.modave.be\/index.php\/wp-json\/wp\/v2\/types\/services_communaux"}],"author":[{"embeddable":true,"href":"https:\/\/www.modave.be\/index.php\/wp-json\/wp\/v2\/users\/9"}],"wp:featuredmedia":[{"embeddable":true,"href":"https:\/\/www.modave.be\/index.php\/wp-json\/wp\/v2\/media\/15911"}],"wp:attachment":[{"href":"https:\/\/www.modave.be\/index.php\/wp-json\/wp\/v2\/media?parent=15910"}],"wp:term":[{"taxonomy":"category","embeddable":true,"href":"https:\/\/www.modave.be\/index.php\/wp-json\/wp\/v2\/categories?post=15910"}],"curies":[{"name":"wp","href":"https:\/\/api.w.org\/{rel}","templated":true}]}}