{"id":15962,"date":"2025-06-25T11:59:14","date_gmt":"2025-06-25T09:59:14","guid":{"rendered":"https:\/\/www.modave.be\/?post_type=services_communaux&#038;p=15962"},"modified":"2025-06-25T11:59:15","modified_gmt":"2025-06-25T09:59:15","slug":"5e-edition-du-prix-des-acteurs-de-la-transition-ecologique-et-alimentaire","status":"publish","type":"services_communaux","link":"https:\/\/www.modave.be\/index.php\/services_communaux\/5e-edition-du-prix-des-acteurs-de-la-transition-ecologique-et-alimentaire\/","title":{"rendered":"5e \u00e9dition du Prix des Acteurs de la Transition Ecologique et Alimentaire"},"content":{"rendered":"\n<h2 class=\"wp-block-heading\"><strong>La Province de Li\u00e8ge lance la 5e \u00e9dition du Prix des Acteurs de la Transition Ecologique et Alimentaire (PATEA).<\/strong><\/h2>\n\n\n\n<p><em>Ce sont les initiatives locales qui dessinent les solutions globales. Et si la v\u00f4tre en faisait partie ?<\/em><\/p>\n\n\n\n<p>Ce concours r\u00e9compense les projets men\u00e9s sur le territoire provincial qui participent \u00e0 l\u2019une (ou plusieurs) des grandes transitions actuelles :<\/p>\n\n\n\n<ul class=\"wp-block-list\">\n<li>Alimentaire<\/li>\n\n\n\n<li>Ecologique<\/li>\n\n\n\n<li>Energ\u00e9tique<\/li>\n<\/ul>\n\n\n\n<p>Jusqu\u2019\u00e0 20 000 euros de prix \u00e0 r\u00e9partir entre 4 laur\u00e9ats maximum (soit 5 000 euros minimum par projet s\u00e9lectionn\u00e9).<\/p>\n\n\n\n<p class=\"has-text-color has-link-color wp-elements-869744e0f337d4980329fb370a53a7dc\" style=\"color:#ff0000\">Vous avez jusqu\u2019au 15 septembre 2025 \u00e0 minuit pour d\u00e9poser votre candidature. Ne ratez pas cette occasion de faire conna\u00eetre votre projet et de b\u00e9n\u00e9ficier d\u2019une mise en lumi\u00e8re par la Province de Li\u00e8ge.<\/p>\n\n\n\n<blockquote class=\"wp-block-quote is-layout-flow wp-block-quote-is-layout-flow\">\n<p>Formulaire et infos pratiques : <a class=\"\" href=\"http:\/\/www.provincedeliege.be\">www.provincedeliege.be<\/a><br>Envoi des candidatures : <a>prixprovincial@provincedeliege.be<\/a><br>Contact : 04 279 68 77<\/p>\n<\/blockquote>\n\n\n\n<p>Un beau coup de pouce pour celles et ceux qui font bouger les choses !<\/p>\n\n\n\n<figure class=\"wp-block-image size-large\"><img fetchpriority=\"high\" decoding=\"async\" width=\"1024\" height=\"1024\" src=\"https:\/\/www.modave.be\/wp-content\/uploads\/2025\/06\/patea-1024x1024.png\" alt=\"\" class=\"wp-image-15965\" srcset=\"https:\/\/www.modave.be\/wp-content\/uploads\/2025\/06\/patea-1024x1024.png 1024w, https:\/\/www.modave.be\/wp-content\/uploads\/2025\/06\/patea-300x300.png 300w, https:\/\/www.modave.be\/wp-content\/uploads\/2025\/06\/patea-150x150.png 150w, https:\/\/www.modave.be\/wp-content\/uploads\/2025\/06\/patea-768x768.png 768w, https:\/\/www.modave.be\/wp-content\/uploads\/2025\/06\/patea.png 1080w\" sizes=\"(max-width: 1024px) 100vw, 1024px\" \/><\/figure>\n","protected":false},"excerpt":{"rendered":"<p>La Province de Li\u00e8ge lance la 5e \u00e9dition du Prix des Acteurs de la Transition Ecologique et Alimentaire (PATEA). Ce sont les initiatives locales qui dessinent les solutions globales. Et si la v\u00f4tre en faisait partie ? Ce concours r\u00e9compense les projets men\u00e9s sur le territoire provincial qui participent \u00e0 l\u2019une (ou plusieurs) des grandes&hellip;<\/p>\n","protected":false},"author":9,"featured_media":15963,"menu_order":0,"template":"","categories":[197,199,208],"class_list":["post-15962","services_communaux","type-services_communaux","status-publish","has-post-thumbnail","hentry","category-cimetieres_concessions","category-environnement","category-travaux","description-off"],"yoast_head":"<!-- This site is optimized with the Yoast SEO plugin v27.4 - https:\/\/yoast.com\/product\/yoast-seo-wordpress\/ -->\n<title>5e \u00e9dition du Prix des Acteurs de la Transition Ecologique et Alimentaire - Commune de Modave<\/title>\n<meta name=\"robots\" content=\"index, follow, max-snippet:-1, max-image-preview:large, max-video-preview:-1\" \/>\n<link rel=\"canonical\" href=\"https:\/\/www.modave.be\/index.php\/services_communaux\/5e-edition-du-prix-des-acteurs-de-la-transition-ecologique-et-alimentaire\/\" \/>\n<meta property=\"og:locale\" content=\"fr_FR\" \/>\n<meta property=\"og:type\" content=\"article\" \/>\n<meta property=\"og:title\" content=\"5e \u00e9dition du Prix des Acteurs de la Transition Ecologique et Alimentaire - Commune de Modave\" \/>\n<meta property=\"og:description\" content=\"La Province de Li\u00e8ge lance la 5e \u00e9dition du Prix des Acteurs de la Transition Ecologique et Alimentaire (PATEA). Ce sont les initiatives locales qui dessinent les solutions globales. Et si la v\u00f4tre en faisait partie ? Ce concours r\u00e9compense les projets men\u00e9s sur le territoire provincial qui participent \u00e0 l\u2019une (ou plusieurs) des grandes&hellip;\" \/>\n<meta property=\"og:url\" content=\"https:\/\/www.modave.be\/index.php\/services_communaux\/5e-edition-du-prix-des-acteurs-de-la-transition-ecologique-et-alimentaire\/\" \/>\n<meta property=\"og:site_name\" content=\"Commune de Modave\" \/>\n<meta property=\"article:modified_time\" content=\"2025-06-25T09:59:15+00:00\" \/>\n<meta property=\"og:image\" content=\"https:\/\/www.modave.be\/wp-content\/uploads\/2025\/06\/IMG-20250522-WA0007-e1750845456266.jpg\" \/>\n\t<meta property=\"og:image:width\" content=\"1595\" \/>\n\t<meta property=\"og:image:height\" content=\"797\" \/>\n\t<meta property=\"og:image:type\" content=\"image\/jpeg\" \/>\n<meta name=\"twitter:card\" content=\"summary_large_image\" \/>\n<meta name=\"twitter:label1\" content=\"Dur\u00e9e de lecture estim\u00e9e\" \/>\n\t<meta name=\"twitter:data1\" content=\"1 minute\" \/>\n<script type=\"application\/ld+json\" class=\"yoast-schema-graph\">{\"@context\":\"https:\\\/\\\/schema.org\",\"@graph\":[{\"@type\":\"WebPage\",\"@id\":\"https:\\\/\\\/www.modave.be\\\/index.php\\\/services_communaux\\\/5e-edition-du-prix-des-acteurs-de-la-transition-ecologique-et-alimentaire\\\/\",\"url\":\"https:\\\/\\\/www.modave.be\\\/index.php\\\/services_communaux\\\/5e-edition-du-prix-des-acteurs-de-la-transition-ecologique-et-alimentaire\\\/\",\"name\":\"5e \u00e9dition du Prix des Acteurs de la Transition Ecologique et Alimentaire - Commune de Modave\",\"isPartOf\":{\"@id\":\"https:\\\/\\\/www.modave.be\\\/#website\"},\"primaryImageOfPage\":{\"@id\":\"https:\\\/\\\/www.modave.be\\\/index.php\\\/services_communaux\\\/5e-edition-du-prix-des-acteurs-de-la-transition-ecologique-et-alimentaire\\\/#primaryimage\"},\"image\":{\"@id\":\"https:\\\/\\\/www.modave.be\\\/index.php\\\/services_communaux\\\/5e-edition-du-prix-des-acteurs-de-la-transition-ecologique-et-alimentaire\\\/#primaryimage\"},\"thumbnailUrl\":\"https:\\\/\\\/www.modave.be\\\/wp-content\\\/uploads\\\/2025\\\/06\\\/IMG-20250522-WA0007-e1750845456266.jpg\",\"datePublished\":\"2025-06-25T09:59:14+00:00\",\"dateModified\":\"2025-06-25T09:59:15+00:00\",\"breadcrumb\":{\"@id\":\"https:\\\/\\\/www.modave.be\\\/index.php\\\/services_communaux\\\/5e-edition-du-prix-des-acteurs-de-la-transition-ecologique-et-alimentaire\\\/#breadcrumb\"},\"inLanguage\":\"fr-FR\",\"potentialAction\":[{\"@type\":\"ReadAction\",\"target\":[\"https:\\\/\\\/www.modave.be\\\/index.php\\\/services_communaux\\\/5e-edition-du-prix-des-acteurs-de-la-transition-ecologique-et-alimentaire\\\/\"]}]},{\"@type\":\"ImageObject\",\"inLanguage\":\"fr-FR\",\"@id\":\"https:\\\/\\\/www.modave.be\\\/index.php\\\/services_communaux\\\/5e-edition-du-prix-des-acteurs-de-la-transition-ecologique-et-alimentaire\\\/#primaryimage\",\"url\":\"https:\\\/\\\/www.modave.be\\\/wp-content\\\/uploads\\\/2025\\\/06\\\/IMG-20250522-WA0007-e1750845456266.jpg\",\"contentUrl\":\"https:\\\/\\\/www.modave.be\\\/wp-content\\\/uploads\\\/2025\\\/06\\\/IMG-20250522-WA0007-e1750845456266.jpg\",\"width\":1595,\"height\":797},{\"@type\":\"BreadcrumbList\",\"@id\":\"https:\\\/\\\/www.modave.be\\\/index.php\\\/services_communaux\\\/5e-edition-du-prix-des-acteurs-de-la-transition-ecologique-et-alimentaire\\\/#breadcrumb\",\"itemListElement\":[{\"@type\":\"ListItem\",\"position\":1,\"name\":\"Accueil\",\"item\":\"https:\\\/\\\/www.modave.be\\\/\"},{\"@type\":\"ListItem\",\"position\":2,\"name\":\"5e \u00e9dition du Prix des Acteurs de la Transition Ecologique et Alimentaire\"}]},{\"@type\":\"WebSite\",\"@id\":\"https:\\\/\\\/www.modave.be\\\/#website\",\"url\":\"https:\\\/\\\/www.modave.be\\\/\",\"name\":\"Commune de Modave\",\"description\":\"Commune de Modave\",\"publisher\":{\"@id\":\"https:\\\/\\\/www.modave.be\\\/#organization\"},\"potentialAction\":[{\"@type\":\"SearchAction\",\"target\":{\"@type\":\"EntryPoint\",\"urlTemplate\":\"https:\\\/\\\/www.modave.be\\\/?s={search_term_string}\"},\"query-input\":{\"@type\":\"PropertyValueSpecification\",\"valueRequired\":true,\"valueName\":\"search_term_string\"}}],\"inLanguage\":\"fr-FR\"},{\"@type\":\"Organization\",\"@id\":\"https:\\\/\\\/www.modave.be\\\/#organization\",\"name\":\"Commune de Modave\",\"url\":\"https:\\\/\\\/www.modave.be\\\/\",\"logo\":{\"@type\":\"ImageObject\",\"inLanguage\":\"fr-FR\",\"@id\":\"https:\\\/\\\/www.modave.be\\\/#\\\/schema\\\/logo\\\/image\\\/\",\"url\":\"https:\\\/\\\/www.modave.be\\\/wp-content\\\/uploads\\\/2021\\\/12\\\/MODAVE_LOGO_HORIZONTAL_QUADRI_RVB.png\",\"contentUrl\":\"https:\\\/\\\/www.modave.be\\\/wp-content\\\/uploads\\\/2021\\\/12\\\/MODAVE_LOGO_HORIZONTAL_QUADRI_RVB.png\",\"width\":1200,\"height\":501,\"caption\":\"Commune de Modave\"},\"image\":{\"@id\":\"https:\\\/\\\/www.modave.be\\\/#\\\/schema\\\/logo\\\/image\\\/\"}}]}<\/script>\n<!-- \/ Yoast SEO plugin. -->","yoast_head_json":{"title":"5e \u00e9dition du Prix des Acteurs de la Transition Ecologique et Alimentaire - Commune de Modave","robots":{"index":"index","follow":"follow","max-snippet":"max-snippet:-1","max-image-preview":"max-image-preview:large","max-video-preview":"max-video-preview:-1"},"canonical":"https:\/\/www.modave.be\/index.php\/services_communaux\/5e-edition-du-prix-des-acteurs-de-la-transition-ecologique-et-alimentaire\/","og_locale":"fr_FR","og_type":"article","og_title":"5e \u00e9dition du Prix des Acteurs de la Transition Ecologique et Alimentaire - Commune de Modave","og_description":"La Province de Li\u00e8ge lance la 5e \u00e9dition du Prix des Acteurs de la Transition Ecologique et Alimentaire (PATEA). Ce sont les initiatives locales qui dessinent les solutions globales. Et si la v\u00f4tre en faisait partie ? Ce concours r\u00e9compense les projets men\u00e9s sur le territoire provincial qui participent \u00e0 l\u2019une (ou plusieurs) des grandes&hellip;","og_url":"https:\/\/www.modave.be\/index.php\/services_communaux\/5e-edition-du-prix-des-acteurs-de-la-transition-ecologique-et-alimentaire\/","og_site_name":"Commune de Modave","article_modified_time":"2025-06-25T09:59:15+00:00","og_image":[{"width":1595,"height":797,"url":"https:\/\/www.modave.be\/wp-content\/uploads\/2025\/06\/IMG-20250522-WA0007-e1750845456266.jpg","type":"image\/jpeg"}],"twitter_card":"summary_large_image","twitter_misc":{"Dur\u00e9e de lecture estim\u00e9e":"1 minute"},"schema":{"@context":"https:\/\/schema.org","@graph":[{"@type":"WebPage","@id":"https:\/\/www.modave.be\/index.php\/services_communaux\/5e-edition-du-prix-des-acteurs-de-la-transition-ecologique-et-alimentaire\/","url":"https:\/\/www.modave.be\/index.php\/services_communaux\/5e-edition-du-prix-des-acteurs-de-la-transition-ecologique-et-alimentaire\/","name":"5e \u00e9dition du Prix des Acteurs de la Transition Ecologique et Alimentaire - Commune de Modave","isPartOf":{"@id":"https:\/\/www.modave.be\/#website"},"primaryImageOfPage":{"@id":"https:\/\/www.modave.be\/index.php\/services_communaux\/5e-edition-du-prix-des-acteurs-de-la-transition-ecologique-et-alimentaire\/#primaryimage"},"image":{"@id":"https:\/\/www.modave.be\/index.php\/services_communaux\/5e-edition-du-prix-des-acteurs-de-la-transition-ecologique-et-alimentaire\/#primaryimage"},"thumbnailUrl":"https:\/\/www.modave.be\/wp-content\/uploads\/2025\/06\/IMG-20250522-WA0007-e1750845456266.jpg","datePublished":"2025-06-25T09:59:14+00:00","dateModified":"2025-06-25T09:59:15+00:00","breadcrumb":{"@id":"https:\/\/www.modave.be\/index.php\/services_communaux\/5e-edition-du-prix-des-acteurs-de-la-transition-ecologique-et-alimentaire\/#breadcrumb"},"inLanguage":"fr-FR","potentialAction":[{"@type":"ReadAction","target":["https:\/\/www.modave.be\/index.php\/services_communaux\/5e-edition-du-prix-des-acteurs-de-la-transition-ecologique-et-alimentaire\/"]}]},{"@type":"ImageObject","inLanguage":"fr-FR","@id":"https:\/\/www.modave.be\/index.php\/services_communaux\/5e-edition-du-prix-des-acteurs-de-la-transition-ecologique-et-alimentaire\/#primaryimage","url":"https:\/\/www.modave.be\/wp-content\/uploads\/2025\/06\/IMG-20250522-WA0007-e1750845456266.jpg","contentUrl":"https:\/\/www.modave.be\/wp-content\/uploads\/2025\/06\/IMG-20250522-WA0007-e1750845456266.jpg","width":1595,"height":797},{"@type":"BreadcrumbList","@id":"https:\/\/www.modave.be\/index.php\/services_communaux\/5e-edition-du-prix-des-acteurs-de-la-transition-ecologique-et-alimentaire\/#breadcrumb","itemListElement":[{"@type":"ListItem","position":1,"name":"Accueil","item":"https:\/\/www.modave.be\/"},{"@type":"ListItem","position":2,"name":"5e \u00e9dition du Prix des Acteurs de la Transition Ecologique et Alimentaire"}]},{"@type":"WebSite","@id":"https:\/\/www.modave.be\/#website","url":"https:\/\/www.modave.be\/","name":"Commune de Modave","description":"Commune de Modave","publisher":{"@id":"https:\/\/www.modave.be\/#organization"},"potentialAction":[{"@type":"SearchAction","target":{"@type":"EntryPoint","urlTemplate":"https:\/\/www.modave.be\/?s={search_term_string}"},"query-input":{"@type":"PropertyValueSpecification","valueRequired":true,"valueName":"search_term_string"}}],"inLanguage":"fr-FR"},{"@type":"Organization","@id":"https:\/\/www.modave.be\/#organization","name":"Commune de Modave","url":"https:\/\/www.modave.be\/","logo":{"@type":"ImageObject","inLanguage":"fr-FR","@id":"https:\/\/www.modave.be\/#\/schema\/logo\/image\/","url":"https:\/\/www.modave.be\/wp-content\/uploads\/2021\/12\/MODAVE_LOGO_HORIZONTAL_QUADRI_RVB.png","contentUrl":"https:\/\/www.modave.be\/wp-content\/uploads\/2021\/12\/MODAVE_LOGO_HORIZONTAL_QUADRI_RVB.png","width":1200,"height":501,"caption":"Commune de Modave"},"image":{"@id":"https:\/\/www.modave.be\/#\/schema\/logo\/image\/"}}]}},"_links":{"self":[{"href":"https:\/\/www.modave.be\/index.php\/wp-json\/wp\/v2\/services_communaux\/15962","targetHints":{"allow":["GET"]}}],"collection":[{"href":"https:\/\/www.modave.be\/index.php\/wp-json\/wp\/v2\/services_communaux"}],"about":[{"href":"https:\/\/www.modave.be\/index.php\/wp-json\/wp\/v2\/types\/services_communaux"}],"author":[{"embeddable":true,"href":"https:\/\/www.modave.be\/index.php\/wp-json\/wp\/v2\/users\/9"}],"wp:featuredmedia":[{"embeddable":true,"href":"https:\/\/www.modave.be\/index.php\/wp-json\/wp\/v2\/media\/15963"}],"wp:attachment":[{"href":"https:\/\/www.modave.be\/index.php\/wp-json\/wp\/v2\/media?parent=15962"}],"wp:term":[{"taxonomy":"category","embeddable":true,"href":"https:\/\/www.modave.be\/index.php\/wp-json\/wp\/v2\/categories?post=15962"}],"curies":[{"name":"wp","href":"https:\/\/api.w.org\/{rel}","templated":true}]}}