{"id":16005,"date":"2025-07-01T11:00:53","date_gmt":"2025-07-01T09:00:53","guid":{"rendered":"https:\/\/www.modave.be\/?post_type=services_communaux&#038;p=16005"},"modified":"2025-07-01T11:19:21","modified_gmt":"2025-07-01T09:19:21","slug":"les-jardinieres-se-vident-et-ce-nest-pas-le-vent","status":"publish","type":"services_communaux","link":"https:\/\/www.modave.be\/index.php\/services_communaux\/les-jardinieres-se-vident-et-ce-nest-pas-le-vent\/","title":{"rendered":"Nos jardini\u00e8res se vident\u2026 et ce n\u2019est pas le vent"},"content":{"rendered":"\n<h2 class=\"wp-block-heading\">D<strong>es plants disparaissent de nos jardini\u00e8res<\/strong><\/h2>\n\n\n\n<p>Ce matin, pour la seconde fois, nous constatons la disparition d\u2019une dizaine de plants soigneusement install\u00e9s par nos services aux abords de l\u2019Administration communale.<\/p>\n\n\n\n<p>Nous comprenons que nos am\u00e9nagements soient appr\u00e9ci\u00e9s, mais rappelons-le :<strong> les fleurs plant\u00e9es dans l\u2019espace public ne sont pas \u00e0 emporter<\/strong>. Elles sont l\u00e0 pour cr\u00e9er du lien, de la couleur, du bien-\u00eatre commun.<\/p>\n\n\n\n<blockquote class=\"wp-block-quote is-layout-flow wp-block-quote-is-layout-flow\">\n<p><em>Elles \u00e9taient bien l\u00e0. Vraiment. Pas besoin de les sauver.<\/em><\/p>\n<\/blockquote>\n\n\n\n<p><strong>Un grand merci \u00e0 celles et ceux qui admirent sans cueillir et qui respectent le travail de nos \u00e9quipes communales, qui plantent, arrosent, entretiennent et embellissent nos rues.<\/strong><\/p>\n\n\n\n<figure class=\"wp-block-gallery has-nested-images columns-default is-cropped wp-block-gallery-1 is-layout-flex wp-block-gallery-is-layout-flex\">\n<figure class=\"wp-block-image size-large\"><img fetchpriority=\"high\" decoding=\"async\" width=\"1024\" height=\"768\" data-id=\"16010\" src=\"https:\/\/www.modave.be\/wp-content\/uploads\/2025\/07\/IMG-20250701-WA0001-1-1024x768.jpg\" alt=\"\" class=\"wp-image-16010\" srcset=\"https:\/\/www.modave.be\/wp-content\/uploads\/2025\/07\/IMG-20250701-WA0001-1-1024x768.jpg 1024w, https:\/\/www.modave.be\/wp-content\/uploads\/2025\/07\/IMG-20250701-WA0001-1-300x225.jpg 300w, https:\/\/www.modave.be\/wp-content\/uploads\/2025\/07\/IMG-20250701-WA0001-1-768x576.jpg 768w, https:\/\/www.modave.be\/wp-content\/uploads\/2025\/07\/IMG-20250701-WA0001-1-1536x1152.jpg 1536w, https:\/\/www.modave.be\/wp-content\/uploads\/2025\/07\/IMG-20250701-WA0001-1.jpg 1600w\" sizes=\"(max-width: 1024px) 100vw, 1024px\" \/><\/figure>\n\n\n\n<figure class=\"wp-block-image size-large\"><img decoding=\"async\" width=\"768\" height=\"1024\" data-id=\"16009\" src=\"https:\/\/www.modave.be\/wp-content\/uploads\/2025\/07\/IMG-20250701-WA0002-768x1024.jpg\" alt=\"\" class=\"wp-image-16009\" srcset=\"https:\/\/www.modave.be\/wp-content\/uploads\/2025\/07\/IMG-20250701-WA0002-768x1024.jpg 768w, https:\/\/www.modave.be\/wp-content\/uploads\/2025\/07\/IMG-20250701-WA0002-225x300.jpg 225w, https:\/\/www.modave.be\/wp-content\/uploads\/2025\/07\/IMG-20250701-WA0002-1152x1536.jpg 1152w, https:\/\/www.modave.be\/wp-content\/uploads\/2025\/07\/IMG-20250701-WA0002.jpg 1200w\" sizes=\"(max-width: 768px) 100vw, 768px\" \/><\/figure>\n<\/figure>\n","protected":false},"excerpt":{"rendered":"<p>Des plants disparaissent de nos jardini\u00e8res Ce matin, pour la seconde fois, nous constatons la disparition d\u2019une dizaine de plants soigneusement install\u00e9s par nos services aux abords de l\u2019Administration communale. Nous comprenons que nos am\u00e9nagements soient appr\u00e9ci\u00e9s, mais rappelons-le : les fleurs plant\u00e9es dans l\u2019espace public ne sont pas \u00e0 emporter. Elles sont l\u00e0 pour&hellip;<\/p>\n","protected":false},"author":9,"featured_media":16006,"menu_order":0,"template":"","categories":[197,199,208],"class_list":["post-16005","services_communaux","type-services_communaux","status-publish","has-post-thumbnail","hentry","category-cimetieres_concessions","category-environnement","category-travaux","description-off"],"yoast_head":"<!-- This site is optimized with the Yoast SEO plugin v27.4 - https:\/\/yoast.com\/product\/yoast-seo-wordpress\/ -->\n<title>Nos jardini\u00e8res se vident\u2026 et ce n\u2019est pas le vent - Commune de Modave<\/title>\n<meta name=\"robots\" content=\"index, follow, max-snippet:-1, max-image-preview:large, max-video-preview:-1\" \/>\n<link rel=\"canonical\" href=\"https:\/\/www.modave.be\/index.php\/services_communaux\/les-jardinieres-se-vident-et-ce-nest-pas-le-vent\/\" \/>\n<meta property=\"og:locale\" content=\"fr_FR\" \/>\n<meta property=\"og:type\" content=\"article\" \/>\n<meta property=\"og:title\" content=\"Nos jardini\u00e8res se vident\u2026 et ce n\u2019est pas le vent - Commune de Modave\" \/>\n<meta property=\"og:description\" content=\"Des plants disparaissent de nos jardini\u00e8res Ce matin, pour la seconde fois, nous constatons la disparition d\u2019une dizaine de plants soigneusement install\u00e9s par nos services aux abords de l\u2019Administration communale. Nous comprenons que nos am\u00e9nagements soient appr\u00e9ci\u00e9s, mais rappelons-le : les fleurs plant\u00e9es dans l\u2019espace public ne sont pas \u00e0 emporter. Elles sont l\u00e0 pour&hellip;\" \/>\n<meta property=\"og:url\" content=\"https:\/\/www.modave.be\/index.php\/services_communaux\/les-jardinieres-se-vident-et-ce-nest-pas-le-vent\/\" \/>\n<meta property=\"og:site_name\" content=\"Commune de Modave\" \/>\n<meta property=\"article:modified_time\" content=\"2025-07-01T09:19:21+00:00\" \/>\n<meta property=\"og:image\" content=\"https:\/\/www.modave.be\/wp-content\/uploads\/2025\/07\/IMG-20250701-WA0001-e1751360139629.jpg\" \/>\n\t<meta property=\"og:image:width\" content=\"1600\" \/>\n\t<meta property=\"og:image:height\" content=\"800\" \/>\n\t<meta property=\"og:image:type\" content=\"image\/jpeg\" \/>\n<meta name=\"twitter:card\" content=\"summary_large_image\" \/>\n<meta name=\"twitter:label1\" content=\"Dur\u00e9e de lecture estim\u00e9e\" \/>\n\t<meta name=\"twitter:data1\" content=\"1 minute\" \/>\n<script type=\"application\/ld+json\" class=\"yoast-schema-graph\">{\"@context\":\"https:\\\/\\\/schema.org\",\"@graph\":[{\"@type\":\"WebPage\",\"@id\":\"https:\\\/\\\/www.modave.be\\\/index.php\\\/services_communaux\\\/les-jardinieres-se-vident-et-ce-nest-pas-le-vent\\\/\",\"url\":\"https:\\\/\\\/www.modave.be\\\/index.php\\\/services_communaux\\\/les-jardinieres-se-vident-et-ce-nest-pas-le-vent\\\/\",\"name\":\"Nos jardini\u00e8res se vident\u2026 et ce n\u2019est pas le vent - Commune de Modave\",\"isPartOf\":{\"@id\":\"https:\\\/\\\/www.modave.be\\\/#website\"},\"primaryImageOfPage\":{\"@id\":\"https:\\\/\\\/www.modave.be\\\/index.php\\\/services_communaux\\\/les-jardinieres-se-vident-et-ce-nest-pas-le-vent\\\/#primaryimage\"},\"image\":{\"@id\":\"https:\\\/\\\/www.modave.be\\\/index.php\\\/services_communaux\\\/les-jardinieres-se-vident-et-ce-nest-pas-le-vent\\\/#primaryimage\"},\"thumbnailUrl\":\"https:\\\/\\\/www.modave.be\\\/wp-content\\\/uploads\\\/2025\\\/07\\\/IMG-20250701-WA0001-e1751360139629.jpg\",\"datePublished\":\"2025-07-01T09:00:53+00:00\",\"dateModified\":\"2025-07-01T09:19:21+00:00\",\"breadcrumb\":{\"@id\":\"https:\\\/\\\/www.modave.be\\\/index.php\\\/services_communaux\\\/les-jardinieres-se-vident-et-ce-nest-pas-le-vent\\\/#breadcrumb\"},\"inLanguage\":\"fr-FR\",\"potentialAction\":[{\"@type\":\"ReadAction\",\"target\":[\"https:\\\/\\\/www.modave.be\\\/index.php\\\/services_communaux\\\/les-jardinieres-se-vident-et-ce-nest-pas-le-vent\\\/\"]}]},{\"@type\":\"ImageObject\",\"inLanguage\":\"fr-FR\",\"@id\":\"https:\\\/\\\/www.modave.be\\\/index.php\\\/services_communaux\\\/les-jardinieres-se-vident-et-ce-nest-pas-le-vent\\\/#primaryimage\",\"url\":\"https:\\\/\\\/www.modave.be\\\/wp-content\\\/uploads\\\/2025\\\/07\\\/IMG-20250701-WA0001-e1751360139629.jpg\",\"contentUrl\":\"https:\\\/\\\/www.modave.be\\\/wp-content\\\/uploads\\\/2025\\\/07\\\/IMG-20250701-WA0001-e1751360139629.jpg\",\"width\":1600,\"height\":800},{\"@type\":\"BreadcrumbList\",\"@id\":\"https:\\\/\\\/www.modave.be\\\/index.php\\\/services_communaux\\\/les-jardinieres-se-vident-et-ce-nest-pas-le-vent\\\/#breadcrumb\",\"itemListElement\":[{\"@type\":\"ListItem\",\"position\":1,\"name\":\"Accueil\",\"item\":\"https:\\\/\\\/www.modave.be\\\/\"},{\"@type\":\"ListItem\",\"position\":2,\"name\":\"Nos jardini\u00e8res se vident\u2026 et ce n\u2019est pas le vent\"}]},{\"@type\":\"WebSite\",\"@id\":\"https:\\\/\\\/www.modave.be\\\/#website\",\"url\":\"https:\\\/\\\/www.modave.be\\\/\",\"name\":\"Commune de Modave\",\"description\":\"Commune de Modave\",\"publisher\":{\"@id\":\"https:\\\/\\\/www.modave.be\\\/#organization\"},\"potentialAction\":[{\"@type\":\"SearchAction\",\"target\":{\"@type\":\"EntryPoint\",\"urlTemplate\":\"https:\\\/\\\/www.modave.be\\\/?s={search_term_string}\"},\"query-input\":{\"@type\":\"PropertyValueSpecification\",\"valueRequired\":true,\"valueName\":\"search_term_string\"}}],\"inLanguage\":\"fr-FR\"},{\"@type\":\"Organization\",\"@id\":\"https:\\\/\\\/www.modave.be\\\/#organization\",\"name\":\"Commune de Modave\",\"url\":\"https:\\\/\\\/www.modave.be\\\/\",\"logo\":{\"@type\":\"ImageObject\",\"inLanguage\":\"fr-FR\",\"@id\":\"https:\\\/\\\/www.modave.be\\\/#\\\/schema\\\/logo\\\/image\\\/\",\"url\":\"https:\\\/\\\/www.modave.be\\\/wp-content\\\/uploads\\\/2021\\\/12\\\/MODAVE_LOGO_HORIZONTAL_QUADRI_RVB.png\",\"contentUrl\":\"https:\\\/\\\/www.modave.be\\\/wp-content\\\/uploads\\\/2021\\\/12\\\/MODAVE_LOGO_HORIZONTAL_QUADRI_RVB.png\",\"width\":1200,\"height\":501,\"caption\":\"Commune de Modave\"},\"image\":{\"@id\":\"https:\\\/\\\/www.modave.be\\\/#\\\/schema\\\/logo\\\/image\\\/\"}}]}<\/script>\n<!-- \/ Yoast SEO plugin. -->","yoast_head_json":{"title":"Nos jardini\u00e8res se vident\u2026 et ce n\u2019est pas le vent - Commune de Modave","robots":{"index":"index","follow":"follow","max-snippet":"max-snippet:-1","max-image-preview":"max-image-preview:large","max-video-preview":"max-video-preview:-1"},"canonical":"https:\/\/www.modave.be\/index.php\/services_communaux\/les-jardinieres-se-vident-et-ce-nest-pas-le-vent\/","og_locale":"fr_FR","og_type":"article","og_title":"Nos jardini\u00e8res se vident\u2026 et ce n\u2019est pas le vent - Commune de Modave","og_description":"Des plants disparaissent de nos jardini\u00e8res Ce matin, pour la seconde fois, nous constatons la disparition d\u2019une dizaine de plants soigneusement install\u00e9s par nos services aux abords de l\u2019Administration communale. Nous comprenons que nos am\u00e9nagements soient appr\u00e9ci\u00e9s, mais rappelons-le : les fleurs plant\u00e9es dans l\u2019espace public ne sont pas \u00e0 emporter. Elles sont l\u00e0 pour&hellip;","og_url":"https:\/\/www.modave.be\/index.php\/services_communaux\/les-jardinieres-se-vident-et-ce-nest-pas-le-vent\/","og_site_name":"Commune de Modave","article_modified_time":"2025-07-01T09:19:21+00:00","og_image":[{"width":1600,"height":800,"url":"https:\/\/www.modave.be\/wp-content\/uploads\/2025\/07\/IMG-20250701-WA0001-e1751360139629.jpg","type":"image\/jpeg"}],"twitter_card":"summary_large_image","twitter_misc":{"Dur\u00e9e de lecture estim\u00e9e":"1 minute"},"schema":{"@context":"https:\/\/schema.org","@graph":[{"@type":"WebPage","@id":"https:\/\/www.modave.be\/index.php\/services_communaux\/les-jardinieres-se-vident-et-ce-nest-pas-le-vent\/","url":"https:\/\/www.modave.be\/index.php\/services_communaux\/les-jardinieres-se-vident-et-ce-nest-pas-le-vent\/","name":"Nos jardini\u00e8res se vident\u2026 et ce n\u2019est pas le vent - Commune de Modave","isPartOf":{"@id":"https:\/\/www.modave.be\/#website"},"primaryImageOfPage":{"@id":"https:\/\/www.modave.be\/index.php\/services_communaux\/les-jardinieres-se-vident-et-ce-nest-pas-le-vent\/#primaryimage"},"image":{"@id":"https:\/\/www.modave.be\/index.php\/services_communaux\/les-jardinieres-se-vident-et-ce-nest-pas-le-vent\/#primaryimage"},"thumbnailUrl":"https:\/\/www.modave.be\/wp-content\/uploads\/2025\/07\/IMG-20250701-WA0001-e1751360139629.jpg","datePublished":"2025-07-01T09:00:53+00:00","dateModified":"2025-07-01T09:19:21+00:00","breadcrumb":{"@id":"https:\/\/www.modave.be\/index.php\/services_communaux\/les-jardinieres-se-vident-et-ce-nest-pas-le-vent\/#breadcrumb"},"inLanguage":"fr-FR","potentialAction":[{"@type":"ReadAction","target":["https:\/\/www.modave.be\/index.php\/services_communaux\/les-jardinieres-se-vident-et-ce-nest-pas-le-vent\/"]}]},{"@type":"ImageObject","inLanguage":"fr-FR","@id":"https:\/\/www.modave.be\/index.php\/services_communaux\/les-jardinieres-se-vident-et-ce-nest-pas-le-vent\/#primaryimage","url":"https:\/\/www.modave.be\/wp-content\/uploads\/2025\/07\/IMG-20250701-WA0001-e1751360139629.jpg","contentUrl":"https:\/\/www.modave.be\/wp-content\/uploads\/2025\/07\/IMG-20250701-WA0001-e1751360139629.jpg","width":1600,"height":800},{"@type":"BreadcrumbList","@id":"https:\/\/www.modave.be\/index.php\/services_communaux\/les-jardinieres-se-vident-et-ce-nest-pas-le-vent\/#breadcrumb","itemListElement":[{"@type":"ListItem","position":1,"name":"Accueil","item":"https:\/\/www.modave.be\/"},{"@type":"ListItem","position":2,"name":"Nos jardini\u00e8res se vident\u2026 et ce n\u2019est pas le vent"}]},{"@type":"WebSite","@id":"https:\/\/www.modave.be\/#website","url":"https:\/\/www.modave.be\/","name":"Commune de Modave","description":"Commune de Modave","publisher":{"@id":"https:\/\/www.modave.be\/#organization"},"potentialAction":[{"@type":"SearchAction","target":{"@type":"EntryPoint","urlTemplate":"https:\/\/www.modave.be\/?s={search_term_string}"},"query-input":{"@type":"PropertyValueSpecification","valueRequired":true,"valueName":"search_term_string"}}],"inLanguage":"fr-FR"},{"@type":"Organization","@id":"https:\/\/www.modave.be\/#organization","name":"Commune de Modave","url":"https:\/\/www.modave.be\/","logo":{"@type":"ImageObject","inLanguage":"fr-FR","@id":"https:\/\/www.modave.be\/#\/schema\/logo\/image\/","url":"https:\/\/www.modave.be\/wp-content\/uploads\/2021\/12\/MODAVE_LOGO_HORIZONTAL_QUADRI_RVB.png","contentUrl":"https:\/\/www.modave.be\/wp-content\/uploads\/2021\/12\/MODAVE_LOGO_HORIZONTAL_QUADRI_RVB.png","width":1200,"height":501,"caption":"Commune de Modave"},"image":{"@id":"https:\/\/www.modave.be\/#\/schema\/logo\/image\/"}}]}},"_links":{"self":[{"href":"https:\/\/www.modave.be\/index.php\/wp-json\/wp\/v2\/services_communaux\/16005","targetHints":{"allow":["GET"]}}],"collection":[{"href":"https:\/\/www.modave.be\/index.php\/wp-json\/wp\/v2\/services_communaux"}],"about":[{"href":"https:\/\/www.modave.be\/index.php\/wp-json\/wp\/v2\/types\/services_communaux"}],"author":[{"embeddable":true,"href":"https:\/\/www.modave.be\/index.php\/wp-json\/wp\/v2\/users\/9"}],"wp:featuredmedia":[{"embeddable":true,"href":"https:\/\/www.modave.be\/index.php\/wp-json\/wp\/v2\/media\/16006"}],"wp:attachment":[{"href":"https:\/\/www.modave.be\/index.php\/wp-json\/wp\/v2\/media?parent=16005"}],"wp:term":[{"taxonomy":"category","embeddable":true,"href":"https:\/\/www.modave.be\/index.php\/wp-json\/wp\/v2\/categories?post=16005"}],"curies":[{"name":"wp","href":"https:\/\/api.w.org\/{rel}","templated":true}]}}