{"id":16015,"date":"2025-07-02T11:33:25","date_gmt":"2025-07-02T09:33:25","guid":{"rendered":"https:\/\/www.modave.be\/?post_type=services_communaux&#038;p=16015"},"modified":"2025-07-02T12:56:57","modified_gmt":"2025-07-02T10:56:57","slug":"la-biennale-de-photographie-en-condroz-approche","status":"publish","type":"services_communaux","link":"https:\/\/www.modave.be\/index.php\/services_communaux\/la-biennale-de-photographie-en-condroz-approche\/","title":{"rendered":"La Biennale de Photographie en Condroz approche !"},"content":{"rendered":"\n<h2 class=\"wp-block-heading\">Les Grandes Questions<\/h2>\n\n\n\n<p>Du <strong>2 au 24 ao\u00fbt 2025<\/strong>, la Biennale de Photographie \u00e0 Vyle-Tharoul explorera, sous le th\u00e8me <em>\u00ab <strong>Au Pluriel <\/strong>\u00bb<\/em>, ce qui nous relie : nos liens, nos relations, notre mani\u00e8re de vivre ensemble.<\/p>\n\n\n\n<p>Et cette ann\u00e9e, la Biennale donnera aussi la parole aux enfants<\/p>\n\n\n\n<p>Les \u00e9l\u00e8ves de 6e primaire de Modave et Marchin, accompagn\u00e9s par <strong>OYOU <\/strong>dans le cadre du projet <em>\u00ab <strong>Les Grandes Questions<\/strong> \u00bb<\/em>, ont pris le temps de r\u00e9fl\u00e9chir au monde qui les entoure, de formuler leurs pens\u00e9es, leurs doutes, leurs espoirs. <strong>Ils ont ensuite interpell\u00e9 les conseillers communaux lors d\u2019un \u00e9change fort<\/strong>, sinc\u00e8re et profond\u00e9ment humain.<\/p>\n\n\n\n<p>Pour garder une trace de leurs paroles, une s\u00e9rie de cartes postales a \u00e9t\u00e9 imprim\u00e9e. Elles seront \u00e0 d\u00e9couvrir et disponibles lors de la Biennale.<\/p>\n\n\n\n<blockquote class=\"wp-block-quote is-layout-flow wp-block-quote-is-layout-flow\">\n<p><strong>Lieu :<\/strong> Rue du Parc 5, Vyle-Tharoul<br><strong>Dates :<\/strong> Les week-ends du 2 au 24 ao\u00fbt 2025<br><strong>Infos :<\/strong> <a class=\"\" href=\"https:\/\/biennaledephotographie.be\">https:\/\/biennaledephotographie.be<\/a><\/p>\n<\/blockquote>\n\n\n\n<p>Un regard jeune, sinc\u00e8re et souvent percutant\u2026 \u00e0 ne pas manquer.<\/p>\n\n\n\n<figure class=\"wp-block-gallery has-nested-images columns-3 wp-block-gallery-1 is-layout-flex wp-block-gallery-is-layout-flex\">\n<figure class=\"wp-block-image size-large\"><img fetchpriority=\"high\" decoding=\"async\" width=\"1024\" height=\"683\" data-id=\"16016\" src=\"https:\/\/www.modave.be\/wp-content\/uploads\/2025\/07\/Grandes-Questions-12-1024x683.jpg\" alt=\"\" class=\"wp-image-16016\" srcset=\"https:\/\/www.modave.be\/wp-content\/uploads\/2025\/07\/Grandes-Questions-12-1024x683.jpg 1024w, https:\/\/www.modave.be\/wp-content\/uploads\/2025\/07\/Grandes-Questions-12-300x200.jpg 300w, https:\/\/www.modave.be\/wp-content\/uploads\/2025\/07\/Grandes-Questions-12-768x512.jpg 768w, https:\/\/www.modave.be\/wp-content\/uploads\/2025\/07\/Grandes-Questions-12-1536x1024.jpg 1536w, https:\/\/www.modave.be\/wp-content\/uploads\/2025\/07\/Grandes-Questions-12-2048x1365.jpg 2048w\" sizes=\"(max-width: 1024px) 100vw, 1024px\" \/><\/figure>\n\n\n\n<figure class=\"wp-block-image size-large\"><img decoding=\"async\" width=\"1024\" height=\"683\" data-id=\"16022\" src=\"https:\/\/www.modave.be\/wp-content\/uploads\/2025\/07\/Grandes-Questions-13-1024x683.jpg\" alt=\"\" class=\"wp-image-16022\" srcset=\"https:\/\/www.modave.be\/wp-content\/uploads\/2025\/07\/Grandes-Questions-13-1024x683.jpg 1024w, https:\/\/www.modave.be\/wp-content\/uploads\/2025\/07\/Grandes-Questions-13-300x200.jpg 300w, https:\/\/www.modave.be\/wp-content\/uploads\/2025\/07\/Grandes-Questions-13-768x512.jpg 768w, https:\/\/www.modave.be\/wp-content\/uploads\/2025\/07\/Grandes-Questions-13-1536x1024.jpg 1536w, https:\/\/www.modave.be\/wp-content\/uploads\/2025\/07\/Grandes-Questions-13-2048x1365.jpg 2048w\" sizes=\"(max-width: 1024px) 100vw, 1024px\" \/><\/figure>\n\n\n\n<figure class=\"wp-block-image size-large\"><img decoding=\"async\" width=\"1024\" height=\"683\" data-id=\"16017\" src=\"https:\/\/www.modave.be\/wp-content\/uploads\/2025\/07\/IMG_3591-Avec-accentuation-Bruit-1024x683.jpg\" alt=\"\" class=\"wp-image-16017\" srcset=\"https:\/\/www.modave.be\/wp-content\/uploads\/2025\/07\/IMG_3591-Avec-accentuation-Bruit-1024x683.jpg 1024w, https:\/\/www.modave.be\/wp-content\/uploads\/2025\/07\/IMG_3591-Avec-accentuation-Bruit-300x200.jpg 300w, https:\/\/www.modave.be\/wp-content\/uploads\/2025\/07\/IMG_3591-Avec-accentuation-Bruit-768x512.jpg 768w, https:\/\/www.modave.be\/wp-content\/uploads\/2025\/07\/IMG_3591-Avec-accentuation-Bruit-1536x1024.jpg 1536w, https:\/\/www.modave.be\/wp-content\/uploads\/2025\/07\/IMG_3591-Avec-accentuation-Bruit-2048x1365.jpg 2048w\" sizes=\"(max-width: 1024px) 100vw, 1024px\" \/><\/figure>\n\n\n\n<figure class=\"wp-block-image size-large\"><img loading=\"lazy\" decoding=\"async\" width=\"683\" height=\"1024\" data-id=\"16024\" src=\"https:\/\/www.modave.be\/wp-content\/uploads\/2025\/07\/IMG_3615-Avec-accentuation-Bruit-683x1024.jpg\" alt=\"\" class=\"wp-image-16024\" srcset=\"https:\/\/www.modave.be\/wp-content\/uploads\/2025\/07\/IMG_3615-Avec-accentuation-Bruit-683x1024.jpg 683w, https:\/\/www.modave.be\/wp-content\/uploads\/2025\/07\/IMG_3615-Avec-accentuation-Bruit-200x300.jpg 200w, https:\/\/www.modave.be\/wp-content\/uploads\/2025\/07\/IMG_3615-Avec-accentuation-Bruit-768x1152.jpg 768w, https:\/\/www.modave.be\/wp-content\/uploads\/2025\/07\/IMG_3615-Avec-accentuation-Bruit-1024x1536.jpg 1024w, https:\/\/www.modave.be\/wp-content\/uploads\/2025\/07\/IMG_3615-Avec-accentuation-Bruit-1366x2048.jpg 1366w, https:\/\/www.modave.be\/wp-content\/uploads\/2025\/07\/IMG_3615-Avec-accentuation-Bruit-scaled.jpg 1707w\" sizes=\"(max-width: 683px) 100vw, 683px\" \/><\/figure>\n\n\n\n<figure class=\"wp-block-image size-large\"><img loading=\"lazy\" decoding=\"async\" width=\"683\" height=\"1024\" data-id=\"16019\" src=\"https:\/\/www.modave.be\/wp-content\/uploads\/2025\/07\/Grandes-Questions-18-683x1024.jpg\" alt=\"\" class=\"wp-image-16019\" srcset=\"https:\/\/www.modave.be\/wp-content\/uploads\/2025\/07\/Grandes-Questions-18-683x1024.jpg 683w, https:\/\/www.modave.be\/wp-content\/uploads\/2025\/07\/Grandes-Questions-18-200x300.jpg 200w, https:\/\/www.modave.be\/wp-content\/uploads\/2025\/07\/Grandes-Questions-18-768x1152.jpg 768w, https:\/\/www.modave.be\/wp-content\/uploads\/2025\/07\/Grandes-Questions-18-1024x1536.jpg 1024w, https:\/\/www.modave.be\/wp-content\/uploads\/2025\/07\/Grandes-Questions-18-1365x2048.jpg 1365w, https:\/\/www.modave.be\/wp-content\/uploads\/2025\/07\/Grandes-Questions-18-scaled.jpg 1707w\" sizes=\"(max-width: 683px) 100vw, 683px\" \/><\/figure>\n\n\n\n<figure class=\"wp-block-image size-large\"><img loading=\"lazy\" decoding=\"async\" width=\"683\" height=\"1024\" data-id=\"16018\" src=\"https:\/\/www.modave.be\/wp-content\/uploads\/2025\/07\/Grandes-Questions-17-683x1024.jpg\" alt=\"\" class=\"wp-image-16018\" srcset=\"https:\/\/www.modave.be\/wp-content\/uploads\/2025\/07\/Grandes-Questions-17-683x1024.jpg 683w, https:\/\/www.modave.be\/wp-content\/uploads\/2025\/07\/Grandes-Questions-17-200x300.jpg 200w, https:\/\/www.modave.be\/wp-content\/uploads\/2025\/07\/Grandes-Questions-17-768x1152.jpg 768w, https:\/\/www.modave.be\/wp-content\/uploads\/2025\/07\/Grandes-Questions-17-1024x1536.jpg 1024w, https:\/\/www.modave.be\/wp-content\/uploads\/2025\/07\/Grandes-Questions-17-1365x2048.jpg 1365w, https:\/\/www.modave.be\/wp-content\/uploads\/2025\/07\/Grandes-Questions-17-scaled.jpg 1707w\" sizes=\"(max-width: 683px) 100vw, 683px\" \/><\/figure>\n<\/figure>\n\n\n\n<p><\/p>\n","protected":false},"excerpt":{"rendered":"<p>Les Grandes Questions Du 2 au 24 ao\u00fbt 2025, la Biennale de Photographie \u00e0 Vyle-Tharoul explorera, sous le th\u00e8me \u00ab Au Pluriel \u00bb, ce qui nous relie : nos liens, nos relations, notre mani\u00e8re de vivre ensemble. Et cette ann\u00e9e, la Biennale donnera aussi la parole aux enfants Les \u00e9l\u00e8ves de 6e primaire de Modave&hellip;<\/p>\n","protected":false},"author":9,"featured_media":16020,"menu_order":0,"template":"","categories":[197,199,208],"class_list":["post-16015","services_communaux","type-services_communaux","status-publish","has-post-thumbnail","hentry","category-cimetieres_concessions","category-environnement","category-travaux","description-off"],"yoast_head":"<!-- This site is optimized with the Yoast SEO plugin v27.4 - https:\/\/yoast.com\/product\/yoast-seo-wordpress\/ -->\n<title>La Biennale de Photographie en Condroz approche ! - Commune de Modave<\/title>\n<meta name=\"robots\" content=\"index, follow, max-snippet:-1, max-image-preview:large, max-video-preview:-1\" \/>\n<link rel=\"canonical\" href=\"https:\/\/www.modave.be\/index.php\/services_communaux\/la-biennale-de-photographie-en-condroz-approche\/\" \/>\n<meta property=\"og:locale\" content=\"fr_FR\" \/>\n<meta property=\"og:type\" content=\"article\" \/>\n<meta property=\"og:title\" content=\"La Biennale de Photographie en Condroz approche ! - Commune de Modave\" \/>\n<meta property=\"og:description\" content=\"Les Grandes Questions Du 2 au 24 ao\u00fbt 2025, la Biennale de Photographie \u00e0 Vyle-Tharoul explorera, sous le th\u00e8me \u00ab Au Pluriel \u00bb, ce qui nous relie : nos liens, nos relations, notre mani\u00e8re de vivre ensemble. Et cette ann\u00e9e, la Biennale donnera aussi la parole aux enfants Les \u00e9l\u00e8ves de 6e primaire de Modave&hellip;\" \/>\n<meta property=\"og:url\" content=\"https:\/\/www.modave.be\/index.php\/services_communaux\/la-biennale-de-photographie-en-condroz-approche\/\" \/>\n<meta property=\"og:site_name\" content=\"Commune de Modave\" \/>\n<meta property=\"article:modified_time\" content=\"2025-07-02T10:56:57+00:00\" \/>\n<meta property=\"og:image\" content=\"https:\/\/www.modave.be\/wp-content\/uploads\/2025\/07\/Grandes-Questions-14-scaled-e1751448796240.jpg\" \/>\n\t<meta property=\"og:image:width\" content=\"2560\" \/>\n\t<meta property=\"og:image:height\" content=\"1280\" \/>\n\t<meta property=\"og:image:type\" content=\"image\/jpeg\" \/>\n<meta name=\"twitter:card\" content=\"summary_large_image\" \/>\n<meta name=\"twitter:label1\" content=\"Dur\u00e9e de lecture estim\u00e9e\" \/>\n\t<meta name=\"twitter:data1\" content=\"1 minute\" \/>\n<script type=\"application\/ld+json\" class=\"yoast-schema-graph\">{\"@context\":\"https:\\\/\\\/schema.org\",\"@graph\":[{\"@type\":\"WebPage\",\"@id\":\"https:\\\/\\\/www.modave.be\\\/index.php\\\/services_communaux\\\/la-biennale-de-photographie-en-condroz-approche\\\/\",\"url\":\"https:\\\/\\\/www.modave.be\\\/index.php\\\/services_communaux\\\/la-biennale-de-photographie-en-condroz-approche\\\/\",\"name\":\"La Biennale de Photographie en Condroz approche ! - Commune de Modave\",\"isPartOf\":{\"@id\":\"https:\\\/\\\/www.modave.be\\\/#website\"},\"primaryImageOfPage\":{\"@id\":\"https:\\\/\\\/www.modave.be\\\/index.php\\\/services_communaux\\\/la-biennale-de-photographie-en-condroz-approche\\\/#primaryimage\"},\"image\":{\"@id\":\"https:\\\/\\\/www.modave.be\\\/index.php\\\/services_communaux\\\/la-biennale-de-photographie-en-condroz-approche\\\/#primaryimage\"},\"thumbnailUrl\":\"https:\\\/\\\/www.modave.be\\\/wp-content\\\/uploads\\\/2025\\\/07\\\/Grandes-Questions-14-scaled-e1751448796240.jpg\",\"datePublished\":\"2025-07-02T09:33:25+00:00\",\"dateModified\":\"2025-07-02T10:56:57+00:00\",\"breadcrumb\":{\"@id\":\"https:\\\/\\\/www.modave.be\\\/index.php\\\/services_communaux\\\/la-biennale-de-photographie-en-condroz-approche\\\/#breadcrumb\"},\"inLanguage\":\"fr-FR\",\"potentialAction\":[{\"@type\":\"ReadAction\",\"target\":[\"https:\\\/\\\/www.modave.be\\\/index.php\\\/services_communaux\\\/la-biennale-de-photographie-en-condroz-approche\\\/\"]}]},{\"@type\":\"ImageObject\",\"inLanguage\":\"fr-FR\",\"@id\":\"https:\\\/\\\/www.modave.be\\\/index.php\\\/services_communaux\\\/la-biennale-de-photographie-en-condroz-approche\\\/#primaryimage\",\"url\":\"https:\\\/\\\/www.modave.be\\\/wp-content\\\/uploads\\\/2025\\\/07\\\/Grandes-Questions-14-scaled-e1751448796240.jpg\",\"contentUrl\":\"https:\\\/\\\/www.modave.be\\\/wp-content\\\/uploads\\\/2025\\\/07\\\/Grandes-Questions-14-scaled-e1751448796240.jpg\",\"width\":2560,\"height\":1280},{\"@type\":\"BreadcrumbList\",\"@id\":\"https:\\\/\\\/www.modave.be\\\/index.php\\\/services_communaux\\\/la-biennale-de-photographie-en-condroz-approche\\\/#breadcrumb\",\"itemListElement\":[{\"@type\":\"ListItem\",\"position\":1,\"name\":\"Accueil\",\"item\":\"https:\\\/\\\/www.modave.be\\\/\"},{\"@type\":\"ListItem\",\"position\":2,\"name\":\"La Biennale de Photographie en Condroz approche !\"}]},{\"@type\":\"WebSite\",\"@id\":\"https:\\\/\\\/www.modave.be\\\/#website\",\"url\":\"https:\\\/\\\/www.modave.be\\\/\",\"name\":\"Commune de Modave\",\"description\":\"Commune de Modave\",\"publisher\":{\"@id\":\"https:\\\/\\\/www.modave.be\\\/#organization\"},\"potentialAction\":[{\"@type\":\"SearchAction\",\"target\":{\"@type\":\"EntryPoint\",\"urlTemplate\":\"https:\\\/\\\/www.modave.be\\\/?s={search_term_string}\"},\"query-input\":{\"@type\":\"PropertyValueSpecification\",\"valueRequired\":true,\"valueName\":\"search_term_string\"}}],\"inLanguage\":\"fr-FR\"},{\"@type\":\"Organization\",\"@id\":\"https:\\\/\\\/www.modave.be\\\/#organization\",\"name\":\"Commune de Modave\",\"url\":\"https:\\\/\\\/www.modave.be\\\/\",\"logo\":{\"@type\":\"ImageObject\",\"inLanguage\":\"fr-FR\",\"@id\":\"https:\\\/\\\/www.modave.be\\\/#\\\/schema\\\/logo\\\/image\\\/\",\"url\":\"https:\\\/\\\/www.modave.be\\\/wp-content\\\/uploads\\\/2021\\\/12\\\/MODAVE_LOGO_HORIZONTAL_QUADRI_RVB.png\",\"contentUrl\":\"https:\\\/\\\/www.modave.be\\\/wp-content\\\/uploads\\\/2021\\\/12\\\/MODAVE_LOGO_HORIZONTAL_QUADRI_RVB.png\",\"width\":1200,\"height\":501,\"caption\":\"Commune de Modave\"},\"image\":{\"@id\":\"https:\\\/\\\/www.modave.be\\\/#\\\/schema\\\/logo\\\/image\\\/\"}}]}<\/script>\n<!-- \/ Yoast SEO plugin. -->","yoast_head_json":{"title":"La Biennale de Photographie en Condroz approche ! - Commune de Modave","robots":{"index":"index","follow":"follow","max-snippet":"max-snippet:-1","max-image-preview":"max-image-preview:large","max-video-preview":"max-video-preview:-1"},"canonical":"https:\/\/www.modave.be\/index.php\/services_communaux\/la-biennale-de-photographie-en-condroz-approche\/","og_locale":"fr_FR","og_type":"article","og_title":"La Biennale de Photographie en Condroz approche ! - Commune de Modave","og_description":"Les Grandes Questions Du 2 au 24 ao\u00fbt 2025, la Biennale de Photographie \u00e0 Vyle-Tharoul explorera, sous le th\u00e8me \u00ab Au Pluriel \u00bb, ce qui nous relie : nos liens, nos relations, notre mani\u00e8re de vivre ensemble. Et cette ann\u00e9e, la Biennale donnera aussi la parole aux enfants Les \u00e9l\u00e8ves de 6e primaire de Modave&hellip;","og_url":"https:\/\/www.modave.be\/index.php\/services_communaux\/la-biennale-de-photographie-en-condroz-approche\/","og_site_name":"Commune de Modave","article_modified_time":"2025-07-02T10:56:57+00:00","og_image":[{"width":2560,"height":1280,"url":"https:\/\/www.modave.be\/wp-content\/uploads\/2025\/07\/Grandes-Questions-14-scaled-e1751448796240.jpg","type":"image\/jpeg"}],"twitter_card":"summary_large_image","twitter_misc":{"Dur\u00e9e de lecture estim\u00e9e":"1 minute"},"schema":{"@context":"https:\/\/schema.org","@graph":[{"@type":"WebPage","@id":"https:\/\/www.modave.be\/index.php\/services_communaux\/la-biennale-de-photographie-en-condroz-approche\/","url":"https:\/\/www.modave.be\/index.php\/services_communaux\/la-biennale-de-photographie-en-condroz-approche\/","name":"La Biennale de Photographie en Condroz approche ! - Commune de Modave","isPartOf":{"@id":"https:\/\/www.modave.be\/#website"},"primaryImageOfPage":{"@id":"https:\/\/www.modave.be\/index.php\/services_communaux\/la-biennale-de-photographie-en-condroz-approche\/#primaryimage"},"image":{"@id":"https:\/\/www.modave.be\/index.php\/services_communaux\/la-biennale-de-photographie-en-condroz-approche\/#primaryimage"},"thumbnailUrl":"https:\/\/www.modave.be\/wp-content\/uploads\/2025\/07\/Grandes-Questions-14-scaled-e1751448796240.jpg","datePublished":"2025-07-02T09:33:25+00:00","dateModified":"2025-07-02T10:56:57+00:00","breadcrumb":{"@id":"https:\/\/www.modave.be\/index.php\/services_communaux\/la-biennale-de-photographie-en-condroz-approche\/#breadcrumb"},"inLanguage":"fr-FR","potentialAction":[{"@type":"ReadAction","target":["https:\/\/www.modave.be\/index.php\/services_communaux\/la-biennale-de-photographie-en-condroz-approche\/"]}]},{"@type":"ImageObject","inLanguage":"fr-FR","@id":"https:\/\/www.modave.be\/index.php\/services_communaux\/la-biennale-de-photographie-en-condroz-approche\/#primaryimage","url":"https:\/\/www.modave.be\/wp-content\/uploads\/2025\/07\/Grandes-Questions-14-scaled-e1751448796240.jpg","contentUrl":"https:\/\/www.modave.be\/wp-content\/uploads\/2025\/07\/Grandes-Questions-14-scaled-e1751448796240.jpg","width":2560,"height":1280},{"@type":"BreadcrumbList","@id":"https:\/\/www.modave.be\/index.php\/services_communaux\/la-biennale-de-photographie-en-condroz-approche\/#breadcrumb","itemListElement":[{"@type":"ListItem","position":1,"name":"Accueil","item":"https:\/\/www.modave.be\/"},{"@type":"ListItem","position":2,"name":"La Biennale de Photographie en Condroz approche !"}]},{"@type":"WebSite","@id":"https:\/\/www.modave.be\/#website","url":"https:\/\/www.modave.be\/","name":"Commune de Modave","description":"Commune de Modave","publisher":{"@id":"https:\/\/www.modave.be\/#organization"},"potentialAction":[{"@type":"SearchAction","target":{"@type":"EntryPoint","urlTemplate":"https:\/\/www.modave.be\/?s={search_term_string}"},"query-input":{"@type":"PropertyValueSpecification","valueRequired":true,"valueName":"search_term_string"}}],"inLanguage":"fr-FR"},{"@type":"Organization","@id":"https:\/\/www.modave.be\/#organization","name":"Commune de Modave","url":"https:\/\/www.modave.be\/","logo":{"@type":"ImageObject","inLanguage":"fr-FR","@id":"https:\/\/www.modave.be\/#\/schema\/logo\/image\/","url":"https:\/\/www.modave.be\/wp-content\/uploads\/2021\/12\/MODAVE_LOGO_HORIZONTAL_QUADRI_RVB.png","contentUrl":"https:\/\/www.modave.be\/wp-content\/uploads\/2021\/12\/MODAVE_LOGO_HORIZONTAL_QUADRI_RVB.png","width":1200,"height":501,"caption":"Commune de Modave"},"image":{"@id":"https:\/\/www.modave.be\/#\/schema\/logo\/image\/"}}]}},"_links":{"self":[{"href":"https:\/\/www.modave.be\/index.php\/wp-json\/wp\/v2\/services_communaux\/16015","targetHints":{"allow":["GET"]}}],"collection":[{"href":"https:\/\/www.modave.be\/index.php\/wp-json\/wp\/v2\/services_communaux"}],"about":[{"href":"https:\/\/www.modave.be\/index.php\/wp-json\/wp\/v2\/types\/services_communaux"}],"author":[{"embeddable":true,"href":"https:\/\/www.modave.be\/index.php\/wp-json\/wp\/v2\/users\/9"}],"wp:featuredmedia":[{"embeddable":true,"href":"https:\/\/www.modave.be\/index.php\/wp-json\/wp\/v2\/media\/16020"}],"wp:attachment":[{"href":"https:\/\/www.modave.be\/index.php\/wp-json\/wp\/v2\/media?parent=16015"}],"wp:term":[{"taxonomy":"category","embeddable":true,"href":"https:\/\/www.modave.be\/index.php\/wp-json\/wp\/v2\/categories?post=16015"}],"curies":[{"name":"wp","href":"https:\/\/api.w.org\/{rel}","templated":true}]}}