{"id":16040,"date":"2025-07-04T14:00:12","date_gmt":"2025-07-04T12:00:12","guid":{"rendered":"https:\/\/www.modave.be\/?post_type=services_communaux&#038;p=16040"},"modified":"2025-07-04T14:00:13","modified_gmt":"2025-07-04T12:00:13","slug":"travaux-rond-point-rn684-du-4-au-24-aout-2025","status":"publish","type":"services_communaux","link":"https:\/\/www.modave.be\/index.php\/services_communaux\/travaux-rond-point-rn684-du-4-au-24-aout-2025\/","title":{"rendered":"Travaux | Rond-point RN684 | Du 4 au 24 ao\u00fbt 2025"},"content":{"rendered":"\n<h2 class=\"wp-block-heading\">Connexion du r\u00e9seau d&rsquo;\u00e9gouttage<\/h2>\n\n\n\n<p><strong>Dans le cadre de la connexion du r\u00e9seau d\u2019\u00e9gouttage (phase 3), des travaux seront r\u00e9alis\u00e9s entre le 4 et le 24 ao\u00fbt 2025 sur la RN684 (rue F. Terwagne), au niveau du nouveau rond-point.<\/strong><\/p>\n\n\n\n<p>Une fermeture partielle du rond-point sera mise en place avec <strong>circulation altern\u00e9e<\/strong> r\u00e9gul\u00e9e par feux tricolores.<\/p>\n\n\n\n<blockquote class=\"wp-block-quote is-layout-flow wp-block-quote-is-layout-flow\">\n<p>Le chantier se d\u00e9roulera en deux phases successives :<\/p>\n\n\n\n<ul class=\"wp-block-list\">\n<li><strong>Phase 1 (2 semaines) : \u00e0 partir du 4 ao\u00fbt 2025<\/strong><\/li>\n\n\n\n<li><strong>Phase 2 (1 semaine) : \u00e0 partir du 14 ao\u00fbt 2025<\/strong><\/li>\n<\/ul>\n<\/blockquote>\n\n\n\n<p>Chaque phase entra\u00eenera une modification de la circulation sur une portion du rond-point. Nous invitons chacun \u00e0 faire preuve de prudence aux abords du chantier.<\/p>\n\n\n\n<p>L\u2019ordonnance de police relative \u00e0 ces travaux est disponible en t\u00e9l\u00e9chargement ci-dessous.<\/p>\n\n\n\n<div data-wp-interactive=\"core\/file\" class=\"wp-block-file\"><object data-wp-bind--hidden=\"!state.hasPdfPreview\" hidden class=\"wp-block-file__embed\" data=\"https:\/\/www.modave.be\/wp-content\/uploads\/2025\/07\/Ordre-de-Police-RN684.pdf\" type=\"application\/pdf\" style=\"width:100%;height:600px\" aria-label=\"Contenu embarqu\u00e9 Ordre de Police-RN684.\"><\/object><a id=\"wp-block-file--media-d72e20e1-9937-475b-950b-a8abdd8a050f\" href=\"https:\/\/www.modave.be\/wp-content\/uploads\/2025\/07\/Ordre-de-Police-RN684.pdf\">Ordre de Police-RN684<\/a><a href=\"https:\/\/www.modave.be\/wp-content\/uploads\/2025\/07\/Ordre-de-Police-RN684.pdf\" class=\"wp-block-file__button wp-element-button\" download aria-describedby=\"wp-block-file--media-d72e20e1-9937-475b-950b-a8abdd8a050f\">T\u00e9l\u00e9charger<\/a><\/div>\n\n\n\n<figure class=\"wp-block-gallery has-nested-images columns-default is-cropped wp-block-gallery-1 is-layout-flex wp-block-gallery-is-layout-flex\">\n<figure class=\"wp-block-image size-large\"><img fetchpriority=\"high\" decoding=\"async\" width=\"1024\" height=\"1024\" data-id=\"16044\" src=\"https:\/\/www.modave.be\/wp-content\/uploads\/2025\/07\/1-1024x1024.jpg\" alt=\"\" class=\"wp-image-16044\" srcset=\"https:\/\/www.modave.be\/wp-content\/uploads\/2025\/07\/1-1024x1024.jpg 1024w, https:\/\/www.modave.be\/wp-content\/uploads\/2025\/07\/1-300x300.jpg 300w, https:\/\/www.modave.be\/wp-content\/uploads\/2025\/07\/1-150x150.jpg 150w, https:\/\/www.modave.be\/wp-content\/uploads\/2025\/07\/1-768x768.jpg 768w, https:\/\/www.modave.be\/wp-content\/uploads\/2025\/07\/1.jpg 1080w\" sizes=\"(max-width: 1024px) 100vw, 1024px\" \/><\/figure>\n\n\n\n<figure class=\"wp-block-image size-large\"><img decoding=\"async\" width=\"1024\" height=\"1024\" data-id=\"16045\" src=\"https:\/\/www.modave.be\/wp-content\/uploads\/2025\/07\/2-1024x1024.jpg\" alt=\"\" class=\"wp-image-16045\" srcset=\"https:\/\/www.modave.be\/wp-content\/uploads\/2025\/07\/2-1024x1024.jpg 1024w, https:\/\/www.modave.be\/wp-content\/uploads\/2025\/07\/2-300x300.jpg 300w, https:\/\/www.modave.be\/wp-content\/uploads\/2025\/07\/2-150x150.jpg 150w, https:\/\/www.modave.be\/wp-content\/uploads\/2025\/07\/2-768x768.jpg 768w, https:\/\/www.modave.be\/wp-content\/uploads\/2025\/07\/2.jpg 1080w\" sizes=\"(max-width: 1024px) 100vw, 1024px\" \/><\/figure>\n<\/figure>\n","protected":false},"excerpt":{"rendered":"<p>Connexion du r\u00e9seau d&rsquo;\u00e9gouttage Dans le cadre de la connexion du r\u00e9seau d\u2019\u00e9gouttage (phase 3), des travaux seront r\u00e9alis\u00e9s entre le 4 et le 24 ao\u00fbt 2025 sur la RN684 (rue F. Terwagne), au niveau du nouveau rond-point. Une fermeture partielle du rond-point sera mise en place avec circulation altern\u00e9e r\u00e9gul\u00e9e par feux tricolores. Chaque&hellip;<\/p>\n","protected":false},"author":9,"featured_media":16046,"menu_order":0,"template":"","categories":[208],"class_list":["post-16040","services_communaux","type-services_communaux","status-publish","has-post-thumbnail","hentry","category-travaux","description-off"],"yoast_head":"<!-- This site is optimized with the Yoast SEO plugin v27.4 - https:\/\/yoast.com\/product\/yoast-seo-wordpress\/ -->\n<title>Travaux | Rond-point RN684 | Du 4 au 24 ao\u00fbt 2025 - Commune de Modave<\/title>\n<meta name=\"robots\" content=\"index, follow, max-snippet:-1, max-image-preview:large, max-video-preview:-1\" \/>\n<link rel=\"canonical\" href=\"https:\/\/www.modave.be\/index.php\/services_communaux\/travaux-rond-point-rn684-du-4-au-24-aout-2025\/\" \/>\n<meta property=\"og:locale\" content=\"fr_FR\" \/>\n<meta property=\"og:type\" content=\"article\" \/>\n<meta property=\"og:title\" content=\"Travaux | Rond-point RN684 | Du 4 au 24 ao\u00fbt 2025 - Commune de Modave\" \/>\n<meta property=\"og:description\" content=\"Connexion du r\u00e9seau d&rsquo;\u00e9gouttage Dans le cadre de la connexion du r\u00e9seau d\u2019\u00e9gouttage (phase 3), des travaux seront r\u00e9alis\u00e9s entre le 4 et le 24 ao\u00fbt 2025 sur la RN684 (rue F. Terwagne), au niveau du nouveau rond-point. Une fermeture partielle du rond-point sera mise en place avec circulation altern\u00e9e r\u00e9gul\u00e9e par feux tricolores. Chaque&hellip;\" \/>\n<meta property=\"og:url\" content=\"https:\/\/www.modave.be\/index.php\/services_communaux\/travaux-rond-point-rn684-du-4-au-24-aout-2025\/\" \/>\n<meta property=\"og:site_name\" content=\"Commune de Modave\" \/>\n<meta property=\"article:modified_time\" content=\"2025-07-04T12:00:13+00:00\" \/>\n<meta property=\"og:image\" content=\"https:\/\/www.modave.be\/wp-content\/uploads\/2025\/07\/1-1-e1751630402462.jpg\" \/>\n\t<meta property=\"og:image:width\" content=\"1080\" \/>\n\t<meta property=\"og:image:height\" content=\"540\" \/>\n\t<meta property=\"og:image:type\" content=\"image\/jpeg\" \/>\n<meta name=\"twitter:card\" content=\"summary_large_image\" \/>\n<meta name=\"twitter:label1\" content=\"Dur\u00e9e de lecture estim\u00e9e\" \/>\n\t<meta name=\"twitter:data1\" content=\"1 minute\" \/>\n<script type=\"application\/ld+json\" class=\"yoast-schema-graph\">{\"@context\":\"https:\\\/\\\/schema.org\",\"@graph\":[{\"@type\":\"WebPage\",\"@id\":\"https:\\\/\\\/www.modave.be\\\/index.php\\\/services_communaux\\\/travaux-rond-point-rn684-du-4-au-24-aout-2025\\\/\",\"url\":\"https:\\\/\\\/www.modave.be\\\/index.php\\\/services_communaux\\\/travaux-rond-point-rn684-du-4-au-24-aout-2025\\\/\",\"name\":\"Travaux | Rond-point RN684 | Du 4 au 24 ao\u00fbt 2025 - Commune de Modave\",\"isPartOf\":{\"@id\":\"https:\\\/\\\/www.modave.be\\\/#website\"},\"primaryImageOfPage\":{\"@id\":\"https:\\\/\\\/www.modave.be\\\/index.php\\\/services_communaux\\\/travaux-rond-point-rn684-du-4-au-24-aout-2025\\\/#primaryimage\"},\"image\":{\"@id\":\"https:\\\/\\\/www.modave.be\\\/index.php\\\/services_communaux\\\/travaux-rond-point-rn684-du-4-au-24-aout-2025\\\/#primaryimage\"},\"thumbnailUrl\":\"https:\\\/\\\/www.modave.be\\\/wp-content\\\/uploads\\\/2025\\\/07\\\/1-1-e1751630402462.jpg\",\"datePublished\":\"2025-07-04T12:00:12+00:00\",\"dateModified\":\"2025-07-04T12:00:13+00:00\",\"breadcrumb\":{\"@id\":\"https:\\\/\\\/www.modave.be\\\/index.php\\\/services_communaux\\\/travaux-rond-point-rn684-du-4-au-24-aout-2025\\\/#breadcrumb\"},\"inLanguage\":\"fr-FR\",\"potentialAction\":[{\"@type\":\"ReadAction\",\"target\":[\"https:\\\/\\\/www.modave.be\\\/index.php\\\/services_communaux\\\/travaux-rond-point-rn684-du-4-au-24-aout-2025\\\/\"]}]},{\"@type\":\"ImageObject\",\"inLanguage\":\"fr-FR\",\"@id\":\"https:\\\/\\\/www.modave.be\\\/index.php\\\/services_communaux\\\/travaux-rond-point-rn684-du-4-au-24-aout-2025\\\/#primaryimage\",\"url\":\"https:\\\/\\\/www.modave.be\\\/wp-content\\\/uploads\\\/2025\\\/07\\\/1-1-e1751630402462.jpg\",\"contentUrl\":\"https:\\\/\\\/www.modave.be\\\/wp-content\\\/uploads\\\/2025\\\/07\\\/1-1-e1751630402462.jpg\",\"width\":1080,\"height\":540},{\"@type\":\"BreadcrumbList\",\"@id\":\"https:\\\/\\\/www.modave.be\\\/index.php\\\/services_communaux\\\/travaux-rond-point-rn684-du-4-au-24-aout-2025\\\/#breadcrumb\",\"itemListElement\":[{\"@type\":\"ListItem\",\"position\":1,\"name\":\"Accueil\",\"item\":\"https:\\\/\\\/www.modave.be\\\/\"},{\"@type\":\"ListItem\",\"position\":2,\"name\":\"Travaux | Rond-point RN684 | Du 4 au 24 ao\u00fbt 2025\"}]},{\"@type\":\"WebSite\",\"@id\":\"https:\\\/\\\/www.modave.be\\\/#website\",\"url\":\"https:\\\/\\\/www.modave.be\\\/\",\"name\":\"Commune de Modave\",\"description\":\"Commune de Modave\",\"publisher\":{\"@id\":\"https:\\\/\\\/www.modave.be\\\/#organization\"},\"potentialAction\":[{\"@type\":\"SearchAction\",\"target\":{\"@type\":\"EntryPoint\",\"urlTemplate\":\"https:\\\/\\\/www.modave.be\\\/?s={search_term_string}\"},\"query-input\":{\"@type\":\"PropertyValueSpecification\",\"valueRequired\":true,\"valueName\":\"search_term_string\"}}],\"inLanguage\":\"fr-FR\"},{\"@type\":\"Organization\",\"@id\":\"https:\\\/\\\/www.modave.be\\\/#organization\",\"name\":\"Commune de Modave\",\"url\":\"https:\\\/\\\/www.modave.be\\\/\",\"logo\":{\"@type\":\"ImageObject\",\"inLanguage\":\"fr-FR\",\"@id\":\"https:\\\/\\\/www.modave.be\\\/#\\\/schema\\\/logo\\\/image\\\/\",\"url\":\"https:\\\/\\\/www.modave.be\\\/wp-content\\\/uploads\\\/2021\\\/12\\\/MODAVE_LOGO_HORIZONTAL_QUADRI_RVB.png\",\"contentUrl\":\"https:\\\/\\\/www.modave.be\\\/wp-content\\\/uploads\\\/2021\\\/12\\\/MODAVE_LOGO_HORIZONTAL_QUADRI_RVB.png\",\"width\":1200,\"height\":501,\"caption\":\"Commune de Modave\"},\"image\":{\"@id\":\"https:\\\/\\\/www.modave.be\\\/#\\\/schema\\\/logo\\\/image\\\/\"}}]}<\/script>\n<!-- \/ Yoast SEO plugin. -->","yoast_head_json":{"title":"Travaux | Rond-point RN684 | Du 4 au 24 ao\u00fbt 2025 - Commune de Modave","robots":{"index":"index","follow":"follow","max-snippet":"max-snippet:-1","max-image-preview":"max-image-preview:large","max-video-preview":"max-video-preview:-1"},"canonical":"https:\/\/www.modave.be\/index.php\/services_communaux\/travaux-rond-point-rn684-du-4-au-24-aout-2025\/","og_locale":"fr_FR","og_type":"article","og_title":"Travaux | Rond-point RN684 | Du 4 au 24 ao\u00fbt 2025 - Commune de Modave","og_description":"Connexion du r\u00e9seau d&rsquo;\u00e9gouttage Dans le cadre de la connexion du r\u00e9seau d\u2019\u00e9gouttage (phase 3), des travaux seront r\u00e9alis\u00e9s entre le 4 et le 24 ao\u00fbt 2025 sur la RN684 (rue F. Terwagne), au niveau du nouveau rond-point. Une fermeture partielle du rond-point sera mise en place avec circulation altern\u00e9e r\u00e9gul\u00e9e par feux tricolores. Chaque&hellip;","og_url":"https:\/\/www.modave.be\/index.php\/services_communaux\/travaux-rond-point-rn684-du-4-au-24-aout-2025\/","og_site_name":"Commune de Modave","article_modified_time":"2025-07-04T12:00:13+00:00","og_image":[{"width":1080,"height":540,"url":"https:\/\/www.modave.be\/wp-content\/uploads\/2025\/07\/1-1-e1751630402462.jpg","type":"image\/jpeg"}],"twitter_card":"summary_large_image","twitter_misc":{"Dur\u00e9e de lecture estim\u00e9e":"1 minute"},"schema":{"@context":"https:\/\/schema.org","@graph":[{"@type":"WebPage","@id":"https:\/\/www.modave.be\/index.php\/services_communaux\/travaux-rond-point-rn684-du-4-au-24-aout-2025\/","url":"https:\/\/www.modave.be\/index.php\/services_communaux\/travaux-rond-point-rn684-du-4-au-24-aout-2025\/","name":"Travaux | Rond-point RN684 | Du 4 au 24 ao\u00fbt 2025 - Commune de Modave","isPartOf":{"@id":"https:\/\/www.modave.be\/#website"},"primaryImageOfPage":{"@id":"https:\/\/www.modave.be\/index.php\/services_communaux\/travaux-rond-point-rn684-du-4-au-24-aout-2025\/#primaryimage"},"image":{"@id":"https:\/\/www.modave.be\/index.php\/services_communaux\/travaux-rond-point-rn684-du-4-au-24-aout-2025\/#primaryimage"},"thumbnailUrl":"https:\/\/www.modave.be\/wp-content\/uploads\/2025\/07\/1-1-e1751630402462.jpg","datePublished":"2025-07-04T12:00:12+00:00","dateModified":"2025-07-04T12:00:13+00:00","breadcrumb":{"@id":"https:\/\/www.modave.be\/index.php\/services_communaux\/travaux-rond-point-rn684-du-4-au-24-aout-2025\/#breadcrumb"},"inLanguage":"fr-FR","potentialAction":[{"@type":"ReadAction","target":["https:\/\/www.modave.be\/index.php\/services_communaux\/travaux-rond-point-rn684-du-4-au-24-aout-2025\/"]}]},{"@type":"ImageObject","inLanguage":"fr-FR","@id":"https:\/\/www.modave.be\/index.php\/services_communaux\/travaux-rond-point-rn684-du-4-au-24-aout-2025\/#primaryimage","url":"https:\/\/www.modave.be\/wp-content\/uploads\/2025\/07\/1-1-e1751630402462.jpg","contentUrl":"https:\/\/www.modave.be\/wp-content\/uploads\/2025\/07\/1-1-e1751630402462.jpg","width":1080,"height":540},{"@type":"BreadcrumbList","@id":"https:\/\/www.modave.be\/index.php\/services_communaux\/travaux-rond-point-rn684-du-4-au-24-aout-2025\/#breadcrumb","itemListElement":[{"@type":"ListItem","position":1,"name":"Accueil","item":"https:\/\/www.modave.be\/"},{"@type":"ListItem","position":2,"name":"Travaux | Rond-point RN684 | Du 4 au 24 ao\u00fbt 2025"}]},{"@type":"WebSite","@id":"https:\/\/www.modave.be\/#website","url":"https:\/\/www.modave.be\/","name":"Commune de Modave","description":"Commune de Modave","publisher":{"@id":"https:\/\/www.modave.be\/#organization"},"potentialAction":[{"@type":"SearchAction","target":{"@type":"EntryPoint","urlTemplate":"https:\/\/www.modave.be\/?s={search_term_string}"},"query-input":{"@type":"PropertyValueSpecification","valueRequired":true,"valueName":"search_term_string"}}],"inLanguage":"fr-FR"},{"@type":"Organization","@id":"https:\/\/www.modave.be\/#organization","name":"Commune de Modave","url":"https:\/\/www.modave.be\/","logo":{"@type":"ImageObject","inLanguage":"fr-FR","@id":"https:\/\/www.modave.be\/#\/schema\/logo\/image\/","url":"https:\/\/www.modave.be\/wp-content\/uploads\/2021\/12\/MODAVE_LOGO_HORIZONTAL_QUADRI_RVB.png","contentUrl":"https:\/\/www.modave.be\/wp-content\/uploads\/2021\/12\/MODAVE_LOGO_HORIZONTAL_QUADRI_RVB.png","width":1200,"height":501,"caption":"Commune de Modave"},"image":{"@id":"https:\/\/www.modave.be\/#\/schema\/logo\/image\/"}}]}},"_links":{"self":[{"href":"https:\/\/www.modave.be\/index.php\/wp-json\/wp\/v2\/services_communaux\/16040","targetHints":{"allow":["GET"]}}],"collection":[{"href":"https:\/\/www.modave.be\/index.php\/wp-json\/wp\/v2\/services_communaux"}],"about":[{"href":"https:\/\/www.modave.be\/index.php\/wp-json\/wp\/v2\/types\/services_communaux"}],"author":[{"embeddable":true,"href":"https:\/\/www.modave.be\/index.php\/wp-json\/wp\/v2\/users\/9"}],"wp:featuredmedia":[{"embeddable":true,"href":"https:\/\/www.modave.be\/index.php\/wp-json\/wp\/v2\/media\/16046"}],"wp:attachment":[{"href":"https:\/\/www.modave.be\/index.php\/wp-json\/wp\/v2\/media?parent=16040"}],"wp:term":[{"taxonomy":"category","embeddable":true,"href":"https:\/\/www.modave.be\/index.php\/wp-json\/wp\/v2\/categories?post=16040"}],"curies":[{"name":"wp","href":"https:\/\/api.w.org\/{rel}","templated":true}]}}