{"id":16047,"date":"2025-07-04T14:35:20","date_gmt":"2025-07-04T12:35:20","guid":{"rendered":"https:\/\/www.modave.be\/?post_type=services_communaux&#038;p=16047"},"modified":"2025-07-04T14:35:21","modified_gmt":"2025-07-04T12:35:21","slug":"tir-de-mine-carriere-bieleux-10-juillet","status":"publish","type":"services_communaux","link":"https:\/\/www.modave.be\/index.php\/services_communaux\/tir-de-mine-carriere-bieleux-10-juillet\/","title":{"rendered":"Tir de mine | Carri\u00e8re Bi\u00e9leux | 10 juillet"},"content":{"rendered":"\n<p>\ud835\udc00\ud835\udc15\ud835\udc08\ud835\udc12 \ud835\udc08\ud835\udc0c\ud835\udc0f\ud835\udc0e\ud835\udc11\ud835\udc13\ud835\udc00\ud835\udc0d\ud835\udc13 | \ud835\udc13\ud835\udc08\ud835\udc11 \ud835\udc03\ud835\udc04 \ud835\udc0c\ud835\udc08\ud835\udc0d\ud835\udc04<\/p>\n\n\n\n<p>Nous vous informons qu\u2019un tir sera r\u00e9alis\u00e9 \u00e0 la carri\u00e8re Les Bi\u00e9leux \u00e0 Modave le 10 juillet entre 12h et 14h.<\/p>\n\n\n\n<ul class=\"wp-block-list\">\n<li>Il s\u2019agit d\u2019une op\u00e9ration contr\u00f4l\u00e9e et encadr\u00e9e par des professionnels.<\/li>\n\n\n\n<li>Des d\u00e9tonations pourraient \u00eatre entendues aux alentours.<\/li>\n<\/ul>\n\n\n\n<p>N\u2019h\u00e9sitez pas \u00e0 en informer votre entourage, et merci pour votre attention !<\/p>\n\n\n\n<figure class=\"wp-block-image size-full\"><img fetchpriority=\"high\" decoding=\"async\" width=\"1080\" height=\"1080\" src=\"https:\/\/www.modave.be\/wp-content\/uploads\/2025\/07\/Tir.png\" alt=\"\" class=\"wp-image-16048\" srcset=\"https:\/\/www.modave.be\/wp-content\/uploads\/2025\/07\/Tir.png 1080w, https:\/\/www.modave.be\/wp-content\/uploads\/2025\/07\/Tir-300x300.png 300w, https:\/\/www.modave.be\/wp-content\/uploads\/2025\/07\/Tir-1024x1024.png 1024w, https:\/\/www.modave.be\/wp-content\/uploads\/2025\/07\/Tir-150x150.png 150w, https:\/\/www.modave.be\/wp-content\/uploads\/2025\/07\/Tir-768x768.png 768w\" sizes=\"(max-width: 1080px) 100vw, 1080px\" \/><\/figure>\n","protected":false},"excerpt":{"rendered":"<p>\ud835\udc00\ud835\udc15\ud835\udc08\ud835\udc12 \ud835\udc08\ud835\udc0c\ud835\udc0f\ud835\udc0e\ud835\udc11\ud835\udc13\ud835\udc00\ud835\udc0d\ud835\udc13 | \ud835\udc13\ud835\udc08\ud835\udc11 \ud835\udc03\ud835\udc04 \ud835\udc0c\ud835\udc08\ud835\udc0d\ud835\udc04 Nous vous informons qu\u2019un tir sera r\u00e9alis\u00e9 \u00e0 la carri\u00e8re Les Bi\u00e9leux \u00e0 Modave le 10 juillet entre 12h et 14h. N\u2019h\u00e9sitez pas \u00e0 en informer votre entourage, et merci pour votre attention !<\/p>\n","protected":false},"author":9,"featured_media":12395,"menu_order":1,"template":"","categories":[1],"class_list":["post-16047","services_communaux","type-services_communaux","status-publish","has-post-thumbnail","hentry","category-non-classe","description-off"],"yoast_head":"<!-- This site is optimized with the Yoast SEO plugin v27.4 - https:\/\/yoast.com\/product\/yoast-seo-wordpress\/ -->\n<title>Tir de mine | Carri\u00e8re Bi\u00e9leux | 10 juillet - Commune de Modave<\/title>\n<meta name=\"robots\" content=\"index, follow, max-snippet:-1, max-image-preview:large, max-video-preview:-1\" \/>\n<link rel=\"canonical\" href=\"https:\/\/www.modave.be\/index.php\/services_communaux\/tir-de-mine-carriere-bieleux-10-juillet\/\" \/>\n<meta property=\"og:locale\" content=\"fr_FR\" \/>\n<meta property=\"og:type\" content=\"article\" \/>\n<meta property=\"og:title\" content=\"Tir de mine | Carri\u00e8re Bi\u00e9leux | 10 juillet - Commune de Modave\" \/>\n<meta property=\"og:description\" content=\"\ud835\udc00\ud835\udc15\ud835\udc08\ud835\udc12 \ud835\udc08\ud835\udc0c\ud835\udc0f\ud835\udc0e\ud835\udc11\ud835\udc13\ud835\udc00\ud835\udc0d\ud835\udc13 | \ud835\udc13\ud835\udc08\ud835\udc11 \ud835\udc03\ud835\udc04 \ud835\udc0c\ud835\udc08\ud835\udc0d\ud835\udc04 Nous vous informons qu\u2019un tir sera r\u00e9alis\u00e9 \u00e0 la carri\u00e8re Les Bi\u00e9leux \u00e0 Modave le 10 juillet entre 12h et 14h. N\u2019h\u00e9sitez pas \u00e0 en informer votre entourage, et merci pour votre attention !\" \/>\n<meta property=\"og:url\" content=\"https:\/\/www.modave.be\/index.php\/services_communaux\/tir-de-mine-carriere-bieleux-10-juillet\/\" \/>\n<meta property=\"og:site_name\" content=\"Commune de Modave\" \/>\n<meta property=\"article:modified_time\" content=\"2025-07-04T12:35:21+00:00\" \/>\n<meta property=\"og:image\" content=\"https:\/\/www.modave.be\/wp-content\/uploads\/2023\/04\/chantier-v2-e1727685320454.jpg\" \/>\n\t<meta property=\"og:image:width\" content=\"1280\" \/>\n\t<meta property=\"og:image:height\" content=\"640\" \/>\n\t<meta property=\"og:image:type\" content=\"image\/jpeg\" \/>\n<meta name=\"twitter:card\" content=\"summary_large_image\" \/>\n<script type=\"application\/ld+json\" class=\"yoast-schema-graph\">{\"@context\":\"https:\\\/\\\/schema.org\",\"@graph\":[{\"@type\":\"WebPage\",\"@id\":\"https:\\\/\\\/www.modave.be\\\/index.php\\\/services_communaux\\\/tir-de-mine-carriere-bieleux-10-juillet\\\/\",\"url\":\"https:\\\/\\\/www.modave.be\\\/index.php\\\/services_communaux\\\/tir-de-mine-carriere-bieleux-10-juillet\\\/\",\"name\":\"Tir de mine | Carri\u00e8re Bi\u00e9leux | 10 juillet - Commune de Modave\",\"isPartOf\":{\"@id\":\"https:\\\/\\\/www.modave.be\\\/#website\"},\"primaryImageOfPage\":{\"@id\":\"https:\\\/\\\/www.modave.be\\\/index.php\\\/services_communaux\\\/tir-de-mine-carriere-bieleux-10-juillet\\\/#primaryimage\"},\"image\":{\"@id\":\"https:\\\/\\\/www.modave.be\\\/index.php\\\/services_communaux\\\/tir-de-mine-carriere-bieleux-10-juillet\\\/#primaryimage\"},\"thumbnailUrl\":\"https:\\\/\\\/www.modave.be\\\/wp-content\\\/uploads\\\/2023\\\/04\\\/chantier-v2-e1727685320454.jpg\",\"datePublished\":\"2025-07-04T12:35:20+00:00\",\"dateModified\":\"2025-07-04T12:35:21+00:00\",\"breadcrumb\":{\"@id\":\"https:\\\/\\\/www.modave.be\\\/index.php\\\/services_communaux\\\/tir-de-mine-carriere-bieleux-10-juillet\\\/#breadcrumb\"},\"inLanguage\":\"fr-FR\",\"potentialAction\":[{\"@type\":\"ReadAction\",\"target\":[\"https:\\\/\\\/www.modave.be\\\/index.php\\\/services_communaux\\\/tir-de-mine-carriere-bieleux-10-juillet\\\/\"]}]},{\"@type\":\"ImageObject\",\"inLanguage\":\"fr-FR\",\"@id\":\"https:\\\/\\\/www.modave.be\\\/index.php\\\/services_communaux\\\/tir-de-mine-carriere-bieleux-10-juillet\\\/#primaryimage\",\"url\":\"https:\\\/\\\/www.modave.be\\\/wp-content\\\/uploads\\\/2023\\\/04\\\/chantier-v2-e1727685320454.jpg\",\"contentUrl\":\"https:\\\/\\\/www.modave.be\\\/wp-content\\\/uploads\\\/2023\\\/04\\\/chantier-v2-e1727685320454.jpg\",\"width\":1280,\"height\":640},{\"@type\":\"BreadcrumbList\",\"@id\":\"https:\\\/\\\/www.modave.be\\\/index.php\\\/services_communaux\\\/tir-de-mine-carriere-bieleux-10-juillet\\\/#breadcrumb\",\"itemListElement\":[{\"@type\":\"ListItem\",\"position\":1,\"name\":\"Accueil\",\"item\":\"https:\\\/\\\/www.modave.be\\\/\"},{\"@type\":\"ListItem\",\"position\":2,\"name\":\"Tir de mine | Carri\u00e8re Bi\u00e9leux | 10 juillet\"}]},{\"@type\":\"WebSite\",\"@id\":\"https:\\\/\\\/www.modave.be\\\/#website\",\"url\":\"https:\\\/\\\/www.modave.be\\\/\",\"name\":\"Commune de Modave\",\"description\":\"Commune de Modave\",\"publisher\":{\"@id\":\"https:\\\/\\\/www.modave.be\\\/#organization\"},\"potentialAction\":[{\"@type\":\"SearchAction\",\"target\":{\"@type\":\"EntryPoint\",\"urlTemplate\":\"https:\\\/\\\/www.modave.be\\\/?s={search_term_string}\"},\"query-input\":{\"@type\":\"PropertyValueSpecification\",\"valueRequired\":true,\"valueName\":\"search_term_string\"}}],\"inLanguage\":\"fr-FR\"},{\"@type\":\"Organization\",\"@id\":\"https:\\\/\\\/www.modave.be\\\/#organization\",\"name\":\"Commune de Modave\",\"url\":\"https:\\\/\\\/www.modave.be\\\/\",\"logo\":{\"@type\":\"ImageObject\",\"inLanguage\":\"fr-FR\",\"@id\":\"https:\\\/\\\/www.modave.be\\\/#\\\/schema\\\/logo\\\/image\\\/\",\"url\":\"https:\\\/\\\/www.modave.be\\\/wp-content\\\/uploads\\\/2021\\\/12\\\/MODAVE_LOGO_HORIZONTAL_QUADRI_RVB.png\",\"contentUrl\":\"https:\\\/\\\/www.modave.be\\\/wp-content\\\/uploads\\\/2021\\\/12\\\/MODAVE_LOGO_HORIZONTAL_QUADRI_RVB.png\",\"width\":1200,\"height\":501,\"caption\":\"Commune de Modave\"},\"image\":{\"@id\":\"https:\\\/\\\/www.modave.be\\\/#\\\/schema\\\/logo\\\/image\\\/\"}}]}<\/script>\n<!-- \/ Yoast SEO plugin. -->","yoast_head_json":{"title":"Tir de mine | Carri\u00e8re Bi\u00e9leux | 10 juillet - Commune de Modave","robots":{"index":"index","follow":"follow","max-snippet":"max-snippet:-1","max-image-preview":"max-image-preview:large","max-video-preview":"max-video-preview:-1"},"canonical":"https:\/\/www.modave.be\/index.php\/services_communaux\/tir-de-mine-carriere-bieleux-10-juillet\/","og_locale":"fr_FR","og_type":"article","og_title":"Tir de mine | Carri\u00e8re Bi\u00e9leux | 10 juillet - Commune de Modave","og_description":"\ud835\udc00\ud835\udc15\ud835\udc08\ud835\udc12 \ud835\udc08\ud835\udc0c\ud835\udc0f\ud835\udc0e\ud835\udc11\ud835\udc13\ud835\udc00\ud835\udc0d\ud835\udc13 | \ud835\udc13\ud835\udc08\ud835\udc11 \ud835\udc03\ud835\udc04 \ud835\udc0c\ud835\udc08\ud835\udc0d\ud835\udc04 Nous vous informons qu\u2019un tir sera r\u00e9alis\u00e9 \u00e0 la carri\u00e8re Les Bi\u00e9leux \u00e0 Modave le 10 juillet entre 12h et 14h. N\u2019h\u00e9sitez pas \u00e0 en informer votre entourage, et merci pour votre attention !","og_url":"https:\/\/www.modave.be\/index.php\/services_communaux\/tir-de-mine-carriere-bieleux-10-juillet\/","og_site_name":"Commune de Modave","article_modified_time":"2025-07-04T12:35:21+00:00","og_image":[{"width":1280,"height":640,"url":"https:\/\/www.modave.be\/wp-content\/uploads\/2023\/04\/chantier-v2-e1727685320454.jpg","type":"image\/jpeg"}],"twitter_card":"summary_large_image","schema":{"@context":"https:\/\/schema.org","@graph":[{"@type":"WebPage","@id":"https:\/\/www.modave.be\/index.php\/services_communaux\/tir-de-mine-carriere-bieleux-10-juillet\/","url":"https:\/\/www.modave.be\/index.php\/services_communaux\/tir-de-mine-carriere-bieleux-10-juillet\/","name":"Tir de mine | Carri\u00e8re Bi\u00e9leux | 10 juillet - Commune de Modave","isPartOf":{"@id":"https:\/\/www.modave.be\/#website"},"primaryImageOfPage":{"@id":"https:\/\/www.modave.be\/index.php\/services_communaux\/tir-de-mine-carriere-bieleux-10-juillet\/#primaryimage"},"image":{"@id":"https:\/\/www.modave.be\/index.php\/services_communaux\/tir-de-mine-carriere-bieleux-10-juillet\/#primaryimage"},"thumbnailUrl":"https:\/\/www.modave.be\/wp-content\/uploads\/2023\/04\/chantier-v2-e1727685320454.jpg","datePublished":"2025-07-04T12:35:20+00:00","dateModified":"2025-07-04T12:35:21+00:00","breadcrumb":{"@id":"https:\/\/www.modave.be\/index.php\/services_communaux\/tir-de-mine-carriere-bieleux-10-juillet\/#breadcrumb"},"inLanguage":"fr-FR","potentialAction":[{"@type":"ReadAction","target":["https:\/\/www.modave.be\/index.php\/services_communaux\/tir-de-mine-carriere-bieleux-10-juillet\/"]}]},{"@type":"ImageObject","inLanguage":"fr-FR","@id":"https:\/\/www.modave.be\/index.php\/services_communaux\/tir-de-mine-carriere-bieleux-10-juillet\/#primaryimage","url":"https:\/\/www.modave.be\/wp-content\/uploads\/2023\/04\/chantier-v2-e1727685320454.jpg","contentUrl":"https:\/\/www.modave.be\/wp-content\/uploads\/2023\/04\/chantier-v2-e1727685320454.jpg","width":1280,"height":640},{"@type":"BreadcrumbList","@id":"https:\/\/www.modave.be\/index.php\/services_communaux\/tir-de-mine-carriere-bieleux-10-juillet\/#breadcrumb","itemListElement":[{"@type":"ListItem","position":1,"name":"Accueil","item":"https:\/\/www.modave.be\/"},{"@type":"ListItem","position":2,"name":"Tir de mine | Carri\u00e8re Bi\u00e9leux | 10 juillet"}]},{"@type":"WebSite","@id":"https:\/\/www.modave.be\/#website","url":"https:\/\/www.modave.be\/","name":"Commune de Modave","description":"Commune de Modave","publisher":{"@id":"https:\/\/www.modave.be\/#organization"},"potentialAction":[{"@type":"SearchAction","target":{"@type":"EntryPoint","urlTemplate":"https:\/\/www.modave.be\/?s={search_term_string}"},"query-input":{"@type":"PropertyValueSpecification","valueRequired":true,"valueName":"search_term_string"}}],"inLanguage":"fr-FR"},{"@type":"Organization","@id":"https:\/\/www.modave.be\/#organization","name":"Commune de Modave","url":"https:\/\/www.modave.be\/","logo":{"@type":"ImageObject","inLanguage":"fr-FR","@id":"https:\/\/www.modave.be\/#\/schema\/logo\/image\/","url":"https:\/\/www.modave.be\/wp-content\/uploads\/2021\/12\/MODAVE_LOGO_HORIZONTAL_QUADRI_RVB.png","contentUrl":"https:\/\/www.modave.be\/wp-content\/uploads\/2021\/12\/MODAVE_LOGO_HORIZONTAL_QUADRI_RVB.png","width":1200,"height":501,"caption":"Commune de Modave"},"image":{"@id":"https:\/\/www.modave.be\/#\/schema\/logo\/image\/"}}]}},"_links":{"self":[{"href":"https:\/\/www.modave.be\/index.php\/wp-json\/wp\/v2\/services_communaux\/16047","targetHints":{"allow":["GET"]}}],"collection":[{"href":"https:\/\/www.modave.be\/index.php\/wp-json\/wp\/v2\/services_communaux"}],"about":[{"href":"https:\/\/www.modave.be\/index.php\/wp-json\/wp\/v2\/types\/services_communaux"}],"author":[{"embeddable":true,"href":"https:\/\/www.modave.be\/index.php\/wp-json\/wp\/v2\/users\/9"}],"wp:featuredmedia":[{"embeddable":true,"href":"https:\/\/www.modave.be\/index.php\/wp-json\/wp\/v2\/media\/12395"}],"wp:attachment":[{"href":"https:\/\/www.modave.be\/index.php\/wp-json\/wp\/v2\/media?parent=16047"}],"wp:term":[{"taxonomy":"category","embeddable":true,"href":"https:\/\/www.modave.be\/index.php\/wp-json\/wp\/v2\/categories?post=16047"}],"curies":[{"name":"wp","href":"https:\/\/api.w.org\/{rel}","templated":true}]}}