{"id":16051,"date":"2025-07-07T10:02:45","date_gmt":"2025-07-07T08:02:45","guid":{"rendered":"https:\/\/www.modave.be\/?post_type=services_communaux&#038;p=16051"},"modified":"2025-07-07T10:30:49","modified_gmt":"2025-07-07T08:30:49","slug":"feux-de-foret-adoptons-les-bons-reflexes","status":"publish","type":"services_communaux","link":"https:\/\/www.modave.be\/index.php\/services_communaux\/feux-de-foret-adoptons-les-bons-reflexes\/","title":{"rendered":"Feux de for\u00eat : adoptons les bons r\u00e9flexes"},"content":{"rendered":"\n<h2 class=\"wp-block-heading\">Pr\u00e9servons nos for\u00eats : chaque geste compte<\/h2>\n\n\n\n<p><em>Parce qu\u2019un moment d\u2019inattention peut avoir de lourdes cons\u00e9quences\u2026<\/em><\/p>\n\n\n\n<p>Le retour du beau temps est attendu dans quelques jours et avec lui, le risque d\u2019incendie repart \u00e0 la hausse. En \u00e9t\u00e9, la vigilance de chacun est essentielle pour pr\u00e9server nos for\u00eats.<\/p>\n\n\n\n<p>Le <strong>SPW Agriculture Ressources Naturelles Environnement<\/strong> nous partage les conseils de professionnels pour limiter les risques.<\/p>\n\n\n\n<p>Plus d\u2019infos : <a class=\"\" href=\"https:\/\/environnement.wallonie.be\/feux\">https:\/\/environnement.wallonie.be\/feux<\/a><\/p>\n\n\n\n<figure class=\"wp-block-embed is-type-video is-provider-youtube wp-block-embed-youtube wp-embed-aspect-16-9 wp-has-aspect-ratio\"><div class=\"wp-block-embed__wrapper\">\n<iframe title=\"Feux de for\u00eats\u202f: r\u00e9duisons les risques\" width=\"1200\" height=\"675\" src=\"https:\/\/www.youtube.com\/embed\/O8aA_-7n-6Y?feature=oembed\" frameborder=\"0\" allow=\"accelerometer; autoplay; clipboard-write; encrypted-media; gyroscope; picture-in-picture; web-share\" referrerpolicy=\"strict-origin-when-cross-origin\" allowfullscreen><\/iframe>\n<\/div><\/figure>\n\n\n\n<figure class=\"wp-block-gallery has-nested-images columns-default is-cropped wp-block-gallery-1 is-layout-flex wp-block-gallery-is-layout-flex\">\n<figure class=\"wp-block-image size-large\"><img fetchpriority=\"high\" decoding=\"async\" width=\"1024\" height=\"725\" data-id=\"16053\" src=\"https:\/\/www.modave.be\/wp-content\/uploads\/2025\/07\/incendies_page-0001-1024x725.jpg\" alt=\"\" class=\"wp-image-16053\" srcset=\"https:\/\/www.modave.be\/wp-content\/uploads\/2025\/07\/incendies_page-0001-1024x725.jpg 1024w, https:\/\/www.modave.be\/wp-content\/uploads\/2025\/07\/incendies_page-0001-300x212.jpg 300w, https:\/\/www.modave.be\/wp-content\/uploads\/2025\/07\/incendies_page-0001-768x543.jpg 768w, https:\/\/www.modave.be\/wp-content\/uploads\/2025\/07\/incendies_page-0001-1536x1087.jpg 1536w, https:\/\/www.modave.be\/wp-content\/uploads\/2025\/07\/incendies_page-0001.jpg 1754w\" sizes=\"(max-width: 1024px) 100vw, 1024px\" \/><\/figure>\n\n\n\n<figure class=\"wp-block-image size-large\"><img decoding=\"async\" width=\"1024\" height=\"725\" data-id=\"16052\" src=\"https:\/\/www.modave.be\/wp-content\/uploads\/2025\/07\/incendies_page-0002-1024x725.jpg\" alt=\"\" class=\"wp-image-16052\" srcset=\"https:\/\/www.modave.be\/wp-content\/uploads\/2025\/07\/incendies_page-0002-1024x725.jpg 1024w, https:\/\/www.modave.be\/wp-content\/uploads\/2025\/07\/incendies_page-0002-300x212.jpg 300w, https:\/\/www.modave.be\/wp-content\/uploads\/2025\/07\/incendies_page-0002-768x543.jpg 768w, https:\/\/www.modave.be\/wp-content\/uploads\/2025\/07\/incendies_page-0002-1536x1087.jpg 1536w, https:\/\/www.modave.be\/wp-content\/uploads\/2025\/07\/incendies_page-0002.jpg 1754w\" sizes=\"(max-width: 1024px) 100vw, 1024px\" \/><\/figure>\n<\/figure>\n\n\n\n<p class=\"has-text-color has-link-color wp-elements-393a99556362d1b30d3856e1af0161d7\" style=\"color:#ff0000\"><\/p>\n\n\n\n<p><\/p>\n","protected":false},"excerpt":{"rendered":"<p>Pr\u00e9servons nos for\u00eats : chaque geste compte Parce qu\u2019un moment d\u2019inattention peut avoir de lourdes cons\u00e9quences\u2026 Le retour du beau temps est attendu dans quelques jours et avec lui, le risque d\u2019incendie repart \u00e0 la hausse. En \u00e9t\u00e9, la vigilance de chacun est essentielle pour pr\u00e9server nos for\u00eats. Le SPW Agriculture Ressources Naturelles Environnement nous&hellip;<\/p>\n","protected":false},"author":9,"featured_media":16054,"menu_order":0,"template":"","categories":[199,225],"class_list":["post-16051","services_communaux","type-services_communaux","status-publish","has-post-thumbnail","hentry","category-environnement","category-sante_publique","description-off"],"yoast_head":"<!-- This site is optimized with the Yoast SEO plugin v27.4 - https:\/\/yoast.com\/product\/yoast-seo-wordpress\/ -->\n<title>Feux de for\u00eat : adoptons les bons r\u00e9flexes - Commune de Modave<\/title>\n<meta name=\"robots\" content=\"index, follow, max-snippet:-1, max-image-preview:large, max-video-preview:-1\" \/>\n<link rel=\"canonical\" href=\"https:\/\/www.modave.be\/index.php\/services_communaux\/feux-de-foret-adoptons-les-bons-reflexes\/\" \/>\n<meta property=\"og:locale\" content=\"fr_FR\" \/>\n<meta property=\"og:type\" content=\"article\" \/>\n<meta property=\"og:title\" content=\"Feux de for\u00eat : adoptons les bons r\u00e9flexes - Commune de Modave\" \/>\n<meta property=\"og:description\" content=\"Pr\u00e9servons nos for\u00eats : chaque geste compte Parce qu\u2019un moment d\u2019inattention peut avoir de lourdes cons\u00e9quences\u2026 Le retour du beau temps est attendu dans quelques jours et avec lui, le risque d\u2019incendie repart \u00e0 la hausse. En \u00e9t\u00e9, la vigilance de chacun est essentielle pour pr\u00e9server nos for\u00eats. Le SPW Agriculture Ressources Naturelles Environnement nous&hellip;\" \/>\n<meta property=\"og:url\" content=\"https:\/\/www.modave.be\/index.php\/services_communaux\/feux-de-foret-adoptons-les-bons-reflexes\/\" \/>\n<meta property=\"og:site_name\" content=\"Commune de Modave\" \/>\n<meta property=\"article:modified_time\" content=\"2025-07-07T08:30:49+00:00\" \/>\n<meta property=\"og:image\" content=\"https:\/\/www.modave.be\/wp-content\/uploads\/2025\/07\/forets-e1751875335546.jpg\" \/>\n\t<meta property=\"og:image:width\" content=\"1080\" \/>\n\t<meta property=\"og:image:height\" content=\"540\" \/>\n\t<meta property=\"og:image:type\" content=\"image\/jpeg\" \/>\n<meta name=\"twitter:card\" content=\"summary_large_image\" \/>\n<script type=\"application\/ld+json\" class=\"yoast-schema-graph\">{\"@context\":\"https:\\\/\\\/schema.org\",\"@graph\":[{\"@type\":\"WebPage\",\"@id\":\"https:\\\/\\\/www.modave.be\\\/index.php\\\/services_communaux\\\/feux-de-foret-adoptons-les-bons-reflexes\\\/\",\"url\":\"https:\\\/\\\/www.modave.be\\\/index.php\\\/services_communaux\\\/feux-de-foret-adoptons-les-bons-reflexes\\\/\",\"name\":\"Feux de for\u00eat : adoptons les bons r\u00e9flexes - Commune de Modave\",\"isPartOf\":{\"@id\":\"https:\\\/\\\/www.modave.be\\\/#website\"},\"primaryImageOfPage\":{\"@id\":\"https:\\\/\\\/www.modave.be\\\/index.php\\\/services_communaux\\\/feux-de-foret-adoptons-les-bons-reflexes\\\/#primaryimage\"},\"image\":{\"@id\":\"https:\\\/\\\/www.modave.be\\\/index.php\\\/services_communaux\\\/feux-de-foret-adoptons-les-bons-reflexes\\\/#primaryimage\"},\"thumbnailUrl\":\"https:\\\/\\\/www.modave.be\\\/wp-content\\\/uploads\\\/2025\\\/07\\\/forets-e1751875335546.jpg\",\"datePublished\":\"2025-07-07T08:02:45+00:00\",\"dateModified\":\"2025-07-07T08:30:49+00:00\",\"breadcrumb\":{\"@id\":\"https:\\\/\\\/www.modave.be\\\/index.php\\\/services_communaux\\\/feux-de-foret-adoptons-les-bons-reflexes\\\/#breadcrumb\"},\"inLanguage\":\"fr-FR\",\"potentialAction\":[{\"@type\":\"ReadAction\",\"target\":[\"https:\\\/\\\/www.modave.be\\\/index.php\\\/services_communaux\\\/feux-de-foret-adoptons-les-bons-reflexes\\\/\"]}]},{\"@type\":\"ImageObject\",\"inLanguage\":\"fr-FR\",\"@id\":\"https:\\\/\\\/www.modave.be\\\/index.php\\\/services_communaux\\\/feux-de-foret-adoptons-les-bons-reflexes\\\/#primaryimage\",\"url\":\"https:\\\/\\\/www.modave.be\\\/wp-content\\\/uploads\\\/2025\\\/07\\\/forets-e1751875335546.jpg\",\"contentUrl\":\"https:\\\/\\\/www.modave.be\\\/wp-content\\\/uploads\\\/2025\\\/07\\\/forets-e1751875335546.jpg\",\"width\":1080,\"height\":540},{\"@type\":\"BreadcrumbList\",\"@id\":\"https:\\\/\\\/www.modave.be\\\/index.php\\\/services_communaux\\\/feux-de-foret-adoptons-les-bons-reflexes\\\/#breadcrumb\",\"itemListElement\":[{\"@type\":\"ListItem\",\"position\":1,\"name\":\"Accueil\",\"item\":\"https:\\\/\\\/www.modave.be\\\/\"},{\"@type\":\"ListItem\",\"position\":2,\"name\":\"Feux de for\u00eat : adoptons les bons r\u00e9flexes\"}]},{\"@type\":\"WebSite\",\"@id\":\"https:\\\/\\\/www.modave.be\\\/#website\",\"url\":\"https:\\\/\\\/www.modave.be\\\/\",\"name\":\"Commune de Modave\",\"description\":\"Commune de Modave\",\"publisher\":{\"@id\":\"https:\\\/\\\/www.modave.be\\\/#organization\"},\"potentialAction\":[{\"@type\":\"SearchAction\",\"target\":{\"@type\":\"EntryPoint\",\"urlTemplate\":\"https:\\\/\\\/www.modave.be\\\/?s={search_term_string}\"},\"query-input\":{\"@type\":\"PropertyValueSpecification\",\"valueRequired\":true,\"valueName\":\"search_term_string\"}}],\"inLanguage\":\"fr-FR\"},{\"@type\":\"Organization\",\"@id\":\"https:\\\/\\\/www.modave.be\\\/#organization\",\"name\":\"Commune de Modave\",\"url\":\"https:\\\/\\\/www.modave.be\\\/\",\"logo\":{\"@type\":\"ImageObject\",\"inLanguage\":\"fr-FR\",\"@id\":\"https:\\\/\\\/www.modave.be\\\/#\\\/schema\\\/logo\\\/image\\\/\",\"url\":\"https:\\\/\\\/www.modave.be\\\/wp-content\\\/uploads\\\/2021\\\/12\\\/MODAVE_LOGO_HORIZONTAL_QUADRI_RVB.png\",\"contentUrl\":\"https:\\\/\\\/www.modave.be\\\/wp-content\\\/uploads\\\/2021\\\/12\\\/MODAVE_LOGO_HORIZONTAL_QUADRI_RVB.png\",\"width\":1200,\"height\":501,\"caption\":\"Commune de Modave\"},\"image\":{\"@id\":\"https:\\\/\\\/www.modave.be\\\/#\\\/schema\\\/logo\\\/image\\\/\"}}]}<\/script>\n<!-- \/ Yoast SEO plugin. -->","yoast_head_json":{"title":"Feux de for\u00eat : adoptons les bons r\u00e9flexes - Commune de Modave","robots":{"index":"index","follow":"follow","max-snippet":"max-snippet:-1","max-image-preview":"max-image-preview:large","max-video-preview":"max-video-preview:-1"},"canonical":"https:\/\/www.modave.be\/index.php\/services_communaux\/feux-de-foret-adoptons-les-bons-reflexes\/","og_locale":"fr_FR","og_type":"article","og_title":"Feux de for\u00eat : adoptons les bons r\u00e9flexes - Commune de Modave","og_description":"Pr\u00e9servons nos for\u00eats : chaque geste compte Parce qu\u2019un moment d\u2019inattention peut avoir de lourdes cons\u00e9quences\u2026 Le retour du beau temps est attendu dans quelques jours et avec lui, le risque d\u2019incendie repart \u00e0 la hausse. En \u00e9t\u00e9, la vigilance de chacun est essentielle pour pr\u00e9server nos for\u00eats. Le SPW Agriculture Ressources Naturelles Environnement nous&hellip;","og_url":"https:\/\/www.modave.be\/index.php\/services_communaux\/feux-de-foret-adoptons-les-bons-reflexes\/","og_site_name":"Commune de Modave","article_modified_time":"2025-07-07T08:30:49+00:00","og_image":[{"width":1080,"height":540,"url":"https:\/\/www.modave.be\/wp-content\/uploads\/2025\/07\/forets-e1751875335546.jpg","type":"image\/jpeg"}],"twitter_card":"summary_large_image","schema":{"@context":"https:\/\/schema.org","@graph":[{"@type":"WebPage","@id":"https:\/\/www.modave.be\/index.php\/services_communaux\/feux-de-foret-adoptons-les-bons-reflexes\/","url":"https:\/\/www.modave.be\/index.php\/services_communaux\/feux-de-foret-adoptons-les-bons-reflexes\/","name":"Feux de for\u00eat : adoptons les bons r\u00e9flexes - Commune de Modave","isPartOf":{"@id":"https:\/\/www.modave.be\/#website"},"primaryImageOfPage":{"@id":"https:\/\/www.modave.be\/index.php\/services_communaux\/feux-de-foret-adoptons-les-bons-reflexes\/#primaryimage"},"image":{"@id":"https:\/\/www.modave.be\/index.php\/services_communaux\/feux-de-foret-adoptons-les-bons-reflexes\/#primaryimage"},"thumbnailUrl":"https:\/\/www.modave.be\/wp-content\/uploads\/2025\/07\/forets-e1751875335546.jpg","datePublished":"2025-07-07T08:02:45+00:00","dateModified":"2025-07-07T08:30:49+00:00","breadcrumb":{"@id":"https:\/\/www.modave.be\/index.php\/services_communaux\/feux-de-foret-adoptons-les-bons-reflexes\/#breadcrumb"},"inLanguage":"fr-FR","potentialAction":[{"@type":"ReadAction","target":["https:\/\/www.modave.be\/index.php\/services_communaux\/feux-de-foret-adoptons-les-bons-reflexes\/"]}]},{"@type":"ImageObject","inLanguage":"fr-FR","@id":"https:\/\/www.modave.be\/index.php\/services_communaux\/feux-de-foret-adoptons-les-bons-reflexes\/#primaryimage","url":"https:\/\/www.modave.be\/wp-content\/uploads\/2025\/07\/forets-e1751875335546.jpg","contentUrl":"https:\/\/www.modave.be\/wp-content\/uploads\/2025\/07\/forets-e1751875335546.jpg","width":1080,"height":540},{"@type":"BreadcrumbList","@id":"https:\/\/www.modave.be\/index.php\/services_communaux\/feux-de-foret-adoptons-les-bons-reflexes\/#breadcrumb","itemListElement":[{"@type":"ListItem","position":1,"name":"Accueil","item":"https:\/\/www.modave.be\/"},{"@type":"ListItem","position":2,"name":"Feux de for\u00eat : adoptons les bons r\u00e9flexes"}]},{"@type":"WebSite","@id":"https:\/\/www.modave.be\/#website","url":"https:\/\/www.modave.be\/","name":"Commune de Modave","description":"Commune de Modave","publisher":{"@id":"https:\/\/www.modave.be\/#organization"},"potentialAction":[{"@type":"SearchAction","target":{"@type":"EntryPoint","urlTemplate":"https:\/\/www.modave.be\/?s={search_term_string}"},"query-input":{"@type":"PropertyValueSpecification","valueRequired":true,"valueName":"search_term_string"}}],"inLanguage":"fr-FR"},{"@type":"Organization","@id":"https:\/\/www.modave.be\/#organization","name":"Commune de Modave","url":"https:\/\/www.modave.be\/","logo":{"@type":"ImageObject","inLanguage":"fr-FR","@id":"https:\/\/www.modave.be\/#\/schema\/logo\/image\/","url":"https:\/\/www.modave.be\/wp-content\/uploads\/2021\/12\/MODAVE_LOGO_HORIZONTAL_QUADRI_RVB.png","contentUrl":"https:\/\/www.modave.be\/wp-content\/uploads\/2021\/12\/MODAVE_LOGO_HORIZONTAL_QUADRI_RVB.png","width":1200,"height":501,"caption":"Commune de Modave"},"image":{"@id":"https:\/\/www.modave.be\/#\/schema\/logo\/image\/"}}]}},"_links":{"self":[{"href":"https:\/\/www.modave.be\/index.php\/wp-json\/wp\/v2\/services_communaux\/16051","targetHints":{"allow":["GET"]}}],"collection":[{"href":"https:\/\/www.modave.be\/index.php\/wp-json\/wp\/v2\/services_communaux"}],"about":[{"href":"https:\/\/www.modave.be\/index.php\/wp-json\/wp\/v2\/types\/services_communaux"}],"author":[{"embeddable":true,"href":"https:\/\/www.modave.be\/index.php\/wp-json\/wp\/v2\/users\/9"}],"wp:featuredmedia":[{"embeddable":true,"href":"https:\/\/www.modave.be\/index.php\/wp-json\/wp\/v2\/media\/16054"}],"wp:attachment":[{"href":"https:\/\/www.modave.be\/index.php\/wp-json\/wp\/v2\/media?parent=16051"}],"wp:term":[{"taxonomy":"category","embeddable":true,"href":"https:\/\/www.modave.be\/index.php\/wp-json\/wp\/v2\/categories?post=16051"}],"curies":[{"name":"wp","href":"https:\/\/api.w.org\/{rel}","templated":true}]}}