{"id":16269,"date":"2025-08-18T14:01:33","date_gmt":"2025-08-18T12:01:33","guid":{"rendered":"https:\/\/www.modave.be\/?post_type=services_communaux&#038;p=16269"},"modified":"2025-08-18T14:01:33","modified_gmt":"2025-08-18T12:01:33","slug":"tir-de-mine-carriere-bois-jean-etienne-22-aout-2025","status":"publish","type":"services_communaux","link":"https:\/\/www.modave.be\/index.php\/services_communaux\/tir-de-mine-carriere-bois-jean-etienne-22-aout-2025\/","title":{"rendered":"Tir de mine | Carri\u00e8re Bois Jean-Etienne | 22 ao\u00fbt 2025"},"content":{"rendered":"\n<p><img decoding=\"async\" height=\"16\" width=\"16\" alt=\"\u26a0\ufe0f\" src=\"https:\/\/static.xx.fbcdn.net\/images\/emoji.php\/v9\/tdc\/1\/16\/26a0.png\"> \ud835\uddd4\ud835\udde9\ud835\udddc\ud835\udde6 \ud835\udddc\ud835\udde0\ud835\udde3\ud835\udde2\ud835\udde5\ud835\udde7\ud835\uddd4\ud835\udde1\ud835\udde7 | \ud835\udde7\ud835\udddc\ud835\udde5 \ud835\uddd4\u0300 \ud835\udddf\ud835\uddd4 \ud835\uddd6\ud835\uddd4\ud835\udde5\ud835\udde5\ud835\udddc\ud835\uddd8\u0300\ud835\udde5\ud835\uddd8 <img decoding=\"async\" height=\"16\" width=\"16\" alt=\"\u26a0\ufe0f\" src=\"https:\/\/static.xx.fbcdn.net\/images\/emoji.php\/v9\/tdc\/1\/16\/26a0.png\"><\/p>\n\n\n\n<p>Un tir aura lieu \u00e0 la carri\u00e8re \ud835\uddd5\ud835\uddfc\ud835\uddf6\ud835\ude00 \ud835\udddd\ud835\uddf2\ud835\uddee\ud835\uddfb-\ud835\uddd8\ud835\ude01\ud835\uddf6\ud835\uddf2\ud835\uddfb\ud835\uddfb\ud835\uddf2 (Marchin) le vendredi 22 ao\u00fbt, \ud835\uddf2\ud835\uddfb\ud835\ude01\ud835\uddff\ud835\uddf2 \ud835\udfed\ud835\udfed\ud835\uddf5 \ud835\uddf2\ud835\ude01 \ud835\udfed\ud835\udff1\ud835\uddf5. Il s\u2019agit d\u2019une op\u00e9ration ma\u00eetris\u00e9e, encadr\u00e9e par des professionnels. Des d\u00e9tonations pourraient \u00eatre entendues dans les environs pendant cette p\u00e9riode.<\/p>\n\n\n\n<p>Merci de partager l\u2019info autour de vous afin d\u2019\u00e9viter toute inqui\u00e9tude inutile.<\/p>\n\n\n\n<p>Merci pour votre compr\u00e9hension !<\/p>\n\n\n\n<figure class=\"wp-block-image size-full\"><img fetchpriority=\"high\" decoding=\"async\" width=\"1080\" height=\"1080\" src=\"https:\/\/www.modave.be\/wp-content\/uploads\/2025\/08\/Tir-de-Mine-annonce.jpg\" alt=\"\" class=\"wp-image-16270\" srcset=\"https:\/\/www.modave.be\/wp-content\/uploads\/2025\/08\/Tir-de-Mine-annonce.jpg 1080w, https:\/\/www.modave.be\/wp-content\/uploads\/2025\/08\/Tir-de-Mine-annonce-300x300.jpg 300w, https:\/\/www.modave.be\/wp-content\/uploads\/2025\/08\/Tir-de-Mine-annonce-1024x1024.jpg 1024w, https:\/\/www.modave.be\/wp-content\/uploads\/2025\/08\/Tir-de-Mine-annonce-150x150.jpg 150w, https:\/\/www.modave.be\/wp-content\/uploads\/2025\/08\/Tir-de-Mine-annonce-768x768.jpg 768w\" sizes=\"(max-width: 1080px) 100vw, 1080px\" \/><\/figure>\n","protected":false},"excerpt":{"rendered":"<p>\ud835\uddd4\ud835\udde9\ud835\udddc\ud835\udde6 \ud835\udddc\ud835\udde0\ud835\udde3\ud835\udde2\ud835\udde5\ud835\udde7\ud835\uddd4\ud835\udde1\ud835\udde7 | \ud835\udde7\ud835\udddc\ud835\udde5 \ud835\uddd4\u0300 \ud835\udddf\ud835\uddd4 \ud835\uddd6\ud835\uddd4\ud835\udde5\ud835\udde5\ud835\udddc\ud835\uddd8\u0300\ud835\udde5\ud835\uddd8 Un tir aura lieu \u00e0 la carri\u00e8re \ud835\uddd5\ud835\uddfc\ud835\uddf6\ud835\ude00 \ud835\udddd\ud835\uddf2\ud835\uddee\ud835\uddfb-\ud835\uddd8\ud835\ude01\ud835\uddf6\ud835\uddf2\ud835\uddfb\ud835\uddfb\ud835\uddf2 (Marchin) le vendredi 22 ao\u00fbt, \ud835\uddf2\ud835\uddfb\ud835\ude01\ud835\uddff\ud835\uddf2 \ud835\udfed\ud835\udfed\ud835\uddf5 \ud835\uddf2\ud835\ude01 \ud835\udfed\ud835\udff1\ud835\uddf5. Il s\u2019agit d\u2019une op\u00e9ration ma\u00eetris\u00e9e, encadr\u00e9e par des professionnels. Des d\u00e9tonations pourraient \u00eatre entendues dans les environs pendant cette p\u00e9riode. Merci de partager l\u2019info autour de vous afin d\u2019\u00e9viter toute&hellip;<\/p>\n","protected":false},"author":9,"featured_media":12395,"menu_order":1,"template":"","categories":[1],"class_list":["post-16269","services_communaux","type-services_communaux","status-publish","has-post-thumbnail","hentry","category-non-classe","description-off"],"yoast_head":"<!-- This site is optimized with the Yoast SEO plugin v27.5 - https:\/\/yoast.com\/product\/yoast-seo-wordpress\/ -->\n<title>Tir de mine | Carri\u00e8re Bois Jean-Etienne | 22 ao\u00fbt 2025 - Commune de Modave<\/title>\n<meta name=\"robots\" content=\"index, follow, max-snippet:-1, max-image-preview:large, max-video-preview:-1\" \/>\n<link rel=\"canonical\" href=\"https:\/\/www.modave.be\/index.php\/services_communaux\/tir-de-mine-carriere-bois-jean-etienne-22-aout-2025\/\" \/>\n<meta property=\"og:locale\" content=\"fr_FR\" \/>\n<meta property=\"og:type\" content=\"article\" \/>\n<meta property=\"og:title\" content=\"Tir de mine | Carri\u00e8re Bois Jean-Etienne | 22 ao\u00fbt 2025 - Commune de Modave\" \/>\n<meta property=\"og:description\" content=\"\ud835\uddd4\ud835\udde9\ud835\udddc\ud835\udde6 \ud835\udddc\ud835\udde0\ud835\udde3\ud835\udde2\ud835\udde5\ud835\udde7\ud835\uddd4\ud835\udde1\ud835\udde7 | \ud835\udde7\ud835\udddc\ud835\udde5 \ud835\uddd4\u0300 \ud835\udddf\ud835\uddd4 \ud835\uddd6\ud835\uddd4\ud835\udde5\ud835\udde5\ud835\udddc\ud835\uddd8\u0300\ud835\udde5\ud835\uddd8 Un tir aura lieu \u00e0 la carri\u00e8re \ud835\uddd5\ud835\uddfc\ud835\uddf6\ud835\ude00 \ud835\udddd\ud835\uddf2\ud835\uddee\ud835\uddfb-\ud835\uddd8\ud835\ude01\ud835\uddf6\ud835\uddf2\ud835\uddfb\ud835\uddfb\ud835\uddf2 (Marchin) le vendredi 22 ao\u00fbt, \ud835\uddf2\ud835\uddfb\ud835\ude01\ud835\uddff\ud835\uddf2 \ud835\udfed\ud835\udfed\ud835\uddf5 \ud835\uddf2\ud835\ude01 \ud835\udfed\ud835\udff1\ud835\uddf5. Il s\u2019agit d\u2019une op\u00e9ration ma\u00eetris\u00e9e, encadr\u00e9e par des professionnels. Des d\u00e9tonations pourraient \u00eatre entendues dans les environs pendant cette p\u00e9riode. Merci de partager l\u2019info autour de vous afin d\u2019\u00e9viter toute&hellip;\" \/>\n<meta property=\"og:url\" content=\"https:\/\/www.modave.be\/index.php\/services_communaux\/tir-de-mine-carriere-bois-jean-etienne-22-aout-2025\/\" \/>\n<meta property=\"og:site_name\" content=\"Commune de Modave\" \/>\n<meta property=\"og:image\" content=\"https:\/\/www.modave.be\/wp-content\/uploads\/2023\/04\/chantier-v2-e1727685320454.jpg\" \/>\n\t<meta property=\"og:image:width\" content=\"1280\" \/>\n\t<meta property=\"og:image:height\" content=\"640\" \/>\n\t<meta property=\"og:image:type\" content=\"image\/jpeg\" \/>\n<meta name=\"twitter:card\" content=\"summary_large_image\" \/>\n<script type=\"application\/ld+json\" class=\"yoast-schema-graph\">{\"@context\":\"https:\\\/\\\/schema.org\",\"@graph\":[{\"@type\":\"WebPage\",\"@id\":\"https:\\\/\\\/www.modave.be\\\/index.php\\\/services_communaux\\\/tir-de-mine-carriere-bois-jean-etienne-22-aout-2025\\\/\",\"url\":\"https:\\\/\\\/www.modave.be\\\/index.php\\\/services_communaux\\\/tir-de-mine-carriere-bois-jean-etienne-22-aout-2025\\\/\",\"name\":\"Tir de mine | Carri\u00e8re Bois Jean-Etienne | 22 ao\u00fbt 2025 - Commune de Modave\",\"isPartOf\":{\"@id\":\"https:\\\/\\\/www.modave.be\\\/#website\"},\"primaryImageOfPage\":{\"@id\":\"https:\\\/\\\/www.modave.be\\\/index.php\\\/services_communaux\\\/tir-de-mine-carriere-bois-jean-etienne-22-aout-2025\\\/#primaryimage\"},\"image\":{\"@id\":\"https:\\\/\\\/www.modave.be\\\/index.php\\\/services_communaux\\\/tir-de-mine-carriere-bois-jean-etienne-22-aout-2025\\\/#primaryimage\"},\"thumbnailUrl\":\"https:\\\/\\\/www.modave.be\\\/wp-content\\\/uploads\\\/2023\\\/04\\\/chantier-v2-e1727685320454.jpg\",\"datePublished\":\"2025-08-18T12:01:33+00:00\",\"breadcrumb\":{\"@id\":\"https:\\\/\\\/www.modave.be\\\/index.php\\\/services_communaux\\\/tir-de-mine-carriere-bois-jean-etienne-22-aout-2025\\\/#breadcrumb\"},\"inLanguage\":\"fr-FR\",\"potentialAction\":[{\"@type\":\"ReadAction\",\"target\":[\"https:\\\/\\\/www.modave.be\\\/index.php\\\/services_communaux\\\/tir-de-mine-carriere-bois-jean-etienne-22-aout-2025\\\/\"]}]},{\"@type\":\"ImageObject\",\"inLanguage\":\"fr-FR\",\"@id\":\"https:\\\/\\\/www.modave.be\\\/index.php\\\/services_communaux\\\/tir-de-mine-carriere-bois-jean-etienne-22-aout-2025\\\/#primaryimage\",\"url\":\"https:\\\/\\\/www.modave.be\\\/wp-content\\\/uploads\\\/2023\\\/04\\\/chantier-v2-e1727685320454.jpg\",\"contentUrl\":\"https:\\\/\\\/www.modave.be\\\/wp-content\\\/uploads\\\/2023\\\/04\\\/chantier-v2-e1727685320454.jpg\",\"width\":1280,\"height\":640},{\"@type\":\"BreadcrumbList\",\"@id\":\"https:\\\/\\\/www.modave.be\\\/index.php\\\/services_communaux\\\/tir-de-mine-carriere-bois-jean-etienne-22-aout-2025\\\/#breadcrumb\",\"itemListElement\":[{\"@type\":\"ListItem\",\"position\":1,\"name\":\"Accueil\",\"item\":\"https:\\\/\\\/www.modave.be\\\/\"},{\"@type\":\"ListItem\",\"position\":2,\"name\":\"Tir de mine | Carri\u00e8re Bois Jean-Etienne | 22 ao\u00fbt 2025\"}]},{\"@type\":\"WebSite\",\"@id\":\"https:\\\/\\\/www.modave.be\\\/#website\",\"url\":\"https:\\\/\\\/www.modave.be\\\/\",\"name\":\"Commune de Modave\",\"description\":\"Commune de Modave\",\"publisher\":{\"@id\":\"https:\\\/\\\/www.modave.be\\\/#organization\"},\"potentialAction\":[{\"@type\":\"SearchAction\",\"target\":{\"@type\":\"EntryPoint\",\"urlTemplate\":\"https:\\\/\\\/www.modave.be\\\/?s={search_term_string}\"},\"query-input\":{\"@type\":\"PropertyValueSpecification\",\"valueRequired\":true,\"valueName\":\"search_term_string\"}}],\"inLanguage\":\"fr-FR\"},{\"@type\":\"Organization\",\"@id\":\"https:\\\/\\\/www.modave.be\\\/#organization\",\"name\":\"Commune de Modave\",\"url\":\"https:\\\/\\\/www.modave.be\\\/\",\"logo\":{\"@type\":\"ImageObject\",\"inLanguage\":\"fr-FR\",\"@id\":\"https:\\\/\\\/www.modave.be\\\/#\\\/schema\\\/logo\\\/image\\\/\",\"url\":\"https:\\\/\\\/www.modave.be\\\/wp-content\\\/uploads\\\/2021\\\/12\\\/MODAVE_LOGO_HORIZONTAL_QUADRI_RVB.png\",\"contentUrl\":\"https:\\\/\\\/www.modave.be\\\/wp-content\\\/uploads\\\/2021\\\/12\\\/MODAVE_LOGO_HORIZONTAL_QUADRI_RVB.png\",\"width\":1200,\"height\":501,\"caption\":\"Commune de Modave\"},\"image\":{\"@id\":\"https:\\\/\\\/www.modave.be\\\/#\\\/schema\\\/logo\\\/image\\\/\"}}]}<\/script>\n<!-- \/ Yoast SEO plugin. -->","yoast_head_json":{"title":"Tir de mine | Carri\u00e8re Bois Jean-Etienne | 22 ao\u00fbt 2025 - Commune de Modave","robots":{"index":"index","follow":"follow","max-snippet":"max-snippet:-1","max-image-preview":"max-image-preview:large","max-video-preview":"max-video-preview:-1"},"canonical":"https:\/\/www.modave.be\/index.php\/services_communaux\/tir-de-mine-carriere-bois-jean-etienne-22-aout-2025\/","og_locale":"fr_FR","og_type":"article","og_title":"Tir de mine | Carri\u00e8re Bois Jean-Etienne | 22 ao\u00fbt 2025 - Commune de Modave","og_description":"\ud835\uddd4\ud835\udde9\ud835\udddc\ud835\udde6 \ud835\udddc\ud835\udde0\ud835\udde3\ud835\udde2\ud835\udde5\ud835\udde7\ud835\uddd4\ud835\udde1\ud835\udde7 | \ud835\udde7\ud835\udddc\ud835\udde5 \ud835\uddd4\u0300 \ud835\udddf\ud835\uddd4 \ud835\uddd6\ud835\uddd4\ud835\udde5\ud835\udde5\ud835\udddc\ud835\uddd8\u0300\ud835\udde5\ud835\uddd8 Un tir aura lieu \u00e0 la carri\u00e8re \ud835\uddd5\ud835\uddfc\ud835\uddf6\ud835\ude00 \ud835\udddd\ud835\uddf2\ud835\uddee\ud835\uddfb-\ud835\uddd8\ud835\ude01\ud835\uddf6\ud835\uddf2\ud835\uddfb\ud835\uddfb\ud835\uddf2 (Marchin) le vendredi 22 ao\u00fbt, \ud835\uddf2\ud835\uddfb\ud835\ude01\ud835\uddff\ud835\uddf2 \ud835\udfed\ud835\udfed\ud835\uddf5 \ud835\uddf2\ud835\ude01 \ud835\udfed\ud835\udff1\ud835\uddf5. Il s\u2019agit d\u2019une op\u00e9ration ma\u00eetris\u00e9e, encadr\u00e9e par des professionnels. Des d\u00e9tonations pourraient \u00eatre entendues dans les environs pendant cette p\u00e9riode. Merci de partager l\u2019info autour de vous afin d\u2019\u00e9viter toute&hellip;","og_url":"https:\/\/www.modave.be\/index.php\/services_communaux\/tir-de-mine-carriere-bois-jean-etienne-22-aout-2025\/","og_site_name":"Commune de Modave","og_image":[{"width":1280,"height":640,"url":"https:\/\/www.modave.be\/wp-content\/uploads\/2023\/04\/chantier-v2-e1727685320454.jpg","type":"image\/jpeg"}],"twitter_card":"summary_large_image","schema":{"@context":"https:\/\/schema.org","@graph":[{"@type":"WebPage","@id":"https:\/\/www.modave.be\/index.php\/services_communaux\/tir-de-mine-carriere-bois-jean-etienne-22-aout-2025\/","url":"https:\/\/www.modave.be\/index.php\/services_communaux\/tir-de-mine-carriere-bois-jean-etienne-22-aout-2025\/","name":"Tir de mine | Carri\u00e8re Bois Jean-Etienne | 22 ao\u00fbt 2025 - Commune de Modave","isPartOf":{"@id":"https:\/\/www.modave.be\/#website"},"primaryImageOfPage":{"@id":"https:\/\/www.modave.be\/index.php\/services_communaux\/tir-de-mine-carriere-bois-jean-etienne-22-aout-2025\/#primaryimage"},"image":{"@id":"https:\/\/www.modave.be\/index.php\/services_communaux\/tir-de-mine-carriere-bois-jean-etienne-22-aout-2025\/#primaryimage"},"thumbnailUrl":"https:\/\/www.modave.be\/wp-content\/uploads\/2023\/04\/chantier-v2-e1727685320454.jpg","datePublished":"2025-08-18T12:01:33+00:00","breadcrumb":{"@id":"https:\/\/www.modave.be\/index.php\/services_communaux\/tir-de-mine-carriere-bois-jean-etienne-22-aout-2025\/#breadcrumb"},"inLanguage":"fr-FR","potentialAction":[{"@type":"ReadAction","target":["https:\/\/www.modave.be\/index.php\/services_communaux\/tir-de-mine-carriere-bois-jean-etienne-22-aout-2025\/"]}]},{"@type":"ImageObject","inLanguage":"fr-FR","@id":"https:\/\/www.modave.be\/index.php\/services_communaux\/tir-de-mine-carriere-bois-jean-etienne-22-aout-2025\/#primaryimage","url":"https:\/\/www.modave.be\/wp-content\/uploads\/2023\/04\/chantier-v2-e1727685320454.jpg","contentUrl":"https:\/\/www.modave.be\/wp-content\/uploads\/2023\/04\/chantier-v2-e1727685320454.jpg","width":1280,"height":640},{"@type":"BreadcrumbList","@id":"https:\/\/www.modave.be\/index.php\/services_communaux\/tir-de-mine-carriere-bois-jean-etienne-22-aout-2025\/#breadcrumb","itemListElement":[{"@type":"ListItem","position":1,"name":"Accueil","item":"https:\/\/www.modave.be\/"},{"@type":"ListItem","position":2,"name":"Tir de mine | Carri\u00e8re Bois Jean-Etienne | 22 ao\u00fbt 2025"}]},{"@type":"WebSite","@id":"https:\/\/www.modave.be\/#website","url":"https:\/\/www.modave.be\/","name":"Commune de Modave","description":"Commune de Modave","publisher":{"@id":"https:\/\/www.modave.be\/#organization"},"potentialAction":[{"@type":"SearchAction","target":{"@type":"EntryPoint","urlTemplate":"https:\/\/www.modave.be\/?s={search_term_string}"},"query-input":{"@type":"PropertyValueSpecification","valueRequired":true,"valueName":"search_term_string"}}],"inLanguage":"fr-FR"},{"@type":"Organization","@id":"https:\/\/www.modave.be\/#organization","name":"Commune de Modave","url":"https:\/\/www.modave.be\/","logo":{"@type":"ImageObject","inLanguage":"fr-FR","@id":"https:\/\/www.modave.be\/#\/schema\/logo\/image\/","url":"https:\/\/www.modave.be\/wp-content\/uploads\/2021\/12\/MODAVE_LOGO_HORIZONTAL_QUADRI_RVB.png","contentUrl":"https:\/\/www.modave.be\/wp-content\/uploads\/2021\/12\/MODAVE_LOGO_HORIZONTAL_QUADRI_RVB.png","width":1200,"height":501,"caption":"Commune de Modave"},"image":{"@id":"https:\/\/www.modave.be\/#\/schema\/logo\/image\/"}}]}},"_links":{"self":[{"href":"https:\/\/www.modave.be\/index.php\/wp-json\/wp\/v2\/services_communaux\/16269","targetHints":{"allow":["GET"]}}],"collection":[{"href":"https:\/\/www.modave.be\/index.php\/wp-json\/wp\/v2\/services_communaux"}],"about":[{"href":"https:\/\/www.modave.be\/index.php\/wp-json\/wp\/v2\/types\/services_communaux"}],"author":[{"embeddable":true,"href":"https:\/\/www.modave.be\/index.php\/wp-json\/wp\/v2\/users\/9"}],"wp:featuredmedia":[{"embeddable":true,"href":"https:\/\/www.modave.be\/index.php\/wp-json\/wp\/v2\/media\/12395"}],"wp:attachment":[{"href":"https:\/\/www.modave.be\/index.php\/wp-json\/wp\/v2\/media?parent=16269"}],"wp:term":[{"taxonomy":"category","embeddable":true,"href":"https:\/\/www.modave.be\/index.php\/wp-json\/wp\/v2\/categories?post=16269"}],"curies":[{"name":"wp","href":"https:\/\/api.w.org\/{rel}","templated":true}]}}