{"id":16276,"date":"2025-08-19T16:48:14","date_gmt":"2025-08-19T14:48:14","guid":{"rendered":"https:\/\/www.modave.be\/?post_type=services_communaux&#038;p=16276"},"modified":"2025-08-20T08:38:57","modified_gmt":"2025-08-20T06:38:57","slug":"les-inscriptions-a-lecole-communale-de-modave-sont-ouvertes","status":"publish","type":"services_communaux","link":"https:\/\/www.modave.be\/index.php\/services_communaux\/les-inscriptions-a-lecole-communale-de-modave-sont-ouvertes\/","title":{"rendered":"Les inscriptions \u00e0 l\u2019\u00c9cole communale de Modave sont ouvertes !"},"content":{"rendered":"\n<h2 class=\"wp-block-heading\">Les inscriptions \u00e0 l\u2019\u00c9cole communale de Modave sont ouvertes !<\/h2>\n\n\n\n<p><em>Et si la prochaine rentr\u00e9e commen\u00e7ait \u00e0 Modave ?<\/em><\/p>\n\n\n\n<p>L\u2019\u00c9cole communale de Modave accueille vos enfants dans ses trois implantations : <strong>Modave<\/strong>, <strong>Vierset<\/strong> et <strong>Les Gottes<\/strong>.<\/p>\n\n\n\n<blockquote class=\"wp-block-quote is-layout-flow wp-block-quote-is-layout-flow\">\n<p>Infos &amp; inscriptions :<br>085 41 14 64<br><a href=\"direction@ecolecommunalemodave.be\">direction@ecolecommunalemodave.be<\/a><\/p>\n<\/blockquote>\n\n\n\n<ul class=\"wp-block-list\">\n<li>Un enseignement de qualit\u00e9<\/li>\n\n\n\n<li>Un cadre familial et bienveillant<\/li>\n\n\n\n<li>Une \u00e9cole proche de vous, au c\u0153ur de la commune<\/li>\n<\/ul>\n\n\n\n<p>Offrez \u00e0 votre enfant une rentr\u00e9e pleine d\u2019opportunit\u00e9s et de d\u00e9couvertes !<\/p>\n\n\n\n<figure class=\"wp-block-image size-large\"><img fetchpriority=\"high\" decoding=\"async\" width=\"1024\" height=\"1024\" src=\"https:\/\/www.modave.be\/wp-content\/uploads\/2025\/08\/tableau-2-copie-1024x1024.jpg\" alt=\"\" class=\"wp-image-16280\" srcset=\"https:\/\/www.modave.be\/wp-content\/uploads\/2025\/08\/tableau-2-copie-1024x1024.jpg 1024w, https:\/\/www.modave.be\/wp-content\/uploads\/2025\/08\/tableau-2-copie-300x300.jpg 300w, https:\/\/www.modave.be\/wp-content\/uploads\/2025\/08\/tableau-2-copie-150x150.jpg 150w, https:\/\/www.modave.be\/wp-content\/uploads\/2025\/08\/tableau-2-copie-768x768.jpg 768w, https:\/\/www.modave.be\/wp-content\/uploads\/2025\/08\/tableau-2-copie.jpg 1442w\" sizes=\"(max-width: 1024px) 100vw, 1024px\" \/><\/figure>\n\n\n\n<p><\/p>\n","protected":false},"excerpt":{"rendered":"<p>Les inscriptions \u00e0 l\u2019\u00c9cole communale de Modave sont ouvertes ! Et si la prochaine rentr\u00e9e commen\u00e7ait \u00e0 Modave ? L\u2019\u00c9cole communale de Modave accueille vos enfants dans ses trois implantations : Modave, Vierset et Les Gottes. Infos &amp; inscriptions :085 41 14 64direction@ecolecommunalemodave.be Offrez \u00e0 votre enfant une rentr\u00e9e pleine d\u2019opportunit\u00e9s et de d\u00e9couvertes !<\/p>\n","protected":false},"author":9,"featured_media":15709,"menu_order":0,"template":"","categories":[210,200,204],"class_list":["post-16276","services_communaux","type-services_communaux","status-publish","has-post-thumbnail","hentry","category-ecole_communale","category-extra_scolaire","category-personnel","description-off"],"yoast_head":"<!-- This site is optimized with the Yoast SEO plugin v27.5 - https:\/\/yoast.com\/product\/yoast-seo-wordpress\/ -->\n<title>Les inscriptions \u00e0 l\u2019\u00c9cole communale de Modave sont ouvertes ! - Commune de Modave<\/title>\n<meta name=\"robots\" content=\"index, follow, max-snippet:-1, max-image-preview:large, max-video-preview:-1\" \/>\n<link rel=\"canonical\" href=\"https:\/\/www.modave.be\/index.php\/services_communaux\/les-inscriptions-a-lecole-communale-de-modave-sont-ouvertes\/\" \/>\n<meta property=\"og:locale\" content=\"fr_FR\" \/>\n<meta property=\"og:type\" content=\"article\" \/>\n<meta property=\"og:title\" content=\"Les inscriptions \u00e0 l\u2019\u00c9cole communale de Modave sont ouvertes ! - Commune de Modave\" \/>\n<meta property=\"og:description\" content=\"Les inscriptions \u00e0 l\u2019\u00c9cole communale de Modave sont ouvertes ! Et si la prochaine rentr\u00e9e commen\u00e7ait \u00e0 Modave ? L\u2019\u00c9cole communale de Modave accueille vos enfants dans ses trois implantations : Modave, Vierset et Les Gottes. Infos &amp; inscriptions :085 41 14 64direction@ecolecommunalemodave.be Offrez \u00e0 votre enfant une rentr\u00e9e pleine d\u2019opportunit\u00e9s et de d\u00e9couvertes !\" \/>\n<meta property=\"og:url\" content=\"https:\/\/www.modave.be\/index.php\/services_communaux\/les-inscriptions-a-lecole-communale-de-modave-sont-ouvertes\/\" \/>\n<meta property=\"og:site_name\" content=\"Commune de Modave\" \/>\n<meta property=\"article:modified_time\" content=\"2025-08-20T06:38:57+00:00\" \/>\n<meta property=\"og:image\" content=\"https:\/\/www.modave.be\/wp-content\/uploads\/2025\/06\/Emploi-e1748934781492.jpg\" \/>\n\t<meta property=\"og:image:width\" content=\"526\" \/>\n\t<meta property=\"og:image:height\" content=\"263\" \/>\n\t<meta property=\"og:image:type\" content=\"image\/jpeg\" \/>\n<meta name=\"twitter:card\" content=\"summary_large_image\" \/>\n<script type=\"application\/ld+json\" class=\"yoast-schema-graph\">{\"@context\":\"https:\\\/\\\/schema.org\",\"@graph\":[{\"@type\":\"WebPage\",\"@id\":\"https:\\\/\\\/www.modave.be\\\/index.php\\\/services_communaux\\\/les-inscriptions-a-lecole-communale-de-modave-sont-ouvertes\\\/\",\"url\":\"https:\\\/\\\/www.modave.be\\\/index.php\\\/services_communaux\\\/les-inscriptions-a-lecole-communale-de-modave-sont-ouvertes\\\/\",\"name\":\"Les inscriptions \u00e0 l\u2019\u00c9cole communale de Modave sont ouvertes ! - Commune de Modave\",\"isPartOf\":{\"@id\":\"https:\\\/\\\/www.modave.be\\\/#website\"},\"primaryImageOfPage\":{\"@id\":\"https:\\\/\\\/www.modave.be\\\/index.php\\\/services_communaux\\\/les-inscriptions-a-lecole-communale-de-modave-sont-ouvertes\\\/#primaryimage\"},\"image\":{\"@id\":\"https:\\\/\\\/www.modave.be\\\/index.php\\\/services_communaux\\\/les-inscriptions-a-lecole-communale-de-modave-sont-ouvertes\\\/#primaryimage\"},\"thumbnailUrl\":\"https:\\\/\\\/www.modave.be\\\/wp-content\\\/uploads\\\/2025\\\/06\\\/Emploi-e1748934781492.jpg\",\"datePublished\":\"2025-08-19T14:48:14+00:00\",\"dateModified\":\"2025-08-20T06:38:57+00:00\",\"breadcrumb\":{\"@id\":\"https:\\\/\\\/www.modave.be\\\/index.php\\\/services_communaux\\\/les-inscriptions-a-lecole-communale-de-modave-sont-ouvertes\\\/#breadcrumb\"},\"inLanguage\":\"fr-FR\",\"potentialAction\":[{\"@type\":\"ReadAction\",\"target\":[\"https:\\\/\\\/www.modave.be\\\/index.php\\\/services_communaux\\\/les-inscriptions-a-lecole-communale-de-modave-sont-ouvertes\\\/\"]}]},{\"@type\":\"ImageObject\",\"inLanguage\":\"fr-FR\",\"@id\":\"https:\\\/\\\/www.modave.be\\\/index.php\\\/services_communaux\\\/les-inscriptions-a-lecole-communale-de-modave-sont-ouvertes\\\/#primaryimage\",\"url\":\"https:\\\/\\\/www.modave.be\\\/wp-content\\\/uploads\\\/2025\\\/06\\\/Emploi-e1748934781492.jpg\",\"contentUrl\":\"https:\\\/\\\/www.modave.be\\\/wp-content\\\/uploads\\\/2025\\\/06\\\/Emploi-e1748934781492.jpg\",\"width\":526,\"height\":263},{\"@type\":\"BreadcrumbList\",\"@id\":\"https:\\\/\\\/www.modave.be\\\/index.php\\\/services_communaux\\\/les-inscriptions-a-lecole-communale-de-modave-sont-ouvertes\\\/#breadcrumb\",\"itemListElement\":[{\"@type\":\"ListItem\",\"position\":1,\"name\":\"Accueil\",\"item\":\"https:\\\/\\\/www.modave.be\\\/\"},{\"@type\":\"ListItem\",\"position\":2,\"name\":\"Les inscriptions \u00e0 l\u2019\u00c9cole communale de Modave sont ouvertes !\"}]},{\"@type\":\"WebSite\",\"@id\":\"https:\\\/\\\/www.modave.be\\\/#website\",\"url\":\"https:\\\/\\\/www.modave.be\\\/\",\"name\":\"Commune de Modave\",\"description\":\"Commune de Modave\",\"publisher\":{\"@id\":\"https:\\\/\\\/www.modave.be\\\/#organization\"},\"potentialAction\":[{\"@type\":\"SearchAction\",\"target\":{\"@type\":\"EntryPoint\",\"urlTemplate\":\"https:\\\/\\\/www.modave.be\\\/?s={search_term_string}\"},\"query-input\":{\"@type\":\"PropertyValueSpecification\",\"valueRequired\":true,\"valueName\":\"search_term_string\"}}],\"inLanguage\":\"fr-FR\"},{\"@type\":\"Organization\",\"@id\":\"https:\\\/\\\/www.modave.be\\\/#organization\",\"name\":\"Commune de Modave\",\"url\":\"https:\\\/\\\/www.modave.be\\\/\",\"logo\":{\"@type\":\"ImageObject\",\"inLanguage\":\"fr-FR\",\"@id\":\"https:\\\/\\\/www.modave.be\\\/#\\\/schema\\\/logo\\\/image\\\/\",\"url\":\"https:\\\/\\\/www.modave.be\\\/wp-content\\\/uploads\\\/2021\\\/12\\\/MODAVE_LOGO_HORIZONTAL_QUADRI_RVB.png\",\"contentUrl\":\"https:\\\/\\\/www.modave.be\\\/wp-content\\\/uploads\\\/2021\\\/12\\\/MODAVE_LOGO_HORIZONTAL_QUADRI_RVB.png\",\"width\":1200,\"height\":501,\"caption\":\"Commune de Modave\"},\"image\":{\"@id\":\"https:\\\/\\\/www.modave.be\\\/#\\\/schema\\\/logo\\\/image\\\/\"}}]}<\/script>\n<!-- \/ Yoast SEO plugin. -->","yoast_head_json":{"title":"Les inscriptions \u00e0 l\u2019\u00c9cole communale de Modave sont ouvertes ! - Commune de Modave","robots":{"index":"index","follow":"follow","max-snippet":"max-snippet:-1","max-image-preview":"max-image-preview:large","max-video-preview":"max-video-preview:-1"},"canonical":"https:\/\/www.modave.be\/index.php\/services_communaux\/les-inscriptions-a-lecole-communale-de-modave-sont-ouvertes\/","og_locale":"fr_FR","og_type":"article","og_title":"Les inscriptions \u00e0 l\u2019\u00c9cole communale de Modave sont ouvertes ! - Commune de Modave","og_description":"Les inscriptions \u00e0 l\u2019\u00c9cole communale de Modave sont ouvertes ! Et si la prochaine rentr\u00e9e commen\u00e7ait \u00e0 Modave ? L\u2019\u00c9cole communale de Modave accueille vos enfants dans ses trois implantations : Modave, Vierset et Les Gottes. Infos &amp; inscriptions :085 41 14 64direction@ecolecommunalemodave.be Offrez \u00e0 votre enfant une rentr\u00e9e pleine d\u2019opportunit\u00e9s et de d\u00e9couvertes !","og_url":"https:\/\/www.modave.be\/index.php\/services_communaux\/les-inscriptions-a-lecole-communale-de-modave-sont-ouvertes\/","og_site_name":"Commune de Modave","article_modified_time":"2025-08-20T06:38:57+00:00","og_image":[{"width":526,"height":263,"url":"https:\/\/www.modave.be\/wp-content\/uploads\/2025\/06\/Emploi-e1748934781492.jpg","type":"image\/jpeg"}],"twitter_card":"summary_large_image","schema":{"@context":"https:\/\/schema.org","@graph":[{"@type":"WebPage","@id":"https:\/\/www.modave.be\/index.php\/services_communaux\/les-inscriptions-a-lecole-communale-de-modave-sont-ouvertes\/","url":"https:\/\/www.modave.be\/index.php\/services_communaux\/les-inscriptions-a-lecole-communale-de-modave-sont-ouvertes\/","name":"Les inscriptions \u00e0 l\u2019\u00c9cole communale de Modave sont ouvertes ! - Commune de Modave","isPartOf":{"@id":"https:\/\/www.modave.be\/#website"},"primaryImageOfPage":{"@id":"https:\/\/www.modave.be\/index.php\/services_communaux\/les-inscriptions-a-lecole-communale-de-modave-sont-ouvertes\/#primaryimage"},"image":{"@id":"https:\/\/www.modave.be\/index.php\/services_communaux\/les-inscriptions-a-lecole-communale-de-modave-sont-ouvertes\/#primaryimage"},"thumbnailUrl":"https:\/\/www.modave.be\/wp-content\/uploads\/2025\/06\/Emploi-e1748934781492.jpg","datePublished":"2025-08-19T14:48:14+00:00","dateModified":"2025-08-20T06:38:57+00:00","breadcrumb":{"@id":"https:\/\/www.modave.be\/index.php\/services_communaux\/les-inscriptions-a-lecole-communale-de-modave-sont-ouvertes\/#breadcrumb"},"inLanguage":"fr-FR","potentialAction":[{"@type":"ReadAction","target":["https:\/\/www.modave.be\/index.php\/services_communaux\/les-inscriptions-a-lecole-communale-de-modave-sont-ouvertes\/"]}]},{"@type":"ImageObject","inLanguage":"fr-FR","@id":"https:\/\/www.modave.be\/index.php\/services_communaux\/les-inscriptions-a-lecole-communale-de-modave-sont-ouvertes\/#primaryimage","url":"https:\/\/www.modave.be\/wp-content\/uploads\/2025\/06\/Emploi-e1748934781492.jpg","contentUrl":"https:\/\/www.modave.be\/wp-content\/uploads\/2025\/06\/Emploi-e1748934781492.jpg","width":526,"height":263},{"@type":"BreadcrumbList","@id":"https:\/\/www.modave.be\/index.php\/services_communaux\/les-inscriptions-a-lecole-communale-de-modave-sont-ouvertes\/#breadcrumb","itemListElement":[{"@type":"ListItem","position":1,"name":"Accueil","item":"https:\/\/www.modave.be\/"},{"@type":"ListItem","position":2,"name":"Les inscriptions \u00e0 l\u2019\u00c9cole communale de Modave sont ouvertes !"}]},{"@type":"WebSite","@id":"https:\/\/www.modave.be\/#website","url":"https:\/\/www.modave.be\/","name":"Commune de Modave","description":"Commune de Modave","publisher":{"@id":"https:\/\/www.modave.be\/#organization"},"potentialAction":[{"@type":"SearchAction","target":{"@type":"EntryPoint","urlTemplate":"https:\/\/www.modave.be\/?s={search_term_string}"},"query-input":{"@type":"PropertyValueSpecification","valueRequired":true,"valueName":"search_term_string"}}],"inLanguage":"fr-FR"},{"@type":"Organization","@id":"https:\/\/www.modave.be\/#organization","name":"Commune de Modave","url":"https:\/\/www.modave.be\/","logo":{"@type":"ImageObject","inLanguage":"fr-FR","@id":"https:\/\/www.modave.be\/#\/schema\/logo\/image\/","url":"https:\/\/www.modave.be\/wp-content\/uploads\/2021\/12\/MODAVE_LOGO_HORIZONTAL_QUADRI_RVB.png","contentUrl":"https:\/\/www.modave.be\/wp-content\/uploads\/2021\/12\/MODAVE_LOGO_HORIZONTAL_QUADRI_RVB.png","width":1200,"height":501,"caption":"Commune de Modave"},"image":{"@id":"https:\/\/www.modave.be\/#\/schema\/logo\/image\/"}}]}},"_links":{"self":[{"href":"https:\/\/www.modave.be\/index.php\/wp-json\/wp\/v2\/services_communaux\/16276","targetHints":{"allow":["GET"]}}],"collection":[{"href":"https:\/\/www.modave.be\/index.php\/wp-json\/wp\/v2\/services_communaux"}],"about":[{"href":"https:\/\/www.modave.be\/index.php\/wp-json\/wp\/v2\/types\/services_communaux"}],"author":[{"embeddable":true,"href":"https:\/\/www.modave.be\/index.php\/wp-json\/wp\/v2\/users\/9"}],"wp:featuredmedia":[{"embeddable":true,"href":"https:\/\/www.modave.be\/index.php\/wp-json\/wp\/v2\/media\/15709"}],"wp:attachment":[{"href":"https:\/\/www.modave.be\/index.php\/wp-json\/wp\/v2\/media?parent=16276"}],"wp:term":[{"taxonomy":"category","embeddable":true,"href":"https:\/\/www.modave.be\/index.php\/wp-json\/wp\/v2\/categories?post=16276"}],"curies":[{"name":"wp","href":"https:\/\/api.w.org\/{rel}","templated":true}]}}