{"id":16292,"date":"2025-08-27T10:02:16","date_gmt":"2025-08-27T08:02:16","guid":{"rendered":"https:\/\/www.modave.be\/?post_type=services_communaux&#038;p=16292"},"modified":"2025-08-27T10:02:17","modified_gmt":"2025-08-27T08:02:17","slug":"travaux-a-pont-de-bonne-rn641-vallee-du-hoyoux","status":"publish","type":"services_communaux","link":"https:\/\/www.modave.be\/index.php\/services_communaux\/travaux-a-pont-de-bonne-rn641-vallee-du-hoyoux\/","title":{"rendered":"Travaux \u00e0 Pont-de-Bonne | RN641 (Vall\u00e9e du Hoyoux)"},"content":{"rendered":"\n<h2 class=\"wp-block-heading\">Travaux \u00e0 Pont-de-Bonne | RN641 (Vall\u00e9e du Hoyoux)<\/h2>\n\n\n\n<p><strong>Ce vendredi 29 ao\u00fbt 2025<\/strong>, une intervention de courte dur\u00e9e (quelques heures) aura lieu sur la RN641. Une signalisation adapt\u00e9e sera mise en place afin de garantir la s\u00e9curit\u00e9 de tous.<\/p>\n\n\n\n<p>Merci pour votre compr\u00e9hension et prudence \u00e0 l\u2019approche du chantier.<\/p>\n\n\n\n<div data-wp-interactive=\"core\/file\" class=\"wp-block-file\"><object data-wp-bind--hidden=\"!state.hasPdfPreview\" hidden class=\"wp-block-file__embed\" data=\"https:\/\/www.modave.be\/wp-content\/uploads\/2025\/08\/OP.pdf\" type=\"application\/pdf\" style=\"width:100%;height:600px\" aria-label=\"Contenu embarqu\u00e9 OP.\"><\/object><a id=\"wp-block-file--media-98a5195e-90ba-4197-a1e6-a46fdace2cf5\" href=\"https:\/\/www.modave.be\/wp-content\/uploads\/2025\/08\/OP.pdf\">OP<\/a><a href=\"https:\/\/www.modave.be\/wp-content\/uploads\/2025\/08\/OP.pdf\" class=\"wp-block-file__button wp-element-button\" download aria-describedby=\"wp-block-file--media-98a5195e-90ba-4197-a1e6-a46fdace2cf5\">T\u00e9l\u00e9charger<\/a><\/div>\n\n\n\n<figure class=\"wp-block-gallery has-nested-images columns-default is-cropped wp-block-gallery-1 is-layout-flex wp-block-gallery-is-layout-flex\">\n<figure class=\"wp-block-image size-large\"><img fetchpriority=\"high\" decoding=\"async\" width=\"1024\" height=\"1024\" data-id=\"16295\" src=\"https:\/\/www.modave.be\/wp-content\/uploads\/2025\/08\/RN641-1024x1024.jpg\" alt=\"\" class=\"wp-image-16295\" srcset=\"https:\/\/www.modave.be\/wp-content\/uploads\/2025\/08\/RN641-1024x1024.jpg 1024w, https:\/\/www.modave.be\/wp-content\/uploads\/2025\/08\/RN641-300x300.jpg 300w, https:\/\/www.modave.be\/wp-content\/uploads\/2025\/08\/RN641-150x150.jpg 150w, https:\/\/www.modave.be\/wp-content\/uploads\/2025\/08\/RN641-768x768.jpg 768w, https:\/\/www.modave.be\/wp-content\/uploads\/2025\/08\/RN641.jpg 1080w\" sizes=\"(max-width: 1024px) 100vw, 1024px\" \/><\/figure>\n<\/figure>\n","protected":false},"excerpt":{"rendered":"<p>Travaux \u00e0 Pont-de-Bonne | RN641 (Vall\u00e9e du Hoyoux) Ce vendredi 29 ao\u00fbt 2025, une intervention de courte dur\u00e9e (quelques heures) aura lieu sur la RN641. Une signalisation adapt\u00e9e sera mise en place afin de garantir la s\u00e9curit\u00e9 de tous. Merci pour votre compr\u00e9hension et prudence \u00e0 l\u2019approche du chantier.<\/p>\n","protected":false},"author":9,"featured_media":16111,"menu_order":0,"template":"","categories":[208],"class_list":["post-16292","services_communaux","type-services_communaux","status-publish","has-post-thumbnail","hentry","category-travaux","description-off"],"yoast_head":"<!-- This site is optimized with the Yoast SEO plugin v27.4 - https:\/\/yoast.com\/product\/yoast-seo-wordpress\/ -->\n<title>Travaux \u00e0 Pont-de-Bonne | RN641 (Vall\u00e9e du Hoyoux) - Commune de Modave<\/title>\n<meta name=\"robots\" content=\"index, follow, max-snippet:-1, max-image-preview:large, max-video-preview:-1\" \/>\n<link rel=\"canonical\" href=\"https:\/\/www.modave.be\/index.php\/services_communaux\/travaux-a-pont-de-bonne-rn641-vallee-du-hoyoux\/\" \/>\n<meta property=\"og:locale\" content=\"fr_FR\" \/>\n<meta property=\"og:type\" content=\"article\" \/>\n<meta property=\"og:title\" content=\"Travaux \u00e0 Pont-de-Bonne | RN641 (Vall\u00e9e du Hoyoux) - Commune de Modave\" \/>\n<meta property=\"og:description\" content=\"Travaux \u00e0 Pont-de-Bonne | RN641 (Vall\u00e9e du Hoyoux) Ce vendredi 29 ao\u00fbt 2025, une intervention de courte dur\u00e9e (quelques heures) aura lieu sur la RN641. Une signalisation adapt\u00e9e sera mise en place afin de garantir la s\u00e9curit\u00e9 de tous. Merci pour votre compr\u00e9hension et prudence \u00e0 l\u2019approche du chantier.\" \/>\n<meta property=\"og:url\" content=\"https:\/\/www.modave.be\/index.php\/services_communaux\/travaux-a-pont-de-bonne-rn641-vallee-du-hoyoux\/\" \/>\n<meta property=\"og:site_name\" content=\"Commune de Modave\" \/>\n<meta property=\"article:modified_time\" content=\"2025-08-27T08:02:17+00:00\" \/>\n<meta property=\"og:image\" content=\"https:\/\/www.modave.be\/wp-content\/uploads\/2025\/07\/Ouverture-e1752157039988.jpg\" \/>\n\t<meta property=\"og:image:width\" content=\"1080\" \/>\n\t<meta property=\"og:image:height\" content=\"540\" \/>\n\t<meta property=\"og:image:type\" content=\"image\/jpeg\" \/>\n<meta name=\"twitter:card\" content=\"summary_large_image\" \/>\n<script type=\"application\/ld+json\" class=\"yoast-schema-graph\">{\"@context\":\"https:\\\/\\\/schema.org\",\"@graph\":[{\"@type\":\"WebPage\",\"@id\":\"https:\\\/\\\/www.modave.be\\\/index.php\\\/services_communaux\\\/travaux-a-pont-de-bonne-rn641-vallee-du-hoyoux\\\/\",\"url\":\"https:\\\/\\\/www.modave.be\\\/index.php\\\/services_communaux\\\/travaux-a-pont-de-bonne-rn641-vallee-du-hoyoux\\\/\",\"name\":\"Travaux \u00e0 Pont-de-Bonne | RN641 (Vall\u00e9e du Hoyoux) - Commune de Modave\",\"isPartOf\":{\"@id\":\"https:\\\/\\\/www.modave.be\\\/#website\"},\"primaryImageOfPage\":{\"@id\":\"https:\\\/\\\/www.modave.be\\\/index.php\\\/services_communaux\\\/travaux-a-pont-de-bonne-rn641-vallee-du-hoyoux\\\/#primaryimage\"},\"image\":{\"@id\":\"https:\\\/\\\/www.modave.be\\\/index.php\\\/services_communaux\\\/travaux-a-pont-de-bonne-rn641-vallee-du-hoyoux\\\/#primaryimage\"},\"thumbnailUrl\":\"https:\\\/\\\/www.modave.be\\\/wp-content\\\/uploads\\\/2025\\\/07\\\/Ouverture-e1752157039988.jpg\",\"datePublished\":\"2025-08-27T08:02:16+00:00\",\"dateModified\":\"2025-08-27T08:02:17+00:00\",\"breadcrumb\":{\"@id\":\"https:\\\/\\\/www.modave.be\\\/index.php\\\/services_communaux\\\/travaux-a-pont-de-bonne-rn641-vallee-du-hoyoux\\\/#breadcrumb\"},\"inLanguage\":\"fr-FR\",\"potentialAction\":[{\"@type\":\"ReadAction\",\"target\":[\"https:\\\/\\\/www.modave.be\\\/index.php\\\/services_communaux\\\/travaux-a-pont-de-bonne-rn641-vallee-du-hoyoux\\\/\"]}]},{\"@type\":\"ImageObject\",\"inLanguage\":\"fr-FR\",\"@id\":\"https:\\\/\\\/www.modave.be\\\/index.php\\\/services_communaux\\\/travaux-a-pont-de-bonne-rn641-vallee-du-hoyoux\\\/#primaryimage\",\"url\":\"https:\\\/\\\/www.modave.be\\\/wp-content\\\/uploads\\\/2025\\\/07\\\/Ouverture-e1752157039988.jpg\",\"contentUrl\":\"https:\\\/\\\/www.modave.be\\\/wp-content\\\/uploads\\\/2025\\\/07\\\/Ouverture-e1752157039988.jpg\",\"width\":1080,\"height\":540},{\"@type\":\"BreadcrumbList\",\"@id\":\"https:\\\/\\\/www.modave.be\\\/index.php\\\/services_communaux\\\/travaux-a-pont-de-bonne-rn641-vallee-du-hoyoux\\\/#breadcrumb\",\"itemListElement\":[{\"@type\":\"ListItem\",\"position\":1,\"name\":\"Accueil\",\"item\":\"https:\\\/\\\/www.modave.be\\\/\"},{\"@type\":\"ListItem\",\"position\":2,\"name\":\"Travaux \u00e0 Pont-de-Bonne | RN641 (Vall\u00e9e du Hoyoux)\"}]},{\"@type\":\"WebSite\",\"@id\":\"https:\\\/\\\/www.modave.be\\\/#website\",\"url\":\"https:\\\/\\\/www.modave.be\\\/\",\"name\":\"Commune de Modave\",\"description\":\"Commune de Modave\",\"publisher\":{\"@id\":\"https:\\\/\\\/www.modave.be\\\/#organization\"},\"potentialAction\":[{\"@type\":\"SearchAction\",\"target\":{\"@type\":\"EntryPoint\",\"urlTemplate\":\"https:\\\/\\\/www.modave.be\\\/?s={search_term_string}\"},\"query-input\":{\"@type\":\"PropertyValueSpecification\",\"valueRequired\":true,\"valueName\":\"search_term_string\"}}],\"inLanguage\":\"fr-FR\"},{\"@type\":\"Organization\",\"@id\":\"https:\\\/\\\/www.modave.be\\\/#organization\",\"name\":\"Commune de Modave\",\"url\":\"https:\\\/\\\/www.modave.be\\\/\",\"logo\":{\"@type\":\"ImageObject\",\"inLanguage\":\"fr-FR\",\"@id\":\"https:\\\/\\\/www.modave.be\\\/#\\\/schema\\\/logo\\\/image\\\/\",\"url\":\"https:\\\/\\\/www.modave.be\\\/wp-content\\\/uploads\\\/2021\\\/12\\\/MODAVE_LOGO_HORIZONTAL_QUADRI_RVB.png\",\"contentUrl\":\"https:\\\/\\\/www.modave.be\\\/wp-content\\\/uploads\\\/2021\\\/12\\\/MODAVE_LOGO_HORIZONTAL_QUADRI_RVB.png\",\"width\":1200,\"height\":501,\"caption\":\"Commune de Modave\"},\"image\":{\"@id\":\"https:\\\/\\\/www.modave.be\\\/#\\\/schema\\\/logo\\\/image\\\/\"}}]}<\/script>\n<!-- \/ Yoast SEO plugin. -->","yoast_head_json":{"title":"Travaux \u00e0 Pont-de-Bonne | RN641 (Vall\u00e9e du Hoyoux) - Commune de Modave","robots":{"index":"index","follow":"follow","max-snippet":"max-snippet:-1","max-image-preview":"max-image-preview:large","max-video-preview":"max-video-preview:-1"},"canonical":"https:\/\/www.modave.be\/index.php\/services_communaux\/travaux-a-pont-de-bonne-rn641-vallee-du-hoyoux\/","og_locale":"fr_FR","og_type":"article","og_title":"Travaux \u00e0 Pont-de-Bonne | RN641 (Vall\u00e9e du Hoyoux) - Commune de Modave","og_description":"Travaux \u00e0 Pont-de-Bonne | RN641 (Vall\u00e9e du Hoyoux) Ce vendredi 29 ao\u00fbt 2025, une intervention de courte dur\u00e9e (quelques heures) aura lieu sur la RN641. Une signalisation adapt\u00e9e sera mise en place afin de garantir la s\u00e9curit\u00e9 de tous. Merci pour votre compr\u00e9hension et prudence \u00e0 l\u2019approche du chantier.","og_url":"https:\/\/www.modave.be\/index.php\/services_communaux\/travaux-a-pont-de-bonne-rn641-vallee-du-hoyoux\/","og_site_name":"Commune de Modave","article_modified_time":"2025-08-27T08:02:17+00:00","og_image":[{"width":1080,"height":540,"url":"https:\/\/www.modave.be\/wp-content\/uploads\/2025\/07\/Ouverture-e1752157039988.jpg","type":"image\/jpeg"}],"twitter_card":"summary_large_image","schema":{"@context":"https:\/\/schema.org","@graph":[{"@type":"WebPage","@id":"https:\/\/www.modave.be\/index.php\/services_communaux\/travaux-a-pont-de-bonne-rn641-vallee-du-hoyoux\/","url":"https:\/\/www.modave.be\/index.php\/services_communaux\/travaux-a-pont-de-bonne-rn641-vallee-du-hoyoux\/","name":"Travaux \u00e0 Pont-de-Bonne | RN641 (Vall\u00e9e du Hoyoux) - Commune de Modave","isPartOf":{"@id":"https:\/\/www.modave.be\/#website"},"primaryImageOfPage":{"@id":"https:\/\/www.modave.be\/index.php\/services_communaux\/travaux-a-pont-de-bonne-rn641-vallee-du-hoyoux\/#primaryimage"},"image":{"@id":"https:\/\/www.modave.be\/index.php\/services_communaux\/travaux-a-pont-de-bonne-rn641-vallee-du-hoyoux\/#primaryimage"},"thumbnailUrl":"https:\/\/www.modave.be\/wp-content\/uploads\/2025\/07\/Ouverture-e1752157039988.jpg","datePublished":"2025-08-27T08:02:16+00:00","dateModified":"2025-08-27T08:02:17+00:00","breadcrumb":{"@id":"https:\/\/www.modave.be\/index.php\/services_communaux\/travaux-a-pont-de-bonne-rn641-vallee-du-hoyoux\/#breadcrumb"},"inLanguage":"fr-FR","potentialAction":[{"@type":"ReadAction","target":["https:\/\/www.modave.be\/index.php\/services_communaux\/travaux-a-pont-de-bonne-rn641-vallee-du-hoyoux\/"]}]},{"@type":"ImageObject","inLanguage":"fr-FR","@id":"https:\/\/www.modave.be\/index.php\/services_communaux\/travaux-a-pont-de-bonne-rn641-vallee-du-hoyoux\/#primaryimage","url":"https:\/\/www.modave.be\/wp-content\/uploads\/2025\/07\/Ouverture-e1752157039988.jpg","contentUrl":"https:\/\/www.modave.be\/wp-content\/uploads\/2025\/07\/Ouverture-e1752157039988.jpg","width":1080,"height":540},{"@type":"BreadcrumbList","@id":"https:\/\/www.modave.be\/index.php\/services_communaux\/travaux-a-pont-de-bonne-rn641-vallee-du-hoyoux\/#breadcrumb","itemListElement":[{"@type":"ListItem","position":1,"name":"Accueil","item":"https:\/\/www.modave.be\/"},{"@type":"ListItem","position":2,"name":"Travaux \u00e0 Pont-de-Bonne | RN641 (Vall\u00e9e du Hoyoux)"}]},{"@type":"WebSite","@id":"https:\/\/www.modave.be\/#website","url":"https:\/\/www.modave.be\/","name":"Commune de Modave","description":"Commune de Modave","publisher":{"@id":"https:\/\/www.modave.be\/#organization"},"potentialAction":[{"@type":"SearchAction","target":{"@type":"EntryPoint","urlTemplate":"https:\/\/www.modave.be\/?s={search_term_string}"},"query-input":{"@type":"PropertyValueSpecification","valueRequired":true,"valueName":"search_term_string"}}],"inLanguage":"fr-FR"},{"@type":"Organization","@id":"https:\/\/www.modave.be\/#organization","name":"Commune de Modave","url":"https:\/\/www.modave.be\/","logo":{"@type":"ImageObject","inLanguage":"fr-FR","@id":"https:\/\/www.modave.be\/#\/schema\/logo\/image\/","url":"https:\/\/www.modave.be\/wp-content\/uploads\/2021\/12\/MODAVE_LOGO_HORIZONTAL_QUADRI_RVB.png","contentUrl":"https:\/\/www.modave.be\/wp-content\/uploads\/2021\/12\/MODAVE_LOGO_HORIZONTAL_QUADRI_RVB.png","width":1200,"height":501,"caption":"Commune de Modave"},"image":{"@id":"https:\/\/www.modave.be\/#\/schema\/logo\/image\/"}}]}},"_links":{"self":[{"href":"https:\/\/www.modave.be\/index.php\/wp-json\/wp\/v2\/services_communaux\/16292","targetHints":{"allow":["GET"]}}],"collection":[{"href":"https:\/\/www.modave.be\/index.php\/wp-json\/wp\/v2\/services_communaux"}],"about":[{"href":"https:\/\/www.modave.be\/index.php\/wp-json\/wp\/v2\/types\/services_communaux"}],"author":[{"embeddable":true,"href":"https:\/\/www.modave.be\/index.php\/wp-json\/wp\/v2\/users\/9"}],"wp:featuredmedia":[{"embeddable":true,"href":"https:\/\/www.modave.be\/index.php\/wp-json\/wp\/v2\/media\/16111"}],"wp:attachment":[{"href":"https:\/\/www.modave.be\/index.php\/wp-json\/wp\/v2\/media?parent=16292"}],"wp:term":[{"taxonomy":"category","embeddable":true,"href":"https:\/\/www.modave.be\/index.php\/wp-json\/wp\/v2\/categories?post=16292"}],"curies":[{"name":"wp","href":"https:\/\/api.w.org\/{rel}","templated":true}]}}