{"id":16296,"date":"2025-08-22T16:00:00","date_gmt":"2025-08-22T14:00:00","guid":{"rendered":"https:\/\/www.modave.be\/?post_type=services_communaux&#038;p=16296"},"modified":"2025-08-27T10:19:31","modified_gmt":"2025-08-27T08:19:31","slug":"travaux-rond-point-rn684-fin-des-travaux","status":"publish","type":"services_communaux","link":"https:\/\/www.modave.be\/index.php\/services_communaux\/travaux-rond-point-rn684-fin-des-travaux\/","title":{"rendered":"Travaux | Rond-point RN684 | Fin des travaux"},"content":{"rendered":"\n<h2 class=\"wp-block-heading\">Connexion du r\u00e9seau d&rsquo;\u00e9gouttage<\/h2>\n\n\n\n<p>Bonne nouvelle ! <\/p>\n\n\n\n<p>Les travaux de connexion du r\u00e9seau d\u2019\u00e9gouttage (phase 3) sur la RN684, au niveau du nouveau rond-point, sont d\u00e9sormais termin\u00e9s.<\/p>\n\n\n\n<p>La circulation sera \u00e0 nouveau totalement r\u00e9tablie \u00e0 partir du <strong>lundi 25 ao\u00fbt \u00e0 6h30<\/strong>.<\/p>\n\n\n\n<p>Merci \u00e0 toutes et \u00e0 tous pour votre patience et votre prudence durant le chantier.<\/p>\n\n\n\n<div data-wp-interactive=\"core\/file\" class=\"wp-block-file\"><object data-wp-bind--hidden=\"!state.hasPdfPreview\" hidden class=\"wp-block-file__embed\" data=\"https:\/\/www.modave.be\/wp-content\/uploads\/2025\/07\/Ordre-de-Police-RN684.pdf\" type=\"application\/pdf\" style=\"width:100%;height:600px\" aria-label=\"Contenu embarqu\u00e9 Ordre de Police-RN684.\"><\/object><a id=\"wp-block-file--media-d72e20e1-9937-475b-950b-a8abdd8a050f\" href=\"https:\/\/www.modave.be\/wp-content\/uploads\/2025\/07\/Ordre-de-Police-RN684.pdf\">Ordre de Police-RN684<\/a><a href=\"https:\/\/www.modave.be\/wp-content\/uploads\/2025\/07\/Ordre-de-Police-RN684.pdf\" class=\"wp-block-file__button wp-element-button\" download aria-describedby=\"wp-block-file--media-d72e20e1-9937-475b-950b-a8abdd8a050f\">T\u00e9l\u00e9charger<\/a><\/div>\n\n\n\n<figure class=\"wp-block-gallery has-nested-images columns-default is-cropped wp-block-gallery-1 is-layout-flex wp-block-gallery-is-layout-flex\">\n<figure class=\"wp-block-image size-large\"><img fetchpriority=\"high\" decoding=\"async\" width=\"1024\" height=\"1024\" data-id=\"16044\" src=\"https:\/\/www.modave.be\/wp-content\/uploads\/2025\/07\/1-1024x1024.jpg\" alt=\"\" class=\"wp-image-16044\" srcset=\"https:\/\/www.modave.be\/wp-content\/uploads\/2025\/07\/1-1024x1024.jpg 1024w, https:\/\/www.modave.be\/wp-content\/uploads\/2025\/07\/1-300x300.jpg 300w, https:\/\/www.modave.be\/wp-content\/uploads\/2025\/07\/1-150x150.jpg 150w, https:\/\/www.modave.be\/wp-content\/uploads\/2025\/07\/1-768x768.jpg 768w, https:\/\/www.modave.be\/wp-content\/uploads\/2025\/07\/1.jpg 1080w\" sizes=\"(max-width: 1024px) 100vw, 1024px\" \/><\/figure>\n\n\n\n<figure class=\"wp-block-image size-large\"><img decoding=\"async\" width=\"1024\" height=\"1024\" data-id=\"16045\" src=\"https:\/\/www.modave.be\/wp-content\/uploads\/2025\/07\/2-1024x1024.jpg\" alt=\"\" class=\"wp-image-16045\" srcset=\"https:\/\/www.modave.be\/wp-content\/uploads\/2025\/07\/2-1024x1024.jpg 1024w, https:\/\/www.modave.be\/wp-content\/uploads\/2025\/07\/2-300x300.jpg 300w, https:\/\/www.modave.be\/wp-content\/uploads\/2025\/07\/2-150x150.jpg 150w, https:\/\/www.modave.be\/wp-content\/uploads\/2025\/07\/2-768x768.jpg 768w, https:\/\/www.modave.be\/wp-content\/uploads\/2025\/07\/2.jpg 1080w\" sizes=\"(max-width: 1024px) 100vw, 1024px\" \/><\/figure>\n<\/figure>\n","protected":false},"excerpt":{"rendered":"<p>Connexion du r\u00e9seau d&rsquo;\u00e9gouttage Bonne nouvelle ! Les travaux de connexion du r\u00e9seau d\u2019\u00e9gouttage (phase 3) sur la RN684, au niveau du nouveau rond-point, sont d\u00e9sormais termin\u00e9s. La circulation sera \u00e0 nouveau totalement r\u00e9tablie \u00e0 partir du lundi 25 ao\u00fbt \u00e0 6h30. Merci \u00e0 toutes et \u00e0 tous pour votre patience et votre prudence durant&hellip;<\/p>\n","protected":false},"author":9,"featured_media":16046,"menu_order":0,"template":"","categories":[208],"class_list":["post-16296","services_communaux","type-services_communaux","status-publish","has-post-thumbnail","hentry","category-travaux","description-off"],"yoast_head":"<!-- This site is optimized with the Yoast SEO plugin v27.4 - https:\/\/yoast.com\/product\/yoast-seo-wordpress\/ -->\n<title>Travaux | Rond-point RN684 | Fin des travaux - Commune de Modave<\/title>\n<meta name=\"robots\" content=\"index, follow, max-snippet:-1, max-image-preview:large, max-video-preview:-1\" \/>\n<link rel=\"canonical\" href=\"https:\/\/www.modave.be\/index.php\/services_communaux\/travaux-rond-point-rn684-fin-des-travaux\/\" \/>\n<meta property=\"og:locale\" content=\"fr_FR\" \/>\n<meta property=\"og:type\" content=\"article\" \/>\n<meta property=\"og:title\" content=\"Travaux | Rond-point RN684 | Fin des travaux - Commune de Modave\" \/>\n<meta property=\"og:description\" content=\"Connexion du r\u00e9seau d&rsquo;\u00e9gouttage Bonne nouvelle ! Les travaux de connexion du r\u00e9seau d\u2019\u00e9gouttage (phase 3) sur la RN684, au niveau du nouveau rond-point, sont d\u00e9sormais termin\u00e9s. La circulation sera \u00e0 nouveau totalement r\u00e9tablie \u00e0 partir du lundi 25 ao\u00fbt \u00e0 6h30. Merci \u00e0 toutes et \u00e0 tous pour votre patience et votre prudence durant&hellip;\" \/>\n<meta property=\"og:url\" content=\"https:\/\/www.modave.be\/index.php\/services_communaux\/travaux-rond-point-rn684-fin-des-travaux\/\" \/>\n<meta property=\"og:site_name\" content=\"Commune de Modave\" \/>\n<meta property=\"article:modified_time\" content=\"2025-08-27T08:19:31+00:00\" \/>\n<meta property=\"og:image\" content=\"https:\/\/www.modave.be\/wp-content\/uploads\/2025\/07\/1-1-e1751630402462.jpg\" \/>\n\t<meta property=\"og:image:width\" content=\"1080\" \/>\n\t<meta property=\"og:image:height\" content=\"540\" \/>\n\t<meta property=\"og:image:type\" content=\"image\/jpeg\" \/>\n<meta name=\"twitter:card\" content=\"summary_large_image\" \/>\n<script type=\"application\/ld+json\" class=\"yoast-schema-graph\">{\"@context\":\"https:\\\/\\\/schema.org\",\"@graph\":[{\"@type\":\"WebPage\",\"@id\":\"https:\\\/\\\/www.modave.be\\\/index.php\\\/services_communaux\\\/travaux-rond-point-rn684-fin-des-travaux\\\/\",\"url\":\"https:\\\/\\\/www.modave.be\\\/index.php\\\/services_communaux\\\/travaux-rond-point-rn684-fin-des-travaux\\\/\",\"name\":\"Travaux | Rond-point RN684 | Fin des travaux - Commune de Modave\",\"isPartOf\":{\"@id\":\"https:\\\/\\\/www.modave.be\\\/#website\"},\"primaryImageOfPage\":{\"@id\":\"https:\\\/\\\/www.modave.be\\\/index.php\\\/services_communaux\\\/travaux-rond-point-rn684-fin-des-travaux\\\/#primaryimage\"},\"image\":{\"@id\":\"https:\\\/\\\/www.modave.be\\\/index.php\\\/services_communaux\\\/travaux-rond-point-rn684-fin-des-travaux\\\/#primaryimage\"},\"thumbnailUrl\":\"https:\\\/\\\/www.modave.be\\\/wp-content\\\/uploads\\\/2025\\\/07\\\/1-1-e1751630402462.jpg\",\"datePublished\":\"2025-08-22T14:00:00+00:00\",\"dateModified\":\"2025-08-27T08:19:31+00:00\",\"breadcrumb\":{\"@id\":\"https:\\\/\\\/www.modave.be\\\/index.php\\\/services_communaux\\\/travaux-rond-point-rn684-fin-des-travaux\\\/#breadcrumb\"},\"inLanguage\":\"fr-FR\",\"potentialAction\":[{\"@type\":\"ReadAction\",\"target\":[\"https:\\\/\\\/www.modave.be\\\/index.php\\\/services_communaux\\\/travaux-rond-point-rn684-fin-des-travaux\\\/\"]}]},{\"@type\":\"ImageObject\",\"inLanguage\":\"fr-FR\",\"@id\":\"https:\\\/\\\/www.modave.be\\\/index.php\\\/services_communaux\\\/travaux-rond-point-rn684-fin-des-travaux\\\/#primaryimage\",\"url\":\"https:\\\/\\\/www.modave.be\\\/wp-content\\\/uploads\\\/2025\\\/07\\\/1-1-e1751630402462.jpg\",\"contentUrl\":\"https:\\\/\\\/www.modave.be\\\/wp-content\\\/uploads\\\/2025\\\/07\\\/1-1-e1751630402462.jpg\",\"width\":1080,\"height\":540},{\"@type\":\"BreadcrumbList\",\"@id\":\"https:\\\/\\\/www.modave.be\\\/index.php\\\/services_communaux\\\/travaux-rond-point-rn684-fin-des-travaux\\\/#breadcrumb\",\"itemListElement\":[{\"@type\":\"ListItem\",\"position\":1,\"name\":\"Accueil\",\"item\":\"https:\\\/\\\/www.modave.be\\\/\"},{\"@type\":\"ListItem\",\"position\":2,\"name\":\"Travaux | Rond-point RN684 | Fin des travaux\"}]},{\"@type\":\"WebSite\",\"@id\":\"https:\\\/\\\/www.modave.be\\\/#website\",\"url\":\"https:\\\/\\\/www.modave.be\\\/\",\"name\":\"Commune de Modave\",\"description\":\"Commune de Modave\",\"publisher\":{\"@id\":\"https:\\\/\\\/www.modave.be\\\/#organization\"},\"potentialAction\":[{\"@type\":\"SearchAction\",\"target\":{\"@type\":\"EntryPoint\",\"urlTemplate\":\"https:\\\/\\\/www.modave.be\\\/?s={search_term_string}\"},\"query-input\":{\"@type\":\"PropertyValueSpecification\",\"valueRequired\":true,\"valueName\":\"search_term_string\"}}],\"inLanguage\":\"fr-FR\"},{\"@type\":\"Organization\",\"@id\":\"https:\\\/\\\/www.modave.be\\\/#organization\",\"name\":\"Commune de Modave\",\"url\":\"https:\\\/\\\/www.modave.be\\\/\",\"logo\":{\"@type\":\"ImageObject\",\"inLanguage\":\"fr-FR\",\"@id\":\"https:\\\/\\\/www.modave.be\\\/#\\\/schema\\\/logo\\\/image\\\/\",\"url\":\"https:\\\/\\\/www.modave.be\\\/wp-content\\\/uploads\\\/2021\\\/12\\\/MODAVE_LOGO_HORIZONTAL_QUADRI_RVB.png\",\"contentUrl\":\"https:\\\/\\\/www.modave.be\\\/wp-content\\\/uploads\\\/2021\\\/12\\\/MODAVE_LOGO_HORIZONTAL_QUADRI_RVB.png\",\"width\":1200,\"height\":501,\"caption\":\"Commune de Modave\"},\"image\":{\"@id\":\"https:\\\/\\\/www.modave.be\\\/#\\\/schema\\\/logo\\\/image\\\/\"}}]}<\/script>\n<!-- \/ Yoast SEO plugin. -->","yoast_head_json":{"title":"Travaux | Rond-point RN684 | Fin des travaux - Commune de Modave","robots":{"index":"index","follow":"follow","max-snippet":"max-snippet:-1","max-image-preview":"max-image-preview:large","max-video-preview":"max-video-preview:-1"},"canonical":"https:\/\/www.modave.be\/index.php\/services_communaux\/travaux-rond-point-rn684-fin-des-travaux\/","og_locale":"fr_FR","og_type":"article","og_title":"Travaux | Rond-point RN684 | Fin des travaux - Commune de Modave","og_description":"Connexion du r\u00e9seau d&rsquo;\u00e9gouttage Bonne nouvelle ! Les travaux de connexion du r\u00e9seau d\u2019\u00e9gouttage (phase 3) sur la RN684, au niveau du nouveau rond-point, sont d\u00e9sormais termin\u00e9s. La circulation sera \u00e0 nouveau totalement r\u00e9tablie \u00e0 partir du lundi 25 ao\u00fbt \u00e0 6h30. Merci \u00e0 toutes et \u00e0 tous pour votre patience et votre prudence durant&hellip;","og_url":"https:\/\/www.modave.be\/index.php\/services_communaux\/travaux-rond-point-rn684-fin-des-travaux\/","og_site_name":"Commune de Modave","article_modified_time":"2025-08-27T08:19:31+00:00","og_image":[{"width":1080,"height":540,"url":"https:\/\/www.modave.be\/wp-content\/uploads\/2025\/07\/1-1-e1751630402462.jpg","type":"image\/jpeg"}],"twitter_card":"summary_large_image","schema":{"@context":"https:\/\/schema.org","@graph":[{"@type":"WebPage","@id":"https:\/\/www.modave.be\/index.php\/services_communaux\/travaux-rond-point-rn684-fin-des-travaux\/","url":"https:\/\/www.modave.be\/index.php\/services_communaux\/travaux-rond-point-rn684-fin-des-travaux\/","name":"Travaux | Rond-point RN684 | Fin des travaux - Commune de Modave","isPartOf":{"@id":"https:\/\/www.modave.be\/#website"},"primaryImageOfPage":{"@id":"https:\/\/www.modave.be\/index.php\/services_communaux\/travaux-rond-point-rn684-fin-des-travaux\/#primaryimage"},"image":{"@id":"https:\/\/www.modave.be\/index.php\/services_communaux\/travaux-rond-point-rn684-fin-des-travaux\/#primaryimage"},"thumbnailUrl":"https:\/\/www.modave.be\/wp-content\/uploads\/2025\/07\/1-1-e1751630402462.jpg","datePublished":"2025-08-22T14:00:00+00:00","dateModified":"2025-08-27T08:19:31+00:00","breadcrumb":{"@id":"https:\/\/www.modave.be\/index.php\/services_communaux\/travaux-rond-point-rn684-fin-des-travaux\/#breadcrumb"},"inLanguage":"fr-FR","potentialAction":[{"@type":"ReadAction","target":["https:\/\/www.modave.be\/index.php\/services_communaux\/travaux-rond-point-rn684-fin-des-travaux\/"]}]},{"@type":"ImageObject","inLanguage":"fr-FR","@id":"https:\/\/www.modave.be\/index.php\/services_communaux\/travaux-rond-point-rn684-fin-des-travaux\/#primaryimage","url":"https:\/\/www.modave.be\/wp-content\/uploads\/2025\/07\/1-1-e1751630402462.jpg","contentUrl":"https:\/\/www.modave.be\/wp-content\/uploads\/2025\/07\/1-1-e1751630402462.jpg","width":1080,"height":540},{"@type":"BreadcrumbList","@id":"https:\/\/www.modave.be\/index.php\/services_communaux\/travaux-rond-point-rn684-fin-des-travaux\/#breadcrumb","itemListElement":[{"@type":"ListItem","position":1,"name":"Accueil","item":"https:\/\/www.modave.be\/"},{"@type":"ListItem","position":2,"name":"Travaux | Rond-point RN684 | Fin des travaux"}]},{"@type":"WebSite","@id":"https:\/\/www.modave.be\/#website","url":"https:\/\/www.modave.be\/","name":"Commune de Modave","description":"Commune de Modave","publisher":{"@id":"https:\/\/www.modave.be\/#organization"},"potentialAction":[{"@type":"SearchAction","target":{"@type":"EntryPoint","urlTemplate":"https:\/\/www.modave.be\/?s={search_term_string}"},"query-input":{"@type":"PropertyValueSpecification","valueRequired":true,"valueName":"search_term_string"}}],"inLanguage":"fr-FR"},{"@type":"Organization","@id":"https:\/\/www.modave.be\/#organization","name":"Commune de Modave","url":"https:\/\/www.modave.be\/","logo":{"@type":"ImageObject","inLanguage":"fr-FR","@id":"https:\/\/www.modave.be\/#\/schema\/logo\/image\/","url":"https:\/\/www.modave.be\/wp-content\/uploads\/2021\/12\/MODAVE_LOGO_HORIZONTAL_QUADRI_RVB.png","contentUrl":"https:\/\/www.modave.be\/wp-content\/uploads\/2021\/12\/MODAVE_LOGO_HORIZONTAL_QUADRI_RVB.png","width":1200,"height":501,"caption":"Commune de Modave"},"image":{"@id":"https:\/\/www.modave.be\/#\/schema\/logo\/image\/"}}]}},"_links":{"self":[{"href":"https:\/\/www.modave.be\/index.php\/wp-json\/wp\/v2\/services_communaux\/16296","targetHints":{"allow":["GET"]}}],"collection":[{"href":"https:\/\/www.modave.be\/index.php\/wp-json\/wp\/v2\/services_communaux"}],"about":[{"href":"https:\/\/www.modave.be\/index.php\/wp-json\/wp\/v2\/types\/services_communaux"}],"author":[{"embeddable":true,"href":"https:\/\/www.modave.be\/index.php\/wp-json\/wp\/v2\/users\/9"}],"wp:featuredmedia":[{"embeddable":true,"href":"https:\/\/www.modave.be\/index.php\/wp-json\/wp\/v2\/media\/16046"}],"wp:attachment":[{"href":"https:\/\/www.modave.be\/index.php\/wp-json\/wp\/v2\/media?parent=16296"}],"wp:term":[{"taxonomy":"category","embeddable":true,"href":"https:\/\/www.modave.be\/index.php\/wp-json\/wp\/v2\/categories?post=16296"}],"curies":[{"name":"wp","href":"https:\/\/api.w.org\/{rel}","templated":true}]}}