{"id":16297,"date":"2025-08-27T11:26:01","date_gmt":"2025-08-27T09:26:01","guid":{"rendered":"https:\/\/www.modave.be\/?post_type=services_communaux&#038;p=16297"},"modified":"2025-08-27T11:26:01","modified_gmt":"2025-08-27T09:26:01","slug":"campagne-de-deratisation-gratuite-8-et-9-sept-2025","status":"publish","type":"services_communaux","link":"https:\/\/www.modave.be\/index.php\/services_communaux\/campagne-de-deratisation-gratuite-8-et-9-sept-2025\/","title":{"rendered":"Campagne de d\u00e9ratisation gratuite | 8 et 9 sept. 2025"},"content":{"rendered":"\n<h2 class=\"wp-block-heading\">\ud835\uddd6\ud835\uddee\ud835\uddfa\ud835\uddfd\ud835\uddee\ud835\uddf4\ud835\uddfb\ud835\uddf2 \ud835\uddf1\ud835\uddf2 \ud835\uddf1\ud835\uddf2\u0301\ud835\uddff\ud835\uddee\ud835\ude01\ud835\uddf6\ud835\ude00\ud835\uddee\ud835\ude01\ud835\uddf6\ud835\uddfc\ud835\uddfb \ud835\uddee\u0300 \ud835\udde0\ud835\uddfc\ud835\uddf1\ud835\uddee\ud835\ude03\ud835\uddf2<\/h2>\n\n\n\n<p><em>Des rongeurs chez vous ? Ne les laissez pas prolif\u00e9rer !<\/em><\/p>\n\n\n\n<p>Les lundi 8 et mardi 9 septembre 2025, une campagne de d\u00e9ratisation sera organis\u00e9e sur l\u2019ensemble de la commune.<\/p>\n\n\n\n<ul class=\"wp-block-list\">\n<li>Tous les biens communaux seront trait\u00e9s.<\/li>\n\n\n\n<li><strong>Les b\u00e2timents priv\u00e9s peuvent aussi en b\u00e9n\u00e9ficier, gratuitement et sur simple demande.<\/strong><\/li>\n<\/ul>\n\n\n\n<p>Inscription obligatoire avant le 3 septembre aupr\u00e8s du Service des Travaux :<br>085\/51.30.35 &#8211; <a>agenttechnique@modave.be<\/a><\/p>\n\n\n\n<p>Merci de relayer l\u2019information autour de vous afin que chacun puisse en profiter.<\/p>\n\n\n\n<figure class=\"wp-block-image size-large\"><img fetchpriority=\"high\" decoding=\"async\" width=\"1024\" height=\"1024\" src=\"https:\/\/www.modave.be\/wp-content\/uploads\/2025\/08\/Deratisation-1-1024x1024.jpg\" alt=\"\" class=\"wp-image-16299\" srcset=\"https:\/\/www.modave.be\/wp-content\/uploads\/2025\/08\/Deratisation-1-1024x1024.jpg 1024w, https:\/\/www.modave.be\/wp-content\/uploads\/2025\/08\/Deratisation-1-300x300.jpg 300w, https:\/\/www.modave.be\/wp-content\/uploads\/2025\/08\/Deratisation-1-150x150.jpg 150w, https:\/\/www.modave.be\/wp-content\/uploads\/2025\/08\/Deratisation-1-768x768.jpg 768w, https:\/\/www.modave.be\/wp-content\/uploads\/2025\/08\/Deratisation-1.jpg 1080w\" sizes=\"(max-width: 1024px) 100vw, 1024px\" \/><\/figure>\n","protected":false},"excerpt":{"rendered":"<p>\ud835\uddd6\ud835\uddee\ud835\uddfa\ud835\uddfd\ud835\uddee\ud835\uddf4\ud835\uddfb\ud835\uddf2 \ud835\uddf1\ud835\uddf2 \ud835\uddf1\ud835\uddf2\u0301\ud835\uddff\ud835\uddee\ud835\ude01\ud835\uddf6\ud835\ude00\ud835\uddee\ud835\ude01\ud835\uddf6\ud835\uddfc\ud835\uddfb \ud835\uddee\u0300 \ud835\udde0\ud835\uddfc\ud835\uddf1\ud835\uddee\ud835\ude03\ud835\uddf2 Des rongeurs chez vous ? Ne les laissez pas prolif\u00e9rer ! Les lundi 8 et mardi 9 septembre 2025, une campagne de d\u00e9ratisation sera organis\u00e9e sur l\u2019ensemble de la commune. Inscription obligatoire avant le 3 septembre aupr\u00e8s du Service des Travaux :085\/51.30.35 &#8211; agenttechnique@modave.be Merci de relayer l\u2019information autour de&hellip;<\/p>\n","protected":false},"author":9,"featured_media":16300,"menu_order":0,"template":"","categories":[199,208],"class_list":["post-16297","services_communaux","type-services_communaux","status-publish","has-post-thumbnail","hentry","category-environnement","category-travaux","description-off"],"yoast_head":"<!-- This site is optimized with the Yoast SEO plugin v27.4 - https:\/\/yoast.com\/product\/yoast-seo-wordpress\/ -->\n<title>Campagne de d\u00e9ratisation gratuite | 8 et 9 sept. 2025 - Commune de Modave<\/title>\n<meta name=\"robots\" content=\"index, follow, max-snippet:-1, max-image-preview:large, max-video-preview:-1\" \/>\n<link rel=\"canonical\" href=\"https:\/\/www.modave.be\/index.php\/services_communaux\/campagne-de-deratisation-gratuite-8-et-9-sept-2025\/\" \/>\n<meta property=\"og:locale\" content=\"fr_FR\" \/>\n<meta property=\"og:type\" content=\"article\" \/>\n<meta property=\"og:title\" content=\"Campagne de d\u00e9ratisation gratuite | 8 et 9 sept. 2025 - Commune de Modave\" \/>\n<meta property=\"og:description\" content=\"\ud835\uddd6\ud835\uddee\ud835\uddfa\ud835\uddfd\ud835\uddee\ud835\uddf4\ud835\uddfb\ud835\uddf2 \ud835\uddf1\ud835\uddf2 \ud835\uddf1\ud835\uddf2\u0301\ud835\uddff\ud835\uddee\ud835\ude01\ud835\uddf6\ud835\ude00\ud835\uddee\ud835\ude01\ud835\uddf6\ud835\uddfc\ud835\uddfb \ud835\uddee\u0300 \ud835\udde0\ud835\uddfc\ud835\uddf1\ud835\uddee\ud835\ude03\ud835\uddf2 Des rongeurs chez vous ? Ne les laissez pas prolif\u00e9rer ! Les lundi 8 et mardi 9 septembre 2025, une campagne de d\u00e9ratisation sera organis\u00e9e sur l\u2019ensemble de la commune. Inscription obligatoire avant le 3 septembre aupr\u00e8s du Service des Travaux :085\/51.30.35 &#8211; agenttechnique@modave.be Merci de relayer l\u2019information autour de&hellip;\" \/>\n<meta property=\"og:url\" content=\"https:\/\/www.modave.be\/index.php\/services_communaux\/campagne-de-deratisation-gratuite-8-et-9-sept-2025\/\" \/>\n<meta property=\"og:site_name\" content=\"Commune de Modave\" \/>\n<meta property=\"og:image\" content=\"https:\/\/www.modave.be\/wp-content\/uploads\/2025\/08\/Deratisation-2-e1756286723509.jpg\" \/>\n\t<meta property=\"og:image:width\" content=\"1080\" \/>\n\t<meta property=\"og:image:height\" content=\"540\" \/>\n\t<meta property=\"og:image:type\" content=\"image\/jpeg\" \/>\n<meta name=\"twitter:card\" content=\"summary_large_image\" \/>\n<script type=\"application\/ld+json\" class=\"yoast-schema-graph\">{\"@context\":\"https:\\\/\\\/schema.org\",\"@graph\":[{\"@type\":\"WebPage\",\"@id\":\"https:\\\/\\\/www.modave.be\\\/index.php\\\/services_communaux\\\/campagne-de-deratisation-gratuite-8-et-9-sept-2025\\\/\",\"url\":\"https:\\\/\\\/www.modave.be\\\/index.php\\\/services_communaux\\\/campagne-de-deratisation-gratuite-8-et-9-sept-2025\\\/\",\"name\":\"Campagne de d\u00e9ratisation gratuite | 8 et 9 sept. 2025 - Commune de Modave\",\"isPartOf\":{\"@id\":\"https:\\\/\\\/www.modave.be\\\/#website\"},\"primaryImageOfPage\":{\"@id\":\"https:\\\/\\\/www.modave.be\\\/index.php\\\/services_communaux\\\/campagne-de-deratisation-gratuite-8-et-9-sept-2025\\\/#primaryimage\"},\"image\":{\"@id\":\"https:\\\/\\\/www.modave.be\\\/index.php\\\/services_communaux\\\/campagne-de-deratisation-gratuite-8-et-9-sept-2025\\\/#primaryimage\"},\"thumbnailUrl\":\"https:\\\/\\\/www.modave.be\\\/wp-content\\\/uploads\\\/2025\\\/08\\\/Deratisation-2-e1756286723509.jpg\",\"datePublished\":\"2025-08-27T09:26:01+00:00\",\"breadcrumb\":{\"@id\":\"https:\\\/\\\/www.modave.be\\\/index.php\\\/services_communaux\\\/campagne-de-deratisation-gratuite-8-et-9-sept-2025\\\/#breadcrumb\"},\"inLanguage\":\"fr-FR\",\"potentialAction\":[{\"@type\":\"ReadAction\",\"target\":[\"https:\\\/\\\/www.modave.be\\\/index.php\\\/services_communaux\\\/campagne-de-deratisation-gratuite-8-et-9-sept-2025\\\/\"]}]},{\"@type\":\"ImageObject\",\"inLanguage\":\"fr-FR\",\"@id\":\"https:\\\/\\\/www.modave.be\\\/index.php\\\/services_communaux\\\/campagne-de-deratisation-gratuite-8-et-9-sept-2025\\\/#primaryimage\",\"url\":\"https:\\\/\\\/www.modave.be\\\/wp-content\\\/uploads\\\/2025\\\/08\\\/Deratisation-2-e1756286723509.jpg\",\"contentUrl\":\"https:\\\/\\\/www.modave.be\\\/wp-content\\\/uploads\\\/2025\\\/08\\\/Deratisation-2-e1756286723509.jpg\",\"width\":1080,\"height\":540},{\"@type\":\"BreadcrumbList\",\"@id\":\"https:\\\/\\\/www.modave.be\\\/index.php\\\/services_communaux\\\/campagne-de-deratisation-gratuite-8-et-9-sept-2025\\\/#breadcrumb\",\"itemListElement\":[{\"@type\":\"ListItem\",\"position\":1,\"name\":\"Accueil\",\"item\":\"https:\\\/\\\/www.modave.be\\\/\"},{\"@type\":\"ListItem\",\"position\":2,\"name\":\"Campagne de d\u00e9ratisation gratuite | 8 et 9 sept. 2025\"}]},{\"@type\":\"WebSite\",\"@id\":\"https:\\\/\\\/www.modave.be\\\/#website\",\"url\":\"https:\\\/\\\/www.modave.be\\\/\",\"name\":\"Commune de Modave\",\"description\":\"Commune de Modave\",\"publisher\":{\"@id\":\"https:\\\/\\\/www.modave.be\\\/#organization\"},\"potentialAction\":[{\"@type\":\"SearchAction\",\"target\":{\"@type\":\"EntryPoint\",\"urlTemplate\":\"https:\\\/\\\/www.modave.be\\\/?s={search_term_string}\"},\"query-input\":{\"@type\":\"PropertyValueSpecification\",\"valueRequired\":true,\"valueName\":\"search_term_string\"}}],\"inLanguage\":\"fr-FR\"},{\"@type\":\"Organization\",\"@id\":\"https:\\\/\\\/www.modave.be\\\/#organization\",\"name\":\"Commune de Modave\",\"url\":\"https:\\\/\\\/www.modave.be\\\/\",\"logo\":{\"@type\":\"ImageObject\",\"inLanguage\":\"fr-FR\",\"@id\":\"https:\\\/\\\/www.modave.be\\\/#\\\/schema\\\/logo\\\/image\\\/\",\"url\":\"https:\\\/\\\/www.modave.be\\\/wp-content\\\/uploads\\\/2021\\\/12\\\/MODAVE_LOGO_HORIZONTAL_QUADRI_RVB.png\",\"contentUrl\":\"https:\\\/\\\/www.modave.be\\\/wp-content\\\/uploads\\\/2021\\\/12\\\/MODAVE_LOGO_HORIZONTAL_QUADRI_RVB.png\",\"width\":1200,\"height\":501,\"caption\":\"Commune de Modave\"},\"image\":{\"@id\":\"https:\\\/\\\/www.modave.be\\\/#\\\/schema\\\/logo\\\/image\\\/\"}}]}<\/script>\n<!-- \/ Yoast SEO plugin. -->","yoast_head_json":{"title":"Campagne de d\u00e9ratisation gratuite | 8 et 9 sept. 2025 - Commune de Modave","robots":{"index":"index","follow":"follow","max-snippet":"max-snippet:-1","max-image-preview":"max-image-preview:large","max-video-preview":"max-video-preview:-1"},"canonical":"https:\/\/www.modave.be\/index.php\/services_communaux\/campagne-de-deratisation-gratuite-8-et-9-sept-2025\/","og_locale":"fr_FR","og_type":"article","og_title":"Campagne de d\u00e9ratisation gratuite | 8 et 9 sept. 2025 - Commune de Modave","og_description":"\ud835\uddd6\ud835\uddee\ud835\uddfa\ud835\uddfd\ud835\uddee\ud835\uddf4\ud835\uddfb\ud835\uddf2 \ud835\uddf1\ud835\uddf2 \ud835\uddf1\ud835\uddf2\u0301\ud835\uddff\ud835\uddee\ud835\ude01\ud835\uddf6\ud835\ude00\ud835\uddee\ud835\ude01\ud835\uddf6\ud835\uddfc\ud835\uddfb \ud835\uddee\u0300 \ud835\udde0\ud835\uddfc\ud835\uddf1\ud835\uddee\ud835\ude03\ud835\uddf2 Des rongeurs chez vous ? Ne les laissez pas prolif\u00e9rer ! Les lundi 8 et mardi 9 septembre 2025, une campagne de d\u00e9ratisation sera organis\u00e9e sur l\u2019ensemble de la commune. Inscription obligatoire avant le 3 septembre aupr\u00e8s du Service des Travaux :085\/51.30.35 &#8211; agenttechnique@modave.be Merci de relayer l\u2019information autour de&hellip;","og_url":"https:\/\/www.modave.be\/index.php\/services_communaux\/campagne-de-deratisation-gratuite-8-et-9-sept-2025\/","og_site_name":"Commune de Modave","og_image":[{"width":1080,"height":540,"url":"https:\/\/www.modave.be\/wp-content\/uploads\/2025\/08\/Deratisation-2-e1756286723509.jpg","type":"image\/jpeg"}],"twitter_card":"summary_large_image","schema":{"@context":"https:\/\/schema.org","@graph":[{"@type":"WebPage","@id":"https:\/\/www.modave.be\/index.php\/services_communaux\/campagne-de-deratisation-gratuite-8-et-9-sept-2025\/","url":"https:\/\/www.modave.be\/index.php\/services_communaux\/campagne-de-deratisation-gratuite-8-et-9-sept-2025\/","name":"Campagne de d\u00e9ratisation gratuite | 8 et 9 sept. 2025 - Commune de Modave","isPartOf":{"@id":"https:\/\/www.modave.be\/#website"},"primaryImageOfPage":{"@id":"https:\/\/www.modave.be\/index.php\/services_communaux\/campagne-de-deratisation-gratuite-8-et-9-sept-2025\/#primaryimage"},"image":{"@id":"https:\/\/www.modave.be\/index.php\/services_communaux\/campagne-de-deratisation-gratuite-8-et-9-sept-2025\/#primaryimage"},"thumbnailUrl":"https:\/\/www.modave.be\/wp-content\/uploads\/2025\/08\/Deratisation-2-e1756286723509.jpg","datePublished":"2025-08-27T09:26:01+00:00","breadcrumb":{"@id":"https:\/\/www.modave.be\/index.php\/services_communaux\/campagne-de-deratisation-gratuite-8-et-9-sept-2025\/#breadcrumb"},"inLanguage":"fr-FR","potentialAction":[{"@type":"ReadAction","target":["https:\/\/www.modave.be\/index.php\/services_communaux\/campagne-de-deratisation-gratuite-8-et-9-sept-2025\/"]}]},{"@type":"ImageObject","inLanguage":"fr-FR","@id":"https:\/\/www.modave.be\/index.php\/services_communaux\/campagne-de-deratisation-gratuite-8-et-9-sept-2025\/#primaryimage","url":"https:\/\/www.modave.be\/wp-content\/uploads\/2025\/08\/Deratisation-2-e1756286723509.jpg","contentUrl":"https:\/\/www.modave.be\/wp-content\/uploads\/2025\/08\/Deratisation-2-e1756286723509.jpg","width":1080,"height":540},{"@type":"BreadcrumbList","@id":"https:\/\/www.modave.be\/index.php\/services_communaux\/campagne-de-deratisation-gratuite-8-et-9-sept-2025\/#breadcrumb","itemListElement":[{"@type":"ListItem","position":1,"name":"Accueil","item":"https:\/\/www.modave.be\/"},{"@type":"ListItem","position":2,"name":"Campagne de d\u00e9ratisation gratuite | 8 et 9 sept. 2025"}]},{"@type":"WebSite","@id":"https:\/\/www.modave.be\/#website","url":"https:\/\/www.modave.be\/","name":"Commune de Modave","description":"Commune de Modave","publisher":{"@id":"https:\/\/www.modave.be\/#organization"},"potentialAction":[{"@type":"SearchAction","target":{"@type":"EntryPoint","urlTemplate":"https:\/\/www.modave.be\/?s={search_term_string}"},"query-input":{"@type":"PropertyValueSpecification","valueRequired":true,"valueName":"search_term_string"}}],"inLanguage":"fr-FR"},{"@type":"Organization","@id":"https:\/\/www.modave.be\/#organization","name":"Commune de Modave","url":"https:\/\/www.modave.be\/","logo":{"@type":"ImageObject","inLanguage":"fr-FR","@id":"https:\/\/www.modave.be\/#\/schema\/logo\/image\/","url":"https:\/\/www.modave.be\/wp-content\/uploads\/2021\/12\/MODAVE_LOGO_HORIZONTAL_QUADRI_RVB.png","contentUrl":"https:\/\/www.modave.be\/wp-content\/uploads\/2021\/12\/MODAVE_LOGO_HORIZONTAL_QUADRI_RVB.png","width":1200,"height":501,"caption":"Commune de Modave"},"image":{"@id":"https:\/\/www.modave.be\/#\/schema\/logo\/image\/"}}]}},"_links":{"self":[{"href":"https:\/\/www.modave.be\/index.php\/wp-json\/wp\/v2\/services_communaux\/16297","targetHints":{"allow":["GET"]}}],"collection":[{"href":"https:\/\/www.modave.be\/index.php\/wp-json\/wp\/v2\/services_communaux"}],"about":[{"href":"https:\/\/www.modave.be\/index.php\/wp-json\/wp\/v2\/types\/services_communaux"}],"author":[{"embeddable":true,"href":"https:\/\/www.modave.be\/index.php\/wp-json\/wp\/v2\/users\/9"}],"wp:featuredmedia":[{"embeddable":true,"href":"https:\/\/www.modave.be\/index.php\/wp-json\/wp\/v2\/media\/16300"}],"wp:attachment":[{"href":"https:\/\/www.modave.be\/index.php\/wp-json\/wp\/v2\/media?parent=16297"}],"wp:term":[{"taxonomy":"category","embeddable":true,"href":"https:\/\/www.modave.be\/index.php\/wp-json\/wp\/v2\/categories?post=16297"}],"curies":[{"name":"wp","href":"https:\/\/api.w.org\/{rel}","templated":true}]}}