{"id":16302,"date":"2025-09-17T14:39:47","date_gmt":"2025-09-17T12:39:47","guid":{"rendered":"https:\/\/www.modave.be\/?post_type=services_communaux&#038;p=16302"},"modified":"2025-09-17T15:01:30","modified_gmt":"2025-09-17T13:01:30","slug":"chasses-et-battues-calendrier-2025","status":"publish","type":"services_communaux","link":"https:\/\/www.modave.be\/index.php\/services_communaux\/chasses-et-battues-calendrier-2025\/","title":{"rendered":"Chasses et battues | Calendrier 2025"},"content":{"rendered":"\n<p>\ud835\udc08\ud835\udc27\ud835\udc1f\ud835\udc28\ud835\udc2b\ud835\udc26\ud835\udc1a\ud835\udc2d\ud835\udc22\ud835\udc28\ud835\udc27 \ud835\udc22\ud835\udc26\ud835\udc29\ud835\udc28\ud835\udc2b\ud835\udc2d\ud835\udc1a\ud835\udc27\ud835\udc2d\ud835\udc1e \ud835\udc29\ud835\udc28\ud835\udc2e\ud835\udc2b \ud835\udc2f\ud835\udc28\ud835\udc2d\ud835\udc2b\ud835\udc1e \ud835\udc2c\ud835\udc1e\u0301\ud835\udc1c\ud835\udc2e\ud835\udc2b\ud835\udc22\ud835\udc2d\ud835\udc1e\u0301 \ud835\udc1e\ud835\udc27 \ud835\udc1f\ud835\udc28\ud835\udc2b\ud835\udc1e\u0302\ud835\udc2d<\/p>\n\n\n\n<p>La saison de chasse d\u00e9butera prochainement sur le territoire communal. Afin de garantir votre s\u00e9curit\u00e9, nous vous invitons \u00e0 rester attentifs lors de vos promenades en for\u00eat. Avant toute sortie, n\u2019h\u00e9sitez pas \u00e0 consulter l\u2019une des plateformes suivantes pour conna\u00eetre les chasses et battues en cours :<\/p>\n\n\n\n<ul class=\"wp-block-list\">\n<li>\ud835\udc02\ud835\udc21\ud835\udc1a\ud835\udc2c\ud835\udc2c\ud835\udc1e\ud835\udc0e\ud835\udc27\ud835\udc16\ud835\udc1e\ud835\udc1b &#8211; <a href=\"https:\/\/www.chasseonweb.be\">https:\/\/www.chasseonweb.be<\/a><\/li>\n\n\n\n<li>\ud835\udc0f\ud835\udc1a\ud835\udc2b\ud835\udc2d\ud835\udc1a\ud835\udc20\ud835\udc1e\ud835\udc28\ud835\udc27\ud835\udc2c \ud835\udc25\ud835\udc1a \ud835\udc1f\ud835\udc28\ud835\udc2b\ud835\udc1e\u0302\ud835\udc2d &#8211; <a href=\"https:\/\/partageonslaforet.be\">https:\/\/partageonslaforet.be<\/a><\/li>\n<\/ul>\n\n\n\n<blockquote class=\"wp-block-quote is-layout-flow wp-block-quote-is-layout-flow\">\n<p class=\"has-text-color has-link-color wp-elements-62e2028eba1da043d5e20f7ea6dd65bd\" style=\"color:#ff0000\"><strong>Attention : certaines chasses peuvent avoir lieu sans pr\u00e9avis et ne pas \u00eatre r\u00e9pertori\u00e9es. <\/strong>Veillez \u00e0 consulter les affichages plac\u00e9s aux entr\u00e9es des bois et le long des chemins forestiers afin de conna\u00eetre les zones concern\u00e9es.<\/p>\n<\/blockquote>\n\n\n\n<p>Petit rappel sur les panneaux :<\/p>\n\n\n\n<ul class=\"wp-block-list\">\n<li>\ud835\udc0f\ud835\udc1a\ud835\udc27\ud835\udc27\ud835\udc1e\ud835\udc1a\ud835\udc2e \ud835\udc2b\ud835\udc28\ud835\udc2e\ud835\udc20\ud835\udc1e &#8211; Acc\u00e8s strictement interdit. Une chasse est en cours, prenez un autre chemin.<\/li>\n\n\n\n<li>\ud835\udc0f\ud835\udc1a\ud835\udc27\ud835\udc27\ud835\udc1e\ud835\udc1a\ud835\udc2e \ud835\udc23\ud835\udc1a\ud835\udc2e\ud835\udc27\ud835\udc1e &#8211; Ce panneau indique qu\u2019une chasse est programm\u00e9e \u00e0 une date future ou dans une autre zone. Cela ne signifie pas que le chemin est ferm\u00e9, mais restez attentifs aux informations suppl\u00e9mentaires.<\/li>\n<\/ul>\n\n\n\n<p>\ud835\udc12\ud835\udc28\ud835\udc32\ud835\udc1e\ud835\udc33 \ud835\udc2f\ud835\udc22\ud835\udc20\ud835\udc22\ud835\udc25\ud835\udc1a\ud835\udc27\ud835\udc2d\ud835\udc2c \ud835\udc1e\ud835\udc2d \ud835\udc29\ud835\udc1a\ud835\udc2b\ud835\udc2d\ud835\udc1a\ud835\udc20\ud835\udc1e\ud835\udc33 \ud835\udc1c\ud835\udc1e\ud835\udc2c \ud835\udc22\ud835\udc27\ud835\udc1f\ud835\udc28\ud835\udc2b\ud835\udc26\ud835\udc1a\ud835\udc2d\ud835\udc22\ud835\udc28\ud835\udc27\ud835\udc2c \ud835\udc29\ud835\udc28\ud835\udc2e\ud835\udc2b \ud835\udc2e\ud835\udc27\ud835\udc1e \ud835\udc1f\ud835\udc28\ud835\udc2b\ud835\udc1e\u0302\ud835\udc2d \ud835\udc2c\ud835\udc1e\u0301\ud835\udc1c\ud835\udc2e\ud835\udc2b\ud835\udc22\ud835\udc2c\ud835\udc1e\u0301\ud835\udc1e \ud835\udc29\ud835\udc28\ud835\udc2e\ud835\udc2b \ud835\udc2d\ud835\udc28\ud835\udc2e\ud835\udc2c !<\/p>\n\n\n\n<div style=\"height:37px\" aria-hidden=\"true\" class=\"wp-block-spacer\"><\/div>\n\n\n\n<figure class=\"wp-block-table is-style-stripes\"><table class=\"has-fixed-layout\"><thead><tr><th><strong>Dates<\/strong><\/th><th>Lieux<\/th><th>Rues concern\u00e9es<\/th><th>Modalit\u00e9s<\/th><th class=\"has-text-align-center\" data-align=\"center\">Ordonnances de Police<\/th><\/tr><\/thead><tbody><tr><td>1er octobre 2025<\/td><td>For\u00eat jouxtant le Ch\u00e2teau de Modave<\/td><td>Petit Modave (de portique \u00e0 portique), Fond Vincent, de la Forge et rue du Parc (dr\u00e8ve secondaire).<\/td><td>Ferm\u00e9es \u00e0 toute circulation en raison de battues, approches \/ aff\u00fbts<\/td><td class=\"has-text-align-center\" data-align=\"center\"><a href=\"https:\/\/www.modave.be\/wp-content\/uploads\/2025\/08\/20250826103744572-1.pdf\">T\u00e9l\u00e9charger<\/a><\/td><\/tr><tr><td>2 octobre 2025<\/td><td>Chasse de Str\u00e9e<\/td><td>\/<\/td><td>\/<\/td><td class=\"has-text-align-center\" data-align=\"center\">\/<\/td><\/tr><tr><td>4 octobre 2025<\/td><td>Bois de Saint-Lambert Ouest<\/td><td>\/<\/td><td>\/<\/td><td class=\"has-text-align-center\" data-align=\"center\">\/<\/td><\/tr><tr><td>16 octobre 2025<\/td><td>Bois de Barse<\/td><td>\/<\/td><td>\/<\/td><td class=\"has-text-align-center\" data-align=\"center\">\/<\/td><\/tr><tr><td>25 octobre 2025<\/td><td>Bois de Saint-Lambert Ouest<\/td><td>\/<\/td><td>\/<\/td><td class=\"has-text-align-center\" data-align=\"center\">\/<\/td><\/tr><tr><td>26 octobre 2025<\/td><td>For\u00eat jouxtant le Ch\u00e2teau de Modave<\/td><td>Petit Modave (de portique \u00e0 portique), Fond Vincent, de la Forge et rue du Parc (dr\u00e8ve secondaire).<\/td><td>Ferm\u00e9es \u00e0 toute circulation en raison de battues, approches \/ aff\u00fbts<\/td><td class=\"has-text-align-center\" data-align=\"center\"><a href=\"https:\/\/www.modave.be\/wp-content\/uploads\/2025\/08\/20250826103744572-1.pdf\">T\u00e9l\u00e9charger<\/a><\/td><\/tr><tr><td>28 octobre 2025<\/td><td>Saint Vitu Str\u00e9e<\/td><td>\/<\/td><td>\/<\/td><td class=\"has-text-align-center\" data-align=\"center\">\/<\/td><\/tr><tr><td>11 novembre 2025<\/td><td>For\u00eat jouxtant le Ch\u00e2teau de Modave<\/td><td>Petit Modave (de portique \u00e0 portique), Fond Vincent, de la Forge et rue du Parc (dr\u00e8ve secondaire).<\/td><td>Ferm\u00e9es \u00e0 toute circulation en raison de battues, approches \/ aff\u00fbts<\/td><td class=\"has-text-align-center\" data-align=\"center\"><a href=\"https:\/\/www.modave.be\/wp-content\/uploads\/2025\/08\/20250826103744572-1.pdf\">T\u00e9l\u00e9charger<\/a><\/td><\/tr><tr><td>15 novembre 2025<\/td><td>Bois de Barse<\/td><td>\/<\/td><td>\/<\/td><td class=\"has-text-align-center\" data-align=\"center\">\/<\/td><\/tr><tr><td>29 novembre 2025<\/td><td>Bois de Saint-Lambert Ouest<\/td><td>\/<\/td><td>\/<\/td><td class=\"has-text-align-center\" data-align=\"center\">\/<\/td><\/tr><tr><td>30 novembre 2025<\/td><td>For\u00eat jouxtant le Ch\u00e2teau de Modave<\/td><td>Petit Modave (de portique \u00e0 portique), Fond Vincent, de la Forge et rue du Parc (dr\u00e8ve secondaire).<\/td><td>Ferm\u00e9es \u00e0 toute circulation en raison de battues, approches \/ aff\u00fbts<\/td><td class=\"has-text-align-center\" data-align=\"center\"><a href=\"https:\/\/www.modave.be\/wp-content\/uploads\/2025\/08\/20250826103744572-1.pdf\">T\u00e9l\u00e9charger<\/a><\/td><\/tr><tr><td>16 d\u00e9cembre 2025<\/td><td>Bois de Barse<\/td><td>\/<\/td><td>\/<\/td><td class=\"has-text-align-center\" data-align=\"center\">\/<\/td><\/tr><tr><td>28 d\u00e9cembre 2025<\/td><td>Bois de Saint-Lambert Ouest<\/td><td>\/<\/td><td>\/<\/td><td class=\"has-text-align-center\" data-align=\"center\">\/<\/td><\/tr><tr><td>30 d\u00e9cembre 2025<\/td><td>For\u00eat jouxtant le Ch\u00e2teau de Modave<\/td><td>Petit Modave (de portique \u00e0 portique), Fond Vincent, de la Forge et rue du Parc (dr\u00e8ve secondaire).<\/td><td>Ferm\u00e9es \u00e0 toute circulation en raison de battues, approches \/ aff\u00fbts<\/td><td class=\"has-text-align-center\" data-align=\"center\"><a href=\"https:\/\/www.modave.be\/wp-content\/uploads\/2025\/08\/20250826103744572-1.pdf\">T\u00e9l\u00e9charger<\/a><\/td><\/tr><tr><td>24 janvier 2025<\/td><td>Bois de Barse<\/td><td>\/<\/td><td>\/<\/td><td class=\"has-text-align-center\" data-align=\"center\">\/<\/td><\/tr><tr><td>25 janvier 2025<\/td><td>Bois de Saint-Lambert Ouest<\/td><td>\/<\/td><td>\/<\/td><td class=\"has-text-align-center\" data-align=\"center\">\/<\/td><\/tr><\/tbody><\/table><\/figure>\n","protected":false},"excerpt":{"rendered":"<p>\ud835\udc08\ud835\udc27\ud835\udc1f\ud835\udc28\ud835\udc2b\ud835\udc26\ud835\udc1a\ud835\udc2d\ud835\udc22\ud835\udc28\ud835\udc27 \ud835\udc22\ud835\udc26\ud835\udc29\ud835\udc28\ud835\udc2b\ud835\udc2d\ud835\udc1a\ud835\udc27\ud835\udc2d\ud835\udc1e \ud835\udc29\ud835\udc28\ud835\udc2e\ud835\udc2b \ud835\udc2f\ud835\udc28\ud835\udc2d\ud835\udc2b\ud835\udc1e \ud835\udc2c\ud835\udc1e\u0301\ud835\udc1c\ud835\udc2e\ud835\udc2b\ud835\udc22\ud835\udc2d\ud835\udc1e\u0301 \ud835\udc1e\ud835\udc27 \ud835\udc1f\ud835\udc28\ud835\udc2b\ud835\udc1e\u0302\ud835\udc2d La saison de chasse d\u00e9butera prochainement sur le territoire communal. Afin de garantir votre s\u00e9curit\u00e9, nous vous invitons \u00e0 rester attentifs lors de vos promenades en for\u00eat. Avant toute sortie, n\u2019h\u00e9sitez pas \u00e0 consulter l\u2019une des plateformes suivantes pour conna\u00eetre les chasses et battues en cours : Attention&hellip;<\/p>\n","protected":false},"author":9,"featured_media":12701,"menu_order":0,"template":"","categories":[205,206],"class_list":["post-16302","services_communaux","type-services_communaux","status-publish","has-post-thumbnail","hentry","category-population","category-sports_et_loisirs","description-off"],"yoast_head":"<!-- This site is optimized with the Yoast SEO plugin v27.5 - https:\/\/yoast.com\/product\/yoast-seo-wordpress\/ -->\n<title>Chasses et battues | Calendrier 2025 - Commune de Modave<\/title>\n<meta name=\"robots\" content=\"index, follow, max-snippet:-1, max-image-preview:large, max-video-preview:-1\" \/>\n<link rel=\"canonical\" href=\"https:\/\/www.modave.be\/index.php\/services_communaux\/chasses-et-battues-calendrier-2025\/\" \/>\n<meta property=\"og:locale\" content=\"fr_FR\" \/>\n<meta property=\"og:type\" content=\"article\" \/>\n<meta property=\"og:title\" content=\"Chasses et battues | Calendrier 2025 - Commune de Modave\" \/>\n<meta property=\"og:description\" content=\"\ud835\udc08\ud835\udc27\ud835\udc1f\ud835\udc28\ud835\udc2b\ud835\udc26\ud835\udc1a\ud835\udc2d\ud835\udc22\ud835\udc28\ud835\udc27 \ud835\udc22\ud835\udc26\ud835\udc29\ud835\udc28\ud835\udc2b\ud835\udc2d\ud835\udc1a\ud835\udc27\ud835\udc2d\ud835\udc1e \ud835\udc29\ud835\udc28\ud835\udc2e\ud835\udc2b \ud835\udc2f\ud835\udc28\ud835\udc2d\ud835\udc2b\ud835\udc1e \ud835\udc2c\ud835\udc1e\u0301\ud835\udc1c\ud835\udc2e\ud835\udc2b\ud835\udc22\ud835\udc2d\ud835\udc1e\u0301 \ud835\udc1e\ud835\udc27 \ud835\udc1f\ud835\udc28\ud835\udc2b\ud835\udc1e\u0302\ud835\udc2d La saison de chasse d\u00e9butera prochainement sur le territoire communal. Afin de garantir votre s\u00e9curit\u00e9, nous vous invitons \u00e0 rester attentifs lors de vos promenades en for\u00eat. Avant toute sortie, n\u2019h\u00e9sitez pas \u00e0 consulter l\u2019une des plateformes suivantes pour conna\u00eetre les chasses et battues en cours : Attention&hellip;\" \/>\n<meta property=\"og:url\" content=\"https:\/\/www.modave.be\/index.php\/services_communaux\/chasses-et-battues-calendrier-2025\/\" \/>\n<meta property=\"og:site_name\" content=\"Commune de Modave\" \/>\n<meta property=\"article:modified_time\" content=\"2025-09-17T13:01:30+00:00\" \/>\n<meta property=\"og:image\" content=\"https:\/\/www.modave.be\/wp-content\/uploads\/2023\/12\/chasseur-e1727961706476.png\" \/>\n\t<meta property=\"og:image:width\" content=\"849\" \/>\n\t<meta property=\"og:image:height\" content=\"424\" \/>\n\t<meta property=\"og:image:type\" content=\"image\/png\" \/>\n<meta name=\"twitter:card\" content=\"summary_large_image\" \/>\n<meta name=\"twitter:label1\" content=\"Dur\u00e9e de lecture estim\u00e9e\" \/>\n\t<meta name=\"twitter:data1\" content=\"2 minutes\" \/>\n<script type=\"application\/ld+json\" class=\"yoast-schema-graph\">{\"@context\":\"https:\\\/\\\/schema.org\",\"@graph\":[{\"@type\":\"WebPage\",\"@id\":\"https:\\\/\\\/www.modave.be\\\/index.php\\\/services_communaux\\\/chasses-et-battues-calendrier-2025\\\/\",\"url\":\"https:\\\/\\\/www.modave.be\\\/index.php\\\/services_communaux\\\/chasses-et-battues-calendrier-2025\\\/\",\"name\":\"Chasses et battues | Calendrier 2025 - Commune de Modave\",\"isPartOf\":{\"@id\":\"https:\\\/\\\/www.modave.be\\\/#website\"},\"primaryImageOfPage\":{\"@id\":\"https:\\\/\\\/www.modave.be\\\/index.php\\\/services_communaux\\\/chasses-et-battues-calendrier-2025\\\/#primaryimage\"},\"image\":{\"@id\":\"https:\\\/\\\/www.modave.be\\\/index.php\\\/services_communaux\\\/chasses-et-battues-calendrier-2025\\\/#primaryimage\"},\"thumbnailUrl\":\"https:\\\/\\\/www.modave.be\\\/wp-content\\\/uploads\\\/2023\\\/12\\\/chasseur-e1727961706476.png\",\"datePublished\":\"2025-09-17T12:39:47+00:00\",\"dateModified\":\"2025-09-17T13:01:30+00:00\",\"breadcrumb\":{\"@id\":\"https:\\\/\\\/www.modave.be\\\/index.php\\\/services_communaux\\\/chasses-et-battues-calendrier-2025\\\/#breadcrumb\"},\"inLanguage\":\"fr-FR\",\"potentialAction\":[{\"@type\":\"ReadAction\",\"target\":[\"https:\\\/\\\/www.modave.be\\\/index.php\\\/services_communaux\\\/chasses-et-battues-calendrier-2025\\\/\"]}]},{\"@type\":\"ImageObject\",\"inLanguage\":\"fr-FR\",\"@id\":\"https:\\\/\\\/www.modave.be\\\/index.php\\\/services_communaux\\\/chasses-et-battues-calendrier-2025\\\/#primaryimage\",\"url\":\"https:\\\/\\\/www.modave.be\\\/wp-content\\\/uploads\\\/2023\\\/12\\\/chasseur-e1727961706476.png\",\"contentUrl\":\"https:\\\/\\\/www.modave.be\\\/wp-content\\\/uploads\\\/2023\\\/12\\\/chasseur-e1727961706476.png\",\"width\":849,\"height\":424,\"caption\":\"Photo d'illustration\"},{\"@type\":\"BreadcrumbList\",\"@id\":\"https:\\\/\\\/www.modave.be\\\/index.php\\\/services_communaux\\\/chasses-et-battues-calendrier-2025\\\/#breadcrumb\",\"itemListElement\":[{\"@type\":\"ListItem\",\"position\":1,\"name\":\"Accueil\",\"item\":\"https:\\\/\\\/www.modave.be\\\/\"},{\"@type\":\"ListItem\",\"position\":2,\"name\":\"Chasses et battues | Calendrier 2025\"}]},{\"@type\":\"WebSite\",\"@id\":\"https:\\\/\\\/www.modave.be\\\/#website\",\"url\":\"https:\\\/\\\/www.modave.be\\\/\",\"name\":\"Commune de Modave\",\"description\":\"Commune de Modave\",\"publisher\":{\"@id\":\"https:\\\/\\\/www.modave.be\\\/#organization\"},\"potentialAction\":[{\"@type\":\"SearchAction\",\"target\":{\"@type\":\"EntryPoint\",\"urlTemplate\":\"https:\\\/\\\/www.modave.be\\\/?s={search_term_string}\"},\"query-input\":{\"@type\":\"PropertyValueSpecification\",\"valueRequired\":true,\"valueName\":\"search_term_string\"}}],\"inLanguage\":\"fr-FR\"},{\"@type\":\"Organization\",\"@id\":\"https:\\\/\\\/www.modave.be\\\/#organization\",\"name\":\"Commune de Modave\",\"url\":\"https:\\\/\\\/www.modave.be\\\/\",\"logo\":{\"@type\":\"ImageObject\",\"inLanguage\":\"fr-FR\",\"@id\":\"https:\\\/\\\/www.modave.be\\\/#\\\/schema\\\/logo\\\/image\\\/\",\"url\":\"https:\\\/\\\/www.modave.be\\\/wp-content\\\/uploads\\\/2021\\\/12\\\/MODAVE_LOGO_HORIZONTAL_QUADRI_RVB.png\",\"contentUrl\":\"https:\\\/\\\/www.modave.be\\\/wp-content\\\/uploads\\\/2021\\\/12\\\/MODAVE_LOGO_HORIZONTAL_QUADRI_RVB.png\",\"width\":1200,\"height\":501,\"caption\":\"Commune de Modave\"},\"image\":{\"@id\":\"https:\\\/\\\/www.modave.be\\\/#\\\/schema\\\/logo\\\/image\\\/\"}}]}<\/script>\n<!-- \/ Yoast SEO plugin. -->","yoast_head_json":{"title":"Chasses et battues | Calendrier 2025 - Commune de Modave","robots":{"index":"index","follow":"follow","max-snippet":"max-snippet:-1","max-image-preview":"max-image-preview:large","max-video-preview":"max-video-preview:-1"},"canonical":"https:\/\/www.modave.be\/index.php\/services_communaux\/chasses-et-battues-calendrier-2025\/","og_locale":"fr_FR","og_type":"article","og_title":"Chasses et battues | Calendrier 2025 - Commune de Modave","og_description":"\ud835\udc08\ud835\udc27\ud835\udc1f\ud835\udc28\ud835\udc2b\ud835\udc26\ud835\udc1a\ud835\udc2d\ud835\udc22\ud835\udc28\ud835\udc27 \ud835\udc22\ud835\udc26\ud835\udc29\ud835\udc28\ud835\udc2b\ud835\udc2d\ud835\udc1a\ud835\udc27\ud835\udc2d\ud835\udc1e \ud835\udc29\ud835\udc28\ud835\udc2e\ud835\udc2b \ud835\udc2f\ud835\udc28\ud835\udc2d\ud835\udc2b\ud835\udc1e \ud835\udc2c\ud835\udc1e\u0301\ud835\udc1c\ud835\udc2e\ud835\udc2b\ud835\udc22\ud835\udc2d\ud835\udc1e\u0301 \ud835\udc1e\ud835\udc27 \ud835\udc1f\ud835\udc28\ud835\udc2b\ud835\udc1e\u0302\ud835\udc2d La saison de chasse d\u00e9butera prochainement sur le territoire communal. Afin de garantir votre s\u00e9curit\u00e9, nous vous invitons \u00e0 rester attentifs lors de vos promenades en for\u00eat. Avant toute sortie, n\u2019h\u00e9sitez pas \u00e0 consulter l\u2019une des plateformes suivantes pour conna\u00eetre les chasses et battues en cours : Attention&hellip;","og_url":"https:\/\/www.modave.be\/index.php\/services_communaux\/chasses-et-battues-calendrier-2025\/","og_site_name":"Commune de Modave","article_modified_time":"2025-09-17T13:01:30+00:00","og_image":[{"width":849,"height":424,"url":"https:\/\/www.modave.be\/wp-content\/uploads\/2023\/12\/chasseur-e1727961706476.png","type":"image\/png"}],"twitter_card":"summary_large_image","twitter_misc":{"Dur\u00e9e de lecture estim\u00e9e":"2 minutes"},"schema":{"@context":"https:\/\/schema.org","@graph":[{"@type":"WebPage","@id":"https:\/\/www.modave.be\/index.php\/services_communaux\/chasses-et-battues-calendrier-2025\/","url":"https:\/\/www.modave.be\/index.php\/services_communaux\/chasses-et-battues-calendrier-2025\/","name":"Chasses et battues | Calendrier 2025 - Commune de Modave","isPartOf":{"@id":"https:\/\/www.modave.be\/#website"},"primaryImageOfPage":{"@id":"https:\/\/www.modave.be\/index.php\/services_communaux\/chasses-et-battues-calendrier-2025\/#primaryimage"},"image":{"@id":"https:\/\/www.modave.be\/index.php\/services_communaux\/chasses-et-battues-calendrier-2025\/#primaryimage"},"thumbnailUrl":"https:\/\/www.modave.be\/wp-content\/uploads\/2023\/12\/chasseur-e1727961706476.png","datePublished":"2025-09-17T12:39:47+00:00","dateModified":"2025-09-17T13:01:30+00:00","breadcrumb":{"@id":"https:\/\/www.modave.be\/index.php\/services_communaux\/chasses-et-battues-calendrier-2025\/#breadcrumb"},"inLanguage":"fr-FR","potentialAction":[{"@type":"ReadAction","target":["https:\/\/www.modave.be\/index.php\/services_communaux\/chasses-et-battues-calendrier-2025\/"]}]},{"@type":"ImageObject","inLanguage":"fr-FR","@id":"https:\/\/www.modave.be\/index.php\/services_communaux\/chasses-et-battues-calendrier-2025\/#primaryimage","url":"https:\/\/www.modave.be\/wp-content\/uploads\/2023\/12\/chasseur-e1727961706476.png","contentUrl":"https:\/\/www.modave.be\/wp-content\/uploads\/2023\/12\/chasseur-e1727961706476.png","width":849,"height":424,"caption":"Photo d'illustration"},{"@type":"BreadcrumbList","@id":"https:\/\/www.modave.be\/index.php\/services_communaux\/chasses-et-battues-calendrier-2025\/#breadcrumb","itemListElement":[{"@type":"ListItem","position":1,"name":"Accueil","item":"https:\/\/www.modave.be\/"},{"@type":"ListItem","position":2,"name":"Chasses et battues | Calendrier 2025"}]},{"@type":"WebSite","@id":"https:\/\/www.modave.be\/#website","url":"https:\/\/www.modave.be\/","name":"Commune de Modave","description":"Commune de Modave","publisher":{"@id":"https:\/\/www.modave.be\/#organization"},"potentialAction":[{"@type":"SearchAction","target":{"@type":"EntryPoint","urlTemplate":"https:\/\/www.modave.be\/?s={search_term_string}"},"query-input":{"@type":"PropertyValueSpecification","valueRequired":true,"valueName":"search_term_string"}}],"inLanguage":"fr-FR"},{"@type":"Organization","@id":"https:\/\/www.modave.be\/#organization","name":"Commune de Modave","url":"https:\/\/www.modave.be\/","logo":{"@type":"ImageObject","inLanguage":"fr-FR","@id":"https:\/\/www.modave.be\/#\/schema\/logo\/image\/","url":"https:\/\/www.modave.be\/wp-content\/uploads\/2021\/12\/MODAVE_LOGO_HORIZONTAL_QUADRI_RVB.png","contentUrl":"https:\/\/www.modave.be\/wp-content\/uploads\/2021\/12\/MODAVE_LOGO_HORIZONTAL_QUADRI_RVB.png","width":1200,"height":501,"caption":"Commune de Modave"},"image":{"@id":"https:\/\/www.modave.be\/#\/schema\/logo\/image\/"}}]}},"_links":{"self":[{"href":"https:\/\/www.modave.be\/index.php\/wp-json\/wp\/v2\/services_communaux\/16302","targetHints":{"allow":["GET"]}}],"collection":[{"href":"https:\/\/www.modave.be\/index.php\/wp-json\/wp\/v2\/services_communaux"}],"about":[{"href":"https:\/\/www.modave.be\/index.php\/wp-json\/wp\/v2\/types\/services_communaux"}],"author":[{"embeddable":true,"href":"https:\/\/www.modave.be\/index.php\/wp-json\/wp\/v2\/users\/9"}],"wp:featuredmedia":[{"embeddable":true,"href":"https:\/\/www.modave.be\/index.php\/wp-json\/wp\/v2\/media\/12701"}],"wp:attachment":[{"href":"https:\/\/www.modave.be\/index.php\/wp-json\/wp\/v2\/media?parent=16302"}],"wp:term":[{"taxonomy":"category","embeddable":true,"href":"https:\/\/www.modave.be\/index.php\/wp-json\/wp\/v2\/categories?post=16302"}],"curies":[{"name":"wp","href":"https:\/\/api.w.org\/{rel}","templated":true}]}}