{"id":17211,"date":"2025-11-25T16:51:26","date_gmt":"2025-11-25T15:51:26","guid":{"rendered":"https:\/\/www.modave.be\/?post_type=services_communaux&#038;p=17211"},"modified":"2025-11-25T16:53:28","modified_gmt":"2025-11-25T15:53:28","slug":"journee-internationale-pour-lelimination-de-la-violence-a-legard-des-femmes","status":"publish","type":"services_communaux","link":"https:\/\/www.modave.be\/index.php\/services_communaux\/journee-internationale-pour-lelimination-de-la-violence-a-legard-des-femmes\/","title":{"rendered":"Journ\u00e9e Internationale pour l\u2019\u00c9limination de la Violence \u00e0 l\u2019\u00c9gard des Femmes"},"content":{"rendered":"\n<p><em>32 % des femmes \u00e2g\u00e9es de 15 \u00e0 74 ans ont v\u00e9cu au moins une forme de violence. Et souvent, on met du temps \u00e0 trouver les mots\u2026 ou le courage de demander de l\u2019aide.<\/em><\/p>\n\n\n\n<p>C\u2019est pour cela qu\u2019un nouvel outil essentiel vient de voir le jour : <a href=\"http:\/\/stop-violences-femmes.be\" data-type=\"link\" data-id=\"stop-violences-femmes.be\">stop-violences-femmes.be<\/a><\/p>\n\n\n\n<p>Lanc\u00e9 ce 25 novembre par le SPW Int\u00e9rieur et Action sociale, la F\u00e9d\u00e9ration Wallonie-Bruxelles et la COCOF, ce site est la <strong>premi\u00e8re plateforme francophone en Belgique enti\u00e8rement d\u00e9di\u00e9e aux violences faites aux femmes<\/strong>.<\/p>\n\n\n\n<p>Il s\u2019adresse :<\/p>\n\n\n\n<ul class=\"wp-block-list\">\n<li>aux victimes<\/li>\n\n\n\n<li>aux proches et t\u00e9moins<\/li>\n\n\n\n<li>aux personnes qui s\u2019interrogent sur leurs comportements<\/li>\n\n\n\n<li>aux \u00e9quipes professionnelles<\/li>\n<\/ul>\n\n\n\n<blockquote class=\"wp-block-quote is-layout-flow wp-block-quote-is-layout-flow\">\n<p>Si vous avez besoin de parler \u00e0 quelqu\u2019un : <strong>0800\/30.030 <\/strong>(gratuit et anonyme)<br>Si vous \u00eates en danger : <strong>112<\/strong><\/p>\n<\/blockquote>\n\n\n\n<figure class=\"wp-block-gallery has-nested-images columns-default is-cropped wp-block-gallery-1 is-layout-flex wp-block-gallery-is-layout-flex\">\n<figure class=\"wp-block-image size-large\"><img fetchpriority=\"high\" decoding=\"async\" width=\"1024\" height=\"1024\" data-id=\"17214\" src=\"https:\/\/www.modave.be\/wp-content\/uploads\/2025\/11\/RS-25-novembre-part-1-1024x1024.png\" alt=\"\" class=\"wp-image-17214\" srcset=\"https:\/\/www.modave.be\/wp-content\/uploads\/2025\/11\/RS-25-novembre-part-1-1024x1024.png 1024w, https:\/\/www.modave.be\/wp-content\/uploads\/2025\/11\/RS-25-novembre-part-1-300x300.png 300w, https:\/\/www.modave.be\/wp-content\/uploads\/2025\/11\/RS-25-novembre-part-1-150x150.png 150w, https:\/\/www.modave.be\/wp-content\/uploads\/2025\/11\/RS-25-novembre-part-1-768x768.png 768w, https:\/\/www.modave.be\/wp-content\/uploads\/2025\/11\/RS-25-novembre-part-1.png 1080w\" sizes=\"(max-width: 1024px) 100vw, 1024px\" \/><\/figure>\n\n\n\n<figure class=\"wp-block-image size-large\"><img decoding=\"async\" width=\"1024\" height=\"1024\" data-id=\"17212\" src=\"https:\/\/www.modave.be\/wp-content\/uploads\/2025\/11\/RS-25-novembre-part-2-1024x1024.png\" alt=\"\" class=\"wp-image-17212\" srcset=\"https:\/\/www.modave.be\/wp-content\/uploads\/2025\/11\/RS-25-novembre-part-2-1024x1024.png 1024w, https:\/\/www.modave.be\/wp-content\/uploads\/2025\/11\/RS-25-novembre-part-2-300x300.png 300w, https:\/\/www.modave.be\/wp-content\/uploads\/2025\/11\/RS-25-novembre-part-2-150x150.png 150w, https:\/\/www.modave.be\/wp-content\/uploads\/2025\/11\/RS-25-novembre-part-2-768x768.png 768w, https:\/\/www.modave.be\/wp-content\/uploads\/2025\/11\/RS-25-novembre-part-2.png 1080w\" sizes=\"(max-width: 1024px) 100vw, 1024px\" \/><\/figure>\n\n\n\n<figure class=\"wp-block-image size-large\"><img decoding=\"async\" width=\"1024\" height=\"1024\" data-id=\"17213\" src=\"https:\/\/www.modave.be\/wp-content\/uploads\/2025\/11\/RS-25-novembre-part-3-1024x1024.png\" alt=\"\" class=\"wp-image-17213\" srcset=\"https:\/\/www.modave.be\/wp-content\/uploads\/2025\/11\/RS-25-novembre-part-3-1024x1024.png 1024w, https:\/\/www.modave.be\/wp-content\/uploads\/2025\/11\/RS-25-novembre-part-3-300x300.png 300w, https:\/\/www.modave.be\/wp-content\/uploads\/2025\/11\/RS-25-novembre-part-3-150x150.png 150w, https:\/\/www.modave.be\/wp-content\/uploads\/2025\/11\/RS-25-novembre-part-3-768x768.png 768w, https:\/\/www.modave.be\/wp-content\/uploads\/2025\/11\/RS-25-novembre-part-3.png 1080w\" sizes=\"(max-width: 1024px) 100vw, 1024px\" \/><\/figure>\n<\/figure>\n","protected":false},"excerpt":{"rendered":"<p>32 % des femmes \u00e2g\u00e9es de 15 \u00e0 74 ans ont v\u00e9cu au moins une forme de violence. Et souvent, on met du temps \u00e0 trouver les mots\u2026 ou le courage de demander de l\u2019aide. C\u2019est pour cela qu\u2019un nouvel outil essentiel vient de voir le jour : stop-violences-femmes.be Lanc\u00e9 ce 25 novembre par le&hellip;<\/p>\n","protected":false},"author":9,"featured_media":17215,"menu_order":0,"template":"","categories":[225],"class_list":["post-17211","services_communaux","type-services_communaux","status-publish","has-post-thumbnail","hentry","category-sante_publique","description-off"],"yoast_head":"<!-- This site is optimized with the Yoast SEO plugin v27.5 - https:\/\/yoast.com\/product\/yoast-seo-wordpress\/ -->\n<title>Journ\u00e9e Internationale pour l\u2019\u00c9limination de la Violence \u00e0 l\u2019\u00c9gard des Femmes - Commune de Modave<\/title>\n<meta name=\"robots\" content=\"index, follow, max-snippet:-1, max-image-preview:large, max-video-preview:-1\" \/>\n<link rel=\"canonical\" href=\"https:\/\/www.modave.be\/index.php\/services_communaux\/journee-internationale-pour-lelimination-de-la-violence-a-legard-des-femmes\/\" \/>\n<meta property=\"og:locale\" content=\"fr_FR\" \/>\n<meta property=\"og:type\" content=\"article\" \/>\n<meta property=\"og:title\" content=\"Journ\u00e9e Internationale pour l\u2019\u00c9limination de la Violence \u00e0 l\u2019\u00c9gard des Femmes - Commune de Modave\" \/>\n<meta property=\"og:description\" content=\"32 % des femmes \u00e2g\u00e9es de 15 \u00e0 74 ans ont v\u00e9cu au moins une forme de violence. Et souvent, on met du temps \u00e0 trouver les mots\u2026 ou le courage de demander de l\u2019aide. C\u2019est pour cela qu\u2019un nouvel outil essentiel vient de voir le jour : stop-violences-femmes.be Lanc\u00e9 ce 25 novembre par le&hellip;\" \/>\n<meta property=\"og:url\" content=\"https:\/\/www.modave.be\/index.php\/services_communaux\/journee-internationale-pour-lelimination-de-la-violence-a-legard-des-femmes\/\" \/>\n<meta property=\"og:site_name\" content=\"Commune de Modave\" \/>\n<meta property=\"article:modified_time\" content=\"2025-11-25T15:53:28+00:00\" \/>\n<meta property=\"og:image\" content=\"https:\/\/www.modave.be\/wp-content\/uploads\/2025\/11\/RS-26-novembre-part-1-e1764085872212.png\" \/>\n\t<meta property=\"og:image:width\" content=\"1080\" \/>\n\t<meta property=\"og:image:height\" content=\"540\" \/>\n\t<meta property=\"og:image:type\" content=\"image\/png\" \/>\n<meta name=\"twitter:card\" content=\"summary_large_image\" \/>\n<meta name=\"twitter:label1\" content=\"Dur\u00e9e de lecture estim\u00e9e\" \/>\n\t<meta name=\"twitter:data1\" content=\"1 minute\" \/>\n<script type=\"application\/ld+json\" class=\"yoast-schema-graph\">{\"@context\":\"https:\\\/\\\/schema.org\",\"@graph\":[{\"@type\":\"WebPage\",\"@id\":\"https:\\\/\\\/www.modave.be\\\/index.php\\\/services_communaux\\\/journee-internationale-pour-lelimination-de-la-violence-a-legard-des-femmes\\\/\",\"url\":\"https:\\\/\\\/www.modave.be\\\/index.php\\\/services_communaux\\\/journee-internationale-pour-lelimination-de-la-violence-a-legard-des-femmes\\\/\",\"name\":\"Journ\u00e9e Internationale pour l\u2019\u00c9limination de la Violence \u00e0 l\u2019\u00c9gard des Femmes - Commune de Modave\",\"isPartOf\":{\"@id\":\"https:\\\/\\\/www.modave.be\\\/#website\"},\"primaryImageOfPage\":{\"@id\":\"https:\\\/\\\/www.modave.be\\\/index.php\\\/services_communaux\\\/journee-internationale-pour-lelimination-de-la-violence-a-legard-des-femmes\\\/#primaryimage\"},\"image\":{\"@id\":\"https:\\\/\\\/www.modave.be\\\/index.php\\\/services_communaux\\\/journee-internationale-pour-lelimination-de-la-violence-a-legard-des-femmes\\\/#primaryimage\"},\"thumbnailUrl\":\"https:\\\/\\\/www.modave.be\\\/wp-content\\\/uploads\\\/2025\\\/11\\\/RS-26-novembre-part-1-e1764085872212.png\",\"datePublished\":\"2025-11-25T15:51:26+00:00\",\"dateModified\":\"2025-11-25T15:53:28+00:00\",\"breadcrumb\":{\"@id\":\"https:\\\/\\\/www.modave.be\\\/index.php\\\/services_communaux\\\/journee-internationale-pour-lelimination-de-la-violence-a-legard-des-femmes\\\/#breadcrumb\"},\"inLanguage\":\"fr-FR\",\"potentialAction\":[{\"@type\":\"ReadAction\",\"target\":[\"https:\\\/\\\/www.modave.be\\\/index.php\\\/services_communaux\\\/journee-internationale-pour-lelimination-de-la-violence-a-legard-des-femmes\\\/\"]}]},{\"@type\":\"ImageObject\",\"inLanguage\":\"fr-FR\",\"@id\":\"https:\\\/\\\/www.modave.be\\\/index.php\\\/services_communaux\\\/journee-internationale-pour-lelimination-de-la-violence-a-legard-des-femmes\\\/#primaryimage\",\"url\":\"https:\\\/\\\/www.modave.be\\\/wp-content\\\/uploads\\\/2025\\\/11\\\/RS-26-novembre-part-1-e1764085872212.png\",\"contentUrl\":\"https:\\\/\\\/www.modave.be\\\/wp-content\\\/uploads\\\/2025\\\/11\\\/RS-26-novembre-part-1-e1764085872212.png\",\"width\":1080,\"height\":540},{\"@type\":\"BreadcrumbList\",\"@id\":\"https:\\\/\\\/www.modave.be\\\/index.php\\\/services_communaux\\\/journee-internationale-pour-lelimination-de-la-violence-a-legard-des-femmes\\\/#breadcrumb\",\"itemListElement\":[{\"@type\":\"ListItem\",\"position\":1,\"name\":\"Accueil\",\"item\":\"https:\\\/\\\/www.modave.be\\\/\"},{\"@type\":\"ListItem\",\"position\":2,\"name\":\"Journ\u00e9e Internationale pour l\u2019\u00c9limination de la Violence \u00e0 l\u2019\u00c9gard des Femmes\"}]},{\"@type\":\"WebSite\",\"@id\":\"https:\\\/\\\/www.modave.be\\\/#website\",\"url\":\"https:\\\/\\\/www.modave.be\\\/\",\"name\":\"Commune de Modave\",\"description\":\"Commune de Modave\",\"publisher\":{\"@id\":\"https:\\\/\\\/www.modave.be\\\/#organization\"},\"potentialAction\":[{\"@type\":\"SearchAction\",\"target\":{\"@type\":\"EntryPoint\",\"urlTemplate\":\"https:\\\/\\\/www.modave.be\\\/?s={search_term_string}\"},\"query-input\":{\"@type\":\"PropertyValueSpecification\",\"valueRequired\":true,\"valueName\":\"search_term_string\"}}],\"inLanguage\":\"fr-FR\"},{\"@type\":\"Organization\",\"@id\":\"https:\\\/\\\/www.modave.be\\\/#organization\",\"name\":\"Commune de Modave\",\"url\":\"https:\\\/\\\/www.modave.be\\\/\",\"logo\":{\"@type\":\"ImageObject\",\"inLanguage\":\"fr-FR\",\"@id\":\"https:\\\/\\\/www.modave.be\\\/#\\\/schema\\\/logo\\\/image\\\/\",\"url\":\"https:\\\/\\\/www.modave.be\\\/wp-content\\\/uploads\\\/2021\\\/12\\\/MODAVE_LOGO_HORIZONTAL_QUADRI_RVB.png\",\"contentUrl\":\"https:\\\/\\\/www.modave.be\\\/wp-content\\\/uploads\\\/2021\\\/12\\\/MODAVE_LOGO_HORIZONTAL_QUADRI_RVB.png\",\"width\":1200,\"height\":501,\"caption\":\"Commune de Modave\"},\"image\":{\"@id\":\"https:\\\/\\\/www.modave.be\\\/#\\\/schema\\\/logo\\\/image\\\/\"}}]}<\/script>\n<!-- \/ Yoast SEO plugin. -->","yoast_head_json":{"title":"Journ\u00e9e Internationale pour l\u2019\u00c9limination de la Violence \u00e0 l\u2019\u00c9gard des Femmes - Commune de Modave","robots":{"index":"index","follow":"follow","max-snippet":"max-snippet:-1","max-image-preview":"max-image-preview:large","max-video-preview":"max-video-preview:-1"},"canonical":"https:\/\/www.modave.be\/index.php\/services_communaux\/journee-internationale-pour-lelimination-de-la-violence-a-legard-des-femmes\/","og_locale":"fr_FR","og_type":"article","og_title":"Journ\u00e9e Internationale pour l\u2019\u00c9limination de la Violence \u00e0 l\u2019\u00c9gard des Femmes - Commune de Modave","og_description":"32 % des femmes \u00e2g\u00e9es de 15 \u00e0 74 ans ont v\u00e9cu au moins une forme de violence. Et souvent, on met du temps \u00e0 trouver les mots\u2026 ou le courage de demander de l\u2019aide. C\u2019est pour cela qu\u2019un nouvel outil essentiel vient de voir le jour : stop-violences-femmes.be Lanc\u00e9 ce 25 novembre par le&hellip;","og_url":"https:\/\/www.modave.be\/index.php\/services_communaux\/journee-internationale-pour-lelimination-de-la-violence-a-legard-des-femmes\/","og_site_name":"Commune de Modave","article_modified_time":"2025-11-25T15:53:28+00:00","og_image":[{"width":1080,"height":540,"url":"https:\/\/www.modave.be\/wp-content\/uploads\/2025\/11\/RS-26-novembre-part-1-e1764085872212.png","type":"image\/png"}],"twitter_card":"summary_large_image","twitter_misc":{"Dur\u00e9e de lecture estim\u00e9e":"1 minute"},"schema":{"@context":"https:\/\/schema.org","@graph":[{"@type":"WebPage","@id":"https:\/\/www.modave.be\/index.php\/services_communaux\/journee-internationale-pour-lelimination-de-la-violence-a-legard-des-femmes\/","url":"https:\/\/www.modave.be\/index.php\/services_communaux\/journee-internationale-pour-lelimination-de-la-violence-a-legard-des-femmes\/","name":"Journ\u00e9e Internationale pour l\u2019\u00c9limination de la Violence \u00e0 l\u2019\u00c9gard des Femmes - Commune de Modave","isPartOf":{"@id":"https:\/\/www.modave.be\/#website"},"primaryImageOfPage":{"@id":"https:\/\/www.modave.be\/index.php\/services_communaux\/journee-internationale-pour-lelimination-de-la-violence-a-legard-des-femmes\/#primaryimage"},"image":{"@id":"https:\/\/www.modave.be\/index.php\/services_communaux\/journee-internationale-pour-lelimination-de-la-violence-a-legard-des-femmes\/#primaryimage"},"thumbnailUrl":"https:\/\/www.modave.be\/wp-content\/uploads\/2025\/11\/RS-26-novembre-part-1-e1764085872212.png","datePublished":"2025-11-25T15:51:26+00:00","dateModified":"2025-11-25T15:53:28+00:00","breadcrumb":{"@id":"https:\/\/www.modave.be\/index.php\/services_communaux\/journee-internationale-pour-lelimination-de-la-violence-a-legard-des-femmes\/#breadcrumb"},"inLanguage":"fr-FR","potentialAction":[{"@type":"ReadAction","target":["https:\/\/www.modave.be\/index.php\/services_communaux\/journee-internationale-pour-lelimination-de-la-violence-a-legard-des-femmes\/"]}]},{"@type":"ImageObject","inLanguage":"fr-FR","@id":"https:\/\/www.modave.be\/index.php\/services_communaux\/journee-internationale-pour-lelimination-de-la-violence-a-legard-des-femmes\/#primaryimage","url":"https:\/\/www.modave.be\/wp-content\/uploads\/2025\/11\/RS-26-novembre-part-1-e1764085872212.png","contentUrl":"https:\/\/www.modave.be\/wp-content\/uploads\/2025\/11\/RS-26-novembre-part-1-e1764085872212.png","width":1080,"height":540},{"@type":"BreadcrumbList","@id":"https:\/\/www.modave.be\/index.php\/services_communaux\/journee-internationale-pour-lelimination-de-la-violence-a-legard-des-femmes\/#breadcrumb","itemListElement":[{"@type":"ListItem","position":1,"name":"Accueil","item":"https:\/\/www.modave.be\/"},{"@type":"ListItem","position":2,"name":"Journ\u00e9e Internationale pour l\u2019\u00c9limination de la Violence \u00e0 l\u2019\u00c9gard des Femmes"}]},{"@type":"WebSite","@id":"https:\/\/www.modave.be\/#website","url":"https:\/\/www.modave.be\/","name":"Commune de Modave","description":"Commune de Modave","publisher":{"@id":"https:\/\/www.modave.be\/#organization"},"potentialAction":[{"@type":"SearchAction","target":{"@type":"EntryPoint","urlTemplate":"https:\/\/www.modave.be\/?s={search_term_string}"},"query-input":{"@type":"PropertyValueSpecification","valueRequired":true,"valueName":"search_term_string"}}],"inLanguage":"fr-FR"},{"@type":"Organization","@id":"https:\/\/www.modave.be\/#organization","name":"Commune de Modave","url":"https:\/\/www.modave.be\/","logo":{"@type":"ImageObject","inLanguage":"fr-FR","@id":"https:\/\/www.modave.be\/#\/schema\/logo\/image\/","url":"https:\/\/www.modave.be\/wp-content\/uploads\/2021\/12\/MODAVE_LOGO_HORIZONTAL_QUADRI_RVB.png","contentUrl":"https:\/\/www.modave.be\/wp-content\/uploads\/2021\/12\/MODAVE_LOGO_HORIZONTAL_QUADRI_RVB.png","width":1200,"height":501,"caption":"Commune de Modave"},"image":{"@id":"https:\/\/www.modave.be\/#\/schema\/logo\/image\/"}}]}},"_links":{"self":[{"href":"https:\/\/www.modave.be\/index.php\/wp-json\/wp\/v2\/services_communaux\/17211","targetHints":{"allow":["GET"]}}],"collection":[{"href":"https:\/\/www.modave.be\/index.php\/wp-json\/wp\/v2\/services_communaux"}],"about":[{"href":"https:\/\/www.modave.be\/index.php\/wp-json\/wp\/v2\/types\/services_communaux"}],"author":[{"embeddable":true,"href":"https:\/\/www.modave.be\/index.php\/wp-json\/wp\/v2\/users\/9"}],"wp:featuredmedia":[{"embeddable":true,"href":"https:\/\/www.modave.be\/index.php\/wp-json\/wp\/v2\/media\/17215"}],"wp:attachment":[{"href":"https:\/\/www.modave.be\/index.php\/wp-json\/wp\/v2\/media?parent=17211"}],"wp:term":[{"taxonomy":"category","embeddable":true,"href":"https:\/\/www.modave.be\/index.php\/wp-json\/wp\/v2\/categories?post=17211"}],"curies":[{"name":"wp","href":"https:\/\/api.w.org\/{rel}","templated":true}]}}