{"id":17275,"date":"2025-12-02T15:26:02","date_gmt":"2025-12-02T14:26:02","guid":{"rendered":"https:\/\/www.modave.be\/?post_type=services_communaux&#038;p=17275"},"modified":"2025-12-02T15:29:33","modified_gmt":"2025-12-02T14:29:33","slug":"retour-sur-la-journee-de-larbre","status":"publish","type":"services_communaux","link":"https:\/\/www.modave.be\/index.php\/services_communaux\/retour-sur-la-journee-de-larbre\/","title":{"rendered":"Retour sur la Journ\u00e9e de l\u2019Arbre !"},"content":{"rendered":"\n<h2 class=\"wp-block-heading\"><strong>Retour sur la Journ\u00e9e de l\u2019Arbre !<\/strong><\/h2>\n\n\n\n<p><em>Ce samedi 29 novembre, vous avez \u00e9t\u00e9 nombreux \u00e0 venir pour la grande distribution gratuite d\u2019arbustes et de petits fruitiers. Sorbiers, sureaux, pommiers sauvages, noisetiers, \u00e9glantiers, tro\u00e8nes, bourdaines, viornes, groseilliers, framboisiers\u2026 ils ont tous trouv\u00e9 preneur en quelques heures \u00e0 peine.<\/em><\/p>\n\n\n\n<p>Merci aux partenaires pr\u00e9sents pour leurs conseils et leurs animations :<\/p>\n\n\n\n<ul class=\"wp-block-list\">\n<li>le <strong>groupe de travail Biodiversit\u00e9<\/strong><\/li>\n\n\n\n<li>le <strong>CRIE de Modave<\/strong><\/li>\n\n\n\n<li><strong>Natagora Condroz-Mosan<\/strong><\/li>\n\n\n\n<li>le <strong>Creaves d&rsquo;Andenne<\/strong><\/li>\n\n\n\n<li>le<strong> DNF<\/strong><\/li>\n<\/ul>\n\n\n\n<p>L\u2019accueil \u00e9tait aussi gourmand que chaleureux : petit d\u00e9jeuner offert et soupe pour repartir le c\u0153ur au chaud.<\/p>\n\n\n\n<p>Gr\u00e2ce \u00e0 vous tous, cette matin\u00e9e a \u00e9t\u00e9 un joli moment de partage autour de la nature et du r\u00f4le essentiel des haies dans notre environnement.<\/p>\n\n\n\n<figure class=\"wp-block-gallery has-nested-images columns-default is-cropped wp-block-gallery-1 is-layout-flex wp-block-gallery-is-layout-flex\">\n<figure class=\"wp-block-image size-large\"><img fetchpriority=\"high\" decoding=\"async\" width=\"683\" height=\"1024\" data-id=\"17279\" src=\"https:\/\/www.modave.be\/wp-content\/uploads\/2025\/12\/IMG_7083-683x1024.jpg\" alt=\"\" class=\"wp-image-17279\" srcset=\"https:\/\/www.modave.be\/wp-content\/uploads\/2025\/12\/IMG_7083-683x1024.jpg 683w, https:\/\/www.modave.be\/wp-content\/uploads\/2025\/12\/IMG_7083-200x300.jpg 200w, https:\/\/www.modave.be\/wp-content\/uploads\/2025\/12\/IMG_7083-768x1152.jpg 768w, https:\/\/www.modave.be\/wp-content\/uploads\/2025\/12\/IMG_7083-1024x1536.jpg 1024w, https:\/\/www.modave.be\/wp-content\/uploads\/2025\/12\/IMG_7083-1365x2048.jpg 1365w, https:\/\/www.modave.be\/wp-content\/uploads\/2025\/12\/IMG_7083-scaled.jpg 1707w\" sizes=\"(max-width: 683px) 100vw, 683px\" \/><\/figure>\n\n\n\n<figure class=\"wp-block-image size-large\"><img decoding=\"async\" width=\"1024\" height=\"683\" data-id=\"17283\" src=\"https:\/\/www.modave.be\/wp-content\/uploads\/2025\/12\/IMG_7118-1024x683.jpg\" alt=\"\" class=\"wp-image-17283\" srcset=\"https:\/\/www.modave.be\/wp-content\/uploads\/2025\/12\/IMG_7118-1024x683.jpg 1024w, https:\/\/www.modave.be\/wp-content\/uploads\/2025\/12\/IMG_7118-300x200.jpg 300w, https:\/\/www.modave.be\/wp-content\/uploads\/2025\/12\/IMG_7118-768x512.jpg 768w, https:\/\/www.modave.be\/wp-content\/uploads\/2025\/12\/IMG_7118-1536x1024.jpg 1536w, https:\/\/www.modave.be\/wp-content\/uploads\/2025\/12\/IMG_7118-2048x1365.jpg 2048w\" sizes=\"(max-width: 1024px) 100vw, 1024px\" \/><\/figure>\n\n\n\n<figure class=\"wp-block-image size-large\"><img decoding=\"async\" width=\"1024\" height=\"683\" data-id=\"17278\" src=\"https:\/\/www.modave.be\/wp-content\/uploads\/2025\/12\/IMG_7100-1024x683.jpg\" alt=\"\" class=\"wp-image-17278\" srcset=\"https:\/\/www.modave.be\/wp-content\/uploads\/2025\/12\/IMG_7100-1024x683.jpg 1024w, https:\/\/www.modave.be\/wp-content\/uploads\/2025\/12\/IMG_7100-300x200.jpg 300w, https:\/\/www.modave.be\/wp-content\/uploads\/2025\/12\/IMG_7100-768x512.jpg 768w, https:\/\/www.modave.be\/wp-content\/uploads\/2025\/12\/IMG_7100-1536x1024.jpg 1536w, https:\/\/www.modave.be\/wp-content\/uploads\/2025\/12\/IMG_7100-2048x1365.jpg 2048w\" sizes=\"(max-width: 1024px) 100vw, 1024px\" \/><\/figure>\n\n\n\n<figure class=\"wp-block-image size-large\"><img loading=\"lazy\" decoding=\"async\" width=\"1024\" height=\"683\" data-id=\"17277\" src=\"https:\/\/www.modave.be\/wp-content\/uploads\/2025\/12\/IMG_7102-1024x683.jpg\" alt=\"\" class=\"wp-image-17277\" srcset=\"https:\/\/www.modave.be\/wp-content\/uploads\/2025\/12\/IMG_7102-1024x683.jpg 1024w, https:\/\/www.modave.be\/wp-content\/uploads\/2025\/12\/IMG_7102-300x200.jpg 300w, https:\/\/www.modave.be\/wp-content\/uploads\/2025\/12\/IMG_7102-768x512.jpg 768w, https:\/\/www.modave.be\/wp-content\/uploads\/2025\/12\/IMG_7102-1536x1024.jpg 1536w, https:\/\/www.modave.be\/wp-content\/uploads\/2025\/12\/IMG_7102-2048x1365.jpg 2048w\" sizes=\"(max-width: 1024px) 100vw, 1024px\" \/><\/figure>\n\n\n\n<figure class=\"wp-block-image size-large\"><img loading=\"lazy\" decoding=\"async\" width=\"1024\" height=\"683\" data-id=\"17276\" src=\"https:\/\/www.modave.be\/wp-content\/uploads\/2025\/12\/IMG_7084-1024x683.jpg\" alt=\"\" class=\"wp-image-17276\" srcset=\"https:\/\/www.modave.be\/wp-content\/uploads\/2025\/12\/IMG_7084-1024x683.jpg 1024w, https:\/\/www.modave.be\/wp-content\/uploads\/2025\/12\/IMG_7084-300x200.jpg 300w, https:\/\/www.modave.be\/wp-content\/uploads\/2025\/12\/IMG_7084-768x512.jpg 768w, https:\/\/www.modave.be\/wp-content\/uploads\/2025\/12\/IMG_7084-1536x1024.jpg 1536w, https:\/\/www.modave.be\/wp-content\/uploads\/2025\/12\/IMG_7084-2048x1365.jpg 2048w\" sizes=\"(max-width: 1024px) 100vw, 1024px\" \/><\/figure>\n\n\n\n<figure class=\"wp-block-image size-large\"><img loading=\"lazy\" decoding=\"async\" width=\"1024\" height=\"683\" data-id=\"17280\" src=\"https:\/\/www.modave.be\/wp-content\/uploads\/2025\/12\/IMG_7104-1024x683.jpg\" alt=\"\" class=\"wp-image-17280\" srcset=\"https:\/\/www.modave.be\/wp-content\/uploads\/2025\/12\/IMG_7104-1024x683.jpg 1024w, https:\/\/www.modave.be\/wp-content\/uploads\/2025\/12\/IMG_7104-300x200.jpg 300w, https:\/\/www.modave.be\/wp-content\/uploads\/2025\/12\/IMG_7104-768x512.jpg 768w, https:\/\/www.modave.be\/wp-content\/uploads\/2025\/12\/IMG_7104-1536x1024.jpg 1536w, https:\/\/www.modave.be\/wp-content\/uploads\/2025\/12\/IMG_7104-2048x1365.jpg 2048w\" sizes=\"(max-width: 1024px) 100vw, 1024px\" \/><\/figure>\n\n\n\n<figure class=\"wp-block-image size-large\"><img loading=\"lazy\" decoding=\"async\" width=\"1024\" height=\"683\" data-id=\"17281\" src=\"https:\/\/www.modave.be\/wp-content\/uploads\/2025\/12\/IMG_7109-1024x683.jpg\" alt=\"\" class=\"wp-image-17281\" srcset=\"https:\/\/www.modave.be\/wp-content\/uploads\/2025\/12\/IMG_7109-1024x683.jpg 1024w, https:\/\/www.modave.be\/wp-content\/uploads\/2025\/12\/IMG_7109-300x200.jpg 300w, https:\/\/www.modave.be\/wp-content\/uploads\/2025\/12\/IMG_7109-768x512.jpg 768w, https:\/\/www.modave.be\/wp-content\/uploads\/2025\/12\/IMG_7109-1536x1024.jpg 1536w, https:\/\/www.modave.be\/wp-content\/uploads\/2025\/12\/IMG_7109-2048x1365.jpg 2048w\" sizes=\"(max-width: 1024px) 100vw, 1024px\" \/><\/figure>\n\n\n\n<figure class=\"wp-block-image size-large\"><img loading=\"lazy\" decoding=\"async\" width=\"1024\" height=\"683\" data-id=\"17282\" src=\"https:\/\/www.modave.be\/wp-content\/uploads\/2025\/12\/IMG_7111-1024x683.jpg\" alt=\"\" class=\"wp-image-17282\" srcset=\"https:\/\/www.modave.be\/wp-content\/uploads\/2025\/12\/IMG_7111-1024x683.jpg 1024w, https:\/\/www.modave.be\/wp-content\/uploads\/2025\/12\/IMG_7111-300x200.jpg 300w, https:\/\/www.modave.be\/wp-content\/uploads\/2025\/12\/IMG_7111-768x512.jpg 768w, https:\/\/www.modave.be\/wp-content\/uploads\/2025\/12\/IMG_7111-1536x1024.jpg 1536w, https:\/\/www.modave.be\/wp-content\/uploads\/2025\/12\/IMG_7111-2048x1365.jpg 2048w\" sizes=\"(max-width: 1024px) 100vw, 1024px\" \/><\/figure>\n\n\n\n\n\n<figure class=\"wp-block-image size-large\"><img loading=\"lazy\" decoding=\"async\" width=\"1024\" height=\"683\" data-id=\"17284\" src=\"https:\/\/www.modave.be\/wp-content\/uploads\/2025\/12\/IMG_7122-1024x683.jpg\" alt=\"\" class=\"wp-image-17284\" srcset=\"https:\/\/www.modave.be\/wp-content\/uploads\/2025\/12\/IMG_7122-1024x683.jpg 1024w, https:\/\/www.modave.be\/wp-content\/uploads\/2025\/12\/IMG_7122-300x200.jpg 300w, https:\/\/www.modave.be\/wp-content\/uploads\/2025\/12\/IMG_7122-768x512.jpg 768w, https:\/\/www.modave.be\/wp-content\/uploads\/2025\/12\/IMG_7122-1536x1024.jpg 1536w, https:\/\/www.modave.be\/wp-content\/uploads\/2025\/12\/IMG_7122-2048x1365.jpg 2048w\" sizes=\"(max-width: 1024px) 100vw, 1024px\" \/><\/figure>\n\n\n\n<figure class=\"wp-block-image size-large\"><img loading=\"lazy\" decoding=\"async\" width=\"1024\" height=\"683\" data-id=\"17285\" src=\"https:\/\/www.modave.be\/wp-content\/uploads\/2025\/12\/IMG_7123-1024x683.jpg\" alt=\"\" class=\"wp-image-17285\" srcset=\"https:\/\/www.modave.be\/wp-content\/uploads\/2025\/12\/IMG_7123-1024x683.jpg 1024w, https:\/\/www.modave.be\/wp-content\/uploads\/2025\/12\/IMG_7123-300x200.jpg 300w, https:\/\/www.modave.be\/wp-content\/uploads\/2025\/12\/IMG_7123-768x512.jpg 768w, https:\/\/www.modave.be\/wp-content\/uploads\/2025\/12\/IMG_7123-1536x1024.jpg 1536w, https:\/\/www.modave.be\/wp-content\/uploads\/2025\/12\/IMG_7123-2048x1365.jpg 2048w\" sizes=\"(max-width: 1024px) 100vw, 1024px\" \/><\/figure>\n\n\n\n<figure class=\"wp-block-image size-large\"><img loading=\"lazy\" decoding=\"async\" width=\"1024\" height=\"683\" data-id=\"17287\" src=\"https:\/\/www.modave.be\/wp-content\/uploads\/2025\/12\/IMG_7133-1024x683.jpg\" alt=\"\" class=\"wp-image-17287\" srcset=\"https:\/\/www.modave.be\/wp-content\/uploads\/2025\/12\/IMG_7133-1024x683.jpg 1024w, https:\/\/www.modave.be\/wp-content\/uploads\/2025\/12\/IMG_7133-300x200.jpg 300w, https:\/\/www.modave.be\/wp-content\/uploads\/2025\/12\/IMG_7133-768x512.jpg 768w, https:\/\/www.modave.be\/wp-content\/uploads\/2025\/12\/IMG_7133-1536x1024.jpg 1536w, https:\/\/www.modave.be\/wp-content\/uploads\/2025\/12\/IMG_7133-2048x1365.jpg 2048w\" sizes=\"(max-width: 1024px) 100vw, 1024px\" \/><\/figure>\n<\/figure>\n","protected":false},"excerpt":{"rendered":"<p>Retour sur la Journ\u00e9e de l\u2019Arbre ! Ce samedi 29 novembre, vous avez \u00e9t\u00e9 nombreux \u00e0 venir pour la grande distribution gratuite d\u2019arbustes et de petits fruitiers. Sorbiers, sureaux, pommiers sauvages, noisetiers, \u00e9glantiers, tro\u00e8nes, bourdaines, viornes, groseilliers, framboisiers\u2026 ils ont tous trouv\u00e9 preneur en quelques heures \u00e0 peine. Merci aux partenaires pr\u00e9sents pour leurs conseils&hellip;<\/p>\n","protected":false},"author":9,"featured_media":17288,"menu_order":0,"template":"","categories":[199,208],"class_list":["post-17275","services_communaux","type-services_communaux","status-publish","has-post-thumbnail","hentry","category-environnement","category-travaux","description-off"],"yoast_head":"<!-- This site is optimized with the Yoast SEO plugin v27.5 - https:\/\/yoast.com\/product\/yoast-seo-wordpress\/ -->\n<title>Retour sur la Journ\u00e9e de l\u2019Arbre ! - Commune de Modave<\/title>\n<meta name=\"robots\" content=\"index, follow, max-snippet:-1, max-image-preview:large, max-video-preview:-1\" \/>\n<link rel=\"canonical\" href=\"https:\/\/www.modave.be\/index.php\/services_communaux\/retour-sur-la-journee-de-larbre\/\" \/>\n<meta property=\"og:locale\" content=\"fr_FR\" \/>\n<meta property=\"og:type\" content=\"article\" \/>\n<meta property=\"og:title\" content=\"Retour sur la Journ\u00e9e de l\u2019Arbre ! - Commune de Modave\" \/>\n<meta property=\"og:description\" content=\"Retour sur la Journ\u00e9e de l\u2019Arbre ! Ce samedi 29 novembre, vous avez \u00e9t\u00e9 nombreux \u00e0 venir pour la grande distribution gratuite d\u2019arbustes et de petits fruitiers. Sorbiers, sureaux, pommiers sauvages, noisetiers, \u00e9glantiers, tro\u00e8nes, bourdaines, viornes, groseilliers, framboisiers\u2026 ils ont tous trouv\u00e9 preneur en quelques heures \u00e0 peine. Merci aux partenaires pr\u00e9sents pour leurs conseils&hellip;\" \/>\n<meta property=\"og:url\" content=\"https:\/\/www.modave.be\/index.php\/services_communaux\/retour-sur-la-journee-de-larbre\/\" \/>\n<meta property=\"og:site_name\" content=\"Commune de Modave\" \/>\n<meta property=\"article:modified_time\" content=\"2025-12-02T14:29:33+00:00\" \/>\n<meta property=\"og:image\" content=\"https:\/\/www.modave.be\/wp-content\/uploads\/2025\/12\/IMG_7094-1-scaled-e1764685766615.jpg\" \/>\n\t<meta property=\"og:image:width\" content=\"2560\" \/>\n\t<meta property=\"og:image:height\" content=\"1280\" \/>\n\t<meta property=\"og:image:type\" content=\"image\/jpeg\" \/>\n<meta name=\"twitter:card\" content=\"summary_large_image\" \/>\n<meta name=\"twitter:label1\" content=\"Dur\u00e9e de lecture estim\u00e9e\" \/>\n\t<meta name=\"twitter:data1\" content=\"1 minute\" \/>\n<script type=\"application\/ld+json\" class=\"yoast-schema-graph\">{\"@context\":\"https:\\\/\\\/schema.org\",\"@graph\":[{\"@type\":\"WebPage\",\"@id\":\"https:\\\/\\\/www.modave.be\\\/index.php\\\/services_communaux\\\/retour-sur-la-journee-de-larbre\\\/\",\"url\":\"https:\\\/\\\/www.modave.be\\\/index.php\\\/services_communaux\\\/retour-sur-la-journee-de-larbre\\\/\",\"name\":\"Retour sur la Journ\u00e9e de l\u2019Arbre ! - Commune de Modave\",\"isPartOf\":{\"@id\":\"https:\\\/\\\/www.modave.be\\\/#website\"},\"primaryImageOfPage\":{\"@id\":\"https:\\\/\\\/www.modave.be\\\/index.php\\\/services_communaux\\\/retour-sur-la-journee-de-larbre\\\/#primaryimage\"},\"image\":{\"@id\":\"https:\\\/\\\/www.modave.be\\\/index.php\\\/services_communaux\\\/retour-sur-la-journee-de-larbre\\\/#primaryimage\"},\"thumbnailUrl\":\"https:\\\/\\\/www.modave.be\\\/wp-content\\\/uploads\\\/2025\\\/12\\\/IMG_7094-1-scaled-e1764685766615.jpg\",\"datePublished\":\"2025-12-02T14:26:02+00:00\",\"dateModified\":\"2025-12-02T14:29:33+00:00\",\"breadcrumb\":{\"@id\":\"https:\\\/\\\/www.modave.be\\\/index.php\\\/services_communaux\\\/retour-sur-la-journee-de-larbre\\\/#breadcrumb\"},\"inLanguage\":\"fr-FR\",\"potentialAction\":[{\"@type\":\"ReadAction\",\"target\":[\"https:\\\/\\\/www.modave.be\\\/index.php\\\/services_communaux\\\/retour-sur-la-journee-de-larbre\\\/\"]}]},{\"@type\":\"ImageObject\",\"inLanguage\":\"fr-FR\",\"@id\":\"https:\\\/\\\/www.modave.be\\\/index.php\\\/services_communaux\\\/retour-sur-la-journee-de-larbre\\\/#primaryimage\",\"url\":\"https:\\\/\\\/www.modave.be\\\/wp-content\\\/uploads\\\/2025\\\/12\\\/IMG_7094-1-scaled-e1764685766615.jpg\",\"contentUrl\":\"https:\\\/\\\/www.modave.be\\\/wp-content\\\/uploads\\\/2025\\\/12\\\/IMG_7094-1-scaled-e1764685766615.jpg\",\"width\":2560,\"height\":1280},{\"@type\":\"BreadcrumbList\",\"@id\":\"https:\\\/\\\/www.modave.be\\\/index.php\\\/services_communaux\\\/retour-sur-la-journee-de-larbre\\\/#breadcrumb\",\"itemListElement\":[{\"@type\":\"ListItem\",\"position\":1,\"name\":\"Accueil\",\"item\":\"https:\\\/\\\/www.modave.be\\\/\"},{\"@type\":\"ListItem\",\"position\":2,\"name\":\"Retour sur la Journ\u00e9e de l\u2019Arbre !\"}]},{\"@type\":\"WebSite\",\"@id\":\"https:\\\/\\\/www.modave.be\\\/#website\",\"url\":\"https:\\\/\\\/www.modave.be\\\/\",\"name\":\"Commune de Modave\",\"description\":\"Commune de Modave\",\"publisher\":{\"@id\":\"https:\\\/\\\/www.modave.be\\\/#organization\"},\"potentialAction\":[{\"@type\":\"SearchAction\",\"target\":{\"@type\":\"EntryPoint\",\"urlTemplate\":\"https:\\\/\\\/www.modave.be\\\/?s={search_term_string}\"},\"query-input\":{\"@type\":\"PropertyValueSpecification\",\"valueRequired\":true,\"valueName\":\"search_term_string\"}}],\"inLanguage\":\"fr-FR\"},{\"@type\":\"Organization\",\"@id\":\"https:\\\/\\\/www.modave.be\\\/#organization\",\"name\":\"Commune de Modave\",\"url\":\"https:\\\/\\\/www.modave.be\\\/\",\"logo\":{\"@type\":\"ImageObject\",\"inLanguage\":\"fr-FR\",\"@id\":\"https:\\\/\\\/www.modave.be\\\/#\\\/schema\\\/logo\\\/image\\\/\",\"url\":\"https:\\\/\\\/www.modave.be\\\/wp-content\\\/uploads\\\/2021\\\/12\\\/MODAVE_LOGO_HORIZONTAL_QUADRI_RVB.png\",\"contentUrl\":\"https:\\\/\\\/www.modave.be\\\/wp-content\\\/uploads\\\/2021\\\/12\\\/MODAVE_LOGO_HORIZONTAL_QUADRI_RVB.png\",\"width\":1200,\"height\":501,\"caption\":\"Commune de Modave\"},\"image\":{\"@id\":\"https:\\\/\\\/www.modave.be\\\/#\\\/schema\\\/logo\\\/image\\\/\"}}]}<\/script>\n<!-- \/ Yoast SEO plugin. -->","yoast_head_json":{"title":"Retour sur la Journ\u00e9e de l\u2019Arbre ! - Commune de Modave","robots":{"index":"index","follow":"follow","max-snippet":"max-snippet:-1","max-image-preview":"max-image-preview:large","max-video-preview":"max-video-preview:-1"},"canonical":"https:\/\/www.modave.be\/index.php\/services_communaux\/retour-sur-la-journee-de-larbre\/","og_locale":"fr_FR","og_type":"article","og_title":"Retour sur la Journ\u00e9e de l\u2019Arbre ! - Commune de Modave","og_description":"Retour sur la Journ\u00e9e de l\u2019Arbre ! Ce samedi 29 novembre, vous avez \u00e9t\u00e9 nombreux \u00e0 venir pour la grande distribution gratuite d\u2019arbustes et de petits fruitiers. Sorbiers, sureaux, pommiers sauvages, noisetiers, \u00e9glantiers, tro\u00e8nes, bourdaines, viornes, groseilliers, framboisiers\u2026 ils ont tous trouv\u00e9 preneur en quelques heures \u00e0 peine. Merci aux partenaires pr\u00e9sents pour leurs conseils&hellip;","og_url":"https:\/\/www.modave.be\/index.php\/services_communaux\/retour-sur-la-journee-de-larbre\/","og_site_name":"Commune de Modave","article_modified_time":"2025-12-02T14:29:33+00:00","og_image":[{"width":2560,"height":1280,"url":"https:\/\/www.modave.be\/wp-content\/uploads\/2025\/12\/IMG_7094-1-scaled-e1764685766615.jpg","type":"image\/jpeg"}],"twitter_card":"summary_large_image","twitter_misc":{"Dur\u00e9e de lecture estim\u00e9e":"1 minute"},"schema":{"@context":"https:\/\/schema.org","@graph":[{"@type":"WebPage","@id":"https:\/\/www.modave.be\/index.php\/services_communaux\/retour-sur-la-journee-de-larbre\/","url":"https:\/\/www.modave.be\/index.php\/services_communaux\/retour-sur-la-journee-de-larbre\/","name":"Retour sur la Journ\u00e9e de l\u2019Arbre ! - Commune de Modave","isPartOf":{"@id":"https:\/\/www.modave.be\/#website"},"primaryImageOfPage":{"@id":"https:\/\/www.modave.be\/index.php\/services_communaux\/retour-sur-la-journee-de-larbre\/#primaryimage"},"image":{"@id":"https:\/\/www.modave.be\/index.php\/services_communaux\/retour-sur-la-journee-de-larbre\/#primaryimage"},"thumbnailUrl":"https:\/\/www.modave.be\/wp-content\/uploads\/2025\/12\/IMG_7094-1-scaled-e1764685766615.jpg","datePublished":"2025-12-02T14:26:02+00:00","dateModified":"2025-12-02T14:29:33+00:00","breadcrumb":{"@id":"https:\/\/www.modave.be\/index.php\/services_communaux\/retour-sur-la-journee-de-larbre\/#breadcrumb"},"inLanguage":"fr-FR","potentialAction":[{"@type":"ReadAction","target":["https:\/\/www.modave.be\/index.php\/services_communaux\/retour-sur-la-journee-de-larbre\/"]}]},{"@type":"ImageObject","inLanguage":"fr-FR","@id":"https:\/\/www.modave.be\/index.php\/services_communaux\/retour-sur-la-journee-de-larbre\/#primaryimage","url":"https:\/\/www.modave.be\/wp-content\/uploads\/2025\/12\/IMG_7094-1-scaled-e1764685766615.jpg","contentUrl":"https:\/\/www.modave.be\/wp-content\/uploads\/2025\/12\/IMG_7094-1-scaled-e1764685766615.jpg","width":2560,"height":1280},{"@type":"BreadcrumbList","@id":"https:\/\/www.modave.be\/index.php\/services_communaux\/retour-sur-la-journee-de-larbre\/#breadcrumb","itemListElement":[{"@type":"ListItem","position":1,"name":"Accueil","item":"https:\/\/www.modave.be\/"},{"@type":"ListItem","position":2,"name":"Retour sur la Journ\u00e9e de l\u2019Arbre !"}]},{"@type":"WebSite","@id":"https:\/\/www.modave.be\/#website","url":"https:\/\/www.modave.be\/","name":"Commune de Modave","description":"Commune de Modave","publisher":{"@id":"https:\/\/www.modave.be\/#organization"},"potentialAction":[{"@type":"SearchAction","target":{"@type":"EntryPoint","urlTemplate":"https:\/\/www.modave.be\/?s={search_term_string}"},"query-input":{"@type":"PropertyValueSpecification","valueRequired":true,"valueName":"search_term_string"}}],"inLanguage":"fr-FR"},{"@type":"Organization","@id":"https:\/\/www.modave.be\/#organization","name":"Commune de Modave","url":"https:\/\/www.modave.be\/","logo":{"@type":"ImageObject","inLanguage":"fr-FR","@id":"https:\/\/www.modave.be\/#\/schema\/logo\/image\/","url":"https:\/\/www.modave.be\/wp-content\/uploads\/2021\/12\/MODAVE_LOGO_HORIZONTAL_QUADRI_RVB.png","contentUrl":"https:\/\/www.modave.be\/wp-content\/uploads\/2021\/12\/MODAVE_LOGO_HORIZONTAL_QUADRI_RVB.png","width":1200,"height":501,"caption":"Commune de Modave"},"image":{"@id":"https:\/\/www.modave.be\/#\/schema\/logo\/image\/"}}]}},"_links":{"self":[{"href":"https:\/\/www.modave.be\/index.php\/wp-json\/wp\/v2\/services_communaux\/17275","targetHints":{"allow":["GET"]}}],"collection":[{"href":"https:\/\/www.modave.be\/index.php\/wp-json\/wp\/v2\/services_communaux"}],"about":[{"href":"https:\/\/www.modave.be\/index.php\/wp-json\/wp\/v2\/types\/services_communaux"}],"author":[{"embeddable":true,"href":"https:\/\/www.modave.be\/index.php\/wp-json\/wp\/v2\/users\/9"}],"wp:featuredmedia":[{"embeddable":true,"href":"https:\/\/www.modave.be\/index.php\/wp-json\/wp\/v2\/media\/17288"}],"wp:attachment":[{"href":"https:\/\/www.modave.be\/index.php\/wp-json\/wp\/v2\/media?parent=17275"}],"wp:term":[{"taxonomy":"category","embeddable":true,"href":"https:\/\/www.modave.be\/index.php\/wp-json\/wp\/v2\/categories?post=17275"}],"curies":[{"name":"wp","href":"https:\/\/api.w.org\/{rel}","templated":true}]}}