{"id":17297,"date":"2025-12-03T16:38:22","date_gmt":"2025-12-03T15:38:22","guid":{"rendered":"https:\/\/www.modave.be\/?post_type=services_communaux&#038;p=17297"},"modified":"2025-12-03T16:40:24","modified_gmt":"2025-12-03T15:40:24","slug":"rn641-vallee-du-hoyoux-fin-du-chantier","status":"publish","type":"services_communaux","link":"https:\/\/www.modave.be\/index.php\/services_communaux\/rn641-vallee-du-hoyoux-fin-du-chantier\/","title":{"rendered":"RN641 (Vall\u00e9e du Hoyoux) | Fin du chantier"},"content":{"rendered":"\n<h2 class=\"wp-block-heading\">RN641 (Vall\u00e9e du Hoyoux) | Fin du chantier<\/h2>\n\n\n\n<p>Les travaux de r\u00e9fection du ponceau men\u00e9s par le Service Public de Wallonie sur la RN641, entre la rue Haie de Barse et la rue du Vieux Barse, sont \u00e0 pr\u00e9sent termin\u00e9s.<\/p>\n\n\n\n<p>Initialement annonc\u00e9e pour le 19 d\u00e9cembre, la fin du chantier est finalement intervenue plus t\u00f4t que pr\u00e9vu. La circulation altern\u00e9e mise en place durant l\u2019intervention a \u00e9t\u00e9 retir\u00e9e et le trafic est revenu \u00e0 la normale.<\/p>\n\n\n\n<p>Merci aux \u00e9quipes sur le terrain pour la rapidit\u00e9 de l\u2019intervention et la bonne gestion du chantier.<\/p>\n\n\n\n<figure class=\"wp-block-image size-large\"><img fetchpriority=\"high\" decoding=\"async\" width=\"1024\" height=\"1024\" src=\"https:\/\/www.modave.be\/wp-content\/uploads\/2025\/12\/Fin-des-travaux-1024x1024.jpg\" alt=\"\" class=\"wp-image-17298\" srcset=\"https:\/\/www.modave.be\/wp-content\/uploads\/2025\/12\/Fin-des-travaux-1024x1024.jpg 1024w, https:\/\/www.modave.be\/wp-content\/uploads\/2025\/12\/Fin-des-travaux-300x300.jpg 300w, https:\/\/www.modave.be\/wp-content\/uploads\/2025\/12\/Fin-des-travaux-150x150.jpg 150w, https:\/\/www.modave.be\/wp-content\/uploads\/2025\/12\/Fin-des-travaux-768x768.jpg 768w, https:\/\/www.modave.be\/wp-content\/uploads\/2025\/12\/Fin-des-travaux.jpg 1080w\" sizes=\"(max-width: 1024px) 100vw, 1024px\" \/><\/figure>\n\n\n\n<div data-wp-interactive=\"core\/file\" class=\"wp-block-file\"><object data-wp-bind--hidden=\"!state.hasPdfPreview\" hidden class=\"wp-block-file__embed\" data=\"https:\/\/www.modave.be\/wp-content\/uploads\/2025\/11\/20251112170456039.pdf\" type=\"application\/pdf\" style=\"width:100%;height:600px\" aria-label=\"Contenu embarqu\u00e9 20251112170456039.\"><\/object><a id=\"wp-block-file--media-2637546a-86fa-4bd9-a72d-b7b18526cb9c\" href=\"https:\/\/www.modave.be\/wp-content\/uploads\/2025\/11\/20251112170456039.pdf\">20251112170456039<\/a><a href=\"https:\/\/www.modave.be\/wp-content\/uploads\/2025\/11\/20251112170456039.pdf\" class=\"wp-block-file__button wp-element-button\" download aria-describedby=\"wp-block-file--media-2637546a-86fa-4bd9-a72d-b7b18526cb9c\">T\u00e9l\u00e9charger<\/a><\/div>\n\n\n\n<p><\/p>\n","protected":false},"excerpt":{"rendered":"<p>RN641 (Vall\u00e9e du Hoyoux) | Fin du chantier Les travaux de r\u00e9fection du ponceau men\u00e9s par le Service Public de Wallonie sur la RN641, entre la rue Haie de Barse et la rue du Vieux Barse, sont \u00e0 pr\u00e9sent termin\u00e9s. Initialement annonc\u00e9e pour le 19 d\u00e9cembre, la fin du chantier est finalement intervenue plus t\u00f4t&hellip;<\/p>\n","protected":false},"author":9,"featured_media":17299,"menu_order":0,"template":"","categories":[208],"class_list":["post-17297","services_communaux","type-services_communaux","status-publish","has-post-thumbnail","hentry","category-travaux","description-off"],"yoast_head":"<!-- This site is optimized with the Yoast SEO plugin v27.5 - https:\/\/yoast.com\/product\/yoast-seo-wordpress\/ -->\n<title>RN641 (Vall\u00e9e du Hoyoux) | Fin du chantier - Commune de Modave<\/title>\n<meta name=\"robots\" content=\"index, follow, max-snippet:-1, max-image-preview:large, max-video-preview:-1\" \/>\n<link rel=\"canonical\" href=\"https:\/\/www.modave.be\/index.php\/services_communaux\/rn641-vallee-du-hoyoux-fin-du-chantier\/\" \/>\n<meta property=\"og:locale\" content=\"fr_FR\" \/>\n<meta property=\"og:type\" content=\"article\" \/>\n<meta property=\"og:title\" content=\"RN641 (Vall\u00e9e du Hoyoux) | Fin du chantier - Commune de Modave\" \/>\n<meta property=\"og:description\" content=\"RN641 (Vall\u00e9e du Hoyoux) | Fin du chantier Les travaux de r\u00e9fection du ponceau men\u00e9s par le Service Public de Wallonie sur la RN641, entre la rue Haie de Barse et la rue du Vieux Barse, sont \u00e0 pr\u00e9sent termin\u00e9s. Initialement annonc\u00e9e pour le 19 d\u00e9cembre, la fin du chantier est finalement intervenue plus t\u00f4t&hellip;\" \/>\n<meta property=\"og:url\" content=\"https:\/\/www.modave.be\/index.php\/services_communaux\/rn641-vallee-du-hoyoux-fin-du-chantier\/\" \/>\n<meta property=\"og:site_name\" content=\"Commune de Modave\" \/>\n<meta property=\"article:modified_time\" content=\"2025-12-03T15:40:24+00:00\" \/>\n<meta property=\"og:image\" content=\"https:\/\/www.modave.be\/wp-content\/uploads\/2025\/12\/Fin-des-travaux-1-e1764776284117.jpg\" \/>\n\t<meta property=\"og:image:width\" content=\"1080\" \/>\n\t<meta property=\"og:image:height\" content=\"540\" \/>\n\t<meta property=\"og:image:type\" content=\"image\/jpeg\" \/>\n<meta name=\"twitter:card\" content=\"summary_large_image\" \/>\n<meta name=\"twitter:label1\" content=\"Dur\u00e9e de lecture estim\u00e9e\" \/>\n\t<meta name=\"twitter:data1\" content=\"1 minute\" \/>\n<script type=\"application\/ld+json\" class=\"yoast-schema-graph\">{\"@context\":\"https:\\\/\\\/schema.org\",\"@graph\":[{\"@type\":\"WebPage\",\"@id\":\"https:\\\/\\\/www.modave.be\\\/index.php\\\/services_communaux\\\/rn641-vallee-du-hoyoux-fin-du-chantier\\\/\",\"url\":\"https:\\\/\\\/www.modave.be\\\/index.php\\\/services_communaux\\\/rn641-vallee-du-hoyoux-fin-du-chantier\\\/\",\"name\":\"RN641 (Vall\u00e9e du Hoyoux) | Fin du chantier - Commune de Modave\",\"isPartOf\":{\"@id\":\"https:\\\/\\\/www.modave.be\\\/#website\"},\"primaryImageOfPage\":{\"@id\":\"https:\\\/\\\/www.modave.be\\\/index.php\\\/services_communaux\\\/rn641-vallee-du-hoyoux-fin-du-chantier\\\/#primaryimage\"},\"image\":{\"@id\":\"https:\\\/\\\/www.modave.be\\\/index.php\\\/services_communaux\\\/rn641-vallee-du-hoyoux-fin-du-chantier\\\/#primaryimage\"},\"thumbnailUrl\":\"https:\\\/\\\/www.modave.be\\\/wp-content\\\/uploads\\\/2025\\\/12\\\/Fin-des-travaux-1-e1764776284117.jpg\",\"datePublished\":\"2025-12-03T15:38:22+00:00\",\"dateModified\":\"2025-12-03T15:40:24+00:00\",\"breadcrumb\":{\"@id\":\"https:\\\/\\\/www.modave.be\\\/index.php\\\/services_communaux\\\/rn641-vallee-du-hoyoux-fin-du-chantier\\\/#breadcrumb\"},\"inLanguage\":\"fr-FR\",\"potentialAction\":[{\"@type\":\"ReadAction\",\"target\":[\"https:\\\/\\\/www.modave.be\\\/index.php\\\/services_communaux\\\/rn641-vallee-du-hoyoux-fin-du-chantier\\\/\"]}]},{\"@type\":\"ImageObject\",\"inLanguage\":\"fr-FR\",\"@id\":\"https:\\\/\\\/www.modave.be\\\/index.php\\\/services_communaux\\\/rn641-vallee-du-hoyoux-fin-du-chantier\\\/#primaryimage\",\"url\":\"https:\\\/\\\/www.modave.be\\\/wp-content\\\/uploads\\\/2025\\\/12\\\/Fin-des-travaux-1-e1764776284117.jpg\",\"contentUrl\":\"https:\\\/\\\/www.modave.be\\\/wp-content\\\/uploads\\\/2025\\\/12\\\/Fin-des-travaux-1-e1764776284117.jpg\",\"width\":1080,\"height\":540},{\"@type\":\"BreadcrumbList\",\"@id\":\"https:\\\/\\\/www.modave.be\\\/index.php\\\/services_communaux\\\/rn641-vallee-du-hoyoux-fin-du-chantier\\\/#breadcrumb\",\"itemListElement\":[{\"@type\":\"ListItem\",\"position\":1,\"name\":\"Accueil\",\"item\":\"https:\\\/\\\/www.modave.be\\\/\"},{\"@type\":\"ListItem\",\"position\":2,\"name\":\"RN641 (Vall\u00e9e du Hoyoux) | Fin du chantier\"}]},{\"@type\":\"WebSite\",\"@id\":\"https:\\\/\\\/www.modave.be\\\/#website\",\"url\":\"https:\\\/\\\/www.modave.be\\\/\",\"name\":\"Commune de Modave\",\"description\":\"Commune de Modave\",\"publisher\":{\"@id\":\"https:\\\/\\\/www.modave.be\\\/#organization\"},\"potentialAction\":[{\"@type\":\"SearchAction\",\"target\":{\"@type\":\"EntryPoint\",\"urlTemplate\":\"https:\\\/\\\/www.modave.be\\\/?s={search_term_string}\"},\"query-input\":{\"@type\":\"PropertyValueSpecification\",\"valueRequired\":true,\"valueName\":\"search_term_string\"}}],\"inLanguage\":\"fr-FR\"},{\"@type\":\"Organization\",\"@id\":\"https:\\\/\\\/www.modave.be\\\/#organization\",\"name\":\"Commune de Modave\",\"url\":\"https:\\\/\\\/www.modave.be\\\/\",\"logo\":{\"@type\":\"ImageObject\",\"inLanguage\":\"fr-FR\",\"@id\":\"https:\\\/\\\/www.modave.be\\\/#\\\/schema\\\/logo\\\/image\\\/\",\"url\":\"https:\\\/\\\/www.modave.be\\\/wp-content\\\/uploads\\\/2021\\\/12\\\/MODAVE_LOGO_HORIZONTAL_QUADRI_RVB.png\",\"contentUrl\":\"https:\\\/\\\/www.modave.be\\\/wp-content\\\/uploads\\\/2021\\\/12\\\/MODAVE_LOGO_HORIZONTAL_QUADRI_RVB.png\",\"width\":1200,\"height\":501,\"caption\":\"Commune de Modave\"},\"image\":{\"@id\":\"https:\\\/\\\/www.modave.be\\\/#\\\/schema\\\/logo\\\/image\\\/\"}}]}<\/script>\n<!-- \/ Yoast SEO plugin. -->","yoast_head_json":{"title":"RN641 (Vall\u00e9e du Hoyoux) | Fin du chantier - Commune de Modave","robots":{"index":"index","follow":"follow","max-snippet":"max-snippet:-1","max-image-preview":"max-image-preview:large","max-video-preview":"max-video-preview:-1"},"canonical":"https:\/\/www.modave.be\/index.php\/services_communaux\/rn641-vallee-du-hoyoux-fin-du-chantier\/","og_locale":"fr_FR","og_type":"article","og_title":"RN641 (Vall\u00e9e du Hoyoux) | Fin du chantier - Commune de Modave","og_description":"RN641 (Vall\u00e9e du Hoyoux) | Fin du chantier Les travaux de r\u00e9fection du ponceau men\u00e9s par le Service Public de Wallonie sur la RN641, entre la rue Haie de Barse et la rue du Vieux Barse, sont \u00e0 pr\u00e9sent termin\u00e9s. Initialement annonc\u00e9e pour le 19 d\u00e9cembre, la fin du chantier est finalement intervenue plus t\u00f4t&hellip;","og_url":"https:\/\/www.modave.be\/index.php\/services_communaux\/rn641-vallee-du-hoyoux-fin-du-chantier\/","og_site_name":"Commune de Modave","article_modified_time":"2025-12-03T15:40:24+00:00","og_image":[{"width":1080,"height":540,"url":"https:\/\/www.modave.be\/wp-content\/uploads\/2025\/12\/Fin-des-travaux-1-e1764776284117.jpg","type":"image\/jpeg"}],"twitter_card":"summary_large_image","twitter_misc":{"Dur\u00e9e de lecture estim\u00e9e":"1 minute"},"schema":{"@context":"https:\/\/schema.org","@graph":[{"@type":"WebPage","@id":"https:\/\/www.modave.be\/index.php\/services_communaux\/rn641-vallee-du-hoyoux-fin-du-chantier\/","url":"https:\/\/www.modave.be\/index.php\/services_communaux\/rn641-vallee-du-hoyoux-fin-du-chantier\/","name":"RN641 (Vall\u00e9e du Hoyoux) | Fin du chantier - Commune de Modave","isPartOf":{"@id":"https:\/\/www.modave.be\/#website"},"primaryImageOfPage":{"@id":"https:\/\/www.modave.be\/index.php\/services_communaux\/rn641-vallee-du-hoyoux-fin-du-chantier\/#primaryimage"},"image":{"@id":"https:\/\/www.modave.be\/index.php\/services_communaux\/rn641-vallee-du-hoyoux-fin-du-chantier\/#primaryimage"},"thumbnailUrl":"https:\/\/www.modave.be\/wp-content\/uploads\/2025\/12\/Fin-des-travaux-1-e1764776284117.jpg","datePublished":"2025-12-03T15:38:22+00:00","dateModified":"2025-12-03T15:40:24+00:00","breadcrumb":{"@id":"https:\/\/www.modave.be\/index.php\/services_communaux\/rn641-vallee-du-hoyoux-fin-du-chantier\/#breadcrumb"},"inLanguage":"fr-FR","potentialAction":[{"@type":"ReadAction","target":["https:\/\/www.modave.be\/index.php\/services_communaux\/rn641-vallee-du-hoyoux-fin-du-chantier\/"]}]},{"@type":"ImageObject","inLanguage":"fr-FR","@id":"https:\/\/www.modave.be\/index.php\/services_communaux\/rn641-vallee-du-hoyoux-fin-du-chantier\/#primaryimage","url":"https:\/\/www.modave.be\/wp-content\/uploads\/2025\/12\/Fin-des-travaux-1-e1764776284117.jpg","contentUrl":"https:\/\/www.modave.be\/wp-content\/uploads\/2025\/12\/Fin-des-travaux-1-e1764776284117.jpg","width":1080,"height":540},{"@type":"BreadcrumbList","@id":"https:\/\/www.modave.be\/index.php\/services_communaux\/rn641-vallee-du-hoyoux-fin-du-chantier\/#breadcrumb","itemListElement":[{"@type":"ListItem","position":1,"name":"Accueil","item":"https:\/\/www.modave.be\/"},{"@type":"ListItem","position":2,"name":"RN641 (Vall\u00e9e du Hoyoux) | Fin du chantier"}]},{"@type":"WebSite","@id":"https:\/\/www.modave.be\/#website","url":"https:\/\/www.modave.be\/","name":"Commune de Modave","description":"Commune de Modave","publisher":{"@id":"https:\/\/www.modave.be\/#organization"},"potentialAction":[{"@type":"SearchAction","target":{"@type":"EntryPoint","urlTemplate":"https:\/\/www.modave.be\/?s={search_term_string}"},"query-input":{"@type":"PropertyValueSpecification","valueRequired":true,"valueName":"search_term_string"}}],"inLanguage":"fr-FR"},{"@type":"Organization","@id":"https:\/\/www.modave.be\/#organization","name":"Commune de Modave","url":"https:\/\/www.modave.be\/","logo":{"@type":"ImageObject","inLanguage":"fr-FR","@id":"https:\/\/www.modave.be\/#\/schema\/logo\/image\/","url":"https:\/\/www.modave.be\/wp-content\/uploads\/2021\/12\/MODAVE_LOGO_HORIZONTAL_QUADRI_RVB.png","contentUrl":"https:\/\/www.modave.be\/wp-content\/uploads\/2021\/12\/MODAVE_LOGO_HORIZONTAL_QUADRI_RVB.png","width":1200,"height":501,"caption":"Commune de Modave"},"image":{"@id":"https:\/\/www.modave.be\/#\/schema\/logo\/image\/"}}]}},"_links":{"self":[{"href":"https:\/\/www.modave.be\/index.php\/wp-json\/wp\/v2\/services_communaux\/17297","targetHints":{"allow":["GET"]}}],"collection":[{"href":"https:\/\/www.modave.be\/index.php\/wp-json\/wp\/v2\/services_communaux"}],"about":[{"href":"https:\/\/www.modave.be\/index.php\/wp-json\/wp\/v2\/types\/services_communaux"}],"author":[{"embeddable":true,"href":"https:\/\/www.modave.be\/index.php\/wp-json\/wp\/v2\/users\/9"}],"wp:featuredmedia":[{"embeddable":true,"href":"https:\/\/www.modave.be\/index.php\/wp-json\/wp\/v2\/media\/17299"}],"wp:attachment":[{"href":"https:\/\/www.modave.be\/index.php\/wp-json\/wp\/v2\/media?parent=17297"}],"wp:term":[{"taxonomy":"category","embeddable":true,"href":"https:\/\/www.modave.be\/index.php\/wp-json\/wp\/v2\/categories?post=17297"}],"curies":[{"name":"wp","href":"https:\/\/api.w.org\/{rel}","templated":true}]}}