{"id":17539,"date":"2026-01-05T14:45:54","date_gmt":"2026-01-05T13:45:54","guid":{"rendered":"https:\/\/www.modave.be\/?post_type=services_communaux&#038;p=17539"},"modified":"2026-01-05T16:28:31","modified_gmt":"2026-01-05T15:28:31","slug":"deneigement-retour-sur-les-interventions-recentes","status":"publish","type":"services_communaux","link":"https:\/\/www.modave.be\/index.php\/services_communaux\/deneigement-retour-sur-les-interventions-recentes\/","title":{"rendered":"D\u00e9neigement | Retour sur les interventions r\u00e9centes"},"content":{"rendered":"\n<h4 class=\"wp-block-heading\">Avec l\u2019arriv\u00e9e des conditions hivernales, des interventions r\u00e9guli\u00e8res sont men\u00e9es sur l\u2019ensemble du territoire communal.<\/h4>\n\n\n\n<blockquote class=\"wp-block-quote is-layout-flow wp-block-quote-is-layout-flow\">\n<p class=\"has-text-color has-link-color wp-elements-7229456e073d1d9b191d19ec87544ce0\" style=\"color:#ff0000\">Ces op\u00e9rations sont assur\u00e9es par un nouveau prestataire, qui prend progressivement ses rep\u00e8res. Si un oubli devait \u00eatre constat\u00e9, n\u2019h\u00e9sitez pas \u00e0 le signaler au service travaux : 085\/51.30.35<\/p>\n<\/blockquote>\n\n\n\n<p>Cet apr\u00e8s-midi, des interventions manuelles ont \u00e9t\u00e9 r\u00e9alis\u00e9es rue de la Potte, rue du Cul-de-Sac, ainsi que dans le cul-de-sac entre la route de Limet et la rue Ramelot. Ces voiries ont \u00e9t\u00e9 r\u00e9int\u00e9gr\u00e9es dans le suivi du prestataire, tout comme le cul-de-sac de la rue de la Chapelle. Du sel sera par ailleurs plac\u00e9 manuellement rue de la Chapelle. Un d\u00e9part est pr\u00e9vu aujourd\u2019hui \u00e0 18h pour, si n\u00e9cessaire, pousser la neige et saler sur l\u2019ensemble du territoire.<br>Un salage des axes principaux sera \u00e9galement effectu\u00e9 demain pour 8h.<\/p>\n\n\n\n<p>Ces derniers jours, de nombreuses interventions ont d\u00e9j\u00e0 \u00e9t\u00e9 r\u00e9alis\u00e9es afin d\u2019assurer des conditions de circulation aussi s\u00fbres que possible :<\/p>\n\n\n\n<p>\u2022 26\/12 : salage sur l\u2019ensemble du territoire<br>\u2022 28\/12 : salage sur l\u2019ensemble du territoire<br>\u2022 29\/12 : salage des axes principaux<br>\u2022 30\/12 : salage sur l\u2019ensemble du territoire<br>\u2022 02\/01 : deux sorties de salage sur l\u2019ensemble du territoire<br>\u2022 03\/01 : salage sur l\u2019ensemble du territoire<br>\u2022 04\/01 : d\u00e9neigement et salage sur l\u2019ensemble du territoire<br>\u2022 05\/01 : salage sur l\u2019ensemble du territoire<\/p>\n\n\n\n<p>La neige tombe \u00e0 nouveau : restons vigilants et prudents lors de nos d\u00e9placements. Tr\u00e8s belle ann\u00e9e \u00e0 toutes et tous.<\/p>\n\n\n\n<figure class=\"wp-block-image size-large\"><img fetchpriority=\"high\" decoding=\"async\" width=\"1024\" height=\"1024\" src=\"https:\/\/www.modave.be\/wp-content\/uploads\/2026\/01\/Deneigement-1024x1024.jpg\" alt=\"\" class=\"wp-image-17540\" srcset=\"https:\/\/www.modave.be\/wp-content\/uploads\/2026\/01\/Deneigement-1024x1024.jpg 1024w, https:\/\/www.modave.be\/wp-content\/uploads\/2026\/01\/Deneigement-300x300.jpg 300w, https:\/\/www.modave.be\/wp-content\/uploads\/2026\/01\/Deneigement-150x150.jpg 150w, https:\/\/www.modave.be\/wp-content\/uploads\/2026\/01\/Deneigement-768x768.jpg 768w, https:\/\/www.modave.be\/wp-content\/uploads\/2026\/01\/Deneigement.jpg 1080w\" sizes=\"(max-width: 1024px) 100vw, 1024px\" \/><\/figure>\n","protected":false},"excerpt":{"rendered":"<p>Avec l\u2019arriv\u00e9e des conditions hivernales, des interventions r\u00e9guli\u00e8res sont men\u00e9es sur l\u2019ensemble du territoire communal. Ces op\u00e9rations sont assur\u00e9es par un nouveau prestataire, qui prend progressivement ses rep\u00e8res. Si un oubli devait \u00eatre constat\u00e9, n\u2019h\u00e9sitez pas \u00e0 le signaler au service travaux : 085\/51.30.35 Cet apr\u00e8s-midi, des interventions manuelles ont \u00e9t\u00e9 r\u00e9alis\u00e9es rue de la&hellip;<\/p>\n","protected":false},"author":9,"featured_media":17543,"menu_order":0,"template":"","categories":[208],"class_list":["post-17539","services_communaux","type-services_communaux","status-publish","has-post-thumbnail","hentry","category-travaux","description-off"],"yoast_head":"<!-- This site is optimized with the Yoast SEO plugin v27.4 - https:\/\/yoast.com\/product\/yoast-seo-wordpress\/ -->\n<title>D\u00e9neigement | Retour sur les interventions r\u00e9centes - Commune de Modave<\/title>\n<meta name=\"robots\" content=\"index, follow, max-snippet:-1, max-image-preview:large, max-video-preview:-1\" \/>\n<link rel=\"canonical\" href=\"https:\/\/www.modave.be\/index.php\/services_communaux\/deneigement-retour-sur-les-interventions-recentes\/\" \/>\n<meta property=\"og:locale\" content=\"fr_FR\" \/>\n<meta property=\"og:type\" content=\"article\" \/>\n<meta property=\"og:title\" content=\"D\u00e9neigement | Retour sur les interventions r\u00e9centes - Commune de Modave\" \/>\n<meta property=\"og:description\" content=\"Avec l\u2019arriv\u00e9e des conditions hivernales, des interventions r\u00e9guli\u00e8res sont men\u00e9es sur l\u2019ensemble du territoire communal. Ces op\u00e9rations sont assur\u00e9es par un nouveau prestataire, qui prend progressivement ses rep\u00e8res. Si un oubli devait \u00eatre constat\u00e9, n\u2019h\u00e9sitez pas \u00e0 le signaler au service travaux : 085\/51.30.35 Cet apr\u00e8s-midi, des interventions manuelles ont \u00e9t\u00e9 r\u00e9alis\u00e9es rue de la&hellip;\" \/>\n<meta property=\"og:url\" content=\"https:\/\/www.modave.be\/index.php\/services_communaux\/deneigement-retour-sur-les-interventions-recentes\/\" \/>\n<meta property=\"og:site_name\" content=\"Commune de Modave\" \/>\n<meta property=\"article:modified_time\" content=\"2026-01-05T15:28:31+00:00\" \/>\n<meta property=\"og:image\" content=\"https:\/\/www.modave.be\/wp-content\/uploads\/2026\/01\/Deneigement-1-e1767626902307.jpg\" \/>\n\t<meta property=\"og:image:width\" content=\"1080\" \/>\n\t<meta property=\"og:image:height\" content=\"540\" \/>\n\t<meta property=\"og:image:type\" content=\"image\/jpeg\" \/>\n<meta name=\"twitter:card\" content=\"summary_large_image\" \/>\n<meta name=\"twitter:label1\" content=\"Dur\u00e9e de lecture estim\u00e9e\" \/>\n\t<meta name=\"twitter:data1\" content=\"1 minute\" \/>\n<script type=\"application\/ld+json\" class=\"yoast-schema-graph\">{\"@context\":\"https:\\\/\\\/schema.org\",\"@graph\":[{\"@type\":\"WebPage\",\"@id\":\"https:\\\/\\\/www.modave.be\\\/index.php\\\/services_communaux\\\/deneigement-retour-sur-les-interventions-recentes\\\/\",\"url\":\"https:\\\/\\\/www.modave.be\\\/index.php\\\/services_communaux\\\/deneigement-retour-sur-les-interventions-recentes\\\/\",\"name\":\"D\u00e9neigement | Retour sur les interventions r\u00e9centes - Commune de Modave\",\"isPartOf\":{\"@id\":\"https:\\\/\\\/www.modave.be\\\/#website\"},\"primaryImageOfPage\":{\"@id\":\"https:\\\/\\\/www.modave.be\\\/index.php\\\/services_communaux\\\/deneigement-retour-sur-les-interventions-recentes\\\/#primaryimage\"},\"image\":{\"@id\":\"https:\\\/\\\/www.modave.be\\\/index.php\\\/services_communaux\\\/deneigement-retour-sur-les-interventions-recentes\\\/#primaryimage\"},\"thumbnailUrl\":\"https:\\\/\\\/www.modave.be\\\/wp-content\\\/uploads\\\/2026\\\/01\\\/Deneigement-1-e1767626902307.jpg\",\"datePublished\":\"2026-01-05T13:45:54+00:00\",\"dateModified\":\"2026-01-05T15:28:31+00:00\",\"breadcrumb\":{\"@id\":\"https:\\\/\\\/www.modave.be\\\/index.php\\\/services_communaux\\\/deneigement-retour-sur-les-interventions-recentes\\\/#breadcrumb\"},\"inLanguage\":\"fr-FR\",\"potentialAction\":[{\"@type\":\"ReadAction\",\"target\":[\"https:\\\/\\\/www.modave.be\\\/index.php\\\/services_communaux\\\/deneigement-retour-sur-les-interventions-recentes\\\/\"]}]},{\"@type\":\"ImageObject\",\"inLanguage\":\"fr-FR\",\"@id\":\"https:\\\/\\\/www.modave.be\\\/index.php\\\/services_communaux\\\/deneigement-retour-sur-les-interventions-recentes\\\/#primaryimage\",\"url\":\"https:\\\/\\\/www.modave.be\\\/wp-content\\\/uploads\\\/2026\\\/01\\\/Deneigement-1-e1767626902307.jpg\",\"contentUrl\":\"https:\\\/\\\/www.modave.be\\\/wp-content\\\/uploads\\\/2026\\\/01\\\/Deneigement-1-e1767626902307.jpg\",\"width\":1080,\"height\":540},{\"@type\":\"BreadcrumbList\",\"@id\":\"https:\\\/\\\/www.modave.be\\\/index.php\\\/services_communaux\\\/deneigement-retour-sur-les-interventions-recentes\\\/#breadcrumb\",\"itemListElement\":[{\"@type\":\"ListItem\",\"position\":1,\"name\":\"Accueil\",\"item\":\"https:\\\/\\\/www.modave.be\\\/\"},{\"@type\":\"ListItem\",\"position\":2,\"name\":\"D\u00e9neigement | Retour sur les interventions r\u00e9centes\"}]},{\"@type\":\"WebSite\",\"@id\":\"https:\\\/\\\/www.modave.be\\\/#website\",\"url\":\"https:\\\/\\\/www.modave.be\\\/\",\"name\":\"Commune de Modave\",\"description\":\"Commune de Modave\",\"publisher\":{\"@id\":\"https:\\\/\\\/www.modave.be\\\/#organization\"},\"potentialAction\":[{\"@type\":\"SearchAction\",\"target\":{\"@type\":\"EntryPoint\",\"urlTemplate\":\"https:\\\/\\\/www.modave.be\\\/?s={search_term_string}\"},\"query-input\":{\"@type\":\"PropertyValueSpecification\",\"valueRequired\":true,\"valueName\":\"search_term_string\"}}],\"inLanguage\":\"fr-FR\"},{\"@type\":\"Organization\",\"@id\":\"https:\\\/\\\/www.modave.be\\\/#organization\",\"name\":\"Commune de Modave\",\"url\":\"https:\\\/\\\/www.modave.be\\\/\",\"logo\":{\"@type\":\"ImageObject\",\"inLanguage\":\"fr-FR\",\"@id\":\"https:\\\/\\\/www.modave.be\\\/#\\\/schema\\\/logo\\\/image\\\/\",\"url\":\"https:\\\/\\\/www.modave.be\\\/wp-content\\\/uploads\\\/2021\\\/12\\\/MODAVE_LOGO_HORIZONTAL_QUADRI_RVB.png\",\"contentUrl\":\"https:\\\/\\\/www.modave.be\\\/wp-content\\\/uploads\\\/2021\\\/12\\\/MODAVE_LOGO_HORIZONTAL_QUADRI_RVB.png\",\"width\":1200,\"height\":501,\"caption\":\"Commune de Modave\"},\"image\":{\"@id\":\"https:\\\/\\\/www.modave.be\\\/#\\\/schema\\\/logo\\\/image\\\/\"}}]}<\/script>\n<!-- \/ Yoast SEO plugin. -->","yoast_head_json":{"title":"D\u00e9neigement | Retour sur les interventions r\u00e9centes - Commune de Modave","robots":{"index":"index","follow":"follow","max-snippet":"max-snippet:-1","max-image-preview":"max-image-preview:large","max-video-preview":"max-video-preview:-1"},"canonical":"https:\/\/www.modave.be\/index.php\/services_communaux\/deneigement-retour-sur-les-interventions-recentes\/","og_locale":"fr_FR","og_type":"article","og_title":"D\u00e9neigement | Retour sur les interventions r\u00e9centes - Commune de Modave","og_description":"Avec l\u2019arriv\u00e9e des conditions hivernales, des interventions r\u00e9guli\u00e8res sont men\u00e9es sur l\u2019ensemble du territoire communal. Ces op\u00e9rations sont assur\u00e9es par un nouveau prestataire, qui prend progressivement ses rep\u00e8res. Si un oubli devait \u00eatre constat\u00e9, n\u2019h\u00e9sitez pas \u00e0 le signaler au service travaux : 085\/51.30.35 Cet apr\u00e8s-midi, des interventions manuelles ont \u00e9t\u00e9 r\u00e9alis\u00e9es rue de la&hellip;","og_url":"https:\/\/www.modave.be\/index.php\/services_communaux\/deneigement-retour-sur-les-interventions-recentes\/","og_site_name":"Commune de Modave","article_modified_time":"2026-01-05T15:28:31+00:00","og_image":[{"width":1080,"height":540,"url":"https:\/\/www.modave.be\/wp-content\/uploads\/2026\/01\/Deneigement-1-e1767626902307.jpg","type":"image\/jpeg"}],"twitter_card":"summary_large_image","twitter_misc":{"Dur\u00e9e de lecture estim\u00e9e":"1 minute"},"schema":{"@context":"https:\/\/schema.org","@graph":[{"@type":"WebPage","@id":"https:\/\/www.modave.be\/index.php\/services_communaux\/deneigement-retour-sur-les-interventions-recentes\/","url":"https:\/\/www.modave.be\/index.php\/services_communaux\/deneigement-retour-sur-les-interventions-recentes\/","name":"D\u00e9neigement | Retour sur les interventions r\u00e9centes - Commune de Modave","isPartOf":{"@id":"https:\/\/www.modave.be\/#website"},"primaryImageOfPage":{"@id":"https:\/\/www.modave.be\/index.php\/services_communaux\/deneigement-retour-sur-les-interventions-recentes\/#primaryimage"},"image":{"@id":"https:\/\/www.modave.be\/index.php\/services_communaux\/deneigement-retour-sur-les-interventions-recentes\/#primaryimage"},"thumbnailUrl":"https:\/\/www.modave.be\/wp-content\/uploads\/2026\/01\/Deneigement-1-e1767626902307.jpg","datePublished":"2026-01-05T13:45:54+00:00","dateModified":"2026-01-05T15:28:31+00:00","breadcrumb":{"@id":"https:\/\/www.modave.be\/index.php\/services_communaux\/deneigement-retour-sur-les-interventions-recentes\/#breadcrumb"},"inLanguage":"fr-FR","potentialAction":[{"@type":"ReadAction","target":["https:\/\/www.modave.be\/index.php\/services_communaux\/deneigement-retour-sur-les-interventions-recentes\/"]}]},{"@type":"ImageObject","inLanguage":"fr-FR","@id":"https:\/\/www.modave.be\/index.php\/services_communaux\/deneigement-retour-sur-les-interventions-recentes\/#primaryimage","url":"https:\/\/www.modave.be\/wp-content\/uploads\/2026\/01\/Deneigement-1-e1767626902307.jpg","contentUrl":"https:\/\/www.modave.be\/wp-content\/uploads\/2026\/01\/Deneigement-1-e1767626902307.jpg","width":1080,"height":540},{"@type":"BreadcrumbList","@id":"https:\/\/www.modave.be\/index.php\/services_communaux\/deneigement-retour-sur-les-interventions-recentes\/#breadcrumb","itemListElement":[{"@type":"ListItem","position":1,"name":"Accueil","item":"https:\/\/www.modave.be\/"},{"@type":"ListItem","position":2,"name":"D\u00e9neigement | Retour sur les interventions r\u00e9centes"}]},{"@type":"WebSite","@id":"https:\/\/www.modave.be\/#website","url":"https:\/\/www.modave.be\/","name":"Commune de Modave","description":"Commune de Modave","publisher":{"@id":"https:\/\/www.modave.be\/#organization"},"potentialAction":[{"@type":"SearchAction","target":{"@type":"EntryPoint","urlTemplate":"https:\/\/www.modave.be\/?s={search_term_string}"},"query-input":{"@type":"PropertyValueSpecification","valueRequired":true,"valueName":"search_term_string"}}],"inLanguage":"fr-FR"},{"@type":"Organization","@id":"https:\/\/www.modave.be\/#organization","name":"Commune de Modave","url":"https:\/\/www.modave.be\/","logo":{"@type":"ImageObject","inLanguage":"fr-FR","@id":"https:\/\/www.modave.be\/#\/schema\/logo\/image\/","url":"https:\/\/www.modave.be\/wp-content\/uploads\/2021\/12\/MODAVE_LOGO_HORIZONTAL_QUADRI_RVB.png","contentUrl":"https:\/\/www.modave.be\/wp-content\/uploads\/2021\/12\/MODAVE_LOGO_HORIZONTAL_QUADRI_RVB.png","width":1200,"height":501,"caption":"Commune de Modave"},"image":{"@id":"https:\/\/www.modave.be\/#\/schema\/logo\/image\/"}}]}},"_links":{"self":[{"href":"https:\/\/www.modave.be\/index.php\/wp-json\/wp\/v2\/services_communaux\/17539","targetHints":{"allow":["GET"]}}],"collection":[{"href":"https:\/\/www.modave.be\/index.php\/wp-json\/wp\/v2\/services_communaux"}],"about":[{"href":"https:\/\/www.modave.be\/index.php\/wp-json\/wp\/v2\/types\/services_communaux"}],"author":[{"embeddable":true,"href":"https:\/\/www.modave.be\/index.php\/wp-json\/wp\/v2\/users\/9"}],"wp:featuredmedia":[{"embeddable":true,"href":"https:\/\/www.modave.be\/index.php\/wp-json\/wp\/v2\/media\/17543"}],"wp:attachment":[{"href":"https:\/\/www.modave.be\/index.php\/wp-json\/wp\/v2\/media?parent=17539"}],"wp:term":[{"taxonomy":"category","embeddable":true,"href":"https:\/\/www.modave.be\/index.php\/wp-json\/wp\/v2\/categories?post=17539"}],"curies":[{"name":"wp","href":"https:\/\/api.w.org\/{rel}","templated":true}]}}