{"id":17557,"date":"2026-01-06T15:44:34","date_gmt":"2026-01-06T14:44:34","guid":{"rendered":"https:\/\/www.modave.be\/?post_type=services_communaux&#038;p=17557"},"modified":"2026-01-06T16:00:27","modified_gmt":"2026-01-06T15:00:27","slug":"stages-2026-inscriptions-ouvertes-le-9-janvier-a-midi","status":"publish","type":"services_communaux","link":"https:\/\/www.modave.be\/index.php\/services_communaux\/stages-2026-inscriptions-ouvertes-le-9-janvier-a-midi\/","title":{"rendered":"Stages 2026 | Inscriptions ouvertes le 9 janvier \u00e0 midi"},"content":{"rendered":"\n<p><strong>Informations importantes :<\/strong><\/p>\n\n\n\n<ul class=\"wp-block-list\">\n<li>Retrouvez toutes les informations dans l&rsquo;onglet <em>\u00ab\u00a0Stages\u00a0\u00bb<\/em> (ic\u00f4ne fus\u00e9e) sur la page d&rsquo;accueil du site internet ou ici.<\/li>\n<\/ul>\n\n\n\n<p><strong>Besoin d\u2019aide ?<\/strong><br>Contactez Fran\u00e7ois Perniaux au 085\/41.02.20 (ext. 5).<\/p>\n\n\n\n<p><strong>Inscriptions :<\/strong><br>Elles se font via ce lien : <a href=\"https:\/\/docs.google.com\/forms\/d\/e\/1FAIpQLScJ5B1iYm3hiHD-Qb_SQsL8CYYG71bxCOLtQ2wnLXoZtdsvJw\/viewform?usp=header\">Formulaire d&rsquo;inscription<\/a>.<br>Le formulaire est \u00e9galement disponible ci-dessous.<\/p>\n\n\n\n<p> <strong>Confirmation et paiement :<\/strong><\/p>\n\n\n\n<ul class=\"wp-block-list\">\n<li>Attendez la confirmation d\u2019inscription de l&rsquo;agent traitant avant de payer.<\/li>\n\n\n\n<li>Le paiement doit \u00eatre effectu\u00e9 <strong>3 jours <\/strong>apr\u00e8s cette confirmation.<\/li>\n<\/ul>\n\n\n\n<p><strong>Annulation :<\/strong><br>Toute annulation doit \u00eatre communiqu\u00e9e <strong>par \u00e9crit<\/strong> (<a>jeunesse@modave.be<\/a>) <strong>au plus tard 1 semaine avant le d\u00e9but du stage<\/strong>. Pass\u00e9 ce d\u00e9lai, le montant total du stage reste d\u00fb.<\/p>\n\n\n\n<iframe src=\"https:\/\/docs.google.com\/forms\/d\/e\/1FAIpQLScJ5B1iYm3hiHD-Qb_SQsL8CYYG71bxCOLtQ2wnLXoZtdsvJw\/viewform?usp=header\/viewform?embedded=true\" width=\"640\" height=\"4151\" frameborder=\"0\" marginheight=\"0\" marginwidth=\"0\">Chargement\u2026<\/iframe>\n\n\n\n<p><\/p>\n\n\n\n<p><\/p>\n","protected":false},"excerpt":{"rendered":"<p>Informations importantes : Besoin d\u2019aide ?Contactez Fran\u00e7ois Perniaux au 085\/41.02.20 (ext. 5). Inscriptions :Elles se font via ce lien : Formulaire d&rsquo;inscription.Le formulaire est \u00e9galement disponible ci-dessous. Confirmation et paiement : Annulation :Toute annulation doit \u00eatre communiqu\u00e9e par \u00e9crit (jeunesse@modave.be) au plus tard 1 semaine avant le d\u00e9but du stage. Pass\u00e9 ce d\u00e9lai, le montant&hellip;<\/p>\n","protected":false},"author":9,"featured_media":17559,"menu_order":0,"template":"","categories":[202],"class_list":["post-17557","services_communaux","type-services_communaux","status-publish","has-post-thumbnail","hentry","category-jeunesse_temps_libre","description-off"],"yoast_head":"<!-- This site is optimized with the Yoast SEO plugin v27.4 - https:\/\/yoast.com\/product\/yoast-seo-wordpress\/ -->\n<title>Stages 2026 | Inscriptions ouvertes le 9 janvier \u00e0 midi - Commune de Modave<\/title>\n<meta name=\"robots\" content=\"index, follow, max-snippet:-1, max-image-preview:large, max-video-preview:-1\" \/>\n<link rel=\"canonical\" href=\"https:\/\/www.modave.be\/index.php\/services_communaux\/stages-2026-inscriptions-ouvertes-le-9-janvier-a-midi\/\" \/>\n<meta property=\"og:locale\" content=\"fr_FR\" \/>\n<meta property=\"og:type\" content=\"article\" \/>\n<meta property=\"og:title\" content=\"Stages 2026 | Inscriptions ouvertes le 9 janvier \u00e0 midi - Commune de Modave\" \/>\n<meta property=\"og:description\" content=\"Informations importantes : Besoin d\u2019aide ?Contactez Fran\u00e7ois Perniaux au 085\/41.02.20 (ext. 5). Inscriptions :Elles se font via ce lien : Formulaire d&rsquo;inscription.Le formulaire est \u00e9galement disponible ci-dessous. Confirmation et paiement : Annulation :Toute annulation doit \u00eatre communiqu\u00e9e par \u00e9crit (jeunesse@modave.be) au plus tard 1 semaine avant le d\u00e9but du stage. Pass\u00e9 ce d\u00e9lai, le montant&hellip;\" \/>\n<meta property=\"og:url\" content=\"https:\/\/www.modave.be\/index.php\/services_communaux\/stages-2026-inscriptions-ouvertes-le-9-janvier-a-midi\/\" \/>\n<meta property=\"og:site_name\" content=\"Commune de Modave\" \/>\n<meta property=\"article:modified_time\" content=\"2026-01-06T15:00:27+00:00\" \/>\n<meta property=\"og:image\" content=\"https:\/\/www.modave.be\/wp-content\/uploads\/2026\/01\/Stage-e1767710668357.jpg\" \/>\n\t<meta property=\"og:image:width\" content=\"1200\" \/>\n\t<meta property=\"og:image:height\" content=\"600\" \/>\n\t<meta property=\"og:image:type\" content=\"image\/jpeg\" \/>\n<meta name=\"twitter:card\" content=\"summary_large_image\" \/>\n<meta name=\"twitter:label1\" content=\"Dur\u00e9e de lecture estim\u00e9e\" \/>\n\t<meta name=\"twitter:data1\" content=\"1 minute\" \/>\n<script type=\"application\/ld+json\" class=\"yoast-schema-graph\">{\"@context\":\"https:\\\/\\\/schema.org\",\"@graph\":[{\"@type\":\"WebPage\",\"@id\":\"https:\\\/\\\/www.modave.be\\\/index.php\\\/services_communaux\\\/stages-2026-inscriptions-ouvertes-le-9-janvier-a-midi\\\/\",\"url\":\"https:\\\/\\\/www.modave.be\\\/index.php\\\/services_communaux\\\/stages-2026-inscriptions-ouvertes-le-9-janvier-a-midi\\\/\",\"name\":\"Stages 2026 | Inscriptions ouvertes le 9 janvier \u00e0 midi - Commune de Modave\",\"isPartOf\":{\"@id\":\"https:\\\/\\\/www.modave.be\\\/#website\"},\"primaryImageOfPage\":{\"@id\":\"https:\\\/\\\/www.modave.be\\\/index.php\\\/services_communaux\\\/stages-2026-inscriptions-ouvertes-le-9-janvier-a-midi\\\/#primaryimage\"},\"image\":{\"@id\":\"https:\\\/\\\/www.modave.be\\\/index.php\\\/services_communaux\\\/stages-2026-inscriptions-ouvertes-le-9-janvier-a-midi\\\/#primaryimage\"},\"thumbnailUrl\":\"https:\\\/\\\/www.modave.be\\\/wp-content\\\/uploads\\\/2026\\\/01\\\/Stage-e1767710668357.jpg\",\"datePublished\":\"2026-01-06T14:44:34+00:00\",\"dateModified\":\"2026-01-06T15:00:27+00:00\",\"breadcrumb\":{\"@id\":\"https:\\\/\\\/www.modave.be\\\/index.php\\\/services_communaux\\\/stages-2026-inscriptions-ouvertes-le-9-janvier-a-midi\\\/#breadcrumb\"},\"inLanguage\":\"fr-FR\",\"potentialAction\":[{\"@type\":\"ReadAction\",\"target\":[\"https:\\\/\\\/www.modave.be\\\/index.php\\\/services_communaux\\\/stages-2026-inscriptions-ouvertes-le-9-janvier-a-midi\\\/\"]}]},{\"@type\":\"ImageObject\",\"inLanguage\":\"fr-FR\",\"@id\":\"https:\\\/\\\/www.modave.be\\\/index.php\\\/services_communaux\\\/stages-2026-inscriptions-ouvertes-le-9-janvier-a-midi\\\/#primaryimage\",\"url\":\"https:\\\/\\\/www.modave.be\\\/wp-content\\\/uploads\\\/2026\\\/01\\\/Stage-e1767710668357.jpg\",\"contentUrl\":\"https:\\\/\\\/www.modave.be\\\/wp-content\\\/uploads\\\/2026\\\/01\\\/Stage-e1767710668357.jpg\",\"width\":1200,\"height\":600},{\"@type\":\"BreadcrumbList\",\"@id\":\"https:\\\/\\\/www.modave.be\\\/index.php\\\/services_communaux\\\/stages-2026-inscriptions-ouvertes-le-9-janvier-a-midi\\\/#breadcrumb\",\"itemListElement\":[{\"@type\":\"ListItem\",\"position\":1,\"name\":\"Accueil\",\"item\":\"https:\\\/\\\/www.modave.be\\\/\"},{\"@type\":\"ListItem\",\"position\":2,\"name\":\"Stages 2026 | Inscriptions ouvertes le 9 janvier \u00e0 midi\"}]},{\"@type\":\"WebSite\",\"@id\":\"https:\\\/\\\/www.modave.be\\\/#website\",\"url\":\"https:\\\/\\\/www.modave.be\\\/\",\"name\":\"Commune de Modave\",\"description\":\"Commune de Modave\",\"publisher\":{\"@id\":\"https:\\\/\\\/www.modave.be\\\/#organization\"},\"potentialAction\":[{\"@type\":\"SearchAction\",\"target\":{\"@type\":\"EntryPoint\",\"urlTemplate\":\"https:\\\/\\\/www.modave.be\\\/?s={search_term_string}\"},\"query-input\":{\"@type\":\"PropertyValueSpecification\",\"valueRequired\":true,\"valueName\":\"search_term_string\"}}],\"inLanguage\":\"fr-FR\"},{\"@type\":\"Organization\",\"@id\":\"https:\\\/\\\/www.modave.be\\\/#organization\",\"name\":\"Commune de Modave\",\"url\":\"https:\\\/\\\/www.modave.be\\\/\",\"logo\":{\"@type\":\"ImageObject\",\"inLanguage\":\"fr-FR\",\"@id\":\"https:\\\/\\\/www.modave.be\\\/#\\\/schema\\\/logo\\\/image\\\/\",\"url\":\"https:\\\/\\\/www.modave.be\\\/wp-content\\\/uploads\\\/2021\\\/12\\\/MODAVE_LOGO_HORIZONTAL_QUADRI_RVB.png\",\"contentUrl\":\"https:\\\/\\\/www.modave.be\\\/wp-content\\\/uploads\\\/2021\\\/12\\\/MODAVE_LOGO_HORIZONTAL_QUADRI_RVB.png\",\"width\":1200,\"height\":501,\"caption\":\"Commune de Modave\"},\"image\":{\"@id\":\"https:\\\/\\\/www.modave.be\\\/#\\\/schema\\\/logo\\\/image\\\/\"}}]}<\/script>\n<!-- \/ Yoast SEO plugin. -->","yoast_head_json":{"title":"Stages 2026 | Inscriptions ouvertes le 9 janvier \u00e0 midi - Commune de Modave","robots":{"index":"index","follow":"follow","max-snippet":"max-snippet:-1","max-image-preview":"max-image-preview:large","max-video-preview":"max-video-preview:-1"},"canonical":"https:\/\/www.modave.be\/index.php\/services_communaux\/stages-2026-inscriptions-ouvertes-le-9-janvier-a-midi\/","og_locale":"fr_FR","og_type":"article","og_title":"Stages 2026 | Inscriptions ouvertes le 9 janvier \u00e0 midi - Commune de Modave","og_description":"Informations importantes : Besoin d\u2019aide ?Contactez Fran\u00e7ois Perniaux au 085\/41.02.20 (ext. 5). Inscriptions :Elles se font via ce lien : Formulaire d&rsquo;inscription.Le formulaire est \u00e9galement disponible ci-dessous. Confirmation et paiement : Annulation :Toute annulation doit \u00eatre communiqu\u00e9e par \u00e9crit (jeunesse@modave.be) au plus tard 1 semaine avant le d\u00e9but du stage. Pass\u00e9 ce d\u00e9lai, le montant&hellip;","og_url":"https:\/\/www.modave.be\/index.php\/services_communaux\/stages-2026-inscriptions-ouvertes-le-9-janvier-a-midi\/","og_site_name":"Commune de Modave","article_modified_time":"2026-01-06T15:00:27+00:00","og_image":[{"width":1200,"height":600,"url":"https:\/\/www.modave.be\/wp-content\/uploads\/2026\/01\/Stage-e1767710668357.jpg","type":"image\/jpeg"}],"twitter_card":"summary_large_image","twitter_misc":{"Dur\u00e9e de lecture estim\u00e9e":"1 minute"},"schema":{"@context":"https:\/\/schema.org","@graph":[{"@type":"WebPage","@id":"https:\/\/www.modave.be\/index.php\/services_communaux\/stages-2026-inscriptions-ouvertes-le-9-janvier-a-midi\/","url":"https:\/\/www.modave.be\/index.php\/services_communaux\/stages-2026-inscriptions-ouvertes-le-9-janvier-a-midi\/","name":"Stages 2026 | Inscriptions ouvertes le 9 janvier \u00e0 midi - Commune de Modave","isPartOf":{"@id":"https:\/\/www.modave.be\/#website"},"primaryImageOfPage":{"@id":"https:\/\/www.modave.be\/index.php\/services_communaux\/stages-2026-inscriptions-ouvertes-le-9-janvier-a-midi\/#primaryimage"},"image":{"@id":"https:\/\/www.modave.be\/index.php\/services_communaux\/stages-2026-inscriptions-ouvertes-le-9-janvier-a-midi\/#primaryimage"},"thumbnailUrl":"https:\/\/www.modave.be\/wp-content\/uploads\/2026\/01\/Stage-e1767710668357.jpg","datePublished":"2026-01-06T14:44:34+00:00","dateModified":"2026-01-06T15:00:27+00:00","breadcrumb":{"@id":"https:\/\/www.modave.be\/index.php\/services_communaux\/stages-2026-inscriptions-ouvertes-le-9-janvier-a-midi\/#breadcrumb"},"inLanguage":"fr-FR","potentialAction":[{"@type":"ReadAction","target":["https:\/\/www.modave.be\/index.php\/services_communaux\/stages-2026-inscriptions-ouvertes-le-9-janvier-a-midi\/"]}]},{"@type":"ImageObject","inLanguage":"fr-FR","@id":"https:\/\/www.modave.be\/index.php\/services_communaux\/stages-2026-inscriptions-ouvertes-le-9-janvier-a-midi\/#primaryimage","url":"https:\/\/www.modave.be\/wp-content\/uploads\/2026\/01\/Stage-e1767710668357.jpg","contentUrl":"https:\/\/www.modave.be\/wp-content\/uploads\/2026\/01\/Stage-e1767710668357.jpg","width":1200,"height":600},{"@type":"BreadcrumbList","@id":"https:\/\/www.modave.be\/index.php\/services_communaux\/stages-2026-inscriptions-ouvertes-le-9-janvier-a-midi\/#breadcrumb","itemListElement":[{"@type":"ListItem","position":1,"name":"Accueil","item":"https:\/\/www.modave.be\/"},{"@type":"ListItem","position":2,"name":"Stages 2026 | Inscriptions ouvertes le 9 janvier \u00e0 midi"}]},{"@type":"WebSite","@id":"https:\/\/www.modave.be\/#website","url":"https:\/\/www.modave.be\/","name":"Commune de Modave","description":"Commune de Modave","publisher":{"@id":"https:\/\/www.modave.be\/#organization"},"potentialAction":[{"@type":"SearchAction","target":{"@type":"EntryPoint","urlTemplate":"https:\/\/www.modave.be\/?s={search_term_string}"},"query-input":{"@type":"PropertyValueSpecification","valueRequired":true,"valueName":"search_term_string"}}],"inLanguage":"fr-FR"},{"@type":"Organization","@id":"https:\/\/www.modave.be\/#organization","name":"Commune de Modave","url":"https:\/\/www.modave.be\/","logo":{"@type":"ImageObject","inLanguage":"fr-FR","@id":"https:\/\/www.modave.be\/#\/schema\/logo\/image\/","url":"https:\/\/www.modave.be\/wp-content\/uploads\/2021\/12\/MODAVE_LOGO_HORIZONTAL_QUADRI_RVB.png","contentUrl":"https:\/\/www.modave.be\/wp-content\/uploads\/2021\/12\/MODAVE_LOGO_HORIZONTAL_QUADRI_RVB.png","width":1200,"height":501,"caption":"Commune de Modave"},"image":{"@id":"https:\/\/www.modave.be\/#\/schema\/logo\/image\/"}}]}},"_links":{"self":[{"href":"https:\/\/www.modave.be\/index.php\/wp-json\/wp\/v2\/services_communaux\/17557","targetHints":{"allow":["GET"]}}],"collection":[{"href":"https:\/\/www.modave.be\/index.php\/wp-json\/wp\/v2\/services_communaux"}],"about":[{"href":"https:\/\/www.modave.be\/index.php\/wp-json\/wp\/v2\/types\/services_communaux"}],"author":[{"embeddable":true,"href":"https:\/\/www.modave.be\/index.php\/wp-json\/wp\/v2\/users\/9"}],"wp:featuredmedia":[{"embeddable":true,"href":"https:\/\/www.modave.be\/index.php\/wp-json\/wp\/v2\/media\/17559"}],"wp:attachment":[{"href":"https:\/\/www.modave.be\/index.php\/wp-json\/wp\/v2\/media?parent=17557"}],"wp:term":[{"taxonomy":"category","embeddable":true,"href":"https:\/\/www.modave.be\/index.php\/wp-json\/wp\/v2\/categories?post=17557"}],"curies":[{"name":"wp","href":"https:\/\/api.w.org\/{rel}","templated":true}]}}