{"id":17581,"date":"2026-01-08T15:07:33","date_gmt":"2026-01-08T14:07:33","guid":{"rendered":"https:\/\/www.modave.be\/?post_type=services_communaux&#038;p=17581"},"modified":"2026-01-08T15:09:35","modified_gmt":"2026-01-08T14:09:35","slug":"alerte-meteo-fermetures-temporaires","status":"publish","type":"services_communaux","link":"https:\/\/www.modave.be\/index.php\/services_communaux\/alerte-meteo-fermetures-temporaires\/","title":{"rendered":"Alerte m\u00e9t\u00e9o | Fermetures temporaires"},"content":{"rendered":"\n<h2 class=\"wp-block-heading\">Alerte m\u00e9t\u00e9o | Fermetures temporaires<\/h2>\n\n\n\n<p>En raison du risque d\u2019intemp\u00e9ries annonc\u00e9, certaines rues sont temporairement ferm\u00e9es par mesure de s\u00e9curit\u00e9. Dans ce contexte, les avaloirs seront \u00e0 nouveau v\u00e9rifi\u00e9s aujourd\u2019hui et demain afin de limiter les risques d\u2019accumulation d\u2019eau.<\/p>\n\n\n\n<blockquote class=\"wp-block-quote is-layout-flow wp-block-quote-is-layout-flow\">\n<p>Du 8\/01 \u00e0 17h au 9\/01 \u00e0 17h<\/p>\n\n\n\n<ul class=\"wp-block-list\">\n<li>Rue Fond d\u2019Oxhe<\/li>\n\n\n\n<li>Rue des Trois Maisons<\/li>\n\n\n\n<li>Rue de Facqueval<\/li>\n<\/ul>\n<\/blockquote>\n\n\n\n<p>En cas de d\u00e9g\u00e2ts li\u00e9s \u00e0 la temp\u00eate (arbres, inondations, etc.), veuillez utiliser le num\u00e9ro 1722 pour les interventions non urgentes des services de secours. Le 112 reste strictement r\u00e9serv\u00e9 aux urgences vitales.<\/p>\n\n\n\n<p class=\"has-text-color has-link-color wp-elements-5197fa3639a0f0aaacc6f0535cc094b1\" style=\"color:#ff0000\">\u00c9vitez les d\u00e9placements inutiles et les zones bois\u00e9es expos\u00e9es au vent.<\/p>\n\n\n\n<p>Merci pour votre compr\u00e9hension. Soyez prudents et prenez soin de vous.<\/p>\n\n\n\n<figure class=\"wp-block-video\"><video height=\"1080\" style=\"aspect-ratio: 1080 \/ 1080;\" width=\"1080\" autoplay controls loop muted src=\"https:\/\/www.modave.be\/wp-content\/uploads\/2026\/01\/Tempete.mp4\" playsinline><\/video><\/figure>\n","protected":false},"excerpt":{"rendered":"<p>Alerte m\u00e9t\u00e9o | Fermetures temporaires En raison du risque d\u2019intemp\u00e9ries annonc\u00e9, certaines rues sont temporairement ferm\u00e9es par mesure de s\u00e9curit\u00e9. Dans ce contexte, les avaloirs seront \u00e0 nouveau v\u00e9rifi\u00e9s aujourd\u2019hui et demain afin de limiter les risques d\u2019accumulation d\u2019eau. En cas de d\u00e9g\u00e2ts li\u00e9s \u00e0 la temp\u00eate (arbres, inondations, etc.), veuillez utiliser le num\u00e9ro 1722&hellip;<\/p>\n","protected":false},"author":9,"featured_media":13625,"menu_order":0,"template":"","categories":[1],"class_list":["post-17581","services_communaux","type-services_communaux","status-publish","has-post-thumbnail","hentry","category-non-classe","description-off"],"yoast_head":"<!-- This site is optimized with the Yoast SEO plugin v27.4 - https:\/\/yoast.com\/product\/yoast-seo-wordpress\/ -->\n<title>Alerte m\u00e9t\u00e9o | Fermetures temporaires - Commune de Modave<\/title>\n<meta name=\"robots\" content=\"index, follow, max-snippet:-1, max-image-preview:large, max-video-preview:-1\" \/>\n<link rel=\"canonical\" href=\"https:\/\/www.modave.be\/index.php\/services_communaux\/alerte-meteo-fermetures-temporaires\/\" \/>\n<meta property=\"og:locale\" content=\"fr_FR\" \/>\n<meta property=\"og:type\" content=\"article\" \/>\n<meta property=\"og:title\" content=\"Alerte m\u00e9t\u00e9o | Fermetures temporaires - Commune de Modave\" \/>\n<meta property=\"og:description\" content=\"Alerte m\u00e9t\u00e9o | Fermetures temporaires En raison du risque d\u2019intemp\u00e9ries annonc\u00e9, certaines rues sont temporairement ferm\u00e9es par mesure de s\u00e9curit\u00e9. Dans ce contexte, les avaloirs seront \u00e0 nouveau v\u00e9rifi\u00e9s aujourd\u2019hui et demain afin de limiter les risques d\u2019accumulation d\u2019eau. En cas de d\u00e9g\u00e2ts li\u00e9s \u00e0 la temp\u00eate (arbres, inondations, etc.), veuillez utiliser le num\u00e9ro 1722&hellip;\" \/>\n<meta property=\"og:url\" content=\"https:\/\/www.modave.be\/index.php\/services_communaux\/alerte-meteo-fermetures-temporaires\/\" \/>\n<meta property=\"og:site_name\" content=\"Commune de Modave\" \/>\n<meta property=\"article:modified_time\" content=\"2026-01-08T14:09:35+00:00\" \/>\n<meta property=\"og:image\" content=\"https:\/\/www.modave.be\/wp-content\/uploads\/2024\/10\/2-6-e1728480251918.jpg\" \/>\n\t<meta property=\"og:image:width\" content=\"940\" \/>\n\t<meta property=\"og:image:height\" content=\"470\" \/>\n\t<meta property=\"og:image:type\" content=\"image\/jpeg\" \/>\n<meta name=\"twitter:card\" content=\"summary_large_image\" \/>\n<meta name=\"twitter:label1\" content=\"Dur\u00e9e de lecture estim\u00e9e\" \/>\n\t<meta name=\"twitter:data1\" content=\"1 minute\" \/>\n<script type=\"application\/ld+json\" class=\"yoast-schema-graph\">{\"@context\":\"https:\\\/\\\/schema.org\",\"@graph\":[{\"@type\":\"WebPage\",\"@id\":\"https:\\\/\\\/www.modave.be\\\/index.php\\\/services_communaux\\\/alerte-meteo-fermetures-temporaires\\\/\",\"url\":\"https:\\\/\\\/www.modave.be\\\/index.php\\\/services_communaux\\\/alerte-meteo-fermetures-temporaires\\\/\",\"name\":\"Alerte m\u00e9t\u00e9o | Fermetures temporaires - Commune de Modave\",\"isPartOf\":{\"@id\":\"https:\\\/\\\/www.modave.be\\\/#website\"},\"primaryImageOfPage\":{\"@id\":\"https:\\\/\\\/www.modave.be\\\/index.php\\\/services_communaux\\\/alerte-meteo-fermetures-temporaires\\\/#primaryimage\"},\"image\":{\"@id\":\"https:\\\/\\\/www.modave.be\\\/index.php\\\/services_communaux\\\/alerte-meteo-fermetures-temporaires\\\/#primaryimage\"},\"thumbnailUrl\":\"https:\\\/\\\/www.modave.be\\\/wp-content\\\/uploads\\\/2024\\\/10\\\/2-6-e1728480251918.jpg\",\"datePublished\":\"2026-01-08T14:07:33+00:00\",\"dateModified\":\"2026-01-08T14:09:35+00:00\",\"breadcrumb\":{\"@id\":\"https:\\\/\\\/www.modave.be\\\/index.php\\\/services_communaux\\\/alerte-meteo-fermetures-temporaires\\\/#breadcrumb\"},\"inLanguage\":\"fr-FR\",\"potentialAction\":[{\"@type\":\"ReadAction\",\"target\":[\"https:\\\/\\\/www.modave.be\\\/index.php\\\/services_communaux\\\/alerte-meteo-fermetures-temporaires\\\/\"]}]},{\"@type\":\"ImageObject\",\"inLanguage\":\"fr-FR\",\"@id\":\"https:\\\/\\\/www.modave.be\\\/index.php\\\/services_communaux\\\/alerte-meteo-fermetures-temporaires\\\/#primaryimage\",\"url\":\"https:\\\/\\\/www.modave.be\\\/wp-content\\\/uploads\\\/2024\\\/10\\\/2-6-e1728480251918.jpg\",\"contentUrl\":\"https:\\\/\\\/www.modave.be\\\/wp-content\\\/uploads\\\/2024\\\/10\\\/2-6-e1728480251918.jpg\",\"width\":940,\"height\":470},{\"@type\":\"BreadcrumbList\",\"@id\":\"https:\\\/\\\/www.modave.be\\\/index.php\\\/services_communaux\\\/alerte-meteo-fermetures-temporaires\\\/#breadcrumb\",\"itemListElement\":[{\"@type\":\"ListItem\",\"position\":1,\"name\":\"Accueil\",\"item\":\"https:\\\/\\\/www.modave.be\\\/\"},{\"@type\":\"ListItem\",\"position\":2,\"name\":\"Alerte m\u00e9t\u00e9o | Fermetures temporaires\"}]},{\"@type\":\"WebSite\",\"@id\":\"https:\\\/\\\/www.modave.be\\\/#website\",\"url\":\"https:\\\/\\\/www.modave.be\\\/\",\"name\":\"Commune de Modave\",\"description\":\"Commune de Modave\",\"publisher\":{\"@id\":\"https:\\\/\\\/www.modave.be\\\/#organization\"},\"potentialAction\":[{\"@type\":\"SearchAction\",\"target\":{\"@type\":\"EntryPoint\",\"urlTemplate\":\"https:\\\/\\\/www.modave.be\\\/?s={search_term_string}\"},\"query-input\":{\"@type\":\"PropertyValueSpecification\",\"valueRequired\":true,\"valueName\":\"search_term_string\"}}],\"inLanguage\":\"fr-FR\"},{\"@type\":\"Organization\",\"@id\":\"https:\\\/\\\/www.modave.be\\\/#organization\",\"name\":\"Commune de Modave\",\"url\":\"https:\\\/\\\/www.modave.be\\\/\",\"logo\":{\"@type\":\"ImageObject\",\"inLanguage\":\"fr-FR\",\"@id\":\"https:\\\/\\\/www.modave.be\\\/#\\\/schema\\\/logo\\\/image\\\/\",\"url\":\"https:\\\/\\\/www.modave.be\\\/wp-content\\\/uploads\\\/2021\\\/12\\\/MODAVE_LOGO_HORIZONTAL_QUADRI_RVB.png\",\"contentUrl\":\"https:\\\/\\\/www.modave.be\\\/wp-content\\\/uploads\\\/2021\\\/12\\\/MODAVE_LOGO_HORIZONTAL_QUADRI_RVB.png\",\"width\":1200,\"height\":501,\"caption\":\"Commune de Modave\"},\"image\":{\"@id\":\"https:\\\/\\\/www.modave.be\\\/#\\\/schema\\\/logo\\\/image\\\/\"}}]}<\/script>\n<!-- \/ Yoast SEO plugin. -->","yoast_head_json":{"title":"Alerte m\u00e9t\u00e9o | Fermetures temporaires - Commune de Modave","robots":{"index":"index","follow":"follow","max-snippet":"max-snippet:-1","max-image-preview":"max-image-preview:large","max-video-preview":"max-video-preview:-1"},"canonical":"https:\/\/www.modave.be\/index.php\/services_communaux\/alerte-meteo-fermetures-temporaires\/","og_locale":"fr_FR","og_type":"article","og_title":"Alerte m\u00e9t\u00e9o | Fermetures temporaires - Commune de Modave","og_description":"Alerte m\u00e9t\u00e9o | Fermetures temporaires En raison du risque d\u2019intemp\u00e9ries annonc\u00e9, certaines rues sont temporairement ferm\u00e9es par mesure de s\u00e9curit\u00e9. Dans ce contexte, les avaloirs seront \u00e0 nouveau v\u00e9rifi\u00e9s aujourd\u2019hui et demain afin de limiter les risques d\u2019accumulation d\u2019eau. En cas de d\u00e9g\u00e2ts li\u00e9s \u00e0 la temp\u00eate (arbres, inondations, etc.), veuillez utiliser le num\u00e9ro 1722&hellip;","og_url":"https:\/\/www.modave.be\/index.php\/services_communaux\/alerte-meteo-fermetures-temporaires\/","og_site_name":"Commune de Modave","article_modified_time":"2026-01-08T14:09:35+00:00","og_image":[{"width":940,"height":470,"url":"https:\/\/www.modave.be\/wp-content\/uploads\/2024\/10\/2-6-e1728480251918.jpg","type":"image\/jpeg"}],"twitter_card":"summary_large_image","twitter_misc":{"Dur\u00e9e de lecture estim\u00e9e":"1 minute"},"schema":{"@context":"https:\/\/schema.org","@graph":[{"@type":"WebPage","@id":"https:\/\/www.modave.be\/index.php\/services_communaux\/alerte-meteo-fermetures-temporaires\/","url":"https:\/\/www.modave.be\/index.php\/services_communaux\/alerte-meteo-fermetures-temporaires\/","name":"Alerte m\u00e9t\u00e9o | Fermetures temporaires - Commune de Modave","isPartOf":{"@id":"https:\/\/www.modave.be\/#website"},"primaryImageOfPage":{"@id":"https:\/\/www.modave.be\/index.php\/services_communaux\/alerte-meteo-fermetures-temporaires\/#primaryimage"},"image":{"@id":"https:\/\/www.modave.be\/index.php\/services_communaux\/alerte-meteo-fermetures-temporaires\/#primaryimage"},"thumbnailUrl":"https:\/\/www.modave.be\/wp-content\/uploads\/2024\/10\/2-6-e1728480251918.jpg","datePublished":"2026-01-08T14:07:33+00:00","dateModified":"2026-01-08T14:09:35+00:00","breadcrumb":{"@id":"https:\/\/www.modave.be\/index.php\/services_communaux\/alerte-meteo-fermetures-temporaires\/#breadcrumb"},"inLanguage":"fr-FR","potentialAction":[{"@type":"ReadAction","target":["https:\/\/www.modave.be\/index.php\/services_communaux\/alerte-meteo-fermetures-temporaires\/"]}]},{"@type":"ImageObject","inLanguage":"fr-FR","@id":"https:\/\/www.modave.be\/index.php\/services_communaux\/alerte-meteo-fermetures-temporaires\/#primaryimage","url":"https:\/\/www.modave.be\/wp-content\/uploads\/2024\/10\/2-6-e1728480251918.jpg","contentUrl":"https:\/\/www.modave.be\/wp-content\/uploads\/2024\/10\/2-6-e1728480251918.jpg","width":940,"height":470},{"@type":"BreadcrumbList","@id":"https:\/\/www.modave.be\/index.php\/services_communaux\/alerte-meteo-fermetures-temporaires\/#breadcrumb","itemListElement":[{"@type":"ListItem","position":1,"name":"Accueil","item":"https:\/\/www.modave.be\/"},{"@type":"ListItem","position":2,"name":"Alerte m\u00e9t\u00e9o | Fermetures temporaires"}]},{"@type":"WebSite","@id":"https:\/\/www.modave.be\/#website","url":"https:\/\/www.modave.be\/","name":"Commune de Modave","description":"Commune de Modave","publisher":{"@id":"https:\/\/www.modave.be\/#organization"},"potentialAction":[{"@type":"SearchAction","target":{"@type":"EntryPoint","urlTemplate":"https:\/\/www.modave.be\/?s={search_term_string}"},"query-input":{"@type":"PropertyValueSpecification","valueRequired":true,"valueName":"search_term_string"}}],"inLanguage":"fr-FR"},{"@type":"Organization","@id":"https:\/\/www.modave.be\/#organization","name":"Commune de Modave","url":"https:\/\/www.modave.be\/","logo":{"@type":"ImageObject","inLanguage":"fr-FR","@id":"https:\/\/www.modave.be\/#\/schema\/logo\/image\/","url":"https:\/\/www.modave.be\/wp-content\/uploads\/2021\/12\/MODAVE_LOGO_HORIZONTAL_QUADRI_RVB.png","contentUrl":"https:\/\/www.modave.be\/wp-content\/uploads\/2021\/12\/MODAVE_LOGO_HORIZONTAL_QUADRI_RVB.png","width":1200,"height":501,"caption":"Commune de Modave"},"image":{"@id":"https:\/\/www.modave.be\/#\/schema\/logo\/image\/"}}]}},"_links":{"self":[{"href":"https:\/\/www.modave.be\/index.php\/wp-json\/wp\/v2\/services_communaux\/17581","targetHints":{"allow":["GET"]}}],"collection":[{"href":"https:\/\/www.modave.be\/index.php\/wp-json\/wp\/v2\/services_communaux"}],"about":[{"href":"https:\/\/www.modave.be\/index.php\/wp-json\/wp\/v2\/types\/services_communaux"}],"author":[{"embeddable":true,"href":"https:\/\/www.modave.be\/index.php\/wp-json\/wp\/v2\/users\/9"}],"wp:featuredmedia":[{"embeddable":true,"href":"https:\/\/www.modave.be\/index.php\/wp-json\/wp\/v2\/media\/13625"}],"wp:attachment":[{"href":"https:\/\/www.modave.be\/index.php\/wp-json\/wp\/v2\/media?parent=17581"}],"wp:term":[{"taxonomy":"category","embeddable":true,"href":"https:\/\/www.modave.be\/index.php\/wp-json\/wp\/v2\/categories?post=17581"}],"curies":[{"name":"wp","href":"https:\/\/api.w.org\/{rel}","templated":true}]}}