{"id":17918,"date":"2026-01-12T14:54:35","date_gmt":"2026-01-12T13:54:35","guid":{"rendered":"https:\/\/www.modave.be\/?post_type=services_communaux&#038;p=17918"},"modified":"2026-01-12T14:54:36","modified_gmt":"2026-01-12T13:54:36","slug":"calendrier-intradel-2026-nouvelle-distribution","status":"publish","type":"services_communaux","link":"https:\/\/www.modave.be\/index.php\/services_communaux\/calendrier-intradel-2026-nouvelle-distribution\/","title":{"rendered":"Calendrier Intradel 2026 | Nouvelle distribution"},"content":{"rendered":"\n<h2 class=\"wp-block-heading\">Calendrier Intradel 2026 | Nouvelle distribution<\/h2>\n\n\n\n<p>Suite \u00e0 vos signalements, nous avons interpell\u00e9 Intradel pour une nouvelle tourn\u00e9e de distribution. Aujourd\u2019hui, la poste repasse pour livrer les calendriers aupr\u00e8s des habitations qui avaient re\u00e7u par erreur le calendrier de Marchin, dans les secteurs suivants :<\/p>\n\n\n\n<ul class=\"wp-block-list\">\n<li>Vall\u00e9e du Hoyoux<\/li>\n\n\n\n<li>Rue Pont de Bonne<\/li>\n\n\n\n<li>Chauss\u00e9e Camp Romain<\/li>\n\n\n\n<li>Rue des Eaux<\/li>\n\n\n\n<li>Chauss\u00e9e de Pailhe<\/li>\n<\/ul>\n\n\n\n<p>Demain, une distribution compl\u00e9mentaire est \u00e9galement pr\u00e9vue :<\/p>\n\n\n\n<ul class=\"wp-block-list\">\n<li>Rue des Coquelicots<\/li>\n\n\n\n<li>Avenue Pr\u00e9sident Kennedy<\/li>\n<\/ul>\n\n\n\n<p>Pour rappel, la Commune n\u2019est pas en charge de la distribution, mais reste en contact avec Intradel afin d\u2019assurer le suivi de la situation.<br>En attendant, le calendrier 2026 reste disponible en version num\u00e9rique sur notre site internet : https:\/\/www.modave.be<\/p>\n\n\n\n<p>Si malgr\u00e9 tout vous ne recevez pas le bon document, n\u2019h\u00e9sitez pas \u00e0 nous envoyer votre adresse en message priv\u00e9.<\/p>\n\n\n\n<div data-wp-interactive=\"core\/file\" class=\"wp-block-file\"><object data-wp-bind--hidden=\"!state.hasPdfPreview\" hidden class=\"wp-block-file__embed\" data=\"https:\/\/www.modave.be\/wp-content\/uploads\/2025\/12\/calendrier-version-definitive.pdf\" type=\"application\/pdf\" style=\"width:100%;height:600px\" aria-label=\"Contenu embarqu\u00e9 calendrier version d\u00e9finitive.\"><\/object><a id=\"wp-block-file--media-88f7885d-a36a-4724-a795-4e5eb90748ed\" href=\"https:\/\/www.modave.be\/wp-content\/uploads\/2025\/12\/calendrier-version-definitive.pdf\">calendrier version d\u00e9finitive<\/a><a href=\"https:\/\/www.modave.be\/wp-content\/uploads\/2025\/12\/calendrier-version-definitive.pdf\" class=\"wp-block-file__button wp-element-button\" download aria-describedby=\"wp-block-file--media-88f7885d-a36a-4724-a795-4e5eb90748ed\">T\u00e9l\u00e9charger<\/a><\/div>\n\n\n\n<p>Merci de continuer \u00e0 respecter les consignes de tri et de participer \u00e0 notre d\u00e9marche en faveur de l\u2019environnement.<\/p>\n\n\n\n<p><\/p>\n","protected":false},"excerpt":{"rendered":"<p>Calendrier Intradel 2026 | Nouvelle distribution Suite \u00e0 vos signalements, nous avons interpell\u00e9 Intradel pour une nouvelle tourn\u00e9e de distribution. Aujourd\u2019hui, la poste repasse pour livrer les calendriers aupr\u00e8s des habitations qui avaient re\u00e7u par erreur le calendrier de Marchin, dans les secteurs suivants : Demain, une distribution compl\u00e9mentaire est \u00e9galement pr\u00e9vue : Pour rappel,&hellip;<\/p>\n","protected":false},"author":9,"featured_media":17556,"menu_order":0,"template":"","categories":[224],"class_list":["post-17918","services_communaux","type-services_communaux","status-publish","has-post-thumbnail","hentry","category-intradel","description-off"],"yoast_head":"<!-- This site is optimized with the Yoast SEO plugin v27.4 - https:\/\/yoast.com\/product\/yoast-seo-wordpress\/ -->\n<title>Calendrier Intradel 2026 | Nouvelle distribution - Commune de Modave<\/title>\n<meta name=\"robots\" content=\"index, follow, max-snippet:-1, max-image-preview:large, max-video-preview:-1\" \/>\n<link rel=\"canonical\" href=\"https:\/\/www.modave.be\/index.php\/services_communaux\/calendrier-intradel-2026-nouvelle-distribution\/\" \/>\n<meta property=\"og:locale\" content=\"fr_FR\" \/>\n<meta property=\"og:type\" content=\"article\" \/>\n<meta property=\"og:title\" content=\"Calendrier Intradel 2026 | Nouvelle distribution - Commune de Modave\" \/>\n<meta property=\"og:description\" content=\"Calendrier Intradel 2026 | Nouvelle distribution Suite \u00e0 vos signalements, nous avons interpell\u00e9 Intradel pour une nouvelle tourn\u00e9e de distribution. Aujourd\u2019hui, la poste repasse pour livrer les calendriers aupr\u00e8s des habitations qui avaient re\u00e7u par erreur le calendrier de Marchin, dans les secteurs suivants : Demain, une distribution compl\u00e9mentaire est \u00e9galement pr\u00e9vue : Pour rappel,&hellip;\" \/>\n<meta property=\"og:url\" content=\"https:\/\/www.modave.be\/index.php\/services_communaux\/calendrier-intradel-2026-nouvelle-distribution\/\" \/>\n<meta property=\"og:site_name\" content=\"Commune de Modave\" \/>\n<meta property=\"article:modified_time\" content=\"2026-01-12T13:54:36+00:00\" \/>\n<meta property=\"og:image\" content=\"https:\/\/www.modave.be\/wp-content\/uploads\/2026\/01\/20260106_114654-scaled-e1767703308203.jpg\" \/>\n\t<meta property=\"og:image:width\" content=\"2560\" \/>\n\t<meta property=\"og:image:height\" content=\"1280\" \/>\n\t<meta property=\"og:image:type\" content=\"image\/jpeg\" \/>\n<meta name=\"twitter:card\" content=\"summary_large_image\" \/>\n<meta name=\"twitter:label1\" content=\"Dur\u00e9e de lecture estim\u00e9e\" \/>\n\t<meta name=\"twitter:data1\" content=\"1 minute\" \/>\n<script type=\"application\/ld+json\" class=\"yoast-schema-graph\">{\"@context\":\"https:\\\/\\\/schema.org\",\"@graph\":[{\"@type\":\"WebPage\",\"@id\":\"https:\\\/\\\/www.modave.be\\\/index.php\\\/services_communaux\\\/calendrier-intradel-2026-nouvelle-distribution\\\/\",\"url\":\"https:\\\/\\\/www.modave.be\\\/index.php\\\/services_communaux\\\/calendrier-intradel-2026-nouvelle-distribution\\\/\",\"name\":\"Calendrier Intradel 2026 | Nouvelle distribution - Commune de Modave\",\"isPartOf\":{\"@id\":\"https:\\\/\\\/www.modave.be\\\/#website\"},\"primaryImageOfPage\":{\"@id\":\"https:\\\/\\\/www.modave.be\\\/index.php\\\/services_communaux\\\/calendrier-intradel-2026-nouvelle-distribution\\\/#primaryimage\"},\"image\":{\"@id\":\"https:\\\/\\\/www.modave.be\\\/index.php\\\/services_communaux\\\/calendrier-intradel-2026-nouvelle-distribution\\\/#primaryimage\"},\"thumbnailUrl\":\"https:\\\/\\\/www.modave.be\\\/wp-content\\\/uploads\\\/2026\\\/01\\\/20260106_114654-scaled-e1767703308203.jpg\",\"datePublished\":\"2026-01-12T13:54:35+00:00\",\"dateModified\":\"2026-01-12T13:54:36+00:00\",\"breadcrumb\":{\"@id\":\"https:\\\/\\\/www.modave.be\\\/index.php\\\/services_communaux\\\/calendrier-intradel-2026-nouvelle-distribution\\\/#breadcrumb\"},\"inLanguage\":\"fr-FR\",\"potentialAction\":[{\"@type\":\"ReadAction\",\"target\":[\"https:\\\/\\\/www.modave.be\\\/index.php\\\/services_communaux\\\/calendrier-intradel-2026-nouvelle-distribution\\\/\"]}]},{\"@type\":\"ImageObject\",\"inLanguage\":\"fr-FR\",\"@id\":\"https:\\\/\\\/www.modave.be\\\/index.php\\\/services_communaux\\\/calendrier-intradel-2026-nouvelle-distribution\\\/#primaryimage\",\"url\":\"https:\\\/\\\/www.modave.be\\\/wp-content\\\/uploads\\\/2026\\\/01\\\/20260106_114654-scaled-e1767703308203.jpg\",\"contentUrl\":\"https:\\\/\\\/www.modave.be\\\/wp-content\\\/uploads\\\/2026\\\/01\\\/20260106_114654-scaled-e1767703308203.jpg\",\"width\":2560,\"height\":1280},{\"@type\":\"BreadcrumbList\",\"@id\":\"https:\\\/\\\/www.modave.be\\\/index.php\\\/services_communaux\\\/calendrier-intradel-2026-nouvelle-distribution\\\/#breadcrumb\",\"itemListElement\":[{\"@type\":\"ListItem\",\"position\":1,\"name\":\"Accueil\",\"item\":\"https:\\\/\\\/www.modave.be\\\/\"},{\"@type\":\"ListItem\",\"position\":2,\"name\":\"Calendrier Intradel 2026 | Nouvelle distribution\"}]},{\"@type\":\"WebSite\",\"@id\":\"https:\\\/\\\/www.modave.be\\\/#website\",\"url\":\"https:\\\/\\\/www.modave.be\\\/\",\"name\":\"Commune de Modave\",\"description\":\"Commune de Modave\",\"publisher\":{\"@id\":\"https:\\\/\\\/www.modave.be\\\/#organization\"},\"potentialAction\":[{\"@type\":\"SearchAction\",\"target\":{\"@type\":\"EntryPoint\",\"urlTemplate\":\"https:\\\/\\\/www.modave.be\\\/?s={search_term_string}\"},\"query-input\":{\"@type\":\"PropertyValueSpecification\",\"valueRequired\":true,\"valueName\":\"search_term_string\"}}],\"inLanguage\":\"fr-FR\"},{\"@type\":\"Organization\",\"@id\":\"https:\\\/\\\/www.modave.be\\\/#organization\",\"name\":\"Commune de Modave\",\"url\":\"https:\\\/\\\/www.modave.be\\\/\",\"logo\":{\"@type\":\"ImageObject\",\"inLanguage\":\"fr-FR\",\"@id\":\"https:\\\/\\\/www.modave.be\\\/#\\\/schema\\\/logo\\\/image\\\/\",\"url\":\"https:\\\/\\\/www.modave.be\\\/wp-content\\\/uploads\\\/2021\\\/12\\\/MODAVE_LOGO_HORIZONTAL_QUADRI_RVB.png\",\"contentUrl\":\"https:\\\/\\\/www.modave.be\\\/wp-content\\\/uploads\\\/2021\\\/12\\\/MODAVE_LOGO_HORIZONTAL_QUADRI_RVB.png\",\"width\":1200,\"height\":501,\"caption\":\"Commune de Modave\"},\"image\":{\"@id\":\"https:\\\/\\\/www.modave.be\\\/#\\\/schema\\\/logo\\\/image\\\/\"}}]}<\/script>\n<!-- \/ Yoast SEO plugin. -->","yoast_head_json":{"title":"Calendrier Intradel 2026 | Nouvelle distribution - Commune de Modave","robots":{"index":"index","follow":"follow","max-snippet":"max-snippet:-1","max-image-preview":"max-image-preview:large","max-video-preview":"max-video-preview:-1"},"canonical":"https:\/\/www.modave.be\/index.php\/services_communaux\/calendrier-intradel-2026-nouvelle-distribution\/","og_locale":"fr_FR","og_type":"article","og_title":"Calendrier Intradel 2026 | Nouvelle distribution - Commune de Modave","og_description":"Calendrier Intradel 2026 | Nouvelle distribution Suite \u00e0 vos signalements, nous avons interpell\u00e9 Intradel pour une nouvelle tourn\u00e9e de distribution. Aujourd\u2019hui, la poste repasse pour livrer les calendriers aupr\u00e8s des habitations qui avaient re\u00e7u par erreur le calendrier de Marchin, dans les secteurs suivants : Demain, une distribution compl\u00e9mentaire est \u00e9galement pr\u00e9vue : Pour rappel,&hellip;","og_url":"https:\/\/www.modave.be\/index.php\/services_communaux\/calendrier-intradel-2026-nouvelle-distribution\/","og_site_name":"Commune de Modave","article_modified_time":"2026-01-12T13:54:36+00:00","og_image":[{"width":2560,"height":1280,"url":"https:\/\/www.modave.be\/wp-content\/uploads\/2026\/01\/20260106_114654-scaled-e1767703308203.jpg","type":"image\/jpeg"}],"twitter_card":"summary_large_image","twitter_misc":{"Dur\u00e9e de lecture estim\u00e9e":"1 minute"},"schema":{"@context":"https:\/\/schema.org","@graph":[{"@type":"WebPage","@id":"https:\/\/www.modave.be\/index.php\/services_communaux\/calendrier-intradel-2026-nouvelle-distribution\/","url":"https:\/\/www.modave.be\/index.php\/services_communaux\/calendrier-intradel-2026-nouvelle-distribution\/","name":"Calendrier Intradel 2026 | Nouvelle distribution - Commune de Modave","isPartOf":{"@id":"https:\/\/www.modave.be\/#website"},"primaryImageOfPage":{"@id":"https:\/\/www.modave.be\/index.php\/services_communaux\/calendrier-intradel-2026-nouvelle-distribution\/#primaryimage"},"image":{"@id":"https:\/\/www.modave.be\/index.php\/services_communaux\/calendrier-intradel-2026-nouvelle-distribution\/#primaryimage"},"thumbnailUrl":"https:\/\/www.modave.be\/wp-content\/uploads\/2026\/01\/20260106_114654-scaled-e1767703308203.jpg","datePublished":"2026-01-12T13:54:35+00:00","dateModified":"2026-01-12T13:54:36+00:00","breadcrumb":{"@id":"https:\/\/www.modave.be\/index.php\/services_communaux\/calendrier-intradel-2026-nouvelle-distribution\/#breadcrumb"},"inLanguage":"fr-FR","potentialAction":[{"@type":"ReadAction","target":["https:\/\/www.modave.be\/index.php\/services_communaux\/calendrier-intradel-2026-nouvelle-distribution\/"]}]},{"@type":"ImageObject","inLanguage":"fr-FR","@id":"https:\/\/www.modave.be\/index.php\/services_communaux\/calendrier-intradel-2026-nouvelle-distribution\/#primaryimage","url":"https:\/\/www.modave.be\/wp-content\/uploads\/2026\/01\/20260106_114654-scaled-e1767703308203.jpg","contentUrl":"https:\/\/www.modave.be\/wp-content\/uploads\/2026\/01\/20260106_114654-scaled-e1767703308203.jpg","width":2560,"height":1280},{"@type":"BreadcrumbList","@id":"https:\/\/www.modave.be\/index.php\/services_communaux\/calendrier-intradel-2026-nouvelle-distribution\/#breadcrumb","itemListElement":[{"@type":"ListItem","position":1,"name":"Accueil","item":"https:\/\/www.modave.be\/"},{"@type":"ListItem","position":2,"name":"Calendrier Intradel 2026 | Nouvelle distribution"}]},{"@type":"WebSite","@id":"https:\/\/www.modave.be\/#website","url":"https:\/\/www.modave.be\/","name":"Commune de Modave","description":"Commune de Modave","publisher":{"@id":"https:\/\/www.modave.be\/#organization"},"potentialAction":[{"@type":"SearchAction","target":{"@type":"EntryPoint","urlTemplate":"https:\/\/www.modave.be\/?s={search_term_string}"},"query-input":{"@type":"PropertyValueSpecification","valueRequired":true,"valueName":"search_term_string"}}],"inLanguage":"fr-FR"},{"@type":"Organization","@id":"https:\/\/www.modave.be\/#organization","name":"Commune de Modave","url":"https:\/\/www.modave.be\/","logo":{"@type":"ImageObject","inLanguage":"fr-FR","@id":"https:\/\/www.modave.be\/#\/schema\/logo\/image\/","url":"https:\/\/www.modave.be\/wp-content\/uploads\/2021\/12\/MODAVE_LOGO_HORIZONTAL_QUADRI_RVB.png","contentUrl":"https:\/\/www.modave.be\/wp-content\/uploads\/2021\/12\/MODAVE_LOGO_HORIZONTAL_QUADRI_RVB.png","width":1200,"height":501,"caption":"Commune de Modave"},"image":{"@id":"https:\/\/www.modave.be\/#\/schema\/logo\/image\/"}}]}},"_links":{"self":[{"href":"https:\/\/www.modave.be\/index.php\/wp-json\/wp\/v2\/services_communaux\/17918","targetHints":{"allow":["GET"]}}],"collection":[{"href":"https:\/\/www.modave.be\/index.php\/wp-json\/wp\/v2\/services_communaux"}],"about":[{"href":"https:\/\/www.modave.be\/index.php\/wp-json\/wp\/v2\/types\/services_communaux"}],"author":[{"embeddable":true,"href":"https:\/\/www.modave.be\/index.php\/wp-json\/wp\/v2\/users\/9"}],"wp:featuredmedia":[{"embeddable":true,"href":"https:\/\/www.modave.be\/index.php\/wp-json\/wp\/v2\/media\/17556"}],"wp:attachment":[{"href":"https:\/\/www.modave.be\/index.php\/wp-json\/wp\/v2\/media?parent=17918"}],"wp:term":[{"taxonomy":"category","embeddable":true,"href":"https:\/\/www.modave.be\/index.php\/wp-json\/wp\/v2\/categories?post=17918"}],"curies":[{"name":"wp","href":"https:\/\/api.w.org\/{rel}","templated":true}]}}