{"id":17991,"date":"2026-01-22T14:45:33","date_gmt":"2026-01-22T13:45:33","guid":{"rendered":"https:\/\/www.modave.be\/?post_type=services_communaux&#038;p=17991"},"modified":"2026-01-22T14:47:35","modified_gmt":"2026-01-22T13:47:35","slug":"urbanisme-avis-denquete-publique-20","status":"publish","type":"services_communaux","link":"https:\/\/www.modave.be\/index.php\/services_communaux\/urbanisme-avis-denquete-publique-20\/","title":{"rendered":"Urbanisme | Avis d&rsquo;enqu\u00eate publique"},"content":{"rendered":"\n<h3 class=\"wp-block-heading\"><strong>Avis d\u2019enqu\u00eate publique<\/strong><\/h3>\n\n\n\n<p>Le Coll\u00e8ge communal informe la population qu&rsquo;une proc\u00e9dure est en cours :<\/p>\n\n\n\n<blockquote class=\"wp-block-quote is-layout-flow wp-block-quote-is-layout-flow\">\n<p><strong>Enqu\u00eate publique<\/strong><br>Une enqu\u00eate publique est ouverte concernant un projet port\u00e9 par <strong>Elia Asset S.A.<\/strong>, gestionnaire du r\u00e9seau de transport d\u2019\u00e9lectricit\u00e9.<\/p>\n\n\n\n<p>Ce projet vise principalement :<\/p>\n\n\n\n<ul class=\"wp-block-list\">\n<li>Une demande de permis d\u2019urbanisme introduite pour un projet situ\u00e9 rue Facqueval.<\/li>\n<\/ul>\n<\/blockquote>\n\n\n\n<h3 class=\"wp-block-heading\"><strong>Dur\u00e9e de l\u2019enqu\u00eate<\/strong><\/h3>\n\n\n\n<ul class=\"wp-block-list\">\n<li><strong>Du 6 f\u00e9vrier au 23 f\u00e9vrier 2026 inclus<\/strong>.<br>Pendant cette p\u00e9riode, chacun peut consulter le dossier et transmettre ses observations.<\/li>\n<\/ul>\n\n\n\n<p>Le dossier peut \u00eatre consult\u00e9 \u00e0 l\u2019Administration communale, sur rendez-vous, et les r\u00e9clamations ou observations peuvent \u00eatre formul\u00e9es par \u00e9crit ou oralement durant toute la dur\u00e9e de l\u2019enqu\u00eate.<\/p>\n\n\n\n<p>Retrouvez le document d\u2019enqu\u00eate publique ci-dessous :<\/p>\n\n\n\n<div data-wp-interactive=\"core\/file\" class=\"wp-block-file\"><object data-wp-bind--hidden=\"!state.hasPdfPreview\" hidden class=\"wp-block-file__embed\" data=\"https:\/\/www.modave.be\/wp-content\/uploads\/2026\/01\/Avis-d-Enquete-Publique-dossier-U-2088.pdf\" type=\"application\/pdf\" style=\"width:100%;height:600px\" aria-label=\"Contenu embarqu\u00e9 Avis d Enqu\u00eate Publique - dossier U-2088.\"><\/object><a id=\"wp-block-file--media-cc3ff766-62a2-48ea-bb42-c9b3e6a3e5b2\" href=\"https:\/\/www.modave.be\/wp-content\/uploads\/2026\/01\/Avis-d-Enquete-Publique-dossier-U-2088.pdf\">Avis d Enqu\u00eate Publique &#8211; dossier U-2088<\/a><a href=\"https:\/\/www.modave.be\/wp-content\/uploads\/2026\/01\/Avis-d-Enquete-Publique-dossier-U-2088.pdf\" class=\"wp-block-file__button wp-element-button\" download aria-describedby=\"wp-block-file--media-cc3ff766-62a2-48ea-bb42-c9b3e6a3e5b2\">T\u00e9l\u00e9charger<\/a><\/div>\n\n\n\n<p><\/p>\n","protected":false},"excerpt":{"rendered":"<p>Avis d\u2019enqu\u00eate publique Le Coll\u00e8ge communal informe la population qu&rsquo;une proc\u00e9dure est en cours : Dur\u00e9e de l\u2019enqu\u00eate Le dossier peut \u00eatre consult\u00e9 \u00e0 l\u2019Administration communale, sur rendez-vous, et les r\u00e9clamations ou observations peuvent \u00eatre formul\u00e9es par \u00e9crit ou oralement durant toute la dur\u00e9e de l\u2019enqu\u00eate. Retrouvez le document d\u2019enqu\u00eate publique ci-dessous :<\/p>\n","protected":false},"author":9,"featured_media":17971,"menu_order":0,"template":"","categories":[209],"class_list":["post-17991","services_communaux","type-services_communaux","status-publish","has-post-thumbnail","hentry","category-urbanisme","description-off"],"yoast_head":"<!-- This site is optimized with the Yoast SEO plugin v27.4 - https:\/\/yoast.com\/product\/yoast-seo-wordpress\/ -->\n<title>Urbanisme | Avis d&#039;enqu\u00eate publique - Commune de Modave<\/title>\n<meta name=\"robots\" content=\"index, follow, max-snippet:-1, max-image-preview:large, max-video-preview:-1\" \/>\n<link rel=\"canonical\" href=\"https:\/\/www.modave.be\/index.php\/services_communaux\/urbanisme-avis-denquete-publique-20\/\" \/>\n<meta property=\"og:locale\" content=\"fr_FR\" \/>\n<meta property=\"og:type\" content=\"article\" \/>\n<meta property=\"og:title\" content=\"Urbanisme | Avis d&#039;enqu\u00eate publique - Commune de Modave\" \/>\n<meta property=\"og:description\" content=\"Avis d\u2019enqu\u00eate publique Le Coll\u00e8ge communal informe la population qu&rsquo;une proc\u00e9dure est en cours : Dur\u00e9e de l\u2019enqu\u00eate Le dossier peut \u00eatre consult\u00e9 \u00e0 l\u2019Administration communale, sur rendez-vous, et les r\u00e9clamations ou observations peuvent \u00eatre formul\u00e9es par \u00e9crit ou oralement durant toute la dur\u00e9e de l\u2019enqu\u00eate. Retrouvez le document d\u2019enqu\u00eate publique ci-dessous :\" \/>\n<meta property=\"og:url\" content=\"https:\/\/www.modave.be\/index.php\/services_communaux\/urbanisme-avis-denquete-publique-20\/\" \/>\n<meta property=\"og:site_name\" content=\"Commune de Modave\" \/>\n<meta property=\"article:modified_time\" content=\"2026-01-22T13:47:35+00:00\" \/>\n<meta property=\"og:image\" content=\"https:\/\/www.modave.be\/wp-content\/uploads\/2026\/01\/2026-77-copie-modif-scaled-e1768557652660.jpg\" \/>\n\t<meta property=\"og:image:width\" content=\"2560\" \/>\n\t<meta property=\"og:image:height\" content=\"1280\" \/>\n\t<meta property=\"og:image:type\" content=\"image\/jpeg\" \/>\n<meta name=\"twitter:card\" content=\"summary_large_image\" \/>\n<meta name=\"twitter:label1\" content=\"Dur\u00e9e de lecture estim\u00e9e\" \/>\n\t<meta name=\"twitter:data1\" content=\"1 minute\" \/>\n<script type=\"application\/ld+json\" class=\"yoast-schema-graph\">{\"@context\":\"https:\\\/\\\/schema.org\",\"@graph\":[{\"@type\":\"WebPage\",\"@id\":\"https:\\\/\\\/www.modave.be\\\/index.php\\\/services_communaux\\\/urbanisme-avis-denquete-publique-20\\\/\",\"url\":\"https:\\\/\\\/www.modave.be\\\/index.php\\\/services_communaux\\\/urbanisme-avis-denquete-publique-20\\\/\",\"name\":\"Urbanisme | Avis d'enqu\u00eate publique - Commune de Modave\",\"isPartOf\":{\"@id\":\"https:\\\/\\\/www.modave.be\\\/#website\"},\"primaryImageOfPage\":{\"@id\":\"https:\\\/\\\/www.modave.be\\\/index.php\\\/services_communaux\\\/urbanisme-avis-denquete-publique-20\\\/#primaryimage\"},\"image\":{\"@id\":\"https:\\\/\\\/www.modave.be\\\/index.php\\\/services_communaux\\\/urbanisme-avis-denquete-publique-20\\\/#primaryimage\"},\"thumbnailUrl\":\"https:\\\/\\\/www.modave.be\\\/wp-content\\\/uploads\\\/2026\\\/01\\\/2026-77-copie-modif-scaled-e1768557652660.jpg\",\"datePublished\":\"2026-01-22T13:45:33+00:00\",\"dateModified\":\"2026-01-22T13:47:35+00:00\",\"breadcrumb\":{\"@id\":\"https:\\\/\\\/www.modave.be\\\/index.php\\\/services_communaux\\\/urbanisme-avis-denquete-publique-20\\\/#breadcrumb\"},\"inLanguage\":\"fr-FR\",\"potentialAction\":[{\"@type\":\"ReadAction\",\"target\":[\"https:\\\/\\\/www.modave.be\\\/index.php\\\/services_communaux\\\/urbanisme-avis-denquete-publique-20\\\/\"]}]},{\"@type\":\"ImageObject\",\"inLanguage\":\"fr-FR\",\"@id\":\"https:\\\/\\\/www.modave.be\\\/index.php\\\/services_communaux\\\/urbanisme-avis-denquete-publique-20\\\/#primaryimage\",\"url\":\"https:\\\/\\\/www.modave.be\\\/wp-content\\\/uploads\\\/2026\\\/01\\\/2026-77-copie-modif-scaled-e1768557652660.jpg\",\"contentUrl\":\"https:\\\/\\\/www.modave.be\\\/wp-content\\\/uploads\\\/2026\\\/01\\\/2026-77-copie-modif-scaled-e1768557652660.jpg\",\"width\":2560,\"height\":1280},{\"@type\":\"BreadcrumbList\",\"@id\":\"https:\\\/\\\/www.modave.be\\\/index.php\\\/services_communaux\\\/urbanisme-avis-denquete-publique-20\\\/#breadcrumb\",\"itemListElement\":[{\"@type\":\"ListItem\",\"position\":1,\"name\":\"Accueil\",\"item\":\"https:\\\/\\\/www.modave.be\\\/\"},{\"@type\":\"ListItem\",\"position\":2,\"name\":\"Urbanisme | Avis d&rsquo;enqu\u00eate publique\"}]},{\"@type\":\"WebSite\",\"@id\":\"https:\\\/\\\/www.modave.be\\\/#website\",\"url\":\"https:\\\/\\\/www.modave.be\\\/\",\"name\":\"Commune de Modave\",\"description\":\"Commune de Modave\",\"publisher\":{\"@id\":\"https:\\\/\\\/www.modave.be\\\/#organization\"},\"potentialAction\":[{\"@type\":\"SearchAction\",\"target\":{\"@type\":\"EntryPoint\",\"urlTemplate\":\"https:\\\/\\\/www.modave.be\\\/?s={search_term_string}\"},\"query-input\":{\"@type\":\"PropertyValueSpecification\",\"valueRequired\":true,\"valueName\":\"search_term_string\"}}],\"inLanguage\":\"fr-FR\"},{\"@type\":\"Organization\",\"@id\":\"https:\\\/\\\/www.modave.be\\\/#organization\",\"name\":\"Commune de Modave\",\"url\":\"https:\\\/\\\/www.modave.be\\\/\",\"logo\":{\"@type\":\"ImageObject\",\"inLanguage\":\"fr-FR\",\"@id\":\"https:\\\/\\\/www.modave.be\\\/#\\\/schema\\\/logo\\\/image\\\/\",\"url\":\"https:\\\/\\\/www.modave.be\\\/wp-content\\\/uploads\\\/2021\\\/12\\\/MODAVE_LOGO_HORIZONTAL_QUADRI_RVB.png\",\"contentUrl\":\"https:\\\/\\\/www.modave.be\\\/wp-content\\\/uploads\\\/2021\\\/12\\\/MODAVE_LOGO_HORIZONTAL_QUADRI_RVB.png\",\"width\":1200,\"height\":501,\"caption\":\"Commune de Modave\"},\"image\":{\"@id\":\"https:\\\/\\\/www.modave.be\\\/#\\\/schema\\\/logo\\\/image\\\/\"}}]}<\/script>\n<!-- \/ Yoast SEO plugin. -->","yoast_head_json":{"title":"Urbanisme | Avis d'enqu\u00eate publique - Commune de Modave","robots":{"index":"index","follow":"follow","max-snippet":"max-snippet:-1","max-image-preview":"max-image-preview:large","max-video-preview":"max-video-preview:-1"},"canonical":"https:\/\/www.modave.be\/index.php\/services_communaux\/urbanisme-avis-denquete-publique-20\/","og_locale":"fr_FR","og_type":"article","og_title":"Urbanisme | Avis d'enqu\u00eate publique - Commune de Modave","og_description":"Avis d\u2019enqu\u00eate publique Le Coll\u00e8ge communal informe la population qu&rsquo;une proc\u00e9dure est en cours : Dur\u00e9e de l\u2019enqu\u00eate Le dossier peut \u00eatre consult\u00e9 \u00e0 l\u2019Administration communale, sur rendez-vous, et les r\u00e9clamations ou observations peuvent \u00eatre formul\u00e9es par \u00e9crit ou oralement durant toute la dur\u00e9e de l\u2019enqu\u00eate. Retrouvez le document d\u2019enqu\u00eate publique ci-dessous :","og_url":"https:\/\/www.modave.be\/index.php\/services_communaux\/urbanisme-avis-denquete-publique-20\/","og_site_name":"Commune de Modave","article_modified_time":"2026-01-22T13:47:35+00:00","og_image":[{"width":2560,"height":1280,"url":"https:\/\/www.modave.be\/wp-content\/uploads\/2026\/01\/2026-77-copie-modif-scaled-e1768557652660.jpg","type":"image\/jpeg"}],"twitter_card":"summary_large_image","twitter_misc":{"Dur\u00e9e de lecture estim\u00e9e":"1 minute"},"schema":{"@context":"https:\/\/schema.org","@graph":[{"@type":"WebPage","@id":"https:\/\/www.modave.be\/index.php\/services_communaux\/urbanisme-avis-denquete-publique-20\/","url":"https:\/\/www.modave.be\/index.php\/services_communaux\/urbanisme-avis-denquete-publique-20\/","name":"Urbanisme | Avis d'enqu\u00eate publique - Commune de Modave","isPartOf":{"@id":"https:\/\/www.modave.be\/#website"},"primaryImageOfPage":{"@id":"https:\/\/www.modave.be\/index.php\/services_communaux\/urbanisme-avis-denquete-publique-20\/#primaryimage"},"image":{"@id":"https:\/\/www.modave.be\/index.php\/services_communaux\/urbanisme-avis-denquete-publique-20\/#primaryimage"},"thumbnailUrl":"https:\/\/www.modave.be\/wp-content\/uploads\/2026\/01\/2026-77-copie-modif-scaled-e1768557652660.jpg","datePublished":"2026-01-22T13:45:33+00:00","dateModified":"2026-01-22T13:47:35+00:00","breadcrumb":{"@id":"https:\/\/www.modave.be\/index.php\/services_communaux\/urbanisme-avis-denquete-publique-20\/#breadcrumb"},"inLanguage":"fr-FR","potentialAction":[{"@type":"ReadAction","target":["https:\/\/www.modave.be\/index.php\/services_communaux\/urbanisme-avis-denquete-publique-20\/"]}]},{"@type":"ImageObject","inLanguage":"fr-FR","@id":"https:\/\/www.modave.be\/index.php\/services_communaux\/urbanisme-avis-denquete-publique-20\/#primaryimage","url":"https:\/\/www.modave.be\/wp-content\/uploads\/2026\/01\/2026-77-copie-modif-scaled-e1768557652660.jpg","contentUrl":"https:\/\/www.modave.be\/wp-content\/uploads\/2026\/01\/2026-77-copie-modif-scaled-e1768557652660.jpg","width":2560,"height":1280},{"@type":"BreadcrumbList","@id":"https:\/\/www.modave.be\/index.php\/services_communaux\/urbanisme-avis-denquete-publique-20\/#breadcrumb","itemListElement":[{"@type":"ListItem","position":1,"name":"Accueil","item":"https:\/\/www.modave.be\/"},{"@type":"ListItem","position":2,"name":"Urbanisme | Avis d&rsquo;enqu\u00eate publique"}]},{"@type":"WebSite","@id":"https:\/\/www.modave.be\/#website","url":"https:\/\/www.modave.be\/","name":"Commune de Modave","description":"Commune de Modave","publisher":{"@id":"https:\/\/www.modave.be\/#organization"},"potentialAction":[{"@type":"SearchAction","target":{"@type":"EntryPoint","urlTemplate":"https:\/\/www.modave.be\/?s={search_term_string}"},"query-input":{"@type":"PropertyValueSpecification","valueRequired":true,"valueName":"search_term_string"}}],"inLanguage":"fr-FR"},{"@type":"Organization","@id":"https:\/\/www.modave.be\/#organization","name":"Commune de Modave","url":"https:\/\/www.modave.be\/","logo":{"@type":"ImageObject","inLanguage":"fr-FR","@id":"https:\/\/www.modave.be\/#\/schema\/logo\/image\/","url":"https:\/\/www.modave.be\/wp-content\/uploads\/2021\/12\/MODAVE_LOGO_HORIZONTAL_QUADRI_RVB.png","contentUrl":"https:\/\/www.modave.be\/wp-content\/uploads\/2021\/12\/MODAVE_LOGO_HORIZONTAL_QUADRI_RVB.png","width":1200,"height":501,"caption":"Commune de Modave"},"image":{"@id":"https:\/\/www.modave.be\/#\/schema\/logo\/image\/"}}]}},"_links":{"self":[{"href":"https:\/\/www.modave.be\/index.php\/wp-json\/wp\/v2\/services_communaux\/17991","targetHints":{"allow":["GET"]}}],"collection":[{"href":"https:\/\/www.modave.be\/index.php\/wp-json\/wp\/v2\/services_communaux"}],"about":[{"href":"https:\/\/www.modave.be\/index.php\/wp-json\/wp\/v2\/types\/services_communaux"}],"author":[{"embeddable":true,"href":"https:\/\/www.modave.be\/index.php\/wp-json\/wp\/v2\/users\/9"}],"wp:featuredmedia":[{"embeddable":true,"href":"https:\/\/www.modave.be\/index.php\/wp-json\/wp\/v2\/media\/17971"}],"wp:attachment":[{"href":"https:\/\/www.modave.be\/index.php\/wp-json\/wp\/v2\/media?parent=17991"}],"wp:term":[{"taxonomy":"category","embeddable":true,"href":"https:\/\/www.modave.be\/index.php\/wp-json\/wp\/v2\/categories?post=17991"}],"curies":[{"name":"wp","href":"https:\/\/api.w.org\/{rel}","templated":true}]}}