{"id":18396,"date":"2026-03-06T11:54:57","date_gmt":"2026-03-06T10:54:57","guid":{"rendered":"https:\/\/www.modave.be\/?post_type=services_communaux&#038;p=18396"},"modified":"2026-03-06T11:55:58","modified_gmt":"2026-03-06T10:55:58","slug":"rappel-declaration-seconde-residence","status":"publish","type":"services_communaux","link":"https:\/\/www.modave.be\/index.php\/services_communaux\/rappel-declaration-seconde-residence\/","title":{"rendered":"Rappel | D\u00e9claration seconde r\u00e9sidence"},"content":{"rendered":"\n<h2 class=\"wp-block-heading\">Rappel | D\u00e9claration des secondes r\u00e9sidences<\/h2>\n\n\n\n<p>Un petit rappel pour les personnes disposant d\u2019une seconde r\u00e9sidence sur la commune de Modave. Si vous \u00eates concern\u00e9, nous vous invitons \u00e0 compl\u00e9ter la d\u00e9claration relative \u00e0 la taxe et \u00e0 la transmettre au service Taxes pour le <strong>31 mars<\/strong>.<\/p>\n\n\n\n<p>M\u00eame si vous n\u2019avez pas re\u00e7u de courrier, il est possible de remplir directement le formulaire disponible ci-dessous.<\/p>\n\n\n\n<p>Cette d\u00e9marche permet de disposer des informations correctes et d\u2019\u00e9viter toute proc\u00e9dure de taxation d\u2019office. En cas de question, le service Taxes de la commune reste bien entendu \u00e0 votre disposition.<\/p>\n\n\n\n<div data-wp-interactive=\"core\/file\" class=\"wp-block-file\"><object data-wp-bind--hidden=\"!state.hasPdfPreview\" hidden class=\"wp-block-file__embed\" data=\"https:\/\/www.modave.be\/wp-content\/uploads\/2026\/03\/Formulaire-de-declaration-SR.pdf\" type=\"application\/pdf\" style=\"width:100%;height:600px\" aria-label=\"Contenu embarqu\u00e9 Formulaire de d\u00e9claration SR.\"><\/object><a id=\"wp-block-file--media-39c0aea3-a04a-4c90-9d57-a0ce9ffee4b8\" href=\"https:\/\/www.modave.be\/wp-content\/uploads\/2026\/03\/Formulaire-de-declaration-SR.pdf\">Formulaire de d\u00e9claration SR<\/a><a href=\"https:\/\/www.modave.be\/wp-content\/uploads\/2026\/03\/Formulaire-de-declaration-SR.pdf\" class=\"wp-block-file__button wp-element-button\" download aria-describedby=\"wp-block-file--media-39c0aea3-a04a-4c90-9d57-a0ce9ffee4b8\">T\u00e9l\u00e9charger<\/a><\/div>\n","protected":false},"excerpt":{"rendered":"<p>Rappel | D\u00e9claration des secondes r\u00e9sidences Un petit rappel pour les personnes disposant d\u2019une seconde r\u00e9sidence sur la commune de Modave. Si vous \u00eates concern\u00e9, nous vous invitons \u00e0 compl\u00e9ter la d\u00e9claration relative \u00e0 la taxe et \u00e0 la transmettre au service Taxes pour le 31 mars. M\u00eame si vous n\u2019avez pas re\u00e7u de courrier,&hellip;<\/p>\n","protected":false},"author":9,"featured_media":15837,"menu_order":0,"template":"","categories":[207],"class_list":["post-18396","services_communaux","type-services_communaux","status-publish","has-post-thumbnail","hentry","category-taxes","description-off"],"yoast_head":"<!-- This site is optimized with the Yoast SEO plugin v27.4 - https:\/\/yoast.com\/product\/yoast-seo-wordpress\/ -->\n<title>Rappel | D\u00e9claration seconde r\u00e9sidence - Commune de Modave<\/title>\n<meta name=\"robots\" content=\"index, follow, max-snippet:-1, max-image-preview:large, max-video-preview:-1\" \/>\n<link rel=\"canonical\" href=\"https:\/\/www.modave.be\/index.php\/services_communaux\/rappel-declaration-seconde-residence\/\" \/>\n<meta property=\"og:locale\" content=\"fr_FR\" \/>\n<meta property=\"og:type\" content=\"article\" \/>\n<meta property=\"og:title\" content=\"Rappel | D\u00e9claration seconde r\u00e9sidence - Commune de Modave\" \/>\n<meta property=\"og:description\" content=\"Rappel | D\u00e9claration des secondes r\u00e9sidences Un petit rappel pour les personnes disposant d\u2019une seconde r\u00e9sidence sur la commune de Modave. Si vous \u00eates concern\u00e9, nous vous invitons \u00e0 compl\u00e9ter la d\u00e9claration relative \u00e0 la taxe et \u00e0 la transmettre au service Taxes pour le 31 mars. M\u00eame si vous n\u2019avez pas re\u00e7u de courrier,&hellip;\" \/>\n<meta property=\"og:url\" content=\"https:\/\/www.modave.be\/index.php\/services_communaux\/rappel-declaration-seconde-residence\/\" \/>\n<meta property=\"og:site_name\" content=\"Commune de Modave\" \/>\n<meta property=\"article:modified_time\" content=\"2026-03-06T10:55:58+00:00\" \/>\n<meta property=\"og:image\" content=\"https:\/\/www.modave.be\/wp-content\/uploads\/2025\/06\/Vigilance-1-e1771853258923.png\" \/>\n\t<meta property=\"og:image:width\" content=\"1080\" \/>\n\t<meta property=\"og:image:height\" content=\"540\" \/>\n\t<meta property=\"og:image:type\" content=\"image\/png\" \/>\n<meta name=\"twitter:card\" content=\"summary_large_image\" \/>\n<meta name=\"twitter:label1\" content=\"Dur\u00e9e de lecture estim\u00e9e\" \/>\n\t<meta name=\"twitter:data1\" content=\"1 minute\" \/>\n<script type=\"application\/ld+json\" class=\"yoast-schema-graph\">{\"@context\":\"https:\\\/\\\/schema.org\",\"@graph\":[{\"@type\":\"WebPage\",\"@id\":\"https:\\\/\\\/www.modave.be\\\/index.php\\\/services_communaux\\\/rappel-declaration-seconde-residence\\\/\",\"url\":\"https:\\\/\\\/www.modave.be\\\/index.php\\\/services_communaux\\\/rappel-declaration-seconde-residence\\\/\",\"name\":\"Rappel | D\u00e9claration seconde r\u00e9sidence - Commune de Modave\",\"isPartOf\":{\"@id\":\"https:\\\/\\\/www.modave.be\\\/#website\"},\"primaryImageOfPage\":{\"@id\":\"https:\\\/\\\/www.modave.be\\\/index.php\\\/services_communaux\\\/rappel-declaration-seconde-residence\\\/#primaryimage\"},\"image\":{\"@id\":\"https:\\\/\\\/www.modave.be\\\/index.php\\\/services_communaux\\\/rappel-declaration-seconde-residence\\\/#primaryimage\"},\"thumbnailUrl\":\"https:\\\/\\\/www.modave.be\\\/wp-content\\\/uploads\\\/2025\\\/06\\\/Vigilance-1-e1771853258923.png\",\"datePublished\":\"2026-03-06T10:54:57+00:00\",\"dateModified\":\"2026-03-06T10:55:58+00:00\",\"breadcrumb\":{\"@id\":\"https:\\\/\\\/www.modave.be\\\/index.php\\\/services_communaux\\\/rappel-declaration-seconde-residence\\\/#breadcrumb\"},\"inLanguage\":\"fr-FR\",\"potentialAction\":[{\"@type\":\"ReadAction\",\"target\":[\"https:\\\/\\\/www.modave.be\\\/index.php\\\/services_communaux\\\/rappel-declaration-seconde-residence\\\/\"]}]},{\"@type\":\"ImageObject\",\"inLanguage\":\"fr-FR\",\"@id\":\"https:\\\/\\\/www.modave.be\\\/index.php\\\/services_communaux\\\/rappel-declaration-seconde-residence\\\/#primaryimage\",\"url\":\"https:\\\/\\\/www.modave.be\\\/wp-content\\\/uploads\\\/2025\\\/06\\\/Vigilance-1-e1771853258923.png\",\"contentUrl\":\"https:\\\/\\\/www.modave.be\\\/wp-content\\\/uploads\\\/2025\\\/06\\\/Vigilance-1-e1771853258923.png\",\"width\":1080,\"height\":540},{\"@type\":\"BreadcrumbList\",\"@id\":\"https:\\\/\\\/www.modave.be\\\/index.php\\\/services_communaux\\\/rappel-declaration-seconde-residence\\\/#breadcrumb\",\"itemListElement\":[{\"@type\":\"ListItem\",\"position\":1,\"name\":\"Accueil\",\"item\":\"https:\\\/\\\/www.modave.be\\\/\"},{\"@type\":\"ListItem\",\"position\":2,\"name\":\"Rappel | D\u00e9claration seconde r\u00e9sidence\"}]},{\"@type\":\"WebSite\",\"@id\":\"https:\\\/\\\/www.modave.be\\\/#website\",\"url\":\"https:\\\/\\\/www.modave.be\\\/\",\"name\":\"Commune de Modave\",\"description\":\"Commune de Modave\",\"publisher\":{\"@id\":\"https:\\\/\\\/www.modave.be\\\/#organization\"},\"potentialAction\":[{\"@type\":\"SearchAction\",\"target\":{\"@type\":\"EntryPoint\",\"urlTemplate\":\"https:\\\/\\\/www.modave.be\\\/?s={search_term_string}\"},\"query-input\":{\"@type\":\"PropertyValueSpecification\",\"valueRequired\":true,\"valueName\":\"search_term_string\"}}],\"inLanguage\":\"fr-FR\"},{\"@type\":\"Organization\",\"@id\":\"https:\\\/\\\/www.modave.be\\\/#organization\",\"name\":\"Commune de Modave\",\"url\":\"https:\\\/\\\/www.modave.be\\\/\",\"logo\":{\"@type\":\"ImageObject\",\"inLanguage\":\"fr-FR\",\"@id\":\"https:\\\/\\\/www.modave.be\\\/#\\\/schema\\\/logo\\\/image\\\/\",\"url\":\"https:\\\/\\\/www.modave.be\\\/wp-content\\\/uploads\\\/2021\\\/12\\\/MODAVE_LOGO_HORIZONTAL_QUADRI_RVB.png\",\"contentUrl\":\"https:\\\/\\\/www.modave.be\\\/wp-content\\\/uploads\\\/2021\\\/12\\\/MODAVE_LOGO_HORIZONTAL_QUADRI_RVB.png\",\"width\":1200,\"height\":501,\"caption\":\"Commune de Modave\"},\"image\":{\"@id\":\"https:\\\/\\\/www.modave.be\\\/#\\\/schema\\\/logo\\\/image\\\/\"}}]}<\/script>\n<!-- \/ Yoast SEO plugin. -->","yoast_head_json":{"title":"Rappel | D\u00e9claration seconde r\u00e9sidence - Commune de Modave","robots":{"index":"index","follow":"follow","max-snippet":"max-snippet:-1","max-image-preview":"max-image-preview:large","max-video-preview":"max-video-preview:-1"},"canonical":"https:\/\/www.modave.be\/index.php\/services_communaux\/rappel-declaration-seconde-residence\/","og_locale":"fr_FR","og_type":"article","og_title":"Rappel | D\u00e9claration seconde r\u00e9sidence - Commune de Modave","og_description":"Rappel | D\u00e9claration des secondes r\u00e9sidences Un petit rappel pour les personnes disposant d\u2019une seconde r\u00e9sidence sur la commune de Modave. Si vous \u00eates concern\u00e9, nous vous invitons \u00e0 compl\u00e9ter la d\u00e9claration relative \u00e0 la taxe et \u00e0 la transmettre au service Taxes pour le 31 mars. M\u00eame si vous n\u2019avez pas re\u00e7u de courrier,&hellip;","og_url":"https:\/\/www.modave.be\/index.php\/services_communaux\/rappel-declaration-seconde-residence\/","og_site_name":"Commune de Modave","article_modified_time":"2026-03-06T10:55:58+00:00","og_image":[{"width":1080,"height":540,"url":"https:\/\/www.modave.be\/wp-content\/uploads\/2025\/06\/Vigilance-1-e1771853258923.png","type":"image\/png"}],"twitter_card":"summary_large_image","twitter_misc":{"Dur\u00e9e de lecture estim\u00e9e":"1 minute"},"schema":{"@context":"https:\/\/schema.org","@graph":[{"@type":"WebPage","@id":"https:\/\/www.modave.be\/index.php\/services_communaux\/rappel-declaration-seconde-residence\/","url":"https:\/\/www.modave.be\/index.php\/services_communaux\/rappel-declaration-seconde-residence\/","name":"Rappel | D\u00e9claration seconde r\u00e9sidence - Commune de Modave","isPartOf":{"@id":"https:\/\/www.modave.be\/#website"},"primaryImageOfPage":{"@id":"https:\/\/www.modave.be\/index.php\/services_communaux\/rappel-declaration-seconde-residence\/#primaryimage"},"image":{"@id":"https:\/\/www.modave.be\/index.php\/services_communaux\/rappel-declaration-seconde-residence\/#primaryimage"},"thumbnailUrl":"https:\/\/www.modave.be\/wp-content\/uploads\/2025\/06\/Vigilance-1-e1771853258923.png","datePublished":"2026-03-06T10:54:57+00:00","dateModified":"2026-03-06T10:55:58+00:00","breadcrumb":{"@id":"https:\/\/www.modave.be\/index.php\/services_communaux\/rappel-declaration-seconde-residence\/#breadcrumb"},"inLanguage":"fr-FR","potentialAction":[{"@type":"ReadAction","target":["https:\/\/www.modave.be\/index.php\/services_communaux\/rappel-declaration-seconde-residence\/"]}]},{"@type":"ImageObject","inLanguage":"fr-FR","@id":"https:\/\/www.modave.be\/index.php\/services_communaux\/rappel-declaration-seconde-residence\/#primaryimage","url":"https:\/\/www.modave.be\/wp-content\/uploads\/2025\/06\/Vigilance-1-e1771853258923.png","contentUrl":"https:\/\/www.modave.be\/wp-content\/uploads\/2025\/06\/Vigilance-1-e1771853258923.png","width":1080,"height":540},{"@type":"BreadcrumbList","@id":"https:\/\/www.modave.be\/index.php\/services_communaux\/rappel-declaration-seconde-residence\/#breadcrumb","itemListElement":[{"@type":"ListItem","position":1,"name":"Accueil","item":"https:\/\/www.modave.be\/"},{"@type":"ListItem","position":2,"name":"Rappel | D\u00e9claration seconde r\u00e9sidence"}]},{"@type":"WebSite","@id":"https:\/\/www.modave.be\/#website","url":"https:\/\/www.modave.be\/","name":"Commune de Modave","description":"Commune de Modave","publisher":{"@id":"https:\/\/www.modave.be\/#organization"},"potentialAction":[{"@type":"SearchAction","target":{"@type":"EntryPoint","urlTemplate":"https:\/\/www.modave.be\/?s={search_term_string}"},"query-input":{"@type":"PropertyValueSpecification","valueRequired":true,"valueName":"search_term_string"}}],"inLanguage":"fr-FR"},{"@type":"Organization","@id":"https:\/\/www.modave.be\/#organization","name":"Commune de Modave","url":"https:\/\/www.modave.be\/","logo":{"@type":"ImageObject","inLanguage":"fr-FR","@id":"https:\/\/www.modave.be\/#\/schema\/logo\/image\/","url":"https:\/\/www.modave.be\/wp-content\/uploads\/2021\/12\/MODAVE_LOGO_HORIZONTAL_QUADRI_RVB.png","contentUrl":"https:\/\/www.modave.be\/wp-content\/uploads\/2021\/12\/MODAVE_LOGO_HORIZONTAL_QUADRI_RVB.png","width":1200,"height":501,"caption":"Commune de Modave"},"image":{"@id":"https:\/\/www.modave.be\/#\/schema\/logo\/image\/"}}]}},"_links":{"self":[{"href":"https:\/\/www.modave.be\/index.php\/wp-json\/wp\/v2\/services_communaux\/18396","targetHints":{"allow":["GET"]}}],"collection":[{"href":"https:\/\/www.modave.be\/index.php\/wp-json\/wp\/v2\/services_communaux"}],"about":[{"href":"https:\/\/www.modave.be\/index.php\/wp-json\/wp\/v2\/types\/services_communaux"}],"author":[{"embeddable":true,"href":"https:\/\/www.modave.be\/index.php\/wp-json\/wp\/v2\/users\/9"}],"wp:featuredmedia":[{"embeddable":true,"href":"https:\/\/www.modave.be\/index.php\/wp-json\/wp\/v2\/media\/15837"}],"wp:attachment":[{"href":"https:\/\/www.modave.be\/index.php\/wp-json\/wp\/v2\/media?parent=18396"}],"wp:term":[{"taxonomy":"category","embeddable":true,"href":"https:\/\/www.modave.be\/index.php\/wp-json\/wp\/v2\/categories?post=18396"}],"curies":[{"name":"wp","href":"https:\/\/api.w.org\/{rel}","templated":true}]}}