{"id":18507,"date":"2026-03-13T08:00:00","date_gmt":"2026-03-13T07:00:00","guid":{"rendered":"https:\/\/www.modave.be\/?post_type=services_communaux&#038;p=18507"},"modified":"2026-03-12T16:01:19","modified_gmt":"2026-03-12T15:01:19","slug":"stages-dete-2026-inscriptions-ouvertes","status":"publish","type":"services_communaux","link":"https:\/\/www.modave.be\/index.php\/services_communaux\/stages-dete-2026-inscriptions-ouvertes\/","title":{"rendered":"Stages d&rsquo;\u00e9t\u00e9 2026 | Inscriptions ouvertes"},"content":{"rendered":"\n<h2 class=\"wp-block-heading\">Les inscriptions aux stages d\u2019\u00e9t\u00e9 2026 sont ouvertes.<\/h2>\n\n\n\n<p><em>Cette session encore, une attention particuli\u00e8re est port\u00e9e \u00e0 l\u2019accueil des enfants \u00e0 besoins sp\u00e9cifiques gr\u00e2ce au renfort d\u2019animateurs sp\u00e9cialis\u00e9s.<\/em><\/p>\n\n\n\n<p>Besoin d\u2019aide ? Fran\u00e7ois Perniaux est joignable au <strong>085\/41.02.20 (ext. 5)<\/strong>.<\/p>\n\n\n\n<p>Stages propos\u00e9s<\/p>\n\n\n\n<p><strong>06 \u2013 10 juillet<\/strong>\u00a0\u00ab\u00a0Sport Attitude\u00a0\u00bb<\/p>\n\n\n\n<ul class=\"wp-block-list\">\n<li>Psycho-v\u00e9lo \/ Multisports \u2013 2,5 \u00e0 5 ans<\/li>\n\n\n\n<li>Jeux de soci\u00e9t\u00e9 g\u00e9ants \/ V\u00e9lo \/ Sports aventure \u2013 6 \u00e0 12 ans<\/li>\n<\/ul>\n\n\n\n<p><strong>13 \u2013 17 juillet<\/strong> \u00ab\u00a0d\u00e9couverte\u00a0\u00bb<\/p>\n\n\n\n<ul class=\"wp-block-list\">\n<li>Stage cr\u00e9atif \u2013 2,5 \u00e0 5 ans<\/li>\n\n\n\n<li>Cap Sciences : Le magicien des sciences \u2013 6 \u00e0 8 ans<\/li>\n\n\n\n<li>Cap Sciences : Les fous du labo \u2013 9 \u00e0 12 ans<\/li>\n\n\n\n<li>Lego 4 Kids \u2013 6 \u00e0 12 ans<\/li>\n<\/ul>\n\n\n\n<p><strong>10 \u2013 14 ao\u00fbt<\/strong> \u00ab\u00a0La Voie de l&rsquo;Effort\u00a0\u00bb<\/p>\n\n\n\n<ul class=\"wp-block-list\">\n<li>V\u00e9lo \/ Psychomotricit\u00e9 \u2013 2,5 \u00e0 5 ans<\/li>\n\n\n\n<li>Koh Lanta \/ Multisports \u2013 6 \u00e0 12 ans<\/li>\n<\/ul>\n\n\n\n<p><strong>17 \u2013 21 ao\u00fbt<\/strong> \u00ab\u00a0Sport attitude\u00a0\u00bb<\/p>\n\n\n\n<ul class=\"wp-block-list\">\n<li>Trottinette \/ Psychomotricit\u00e9 \u2013 2,5 \u00e0 5 ans<\/li>\n\n\n\n<li>Cirque \/ Trottinette \/ Multisports \u2013 6 \u00e0 12 ans<\/li>\n<\/ul>\n\n\n\n<p>Les stages se d\u00e9roulent principalement au Hall omnisports (Tige de Hestreux 1 \u00e0 Modave).<\/p>\n\n\n\n<blockquote class=\"wp-block-quote is-layout-flow wp-block-quote-is-layout-flow\">\n<p><strong>Inscriptions :<\/strong><br>Elles se font via ce lien : <a href=\"http:\/\/urlr.me\/w2kvGJ\">Formulaire d&rsquo;inscription<\/a>.<br>Le formulaire est \u00e9galement disponible ci-dessous.<\/p>\n<\/blockquote>\n\n\n\n<p><strong>Attention<\/strong><\/p>\n\n\n\n<ul class=\"wp-block-list\">\n<li>Attendez la confirmation d\u2019inscription de l\u2019agent traitant avant de proc\u00e9der au paiement.<\/li>\n\n\n\n<li>Le paiement est \u00e0 effectuer dans les 3 jours apr\u00e8s r\u00e9ception de cette confirmation.<\/li>\n\n\n\n<li>Toute annulation doit \u00eatre signal\u00e9e par \u00e9crit (<a>jeunesse@modave.be<\/a>) au plus tard une semaine avant le d\u00e9but du stage.<\/li>\n<\/ul>\n\n\n\n<iframe src=\"https:\/\/docs.google.com\/forms\/d\/e\/1FAIpQLScJ5B1iYm3hiHD-Qb_SQsL8CYYG71bxCOLtQ2wnLXoZtdsvJw\/viewform?embedded=true\" width=\"640\" height=\"4997\" frameborder=\"0\" marginheight=\"0\" marginwidth=\"0\">Chargement\u2026<\/iframe>\n\n\n\n<p><\/p>\n\n\n\n<p><\/p>\n","protected":false},"excerpt":{"rendered":"<p>Les inscriptions aux stages d\u2019\u00e9t\u00e9 2026 sont ouvertes. Cette session encore, une attention particuli\u00e8re est port\u00e9e \u00e0 l\u2019accueil des enfants \u00e0 besoins sp\u00e9cifiques gr\u00e2ce au renfort d\u2019animateurs sp\u00e9cialis\u00e9s. Besoin d\u2019aide ? Fran\u00e7ois Perniaux est joignable au 085\/41.02.20 (ext. 5). Stages propos\u00e9s 06 \u2013 10 juillet\u00a0\u00ab\u00a0Sport Attitude\u00a0\u00bb 13 \u2013 17 juillet \u00ab\u00a0d\u00e9couverte\u00a0\u00bb 10 \u2013 14 ao\u00fbt&hellip;<\/p>\n","protected":false},"author":9,"featured_media":17587,"menu_order":0,"template":"","categories":[202],"class_list":["post-18507","services_communaux","type-services_communaux","status-publish","has-post-thumbnail","hentry","category-jeunesse_temps_libre","description-off"],"yoast_head":"<!-- This site is optimized with the Yoast SEO plugin v27.4 - https:\/\/yoast.com\/product\/yoast-seo-wordpress\/ -->\n<title>Stages d&#039;\u00e9t\u00e9 2026 | Inscriptions ouvertes - Commune de Modave<\/title>\n<meta name=\"robots\" content=\"index, follow, max-snippet:-1, max-image-preview:large, max-video-preview:-1\" \/>\n<link rel=\"canonical\" href=\"https:\/\/www.modave.be\/index.php\/services_communaux\/stages-dete-2026-inscriptions-ouvertes\/\" \/>\n<meta property=\"og:locale\" content=\"fr_FR\" \/>\n<meta property=\"og:type\" content=\"article\" \/>\n<meta property=\"og:title\" content=\"Stages d&#039;\u00e9t\u00e9 2026 | Inscriptions ouvertes - Commune de Modave\" \/>\n<meta property=\"og:description\" content=\"Les inscriptions aux stages d\u2019\u00e9t\u00e9 2026 sont ouvertes. Cette session encore, une attention particuli\u00e8re est port\u00e9e \u00e0 l\u2019accueil des enfants \u00e0 besoins sp\u00e9cifiques gr\u00e2ce au renfort d\u2019animateurs sp\u00e9cialis\u00e9s. Besoin d\u2019aide ? Fran\u00e7ois Perniaux est joignable au 085\/41.02.20 (ext. 5). Stages propos\u00e9s 06 \u2013 10 juillet\u00a0\u00ab\u00a0Sport Attitude\u00a0\u00bb 13 \u2013 17 juillet \u00ab\u00a0d\u00e9couverte\u00a0\u00bb 10 \u2013 14 ao\u00fbt&hellip;\" \/>\n<meta property=\"og:url\" content=\"https:\/\/www.modave.be\/index.php\/services_communaux\/stages-dete-2026-inscriptions-ouvertes\/\" \/>\n<meta property=\"og:site_name\" content=\"Commune de Modave\" \/>\n<meta property=\"og:image\" content=\"https:\/\/www.modave.be\/wp-content\/uploads\/2026\/01\/bandeau-stage-e1767947795302.jpg\" \/>\n\t<meta property=\"og:image:width\" content=\"1080\" \/>\n\t<meta property=\"og:image:height\" content=\"540\" \/>\n\t<meta property=\"og:image:type\" content=\"image\/jpeg\" \/>\n<meta name=\"twitter:card\" content=\"summary_large_image\" \/>\n<meta name=\"twitter:label1\" content=\"Dur\u00e9e de lecture estim\u00e9e\" \/>\n\t<meta name=\"twitter:data1\" content=\"2 minutes\" \/>\n<script type=\"application\/ld+json\" class=\"yoast-schema-graph\">{\"@context\":\"https:\\\/\\\/schema.org\",\"@graph\":[{\"@type\":\"WebPage\",\"@id\":\"https:\\\/\\\/www.modave.be\\\/index.php\\\/services_communaux\\\/stages-dete-2026-inscriptions-ouvertes\\\/\",\"url\":\"https:\\\/\\\/www.modave.be\\\/index.php\\\/services_communaux\\\/stages-dete-2026-inscriptions-ouvertes\\\/\",\"name\":\"Stages d'\u00e9t\u00e9 2026 | Inscriptions ouvertes - Commune de Modave\",\"isPartOf\":{\"@id\":\"https:\\\/\\\/www.modave.be\\\/#website\"},\"primaryImageOfPage\":{\"@id\":\"https:\\\/\\\/www.modave.be\\\/index.php\\\/services_communaux\\\/stages-dete-2026-inscriptions-ouvertes\\\/#primaryimage\"},\"image\":{\"@id\":\"https:\\\/\\\/www.modave.be\\\/index.php\\\/services_communaux\\\/stages-dete-2026-inscriptions-ouvertes\\\/#primaryimage\"},\"thumbnailUrl\":\"https:\\\/\\\/www.modave.be\\\/wp-content\\\/uploads\\\/2026\\\/01\\\/bandeau-stage-e1767947795302.jpg\",\"datePublished\":\"2026-03-13T07:00:00+00:00\",\"breadcrumb\":{\"@id\":\"https:\\\/\\\/www.modave.be\\\/index.php\\\/services_communaux\\\/stages-dete-2026-inscriptions-ouvertes\\\/#breadcrumb\"},\"inLanguage\":\"fr-FR\",\"potentialAction\":[{\"@type\":\"ReadAction\",\"target\":[\"https:\\\/\\\/www.modave.be\\\/index.php\\\/services_communaux\\\/stages-dete-2026-inscriptions-ouvertes\\\/\"]}]},{\"@type\":\"ImageObject\",\"inLanguage\":\"fr-FR\",\"@id\":\"https:\\\/\\\/www.modave.be\\\/index.php\\\/services_communaux\\\/stages-dete-2026-inscriptions-ouvertes\\\/#primaryimage\",\"url\":\"https:\\\/\\\/www.modave.be\\\/wp-content\\\/uploads\\\/2026\\\/01\\\/bandeau-stage-e1767947795302.jpg\",\"contentUrl\":\"https:\\\/\\\/www.modave.be\\\/wp-content\\\/uploads\\\/2026\\\/01\\\/bandeau-stage-e1767947795302.jpg\",\"width\":1080,\"height\":540},{\"@type\":\"BreadcrumbList\",\"@id\":\"https:\\\/\\\/www.modave.be\\\/index.php\\\/services_communaux\\\/stages-dete-2026-inscriptions-ouvertes\\\/#breadcrumb\",\"itemListElement\":[{\"@type\":\"ListItem\",\"position\":1,\"name\":\"Accueil\",\"item\":\"https:\\\/\\\/www.modave.be\\\/\"},{\"@type\":\"ListItem\",\"position\":2,\"name\":\"Stages d&rsquo;\u00e9t\u00e9 2026 | Inscriptions ouvertes\"}]},{\"@type\":\"WebSite\",\"@id\":\"https:\\\/\\\/www.modave.be\\\/#website\",\"url\":\"https:\\\/\\\/www.modave.be\\\/\",\"name\":\"Commune de Modave\",\"description\":\"Commune de Modave\",\"publisher\":{\"@id\":\"https:\\\/\\\/www.modave.be\\\/#organization\"},\"potentialAction\":[{\"@type\":\"SearchAction\",\"target\":{\"@type\":\"EntryPoint\",\"urlTemplate\":\"https:\\\/\\\/www.modave.be\\\/?s={search_term_string}\"},\"query-input\":{\"@type\":\"PropertyValueSpecification\",\"valueRequired\":true,\"valueName\":\"search_term_string\"}}],\"inLanguage\":\"fr-FR\"},{\"@type\":\"Organization\",\"@id\":\"https:\\\/\\\/www.modave.be\\\/#organization\",\"name\":\"Commune de Modave\",\"url\":\"https:\\\/\\\/www.modave.be\\\/\",\"logo\":{\"@type\":\"ImageObject\",\"inLanguage\":\"fr-FR\",\"@id\":\"https:\\\/\\\/www.modave.be\\\/#\\\/schema\\\/logo\\\/image\\\/\",\"url\":\"https:\\\/\\\/www.modave.be\\\/wp-content\\\/uploads\\\/2021\\\/12\\\/MODAVE_LOGO_HORIZONTAL_QUADRI_RVB.png\",\"contentUrl\":\"https:\\\/\\\/www.modave.be\\\/wp-content\\\/uploads\\\/2021\\\/12\\\/MODAVE_LOGO_HORIZONTAL_QUADRI_RVB.png\",\"width\":1200,\"height\":501,\"caption\":\"Commune de Modave\"},\"image\":{\"@id\":\"https:\\\/\\\/www.modave.be\\\/#\\\/schema\\\/logo\\\/image\\\/\"}}]}<\/script>\n<!-- \/ Yoast SEO plugin. -->","yoast_head_json":{"title":"Stages d'\u00e9t\u00e9 2026 | Inscriptions ouvertes - Commune de Modave","robots":{"index":"index","follow":"follow","max-snippet":"max-snippet:-1","max-image-preview":"max-image-preview:large","max-video-preview":"max-video-preview:-1"},"canonical":"https:\/\/www.modave.be\/index.php\/services_communaux\/stages-dete-2026-inscriptions-ouvertes\/","og_locale":"fr_FR","og_type":"article","og_title":"Stages d'\u00e9t\u00e9 2026 | Inscriptions ouvertes - Commune de Modave","og_description":"Les inscriptions aux stages d\u2019\u00e9t\u00e9 2026 sont ouvertes. Cette session encore, une attention particuli\u00e8re est port\u00e9e \u00e0 l\u2019accueil des enfants \u00e0 besoins sp\u00e9cifiques gr\u00e2ce au renfort d\u2019animateurs sp\u00e9cialis\u00e9s. Besoin d\u2019aide ? Fran\u00e7ois Perniaux est joignable au 085\/41.02.20 (ext. 5). Stages propos\u00e9s 06 \u2013 10 juillet\u00a0\u00ab\u00a0Sport Attitude\u00a0\u00bb 13 \u2013 17 juillet \u00ab\u00a0d\u00e9couverte\u00a0\u00bb 10 \u2013 14 ao\u00fbt&hellip;","og_url":"https:\/\/www.modave.be\/index.php\/services_communaux\/stages-dete-2026-inscriptions-ouvertes\/","og_site_name":"Commune de Modave","og_image":[{"width":1080,"height":540,"url":"https:\/\/www.modave.be\/wp-content\/uploads\/2026\/01\/bandeau-stage-e1767947795302.jpg","type":"image\/jpeg"}],"twitter_card":"summary_large_image","twitter_misc":{"Dur\u00e9e de lecture estim\u00e9e":"2 minutes"},"schema":{"@context":"https:\/\/schema.org","@graph":[{"@type":"WebPage","@id":"https:\/\/www.modave.be\/index.php\/services_communaux\/stages-dete-2026-inscriptions-ouvertes\/","url":"https:\/\/www.modave.be\/index.php\/services_communaux\/stages-dete-2026-inscriptions-ouvertes\/","name":"Stages d'\u00e9t\u00e9 2026 | Inscriptions ouvertes - Commune de Modave","isPartOf":{"@id":"https:\/\/www.modave.be\/#website"},"primaryImageOfPage":{"@id":"https:\/\/www.modave.be\/index.php\/services_communaux\/stages-dete-2026-inscriptions-ouvertes\/#primaryimage"},"image":{"@id":"https:\/\/www.modave.be\/index.php\/services_communaux\/stages-dete-2026-inscriptions-ouvertes\/#primaryimage"},"thumbnailUrl":"https:\/\/www.modave.be\/wp-content\/uploads\/2026\/01\/bandeau-stage-e1767947795302.jpg","datePublished":"2026-03-13T07:00:00+00:00","breadcrumb":{"@id":"https:\/\/www.modave.be\/index.php\/services_communaux\/stages-dete-2026-inscriptions-ouvertes\/#breadcrumb"},"inLanguage":"fr-FR","potentialAction":[{"@type":"ReadAction","target":["https:\/\/www.modave.be\/index.php\/services_communaux\/stages-dete-2026-inscriptions-ouvertes\/"]}]},{"@type":"ImageObject","inLanguage":"fr-FR","@id":"https:\/\/www.modave.be\/index.php\/services_communaux\/stages-dete-2026-inscriptions-ouvertes\/#primaryimage","url":"https:\/\/www.modave.be\/wp-content\/uploads\/2026\/01\/bandeau-stage-e1767947795302.jpg","contentUrl":"https:\/\/www.modave.be\/wp-content\/uploads\/2026\/01\/bandeau-stage-e1767947795302.jpg","width":1080,"height":540},{"@type":"BreadcrumbList","@id":"https:\/\/www.modave.be\/index.php\/services_communaux\/stages-dete-2026-inscriptions-ouvertes\/#breadcrumb","itemListElement":[{"@type":"ListItem","position":1,"name":"Accueil","item":"https:\/\/www.modave.be\/"},{"@type":"ListItem","position":2,"name":"Stages d&rsquo;\u00e9t\u00e9 2026 | Inscriptions ouvertes"}]},{"@type":"WebSite","@id":"https:\/\/www.modave.be\/#website","url":"https:\/\/www.modave.be\/","name":"Commune de Modave","description":"Commune de Modave","publisher":{"@id":"https:\/\/www.modave.be\/#organization"},"potentialAction":[{"@type":"SearchAction","target":{"@type":"EntryPoint","urlTemplate":"https:\/\/www.modave.be\/?s={search_term_string}"},"query-input":{"@type":"PropertyValueSpecification","valueRequired":true,"valueName":"search_term_string"}}],"inLanguage":"fr-FR"},{"@type":"Organization","@id":"https:\/\/www.modave.be\/#organization","name":"Commune de Modave","url":"https:\/\/www.modave.be\/","logo":{"@type":"ImageObject","inLanguage":"fr-FR","@id":"https:\/\/www.modave.be\/#\/schema\/logo\/image\/","url":"https:\/\/www.modave.be\/wp-content\/uploads\/2021\/12\/MODAVE_LOGO_HORIZONTAL_QUADRI_RVB.png","contentUrl":"https:\/\/www.modave.be\/wp-content\/uploads\/2021\/12\/MODAVE_LOGO_HORIZONTAL_QUADRI_RVB.png","width":1200,"height":501,"caption":"Commune de Modave"},"image":{"@id":"https:\/\/www.modave.be\/#\/schema\/logo\/image\/"}}]}},"_links":{"self":[{"href":"https:\/\/www.modave.be\/index.php\/wp-json\/wp\/v2\/services_communaux\/18507","targetHints":{"allow":["GET"]}}],"collection":[{"href":"https:\/\/www.modave.be\/index.php\/wp-json\/wp\/v2\/services_communaux"}],"about":[{"href":"https:\/\/www.modave.be\/index.php\/wp-json\/wp\/v2\/types\/services_communaux"}],"author":[{"embeddable":true,"href":"https:\/\/www.modave.be\/index.php\/wp-json\/wp\/v2\/users\/9"}],"wp:featuredmedia":[{"embeddable":true,"href":"https:\/\/www.modave.be\/index.php\/wp-json\/wp\/v2\/media\/17587"}],"wp:attachment":[{"href":"https:\/\/www.modave.be\/index.php\/wp-json\/wp\/v2\/media?parent=18507"}],"wp:term":[{"taxonomy":"category","embeddable":true,"href":"https:\/\/www.modave.be\/index.php\/wp-json\/wp\/v2\/categories?post=18507"}],"curies":[{"name":"wp","href":"https:\/\/api.w.org\/{rel}","templated":true}]}}