{"id":18517,"date":"2026-03-13T10:11:26","date_gmt":"2026-03-13T09:11:26","guid":{"rendered":"https:\/\/www.modave.be\/?post_type=services_communaux&#038;p=18517"},"modified":"2026-03-13T10:12:27","modified_gmt":"2026-03-13T09:12:27","slug":"semaine-des-mathematiques-lecole-communale-participe","status":"publish","type":"services_communaux","link":"https:\/\/www.modave.be\/index.php\/services_communaux\/semaine-des-mathematiques-lecole-communale-participe\/","title":{"rendered":"Semaine des math\u00e9matiques | L&rsquo;\u00e9cole communale participe !"},"content":{"rendered":"\n<h2 class=\"wp-block-heading\">Semaine des math\u00e9matiques | L&rsquo;\u00e9cole communale participe !<\/h2>\n\n\n\n<p>Du <strong>16 au 25 mars 2026<\/strong>, l\u2019\u00e9cole communale participera \u00e0 la <strong>Semaine des math\u00e9matiques M@ths en-vie<\/strong>, organis\u00e9e cette ann\u00e9e autour du th\u00e8me <strong>\u00ab \u00c9galit\u00e9s \u00bb<\/strong>.<\/p>\n\n\n\n<p>Durant cette semaine, <strong>les \u00e9l\u00e8ves de Vierset et de Modave<\/strong> d\u00e9couvriront les math\u00e9matiques autrement \u00e0 travers <strong>des \u00e9nigmes, d\u00e9fis et activit\u00e9s ludiques<\/strong> propos\u00e9s en classe.<\/p>\n\n\n\n<h3 class=\"wp-block-heading\">Le principe est simple<\/h3>\n\n\n\n<ul class=\"wp-block-list\">\n<li>Pas de comp\u00e9tition<\/li>\n\n\n\n<li>Pas de classement<\/li>\n\n\n\n<li>Pas de gagnant ou de perdant<\/li>\n<\/ul>\n\n\n\n<p>L\u2019objectif est avant tout de <strong>donner le go\u00fbt des math\u00e9matiques<\/strong>, de <strong>changer l\u2019image de cette discipline<\/strong> et de <strong>renforcer la confiance de tous les \u00e9l\u00e8ves<\/strong>, filles comme gar\u00e7ons.<\/p>\n\n\n\n<p>Certaines activit\u00e9s seront \u00e9galement propos\u00e9es <strong>en famille<\/strong>, afin de prolonger l\u2019exp\u00e9rience \u00e0 la maison.<\/p>\n\n\n\n<p><strong>Vive les maths !<\/strong><\/p>\n\n\n\n<figure class=\"wp-block-image size-large\"><img fetchpriority=\"high\" decoding=\"async\" width=\"1024\" height=\"1024\" src=\"https:\/\/www.modave.be\/wp-content\/uploads\/2026\/03\/Enseignement-semaine-des-math-1024x1024.jpg\" alt=\"\" class=\"wp-image-18518\" srcset=\"https:\/\/www.modave.be\/wp-content\/uploads\/2026\/03\/Enseignement-semaine-des-math-1024x1024.jpg 1024w, https:\/\/www.modave.be\/wp-content\/uploads\/2026\/03\/Enseignement-semaine-des-math-300x300.jpg 300w, https:\/\/www.modave.be\/wp-content\/uploads\/2026\/03\/Enseignement-semaine-des-math-150x150.jpg 150w, https:\/\/www.modave.be\/wp-content\/uploads\/2026\/03\/Enseignement-semaine-des-math-768x768.jpg 768w, https:\/\/www.modave.be\/wp-content\/uploads\/2026\/03\/Enseignement-semaine-des-math.jpg 1080w\" sizes=\"(max-width: 1024px) 100vw, 1024px\" \/><\/figure>\n\n\n\n<figure class=\"wp-block-image size-large\"><img decoding=\"async\" width=\"372\" height=\"1024\" src=\"https:\/\/www.modave.be\/wp-content\/uploads\/2026\/03\/Programme2026-372x1024.png\" alt=\"\" class=\"wp-image-18519\" srcset=\"https:\/\/www.modave.be\/wp-content\/uploads\/2026\/03\/Programme2026-372x1024.png 372w, https:\/\/www.modave.be\/wp-content\/uploads\/2026\/03\/Programme2026-109x300.png 109w, https:\/\/www.modave.be\/wp-content\/uploads\/2026\/03\/Programme2026-768x2112.png 768w, https:\/\/www.modave.be\/wp-content\/uploads\/2026\/03\/Programme2026-745x2048.png 745w, https:\/\/www.modave.be\/wp-content\/uploads\/2026\/03\/Programme2026.png 800w\" sizes=\"(max-width: 372px) 100vw, 372px\" \/><\/figure>\n","protected":false},"excerpt":{"rendered":"<p>Semaine des math\u00e9matiques | L&rsquo;\u00e9cole communale participe ! Du 16 au 25 mars 2026, l\u2019\u00e9cole communale participera \u00e0 la Semaine des math\u00e9matiques M@ths en-vie, organis\u00e9e cette ann\u00e9e autour du th\u00e8me \u00ab \u00c9galit\u00e9s \u00bb. Durant cette semaine, les \u00e9l\u00e8ves de Vierset et de Modave d\u00e9couvriront les math\u00e9matiques autrement \u00e0 travers des \u00e9nigmes, d\u00e9fis et activit\u00e9s ludiques&hellip;<\/p>\n","protected":false},"author":9,"featured_media":15709,"menu_order":0,"template":"","categories":[210,200,204],"class_list":["post-18517","services_communaux","type-services_communaux","status-publish","has-post-thumbnail","hentry","category-ecole_communale","category-extra_scolaire","category-personnel","description-off"],"yoast_head":"<!-- This site is optimized with the Yoast SEO plugin v27.4 - https:\/\/yoast.com\/product\/yoast-seo-wordpress\/ -->\n<title>Semaine des math\u00e9matiques | L&#039;\u00e9cole communale participe ! - Commune de Modave<\/title>\n<meta name=\"robots\" content=\"index, follow, max-snippet:-1, max-image-preview:large, max-video-preview:-1\" \/>\n<link rel=\"canonical\" href=\"https:\/\/www.modave.be\/index.php\/services_communaux\/semaine-des-mathematiques-lecole-communale-participe\/\" \/>\n<meta property=\"og:locale\" content=\"fr_FR\" \/>\n<meta property=\"og:type\" content=\"article\" \/>\n<meta property=\"og:title\" content=\"Semaine des math\u00e9matiques | L&#039;\u00e9cole communale participe ! - Commune de Modave\" \/>\n<meta property=\"og:description\" content=\"Semaine des math\u00e9matiques | L&rsquo;\u00e9cole communale participe ! Du 16 au 25 mars 2026, l\u2019\u00e9cole communale participera \u00e0 la Semaine des math\u00e9matiques M@ths en-vie, organis\u00e9e cette ann\u00e9e autour du th\u00e8me \u00ab \u00c9galit\u00e9s \u00bb. Durant cette semaine, les \u00e9l\u00e8ves de Vierset et de Modave d\u00e9couvriront les math\u00e9matiques autrement \u00e0 travers des \u00e9nigmes, d\u00e9fis et activit\u00e9s ludiques&hellip;\" \/>\n<meta property=\"og:url\" content=\"https:\/\/www.modave.be\/index.php\/services_communaux\/semaine-des-mathematiques-lecole-communale-participe\/\" \/>\n<meta property=\"og:site_name\" content=\"Commune de Modave\" \/>\n<meta property=\"article:modified_time\" content=\"2026-03-13T09:12:27+00:00\" \/>\n<meta property=\"og:image\" content=\"https:\/\/www.modave.be\/wp-content\/uploads\/2025\/06\/Emploi-e1748934781492.jpg\" \/>\n\t<meta property=\"og:image:width\" content=\"526\" \/>\n\t<meta property=\"og:image:height\" content=\"263\" \/>\n\t<meta property=\"og:image:type\" content=\"image\/jpeg\" \/>\n<meta name=\"twitter:card\" content=\"summary_large_image\" \/>\n<meta name=\"twitter:label1\" content=\"Dur\u00e9e de lecture estim\u00e9e\" \/>\n\t<meta name=\"twitter:data1\" content=\"2 minutes\" \/>\n<script type=\"application\/ld+json\" class=\"yoast-schema-graph\">{\"@context\":\"https:\\\/\\\/schema.org\",\"@graph\":[{\"@type\":\"WebPage\",\"@id\":\"https:\\\/\\\/www.modave.be\\\/index.php\\\/services_communaux\\\/semaine-des-mathematiques-lecole-communale-participe\\\/\",\"url\":\"https:\\\/\\\/www.modave.be\\\/index.php\\\/services_communaux\\\/semaine-des-mathematiques-lecole-communale-participe\\\/\",\"name\":\"Semaine des math\u00e9matiques | L'\u00e9cole communale participe ! - Commune de Modave\",\"isPartOf\":{\"@id\":\"https:\\\/\\\/www.modave.be\\\/#website\"},\"primaryImageOfPage\":{\"@id\":\"https:\\\/\\\/www.modave.be\\\/index.php\\\/services_communaux\\\/semaine-des-mathematiques-lecole-communale-participe\\\/#primaryimage\"},\"image\":{\"@id\":\"https:\\\/\\\/www.modave.be\\\/index.php\\\/services_communaux\\\/semaine-des-mathematiques-lecole-communale-participe\\\/#primaryimage\"},\"thumbnailUrl\":\"https:\\\/\\\/www.modave.be\\\/wp-content\\\/uploads\\\/2025\\\/06\\\/Emploi-e1748934781492.jpg\",\"datePublished\":\"2026-03-13T09:11:26+00:00\",\"dateModified\":\"2026-03-13T09:12:27+00:00\",\"breadcrumb\":{\"@id\":\"https:\\\/\\\/www.modave.be\\\/index.php\\\/services_communaux\\\/semaine-des-mathematiques-lecole-communale-participe\\\/#breadcrumb\"},\"inLanguage\":\"fr-FR\",\"potentialAction\":[{\"@type\":\"ReadAction\",\"target\":[\"https:\\\/\\\/www.modave.be\\\/index.php\\\/services_communaux\\\/semaine-des-mathematiques-lecole-communale-participe\\\/\"]}]},{\"@type\":\"ImageObject\",\"inLanguage\":\"fr-FR\",\"@id\":\"https:\\\/\\\/www.modave.be\\\/index.php\\\/services_communaux\\\/semaine-des-mathematiques-lecole-communale-participe\\\/#primaryimage\",\"url\":\"https:\\\/\\\/www.modave.be\\\/wp-content\\\/uploads\\\/2025\\\/06\\\/Emploi-e1748934781492.jpg\",\"contentUrl\":\"https:\\\/\\\/www.modave.be\\\/wp-content\\\/uploads\\\/2025\\\/06\\\/Emploi-e1748934781492.jpg\",\"width\":526,\"height\":263},{\"@type\":\"BreadcrumbList\",\"@id\":\"https:\\\/\\\/www.modave.be\\\/index.php\\\/services_communaux\\\/semaine-des-mathematiques-lecole-communale-participe\\\/#breadcrumb\",\"itemListElement\":[{\"@type\":\"ListItem\",\"position\":1,\"name\":\"Accueil\",\"item\":\"https:\\\/\\\/www.modave.be\\\/\"},{\"@type\":\"ListItem\",\"position\":2,\"name\":\"Semaine des math\u00e9matiques | L&rsquo;\u00e9cole communale participe !\"}]},{\"@type\":\"WebSite\",\"@id\":\"https:\\\/\\\/www.modave.be\\\/#website\",\"url\":\"https:\\\/\\\/www.modave.be\\\/\",\"name\":\"Commune de Modave\",\"description\":\"Commune de Modave\",\"publisher\":{\"@id\":\"https:\\\/\\\/www.modave.be\\\/#organization\"},\"potentialAction\":[{\"@type\":\"SearchAction\",\"target\":{\"@type\":\"EntryPoint\",\"urlTemplate\":\"https:\\\/\\\/www.modave.be\\\/?s={search_term_string}\"},\"query-input\":{\"@type\":\"PropertyValueSpecification\",\"valueRequired\":true,\"valueName\":\"search_term_string\"}}],\"inLanguage\":\"fr-FR\"},{\"@type\":\"Organization\",\"@id\":\"https:\\\/\\\/www.modave.be\\\/#organization\",\"name\":\"Commune de Modave\",\"url\":\"https:\\\/\\\/www.modave.be\\\/\",\"logo\":{\"@type\":\"ImageObject\",\"inLanguage\":\"fr-FR\",\"@id\":\"https:\\\/\\\/www.modave.be\\\/#\\\/schema\\\/logo\\\/image\\\/\",\"url\":\"https:\\\/\\\/www.modave.be\\\/wp-content\\\/uploads\\\/2021\\\/12\\\/MODAVE_LOGO_HORIZONTAL_QUADRI_RVB.png\",\"contentUrl\":\"https:\\\/\\\/www.modave.be\\\/wp-content\\\/uploads\\\/2021\\\/12\\\/MODAVE_LOGO_HORIZONTAL_QUADRI_RVB.png\",\"width\":1200,\"height\":501,\"caption\":\"Commune de Modave\"},\"image\":{\"@id\":\"https:\\\/\\\/www.modave.be\\\/#\\\/schema\\\/logo\\\/image\\\/\"}}]}<\/script>\n<!-- \/ Yoast SEO plugin. -->","yoast_head_json":{"title":"Semaine des math\u00e9matiques | L'\u00e9cole communale participe ! - Commune de Modave","robots":{"index":"index","follow":"follow","max-snippet":"max-snippet:-1","max-image-preview":"max-image-preview:large","max-video-preview":"max-video-preview:-1"},"canonical":"https:\/\/www.modave.be\/index.php\/services_communaux\/semaine-des-mathematiques-lecole-communale-participe\/","og_locale":"fr_FR","og_type":"article","og_title":"Semaine des math\u00e9matiques | L'\u00e9cole communale participe ! - Commune de Modave","og_description":"Semaine des math\u00e9matiques | L&rsquo;\u00e9cole communale participe ! Du 16 au 25 mars 2026, l\u2019\u00e9cole communale participera \u00e0 la Semaine des math\u00e9matiques M@ths en-vie, organis\u00e9e cette ann\u00e9e autour du th\u00e8me \u00ab \u00c9galit\u00e9s \u00bb. Durant cette semaine, les \u00e9l\u00e8ves de Vierset et de Modave d\u00e9couvriront les math\u00e9matiques autrement \u00e0 travers des \u00e9nigmes, d\u00e9fis et activit\u00e9s ludiques&hellip;","og_url":"https:\/\/www.modave.be\/index.php\/services_communaux\/semaine-des-mathematiques-lecole-communale-participe\/","og_site_name":"Commune de Modave","article_modified_time":"2026-03-13T09:12:27+00:00","og_image":[{"width":526,"height":263,"url":"https:\/\/www.modave.be\/wp-content\/uploads\/2025\/06\/Emploi-e1748934781492.jpg","type":"image\/jpeg"}],"twitter_card":"summary_large_image","twitter_misc":{"Dur\u00e9e de lecture estim\u00e9e":"2 minutes"},"schema":{"@context":"https:\/\/schema.org","@graph":[{"@type":"WebPage","@id":"https:\/\/www.modave.be\/index.php\/services_communaux\/semaine-des-mathematiques-lecole-communale-participe\/","url":"https:\/\/www.modave.be\/index.php\/services_communaux\/semaine-des-mathematiques-lecole-communale-participe\/","name":"Semaine des math\u00e9matiques | L'\u00e9cole communale participe ! - Commune de Modave","isPartOf":{"@id":"https:\/\/www.modave.be\/#website"},"primaryImageOfPage":{"@id":"https:\/\/www.modave.be\/index.php\/services_communaux\/semaine-des-mathematiques-lecole-communale-participe\/#primaryimage"},"image":{"@id":"https:\/\/www.modave.be\/index.php\/services_communaux\/semaine-des-mathematiques-lecole-communale-participe\/#primaryimage"},"thumbnailUrl":"https:\/\/www.modave.be\/wp-content\/uploads\/2025\/06\/Emploi-e1748934781492.jpg","datePublished":"2026-03-13T09:11:26+00:00","dateModified":"2026-03-13T09:12:27+00:00","breadcrumb":{"@id":"https:\/\/www.modave.be\/index.php\/services_communaux\/semaine-des-mathematiques-lecole-communale-participe\/#breadcrumb"},"inLanguage":"fr-FR","potentialAction":[{"@type":"ReadAction","target":["https:\/\/www.modave.be\/index.php\/services_communaux\/semaine-des-mathematiques-lecole-communale-participe\/"]}]},{"@type":"ImageObject","inLanguage":"fr-FR","@id":"https:\/\/www.modave.be\/index.php\/services_communaux\/semaine-des-mathematiques-lecole-communale-participe\/#primaryimage","url":"https:\/\/www.modave.be\/wp-content\/uploads\/2025\/06\/Emploi-e1748934781492.jpg","contentUrl":"https:\/\/www.modave.be\/wp-content\/uploads\/2025\/06\/Emploi-e1748934781492.jpg","width":526,"height":263},{"@type":"BreadcrumbList","@id":"https:\/\/www.modave.be\/index.php\/services_communaux\/semaine-des-mathematiques-lecole-communale-participe\/#breadcrumb","itemListElement":[{"@type":"ListItem","position":1,"name":"Accueil","item":"https:\/\/www.modave.be\/"},{"@type":"ListItem","position":2,"name":"Semaine des math\u00e9matiques | L&rsquo;\u00e9cole communale participe !"}]},{"@type":"WebSite","@id":"https:\/\/www.modave.be\/#website","url":"https:\/\/www.modave.be\/","name":"Commune de Modave","description":"Commune de Modave","publisher":{"@id":"https:\/\/www.modave.be\/#organization"},"potentialAction":[{"@type":"SearchAction","target":{"@type":"EntryPoint","urlTemplate":"https:\/\/www.modave.be\/?s={search_term_string}"},"query-input":{"@type":"PropertyValueSpecification","valueRequired":true,"valueName":"search_term_string"}}],"inLanguage":"fr-FR"},{"@type":"Organization","@id":"https:\/\/www.modave.be\/#organization","name":"Commune de Modave","url":"https:\/\/www.modave.be\/","logo":{"@type":"ImageObject","inLanguage":"fr-FR","@id":"https:\/\/www.modave.be\/#\/schema\/logo\/image\/","url":"https:\/\/www.modave.be\/wp-content\/uploads\/2021\/12\/MODAVE_LOGO_HORIZONTAL_QUADRI_RVB.png","contentUrl":"https:\/\/www.modave.be\/wp-content\/uploads\/2021\/12\/MODAVE_LOGO_HORIZONTAL_QUADRI_RVB.png","width":1200,"height":501,"caption":"Commune de Modave"},"image":{"@id":"https:\/\/www.modave.be\/#\/schema\/logo\/image\/"}}]}},"_links":{"self":[{"href":"https:\/\/www.modave.be\/index.php\/wp-json\/wp\/v2\/services_communaux\/18517","targetHints":{"allow":["GET"]}}],"collection":[{"href":"https:\/\/www.modave.be\/index.php\/wp-json\/wp\/v2\/services_communaux"}],"about":[{"href":"https:\/\/www.modave.be\/index.php\/wp-json\/wp\/v2\/types\/services_communaux"}],"author":[{"embeddable":true,"href":"https:\/\/www.modave.be\/index.php\/wp-json\/wp\/v2\/users\/9"}],"wp:featuredmedia":[{"embeddable":true,"href":"https:\/\/www.modave.be\/index.php\/wp-json\/wp\/v2\/media\/15709"}],"wp:attachment":[{"href":"https:\/\/www.modave.be\/index.php\/wp-json\/wp\/v2\/media?parent=18517"}],"wp:term":[{"taxonomy":"category","embeddable":true,"href":"https:\/\/www.modave.be\/index.php\/wp-json\/wp\/v2\/categories?post=18517"}],"curies":[{"name":"wp","href":"https:\/\/api.w.org\/{rel}","templated":true}]}}