{"id":18848,"date":"2026-04-27T14:25:21","date_gmt":"2026-04-27T12:25:21","guid":{"rendered":"https:\/\/www.modave.be\/?post_type=services_communaux&#038;p=18848"},"modified":"2026-04-27T16:07:45","modified_gmt":"2026-04-27T14:07:45","slug":"avis-denquete-publique-permis-de-permis-de-classe-2-2","status":"publish","type":"services_communaux","link":"https:\/\/www.modave.be\/index.php\/services_communaux\/avis-denquete-publique-permis-de-permis-de-classe-2-2\/","title":{"rendered":"Avis d\u2019enqu\u00eate publique | Permis de permis de classe 2"},"content":{"rendered":"\n<p>La Commune de Modave informe ses habitants de l&rsquo;ouverture d&rsquo;une enqu\u00eate publique concernant une demande de permis unique de classe 2 introduite par la soci\u00e9t\u00e9 Neyrinck Fr\u00e8res SRL. Cette demande vise la construction et l\u2019exploitation d\u2019un centre de tri et de regroupement de d\u00e9chets non dangereux et inertes, ainsi que l\u2019exploitation d\u2019un garage et de ses annexes, situ\u00e9s rue de la Charmille, 8C \u00e0 4577 Modave .<\/p>\n\n\n\n<p>Dates cl\u00e9s de l\u2019enqu\u00eate publique :<\/p>\n\n\n\n<blockquote class=\"wp-block-quote is-layout-flow wp-block-quote-is-layout-flow\">\n<p>Affichage de la demande : 27 avril 2026<br>D\u00e9but de l\u2019enqu\u00eate publique : 2 mai 2026<br>Cl\u00f4ture de l\u2019enqu\u00eate publique : 18 mai 2026 \u00e0 11h<\/p>\n<\/blockquote>\n\n\n\n<p>Consultation du dossier :<br>Le dossier peut \u00eatre consult\u00e9 \u00e0 l\u2019administration communale (Place Georges Hubin, 1 \u00e0 4577 Vierset-Barse) sur rendez-vous pendant les heures de service, ainsi que le lundi jusqu\u2019\u00e0 19h .<br>Pour les consultations apr\u00e8s 16h, merci de prendre rendez-vous au moins 24h \u00e0 l\u2019avance aupr\u00e8s d\u2019\u00c9lodie de Marchin :<\/p>\n\n\n\n<blockquote class=\"wp-block-quote is-layout-flow wp-block-quote-is-layout-flow\">\n<p>E-mail : <a>ecoconseiller@modave.be<\/a><br>T\u00e9l\u00e9phone : 085\/41.02.20 (ext. 2)<\/p>\n<\/blockquote>\n\n\n\n<p>Participation citoyenne :<br>Les observations \u00e9crites peuvent \u00eatre adress\u00e9es au Coll\u00e8ge communal, \u00e0 l\u2019adresse mentionn\u00e9e ci-dessus, jusqu\u2019\u00e0 la date de cl\u00f4ture de l\u2019enqu\u00eate.<br>Les observations verbales seront recueillies sur rendez-vous par le conseiller en environnement .<\/p>\n\n\n\n<p>Pour toute information compl\u00e9mentaire, le Fonctionnaire technique du Service Public de Wallonie peut \u00eatre contact\u00e9 \u00e0 l\u2019adresse suivante :<br>Service Public de Wallonie \u2013 D\u00e9partement de la Pr\u00e9vention et des Autorisations \u2013 Direction de Li\u00e8ge, Esplanade Simone Veil, 1 \u00e0 4000 Li\u00e8ge<\/p>\n\n\n\n<div data-wp-interactive=\"core\/file\" class=\"wp-block-file\"><object data-wp-bind--hidden=\"!state.hasPdfPreview\" hidden class=\"wp-block-file__embed\" data=\"https:\/\/www.modave.be\/wp-content\/uploads\/2026\/04\/EP-Affiche.pdf\" type=\"application\/pdf\" style=\"width:100%;height:600px\" aria-label=\"Contenu embarqu\u00e9 EP Affiche.\"><\/object><a id=\"wp-block-file--media-fbc7b813-0e34-44e9-adeb-135fbaca4e2f\" href=\"https:\/\/www.modave.be\/wp-content\/uploads\/2026\/04\/EP-Affiche.pdf\">EP Affiche<\/a><a href=\"https:\/\/www.modave.be\/wp-content\/uploads\/2026\/04\/EP-Affiche.pdf\" class=\"wp-block-file__button wp-element-button\" download aria-describedby=\"wp-block-file--media-fbc7b813-0e34-44e9-adeb-135fbaca4e2f\">T\u00e9l\u00e9charger<\/a><\/div>\n\n\n\n<div data-wp-interactive=\"core\/file\" class=\"wp-block-file\"><object data-wp-bind--hidden=\"!state.hasPdfPreview\" hidden class=\"wp-block-file__embed\" data=\"https:\/\/www.modave.be\/wp-content\/uploads\/2026\/04\/incidences-sur-lenvironnement.pdf\" type=\"application\/pdf\" style=\"width:100%;height:600px\" aria-label=\"Contenu embarqu\u00e9 incidences sur l&apos;environnement.\"><\/object><a id=\"wp-block-file--media-8b5c6376-5fa0-496b-8645-5dc91f4f22b7\" href=\"https:\/\/www.modave.be\/wp-content\/uploads\/2026\/04\/incidences-sur-lenvironnement.pdf\">incidences sur l&rsquo;environnement<\/a><a href=\"https:\/\/www.modave.be\/wp-content\/uploads\/2026\/04\/incidences-sur-lenvironnement.pdf\" class=\"wp-block-file__button wp-element-button\" download aria-describedby=\"wp-block-file--media-8b5c6376-5fa0-496b-8645-5dc91f4f22b7\">T\u00e9l\u00e9charger<\/a><\/div>\n","protected":false},"excerpt":{"rendered":"<p>La Commune de Modave informe ses habitants de l&rsquo;ouverture d&rsquo;une enqu\u00eate publique concernant une demande de permis unique de classe 2 introduite par la soci\u00e9t\u00e9 Neyrinck Fr\u00e8res SRL. Cette demande vise la construction et l\u2019exploitation d\u2019un centre de tri et de regroupement de d\u00e9chets non dangereux et inertes, ainsi que l\u2019exploitation d\u2019un garage et de&hellip;<\/p>\n","protected":false},"author":9,"featured_media":18851,"menu_order":0,"template":"","categories":[199,205],"class_list":["post-18848","services_communaux","type-services_communaux","status-publish","has-post-thumbnail","hentry","category-environnement","category-population","description-off"],"yoast_head":"<!-- This site is optimized with the Yoast SEO plugin v27.4 - https:\/\/yoast.com\/product\/yoast-seo-wordpress\/ -->\n<title>Avis d\u2019enqu\u00eate publique | Permis de permis de classe 2 - Commune de Modave<\/title>\n<meta name=\"robots\" content=\"index, follow, max-snippet:-1, max-image-preview:large, max-video-preview:-1\" \/>\n<link rel=\"canonical\" href=\"https:\/\/www.modave.be\/index.php\/services_communaux\/avis-denquete-publique-permis-de-permis-de-classe-2-2\/\" \/>\n<meta property=\"og:locale\" content=\"fr_FR\" \/>\n<meta property=\"og:type\" content=\"article\" \/>\n<meta property=\"og:title\" content=\"Avis d\u2019enqu\u00eate publique | Permis de permis de classe 2 - Commune de Modave\" \/>\n<meta property=\"og:description\" content=\"La Commune de Modave informe ses habitants de l&rsquo;ouverture d&rsquo;une enqu\u00eate publique concernant une demande de permis unique de classe 2 introduite par la soci\u00e9t\u00e9 Neyrinck Fr\u00e8res SRL. Cette demande vise la construction et l\u2019exploitation d\u2019un centre de tri et de regroupement de d\u00e9chets non dangereux et inertes, ainsi que l\u2019exploitation d\u2019un garage et de&hellip;\" \/>\n<meta property=\"og:url\" content=\"https:\/\/www.modave.be\/index.php\/services_communaux\/avis-denquete-publique-permis-de-permis-de-classe-2-2\/\" \/>\n<meta property=\"og:site_name\" content=\"Commune de Modave\" \/>\n<meta property=\"article:modified_time\" content=\"2026-04-27T14:07:45+00:00\" \/>\n<meta property=\"og:image\" content=\"https:\/\/www.modave.be\/wp-content\/uploads\/2026\/04\/CPAS-et-SI-2026-13-scaled-e1777292394626.jpg\" \/>\n\t<meta property=\"og:image:width\" content=\"2560\" \/>\n\t<meta property=\"og:image:height\" content=\"1280\" \/>\n\t<meta property=\"og:image:type\" content=\"image\/jpeg\" \/>\n<meta name=\"twitter:card\" content=\"summary_large_image\" \/>\n<meta name=\"twitter:label1\" content=\"Dur\u00e9e de lecture estim\u00e9e\" \/>\n\t<meta name=\"twitter:data1\" content=\"2 minutes\" \/>\n<script type=\"application\/ld+json\" class=\"yoast-schema-graph\">{\"@context\":\"https:\\\/\\\/schema.org\",\"@graph\":[{\"@type\":\"WebPage\",\"@id\":\"https:\\\/\\\/www.modave.be\\\/index.php\\\/services_communaux\\\/avis-denquete-publique-permis-de-permis-de-classe-2-2\\\/\",\"url\":\"https:\\\/\\\/www.modave.be\\\/index.php\\\/services_communaux\\\/avis-denquete-publique-permis-de-permis-de-classe-2-2\\\/\",\"name\":\"Avis d\u2019enqu\u00eate publique | Permis de permis de classe 2 - Commune de Modave\",\"isPartOf\":{\"@id\":\"https:\\\/\\\/www.modave.be\\\/#website\"},\"primaryImageOfPage\":{\"@id\":\"https:\\\/\\\/www.modave.be\\\/index.php\\\/services_communaux\\\/avis-denquete-publique-permis-de-permis-de-classe-2-2\\\/#primaryimage\"},\"image\":{\"@id\":\"https:\\\/\\\/www.modave.be\\\/index.php\\\/services_communaux\\\/avis-denquete-publique-permis-de-permis-de-classe-2-2\\\/#primaryimage\"},\"thumbnailUrl\":\"https:\\\/\\\/www.modave.be\\\/wp-content\\\/uploads\\\/2026\\\/04\\\/CPAS-et-SI-2026-13-scaled-e1777292394626.jpg\",\"datePublished\":\"2026-04-27T12:25:21+00:00\",\"dateModified\":\"2026-04-27T14:07:45+00:00\",\"breadcrumb\":{\"@id\":\"https:\\\/\\\/www.modave.be\\\/index.php\\\/services_communaux\\\/avis-denquete-publique-permis-de-permis-de-classe-2-2\\\/#breadcrumb\"},\"inLanguage\":\"fr-FR\",\"potentialAction\":[{\"@type\":\"ReadAction\",\"target\":[\"https:\\\/\\\/www.modave.be\\\/index.php\\\/services_communaux\\\/avis-denquete-publique-permis-de-permis-de-classe-2-2\\\/\"]}]},{\"@type\":\"ImageObject\",\"inLanguage\":\"fr-FR\",\"@id\":\"https:\\\/\\\/www.modave.be\\\/index.php\\\/services_communaux\\\/avis-denquete-publique-permis-de-permis-de-classe-2-2\\\/#primaryimage\",\"url\":\"https:\\\/\\\/www.modave.be\\\/wp-content\\\/uploads\\\/2026\\\/04\\\/CPAS-et-SI-2026-13-scaled-e1777292394626.jpg\",\"contentUrl\":\"https:\\\/\\\/www.modave.be\\\/wp-content\\\/uploads\\\/2026\\\/04\\\/CPAS-et-SI-2026-13-scaled-e1777292394626.jpg\",\"width\":2560,\"height\":1280},{\"@type\":\"BreadcrumbList\",\"@id\":\"https:\\\/\\\/www.modave.be\\\/index.php\\\/services_communaux\\\/avis-denquete-publique-permis-de-permis-de-classe-2-2\\\/#breadcrumb\",\"itemListElement\":[{\"@type\":\"ListItem\",\"position\":1,\"name\":\"Accueil\",\"item\":\"https:\\\/\\\/www.modave.be\\\/\"},{\"@type\":\"ListItem\",\"position\":2,\"name\":\"Avis d\u2019enqu\u00eate publique | Permis de permis de classe 2\"}]},{\"@type\":\"WebSite\",\"@id\":\"https:\\\/\\\/www.modave.be\\\/#website\",\"url\":\"https:\\\/\\\/www.modave.be\\\/\",\"name\":\"Commune de Modave\",\"description\":\"Commune de Modave\",\"publisher\":{\"@id\":\"https:\\\/\\\/www.modave.be\\\/#organization\"},\"potentialAction\":[{\"@type\":\"SearchAction\",\"target\":{\"@type\":\"EntryPoint\",\"urlTemplate\":\"https:\\\/\\\/www.modave.be\\\/?s={search_term_string}\"},\"query-input\":{\"@type\":\"PropertyValueSpecification\",\"valueRequired\":true,\"valueName\":\"search_term_string\"}}],\"inLanguage\":\"fr-FR\"},{\"@type\":\"Organization\",\"@id\":\"https:\\\/\\\/www.modave.be\\\/#organization\",\"name\":\"Commune de Modave\",\"url\":\"https:\\\/\\\/www.modave.be\\\/\",\"logo\":{\"@type\":\"ImageObject\",\"inLanguage\":\"fr-FR\",\"@id\":\"https:\\\/\\\/www.modave.be\\\/#\\\/schema\\\/logo\\\/image\\\/\",\"url\":\"https:\\\/\\\/www.modave.be\\\/wp-content\\\/uploads\\\/2021\\\/12\\\/MODAVE_LOGO_HORIZONTAL_QUADRI_RVB.png\",\"contentUrl\":\"https:\\\/\\\/www.modave.be\\\/wp-content\\\/uploads\\\/2021\\\/12\\\/MODAVE_LOGO_HORIZONTAL_QUADRI_RVB.png\",\"width\":1200,\"height\":501,\"caption\":\"Commune de Modave\"},\"image\":{\"@id\":\"https:\\\/\\\/www.modave.be\\\/#\\\/schema\\\/logo\\\/image\\\/\"}}]}<\/script>\n<!-- \/ Yoast SEO plugin. -->","yoast_head_json":{"title":"Avis d\u2019enqu\u00eate publique | Permis de permis de classe 2 - Commune de Modave","robots":{"index":"index","follow":"follow","max-snippet":"max-snippet:-1","max-image-preview":"max-image-preview:large","max-video-preview":"max-video-preview:-1"},"canonical":"https:\/\/www.modave.be\/index.php\/services_communaux\/avis-denquete-publique-permis-de-permis-de-classe-2-2\/","og_locale":"fr_FR","og_type":"article","og_title":"Avis d\u2019enqu\u00eate publique | Permis de permis de classe 2 - Commune de Modave","og_description":"La Commune de Modave informe ses habitants de l&rsquo;ouverture d&rsquo;une enqu\u00eate publique concernant une demande de permis unique de classe 2 introduite par la soci\u00e9t\u00e9 Neyrinck Fr\u00e8res SRL. Cette demande vise la construction et l\u2019exploitation d\u2019un centre de tri et de regroupement de d\u00e9chets non dangereux et inertes, ainsi que l\u2019exploitation d\u2019un garage et de&hellip;","og_url":"https:\/\/www.modave.be\/index.php\/services_communaux\/avis-denquete-publique-permis-de-permis-de-classe-2-2\/","og_site_name":"Commune de Modave","article_modified_time":"2026-04-27T14:07:45+00:00","og_image":[{"width":2560,"height":1280,"url":"https:\/\/www.modave.be\/wp-content\/uploads\/2026\/04\/CPAS-et-SI-2026-13-scaled-e1777292394626.jpg","type":"image\/jpeg"}],"twitter_card":"summary_large_image","twitter_misc":{"Dur\u00e9e de lecture estim\u00e9e":"2 minutes"},"schema":{"@context":"https:\/\/schema.org","@graph":[{"@type":"WebPage","@id":"https:\/\/www.modave.be\/index.php\/services_communaux\/avis-denquete-publique-permis-de-permis-de-classe-2-2\/","url":"https:\/\/www.modave.be\/index.php\/services_communaux\/avis-denquete-publique-permis-de-permis-de-classe-2-2\/","name":"Avis d\u2019enqu\u00eate publique | Permis de permis de classe 2 - Commune de Modave","isPartOf":{"@id":"https:\/\/www.modave.be\/#website"},"primaryImageOfPage":{"@id":"https:\/\/www.modave.be\/index.php\/services_communaux\/avis-denquete-publique-permis-de-permis-de-classe-2-2\/#primaryimage"},"image":{"@id":"https:\/\/www.modave.be\/index.php\/services_communaux\/avis-denquete-publique-permis-de-permis-de-classe-2-2\/#primaryimage"},"thumbnailUrl":"https:\/\/www.modave.be\/wp-content\/uploads\/2026\/04\/CPAS-et-SI-2026-13-scaled-e1777292394626.jpg","datePublished":"2026-04-27T12:25:21+00:00","dateModified":"2026-04-27T14:07:45+00:00","breadcrumb":{"@id":"https:\/\/www.modave.be\/index.php\/services_communaux\/avis-denquete-publique-permis-de-permis-de-classe-2-2\/#breadcrumb"},"inLanguage":"fr-FR","potentialAction":[{"@type":"ReadAction","target":["https:\/\/www.modave.be\/index.php\/services_communaux\/avis-denquete-publique-permis-de-permis-de-classe-2-2\/"]}]},{"@type":"ImageObject","inLanguage":"fr-FR","@id":"https:\/\/www.modave.be\/index.php\/services_communaux\/avis-denquete-publique-permis-de-permis-de-classe-2-2\/#primaryimage","url":"https:\/\/www.modave.be\/wp-content\/uploads\/2026\/04\/CPAS-et-SI-2026-13-scaled-e1777292394626.jpg","contentUrl":"https:\/\/www.modave.be\/wp-content\/uploads\/2026\/04\/CPAS-et-SI-2026-13-scaled-e1777292394626.jpg","width":2560,"height":1280},{"@type":"BreadcrumbList","@id":"https:\/\/www.modave.be\/index.php\/services_communaux\/avis-denquete-publique-permis-de-permis-de-classe-2-2\/#breadcrumb","itemListElement":[{"@type":"ListItem","position":1,"name":"Accueil","item":"https:\/\/www.modave.be\/"},{"@type":"ListItem","position":2,"name":"Avis d\u2019enqu\u00eate publique | Permis de permis de classe 2"}]},{"@type":"WebSite","@id":"https:\/\/www.modave.be\/#website","url":"https:\/\/www.modave.be\/","name":"Commune de Modave","description":"Commune de Modave","publisher":{"@id":"https:\/\/www.modave.be\/#organization"},"potentialAction":[{"@type":"SearchAction","target":{"@type":"EntryPoint","urlTemplate":"https:\/\/www.modave.be\/?s={search_term_string}"},"query-input":{"@type":"PropertyValueSpecification","valueRequired":true,"valueName":"search_term_string"}}],"inLanguage":"fr-FR"},{"@type":"Organization","@id":"https:\/\/www.modave.be\/#organization","name":"Commune de Modave","url":"https:\/\/www.modave.be\/","logo":{"@type":"ImageObject","inLanguage":"fr-FR","@id":"https:\/\/www.modave.be\/#\/schema\/logo\/image\/","url":"https:\/\/www.modave.be\/wp-content\/uploads\/2021\/12\/MODAVE_LOGO_HORIZONTAL_QUADRI_RVB.png","contentUrl":"https:\/\/www.modave.be\/wp-content\/uploads\/2021\/12\/MODAVE_LOGO_HORIZONTAL_QUADRI_RVB.png","width":1200,"height":501,"caption":"Commune de Modave"},"image":{"@id":"https:\/\/www.modave.be\/#\/schema\/logo\/image\/"}}]}},"_links":{"self":[{"href":"https:\/\/www.modave.be\/index.php\/wp-json\/wp\/v2\/services_communaux\/18848","targetHints":{"allow":["GET"]}}],"collection":[{"href":"https:\/\/www.modave.be\/index.php\/wp-json\/wp\/v2\/services_communaux"}],"about":[{"href":"https:\/\/www.modave.be\/index.php\/wp-json\/wp\/v2\/types\/services_communaux"}],"author":[{"embeddable":true,"href":"https:\/\/www.modave.be\/index.php\/wp-json\/wp\/v2\/users\/9"}],"wp:featuredmedia":[{"embeddable":true,"href":"https:\/\/www.modave.be\/index.php\/wp-json\/wp\/v2\/media\/18851"}],"wp:attachment":[{"href":"https:\/\/www.modave.be\/index.php\/wp-json\/wp\/v2\/media?parent=18848"}],"wp:term":[{"taxonomy":"category","embeddable":true,"href":"https:\/\/www.modave.be\/index.php\/wp-json\/wp\/v2\/categories?post=18848"}],"curies":[{"name":"wp","href":"https:\/\/api.w.org\/{rel}","templated":true}]}}