{"id":18885,"date":"2026-04-30T10:03:42","date_gmt":"2026-04-30T08:03:42","guid":{"rendered":"https:\/\/www.modave.be\/?post_type=services_communaux&#038;p=18885"},"modified":"2026-04-30T10:03:42","modified_gmt":"2026-04-30T08:03:42","slug":"modave-dans-20-ans-participez-a-lenquete-citoyenne","status":"publish","type":"services_communaux","link":"https:\/\/www.modave.be\/index.php\/services_communaux\/modave-dans-20-ans-participez-a-lenquete-citoyenne\/","title":{"rendered":"Modave dans 20 ans | Participez \u00e0 l\u2019enqu\u00eate citoyenne"},"content":{"rendered":"\n<h2 class=\"wp-block-heading\"><strong>Modave dans 20 ans | Participez \u00e0 l\u2019enqu\u00eate citoyenne<\/strong><\/h2>\n\n\n\n<p><strong>Quel avenir pour le territoire de Modave et de ses habitants dans les 20 prochaines ann\u00e9es ? Nous avons besoin de vous pour r\u00e9pondre \u00e0 cette question !<\/strong><br><\/p>\n\n\n\n<p>Depuis janvier 2026, la commune de Modave (accompagn\u00e9e du bureau d\u2019\u00e9tudes PLURIS) travaille sur la r\u00e9alisation de son <strong>Sch\u00e9ma de D\u00e9veloppement Communal <\/strong>(<strong>SDC<\/strong>).<\/p>\n\n\n\n<p>Il s&rsquo;agit d&rsquo;outils permettant de d\u00e9finir une<strong> vision \u00e0 long terme <\/strong>et une strat\u00e9gie d\u2019am\u00e9nagement pour l\u2019ensemble du territoire communal.<\/p>\n\n\n\n<p>Ces documents sont compos\u00e9s de <strong>deux phases <\/strong>: l\u2019Analyse Contextuelle et la Strat\u00e9gie Territoriale.<\/p>\n\n\n\n<p>La premi\u00e8re de ces phases permet au bureau d\u2019\u00e9tude d\u2019<strong>appr\u00e9hender les diff\u00e9rents enjeux du territoire<\/strong> alors que la seconde <strong>apporte les solutions pour ces d\u00e9fis de demain<\/strong> : Que faire vis-\u00e0-vis de la pression immobili\u00e8re importante sur le territoire ? Comment pr\u00e9server le caract\u00e8re rural de la Commune ? Comment d\u00e9velopper le territoire autour de ses forces ? Etc.<\/p>\n\n\n\n<p>Pour cela, le bureau d\u2019\u00e9tudes s\u2019appuiera sur des<strong> analyses techniques d\u2019experts<\/strong> (cartographies, relev\u00e9s sur le terrain, analyses socio-\u00e9conomiques, etc.), mais aussi sur un <strong>large processus participatif<\/strong>.<\/p>\n\n\n\n<p>Le premier \u00e9l\u00e9ment de cette d\u00e9marche n\u2019est autre qu\u2019une <strong>grande enqu\u00eate en ligne<\/strong> ouverte \u00e0 l\u2019ensemble des citoyens et acteurs du territoire. Celle-ci permettra notamment de r\u00e9colter des donn\u00e9es pr\u00e9cieuses quant au profil type des Modaviens, \u00e0 vos habitudes concernant vos d\u00e9placements, achats et autres activit\u00e9s ou encore quant \u00e0 vos craintes et attentes vis-\u00e0-vis du Modave de demain.<\/p>\n\n\n\n<blockquote class=\"wp-block-quote is-layout-flow wp-block-quote-is-layout-flow\">\n<p>L\u2019enqu\u00eate en ligne est disponible via le lien ou le qr code suivant :<br><a href=\"https:\/\/form.dragnsurvey.com\/survey\/r\/ea83f45c\">https:\/\/form.dragnsurvey.com\/survey\/r\/ea83f45c<\/a><\/p>\n<\/blockquote>\n\n\n\n<figure class=\"wp-block-image size-large\"><img fetchpriority=\"high\" decoding=\"async\" width=\"1024\" height=\"1024\" src=\"https:\/\/www.modave.be\/wp-content\/uploads\/2026\/04\/SDC_AC_Extrait_Enquete_en_Ligne-1024x1024.png\" alt=\"\" class=\"wp-image-18886\" srcset=\"https:\/\/www.modave.be\/wp-content\/uploads\/2026\/04\/SDC_AC_Extrait_Enquete_en_Ligne-1024x1024.png 1024w, https:\/\/www.modave.be\/wp-content\/uploads\/2026\/04\/SDC_AC_Extrait_Enquete_en_Ligne-300x300.png 300w, https:\/\/www.modave.be\/wp-content\/uploads\/2026\/04\/SDC_AC_Extrait_Enquete_en_Ligne-150x150.png 150w, https:\/\/www.modave.be\/wp-content\/uploads\/2026\/04\/SDC_AC_Extrait_Enquete_en_Ligne-768x768.png 768w, https:\/\/www.modave.be\/wp-content\/uploads\/2026\/04\/SDC_AC_Extrait_Enquete_en_Ligne-1536x1536.png 1536w, https:\/\/www.modave.be\/wp-content\/uploads\/2026\/04\/SDC_AC_Extrait_Enquete_en_Ligne.png 1948w\" sizes=\"(max-width: 1024px) 100vw, 1024px\" \/><\/figure>\n","protected":false},"excerpt":{"rendered":"<p>Modave dans 20 ans | Participez \u00e0 l\u2019enqu\u00eate citoyenne Quel avenir pour le territoire de Modave et de ses habitants dans les 20 prochaines ann\u00e9es ? Nous avons besoin de vous pour r\u00e9pondre \u00e0 cette question ! Depuis janvier 2026, la commune de Modave (accompagn\u00e9e du bureau d\u2019\u00e9tudes PLURIS) travaille sur la r\u00e9alisation de son&hellip;<\/p>\n","protected":false},"author":9,"featured_media":18851,"menu_order":0,"template":"","categories":[209],"class_list":["post-18885","services_communaux","type-services_communaux","status-publish","has-post-thumbnail","hentry","category-urbanisme","description-off"],"yoast_head":"<!-- This site is optimized with the Yoast SEO plugin v27.5 - https:\/\/yoast.com\/product\/yoast-seo-wordpress\/ -->\n<title>Modave dans 20 ans | Participez \u00e0 l\u2019enqu\u00eate citoyenne - Commune de Modave<\/title>\n<meta name=\"robots\" content=\"index, follow, max-snippet:-1, max-image-preview:large, max-video-preview:-1\" \/>\n<link rel=\"canonical\" href=\"https:\/\/www.modave.be\/index.php\/services_communaux\/modave-dans-20-ans-participez-a-lenquete-citoyenne\/\" \/>\n<meta property=\"og:locale\" content=\"fr_FR\" \/>\n<meta property=\"og:type\" content=\"article\" \/>\n<meta property=\"og:title\" content=\"Modave dans 20 ans | Participez \u00e0 l\u2019enqu\u00eate citoyenne - Commune de Modave\" \/>\n<meta property=\"og:description\" content=\"Modave dans 20 ans | Participez \u00e0 l\u2019enqu\u00eate citoyenne Quel avenir pour le territoire de Modave et de ses habitants dans les 20 prochaines ann\u00e9es ? Nous avons besoin de vous pour r\u00e9pondre \u00e0 cette question ! Depuis janvier 2026, la commune de Modave (accompagn\u00e9e du bureau d\u2019\u00e9tudes PLURIS) travaille sur la r\u00e9alisation de son&hellip;\" \/>\n<meta property=\"og:url\" content=\"https:\/\/www.modave.be\/index.php\/services_communaux\/modave-dans-20-ans-participez-a-lenquete-citoyenne\/\" \/>\n<meta property=\"og:site_name\" content=\"Commune de Modave\" \/>\n<meta property=\"og:image\" content=\"https:\/\/www.modave.be\/wp-content\/uploads\/2026\/04\/CPAS-et-SI-2026-13-scaled-e1777292394626.jpg\" \/>\n\t<meta property=\"og:image:width\" content=\"2560\" \/>\n\t<meta property=\"og:image:height\" content=\"1280\" \/>\n\t<meta property=\"og:image:type\" content=\"image\/jpeg\" \/>\n<meta name=\"twitter:card\" content=\"summary_large_image\" \/>\n<meta name=\"twitter:label1\" content=\"Dur\u00e9e de lecture estim\u00e9e\" \/>\n\t<meta name=\"twitter:data1\" content=\"2 minutes\" \/>\n<script type=\"application\/ld+json\" class=\"yoast-schema-graph\">{\"@context\":\"https:\\\/\\\/schema.org\",\"@graph\":[{\"@type\":\"WebPage\",\"@id\":\"https:\\\/\\\/www.modave.be\\\/index.php\\\/services_communaux\\\/modave-dans-20-ans-participez-a-lenquete-citoyenne\\\/\",\"url\":\"https:\\\/\\\/www.modave.be\\\/index.php\\\/services_communaux\\\/modave-dans-20-ans-participez-a-lenquete-citoyenne\\\/\",\"name\":\"Modave dans 20 ans | Participez \u00e0 l\u2019enqu\u00eate citoyenne - Commune de Modave\",\"isPartOf\":{\"@id\":\"https:\\\/\\\/www.modave.be\\\/#website\"},\"primaryImageOfPage\":{\"@id\":\"https:\\\/\\\/www.modave.be\\\/index.php\\\/services_communaux\\\/modave-dans-20-ans-participez-a-lenquete-citoyenne\\\/#primaryimage\"},\"image\":{\"@id\":\"https:\\\/\\\/www.modave.be\\\/index.php\\\/services_communaux\\\/modave-dans-20-ans-participez-a-lenquete-citoyenne\\\/#primaryimage\"},\"thumbnailUrl\":\"https:\\\/\\\/www.modave.be\\\/wp-content\\\/uploads\\\/2026\\\/04\\\/CPAS-et-SI-2026-13-scaled-e1777292394626.jpg\",\"datePublished\":\"2026-04-30T08:03:42+00:00\",\"breadcrumb\":{\"@id\":\"https:\\\/\\\/www.modave.be\\\/index.php\\\/services_communaux\\\/modave-dans-20-ans-participez-a-lenquete-citoyenne\\\/#breadcrumb\"},\"inLanguage\":\"fr-FR\",\"potentialAction\":[{\"@type\":\"ReadAction\",\"target\":[\"https:\\\/\\\/www.modave.be\\\/index.php\\\/services_communaux\\\/modave-dans-20-ans-participez-a-lenquete-citoyenne\\\/\"]}]},{\"@type\":\"ImageObject\",\"inLanguage\":\"fr-FR\",\"@id\":\"https:\\\/\\\/www.modave.be\\\/index.php\\\/services_communaux\\\/modave-dans-20-ans-participez-a-lenquete-citoyenne\\\/#primaryimage\",\"url\":\"https:\\\/\\\/www.modave.be\\\/wp-content\\\/uploads\\\/2026\\\/04\\\/CPAS-et-SI-2026-13-scaled-e1777292394626.jpg\",\"contentUrl\":\"https:\\\/\\\/www.modave.be\\\/wp-content\\\/uploads\\\/2026\\\/04\\\/CPAS-et-SI-2026-13-scaled-e1777292394626.jpg\",\"width\":2560,\"height\":1280},{\"@type\":\"BreadcrumbList\",\"@id\":\"https:\\\/\\\/www.modave.be\\\/index.php\\\/services_communaux\\\/modave-dans-20-ans-participez-a-lenquete-citoyenne\\\/#breadcrumb\",\"itemListElement\":[{\"@type\":\"ListItem\",\"position\":1,\"name\":\"Accueil\",\"item\":\"https:\\\/\\\/www.modave.be\\\/\"},{\"@type\":\"ListItem\",\"position\":2,\"name\":\"Modave dans 20 ans | Participez \u00e0 l\u2019enqu\u00eate citoyenne\"}]},{\"@type\":\"WebSite\",\"@id\":\"https:\\\/\\\/www.modave.be\\\/#website\",\"url\":\"https:\\\/\\\/www.modave.be\\\/\",\"name\":\"Commune de Modave\",\"description\":\"Commune de Modave\",\"publisher\":{\"@id\":\"https:\\\/\\\/www.modave.be\\\/#organization\"},\"potentialAction\":[{\"@type\":\"SearchAction\",\"target\":{\"@type\":\"EntryPoint\",\"urlTemplate\":\"https:\\\/\\\/www.modave.be\\\/?s={search_term_string}\"},\"query-input\":{\"@type\":\"PropertyValueSpecification\",\"valueRequired\":true,\"valueName\":\"search_term_string\"}}],\"inLanguage\":\"fr-FR\"},{\"@type\":\"Organization\",\"@id\":\"https:\\\/\\\/www.modave.be\\\/#organization\",\"name\":\"Commune de Modave\",\"url\":\"https:\\\/\\\/www.modave.be\\\/\",\"logo\":{\"@type\":\"ImageObject\",\"inLanguage\":\"fr-FR\",\"@id\":\"https:\\\/\\\/www.modave.be\\\/#\\\/schema\\\/logo\\\/image\\\/\",\"url\":\"https:\\\/\\\/www.modave.be\\\/wp-content\\\/uploads\\\/2021\\\/12\\\/MODAVE_LOGO_HORIZONTAL_QUADRI_RVB.png\",\"contentUrl\":\"https:\\\/\\\/www.modave.be\\\/wp-content\\\/uploads\\\/2021\\\/12\\\/MODAVE_LOGO_HORIZONTAL_QUADRI_RVB.png\",\"width\":1200,\"height\":501,\"caption\":\"Commune de Modave\"},\"image\":{\"@id\":\"https:\\\/\\\/www.modave.be\\\/#\\\/schema\\\/logo\\\/image\\\/\"}}]}<\/script>\n<!-- \/ Yoast SEO plugin. -->","yoast_head_json":{"title":"Modave dans 20 ans | Participez \u00e0 l\u2019enqu\u00eate citoyenne - Commune de Modave","robots":{"index":"index","follow":"follow","max-snippet":"max-snippet:-1","max-image-preview":"max-image-preview:large","max-video-preview":"max-video-preview:-1"},"canonical":"https:\/\/www.modave.be\/index.php\/services_communaux\/modave-dans-20-ans-participez-a-lenquete-citoyenne\/","og_locale":"fr_FR","og_type":"article","og_title":"Modave dans 20 ans | Participez \u00e0 l\u2019enqu\u00eate citoyenne - Commune de Modave","og_description":"Modave dans 20 ans | Participez \u00e0 l\u2019enqu\u00eate citoyenne Quel avenir pour le territoire de Modave et de ses habitants dans les 20 prochaines ann\u00e9es ? Nous avons besoin de vous pour r\u00e9pondre \u00e0 cette question ! Depuis janvier 2026, la commune de Modave (accompagn\u00e9e du bureau d\u2019\u00e9tudes PLURIS) travaille sur la r\u00e9alisation de son&hellip;","og_url":"https:\/\/www.modave.be\/index.php\/services_communaux\/modave-dans-20-ans-participez-a-lenquete-citoyenne\/","og_site_name":"Commune de Modave","og_image":[{"width":2560,"height":1280,"url":"https:\/\/www.modave.be\/wp-content\/uploads\/2026\/04\/CPAS-et-SI-2026-13-scaled-e1777292394626.jpg","type":"image\/jpeg"}],"twitter_card":"summary_large_image","twitter_misc":{"Dur\u00e9e de lecture estim\u00e9e":"2 minutes"},"schema":{"@context":"https:\/\/schema.org","@graph":[{"@type":"WebPage","@id":"https:\/\/www.modave.be\/index.php\/services_communaux\/modave-dans-20-ans-participez-a-lenquete-citoyenne\/","url":"https:\/\/www.modave.be\/index.php\/services_communaux\/modave-dans-20-ans-participez-a-lenquete-citoyenne\/","name":"Modave dans 20 ans | Participez \u00e0 l\u2019enqu\u00eate citoyenne - Commune de Modave","isPartOf":{"@id":"https:\/\/www.modave.be\/#website"},"primaryImageOfPage":{"@id":"https:\/\/www.modave.be\/index.php\/services_communaux\/modave-dans-20-ans-participez-a-lenquete-citoyenne\/#primaryimage"},"image":{"@id":"https:\/\/www.modave.be\/index.php\/services_communaux\/modave-dans-20-ans-participez-a-lenquete-citoyenne\/#primaryimage"},"thumbnailUrl":"https:\/\/www.modave.be\/wp-content\/uploads\/2026\/04\/CPAS-et-SI-2026-13-scaled-e1777292394626.jpg","datePublished":"2026-04-30T08:03:42+00:00","breadcrumb":{"@id":"https:\/\/www.modave.be\/index.php\/services_communaux\/modave-dans-20-ans-participez-a-lenquete-citoyenne\/#breadcrumb"},"inLanguage":"fr-FR","potentialAction":[{"@type":"ReadAction","target":["https:\/\/www.modave.be\/index.php\/services_communaux\/modave-dans-20-ans-participez-a-lenquete-citoyenne\/"]}]},{"@type":"ImageObject","inLanguage":"fr-FR","@id":"https:\/\/www.modave.be\/index.php\/services_communaux\/modave-dans-20-ans-participez-a-lenquete-citoyenne\/#primaryimage","url":"https:\/\/www.modave.be\/wp-content\/uploads\/2026\/04\/CPAS-et-SI-2026-13-scaled-e1777292394626.jpg","contentUrl":"https:\/\/www.modave.be\/wp-content\/uploads\/2026\/04\/CPAS-et-SI-2026-13-scaled-e1777292394626.jpg","width":2560,"height":1280},{"@type":"BreadcrumbList","@id":"https:\/\/www.modave.be\/index.php\/services_communaux\/modave-dans-20-ans-participez-a-lenquete-citoyenne\/#breadcrumb","itemListElement":[{"@type":"ListItem","position":1,"name":"Accueil","item":"https:\/\/www.modave.be\/"},{"@type":"ListItem","position":2,"name":"Modave dans 20 ans | Participez \u00e0 l\u2019enqu\u00eate citoyenne"}]},{"@type":"WebSite","@id":"https:\/\/www.modave.be\/#website","url":"https:\/\/www.modave.be\/","name":"Commune de Modave","description":"Commune de Modave","publisher":{"@id":"https:\/\/www.modave.be\/#organization"},"potentialAction":[{"@type":"SearchAction","target":{"@type":"EntryPoint","urlTemplate":"https:\/\/www.modave.be\/?s={search_term_string}"},"query-input":{"@type":"PropertyValueSpecification","valueRequired":true,"valueName":"search_term_string"}}],"inLanguage":"fr-FR"},{"@type":"Organization","@id":"https:\/\/www.modave.be\/#organization","name":"Commune de Modave","url":"https:\/\/www.modave.be\/","logo":{"@type":"ImageObject","inLanguage":"fr-FR","@id":"https:\/\/www.modave.be\/#\/schema\/logo\/image\/","url":"https:\/\/www.modave.be\/wp-content\/uploads\/2021\/12\/MODAVE_LOGO_HORIZONTAL_QUADRI_RVB.png","contentUrl":"https:\/\/www.modave.be\/wp-content\/uploads\/2021\/12\/MODAVE_LOGO_HORIZONTAL_QUADRI_RVB.png","width":1200,"height":501,"caption":"Commune de Modave"},"image":{"@id":"https:\/\/www.modave.be\/#\/schema\/logo\/image\/"}}]}},"_links":{"self":[{"href":"https:\/\/www.modave.be\/index.php\/wp-json\/wp\/v2\/services_communaux\/18885","targetHints":{"allow":["GET"]}}],"collection":[{"href":"https:\/\/www.modave.be\/index.php\/wp-json\/wp\/v2\/services_communaux"}],"about":[{"href":"https:\/\/www.modave.be\/index.php\/wp-json\/wp\/v2\/types\/services_communaux"}],"author":[{"embeddable":true,"href":"https:\/\/www.modave.be\/index.php\/wp-json\/wp\/v2\/users\/9"}],"wp:featuredmedia":[{"embeddable":true,"href":"https:\/\/www.modave.be\/index.php\/wp-json\/wp\/v2\/media\/18851"}],"wp:attachment":[{"href":"https:\/\/www.modave.be\/index.php\/wp-json\/wp\/v2\/media?parent=18885"}],"wp:term":[{"taxonomy":"category","embeddable":true,"href":"https:\/\/www.modave.be\/index.php\/wp-json\/wp\/v2\/categories?post=18885"}],"curies":[{"name":"wp","href":"https:\/\/api.w.org\/{rel}","templated":true}]}}